{"id":12382,"date":"2015-01-12T19:59:10","date_gmt":"2015-01-12T19:59:10","guid":{"rendered":"http:\/\/congresocoahuila.gob.mx\/portal\/?page_id=12382"},"modified":"2020-11-09T12:38:30","modified_gmt":"2020-11-09T18:38:30","slug":"acuerdos-2015-2017","status":"publish","type":"page","link":"https:\/\/www.congresocoahuila.gob.mx\/portal\/acuerdos-2015-2017\/","title":{"rendered":"ACUERDOS 2015-2017"},"content":{"rendered":"<table border=\"0\" width=\"758\" cellspacing=\"1\" cellpadding=\"0\" bgcolor=\"#F4F4F4\">\n<tbody>\n<tr>\n<td class=\"Estilo15\" style=\"background-color: #e1e1e1; height: 21px;\" colspan=\"2\" valign=\"top\" bgcolor=\"#CCCCCC\" height=\"21\">\n<div style=\"text-align: left;\" align=\"left\"><span class=\"Estilo10\">\u00a0<\/span><strong><span class=\"Estilo21\">\u00a0 \u00a0 \u00a0 \u00a0 \u00a0 \u00a0 \u00a0Fecha \u00a0<\/span><\/strong><span class=\"Estilo10\"><strong>\u00a0<\/strong>\u00a0\u00a0\u00a0\u00a0\u00a0\u00a0\u00a0\u00a0\u00a0\u00a0\u00a0\u00a0\u00a0\u00a0\u00a0\u00a0\u00a0\u00a0 <\/span><span class=\"Estilo21\">\u00a0 \u00a0 \u00a0 \u00a0 \u00a0 \u00a0 \u00a0 \u00a0 \u00a0 \u00a0 \u00a0 \u00a0 \u00a0 \u00a0 \u00a0 \u00a0 \u00a0 \u00a0 \u00a0 \u00a0 \u00a0 \u00a0 \u00a0 \u00a0 \u00a0 \u00a0 \u00a0 \u00a0 \u00a0<strong>\u00a0 Acuerdo\u00a0\u00a0\u00a0\u00a0<\/strong>\u00a0\u00a0\u00a0\u00a0\u00a0\u00a0\u00a0<\/span><span class=\"Estilo19\">\u00a0\u00a0<\/span><span class=\"Estilo10\">\u00a0\u00a0\u00a0\u00a0\u00a0\u00a0\u00a0\u00a0\u00a0\u00a0\u00a0\u00a0\u00a0\u00a0\u00a0\u00a0\u00a0\u00a0\u00a0\u00a0\u00a0\u00a0\u00a0\u00a0\u00a0\u00a0\u00a0\u00a0\u00a0\u00a0\u00a0\u00a0\u00a0<\/span><\/div>\n<\/td>\n<\/tr>\n<tr>\n<td style=\"width: 155px; height: 33px; background-color: #e1e1e1; text-align: center;\" valign=\"middle\" bgcolor=\"#E1E1E1\" width=\"155\" height=\"33\"><a href=\"http:\/\/www.congresocoahuila.gob.mx\/portal\/wp-content\/uploads\/2014\/11\/Acuerdo_001_20150106.pdf\">6 de Enero de 2015<\/a><\/td>\n<td style=\"width: 155px; height: 33px; background-color: #e1e1e1; text-align: center;\" valign=\"middle\" bgcolor=\"#E1E1E1\" width=\"600\">\n<div style=\"text-align: left;\" align=\"justify\"><strong><strong>Declaratoria legal y formalmente constituidos los Grupos Parlamentarios y Fracciones Parlamentarias.<\/strong><\/strong><\/div>\n<\/td>\n<\/tr>\n<tr>\n<td style=\"width: 155px; height: 33px; background-color: #f7f5f5; text-align: center;\"><a href=\"http:\/\/www.congresocoahuila.gob.mx\/portal\/wp-content\/uploads\/2014\/11\/Acuerdo_002_20150106.pdf\">6 de Enero de 2015<\/a><\/td>\n<td style=\"width: 155px; height: 33px; background-color: #f7f5f5; text-align: center;\" valign=\"middle\">\n<div align=\"justify\"><strong>Declaratoria legal y formalmente constituida la Junta de Gobierno.<\/strong><\/div>\n<\/td>\n<\/tr>\n<tr>\n<td style=\"width: 155px; height: 33px; background-color: #e1e1e1; text-align: center;\" valign=\"middle\" bgcolor=\"#E1E1E1\" width=\"155\" height=\"33\"><a href=\"http:\/\/www.congresocoahuila.gob.mx\/portal\/wp-content\/uploads\/2014\/11\/Acuerdo_003_20150106.pdf\">6 de Enero de 2015<\/a><\/td>\n<td class=\"Estilo15\" style=\"background-color: #e1e1e1; width: 600px;\" valign=\"middle\" bgcolor=\"#E1E1E1\" width=\"600\">\n<div align=\"justify\"><strong>Declaratoria legal y formalmente constituidas las Comisiones Dictaminadoras Permanentes y Comit\u00e9s de la Sexag\u00e9sima Legislatura.<\/strong><\/div>\n<\/td>\n<\/tr>\n<tr>\n<td style=\"background-color: #f7f5f5; text-align: center;\"><a href=\"http:\/\/www.congresocoahuila.gob.mx\/portal\/wp-content\/uploads\/2014\/11\/Acuerdo_004_20150106.pdf\">6 de Enero de 2015<\/a><\/td>\n<td class=\"Estilo15\" valign=\"middle\">\n<div align=\"justify\"><strong>Nombramiento de la o el Consejero Propietario y Suplente del Congreso del Estado para formar parte del Consejo de la Judicatura del del Poder Judicial del Estado.<\/strong><\/div>\n<\/td>\n<\/tr>\n<tr>\n<td style=\"width: 155px; height: 33px; background-color: #e1e1e1; text-align: center;\" valign=\"middle\" bgcolor=\"#E1E1E1\" width=\"155\" height=\"33\"><a href=\"http:\/\/www.congresocoahuila.gob.mx\/portal\/wp-content\/uploads\/2014\/11\/Acuerdo_005_20150108.pdf\">8 de Enero de 2015<\/a><\/td>\n<td style=\"width: 155px; height: 33px; background-color: #e1e1e1; text-align: center;\" valign=\"middle\" bgcolor=\"#E1E1E1\" width=\"600\">\n<div align=\"justify\"><strong>Designaci\u00f3n de la o el Diputado representante del Congreso ante el Consejo Estatal de Seguridad P\u00fablica.<\/strong><\/div>\n<\/td>\n<\/tr>\n<tr>\n<td style=\"background-color: #f7f5f5; text-align: center;\"><a href=\"http:\/\/www.congresocoahuila.gob.mx\/portal\/wp-content\/uploads\/2014\/11\/Acuerdo_006_20150108.pdf\">8 de Enero de 2015<\/a><\/td>\n<td style=\"background-color: #f7f5f5; text-align: center;\" valign=\"middle\">\n<div align=\"justify\"><strong>Nombramiento del Oficial Mayor del Congreso del Estado.<\/strong><\/div>\n<\/td>\n<\/tr>\n<tr>\n<td style=\"width: 155px; height: 33px; background-color: #e1e1e1; text-align: center;\" valign=\"middle\" bgcolor=\"#E1E1E1\" width=\"155\" height=\"33\"><a href=\"http:\/\/www.congresocoahuila.gob.mx\/portal\/wp-content\/uploads\/2014\/11\/Acuerdo_007_20150108.pdf\">8 de Enero de 2015<\/a><\/td>\n<td class=\"Estilo15\" style=\"background-color: #e1e1e1; width: 600px;\" valign=\"middle\" bgcolor=\"#E1E1E1\" width=\"600\">\n<div align=\"justify\"><strong>Nombramiento del Tesorero del Congreso del Estado.<\/strong><\/div>\n<\/td>\n<\/tr>\n<tr>\n<td style=\"text-align: center;\"><a href=\"http:\/\/www.congresocoahuila.gob.mx\/portal\/wp-content\/uploads\/2014\/11\/Acuerdo_008_20150108.pdf\">8 de Enero de 2015<\/a><\/td>\n<td class=\"Estilo15\" valign=\"middle\">\n<div align=\"justify\"><strong>Declaraci\u00f3n sobre integraci\u00f3n de la Mesa Directiva que estar\u00e1 en funciones durante el Primer A\u00f1o de Ejercicio Constitucional de la Sexag\u00e9sima Legislatura.<\/strong><\/div>\n<\/td>\n<\/tr>\n<tr>\n<td style=\"width: 155px; height: 33px; background-color: #e1e1e1; text-align: center;\" valign=\"middle\" bgcolor=\"#E1E1E1\" width=\"155\" height=\"33\"><a href=\"http:\/\/www.congresocoahuila.gob.mx\/portal\/wp-content\/uploads\/2014\/11\/Acuerdo_009_20150108.pdf\">8 de Enero de 2015<\/a><\/td>\n<td class=\"Estilo15\" style=\"background-color: #e1e1e1; width: 600px;\" valign=\"middle\" bgcolor=\"#E1E1E1\" width=\"600\">\n<div align=\"justify\"><strong>Declaraci\u00f3n sobre conclusi\u00f3n del Per\u00edodo de Instalaci\u00f3n de la Sexag\u00e9sima Legislatura.<\/strong><\/div>\n<\/td>\n<\/tr>\n<tr>\n<td style=\"width: 155px; height: 33px; background-color: #f7f5f5; text-align: center;\" valign=\"middle\" bgcolor=\"#E1E1E1\" width=\"155\" height=\"33\"><a href=\"http:\/\/congresocoahuila.gob.mx\/portal\/wp-content\/uploads\/2015\/01\/Acuerdo_024_20150108.pdf\">8 de Enero de 2015<\/a><\/td>\n<td class=\"Estilo15\" style=\"background-color: #f7f5f5; width: 600px;\" valign=\"middle\" bgcolor=\"#E1E1E1\" width=\"600\">\n<div align=\"justify\"><strong>Acuerdo sobre la instalaci\u00f3n e integraci\u00f3n de la Diputaci\u00f3n Permanente del Primer Per\u00edodo del Primer A\u00f1o de Ejercicio de la Sexag\u00e9sima Legislatura y para autorizarla a\u00a0 tramitar y resolver los asuntos pendientes y los que se presenten durante su funcionamiento, con excepci\u00f3n de los que requieran estrictamente la intervenci\u00f3n directa del congreso y de los relativos a iniciativas para la expedici\u00f3n o reforma de leyes.<\/strong><\/div>\n<\/td>\n<\/tr>\n<tr>\n<td style=\"width: 155px; height: 33px; background-color: #e1e1e1; text-align: center;\" valign=\"middle\" bgcolor=\"#E1E1E1\" width=\"155\" height=\"33\"><a href=\"http:\/\/congresocoahuila.gob.mx\/portal\/wp-content\/uploads\/2015\/01\/Acuerdo_025_20150120.pdf\">20 de Enero de 2015<\/a><\/td>\n<td class=\"Estilo15\" style=\"background-color: #e1e1e1; width: 600px;\" valign=\"middle\" bgcolor=\"#E1E1E1\" width=\"600\">\n<div align=\"justify\">\n<p><strong>Acuerdo sobre\u00a0 la creaci\u00f3n de una Comisi\u00f3n Especial para el An\u00e1lisis del Impacto de la Deuda P\u00fablica contra\u00edda en el Per\u00edodo Constitucional 2005-2011, del Gobierno del Estado de Coahuila de Zaragoza. <\/strong><\/p>\n<\/div>\n<\/td>\n<\/tr>\n<tr>\n<td style=\"width: 155px; height: 33px; background-color: #f7f5f5; text-align: center;\" valign=\"middle\" bgcolor=\"#E1E1E1\" width=\"155\" height=\"33\"><a href=\"http:\/\/congresocoahuila.gob.mx\/portal\/wp-content\/uploads\/2015\/01\/Acuerdo_026_20150120.pdf\">20 de Enero de 2015<\/a><\/td>\n<td class=\"Estilo15\" style=\"background-color: #f7f5f5; width: 600px;\" valign=\"middle\" bgcolor=\"#E1E1E1\" width=\"600\">\n<div align=\"justify\">\n<p><strong>Acuerdo sobre\u00a0 la creaci\u00f3n de una Comisi\u00f3n Especial para el An\u00e1lisis de la Industria del Carb\u00f3n, en la Regi\u00f3n Carbon\u00edfera y otros Municipios del Estado de Coahuila de Zaragoza. <\/strong><\/p>\n<\/div>\n<\/td>\n<\/tr>\n<tr>\n<td style=\"width: 155px; height: 33px; background-color: #e1e1e1; text-align: center;\" valign=\"middle\" bgcolor=\"#E1E1E1\" width=\"155\" height=\"33\"><a href=\"http:\/\/congresocoahuila.gob.mx\/portal\/wp-content\/uploads\/2015\/01\/Acuerdo_027_20150120.pdf\">20 de Enero de 2015<\/a><\/td>\n<td style=\"width: 155px; height: 33px; background-color: #e1e1e1; text-align: center;\" valign=\"middle\" bgcolor=\"#E1E1E1\" width=\"600\">\n<div align=\"justify\">\n<p><strong>Acuerdo sobre\u00a0 la creaci\u00f3n de una Comisi\u00f3n Especial para Suscribir un Instrumento de Colaboraci\u00f3n con el Senado de la Rep\u00fablica, as\u00ed como para el estudio, an\u00e1lisis y consideraci\u00f3n de la adopci\u00f3n del modelo denominado parlamento abierto. <\/strong><\/p>\n<\/div>\n<\/td>\n<\/tr>\n<tr>\n<td style=\"width: 155px; height: 33px; background-color: #f7f5f5; text-align: center;\" valign=\"middle\" bgcolor=\"#E1E1E1\" width=\"155\" height=\"33\"><a href=\"http:\/\/congresocoahuila.gob.mx\/portal\/wp-content\/uploads\/2015\/01\/Acuerdo_028_20150120.pdf\">20 de Enero de 2015<\/a><\/td>\n<td class=\"Estilo15\" style=\"background-color: #f7f5f5; width: 600px;\" valign=\"middle\" bgcolor=\"#E1E1E1\" width=\"600\">\n<div align=\"justify\">\n<p><strong>Acuerdo para instruir a la Auditor\u00eda Superior del Estado, a fin de que abra una investigaci\u00f3n por posibles actos de corrupci\u00f3n en el ayuntamiento de Saltillo e informe al Congreso del Estado sobre los avances que se tengan durante y hasta la conclusi\u00f3n de la investigaci\u00f3n, as\u00ed como para que la comisi\u00f3n de auditor\u00eda gubernamental y cuenta p\u00fablica, coadyuve en los trabajos que realice la auditor\u00eda superior del estado, para la investigaci\u00f3n de dichos actos. <\/strong><\/p>\n<\/div>\n<\/td>\n<\/tr>\n<tr>\n<td style=\"background-color: #e1e1e1; text-align: center;\"><a href=\"http:\/\/congresocoahuila.gob.mx\/portal\/wp-content\/uploads\/2014\/11\/Acuerdo_010_20150128.pdf\">28 de Enero de 2015<\/a><\/td>\n<td class=\"Estilo15\" style=\"background-color: #e1e1e1;\" valign=\"middle\">\n<div align=\"justify\"><strong>Integraci\u00f3n de la Comisi\u00f3n para el an\u00e1lisis del impacto de la deuda p\u00fablica contra\u00edda en el per\u00edodo constitucional 2005-2011 del Gobierno del Estado de Coahuila de Zaragoza, la Comisi\u00f3n para el an\u00e1lisis de la Industria del Carb\u00f3n, en la Regi\u00f3n Carbon\u00edfera y otros Municipios del Estado de Coahuila de Zaragoza y la Comisi\u00f3n para suscribir un instrumento de colaboraci\u00f3n con el Senado de la Rep\u00fablica, as\u00ed como, para el estudio, an\u00e1lisis y consideraci\u00f3n de la adopci\u00f3n del modelo denominado Parlamento Abierto.<\/strong><\/div>\n<\/td>\n<\/tr>\n<tr>\n<td style=\"width: 155px; height: 33px; background-color: #f7f5f5; text-align: center;\" valign=\"middle\" bgcolor=\"#E1E1E1\" width=\"155\" height=\"33\"><a href=\"http:\/\/congresocoahuila.gob.mx\/portal\/wp-content\/uploads\/2014\/11\/Acuerdo_011_20150128.pdf\">28 de Enero de 2015<\/a><\/td>\n<td class=\"Estilo15\" style=\"background-color: #f7f5f5; width: 600px;\" valign=\"middle\" bgcolor=\"#E1E1E1\" width=\"600\">\n<div align=\"justify\"><strong>Convocar a una Sesi\u00f3n Solemne para celebrar el \u201cD\u00eda del Ej\u00e9rcito\u201d, as\u00ed como para rendir homenaje a Don Venustiano Carranza y a los Diputados del Vig\u00e9simo Segundo Congreso Constitucional del Estado.<\/strong><\/div>\n<\/td>\n<\/tr>\n<tr>\n<td style=\"background-color: #e1e1e1; text-align: center;\"><a href=\"http:\/\/congresocoahuila.gob.mx\/portal\/wp-content\/uploads\/2015\/01\/Acuerdo_028_20150120.pdf\">4 de Febrero de 2015<\/a><\/td>\n<td style=\"background-color: #e1e1e1; text-align: center;\" valign=\"middle\">\n<div align=\"justify\">\n<p><strong>Acuerdo para convocar a las Diputadas y los Diputados de la Sexag\u00e9sima Legislatura, a la celebraci\u00f3n de un per\u00edodo extraordinario de sesiones el 10 de febrero de 2015.<\/strong><\/p>\n<\/div>\n<\/td>\n<\/tr>\n<tr>\n<td style=\"text-align: center;\"><a href=\"http:\/\/congresocoahuila.gob.mx\/portal\/wp-content\/uploads\/2014\/11\/Acuerdo_012_20150210.pdf\">10 de Febrero de 2015<\/a><\/td>\n<td class=\"Estilo15\" valign=\"middle\">\n<div align=\"justify\"><strong>Apertura del Primer Per\u00edodo Extraordinario de Sesiones del Primer A\u00f1o de Ejercicio Constitucional de la Sexag\u00e9sima Legislatura.<\/strong><\/div>\n<\/td>\n<\/tr>\n<tr>\n<td style=\"width: 155px; height: 33px; background-color: #e1e1e1; text-align: center;\" valign=\"middle\" bgcolor=\"#E1E1E1\" width=\"155\" height=\"33\"><a href=\"http:\/\/congresocoahuila.gob.mx\/portal\/wp-content\/uploads\/2014\/11\/Acuerdo_013_20150302.pdf\">2 de Marzo de 2015<\/a><\/td>\n<td class=\"Estilo15\" style=\"background-color: #e1e1e1; width: 600px;\" valign=\"middle\" bgcolor=\"#E1E1E1\" width=\"600\">\n<div align=\"justify\"><strong>Apertura del Primer Per\u00edodo Ordinario de Sesiones, correspondiente al Primer A\u00f1o de Ejercicio Constitucional de la Sexag\u00e9sima Legislatura.<\/strong><\/div>\n<\/td>\n<\/tr>\n<tr>\n<td style=\"text-align: center;\"><a href=\"http:\/\/congresocoahuila.gob.mx\/portal\/wp-content\/uploads\/2015\/01\/Acuerdo_029_20150304.pdf\">4 de Marzo de 2015<\/a><\/td>\n<td class=\"Estilo15\" valign=\"middle\">\n<div align=\"justify\">\n<p><strong>Acuerdo para solicitar al Auditor Superior del Estado, que se realice un estudio sobre la posible afectaci\u00f3n causada a los contribuyentes del municipio de San Buenaventura, Coahuila de Zaragoza, que hicieron el pago del impuesto predial en base a las tablas de valores de construcci\u00f3n, correspondientes a habitacional moderna, habitacional antigua, locales comerciales y de predios r\u00fasticos, que se aplicaron al inicio del ejercicio fiscal 2015, as\u00ed como que, en su caso, se establezcan mecanismos para resarcir dicha afectaci\u00f3n, en la forma que se considere procedente.<\/strong><\/p>\n<\/div>\n<\/td>\n<\/tr>\n<tr>\n<td style=\"background-color: #e1e1e1; text-align: center;\"><a href=\"http:\/\/congresocoahuila.gob.mx\/portal\/wp-content\/uploads\/2015\/01\/Acuerdo_030_20150312.pdf\">12 de Marzo de 2015<\/a><\/td>\n<td style=\"background-color: #e1e1e1; text-align: center;\" valign=\"middle\">\n<div align=\"justify\">\n<p><strong>Acuerdo sobre la creaci\u00f3n de una Comisi\u00f3n Especial para Investigar Posibles Irregularidades Financieras en el Ayuntamiento de Saltillo.<\/strong><\/p>\n<\/div>\n<\/td>\n<\/tr>\n<tr>\n<td style=\"text-align: center;\"><a href=\"http:\/\/congresocoahuila.gob.mx\/portal\/wp-content\/uploads\/2014\/11\/Acuerdo_014_20150317.pdf\">17 de Marzo de 2015<\/a><\/td>\n<td class=\"Estilo15\" valign=\"middle\">\n<div align=\"justify\"><strong>Integraci\u00f3n de la\u00a0Comisi\u00f3n Especial encargada de investigar las posibles irregularidades financieras suscitadas en el Ayuntamiento de Saltillo.<\/strong><\/div>\n<\/td>\n<\/tr>\n<tr>\n<td style=\"width: 155px; height: 33px; background-color: #e1e1e1; text-align: center;\" valign=\"middle\" bgcolor=\"#E1E1E1\" width=\"155\" height=\"33\"><a href=\"http:\/\/congresocoahuila.gob.mx\/portal\/wp-content\/uploads\/2015\/01\/Acuerdo_031_20150318.pdf\">18 de Marzo de 2015<\/a><\/td>\n<td class=\"Estilo15\" style=\"background-color: #e1e1e1; width: 600px;\" valign=\"middle\" bgcolor=\"#E1E1E1\" width=\"600\">\n<div align=\"justify\">\n<p><strong>Acuerdo sobre la creaci\u00f3n de una Comisi\u00f3n Especial para el Blindaje del Proceso Electoral de 2015.<\/strong><\/p>\n<\/div>\n<\/td>\n<\/tr>\n<tr>\n<td style=\"width: 155px; height: 33px; background-color: #f7f5f5; text-align: center;\" valign=\"middle\" bgcolor=\"#E1E1E1\" width=\"155\" height=\"33\"><a href=\"http:\/\/congresocoahuila.gob.mx\/portal\/wp-content\/uploads\/2014\/11\/Acuerdo_015_20150324.pdf\">24 de Marzo de 2015<\/a><\/td>\n<td style=\"width: 155px; height: 33px; background-color: #f7f5f5; text-align: center;\" valign=\"middle\" bgcolor=\"#E1E1E1\" width=\"600\">\n<div align=\"justify\"><strong>Integraci\u00f3n de la\u00a0Comisi\u00f3n Especial para el Blindaje del Proceso Electoral 2015.<\/strong><\/div>\n<\/td>\n<\/tr>\n<tr>\n<td style=\"width: 155px; height: 33px; background-color: #e1e1e1; text-align: center;\" valign=\"middle\" bgcolor=\"#E1E1E1\" width=\"155\" height=\"33\"><a href=\"http:\/\/congresocoahuila.gob.mx\/portal\/wp-content\/uploads\/2015\/01\/Acuerdo_032_20150324.pdf\">24 de Marzo de 2015<\/a><\/td>\n<td class=\"Estilo15\" style=\"background-color: #e1e1e1; width: 600px;\" valign=\"middle\" bgcolor=\"#E1E1E1\" width=\"600\">\n<div align=\"justify\">\n<p><strong>Acuerdo sobre la creaci\u00f3n de una Comisi\u00f3n Especial de la Sexag\u00e9sima Legislatura, Encargada de la Armonizaci\u00f3n de la Legislaci\u00f3n Estatal con la Federal, en Materia Pol\u00edtico-Electoral.<\/strong><\/p>\n<\/div>\n<\/td>\n<\/tr>\n<tr>\n<td style=\"text-align: center;\"><a href=\"http:\/\/congresocoahuila.gob.mx\/portal\/wp-content\/uploads\/2014\/11\/Acuerdo_016_20150330.pdf\">30 de Marzo de 2015<\/a><\/td>\n<td class=\"Estilo15\" valign=\"middle\">\n<div align=\"justify\"><strong>Convocar a una Sesi\u00f3n Solemne para inscribir la frase \u201cFuerza A\u00e9rea Mexicana\u201d, en el Muro de Honor del Sal\u00f3n de Sesiones del Congreso del Estado.<\/strong><\/div>\n<\/td>\n<\/tr>\n<tr>\n<td style=\"width: 155px; height: 33px; background-color: #e1e1e1; text-align: center;\" valign=\"middle\" bgcolor=\"#E1E1E1\" width=\"155\" height=\"33\"><a href=\"http:\/\/congresocoahuila.gob.mx\/portal\/wp-content\/uploads\/2014\/11\/Acuerdo_017_20150330.pdf\">30 de Marzo de 2015<\/a><\/td>\n<td class=\"Estilo15\" style=\"background-color: #e1e1e1; width: 600px;\" valign=\"middle\" bgcolor=\"#E1E1E1\" width=\"600\">\n<div align=\"justify\"><strong>Integraci\u00f3n de la\u00a0Comisi\u00f3n\u00a0Especial encargada de la Armonizaci\u00f3n de nuestra Legislaci\u00f3n Estatal con la Federal, en Materia Pol\u00edtico-Electoral.<\/strong><\/div>\n<\/td>\n<\/tr>\n<tr>\n<td style=\"width: 155px; height: 33px; text-align: center; background-color: #faf7f7;\" valign=\"middle\" bgcolor=\"#E1E1E1\" width=\"155\" height=\"33\"><a href=\"http:\/\/congresocoahuila.gob.mx\/portal\/wp-content\/uploads\/2015\/01\/Acuerdo_033_20150410.pdf\">10 de Abril de 2015<\/a><\/td>\n<td class=\"Estilo15\" style=\"background-color: #faf7f7;\" valign=\"middle\" bgcolor=\"#E1E1E1\" width=\"600\">\n<div align=\"justify\">\n<p><strong>Acuerdo sobre la creaci\u00f3n de una <\/strong><strong>Comisi\u00f3n Especial para la Garant\u00eda de los Derechos Humanos de Ni\u00f1as, Ni\u00f1os y Adolescentes.<\/strong><\/p>\n<\/div>\n<\/td>\n<\/tr>\n<tr>\n<td style=\"width: 155px; height: 33px; background-color: #e1e1e1; text-align: center;\" valign=\"middle\" bgcolor=\"#E1E1E1\" width=\"155\" height=\"33\"><a href=\"http:\/\/congresocoahuila.gob.mx\/portal\/wp-content\/uploads\/2014\/11\/Acuerdo_018_20150421.pdf\">21 de Abril de 2015<\/a><\/td>\n<td class=\"Estilo15\" style=\"background-color: #e1e1e1; width: 600px;\" valign=\"middle\" bgcolor=\"#E1E1E1\" width=\"600\">\n<div align=\"justify\"><strong>Integraci\u00f3n de la\u00a0Comisi\u00f3n Especial para la Garant\u00eda de los Derechos Humanos de Ni\u00f1as, Ni\u00f1os y Adolescentes.<\/strong><\/div>\n<\/td>\n<\/tr>\n<tr>\n<td style=\"width: 155px; height: 33px; background-color: #f7f5f5; text-align: center;\" valign=\"middle\" bgcolor=\"#E1E1E1\" width=\"155\" height=\"33\"><a href=\"http:\/\/congresocoahuila.gob.mx\/portal\/wp-content\/uploads\/2015\/01\/Acuerdo_034_20150610.pdf\">10 de Junio de 2015<\/a><\/td>\n<td class=\"Estilo15\" style=\"background-color: #f7f5f5; width: 600px;\" valign=\"middle\" bgcolor=\"#E1E1E1\" width=\"600\">\n<div align=\"justify\">\n<p><strong>Acuerdo para autorizar que la Junta de Gobierno, conjuntamente con la Presidencia de la Segunda Diputaci\u00f3n Permanente del Primer A\u00f1o de Ejercicio de la Sexag\u00e9sima Legislatura, acuerden lo que se considere procedente para la programaci\u00f3n de las fechas en que se celebrar\u00e1n las sesiones de dicho \u00f3rgano legislativo, durante su per\u00edodo de funciones, que comprende los meses de julio y agosto del presente a\u00f1o.<\/strong><\/p>\n<\/div>\n<\/td>\n<\/tr>\n<tr>\n<td style=\"width: 155px; height: 33px; background-color: #e1e1e1; text-align: center;\" valign=\"middle\" bgcolor=\"#E1E1E1\" width=\"155\" height=\"33\"><a href=\"http:\/\/congresocoahuila.gob.mx\/portal\/wp-content\/uploads\/2014\/11\/Acuerdo_019_20150623.pdf\">23 de Junio de 2015<\/a><\/td>\n<td class=\"Estilo15\" style=\"background-color: #e1e1e1; width: 600px;\" valign=\"middle\" bgcolor=\"#E1E1E1\" width=\"600\">\n<div align=\"justify\"><strong>Clausura del Primer Per\u00edodo Ordinario de Sesiones, correspondiente al Primer A\u00f1o de Ejercicio Constitucional de la Sexag\u00e9sima Legislatura y Apertura del Segundo Per\u00edodo de la Diputaci\u00f3n Permanente.<\/strong><\/div>\n<\/td>\n<\/tr>\n<tr>\n<td style=\"width: 155px; height: 33px; background-color: #f7f5f5; text-align: center;\" valign=\"middle\" bgcolor=\"#E1E1E1\" width=\"155\" height=\"33\"><a href=\"http:\/\/congresocoahuila.gob.mx\/portal\/wp-content\/uploads\/2015\/01\/Acuerdo_035_20150623.pdf\">23 de Junio de 2015<\/a><\/td>\n<td class=\"Estilo15\" style=\"background-color: #f7f5f5; width: 600px;\" valign=\"middle\" bgcolor=\"#E1E1E1\" width=\"600\">\n<div align=\"justify\">\n<p><strong>Acuerdo sobre la instalaci\u00f3n e integraci\u00f3n de la Diputaci\u00f3n Permanente del Segundo Per\u00edodo del Primer A\u00f1o de Ejercicio de la Sexag\u00e9sima Legislatura y para autorizarla a tramitar y resolver los asuntos pendientes y los que se presenten durante su funcionamiento, con excepci\u00f3n de los que requieran estrictamente la intervenci\u00f3n directa del congreso y de los relativos a iniciativas para la expedici\u00f3n o reforma de leyes.<\/strong><\/p>\n<\/div>\n<\/td>\n<\/tr>\n<tr>\n<td style=\"width: 155px; height: 33px; background-color: #e1e1e1; text-align: center;\" valign=\"middle\" bgcolor=\"#E1E1E1\" width=\"155\" height=\"33\"><a href=\"http:\/\/congresocoahuila.gob.mx\/portal\/wp-content\/uploads\/2015\/01\/Acuerdo_036_20150805.pdf\">5 de Agosto de 2015<\/a><\/td>\n<td class=\"Estilo15\" style=\"background-color: #e1e1e1; width: 600px;\" valign=\"middle\" bgcolor=\"#E1E1E1\" width=\"600\">\n<div align=\"justify\">\n<p><strong>Acuerdo para convocar a las Diputadas y los Diputados de la Sexag\u00e9sima Legislatura del Congreso del Estado, para la celebraci\u00f3n de un Per\u00edodo Extraordinario de Sesiones, el jueves 6 de agosto de 2015.<\/strong><\/p>\n<\/div>\n<\/td>\n<\/tr>\n<tr>\n<td style=\"width: 155px; height: 33px; text-align: center; background-color: #faf7f7;\" valign=\"middle\" bgcolor=\"#E1E1E1\" width=\"155\" height=\"33\"><a href=\"http:\/\/congresocoahuila.gob.mx\/portal\/wp-content\/uploads\/2014\/11\/Acuerdo_020_20150806.pdf\">6 de Agosto de 2015<\/a><\/td>\n<td class=\"Estilo15\" style=\"background-color: #faf7f7;\" valign=\"middle\" bgcolor=\"#E1E1E1\" width=\"600\">\n<div align=\"justify\"><strong>Acuerdo sobre la Declaratoria de Apertura del Segundo\u00a0Per\u00edodo Extraordinario de Sesiones del Primer A\u00f1o de Ejercicio Constitucional de la Sexag\u00e9sima Legislatura.<\/strong><\/div>\n<\/td>\n<\/tr>\n<tr>\n<td style=\"width: 155px; height: 33px; background-color: #e1e1e1; text-align: center;\" valign=\"middle\" bgcolor=\"#E1E1E1\" width=\"155\" height=\"33\"><a href=\"http:\/\/congresocoahuila.gob.mx\/portal\/wp-content\/uploads\/2015\/01\/Acuerdo_037_20150806.pdf\">6 de Agosto de 2015<\/a><\/td>\n<td class=\"Estilo15\" style=\"background-color: #e1e1e1; width: 600px;\" valign=\"middle\" bgcolor=\"#E1E1E1\" width=\"600\">\n<div align=\"justify\">\n<p><strong>Acuerdo para aprobar que la Mesa Directiva del Segundo Per\u00edodo Extraordinario de Sesiones, del Primer A\u00f1o de Ejercicio Constitucional de la Sexag\u00e9sima Legislatura, estar\u00eda formada por la Presidenta de la Diputaci\u00f3n Permanente, as\u00ed como por las Diputadas y los Diputados que tienen a su cargo las Vicepresidencias y las Secretar\u00edas de la Mesa Directiva del Primer A\u00f1o de Ejercicio de la Sexag\u00e9sima Legislatura.\u00a0\u00a0\u00a0 <\/strong><\/p>\n<\/div>\n<\/td>\n<\/tr>\n<tr>\n<td style=\"width: 155px; height: 33px; background-color: #f7f5f5; text-align: center;\" valign=\"middle\" bgcolor=\"#E1E1E1\" width=\"155\" height=\"33\"><a href=\"http:\/\/congresocoahuila.gob.mx\/portal\/wp-content\/uploads\/2014\/11\/Acuerdo_021_20150828.pdf\">28 de Agosto de 2015<\/a><\/td>\n<td class=\"Estilo15\" style=\"background-color: #f7f5f5; width: 600px;\" valign=\"middle\" bgcolor=\"#E1E1E1\" width=\"600\">\n<div align=\"justify\"><strong>Clausura del Segundo\u00a0Per\u00edodo Extraordinario de Sesiones del Primer A\u00f1o de Ejercicio Constitucional de la Sexag\u00e9sima Legislatura.<\/strong><\/div>\n<\/td>\n<\/tr>\n<tr>\n<td style=\"width: 155px; height: 33px; background-color: #e1e1e1; text-align: center;\" valign=\"middle\" bgcolor=\"#E1E1E1\" width=\"155\" height=\"33\"><a href=\"http:\/\/congresocoahuila.gob.mx\/portal\/wp-content\/uploads\/2015\/01\/Acuerdo_038_20150901.pdf\">1 de Septiembre de 2015<\/a><\/td>\n<td class=\"Estilo15\" style=\"background-color: #e1e1e1; width: 600px;\" valign=\"middle\" bgcolor=\"#E1E1E1\" width=\"600\">\n<div align=\"justify\"><strong>Acuerdo sobre la apertura del Segundo Per\u00edodo Ordinario de Sesiones, correspondiente al primer a\u00f1o de ejercicio constitucional de la sexag\u00e9sima legislatura.<\/strong><\/div>\n<\/td>\n<\/tr>\n<tr>\n<td style=\"width: 155px; height: 33px; background-color: #f7f5f5; text-align: center;\" valign=\"middle\" bgcolor=\"#E1E1E1\" width=\"155\" height=\"33\"><a href=\"http:\/\/congresocoahuila.gob.mx\/portal\/wp-content\/uploads\/2015\/01\/Acuerdo_039_20150901.pdf\">1 de Septiembre de 2015<\/a><\/td>\n<td class=\"Estilo15\" style=\"background-color: #f7f5f5; width: 600px;\" valign=\"middle\" bgcolor=\"#E1E1E1\" width=\"600\">\n<div align=\"justify\">\n<p><strong>Acuerdo para declarar que la Diputada Georgina Cano Torralva, ser\u00eda la Presidenta de la Mesa Directiva, durante el Segundo Per\u00edodo Ordinario de Sesiones, del Primer A\u00f1o de Ejercicio Constitucional de la Sexag\u00e9sima Legislatura. <\/strong><\/p>\n<\/div>\n<\/td>\n<\/tr>\n<tr>\n<td style=\"width: 155px; height: 33px; background-color: #e1e1e1; text-align: center;\" valign=\"middle\" bgcolor=\"#E1E1E1\" width=\"155\" height=\"33\"><a href=\"http:\/\/congresocoahuila.gob.mx\/portal\/wp-content\/uploads\/2015\/01\/Acuerdo_040_20150930.pdf\">30 de Septiembre de 2015<\/a><\/td>\n<td class=\"Estilo15\" style=\"background-color: #e1e1e1; width: 600px;\" valign=\"middle\" bgcolor=\"#E1E1E1\" width=\"600\">\n<div align=\"justify\">\n<p><strong>Acuerdo para solicitar al Ejecutivo del Estado que se forme una Comisi\u00f3n Interinstitucional con Diputados y Diputadas de la Sexag\u00e9sima Legislatura y Funcionarios del Poder Ejecutivo, a fin de atender el mandato contenido en el Art\u00edculo 2o, p\u00e1rrafo quinto, de la Constituci\u00f3n Pol\u00edtica de los Estados Unidos Mexicanos y la Declaraci\u00f3n de las Naciones Unidas, sobre los derechos de los pueblos ind\u00edgenas. <\/strong><\/p>\n<\/div>\n<\/td>\n<\/tr>\n<tr>\n<td style=\"width: 155px; height: 33px; background-color: #f7f5f5; text-align: center;\" valign=\"middle\" bgcolor=\"#E1E1E1\" width=\"155\" height=\"33\"><a href=\"http:\/\/congresocoahuila.gob.mx\/portal\/wp-content\/uploads\/2015\/01\/Acuerdo_041_20151006.pdf\">6 de Octubre de 2015<\/a><\/td>\n<td class=\"Estilo15\" style=\"background-color: #f7f5f5; width: 600px;\" valign=\"middle\" bgcolor=\"#E1E1E1\" width=\"600\">\n<div align=\"justify\">\n<p><strong>Acuerdo para <\/strong><strong>autorizar que la Junta de Gobierno, conjuntamente con la Presidencia de la Mesa Directiva del Congreso, acuerden lo que se considere procedente para que los integrantes de la Sexag\u00e9sima Legislatura, participen en la S\u00e9ptima Asamblea Plenaria de la Conferencia Permanente de Congresos Locales (COPECOL), durante los d\u00edas 8, 9 y 10 de octubre de 2015, en la ciudad de puebla, puebla; consider\u00e1ndose como cumplida la segunda sesi\u00f3n de trabajos legislativos de la semana, por las razones antes expuestas.\u00a0 <\/strong><\/p>\n<\/div>\n<\/td>\n<\/tr>\n<tr>\n<td style=\"width: 155px; height: 33px; background-color: #e1e1e1; text-align: center;\" valign=\"middle\" bgcolor=\"#E1E1E1\" width=\"155\" height=\"33\"><a href=\"http:\/\/congresocoahuila.gob.mx\/portal\/wp-content\/uploads\/2015\/01\/Acuerdo_042_20151006.pdf\">6 de Octubre de 2015<\/a><\/td>\n<td style=\"width: 155px; height: 33px; background-color: #e1e1e1; text-align: center;\" valign=\"middle\" bgcolor=\"#E1E1E1\" width=\"600\">\n<div align=\"justify\">\n<p><strong>Acuerdo para que la Sexag\u00e9sima Legislatura, a trav\u00e9s de la Comisi\u00f3n de Ciencia y Tecnolog\u00eda,\u00a0 y\u00a0 el Consejo Estatal de Ciencia y Tecnolog\u00eda de Coahuila, emitieran una convocatoria para la celebraci\u00f3n de foros y talleres de consulta, a fin de recabar opiniones y propuestas que contribuyan a la expedici\u00f3n de una nueva Ley de Ciencia, Tecnolog\u00eda e Innovaci\u00f3n del Estado de Coahuila de Zaragoza,<\/strong><\/p>\n<\/div>\n<\/td>\n<\/tr>\n<tr>\n<td style=\"width: 155px; height: 33px; text-align: center; background-color: #faf7f7;\" valign=\"middle\" bgcolor=\"#E1E1E1\" width=\"155\" height=\"33\"><a href=\"http:\/\/congresocoahuila.gob.mx\/portal\/wp-content\/uploads\/2015\/01\/Acuerdo_022_20151130.pdf\">30 de Noviembre de 2015<\/a><\/td>\n<td class=\"Estilo15\" style=\"width: 600px; background-color: #faf7f7;\" valign=\"middle\" bgcolor=\"#E1E1E1\" width=\"600\">\n<div align=\"justify\">\n<p><strong>Acuerdo para aprobar que la Sexag\u00e9sima Legislatura realizara el an\u00e1lisis del Cuarto Informe de Gobierno del C. Lic. Rub\u00e9n Moreira Valdez, Gobernador del Estado de Coahuila de Zaragoza, mediante la comparecencia de los Secretarios y las Secretarias del Gabinete Estatal, del Procurador General de Justicia en el Estado y de la Procuradora para Ni\u00f1os, Ni\u00f1as y la Familia, ante las Comisiones del Congreso correspondientes por materia.<\/strong><\/p>\n<\/div>\n<\/td>\n<\/tr>\n<tr>\n<td style=\"width: 155px; height: 33px; background-color: #e1e1e1; text-align: center;\" valign=\"middle\" bgcolor=\"#E1E1E1\" width=\"155\" height=\"33\"><a href=\"http:\/\/congresocoahuila.gob.mx\/portal\/wp-content\/uploads\/2015\/01\/Acuerdo_043_20151208.pdf\">8 de Diciembre de 2015<\/a><\/td>\n<td style=\"width: 155px; height: 33px; background-color: #e1e1e1; text-align: left;\" valign=\"middle\" bgcolor=\"#E1E1E1\" width=\"600\"><strong>Acuerdo para aprobar <\/strong><strong>que la Diputada Irma Leticia Casta\u00f1o Orozco, se incorporara como integrante de la Comisi\u00f3n de Presupuesto de la LX Legislatura del Congreso del Estado.<\/strong><\/td>\n<\/tr>\n<tr>\n<td style=\"width: 155px; height: 33px; background-color: #f7f5f5; text-align: center;\" valign=\"middle\" bgcolor=\"#E1E1E1\" width=\"155\" height=\"33\"><a href=\"http:\/\/congresocoahuila.gob.mx\/portal\/wp-content\/uploads\/2015\/01\/Acuerdo_044_20151222.pdf\">22 de Diciembre de 2015<\/a><\/td>\n<td class=\"Estilo15\" style=\"background-color: #f7f5f5; width: 600px; text-align: left;\" valign=\"middle\" bgcolor=\"#E1E1E1\" width=\"600\"><strong>Acuerdo sobre la integraci\u00f3n de la Mesa Directiva, que estar\u00e1 en funciones durante el segundo a\u00f1o de ejercicio Constitucional de la Sexag\u00e9sima Legislatura. <\/strong><\/td>\n<\/tr>\n<tr>\n<td style=\"width: 155px; height: 33px; background-color: #e1e1e1; text-align: center;\" valign=\"middle\" bgcolor=\"#E1E1E1\" width=\"155\" height=\"33\"><a href=\"http:\/\/congresocoahuila.gob.mx\/portal\/wp-content\/uploads\/2015\/01\/Acuerdo_045_20151222.pdf\">22 de Diciembre de 2015<\/a><\/td>\n<td class=\"Estilo15\" style=\"background-color: #e1e1e1; width: 600px;\" valign=\"middle\" bgcolor=\"#E1E1E1\" width=\"600\">\n<p style=\"text-align: left;\"><strong>Acuerdo sobre la instalaci\u00f3n e integraci\u00f3n de la Diputaci\u00f3n Permanente del Primer Per\u00edodo del Segundo A\u00f1o de Ejercicio de la Sexag\u00e9sima Legislatura y para autorizarla a tramitar y resolver los asuntos pendientes y los que se presenten durante su funcionamiento, con excepci\u00f3n de los que requieran estrictamente la intervenci\u00f3n directa del congreso y de los relativos a iniciativas para la expedici\u00f3n o reforma de leyes.<\/strong><\/p>\n<\/td>\n<\/tr>\n<tr>\n<td style=\"width: 155px; height: 33px; background-color: #f7f5f5; text-align: center;\" valign=\"middle\" bgcolor=\"#E1E1E1\" width=\"155\" height=\"33\"><a href=\"http:\/\/congresocoahuila.gob.mx\/portal\/wp-content\/uploads\/2015\/01\/Acuerdo_046_20151222.pdf\">22 de Diciembre de 2015<\/a><\/td>\n<td class=\"Estilo15\" style=\"background-color: #f7f5f5; width: 600px; text-align: left;\" valign=\"middle\" bgcolor=\"#E1E1E1\" width=\"600\"><strong>Acuerdo sobre la clausura del Segundo Per\u00edodo Ordinario de Sesiones, correspondiente al Primer A\u00f1o de Ejercicio Constitucional de la Sexag\u00e9sima Legislatura. <\/strong><\/td>\n<\/tr>\n<tr>\n<td style=\"width: 155px; height: 33px; background-color: #e1e1e1; text-align: center;\" valign=\"middle\" bgcolor=\"#E1E1E1\" width=\"155\" height=\"33\"><a href=\"http:\/\/congresocoahuila.gob.mx\/portal\/wp-content\/uploads\/2015\/01\/Acuerdo_047_20160107.pdf\">7 de Enero de 2016<\/a><\/td>\n<td style=\"width: 155px; height: 33px; background-color: #e1e1e1; text-align: left;\" valign=\"middle\" bgcolor=\"#E1E1E1\" width=\"600\"><strong>Acuerdo para convocar a las Diputadas y los Diputados del Congreso del Estado de Coahuila de Zaragoza, a la celebraci\u00f3n del Primer Per\u00edodo Extraordinario de Sesiones, del Segundo A\u00f1o de Ejercicio Constitucional de la Sexag\u00e9sima Legislatura.<\/strong><\/td>\n<\/tr>\n<tr>\n<td style=\"width: 155px; height: 33px; background-color: #f7f5f5; text-align: center;\" valign=\"middle\" bgcolor=\"#E1E1E1\" width=\"155\" height=\"33\"><a href=\"http:\/\/congresocoahuila.gob.mx\/portal\/wp-content\/uploads\/2015\/01\/Acuerdo_048_20160301.pdf\">1 de Marzo de 2016<\/a><\/td>\n<td style=\"width: 155px; height: 33px; background-color: #f7f5f5; text-align: left;\" valign=\"middle\" bgcolor=\"#E1E1E1\" width=\"600\"><strong>Acuerdo mediante el cual, conforme a lo dispuesto en el art\u00edculo 146 de la Constituci\u00f3n Pol\u00edtica del Estado, se aprueba que el Poder Legislativo del Estado, presente al Consejo de la Judicatura del Estado, una terna de candidatos para la designaci\u00f3n de un Magistrado Numerario del Tribunal de Conciliaci\u00f3n y Arbitraje del Poder Judicial del Estado.<\/strong><\/td>\n<\/tr>\n<tr>\n<td style=\"width: 155px; height: 33px; background-color: #e1e1e1; text-align: center;\" valign=\"middle\" bgcolor=\"#E1E1E1\" width=\"155\" height=\"33\"><a href=\"http:\/\/congresocoahuila.gob.mx\/portal\/wp-content\/uploads\/2015\/01\/Acuerdo_049_20160318.pdf\">18 de Marzo de 2016<\/a><\/td>\n<td style=\"width: 155px; height: 33px; background-color: #e1e1e1; text-align: left;\" valign=\"middle\" bgcolor=\"#E1E1E1\" width=\"600\"><strong>Acuerdo sobre la declaratoria de apertura del Primer Per\u00edodo Ordinario de Sesiones, correspondiente al Segundo A\u00f1o de Ejercicio Constitucional de la Sexag\u00e9sima Legislatura. <\/strong><\/td>\n<\/tr>\n<tr>\n<td style=\"width: 155px; height: 33px; background-color: #f7f5f5; text-align: center;\" valign=\"middle\" bgcolor=\"#E1E1E1\" width=\"155\" height=\"33\"><a href=\"http:\/\/congresocoahuila.gob.mx\/portal\/wp-content\/uploads\/2015\/01\/Acuerdo_050_20160318.pdf\">18 de Marzo de 2016<\/a><\/td>\n<td style=\"width: 155px; height: 33px; background-color: #f7f5f5; text-align: left;\" valign=\"middle\" bgcolor=\"#E1E1E1\" width=\"600\"><strong>Acuerdo sobre la integraci\u00f3n de una Comisi\u00f3n Interinstitucional para la Revisi\u00f3n del C\u00f3digo Penal del Estado de Coahuila de Zaragoza.<\/strong><\/td>\n<\/tr>\n<tr>\n<td style=\"width: 155px; height: 33px; background-color: #e1e1e1; text-align: center;\" valign=\"middle\" bgcolor=\"#E1E1E1\" width=\"155\" height=\"33\"><a href=\"http:\/\/congresocoahuila.gob.mx\/portal\/wp-content\/uploads\/2015\/01\/Acuerdo_051_20160630.pdf\">30 de Junio de 2016<\/a><\/td>\n<td style=\"width: 155px; height: 33px; background-color: #e1e1e1; text-align: left;\" valign=\"middle\" bgcolor=\"#E1E1E1\" width=\"600\"><strong>Acuerdo sobre la integraci\u00f3n de la Diputaci\u00f3n Permanente del Segundo Per\u00edodo, del Segundo A\u00f1o de Ejercicio Constitucional de la Sexag\u00e9sima Legislatura.\u00a0\u00a0\u00a0 <\/strong><\/td>\n<\/tr>\n<tr>\n<td style=\"width: 155px; height: 33px; background-color: #f7f5f5; text-align: center;\" valign=\"middle\" bgcolor=\"#E1E1E1\" width=\"155\" height=\"33\"><a href=\"http:\/\/congresocoahuila.gob.mx\/portal\/wp-content\/uploads\/2015\/01\/Acuerdo_052_20160630.pdf\">30 de Junio de 2016<\/a><\/td>\n<td style=\"width: 155px; height: 33px; background-color: #f7f5f5; text-align: left;\" valign=\"middle\" bgcolor=\"#E1E1E1\" width=\"600\"><strong>Acuerdo sobre la clausura del Primer Per\u00edodo Ordinario de Sesiones, correspondiente al Segundo A\u00f1o de Ejercicio Constitucional de la Sexag\u00e9sima Legislatura y la formal instalaci\u00f3n de la Diputaci\u00f3n Permanente del Segundo Per\u00edodo, correspondiente al Segundo A\u00f1o de Ejercicio Constitucional de la Sexag\u00e9sima Legislatura, as\u00ed como para autorizar a este \u00f3rgano legislativo que tramite y resuelva los asuntos pendientes y los que se presenten durante su funcionamiento, con excepci\u00f3n de los que requieran estrictamente la intervenci\u00f3n directa del Congreso y de los correspondientes a iniciativas para la expedici\u00f3n o reforma de leyes.\u00a0 <\/strong><\/td>\n<\/tr>\n<tr>\n<td style=\"width: 155px; height: 33px; background-color: #e1e1e1; text-align: center;\" valign=\"middle\" bgcolor=\"#E1E1E1\" width=\"155\" height=\"33\"><a href=\"http:\/\/congresocoahuila.gob.mx\/portal\/wp-content\/uploads\/2015\/01\/Acuerdo_024_20160711.pdf\">11 de Julio de 2016<\/a><\/td>\n<td style=\"width: 155px; height: 33px; background-color: #e1e1e1; text-align: left;\" valign=\"middle\" bgcolor=\"#E1E1E1\" width=\"600\"><strong>Acuerdo sobre programaci\u00f3n de las fechas en que se celebraran las sesiones de la\u00a0Segunda Diputaci\u00f3n Permanente del Segundo A\u00f1o de Ejercicio de la Sexag\u00e9sima Legislatura, durante su per\u00edodo de funciones que comprende los meses de julio y agosto de 2016.<\/strong><\/td>\n<\/tr>\n<tr>\n<td style=\"width: 155px; height: 33px; text-align: center; background-color: #faf7f7;\" valign=\"middle\" bgcolor=\"#E1E1E1\" width=\"155\" height=\"33\"><a href=\"http:\/\/congresocoahuila.gob.mx\/portal\/wp-content\/uploads\/2015\/01\/Acuerdo_053_20160719.pdf\">19 de Julio de 2016<\/a><\/td>\n<td class=\"Estilo15\" style=\"width: 600px; background-color: #faf7f7; text-align: left;\" valign=\"middle\" bgcolor=\"#E1E1E1\" width=\"600\"><strong>Acuerdo para convocar a las Diputadas y los Diputados del Congreso del Estado de Coahuila de Zaragoza, a la celebraci\u00f3n del Segundo Per\u00edodo Extraordinario de Sesiones, del Segundo A\u00f1o de Ejercicio Constitucional, de la Sexag\u00e9sima Legislatura.<\/strong><\/td>\n<\/tr>\n<tr>\n<td style=\"width: 155px; height: 33px; background-color: #e1e1e1; text-align: center;\" valign=\"middle\" bgcolor=\"#E1E1E1\" width=\"155\" height=\"33\"><a href=\"http:\/\/congresocoahuila.gob.mx\/portal\/wp-content\/uploads\/2015\/01\/Acuerdo_054_20160726.pdf\">26 de Julio de 2016<\/a><\/td>\n<td style=\"width: 155px; height: 33px; background-color: #e1e1e1; text-align: left;\" valign=\"middle\" bgcolor=\"#E1E1E1\" width=\"600\"><strong>Acuerdo sobre declaratoria de apertura del Segundo Per\u00edodo Extraordinario de Sesiones del Segundo A\u00f1o de Ejercicio Constitucional de la Sexag\u00e9sima Legislatura. <\/strong><\/td>\n<\/tr>\n<tr>\n<td style=\"width: 155px; height: 33px; text-align: center; background-color: #faf7f7;\" valign=\"middle\" bgcolor=\"#E1E1E1\" width=\"155\" height=\"33\"><a href=\"http:\/\/congresocoahuila.gob.mx\/portal\/wp-content\/uploads\/2015\/01\/Acuerdo_023_20160801.pdf\">1 de Agosto de 2016<\/a><\/td>\n<td class=\"Estilo15\" style=\"width: 600px; background-color: #faf7f7; text-align: left;\" valign=\"middle\" bgcolor=\"#E1E1E1\" width=\"600\"><strong>Clausura del Segundo\u00a0Per\u00edodo Extraordinario de Sesiones del Segundo\u00a0A\u00f1o de Ejercicio Constitucional de la Sexag\u00e9sima Legislatura.<\/strong><\/td>\n<\/tr>\n<tr>\n<td style=\"width: 155px; height: 33px; background-color: #e1e1e1; text-align: center;\" valign=\"middle\" bgcolor=\"#E1E1E1\" width=\"155\" height=\"33\"><a href=\"http:\/\/congresocoahuila.gob.mx\/portal\/wp-content\/uploads\/2015\/01\/Acuerdo_055_20160920.pdf\">20 de Septiembre de 2016<\/a><\/td>\n<td style=\"width: 155px; height: 33px; background-color: #e1e1e1; text-align: left;\" valign=\"middle\" bgcolor=\"#E1E1E1\" width=\"600\"><strong>Acuerdo sobre la integraci\u00f3n de una Comisi\u00f3n Interinstitucional, con la participaci\u00f3n de integrantes de la Sexag\u00e9sima Legislatura y Funcionarios del Ejecutivo Estatal, para cumplir con lo dispuesto en el art\u00edculo 2, p\u00e1rrafo V, de la Constituci\u00f3n Federal y la Declaraci\u00f3n de las Naciones Unidas, sobre los derechos de los pueblos ind\u00edgenas.<\/strong><\/td>\n<\/tr>\n<tr>\n<td style=\"width: 155px; height: 33px; text-align: center; background-color: #faf7f7;\" valign=\"middle\" bgcolor=\"#E1E1E1\" width=\"155\" height=\"33\"><a href=\"http:\/\/congresocoahuila.gob.mx\/portal\/wp-content\/uploads\/2015\/01\/Acuerdo_056_20161102.pdf\">2 de Noviembre de 2016<\/a><\/td>\n<td class=\"Estilo15\" style=\"width: 600px; background-color: #faf7f7; text-align: left;\" valign=\"middle\" bgcolor=\"#E1E1E1\" width=\"600\"><strong>Acuerdo mediante el cual se autoriza que la Comisi\u00f3n de Gobernaci\u00f3n, Puntos Constitucionales y Justicia, expida una convocatoria para invitar a los ciudadanos coahuilenses a participar como candidatos a ocupar los cargos de Consejeros Propietarios y Suplentes del Consejo Estatal para la Movilidad Sustentable.<\/strong><\/td>\n<\/tr>\n<tr>\n<td style=\"width: 155px; height: 33px; background-color: #e1e1e1; text-align: center;\" valign=\"middle\" bgcolor=\"#E1E1E1\" width=\"155\" height=\"33\"><a href=\"http:\/\/congresocoahuila.gob.mx\/portal\/wp-content\/uploads\/2015\/01\/Acuerdo_057_20161109.pdf\">9 de Noviembre de 2016<\/a><\/td>\n<td style=\"width: 155px; height: 33px; background-color: #e1e1e1; text-align: left;\" valign=\"middle\" bgcolor=\"#E1E1E1\" width=\"600\"><strong>Acuerdo por el que se informa que, conforme al escrito de fecha 8 de julio de 2016, presentado por el presidente municipal de Saltillo, Coahuila de Zaragoza, para comparecer ante la Diputaci\u00f3n Permanente del Congreso del Estado, y que en base a la fundamentaci\u00f3n y motivaci\u00f3n que se exponen en el mismo, se desprende que se reitera su negativa de cumplir la recomendaci\u00f3n 103\/2015, de fecha veinte de noviembre de dos mil quince, que le formul\u00f3 la Comisi\u00f3n de los Derechos Humanos del Estado de Coahuila de Zaragoza. <\/strong><\/td>\n<\/tr>\n<tr>\n<td style=\"width: 155px; height: 33px; text-align: center; background-color: #faf7f7;\" valign=\"middle\" bgcolor=\"#E1E1E1\" width=\"155\" height=\"33\"><a href=\"https:\/\/congresocoahuila.gob.mx\/transparencia\/03\/Acuerdos-2018-2020\/059_20161130.pdf\">9 de Noviembre de 2016<\/a><\/td>\n<td class=\"Estilo15\" style=\"width: 600px; background-color: #faf7f7; text-align: left;\" valign=\"middle\" bgcolor=\"#E1E1E1\" width=\"600\"><strong>Acuerdo sobre la designaci\u00f3n de las Diputadas y los Diputados del Congreso del Estado, que ser\u00e1n integrantes, propietarios y suplentes, del Consejo Estatal para la Movilidad Sustentable de Coahuila de Zaragoza.<\/strong><\/td>\n<\/tr>\n<tr>\n<td style=\"width: 155px; height: 33px; background-color: #e1e1e1; text-align: center;\" valign=\"middle\" bgcolor=\"#E1E1E1\" width=\"155\" height=\"33\"><a href=\"http:\/\/congresocoahuila.gob.mx\/portal\/wp-content\/uploads\/2015\/01\/Acuerdo_059_20161130.pdf\">30 de Noviembre de 2016<\/a><\/td>\n<td style=\"width: 155px; height: 33px; background-color: #e1e1e1; text-align: left;\" valign=\"middle\" bgcolor=\"#E1E1E1\" width=\"600\"><strong>Acuerdo sobre el desarrollo de las Comparecencias de los Secretarios y las Secretarias del Gabinete Estatal y del Procurador General de Justicia del Estado, ante las Comisiones Dictaminadoras\u00a0 Permanentes del Congreso del Estado, para el an\u00e1lisis del Quinto Informe de Gobierno del Lic. Rub\u00e9n Ignacio Moreira Valdez, Gobernador Constitucional del Estado de Coahuila de Zaragoza.<\/strong><\/td>\n<\/tr>\n<tr>\n<td style=\"width: 155px; height: 33px; text-align: center; background-color: #faf7f7;\" valign=\"middle\" bgcolor=\"#E1E1E1\" width=\"155\" height=\"33\"><a href=\"http:\/\/congresocoahuila.gob.mx\/portal\/wp-content\/uploads\/2015\/01\/Acuerdo_060_20161220.pdf\">20 de Diciembre de 2016<\/a><\/td>\n<td class=\"Estilo15\" style=\"width: 600px; background-color: #faf7f7; text-align: left;\" valign=\"middle\" bgcolor=\"#E1E1E1\" width=\"600\"><strong>Acuerdo sobre la declaratoria de la integraci\u00f3n de la Mesa Directiva del Congreso del Estado, que estar\u00e1 en funciones durante el Tercer A\u00f1o de Ejercicio Constitucional, de la Sexag\u00e9sima\u00a0 Legislatura. <\/strong><\/td>\n<\/tr>\n<tr>\n<td style=\"width: 155px; height: 33px; background-color: #e1e1e1; text-align: center;\" valign=\"middle\" bgcolor=\"#E1E1E1\" width=\"155\" height=\"33\"><a href=\"http:\/\/congresocoahuila.gob.mx\/portal\/wp-content\/uploads\/2015\/01\/Acuerdo_061_20161220.pdf\">20 de Diciembre de 2016<\/a><\/td>\n<td style=\"width: 155px; height: 33px; background-color: #e1e1e1; text-align: left;\" valign=\"middle\" bgcolor=\"#E1E1E1\" width=\"600\"><strong>Acuerdo sobre la declaratoria de la integraci\u00f3n de la Diputaci\u00f3n Permanente del Primer Per\u00edodo del Tercer A\u00f1o de Ejercicio Constitucional de la Sexag\u00e9sima Legislatura. <\/strong><\/td>\n<\/tr>\n<tr>\n<td style=\"width: 155px; height: 33px; text-align: center; background-color: #faf7f7;\" valign=\"middle\" bgcolor=\"#E1E1E1\" width=\"155\" height=\"33\"><a href=\"http:\/\/congresocoahuila.gob.mx\/portal\/wp-content\/uploads\/2015\/01\/Acuerdo_062_20161220.pdf\">20 de Diciembre de 2016<\/a><\/td>\n<td class=\"Estilo15\" style=\"width: 600px; background-color: #faf7f7; text-align: left;\" valign=\"middle\" bgcolor=\"#E1E1E1\" width=\"600\"><strong>Acuerdo sobre la declaratoria de la clausura del Segundo Per\u00edodo Ordinario de Sesiones del Segundo A\u00f1o de Ejercicio Constitucional de la Sexag\u00e9sima Legislatura y de la formal instalaci\u00f3n de la Diputaci\u00f3n Permanente del Primer Per\u00edodo del Tercer a\u00f1o de Ejercicio Constitucional de la Sexag\u00e9sima Legislatura, as\u00ed como para autorizar a este \u00f3rgano legislativo que tramite y resuelva los asuntos pendientes y los que se presenten durante su funcionamiento, con excepci\u00f3n de los que requieran estrictamente la intervenci\u00f3n directa del Congreso y de los correspondientes a iniciativas para la expedici\u00f3n o reforma de leyes.\u00a0 <\/strong><\/td>\n<\/tr>\n<tr>\n<td style=\"width: 155px; height: 33px; background-color: #e1e1e1; text-align: center;\" valign=\"middle\" bgcolor=\"#E1E1E1\" width=\"155\" height=\"33\"><a href=\"http:\/\/congresocoahuila.gob.mx\/portal\/wp-content\/uploads\/2015\/01\/Acuerdo_063_20170111.pdf\">11 de Enero de 2017<\/a><\/td>\n<td class=\"Estilo15\" style=\"width: 600px; background-color: #e1e1e1; text-align: left;\" valign=\"middle\" bgcolor=\"#E1E1E1\" width=\"600\"><strong>Acuerdo para designaci\u00f3n del Presidente y Vicepresidente, as\u00ed como de sus respectivos Suplentes, de la Diputaci\u00f3n Permanente del Primer Per\u00edodo del Tercer A\u00f1o de Ejercicio Constitucional de la Sexag\u00e9sima Legislatura.<\/strong><\/td>\n<\/tr>\n<tr>\n<td style=\"width: 155px; height: 33px; text-align: center; background-color: #faf7f7;\" valign=\"middle\" bgcolor=\"#E1E1E1\" width=\"155\" height=\"33\"><a href=\"https:\/\/congresocoahuila.gob.mx\/transparencia\/03\/Acuerdos-2018-2020\/Acuerdo_064_20170111.pdf\">11 de Enero de 2017<\/a><\/td>\n<td class=\"Estilo15\" style=\"width: 600px; background-color: #faf7f7; text-align: left;\" valign=\"middle\" bgcolor=\"#E1E1E1\" width=\"600\"><strong>Acuerdo de la Junta de Gobierno para actualizar la integraci\u00f3n de Comisiones y Comit\u00e9s de la Sexag\u00e9sima Legislatura.<\/strong><\/td>\n<\/tr>\n<tr>\n<td style=\"width: 155px; height: 33px; background-color: #e1e1e1; text-align: center;\" valign=\"middle\" bgcolor=\"#E1E1E1\" width=\"155\" height=\"33\"><a href=\"http:\/\/congresocoahuila.gob.mx\/portal\/wp-content\/uploads\/2015\/01\/Acuerdo_083_20170111.pdf\">11 de Enero de 2017<\/a><\/td>\n<td style=\"width: 155px; height: 33px; background-color: #e1e1e1; text-align: left;\" valign=\"middle\" bgcolor=\"#E1E1E1\" width=\"600\"><strong>Toma de protesta e incorporaci\u00f3n de Diputadas y Diputados suplentes.<\/strong><\/td>\n<\/tr>\n<tr>\n<td style=\"width: 155px; height: 33px; background-color: #faf7f7; text-align: center;\" valign=\"middle\" bgcolor=\"#E1E1E1\" width=\"155\" height=\"33\"><a href=\"http:\/\/congresocoahuila.gob.mx\/portal\/wp-content\/uploads\/2015\/01\/Acuerdo_065_20170117.pdf\">17 de Enero de 2017<\/a><\/td>\n<td style=\"width: 155px; height: 33px; background-color: #faf7f7; text-align: left;\" valign=\"middle\" bgcolor=\"#E1E1E1\" width=\"600\"><strong>Acuerdo para convocar a las Diputadas y los Diputados del Congreso del Estado de Coahuila de Zaragoza, a la celebraci\u00f3n del Primer Per\u00edodo Extraordinario de Sesiones, del Tercer A\u00f1o de Ejercicio Constitucional de la Sexag\u00e9sima Legislatura.<\/strong><\/td>\n<\/tr>\n<tr>\n<td style=\"width: 155px; height: 33px; background-color: #e1e1e1; text-align: center;\" valign=\"middle\" bgcolor=\"#E1E1E1\" width=\"155\" height=\"33\"><a href=\"http:\/\/congresocoahuila.gob.mx\/portal\/wp-content\/uploads\/2015\/01\/Acuerdo_066_20170119.pdf\">19 de Enero de 2017<\/a><\/td>\n<td style=\"width: 155px; height: 33px; background-color: #e1e1e1; text-align: left;\" valign=\"middle\" bgcolor=\"#E1E1E1\" width=\"600\"><strong>Acuerdo para incorporar como Secretarios de la Mesa Directiva que estar\u00e1 en funciones durante el Tercer A\u00f1o de Ejercicio Constitucional de la Sexag\u00e9sima Legislatura, a la Diputada Olga Leticia Lara Rodr\u00edguez y al Diputado Leonardo Jim\u00e9nez\u00a0 Camacho.<\/strong><\/td>\n<\/tr>\n<tr>\n<td style=\"width: 155px; height: 33px; background-color: #faf7f7; text-align: center;\" valign=\"middle\" bgcolor=\"#E1E1E1\" width=\"155\" height=\"33\"><a href=\"http:\/\/congresocoahuila.gob.mx\/portal\/wp-content\/uploads\/2015\/01\/Acuerdo_067_20170119.pdf\">19 de Enero de 2017<\/a><\/td>\n<td style=\"width: 155px; height: 33px; background-color: #faf7f7; text-align: left;\" valign=\"middle\" bgcolor=\"#E1E1E1\" width=\"600\"><strong>Acuerdo para incorporar como asunto a tratar en el Primer Per\u00edodo Extraordinario de Sesiones<\/strong><strong> del Tercer A\u00f1o de Ejercicio Constitucional de la Sexag\u00e9sima Legislatura, una Proposici\u00f3n con Punto de Acuerdo presentada por los integrantes de la Sexag\u00e9sima Legislatura, mediante el cual \u201cSe exhorta a la Secretar\u00eda de Educaci\u00f3n del Estado de Coahuila, para reforzar las acciones implementadas en los planteles educativos del Estado en materia de seguridad\u201d.<\/strong><\/td>\n<\/tr>\n<tr>\n<td style=\"width: 155px; height: 33px; background-color: #e1e1e1; text-align: center;\" valign=\"middle\" bgcolor=\"#E1E1E1\" width=\"155\" height=\"33\"><a href=\"http:\/\/congresocoahuila.gob.mx\/portal\/wp-content\/uploads\/2015\/01\/Acuerdo_068_20170201.pdf\">1 de Febrero de 2017<\/a><\/td>\n<td style=\"width: 155px; height: 33px; background-color: #e1e1e1; text-align: left;\" valign=\"middle\" bgcolor=\"#E1E1E1\" width=\"600\"><strong>Acuerdo para incorporar como asuntos a tratar en el Primer Per\u00edodo Extraordinario de Sesiones<\/strong><strong> del Tercer A\u00f1o de Ejercicio Constitucional de la Sexag\u00e9sima Legislatura, diversos Dict\u00e1menes formulados por las Comisiones de Gobernaci\u00f3n, Puntos Constitucionales y Justicia; de Hacienda; de Desarrollo Econ\u00f3mico, Competitividad y Turismo; de Educaci\u00f3n, Cultura y Actividades C\u00edvicas; y Unidas de Finanzas y de Hacienda.<\/strong><\/td>\n<\/tr>\n<tr>\n<td style=\"width: 155px; height: 33px; background-color: #faf7f7; text-align: center;\" valign=\"middle\" bgcolor=\"#E1E1E1\" width=\"155\" height=\"33\"><a href=\"http:\/\/congresocoahuila.gob.mx\/portal\/wp-content\/uploads\/2015\/01\/Acuerdo_069_20170201.pdf\">1 de Febrero de 2017<\/a><\/td>\n<td style=\"width: 155px; height: 33px; background-color: #faf7f7; text-align: left;\" valign=\"middle\" bgcolor=\"#E1E1E1\" width=\"600\"><strong>Acuerdo sobre la celebraci\u00f3n de una Sesi\u00f3n Solemne, para conmemorar el Centenario de la Constituci\u00f3n Pol\u00edtica de los Estados Unidos Mexicanos y para inscribir en el Muro de Honor del Sal\u00f3n de Sesiones del Congreso del Estado, la frase \u201cA los Constituyentes de 1917\u201d; as\u00ed como para inscribir la frase \u201cA la Constituci\u00f3n de 1917\u201d, en el Recinto del Poder Legislativo del Estado.<\/strong><\/td>\n<\/tr>\n<tr>\n<td style=\"width: 155px; height: 33px; background-color: #e1e1e1; text-align: center;\" valign=\"middle\" bgcolor=\"#E1E1E1\" width=\"155\" height=\"33\"><a href=\"http:\/\/congresocoahuila.gob.mx\/portal\/wp-content\/uploads\/2015\/01\/Acuerdo_070_20170201.pdf\">1 de Febrero de 2017<\/a><\/td>\n<td style=\"width: 155px; height: 33px; background-color: #e1e1e1; text-align: left;\" valign=\"middle\" bgcolor=\"#E1E1E1\" width=\"600\"><strong>Acuerdo sobre\u00a0 la integraci\u00f3n de la Diputaci\u00f3n Permanente del Primer Per\u00edodo del Tercer A\u00f1o de Ejercicio Constitucional de la Sexag\u00e9sima Legislatura.<\/strong><\/td>\n<\/tr>\n<tr>\n<td style=\"width: 155px; height: 33px; background-color: #faf7f7; text-align: center;\" valign=\"middle\" bgcolor=\"#E1E1E1\" width=\"155\" height=\"33\"><a href=\"http:\/\/congresocoahuila.gob.mx\/portal\/wp-content\/uploads\/2015\/01\/Acuerdo_071_20170215.pdf\">15 de Febrero de 2017<\/a><\/td>\n<td style=\"width: 155px; height: 33px; background-color: #faf7f7; text-align: left;\" valign=\"middle\" bgcolor=\"#E1E1E1\" width=\"600\"><strong>Acuerdo sobre la creaci\u00f3n de una Comisi\u00f3n Especial Encargada del Proceso de Armonizaci\u00f3n Legislativa Local, sobre el Sistema Estatal Anticorrupci\u00f3n. <\/strong><\/td>\n<\/tr>\n<tr>\n<td style=\"width: 155px; height: 33px; background-color: #e1e1e1; text-align: center;\" valign=\"middle\" bgcolor=\"#E1E1E1\" width=\"155\" height=\"33\"><a href=\"http:\/\/congresocoahuila.gob.mx\/portal\/wp-content\/uploads\/2015\/01\/Acuerdo_072_20170215.pdf\">15 de Febrero de 2017<\/a><\/td>\n<td style=\"width: 155px; height: 33px; background-color: #e1e1e1; text-align: left;\" valign=\"middle\" bgcolor=\"#E1E1E1\" width=\"600\"><strong>Acuerdo sobre la creaci\u00f3n de una Comisi\u00f3n Especial para el Blindaje del Proceso Electoral 2017.<\/strong><\/td>\n<\/tr>\n<tr>\n<td style=\"width: 155px; height: 33px; background-color: #faf7f7; text-align: center;\" valign=\"middle\" bgcolor=\"#E1E1E1\" width=\"155\" height=\"33\"><a href=\"http:\/\/congresocoahuila.gob.mx\/portal\/wp-content\/uploads\/2015\/01\/Acuerdo_073_20170219.pdf\">19 de Febrero de 2017<\/a><\/td>\n<td style=\"width: 155px; height: 33px; background-color: #faf7f7; text-align: left;\" valign=\"middle\" bgcolor=\"#E1E1E1\" width=\"600\"><strong>Acuerdo para incorporar como asunto a tratar en el Primer Per\u00edodo Extraordinario de Sesiones<\/strong><strong> del Tercer A\u00f1o de Ejercicio Constitucional de la Sexag\u00e9sima Legislatura, un Dictamen formulado por Comisiones Unidas de Gobernaci\u00f3n, Puntos Constitucionales y Justicia y de Energ\u00eda, Miner\u00eda e Hidrocarburos, sobre la creaci\u00f3n de un Organismo P\u00fablico Descentralizado Denominado \u201cImpulsora Minera del Estado de Coahuila de Zaragoza\u201d. <\/strong><\/td>\n<\/tr>\n<tr>\n<td style=\"width: 155px; height: 33px; background-color: #e1e1e1; text-align: center;\" valign=\"middle\" bgcolor=\"#E1E1E1\" width=\"155\" height=\"33\"><a href=\"http:\/\/congresocoahuila.gob.mx\/portal\/wp-content\/uploads\/2015\/01\/Acuerdo_074_20170219.pdf\">19 de Febrero de 2017<\/a><\/td>\n<td class=\"Estilo15\" style=\"width: 600px; background-color: #e1e1e1; text-align: left;\" valign=\"middle\" bgcolor=\"#E1E1E1\" width=\"600\"><strong>Conmemoraci\u00f3n del \u201cD\u00eda del Ej\u00e9rcito\u201d y homenaje a Don Venustiano Carranza.<\/strong><\/td>\n<\/tr>\n<tr>\n<td style=\"width: 155px; height: 33px; background-color: #faf7f7; text-align: center;\" valign=\"middle\" bgcolor=\"#E1E1E1\" width=\"155\" height=\"33\"><a href=\"http:\/\/congresocoahuila.gob.mx\/portal\/wp-content\/uploads\/2015\/01\/Acuerdo_075_20170301.pdf\">01 de Marzo de 2017<\/a><\/td>\n<td style=\"width: 155px; height: 33px; background-color: #faf7f7; text-align: left;\" valign=\"middle\" bgcolor=\"#E1E1E1\" width=\"600\"><strong>Apertura del Primer Per\u00edodo Ordinario de Sesiones, del Tercer A\u00f1o de Ejercicio Constitucional.<\/strong><\/td>\n<\/tr>\n<tr>\n<td style=\"width: 155px; height: 33px; background-color: #e1e1e1; text-align: center;\" valign=\"middle\" bgcolor=\"#E1E1E1\" width=\"155\" height=\"33\"><a href=\"http:\/\/congresocoahuila.gob.mx\/portal\/wp-content\/uploads\/2015\/01\/Acuerdo_076_20170301.pdf\">01 de Marzo de 2017<\/a><\/td>\n<td class=\"Estilo15\" style=\"width: 600px; background-color: #e1e1e1; text-align: left;\" valign=\"middle\" bgcolor=\"#E1E1E1\" width=\"600\"><strong>Designaci\u00f3n de Diputadas Sustitutas en la Comisi\u00f3n Interinstitucional sobre Derechos de los Pueblos Ind\u00edgenas.<\/strong><\/td>\n<\/tr>\n<tr>\n<td style=\"width: 155px; height: 33px; background-color: #faf7f7; text-align: center;\" valign=\"middle\" bgcolor=\"#E1E1E1\" width=\"155\" height=\"33\"><a href=\"http:\/\/congresocoahuila.gob.mx\/portal\/wp-content\/uploads\/2015\/01\/Acuerdo_077_20170301.pdf\">01 de Marzo de 2017<\/a><\/td>\n<td style=\"width: 155px; height: 33px; background-color: #faf7f7; text-align: left;\" valign=\"middle\" bgcolor=\"#E1E1E1\" width=\"600\"><strong>Designaci\u00f3n de Diputados Suplentes.<\/strong><\/td>\n<\/tr>\n<tr>\n<td style=\"width: 155px; height: 33px; background-color: #e1e1e1; text-align: center;\" valign=\"middle\" bgcolor=\"#E1E1E1\" width=\"155\" height=\"33\"><a href=\"http:\/\/congresocoahuila.gob.mx\/portal\/wp-content\/uploads\/2015\/01\/Acuerdo_078_20170410.pdf\">10 de Abril de 2017<\/a><\/td>\n<td class=\"Estilo15\" style=\"width: 600px; background-color: #e1e1e1; text-align: left;\" valign=\"middle\" bgcolor=\"#E1E1E1\" width=\"600\"><strong>Cuentas p\u00fablicas de 127 entidades, correspondientes al ejercicio fiscal del a\u00f1o 2015.<\/strong><\/td>\n<\/tr>\n<tr>\n<td style=\"width: 155px; height: 33px; background-color: #faf7f7; text-align: center;\" valign=\"middle\" bgcolor=\"#E1E1E1\" width=\"155\" height=\"33\"><a href=\"http:\/\/congresocoahuila.gob.mx\/portal\/wp-content\/uploads\/2015\/01\/Acuerdo_079_20170718.pdf\">18 de Julio de 2017<\/a><\/td>\n<td style=\"width: 155px; height: 33px; background-color: #faf7f7; text-align: left;\" valign=\"middle\" bgcolor=\"#E1E1E1\" width=\"600\"><strong>Se autoriza a la Junta de Gobierno y a la Presidencia de la Diputaci\u00f3n Permanente del Segundo Periodo del Tercer A\u00f1o de Ejercicio de la LX Legislatura, para que acuerden lo que considere procedente sobre la programaci\u00f3n de fechas en que se celebrar\u00e1n las sesiones de dicho \u00f3rgano legislativo.<\/strong><\/td>\n<\/tr>\n<tr>\n<td style=\"width: 155px; height: 33px; background-color: #e1e1e1; text-align: center;\" valign=\"middle\" bgcolor=\"#E1E1E1\" width=\"155\" height=\"33\"><a href=\"https:\/\/congresocoahuila.gob.mx\/transparencia\/03\/Acuerdos-2018-2020\/Acuerdo_080_20170922.pdf\">22 de Septiembre de 2017<\/a><\/td>\n<td class=\"Estilo15\" style=\"width: 600px; background-color: #e1e1e1; text-align: left;\" valign=\"middle\" bgcolor=\"#E1E1E1\" width=\"600\"><strong>Se declaran legal y formalmente integradas las Comisiones Dictaminadores Permanentes y Especiales, as\u00ed como Comit\u00e9s de la Sexag\u00e9sima Legislatura del Congreso.<\/strong><\/td>\n<\/tr>\n<tr>\n<td style=\"width: 155px; height: 33px; background-color: #faf7f7; text-align: center;\" valign=\"middle\" bgcolor=\"#E1E1E1\" width=\"155\" height=\"33\"><a href=\"http:\/\/congresocoahuila.gob.mx\/portal\/wp-content\/uploads\/2015\/01\/Acuerdo_081_20171003.pdf\">03 de Octubre de 2017<\/a><\/td>\n<td style=\"width: 155px; height: 33px; background-color: #faf7f7; text-align: left;\" valign=\"middle\" bgcolor=\"#E1E1E1\" width=\"600\"><strong>Se aprueba que el Diputado Melchor S\u00e1nchez de la Fuente, se incorpore como integrante de la Comisi\u00f3n de Transparencia t Acceso a la Informaci\u00f3n de la LX Legislatura del Congreso del Estado.<\/strong><\/td>\n<\/tr>\n<tr>\n<td style=\"width: 155px; height: 33px; background-color: #e1e1e1; text-align: center;\" valign=\"middle\" bgcolor=\"#E1E1E1\" width=\"155\" height=\"33\"><a href=\"http:\/\/congresocoahuila.gob.mx\/portal\/wp-content\/uploads\/2015\/01\/Acuerdo_082_20171003.pdf\">03 de Octubre de 2017<\/a><\/td>\n<td class=\"Estilo15\" style=\"width: 600px; background-color: #e1e1e1; text-align: left;\" valign=\"middle\" bgcolor=\"#E1E1E1\" width=\"600\"><strong>Designaci\u00f3n de dos Magistrados Numerarios del Tribunal de Conciliaci\u00f3n y Arbitraje del Poder Judicial del Estado.<\/strong><\/td>\n<\/tr>\n<\/tbody>\n<\/table>\n<p><\/p>\n","protected":false},"excerpt":{"rendered":"<p>\u00a0\u00a0 \u00a0 \u00a0 \u00a0 \u00a0 \u00a0 \u00a0Fecha \u00a0\u00a0\u00a0\u00a0\u00a0\u00a0\u00a0\u00a0\u00a0\u00a0\u00a0\u00a0\u00a0\u00a0\u00a0\u00a0\u00a0\u00a0\u00a0\u00a0 \u00a0 \u00a0 \u00a0 \u00a0 \u00a0 \u00a0 \u00a0 \u00a0 \u00a0 \u00a0 \u00a0 \u00a0 \u00a0 \u00a0 \u00a0 \u00a0 \u00a0 \u00a0 \u00a0 \u00a0 \u00a0 \u00a0 \u00a0 \u00a0 \u00a0 \u00a0 \u00a0 \u00a0 \u00a0\u00a0 Acuerdo\u00a0\u00a0\u00a0\u00a0\u00a0\u00a0\u00a0\u00a0\u00a0\u00a0\u00a0\u00a0\u00a0\u00a0\u00a0\u00a0\u00a0\u00a0\u00a0\u00a0\u00a0\u00a0\u00a0\u00a0\u00a0\u00a0\u00a0\u00a0\u00a0\u00a0\u00a0\u00a0\u00a0\u00a0\u00a0\u00a0\u00a0\u00a0\u00a0\u00a0\u00a0\u00a0\u00a0\u00a0\u00a0\u00a0 6 de Enero de 2015 Declaratoria legal y formalmente constituidos los Grupos Parlamentarios y Fracciones Parlamentarias. 6 [&hellip;]<\/p>\n","protected":false},"author":3,"featured_media":0,"parent":0,"menu_order":0,"comment_status":"closed","ping_status":"closed","template":"","meta":{"footnotes":""},"categories":[],"tags":[],"class_list":["post-12382","page","type-page","status-publish","hentry"],"_links":{"self":[{"href":"https:\/\/www.congresocoahuila.gob.mx\/portal\/wp-json\/wp\/v2\/pages\/12382","targetHints":{"allow":["GET"]}}],"collection":[{"href":"https:\/\/www.congresocoahuila.gob.mx\/portal\/wp-json\/wp\/v2\/pages"}],"about":[{"href":"https:\/\/www.congresocoahuila.gob.mx\/portal\/wp-json\/wp\/v2\/types\/page"}],"author":[{"embeddable":true,"href":"https:\/\/www.congresocoahuila.gob.mx\/portal\/wp-json\/wp\/v2\/users\/3"}],"replies":[{"embeddable":true,"href":"https:\/\/www.congresocoahuila.gob.mx\/portal\/wp-json\/wp\/v2\/comments?post=12382"}],"version-history":[{"count":41,"href":"https:\/\/www.congresocoahuila.gob.mx\/portal\/wp-json\/wp\/v2\/pages\/12382\/revisions"}],"predecessor-version":[{"id":39139,"href":"https:\/\/www.congresocoahuila.gob.mx\/portal\/wp-json\/wp\/v2\/pages\/12382\/revisions\/39139"}],"wp:attachment":[{"href":"https:\/\/www.congresocoahuila.gob.mx\/portal\/wp-json\/wp\/v2\/media?parent=12382"}],"wp:term":[{"taxonomy":"category","embeddable":true,"href":"https:\/\/www.congresocoahuila.gob.mx\/portal\/wp-json\/wp\/v2\/categories?post=12382"},{"taxonomy":"post_tag","embeddable":true,"href":"https:\/\/www.congresocoahuila.gob.mx\/portal\/wp-json\/wp\/v2\/tags?post=12382"}],"curies":[{"name":"wp","href":"https:\/\/api.w.org\/{rel}","templated":true}]}}