{"id":20209,"date":"2016-05-12T10:21:07","date_gmt":"2016-05-12T15:21:07","guid":{"rendered":"http:\/\/congresocoahuila.gob.mx\/portal\/?page_id=20209"},"modified":"2021-10-01T14:58:04","modified_gmt":"2021-10-01T19:58:04","slug":"iniciativas-2015","status":"publish","type":"page","link":"https:\/\/www.congresocoahuila.gob.mx\/portal\/iniciativas-2015\/","title":{"rendered":"INICIATIVAS-2015"},"content":{"rendered":"<p>INICIATIVAS DE LEY Y\/O REFORMAS DE LEY 2015<\/p>\n<table id=\"table1\" style=\"height: 28429px;\" border=\"0\" width=\"949\" cellspacing=\"2\" cellpadding=\"0\" align=\"left\">\n<tbody>\n<tr>\n<td class=\"Estilo101\" style=\"text-align: center;\" align=\"center\" bgcolor=\"#cccccc\" width=\"286\" height=\"27\"><span class=\"Estilo15\"><strong>Presentada por:<\/strong><\/span><\/td>\n<td class=\"Estilo101\" align=\"center\" bgcolor=\"#cccccc\" width=\"343\"><span class=\"Estilo15\"><strong>Iniciativa de Ley o reforma de Ley<\/strong><\/span><\/td>\n<td class=\"Estilo101\" align=\"center\" bgcolor=\"#cccccc\" width=\"107\"><span class=\"Estilo15\"><strong>Fecha<\/strong><\/span><\/td>\n<\/tr>\n<tr>\n<td class=\"Estilo91\" style=\"text-align: left;\" valign=\"top\">Ejecutivo del Estado, Lic. Rub\u00e9n Ignacio Moreira Valdez.<\/td>\n<td class=\"Estilo91\" style=\"text-align: left;\" valign=\"middle\">Reforma a la\u00a0Ley Estatal de Salud.<\/td>\n<td class=\"Estilo91\" align=\"center\"><a href=\"http:\/\/congresocoahuila.gob.mx\/portal\/wp-content\/uploads\/2014\/11\/20150120_001_Ejec.doc\">20 de Enero de 2015<\/a><\/td>\n<\/tr>\n<tr>\n<td class=\"Estilo91\" style=\"text-align: left;\" valign=\"top\" bgcolor=\"#e1e1e1\">Ejecutivo del Estado, Lic. Rub\u00e9n Ignacio Moreira Valdez.<\/td>\n<td class=\"Estilo91\" style=\"text-align: left;\" valign=\"middle\" bgcolor=\"#e1e1e1\">Reforma a la\u00a0Ley del Sistema de Seguridad P\u00fablica del Estado de Coahuila de Zaragoza y al\u00a0C\u00f3digo Penal del Estado de Coahuila de Zaragoza.<\/td>\n<td class=\"Estilo91\" align=\"center\" bgcolor=\"#e1e1e1\"><a href=\"http:\/\/congresocoahuila.gob.mx\/portal\/wp-content\/uploads\/2014\/11\/20150120_002_Ejec.doc\">20 de Enero de 2015<\/a><\/td>\n<\/tr>\n<tr>\n<td class=\"Estilo91\" style=\"text-align: left;\" valign=\"top\">Ejecutivo del Estado, Lic. Rub\u00e9n Ignacio Moreira Valdez.<\/td>\n<td class=\"Estilo91\" style=\"text-align: left;\" valign=\"middle\">Se crea la Ley para la Familia de Coahuila de Zaragoza, el C\u00f3digo de Procedimientos Familiares para el Estado de Coahuila de Zaragoza y se reforman diversas disposiciones del C\u00f3digo Civil para el Estado de Coahuila de Zaragoza y del C\u00f3digo Procesal Civil para el Estado de Coahuila de Zaragoza.<\/td>\n<td class=\"Estilo91\" align=\"center\"><a href=\"http:\/\/congresocoahuila.gob.mx\/portal\/wp-content\/uploads\/2014\/11\/20150128_003_Ejec.doc\">28 de Enero de 2015<\/a><\/td>\n<\/tr>\n<tr>\n<td class=\"Estilo91\" style=\"text-align: left;\" valign=\"top\" bgcolor=\"#e1e1e1\">Ejecutivo del Estado, Lic. Rub\u00e9n Ignacio Moreira Valdez.<\/td>\n<td class=\"Estilo91\" style=\"text-align: left;\" valign=\"middle\" bgcolor=\"#e1e1e1\">Se\u00a0crea la Ley para Regular la Apertura, Instalaci\u00f3n y Funcionamiento de las Casas de Empe\u00f1o en el Estado de Coahuila de Zaragoza.<\/td>\n<td class=\"Estilo91\" align=\"center\" bgcolor=\"#e1e1e1\">\n<div align=\"center\"><a href=\"http:\/\/congresocoahuila.gob.mx\/portal\/wp-content\/uploads\/2014\/11\/20150128_004_Ejec.doc\">28 de Enero de 2015<\/a><\/div>\n<\/td>\n<\/tr>\n<tr>\n<td class=\"Estilo91\" style=\"text-align: left;\" valign=\"top\">Ejecutivo del Estado, Lic. Rub\u00e9n Ignacio Moreira Valdez.<\/td>\n<td class=\"Estilo91\" style=\"text-align: left;\" valign=\"middle\">Reforma a la\u00a0Ley Org\u00e1nica de la Administraci\u00f3n P\u00fablica del Estado de Coahuila de Zaragoza.<\/td>\n<td class=\"Estilo91\" align=\"center\">\n<div align=\"center\"><a href=\"http:\/\/congresocoahuila.gob.mx\/portal\/wp-content\/uploads\/2014\/11\/20150128_005_Ejec.doc\">28 de Enero de 2015<\/a><\/div>\n<\/td>\n<\/tr>\n<tr>\n<td class=\"Estilo91\" style=\"text-align: left;\" valign=\"top\" bgcolor=\"#e1e1e1\">Ejecutivo del Estado, Lic. Rub\u00e9n Ignacio Moreira Valdez.<\/td>\n<td class=\"Estilo91\" style=\"text-align: left;\" valign=\"middle\" bgcolor=\"#e1e1e1\">Se crea el C\u00f3digo de Justicia Administrativa para el Estado de Coahuila de Zaragoza.<\/td>\n<td class=\"Estilo91\" align=\"center\" bgcolor=\"#e1e1e1\">\n<div align=\"center\"><a href=\"http:\/\/congresocoahuila.gob.mx\/portal\/wp-content\/uploads\/2014\/11\/20150128_006_Ejec.doc\">28 de Enero de 2015<\/a><\/div>\n<\/td>\n<\/tr>\n<tr>\n<td class=\"Estilo91\" style=\"text-align: left;\" valign=\"top\">Ejecutivo del Estado, Lic. Rub\u00e9n Ignacio Moreira Valdez.<\/td>\n<td class=\"Estilo91\" style=\"text-align: left;\" valign=\"middle\">Se\u00a0crea la Ley de Responsabilidad Patrimonial del Estado de Coahuila de Zaragoza y sus Municipios.<\/td>\n<td class=\"Estilo91\" align=\"center\">\n<div align=\"center\"><a href=\"http:\/\/congresocoahuila.gob.mx\/portal\/wp-content\/uploads\/2014\/11\/20150128_007_Ejec.doc\">28 de Enero de 2015<\/a><\/div>\n<\/td>\n<\/tr>\n<tr>\n<td class=\"Estilo91\" style=\"text-align: left;\" valign=\"top\" bgcolor=\"#e1e1e1\">Diputado Jos\u00e9 Mar\u00eda Fraustro Siller,\u00a0conjuntamente con las Diputadas y Diputados integrantes del Grupo Parlamentario \u201cGral. Eulalio Guti\u00e9rrez Ortiz\u201d, del Partido Revolucionario Institucional.<\/td>\n<td class=\"Estilo91\" style=\"text-align: left;\" valign=\"middle\" bgcolor=\"#e1e1e1\">Reforma a la Ley de Turismo para el Estado de Coahuila de Zaragoza.<\/td>\n<td class=\"Estilo91\" align=\"center\" bgcolor=\"#e1e1e1\">\n<div align=\"center\"><a href=\"http:\/\/congresocoahuila.gob.mx\/portal\/wp-content\/uploads\/2014\/11\/20150310_001_PRI.doc\">10 de Marzo de 2015<\/a><\/div>\n<\/td>\n<\/tr>\n<tr>\n<td class=\"Estilo91\" style=\"text-align: left;\" valign=\"top\">Diputado Javier de Jes\u00fas Rodr\u00edguez Mendoza, del Grupo Parlamentario \u201cJos\u00e9 Mario Molina Pasquel y Enr\u00edquez\u201d, del Partido Verde Ecologista de M\u00e9xico.<\/td>\n<td class=\"Estilo91\" valign=\"middle\">\n<div align=\"left\">\n<p style=\"text-align: left;\">Reforma a la\u00a0Ley de Protecci\u00f3n y Trato Digno a los Animales para el Estado de Coahuila, al C\u00f3digo Penal del Estado de Coahuila de Zaragoza.<\/p>\n<\/div>\n<\/td>\n<td class=\"Estilo91\" align=\"center\">\n<div align=\"center\"><a href=\"http:\/\/congresocoahuila.gob.mx\/portal\/wp-content\/uploads\/2014\/11\/20150310_002_PVEM.doc\">10 de Marzo de 2015<\/a><\/div>\n<\/td>\n<\/tr>\n<tr>\n<td class=\"Estilo91\" style=\"text-align: left;\" valign=\"top\" bgcolor=\"#e1e1e1\">Diputada Martha Hortensia Garay Cadena,\u00a0conjuntamente con las Diputadas y Diputados integrantes del Grupo Parlamentario \u201cGral. Eulalio Guti\u00e9rrez Ortiz\u201d, del Partido Revolucionario Institucional.<\/td>\n<td class=\"Estilo91\" style=\"text-align: left;\" valign=\"middle\" bgcolor=\"#e1e1e1\">\n<div align=\"left\">\n<p>Reforma al\u00a0C\u00f3digo Civil del Estado de Coahuila de Zaragoza.<\/p>\n<\/div>\n<\/td>\n<td class=\"Estilo91\" align=\"center\" bgcolor=\"#e1e1e1\">\n<div align=\"center\"><a href=\"http:\/\/congresocoahuila.gob.mx\/portal\/wp-content\/uploads\/2014\/11\/20150310_003_PRI.doc\">10 de Marzo de 2015<\/a><\/div>\n<\/td>\n<\/tr>\n<tr>\n<td class=\"Estilo91\" valign=\"top\">\n<p style=\"text-align: left;\">Diputado Jos\u00e9 Mar\u00eda Fraustro Siller,\u00a0conjuntamente con las Diputadas y Diputados integrantes del Grupo Parlamentario \u201cGral. Eulalio Guti\u00e9rrez Ortiz\u201d, del Partido Revolucionario Institucional.<\/p>\n<div style=\"text-align: left;\" align=\"left\"><\/div>\n<\/td>\n<td class=\"Estilo91\" valign=\"middle\">\n<div align=\"left\">\n<p style=\"text-align: left;\">Reforma al\u00a0C\u00f3digo Penal del Estado de Coahuila de Zaragoza.<\/p>\n<\/div>\n<\/td>\n<td class=\"Estilo91\" align=\"center\">\n<div align=\"center\"><a href=\"http:\/\/congresocoahuila.gob.mx\/portal\/wp-content\/uploads\/2014\/11\/20150310_004_PRI.doc\">10 de Marzo de 2015<\/a><\/div>\n<\/td>\n<\/tr>\n<tr>\n<td class=\"Estilo91\" style=\"text-align: left;\" valign=\"top\" bgcolor=\"#e1e1e1\">Diputado Jes\u00fas de Le\u00f3n Tello,\u00a0conjuntamente con las Diputadas y Diputados integrantes del Grupo Parlamentario \u201cAlonso Lujambio Iraz\u00e1bal\u201d, del Partido Acci\u00f3n Nacional.<\/td>\n<td class=\"Estilo91\" valign=\"middle\" bgcolor=\"#e1e1e1\">\n<div align=\"left\">\n<p style=\"text-align: left;\">Reforma a la\u00a0Constituci\u00f3n Pol\u00edtica del Estado de Coahuila de Zaragoza.<\/p>\n<\/div>\n<\/td>\n<td class=\"Estilo91\" align=\"center\" bgcolor=\"#e1e1e1\">\n<div align=\"center\"><a href=\"http:\/\/congresocoahuila.gob.mx\/portal\/wp-content\/uploads\/2014\/11\/20150317_005_PAN.doc\">17 de Marzo de 2015<\/a><\/div>\n<\/td>\n<\/tr>\n<tr>\n<td class=\"Estilo91\" style=\"text-align: left;\" valign=\"top\">Diputada Ver\u00f3nica Mart\u00ednez Garc\u00eda,\u00a0conjuntamente con las Diputadas y Diputados integrantes del Grupo Parlamentario \u201cGral. Eulalio Guti\u00e9rrez Ortiz\u201d, del Partido Revolucionario Institucional.<\/td>\n<td class=\"Estilo91\" valign=\"middle\">\n<div align=\"left\">\n<p style=\"text-align: left;\">Reforma a la\u00a0Ley Org\u00e1nica del Congreso del Estado Independiente, Libre y Soberano de Coahuila de Zaragoza.<\/p>\n<\/div>\n<\/td>\n<td class=\"Estilo91\" align=\"center\">\n<div align=\"center\"><a href=\"http:\/\/congresocoahuila.gob.mx\/portal\/wp-content\/uploads\/2014\/11\/20150317_006_PRI.doc\">17 de Marzo de 2015<\/a><\/div>\n<\/td>\n<\/tr>\n<tr>\n<td class=\"Estilo91\" style=\"text-align: left;\" valign=\"top\" bgcolor=\"#e1e1e1\">Diputada Martha Carolina Morales Iribarren,\u00a0conjuntamente con las Diputadas y Diputados integrantes del Grupo Parlamentario \u201cGral. Eulalio Guti\u00e9rrez Ortiz\u201d, del Partido Revolucionario Institucional.<\/td>\n<td class=\"Estilo91\" style=\"text-align: left;\" valign=\"middle\" bgcolor=\"#e1e1e1\">\n<div align=\"left\">\n<p>Se crea la Ley para la Prevenci\u00f3n, Atenci\u00f3n y Control del Acoso Escolar para el Estado de Coahuila de Zaragoza.<\/p>\n<\/div>\n<\/td>\n<td class=\"Estilo91\" align=\"center\" bgcolor=\"#e1e1e1\">\n<div align=\"center\"><a href=\"http:\/\/congresocoahuila.gob.mx\/portal\/wp-content\/uploads\/2014\/11\/20150317_007_PRI.doc\">17 de Marzo de 2015<\/a><\/div>\n<\/td>\n<\/tr>\n<tr>\n<td class=\"Estilo91\" style=\"text-align: left;\" valign=\"top\">Diputada Sonia Villarreal P\u00e9rez, del Grupo Parlamentario \u00abGral. Eulalio Guti\u00e9rrez Ortiz\u00bb, del Partido Revolucionario Institucional.<\/td>\n<td class=\"Estilo91\" valign=\"middle\">\n<div align=\"left\">\n<p style=\"text-align: left;\">Reforma a la\u00a0Ley Org\u00e1nica del Congreso del Estado Independiente, Libre y Soberano de Coahuila de Zaragoza y a la Ley de Rendici\u00f3n de Cuentas y Fiscalizaci\u00f3n Superior del Estado de Coahuila de Zaragoza.<\/p>\n<\/div>\n<\/td>\n<td class=\"Estilo91\" align=\"center\">\n<div align=\"center\"><a href=\"http:\/\/congresocoahuila.gob.mx\/portal\/wp-content\/uploads\/2014\/11\/20150317_008_PRI.doc\">17 de Marzo de 2015<\/a><\/div>\n<\/td>\n<\/tr>\n<tr>\n<td class=\"Estilo91\" style=\"text-align: left;\" valign=\"top\" bgcolor=\"#e1e1e1\">Diputado Francisco Tob\u00edas Hern\u00e1ndez,\u00a0conjuntamente con las Diputadas y Diputados integrantes del Grupo Parlamentario \u201cGral. Eulalio Guti\u00e9rrez Ortiz\u201d, del Partido Revolucionario Institucional.<\/td>\n<td class=\"Estilo91\" valign=\"middle\" bgcolor=\"#e1e1e1\">\n<div align=\"left\">\n<p style=\"text-align: left;\">Se inscriba con letras doradas en el Muro de Honor del Sal\u00f3n de Sesiones del Palacio del Congreso del Estado, el nombre de \u201cElena Huerta M\u00fazquiz\u201d, en honor a la ilustre muralista coahuilense.<\/p>\n<\/div>\n<\/td>\n<td class=\"Estilo91\" align=\"center\" bgcolor=\"#e1e1e1\">\n<div align=\"center\"><a href=\"http:\/\/congresocoahuila.gob.mx\/portal\/wp-content\/uploads\/2014\/11\/20150317PRILetras_Doradas.doc\">17 de Marzo de 2015<\/a><\/div>\n<\/td>\n<\/tr>\n<tr>\n<td class=\"Estilo91\" style=\"text-align: left;\" valign=\"top\">Diputada Lilia Isabel Guti\u00e9rrez Burciaga,\u00a0conjuntamente con las Diputadas y Diputados integrantes del Grupo Parlamentario \u201cGral. Eulalio Guti\u00e9rrez Ortiz\u201d, del Partido Revolucionario Institucional.<\/td>\n<td class=\"Estilo91\" valign=\"middle\">\n<div align=\"left\">\n<p style=\"text-align: left;\">Reforma a la\u00a0Ley de Pensiones y otros Beneficios Sociales para los Trabajadores al Servicio del Estado de Coahuila de Zaragoza.<\/p>\n<\/div>\n<\/td>\n<td class=\"Estilo91\" align=\"center\">\n<div align=\"center\"><a href=\"http:\/\/congresocoahuila.gob.mx\/portal\/wp-content\/uploads\/2014\/11\/20150317_009_PRI.doc\">17 de Marzo de 2015<\/a><\/div>\n<\/td>\n<\/tr>\n<tr>\n<td class=\"Estilo91\" style=\"text-align: left;\" valign=\"top\" bgcolor=\"#e1e1e1\">Diputada Lariza Montiel Luis,\u00a0conjuntamente con las Diputadas y Diputados integrantes del Grupo Parlamentario \u201cAlonso Lujambio Iraz\u00e1bal\u201d, del Partido Acci\u00f3n Nacional.<\/td>\n<td class=\"Estilo91\" valign=\"middle\" bgcolor=\"#e1e1e1\">\n<div align=\"left\">\n<p style=\"text-align: left;\">Reforma a la\u00a0Ley Rendici\u00f3n de Cuentas y Fiscalizaci\u00f3n Superior del Estado de Coahuila.<\/p>\n<\/div>\n<\/td>\n<td class=\"Estilo91\" align=\"center\" bgcolor=\"#e1e1e1\">\n<div align=\"center\"><a href=\"http:\/\/congresocoahuila.gob.mx\/portal\/wp-content\/uploads\/2014\/11\/20150317_010_PAN.doc\">17 de Marzo de 2015<\/a><\/div>\n<\/td>\n<\/tr>\n<tr>\n<td class=\"Estilo91\" style=\"text-align: left;\" valign=\"top\">Diputada Claudia Elisa Morales Salazar, de la Fracci\u00f3n Parlamentaria, \u201cLic. Gilberto Rinc\u00f3n Gallardo\u201d\u00a0 del Partido Socialdem\u00f3crata de Coahuila.<\/td>\n<td class=\"Estilo91\" valign=\"middle\">\n<div align=\"left\">\n<p style=\"text-align: left;\">Reforma a la<strong>\u00a0<\/strong>Ley para el Desarrollo e Inclusi\u00f3n de las Personas con Discapacidad del Estado de Coahuila de Zaragoza.<\/p>\n<\/div>\n<\/td>\n<td class=\"Estilo91\" align=\"center\">\n<div align=\"center\"><a href=\"http:\/\/congresocoahuila.gob.mx\/portal\/wp-content\/uploads\/2014\/11\/20150317_011_PSD.doc\">17 de Marzo de 2015<\/a><\/div>\n<\/td>\n<\/tr>\n<tr>\n<td class=\"Estilo91\" style=\"text-align: left;\" valign=\"top\" bgcolor=\"#e1e1e1\">Diputada Lariza Montiel Luis,\u00a0conjuntamente con las Diputadas y Diputados integrantes del Grupo Parlamentario \u201cAlonso Lujambio Iraz\u00e1bal\u201d, del Partido Acci\u00f3n Nacional.<\/td>\n<td class=\"Estilo91\" valign=\"middle\" bgcolor=\"#e1e1e1\">\n<div align=\"left\">\n<p style=\"text-align: left;\">Se declare el mes de marzo de cada a\u00f1o como el \u201cMes para la Preservaci\u00f3n y el Cuidado del Agua en Coahuila\u201d.<\/p>\n<\/div>\n<\/td>\n<td class=\"Estilo91\" align=\"center\" bgcolor=\"#e1e1e1\">\n<div align=\"center\"><a href=\"http:\/\/congresocoahuila.gob.mx\/portal\/wp-content\/uploads\/2014\/11\/20150318_1002_PAN_Mes_Cuidado_del_Agua.doc\">18 de Marzo de 2015<\/a><\/div>\n<\/td>\n<\/tr>\n<tr>\n<td class=\"Estilo91\" style=\"text-align: left;\" valign=\"top\">Diputada Ver\u00f3nica Mart\u00ednez Garc\u00eda,\u00a0conjuntamente con las Diputadas y Diputados integrantes del Grupo Parlamentario \u201cGral. Eulalio Guti\u00e9rrez Ortiz\u201d, del Partido Revolucionario Institucional.<\/td>\n<td class=\"Estilo91\" valign=\"middle\">\n<div align=\"left\">\n<p style=\"text-align: left;\">Reforma a la\u00a0Ley de Protecci\u00f3n a la Maternidad en el Estado de Coahuila.<\/p>\n<\/div>\n<\/td>\n<td class=\"Estilo91\" align=\"center\">\n<div align=\"center\"><a href=\"http:\/\/congresocoahuila.gob.mx\/portal\/wp-content\/uploads\/2014\/11\/20150324_012_PRI.doc\">24 de Marzo de 2015<\/a><\/div>\n<\/td>\n<\/tr>\n<tr>\n<td class=\"Estilo91\" style=\"text-align: left;\" valign=\"top\" bgcolor=\"#e1e1e1\">Diputada Georgina Cano Torralva,\u00a0conjuntamente con las Diputadas y Diputados integrantes del Grupo Parlamentario \u201cGral. Eulalio Guti\u00e9rrez Ortiz\u201d, del Partido Revolucionario Institucional.<\/td>\n<td class=\"Estilo91\" style=\"text-align: left;\" valign=\"middle\" bgcolor=\"#e1e1e1\">\n<div align=\"left\">\n<p>Reforma al\u00a0C\u00f3digo Penal del Estado de Coahuila de Zaragoza.<\/p>\n<\/div>\n<\/td>\n<td class=\"Estilo91\" align=\"center\" bgcolor=\"#e1e1e1\">\n<div align=\"center\"><a href=\"http:\/\/congresocoahuila.gob.mx\/portal\/wp-content\/uploads\/2014\/11\/20150324_013_PRI.doc\">24 de Marzo de 2015<\/a><\/div>\n<\/td>\n<\/tr>\n<tr>\n<td class=\"Estilo91\" style=\"text-align: left;\" valign=\"top\">Diputada Claudia Elisa Morales Salazar, de la Fracci\u00f3n Parlamentaria, \u201cLic. Gilberto Rinc\u00f3n Gallardo\u201d\u00a0 del Partido Socialdem\u00f3crata de Coahuila.<\/td>\n<td class=\"Estilo91\" valign=\"middle\">\n<div align=\"left\">\n<p style=\"text-align: left;\">Reforma a la\u00a0Ley de Acceso de las Mujeres a una Vida Libre de Violencia para el Estado de Coahuila de Zaragoza.<\/p>\n<\/div>\n<\/td>\n<td class=\"Estilo91\" align=\"center\">\n<div align=\"center\"><a href=\"http:\/\/congresocoahuila.gob.mx\/portal\/wp-content\/uploads\/2014\/11\/20150324_014_PSD.doc\">24 de Marzo de 2015<\/a><\/div>\n<\/td>\n<\/tr>\n<tr>\n<td class=\"Estilo91\" style=\"text-align: left;\" valign=\"top\" bgcolor=\"#e1e1e1\">Diputada Claudia Elisa Morales Salazar, de la Fracci\u00f3n Parlamentaria, \u201cLic. Gilberto Rinc\u00f3n Gallardo\u201d\u00a0 del Partido Socialdem\u00f3crata de Coahuila.<\/td>\n<td class=\"Estilo91\" valign=\"middle\" bgcolor=\"#e1e1e1\">\n<div align=\"left\">\n<p style=\"text-align: left;\">Reforma al C\u00f3digo Civil para el Estado de Coahuila de Zaragoza.<\/p>\n<\/div>\n<\/td>\n<td class=\"Estilo91\" align=\"center\" bgcolor=\"#e1e1e1\">\n<div align=\"center\"><a href=\"http:\/\/congresocoahuila.gob.mx\/portal\/wp-content\/uploads\/2014\/11\/20150324_015_PSD.doc\">24 de Marzo de 2015<\/a><\/div>\n<\/td>\n<\/tr>\n<tr>\n<td class=\"Estilo91\" style=\"text-align: left;\" valign=\"top\">Diputada Ver\u00f3nica Mart\u00ednez Garc\u00eda,\u00a0conjuntamente con las Diputadas y Diputados integrantes del Grupo Parlamentario \u201cGral. Eulalio Guti\u00e9rrez Ortiz\u201d, del Partido Revolucionario Institucional.<\/td>\n<td class=\"Estilo91\" valign=\"middle\">\n<div align=\"left\">\n<p>Reforma a la\u00a0Ley de Acceso de las Mujeres a una Vida Libre de Violencia para el Estado de Coahuila de Zaragoza.<\/p>\n<\/div>\n<\/td>\n<td class=\"Estilo91\" align=\"center\">\n<div align=\"center\"><a href=\"http:\/\/congresocoahuila.gob.mx\/portal\/wp-content\/uploads\/2014\/11\/20150330_016_PRI.doc\">30 de Marzo de 2015<\/a><\/div>\n<\/td>\n<\/tr>\n<tr>\n<td class=\"Estilo91\" valign=\"top\" bgcolor=\"#e1e1e1\">\n<p style=\"text-align: left;\">Diputado Javier de Jes\u00fas Rodr\u00edguez Mendoza, del Grupo Parlamentario \u201cJos\u00e9 Mario Molina Pasquel y Enr\u00edquez\u201d, del Partido Verde Ecologista de M\u00e9xico.<\/p>\n<div align=\"left\"><\/div>\n<\/td>\n<td class=\"Estilo91\" valign=\"middle\" bgcolor=\"#e1e1e1\">\n<div align=\"left\">\n<p>Reforma a la Ley Estatal de Salud.<\/p>\n<\/div>\n<\/td>\n<td class=\"Estilo91\" align=\"center\" bgcolor=\"#e1e1e1\">\n<div align=\"center\"><a href=\"http:\/\/congresocoahuila.gob.mx\/portal\/wp-content\/uploads\/2014\/11\/20150330_017_PVEM.doc\">30 de Marzo de 2015<\/a><\/div>\n<\/td>\n<\/tr>\n<tr>\n<td class=\"Estilo91\" style=\"text-align: left;\" valign=\"top\">Diputada Claudia Elisa Morales Salazar, de la Fracci\u00f3n Parlamentaria, \u201cLic. Gilberto Rinc\u00f3n Gallardo\u201d\u00a0 del Partido Socialdem\u00f3crata de Coahuila.<\/td>\n<td class=\"Estilo91\" valign=\"middle\">\n<div align=\"left\">\n<p>Reforma a la\u00a0Ley para Promover la Igualdad y Prevenir la Discriminaci\u00f3n en el Estado de Coahuila de Zaragoza.<\/p>\n<\/div>\n<\/td>\n<td class=\"Estilo91\" align=\"center\">\n<div align=\"center\"><a href=\"http:\/\/congresocoahuila.gob.mx\/portal\/wp-content\/uploads\/2014\/11\/20150410_018_PSD.doc\">10 de Abril de 2015<\/a><\/div>\n<\/td>\n<\/tr>\n<tr>\n<td class=\"Estilo91\" style=\"text-align: left;\" valign=\"top\" bgcolor=\"#e1e1e1\">Diputados Luis Gurza Jaidar y Shamir Fern\u00e1ndez Hern\u00e1ndez,\u00a0conjuntamente con las Diputadas y Diputados integrantes del Grupo Parlamentario \u201cGral. Eulalio Guti\u00e9rrez Ortiz\u201d, del Partido Revolucionario Institucional.<\/td>\n<td class=\"Estilo91\" valign=\"middle\" bgcolor=\"#e1e1e1\">\n<div align=\"left\">\n<p>Reforma al\u00a0C\u00f3digo Penal para el Estado de Coahuila de Zaragoza.<\/p>\n<\/div>\n<\/td>\n<td class=\"Estilo91\" align=\"center\" bgcolor=\"#e1e1e1\">\n<div align=\"center\"><a href=\"http:\/\/congresocoahuila.gob.mx\/portal\/wp-content\/uploads\/2014\/11\/20150410_019_PRI.doc\">10 de Abril de 2015<\/a><\/div>\n<\/td>\n<\/tr>\n<tr>\n<td class=\"Estilo91\" style=\"text-align: left;\" valign=\"top\">Diputada Ver\u00f3nica Mart\u00ednez Garc\u00eda y Diputado Jos\u00e9 Mar\u00eda Fraustro Siller,\u00a0conjuntamente con las Diputadas y Diputados integrantes del Grupo Parlamentario \u201cGral. Eulalio Guti\u00e9rrez Ortiz\u201d, del Partido Revolucionario Institucional.<\/td>\n<td class=\"Estilo91\" valign=\"middle\">\n<div align=\"left\">\n<p>Reforma a la\u00a0Ley Org\u00e1nica del Congreso del Estado Independiente, Libre y Soberano de Coahuila de Zaragoza.<\/p>\n<\/div>\n<\/td>\n<td class=\"Estilo91\" align=\"center\">\n<div align=\"center\"><a href=\"http:\/\/congresocoahuila.gob.mx\/portal\/wp-content\/uploads\/2014\/11\/20150414_020_PRI.doc\">14 de Abril de 2015<\/a><\/div>\n<\/td>\n<\/tr>\n<tr>\n<td class=\"Estilo91\" style=\"text-align: left;\" valign=\"top\" bgcolor=\"#e1e1e1\">Diputada Yolanda Olga Acu\u00f1a Contreras,\u00a0conjuntamente con las Diputadas y Diputados integrantes del Grupo Parlamentario \u201cAlonso Lujambio Iraz\u00e1bal\u201d, del Partido Acci\u00f3n Nacional.<\/td>\n<td class=\"Estilo91\" valign=\"middle\" bgcolor=\"#e1e1e1\">\n<div align=\"left\">\n<p>Reforma a la\u00a0Constituci\u00f3n Pol\u00edtica del Estado de Coahuila de Zaragoza.<\/p>\n<\/div>\n<\/td>\n<td class=\"Estilo91\" align=\"center\" bgcolor=\"#e1e1e1\">\n<div align=\"center\"><a href=\"http:\/\/congresocoahuila.gob.mx\/portal\/wp-content\/uploads\/2014\/11\/20150421_021_PAN.doc\">21 de Abril de 2015<\/a><\/div>\n<\/td>\n<\/tr>\n<tr>\n<td class=\"Estilo91\" style=\"text-align: left;\" valign=\"top\">Diputada Ver\u00f3nica Mart\u00ednez Garc\u00eda y Diputado Jos\u00e9 Mar\u00eda Fraustro Siller,\u00a0conjuntamente con las Diputadas y Diputados integrantes del Grupo Parlamentario \u201cGral. Eulalio Guti\u00e9rrez Ortiz\u201d, del Partido Revolucionario Institucional.<\/td>\n<td class=\"Estilo91\" valign=\"middle\">\n<div align=\"left\">\n<p>Reforma al C\u00f3digo Financiero para los Municipios del Estado de Coahuila de Zaragoza.<\/p>\n<\/div>\n<\/td>\n<td class=\"Estilo91\" align=\"center\">\n<div align=\"center\"><a href=\"http:\/\/congresocoahuila.gob.mx\/portal\/wp-content\/uploads\/2014\/11\/20150421_022_PRI.doc\">21 de Abril de 2015<\/a><\/div>\n<\/td>\n<\/tr>\n<tr>\n<td class=\"Estilo91\" style=\"text-align: left;\" valign=\"top\" bgcolor=\"#e1e1e1\">Diputado Jes\u00fas de Le\u00f3n Tello,\u00a0conjuntamente con las Diputadas y Diputados integrantes del Grupo Parlamentario \u201cAlonso Lujambio Iraz\u00e1bal\u201d, del Partido Acci\u00f3n Nacional.<\/td>\n<td class=\"Estilo91\" valign=\"middle\" bgcolor=\"#e1e1e1\">\n<div align=\"left\">\n<p>Reforma a la Ley para la Declaraci\u00f3n de Ausencia por Desaparici\u00f3n de Personas del Estado de Coahuila de Zaragoza.<\/p>\n<\/div>\n<\/td>\n<td class=\"Estilo91\" align=\"center\" bgcolor=\"#e1e1e1\">\n<div align=\"center\"><a href=\"http:\/\/congresocoahuila.gob.mx\/portal\/wp-content\/uploads\/2014\/11\/20150421_023_PAN.doc\">21 de Abril de 2015<\/a><\/div>\n<\/td>\n<\/tr>\n<tr>\n<td class=\"Estilo91\" style=\"text-align: left;\" valign=\"top\">Diputado Javier de Jes\u00fas Rodr\u00edguez Mendoza, del Grupo Parlamentario \u201cJos\u00e9 Mario Molina Pasquel y Enr\u00edquez\u201d, del Partido Verde Ecologista de M\u00e9xico.<\/td>\n<td class=\"Estilo91\" valign=\"middle\">\n<div align=\"left\">\n<p>Se crea la Ley de Donaci\u00f3n y Trasplantes de \u00d3rganos, Tejidos y C\u00e9lulas del Estado de Coahuila de Zaragoza.<\/p>\n<\/div>\n<\/td>\n<td class=\"Estilo91\" align=\"center\">\n<div align=\"center\"><a href=\"http:\/\/congresocoahuila.gob.mx\/portal\/wp-content\/uploads\/2014\/11\/20150421_024_PVEM.doc\">21 de Abril de 2015<\/a><\/div>\n<\/td>\n<\/tr>\n<tr>\n<td class=\"Estilo91\" style=\"text-align: left;\" valign=\"top\" bgcolor=\"#e1e1e1\">Diputada Claudia Elisa Morales Salazar, de la Fracci\u00f3n Parlamentaria, \u201cLic. Gilberto Rinc\u00f3n Gallardo\u201d\u00a0 del Partido Socialdem\u00f3crata de Coahuila.<\/td>\n<td class=\"Estilo91\" valign=\"middle\" bgcolor=\"#e1e1e1\">\n<div align=\"left\">\n<p>Reforma a la Ley del Sistema Estatal para la Garant\u00eda de los Derechos Humanos de Ni\u00f1os y Ni\u00f1as del Estado de Coahuila de Zaragoza.<\/p>\n<\/div>\n<\/td>\n<td class=\"Estilo91\" align=\"center\" bgcolor=\"#e1e1e1\">\n<div align=\"center\"><a href=\"http:\/\/congresocoahuila.gob.mx\/portal\/wp-content\/uploads\/2016\/05\/20150421_025_PSD.doc\">21 de Abril de 2015<\/a><\/div>\n<\/td>\n<\/tr>\n<tr>\n<td class=\"Estilo91\" style=\"text-align: left;\" valign=\"top\">Diputado Jos\u00e9 Armado Pruneda Valdez,\u00a0conjuntamente con las Diputadas y Diputados integrantes del Grupo Parlamentario \u201cAlonso Lujambio Iraz\u00e1bal\u201d, del Partido Acci\u00f3n Nacional.<\/td>\n<td class=\"Estilo91\" valign=\"middle\">\n<div align=\"left\">\n<p>Reforma a la\u00a0Ley de Acceso a la Informaci\u00f3n P\u00fablica y Protecci\u00f3n de Datos Personales para el Estado de Coahuila de Zaragoza.<\/p>\n<\/div>\n<\/td>\n<td class=\"Estilo91\" align=\"center\">\n<div align=\"center\"><a href=\"http:\/\/congresocoahuila.gob.mx\/portal\/wp-content\/uploads\/2014\/11\/20150421_026_PAN.doc\">21 de Abril de 2015<\/a><\/div>\n<\/td>\n<\/tr>\n<tr>\n<td class=\"Estilo91\" style=\"text-align: left;\" valign=\"top\" bgcolor=\"#e1e1e1\">Diputada Sonia Villarreal P\u00e9rez,\u00a0conjuntamente con las Diputadas y Diputados integrantes del Grupo Parlamentario \u201cGral. Eulalio Guti\u00e9rrez Ortiz\u201d, del Partido Revolucionario Institucional.<\/td>\n<td class=\"Estilo91\" valign=\"middle\" bgcolor=\"#e1e1e1\">\n<div align=\"left\">\n<p>Reforma a la\u00a0Ley de las Personas Adultas Mayores del Estado de Coahuila de Zaragoza.<\/p>\n<\/div>\n<\/td>\n<td class=\"Estilo91\" align=\"center\" bgcolor=\"#e1e1e1\">\n<div align=\"center\"><a href=\"http:\/\/congresocoahuila.gob.mx\/portal\/wp-content\/uploads\/2014\/11\/20150428_027_PRI.doc\">28 de Abril de 2015<\/a><\/div>\n<\/td>\n<\/tr>\n<tr>\n<td class=\"Estilo91\" style=\"text-align: left;\" valign=\"top\">Diputado Jes\u00fas de Le\u00f3n Tello,\u00a0conjuntamente con las Diputadas y Diputados integrantes del Grupo Parlamentario \u201cAlonso Lujambio Iraz\u00e1bal\u201d, del Partido Acci\u00f3n Nacional.<\/td>\n<td class=\"Estilo91\" valign=\"middle\">\n<div align=\"left\">\n<p>Se crea la Ley que Establece el Arancel para el Cobro de Honorarios de los Abogados en el Estado de Coahuila de Zaragoza.<\/p>\n<\/div>\n<\/td>\n<td class=\"Estilo91\" align=\"center\">\n<div align=\"center\"><a href=\"http:\/\/congresocoahuila.gob.mx\/portal\/wp-content\/uploads\/2014\/11\/20150428_028_PAN.doc\">28 de Abril de 2015<\/a><\/div>\n<\/td>\n<\/tr>\n<tr>\n<td class=\"Estilo91\" valign=\"top\" bgcolor=\"#e1e1e1\">\n<p style=\"text-align: left;\">Diputado Sergio Garza Castillo, de la Fracci\u00f3n Parlamentaria \u201cHilda Graciela Rivera de P\u00e9rez Arreola\u201d del Partido Unidad Democr\u00e1tica de Coahuila.<\/p>\n<div align=\"left\"><\/div>\n<\/td>\n<td class=\"Estilo91\" valign=\"middle\" bgcolor=\"#e1e1e1\">\n<div align=\"left\">\n<p>Reforma a la\u00a0Ley de Acceso a la Informaci\u00f3n P\u00fablica y Protecci\u00f3n de Datos Personales para el Estado de Coahuila de Zaragoza.<\/p>\n<\/div>\n<\/td>\n<td class=\"Estilo91\" align=\"center\" bgcolor=\"#e1e1e1\">\n<div align=\"center\"><a href=\"http:\/\/congresocoahuila.gob.mx\/portal\/wp-content\/uploads\/2014\/11\/20150428_029_UDC.doc\">28 de Abril de 2015<\/a><\/div>\n<\/td>\n<\/tr>\n<tr>\n<td class=\"Estilo91\" style=\"text-align: left;\" valign=\"top\">Diputada Claudia Elisa Morales Salazar, de la Fracci\u00f3n Parlamentaria, \u201cLic. Gilberto Rinc\u00f3n Gallardo\u201d\u00a0 del Partido Socialdem\u00f3crata de Coahuila.<\/td>\n<td class=\"Estilo91\" valign=\"middle\">\n<div align=\"left\">\n<p>Reforma a la\u00a0Ley de Movilidad Sustentable para el Estado de Coahuila de Zaragoza.<\/p>\n<\/div>\n<\/td>\n<td class=\"Estilo91\" align=\"center\">\n<div align=\"center\"><a href=\"http:\/\/congresocoahuila.gob.mx\/portal\/wp-content\/uploads\/2016\/05\/20150428_030_PSD.doc\">28 de Abril de 2015<\/a><\/div>\n<\/td>\n<\/tr>\n<tr>\n<td class=\"Estilo91\" style=\"text-align: left;\" valign=\"top\" bgcolor=\"#e1e1e1\">Diputada Georgina Cano Torralva,\u00a0conjuntamente con las Diputadas y Diputados integrantes del Grupo Parlamentario \u201cGral. Eulalio Guti\u00e9rrez Ortiz\u201d, del Partido Revolucionario Institucional.<\/td>\n<td class=\"Estilo91\" valign=\"middle\" bgcolor=\"#e1e1e1\">\n<div align=\"left\">\n<p>Reforma a la\u00a0Ley del Equilibrio Ecol\u00f3gico y Protecci\u00f3n al Ambiente del Estado de Coahuila de Zaragoza.<\/p>\n<\/div>\n<\/td>\n<td class=\"Estilo91\" align=\"center\" bgcolor=\"#e1e1e1\">\n<div align=\"center\"><a href=\"http:\/\/congresocoahuila.gob.mx\/portal\/wp-content\/uploads\/2014\/11\/20150428_031_PRI.doc\">28 de Abril de 2015<\/a><\/div>\n<\/td>\n<\/tr>\n<tr>\n<td class=\"Estilo91\" style=\"text-align: left;\" valign=\"top\">Diputada Lariza Montiel Luis,\u00a0conjuntamente con las Diputadas y Diputados integrantes del Grupo Parlamentario \u201cAlonso Lujambio Iraz\u00e1bal\u201d, del Partido Acci\u00f3n Nacional.<\/td>\n<td class=\"Estilo91\" valign=\"middle\">\n<div align=\"left\">\n<p>Reforma a la\u00a0Ley de Fomento a la Lectura y el Libro para el Estado de Coahuila de Zaragoza.<\/p>\n<\/div>\n<\/td>\n<td class=\"Estilo91\" align=\"center\">\n<div align=\"center\"><a href=\"http:\/\/congresocoahuila.gob.mx\/portal\/wp-content\/uploads\/2014\/11\/20150428_032_PAN.doc\">28 de Abril de 2015<\/a><\/div>\n<\/td>\n<\/tr>\n<tr>\n<td class=\"Estilo91\" style=\"text-align: left;\" valign=\"top\" bgcolor=\"#e1e1e1\">Diputada Martha Carolina Morales Iribarren,\u00a0conjuntamente con las Diputadas y Diputados integrantes del Grupo Parlamentario \u201cGral. Eulalio Guti\u00e9rrez Ortiz\u201d, del Partido Revolucionario Institucional.<\/td>\n<td class=\"Estilo91\" valign=\"middle\" bgcolor=\"#e1e1e1\">\n<div align=\"left\">\n<p>Se crea la Ley sobre Gobierno Electr\u00f3nico y Fomento al Uso de Tecnolog\u00edas Digitales de Informaci\u00f3n para el Estado de Coahuila de Zaragoza.<\/p>\n<\/div>\n<\/td>\n<td class=\"Estilo91\" align=\"center\" bgcolor=\"#e1e1e1\">\n<div align=\"center\"><a href=\"http:\/\/congresocoahuila.gob.mx\/portal\/wp-content\/uploads\/2014\/11\/20150428_033_PRI.doc\">28 de Abril de 2015<\/a><\/div>\n<\/td>\n<\/tr>\n<tr>\n<td class=\"Estilo91\" style=\"text-align: left;\" valign=\"top\">Diputado Jes\u00fas de Le\u00f3n Tello,\u00a0conjuntamente con las Diputadas y Diputados integrantes del Grupo Parlamentario \u201cAlonso Lujambio Iraz\u00e1bal\u201d, del Partido Acci\u00f3n Nacional.<\/td>\n<td class=\"Estilo91\" valign=\"middle\">\n<div align=\"left\">\n<p>Reforma a la\u00a0Ley Org\u00e1nica del Poder Judicial del Estado de Coahuila de Zaragoza.<\/p>\n<\/div>\n<\/td>\n<td class=\"Estilo91\" align=\"center\">\n<div align=\"center\"><a href=\"http:\/\/congresocoahuila.gob.mx\/portal\/wp-content\/uploads\/2014\/11\/20150428_034_PAN.doc\">28 de Abril de 2015<\/a><\/div>\n<\/td>\n<\/tr>\n<tr>\n<td class=\"Estilo91\" style=\"text-align: left;\" valign=\"top\" bgcolor=\"#e1e1e1\">Diputado Melchor S\u00e1nchez de la Fuente,\u00a0conjuntamente con las Diputadas y Diputados integrantes del Grupo Parlamentario \u201cGral. Eulalio Guti\u00e9rrez Ortiz\u201d, del Partido Revolucionario Institucional.<\/td>\n<td class=\"Estilo91\" valign=\"middle\" bgcolor=\"#e1e1e1\">\n<div align=\"left\">\n<p>Reforma a la Ley de Asentamientos Humanos y Desarrollo Urbano del Estado de Coahuila de Zaragoza.<\/p>\n<\/div>\n<\/td>\n<td class=\"Estilo91\" align=\"center\" bgcolor=\"#e1e1e1\">\n<div align=\"center\"><a href=\"http:\/\/congresocoahuila.gob.mx\/portal\/wp-content\/uploads\/2016\/05\/20150428_035_PRI.doc\">28 de Abril de 2015<\/a><\/div>\n<\/td>\n<\/tr>\n<tr>\n<td class=\"Estilo91\" style=\"text-align: left;\" valign=\"top\">Ejecutivo del Estado, Lic. Rub\u00e9n Ignacio Moreira Valdez.<\/td>\n<td class=\"Estilo91\" valign=\"middle\">\n<div align=\"left\">\n<p>Reforma a la\u00a0Ley de Asentamientos Humanos y Desarrollo Urbano del Estado de Coahuila de Zaragoza.<\/p>\n<\/div>\n<\/td>\n<td class=\"Estilo91\" align=\"center\">\n<div align=\"center\"><a href=\"http:\/\/congresocoahuila.gob.mx\/portal\/wp-content\/uploads\/2014\/11\/20150428_008_Ejec.doc\">28 de Abril de 2015<\/a><\/div>\n<\/td>\n<\/tr>\n<tr>\n<td class=\"Estilo91\" style=\"text-align: left;\" valign=\"top\" bgcolor=\"#e1e1e1\">Ejecutivo del Estado, Lic. Rub\u00e9n Ignacio Moreira Valdez.<\/td>\n<td class=\"Estilo91\" valign=\"middle\" bgcolor=\"#e1e1e1\">\n<div align=\"left\">\n<p>Reforma a la\u00a0Ley del Sistema Estatal para la Garant\u00eda de los Derechos Humanos de Ni\u00f1os y Ni\u00f1as del Estado de Coahuila de Zaragoza.<\/p>\n<\/div>\n<\/td>\n<td class=\"Estilo91\" align=\"center\" bgcolor=\"#e1e1e1\">\n<div align=\"center\"><a href=\"http:\/\/congresocoahuila.gob.mx\/portal\/wp-content\/uploads\/2014\/11\/20150430_009_Ejec.doc\">30 de Abril de 2015<\/a><\/div>\n<\/td>\n<\/tr>\n<tr>\n<td class=\"Estilo91\" style=\"text-align: left;\" valign=\"top\">Diputado Francisco Tob\u00edas Hern\u00e1ndez,\u00a0conjuntamente con las Diputadas y Diputados integrantes del Grupo Parlamentario \u201cGral. Eulalio Guti\u00e9rrez Ortiz\u201d, del Partido Revolucionario Institucional.<\/td>\n<td class=\"Estilo91\" valign=\"middle\">\n<div align=\"left\">\n<p>Se inscriba con letras doradas sobre los Muros de Honor del Sal\u00f3n de Sesiones del Palacio del Congreso del Estado, el nombre de los \u201cHermanos Flores Mag\u00f3n\u201d.<\/p>\n<\/div>\n<\/td>\n<td class=\"Estilo91\" align=\"center\">\n<div align=\"center\"><a href=\"http:\/\/congresocoahuila.gob.mx\/portal\/wp-content\/uploads\/2014\/11\/20150506PRILetras_Doradas.doc\">6 de Mayo de 2015<\/a><\/div>\n<\/td>\n<\/tr>\n<tr>\n<td class=\"Estilo91\" style=\"text-align: left;\" valign=\"top\" bgcolor=\"#e1e1e1\">Diputado Jes\u00fas de Le\u00f3n Tello,\u00a0conjuntamente con las Diputadas y Diputados integrantes del Grupo Parlamentario \u201cAlonso Lujambio Iraz\u00e1bal\u201d, del Partido Acci\u00f3n Nacional.<\/td>\n<td class=\"Estilo91\" valign=\"middle\" bgcolor=\"#e1e1e1\">\n<div align=\"left\">\n<p>Se crea la Ley para los Derechos de Ni\u00f1as, Ni\u00f1os y Adolescentes del Estado de Coahuila de Zaragoza.<\/p>\n<\/div>\n<\/td>\n<td class=\"Estilo91\" align=\"center\" bgcolor=\"#e1e1e1\">\n<div align=\"center\"><a href=\"http:\/\/congresocoahuila.gob.mx\/portal\/wp-content\/uploads\/2014\/11\/20150506_036_PAN.doc\">6 de Mayo de 2015<\/a><\/div>\n<\/td>\n<\/tr>\n<tr>\n<td class=\"Estilo91\" style=\"text-align: left;\" valign=\"top\">Diputado Javier de Jes\u00fas Rodr\u00edguez Mendoza, del Grupo Parlamentario \u201cJos\u00e9 Mario Molina Pasquel y Enr\u00edquez\u201d, del Partido Verde Ecologista de M\u00e9xico.<\/td>\n<td class=\"Estilo91\" valign=\"middle\">\n<div align=\"left\">\n<p>Reforma a la\u00a0Ley Estatal de Salud.<\/p>\n<\/div>\n<\/td>\n<td class=\"Estilo91\" align=\"center\">\n<div align=\"center\"><a href=\"http:\/\/congresocoahuila.gob.mx\/portal\/wp-content\/uploads\/2014\/11\/20150506_037_PVEM.doc\">6 de Mayo de 2015<\/a><\/div>\n<\/td>\n<\/tr>\n<tr>\n<td class=\"Estilo91\" style=\"text-align: left;\" valign=\"top\" bgcolor=\"#e1e1e1\">Diputado Jos\u00e9 Armando Pruneda Valdez,\u00a0conjuntamente con las Diputadas y Diputados integrantes del Grupo Parlamentario \u201cAlonso Lujambio Iraz\u00e1bal\u201d, del Partido Acci\u00f3n Nacional.<\/td>\n<td class=\"Estilo91\" valign=\"middle\" bgcolor=\"#e1e1e1\">\n<div align=\"left\">\n<p>Reforma a la\u00a0Ley de Cultura F\u00edsica y Deporte del Estado de Coahuila de Zaragoza.<\/p>\n<\/div>\n<\/td>\n<td class=\"Estilo91\" align=\"center\" bgcolor=\"#e1e1e1\">\n<div align=\"center\"><a href=\"http:\/\/congresocoahuila.gob.mx\/portal\/wp-content\/uploads\/2014\/11\/20150506_038_PAN.doc\">6 de Mayo de 2015<\/a><\/div>\n<\/td>\n<\/tr>\n<tr>\n<td class=\"Estilo91\" style=\"text-align: left;\" valign=\"top\">Diputado Jes\u00fas de Le\u00f3n Tello,\u00a0conjuntamente con las Diputadas y Diputados integrantes del Grupo Parlamentario \u201cAlonso Lujambio Iraz\u00e1bal\u201d, del Partido Acci\u00f3n Nacional.<\/td>\n<td class=\"Estilo91\" valign=\"middle\">\n<div align=\"left\">\n<p>Reforma al Estatuto Jur\u00eddico para los Trabajadores al Servicio el Estado,\u00a0Estatuto Jur\u00eddico para los Trabajadores de la Educaci\u00f3n al Servicio del Estado y de los Municipios y al\u00a0C\u00f3digo Municipal del Estado de Coahuila de Zaragoza.<\/p>\n<\/div>\n<\/td>\n<td class=\"Estilo91\" align=\"center\">\n<div align=\"center\"><a href=\"http:\/\/congresocoahuila.gob.mx\/portal\/wp-content\/uploads\/2016\/05\/20150506_039_PAN.doc\">6 de Mayo de 2015<\/a><\/div>\n<\/td>\n<\/tr>\n<tr>\n<td class=\"Estilo91\" style=\"text-align: left;\" valign=\"top\" bgcolor=\"#e1e1e1\">Ejecutivo del Estado, Lic. Rub\u00e9n Ignacio Moreira Valdez.<\/td>\n<td class=\"Estilo91\" valign=\"middle\" bgcolor=\"#e1e1e1\">\n<div align=\"left\">\n<p>Reforma a la\u00a0Ley Estatal de Salud.<\/p>\n<\/div>\n<\/td>\n<td class=\"Estilo91\" align=\"center\" bgcolor=\"#e1e1e1\">\n<div align=\"center\"><a href=\"http:\/\/congresocoahuila.gob.mx\/portal\/wp-content\/uploads\/2014\/11\/20150506_010_Ejec.doc\">6 de Mayo de 2015<\/a><\/div>\n<\/td>\n<\/tr>\n<tr>\n<td class=\"Estilo91\" style=\"text-align: left;\" valign=\"top\">Diputada Irma Leticia Casta\u00f1o Orozco,\u00a0conjuntamente con las Diputadas y Diputados integrantes del Grupo Parlamentario \u201cGral. Eulalio Guti\u00e9rrez Ortiz\u201d, del Partido Revolucionario Institucional.<\/td>\n<td class=\"Estilo91\" valign=\"middle\">\n<div align=\"left\">\n<p>Reforma al C\u00f3digo Civil del Estado de Coahuila de Zaragoza.<\/p>\n<\/div>\n<\/td>\n<td class=\"Estilo91\" align=\"center\">\n<div align=\"center\"><a href=\"http:\/\/congresocoahuila.gob.mx\/portal\/wp-content\/uploads\/2014\/11\/20150513_040_PRI.doc\">13 de Mayo de 2015<\/a><\/div>\n<\/td>\n<\/tr>\n<tr>\n<td class=\"Estilo91\" style=\"text-align: left;\" valign=\"top\" bgcolor=\"#e1e1e1\">Diputado Jes\u00fas de Le\u00f3n Tello,\u00a0conjuntamente con las Diputadas y Diputados integrantes del Grupo Parlamentario \u201cAlonso Lujambio Iraz\u00e1bal\u201d, del Partido Acci\u00f3n Nacional.<\/td>\n<td class=\"Estilo91\" valign=\"middle\" bgcolor=\"#e1e1e1\">\n<div align=\"left\">\n<p>Reforma a la\u00a0Ley\u00a0de Justicia Constitucional Local para el Estado de Coahuila de Zaragoza.<\/p>\n<\/div>\n<\/td>\n<td class=\"Estilo91\" align=\"center\" bgcolor=\"#e1e1e1\">\n<div align=\"center\"><a href=\"http:\/\/congresocoahuila.gob.mx\/portal\/wp-content\/uploads\/2014\/11\/20150513_041_PAN.doc\">13 de Mayo de 2015<\/a><\/div>\n<\/td>\n<\/tr>\n<tr>\n<td class=\"Estilo91\" style=\"text-align: left;\" valign=\"top\">Diputada Claudia Elisa Morales Salazar, de la Fracci\u00f3n Parlamentaria, \u201cLic. Gilberto Rinc\u00f3n Gallardo\u201d\u00a0 del Partido Socialdem\u00f3crata de Coahuila.<\/td>\n<td class=\"Estilo91\" valign=\"middle\">\n<div align=\"left\">\n<p>Reforma al C\u00f3digo Penal para el Estado de Coahuila de Zaragoza.<\/p>\n<\/div>\n<\/td>\n<td class=\"Estilo91\" align=\"center\">\n<div align=\"center\"><a href=\"http:\/\/congresocoahuila.gob.mx\/portal\/wp-content\/uploads\/2014\/11\/20150513_042_PSD.doc\">13 de Mayo de 2015<\/a><\/div>\n<\/td>\n<\/tr>\n<tr>\n<td class=\"Estilo91\" style=\"text-align: left;\" valign=\"top\" bgcolor=\"#e1e1e1\">Diputado Antonio Nerio Maltos y Diputada Martha Hortensia Garay Cadena,\u00a0conjuntamente con las Diputadas y Diputados integrantes del Grupo Parlamentario \u201cGral. Eulalio Guti\u00e9rrez Ortiz\u201d, del Partido Revolucionario Institucional.<\/td>\n<td class=\"Estilo91\" valign=\"middle\" bgcolor=\"#e1e1e1\">\n<div align=\"left\">\n<p>Reforma al C\u00f3digo Penal para el Estado de Coahuila de Zaragoza.<\/p>\n<\/div>\n<\/td>\n<td class=\"Estilo91\" align=\"center\" bgcolor=\"#e1e1e1\">\n<div align=\"center\"><a href=\"http:\/\/congresocoahuila.gob.mx\/portal\/wp-content\/uploads\/2014\/11\/20150513_043_PRI.doc\">13 de Mayo de 2015<\/a><\/div>\n<\/td>\n<\/tr>\n<tr>\n<td class=\"Estilo91\" style=\"text-align: left;\" valign=\"top\">Diputada Lariza Montiel Luis,\u00a0conjuntamente con las Diputadas y Diputados integrantes del Grupo Parlamentario \u201cAlonso Lujambio Iraz\u00e1bal\u201d, del Partido Acci\u00f3n Nacional.<\/td>\n<td class=\"Estilo91\" valign=\"middle\">\n<div align=\"left\">\n<p>Reforma a la\u00a0Ley de Justicia para Adolescentes del Estado de Coahuila de Zaragoza.<\/p>\n<\/div>\n<\/td>\n<td class=\"Estilo91\" align=\"center\">\n<div align=\"center\"><a href=\"http:\/\/congresocoahuila.gob.mx\/portal\/wp-content\/uploads\/2014\/11\/20150513_044_PAN.doc\">13 de Mayo de 2015<\/a><\/div>\n<\/td>\n<\/tr>\n<tr>\n<td class=\"Estilo91\" style=\"text-align: left;\" valign=\"top\" bgcolor=\"#e1e1e1\">Diputada Ver\u00f3nica Mart\u00ednez Garc\u00eda,\u00a0conjuntamente con las Diputadas y Diputados integrantes del Grupo Parlamentario \u201cGral. Eulalio Guti\u00e9rrez Ortiz\u201d, del Partido Revolucionario Institucional.<\/td>\n<td class=\"Estilo91\" valign=\"middle\" bgcolor=\"#e1e1e1\">\n<div align=\"left\">\n<p>Reforma a la\u00a0Ley\u00a0de Urgencias M\u00e9dicas para el Estado de Coahuila de Zaragoza.<\/p>\n<\/div>\n<\/td>\n<td class=\"Estilo91\" align=\"center\" bgcolor=\"#e1e1e1\">\n<div align=\"center\"><a href=\"http:\/\/congresocoahuila.gob.mx\/portal\/wp-content\/uploads\/2014\/11\/20150513_045_PRI.doc\">13 de Mayo de 2015<\/a><\/div>\n<\/td>\n<\/tr>\n<tr>\n<td class=\"Estilo91\" style=\"text-align: left;\" valign=\"top\">Diputada Sonia Villarreal P\u00e9rez,\u00a0conjuntamente con las Diputadas y Diputados integrantes del Grupo Parlamentario \u201cGral. Eulalio Guti\u00e9rrez Ortiz\u201d, del Partido Revolucionario Institucional.<\/td>\n<td class=\"Estilo91\" valign=\"middle\">\n<div align=\"left\">\n<p>Reforma a la\u00a0Ley Org\u00e1nica del Congreso del Estado Independiente, Libre y Soberano de Coahuila de Zaragoza.<\/p>\n<\/div>\n<\/td>\n<td class=\"Estilo91\" align=\"center\">\n<div align=\"center\"><a href=\"http:\/\/congresocoahuila.gob.mx\/portal\/wp-content\/uploads\/2014\/11\/20150513_046_PRI.doc\">13 de Mayo de 2015<\/a><\/div>\n<\/td>\n<\/tr>\n<tr>\n<td class=\"Estilo91\" style=\"text-align: left;\" valign=\"top\" bgcolor=\"#e1e1e1\">Diputada Yolanda Olga Acu\u00f1a Contreras,\u00a0conjuntamente con las Diputadas y Diputados integrantes del Grupo Parlamentario \u201cAlonso Lujambio Iraz\u00e1bal\u201d, del Partido Acci\u00f3n Nacional.<\/td>\n<td class=\"Estilo91\" valign=\"middle\" bgcolor=\"#e1e1e1\">\n<div align=\"left\">\n<p>Reforma a la\u00a0Constituci\u00f3n Pol\u00edtica del Estado de Coahuila de Zaragoza.<\/p>\n<\/div>\n<\/td>\n<td class=\"Estilo91\" align=\"center\" bgcolor=\"#e1e1e1\">\n<div align=\"center\"><a href=\"http:\/\/congresocoahuila.gob.mx\/portal\/wp-content\/uploads\/2016\/05\/20150519_047_PAN.doc\">19 de Mayo de 2015<\/a><\/div>\n<\/td>\n<\/tr>\n<tr>\n<td class=\"Estilo91\" style=\"text-align: left;\" valign=\"top\">Diputado Jos\u00e9 Mar\u00eda Fraustro Siller,\u00a0conjuntamente con las Diputadas y Diputados integrantes del Grupo Parlamentario \u201cGral. Eulalio Guti\u00e9rrez Ortiz\u201d, del Partido Revolucionario Institucional.<\/td>\n<td class=\"Estilo91\" valign=\"middle\">\n<div align=\"left\">\n<p>Reforma a la\u00a0Ley General del Catastro y la Informaci\u00f3n Territorial para el Estado de Coahuila de Zaragoza.<\/p>\n<\/div>\n<\/td>\n<td class=\"Estilo91\" align=\"center\">\n<div align=\"center\"><a href=\"http:\/\/congresocoahuila.gob.mx\/portal\/wp-content\/uploads\/2014\/11\/20150519_048_PRI.doc\">19 de Mayo de 2015<\/a><\/div>\n<\/td>\n<\/tr>\n<tr>\n<td class=\"Estilo91\" style=\"text-align: left;\" valign=\"top\" bgcolor=\"#e1e1e1\">Diputado Jes\u00fas de Le\u00f3n Tello,\u00a0conjuntamente con las Diputadas y Diputados integrantes del Grupo Parlamentario \u201cAlonso Lujambio Iraz\u00e1bal\u201d, del Partido Acci\u00f3n Nacional.<\/td>\n<td class=\"Estilo91\" valign=\"middle\" bgcolor=\"#e1e1e1\">\n<div align=\"left\">\n<p>Reforma a la\u00a0Ley de Rendici\u00f3n de Cuentas y Fiscalizaci\u00f3n Superior del Estado de Coahuila de Zaragoza.<\/p>\n<\/div>\n<\/td>\n<td class=\"Estilo91\" align=\"center\" bgcolor=\"#e1e1e1\">\n<div align=\"center\"><a href=\"http:\/\/congresocoahuila.gob.mx\/portal\/wp-content\/uploads\/2014\/11\/20150519_049_PAN.doc\">19 de Mayo de 2015<\/a><\/div>\n<\/td>\n<\/tr>\n<tr>\n<td class=\"Estilo91\" style=\"text-align: left;\" valign=\"top\">Diputado Shamir Fern\u00e1ndez Hern\u00e1ndez,\u00a0conjuntamente con las Diputadas y Diputados integrantes del Grupo Parlamentario \u201cGral. Eulalio Guti\u00e9rrez Ortiz\u201d, del Partido Revolucionario Institucional.<\/td>\n<td class=\"Estilo91\" valign=\"middle\">\n<div align=\"left\">\n<p>Reforma a la\u00a0Ley de Cultura F\u00edsica y Deporte\u00a0 del Estado de Coahuila de Zaragoza.<\/p>\n<\/div>\n<\/td>\n<td class=\"Estilo91\" align=\"center\">\n<div align=\"center\"><a href=\"http:\/\/congresocoahuila.gob.mx\/portal\/wp-content\/uploads\/2014\/11\/20150519_050_PRI.doc\">19 de Mayo de 2015<\/a><\/div>\n<\/td>\n<\/tr>\n<tr>\n<td class=\"Estilo91\" style=\"text-align: left;\" valign=\"top\" bgcolor=\"#e1e1e1\">Diputado Javier D\u00edaz Gonz\u00e1lez,\u00a0conjuntamente con las Diputadas y Diputados integrantes del Grupo Parlamentario \u201cGral. Eulalio Guti\u00e9rrez Ortiz\u201d, del Partido Revolucionario Institucional.<\/td>\n<td class=\"Estilo91\" valign=\"middle\" bgcolor=\"#e1e1e1\">\n<div align=\"left\">\n<p>Reforma a la\u00a0Ley\u00a0de Proyectos para Prestaci\u00f3n de Servicios para el Estado Libre y Soberano de Coahuila de Zaragoza.<\/p>\n<\/div>\n<\/td>\n<td class=\"Estilo91\" align=\"center\" bgcolor=\"#e1e1e1\">\n<div align=\"center\"><a href=\"http:\/\/congresocoahuila.gob.mx\/portal\/wp-content\/uploads\/2014\/11\/20150519_051_PRI.doc\">19 de Mayo de 2015<\/a><\/div>\n<\/td>\n<\/tr>\n<tr>\n<td class=\"Estilo91\" style=\"text-align: left;\" valign=\"top\">Diputada Ver\u00f3nica Mart\u00ednez Garc\u00eda,\u00a0conjuntamente con las Diputadas y Diputados integrantes del Grupo Parlamentario \u201cGral. Eulalio Guti\u00e9rrez Ortiz\u201d, del Partido Revolucionario Institucional.<\/td>\n<td class=\"Estilo91\" valign=\"middle\">\n<div align=\"left\">\n<p>Reforma a la\u00a0Ley Org\u00e1nica del Congreso del Estado Independiente, Libre y Soberano de Coahuila de Zaragoza.<\/p>\n<\/div>\n<\/td>\n<td class=\"Estilo91\" align=\"center\">\n<div align=\"center\"><a href=\"http:\/\/congresocoahuila.gob.mx\/portal\/wp-content\/uploads\/2014\/11\/20150519_052_PRI.doc\">19 de Mayo de 2015<\/a><\/div>\n<\/td>\n<\/tr>\n<tr>\n<td class=\"Estilo91\" style=\"text-align: left;\" valign=\"top\" bgcolor=\"#e1e1e1\">Diputado Javier de Jes\u00fas Rodr\u00edguez Mendoza, del Grupo Parlamentario \u201cJos\u00e9 Mario Molina Pasquel y Enr\u00edquez\u201d, del Partido Verde Ecologista de M\u00e9xico.<\/td>\n<td class=\"Estilo91\" valign=\"middle\" bgcolor=\"#e1e1e1\">\n<div align=\"left\">\n<p>Reforma a la\u00a0Ley\u00a0de las Personas Adultas Mayores para el Estado de Coahuila de Zaragoza.<\/p>\n<\/div>\n<\/td>\n<td class=\"Estilo91\" align=\"center\" bgcolor=\"#e1e1e1\">\n<div align=\"center\"><a href=\"http:\/\/congresocoahuila.gob.mx\/portal\/wp-content\/uploads\/2014\/11\/20150519_053_PVEM.doc\">19 de Mayo de 2015<\/a><\/div>\n<\/td>\n<\/tr>\n<tr>\n<td class=\"Estilo91\" style=\"text-align: left;\" valign=\"top\">Diputado Luis Gurza Jaidar,\u00a0conjuntamente con las Diputadas y Diputados integrantes del Grupo Parlamentario \u201cGral. Eulalio Guti\u00e9rrez Ortiz\u201d, del Partido Revolucionario Institucional.<\/td>\n<td class=\"Estilo91\" valign=\"middle\">\n<div align=\"left\">\n<p>Reforma a la\u00a0Constituci\u00f3n Pol\u00edtica del Estado de Coahuila de Zaragoza.<\/p>\n<\/div>\n<\/td>\n<td class=\"Estilo91\" align=\"center\">\n<div align=\"center\"><a href=\"http:\/\/congresocoahuila.gob.mx\/portal\/wp-content\/uploads\/2016\/05\/20150527_054_PRI.doc\">27 de Mayo de 2015<\/a><\/div>\n<\/td>\n<\/tr>\n<tr>\n<td class=\"Estilo91\" style=\"text-align: left;\" valign=\"top\" bgcolor=\"#e1e1e1\">Diputada Ver\u00f3nica Mart\u00ednez Garc\u00eda,\u00a0conjuntamente con las Diputadas y Diputados integrantes del Grupo Parlamentario \u201cGral. Eulalio Guti\u00e9rrez Ortiz\u201d, del Partido Revolucionario Institucional.<\/td>\n<td class=\"Estilo91\" valign=\"middle\" bgcolor=\"#e1e1e1\">\n<div align=\"left\">\n<p>Reforma a la\u00a0Ley\u00a0Estatal de Educaci\u00f3n.<\/p>\n<\/div>\n<\/td>\n<td class=\"Estilo91\" align=\"center\" bgcolor=\"#e1e1e1\">\n<div align=\"center\"><a href=\"http:\/\/congresocoahuila.gob.mx\/portal\/wp-content\/uploads\/2014\/11\/20150527_055_PRI.doc\">27 de Mayo de 2015<\/a><\/div>\n<\/td>\n<\/tr>\n<tr>\n<td class=\"Estilo91\" style=\"text-align: left;\" valign=\"top\">Diputado Jes\u00fas de Le\u00f3n Tello,\u00a0conjuntamente con las Diputadas y Diputados integrantes del Grupo Parlamentario \u201cAlonso Lujambio Iraz\u00e1bal\u201d, del Partido Acci\u00f3n Nacional.<\/td>\n<td class=\"Estilo91\" valign=\"middle\">\n<div align=\"left\">\n<p>Reforma a la\u00a0Ley\u00a0Org\u00e1nica del Congreso del Estado, Independiente Libre y Soberano de Coahuila de Zaragoza.<\/p>\n<\/div>\n<\/td>\n<td class=\"Estilo91\" align=\"center\">\n<div align=\"center\"><a href=\"http:\/\/congresocoahuila.gob.mx\/portal\/wp-content\/uploads\/2014\/11\/20150527_056_PAN.doc\">27 de Mayo de 2015<\/a><\/div>\n<\/td>\n<\/tr>\n<tr>\n<td class=\"Estilo91\" style=\"text-align: left;\" valign=\"top\" bgcolor=\"#e1e1e1\">Diputada Luisa Ivone Gallegos Mart\u00ednez, de la Fracci\u00f3n Parlamentaria \u201cDorotea de la Fuente Flores\u201d del Partido Nueva Alianza.<\/td>\n<td class=\"Estilo91\" valign=\"middle\" bgcolor=\"#e1e1e1\">\n<div align=\"left\">\n<p>Se crea la\u00a0Ley de Valuaci\u00f3n para el Estado de Coahuila de Zaragoza.<\/p>\n<\/div>\n<\/td>\n<td class=\"Estilo91\" align=\"center\" bgcolor=\"#e1e1e1\">\n<div align=\"center\"><a href=\"http:\/\/congresocoahuila.gob.mx\/portal\/wp-content\/uploads\/2014\/11\/20150527_057_PNA.doc\">27 de Mayo de 2015<\/a><\/div>\n<\/td>\n<\/tr>\n<tr>\n<td class=\"Estilo91\" style=\"text-align: left;\" valign=\"top\">Diputada Claudia Elisa Morales Salazar, de la Fracci\u00f3n Parlamentaria, \u201cLic. Gilberto Rinc\u00f3n Gallardo\u201d\u00a0 del Partido Socialdem\u00f3crata de Coahuila.<\/td>\n<td class=\"Estilo91\" valign=\"middle\">\n<div align=\"left\">\n<p>Reforma a la\u00a0Ley\u00a0Estatal de Educaci\u00f3n.<\/p>\n<\/div>\n<\/td>\n<td class=\"Estilo91\" align=\"center\">\n<div align=\"center\"><a href=\"http:\/\/congresocoahuila.gob.mx\/portal\/wp-content\/uploads\/2014\/11\/20150527_058_PSD.doc\">27 de Mayo de 2015<\/a><\/div>\n<\/td>\n<\/tr>\n<tr>\n<td class=\"Estilo91\" style=\"text-align: left;\" valign=\"top\" bgcolor=\"#e1e1e1\">Diputado Luis Gurza Jaidar,\u00a0conjuntamente con las Diputadas y Diputados integrantes del Grupo Parlamentario \u201cGral. Eulalio Guti\u00e9rrez Ortiz\u201d, del Partido Revolucionario Institucional.<\/td>\n<td class=\"Estilo91\" valign=\"middle\" bgcolor=\"#e1e1e1\">\n<div align=\"left\">\n<p>Reforma al\u00a0C\u00f3digo Municipal para el Estado de Coahuila de Zaragoza; al C\u00f3digo Financiero para los Municipios del Estado de Coahuila de Zaragoza; y a la Ley General del Catastro y la Informaci\u00f3n Territorial para el Estado de Coahuila de Zaragoza.<\/p>\n<\/div>\n<\/td>\n<td class=\"Estilo91\" align=\"center\" bgcolor=\"#e1e1e1\">\n<div align=\"center\"><a href=\"http:\/\/congresocoahuila.gob.mx\/portal\/wp-content\/uploads\/2016\/05\/20150527_059_PRI.doc\">27 de Mayo de 2015<\/a><\/div>\n<\/td>\n<\/tr>\n<tr>\n<td class=\"Estilo91\" style=\"text-align: left;\" valign=\"top\">Diputada Lariza Montiel Luis,\u00a0conjuntamente con las Diputadas y Diputados integrantes del Grupo Parlamentario \u201cAlonso Lujambio Iraz\u00e1bal\u201d, del Partido Acci\u00f3n Nacional.<\/td>\n<td class=\"Estilo91\" valign=\"middle\">\n<div align=\"left\">\n<p>Reforma a la\u00a0Ley\u00a0para la Implementaci\u00f3n, Seguimiento y Evaluaci\u00f3n del Sistema de Justicia Penal Acusatorio y Oral en el Estado de Coahuila de Zaragoza.<\/p>\n<\/div>\n<\/td>\n<td class=\"Estilo91\" align=\"center\">\n<div align=\"center\"><a href=\"http:\/\/congresocoahuila.gob.mx\/portal\/wp-content\/uploads\/2014\/11\/20150527_060_PAN.doc\">27 de Mayo de 2015<\/a><\/div>\n<\/td>\n<\/tr>\n<tr>\n<td class=\"Estilo91\" style=\"text-align: left;\" valign=\"top\" bgcolor=\"#e1e1e1\">Planteada por el Secretario General de la Universidad Aut\u00f3noma Agraria Antonio Narro, en forma conjunta con la Universidad Aut\u00f3noma Agraria Antonio Narro, el Sindicato \u00danico de Trabajadores Acad\u00e9micos de la Universidad Aut\u00f3noma Agraria Antonio Narro, el Sindicato \u00danico de Trabajadores de la Universidad Aut\u00f3noma Agraria Antonio Narro y la Asociaci\u00f3n de Pensionados y Jubilados de la\u00a0 Universidad Aut\u00f3noma Agraria Antonio Narro.<\/td>\n<td class=\"Estilo91\" valign=\"middle\" bgcolor=\"#e1e1e1\">\n<div align=\"left\">\n<p>Reforma a la\u00a0Ley de Pensiones y Otros Beneficios Sociales para los Trabajadores de la Educaci\u00f3n P\u00fablica del Estado y a la Ley del Servicio M\u00e9dico para los Trabajadores de la Educaci\u00f3n del Estado.<\/p>\n<\/div>\n<\/td>\n<td class=\"Estilo91\" align=\"center\" bgcolor=\"#e1e1e1\">\n<div align=\"center\"><a href=\"http:\/\/congresocoahuila.gob.mx\/portal\/wp-content\/uploads\/2014\/11\/Pop_20150527.pdf\">27 de Mayo de 2015<\/a><\/div>\n<\/td>\n<\/tr>\n<tr>\n<td class=\"Estilo91\" style=\"text-align: left;\" valign=\"top\">Diputado Jos\u00e9 Mar\u00eda Fraustro Siller,\u00a0conjuntamente con las Diputadas y Diputados integrantes del Grupo Parlamentario \u201cGral. Eulalio Guti\u00e9rrez Ortiz\u201d, del Partido Revolucionario Institucional.<\/td>\n<td class=\"Estilo91\" valign=\"middle\">\n<div align=\"left\">\n<p>Se abroga la Ley que Establece los Derechos por el Uso o Aprovechamiento de la Carretera La Carbonera-Ojo Caliente.<\/p>\n<\/div>\n<\/td>\n<td class=\"Estilo91\" align=\"center\">\n<div align=\"center\"><a href=\"http:\/\/congresocoahuila.gob.mx\/portal\/wp-content\/uploads\/2014\/11\/20150602_061_PRI.doc\">2 de Junio de 2015<\/a><\/div>\n<\/td>\n<\/tr>\n<tr>\n<td class=\"Estilo91\" style=\"text-align: left;\" valign=\"top\" bgcolor=\"#e1e1e1\">Diputado Leonel Contreras P\u00e1manes, de la Fracci\u00f3n Parlamentaria \u201cManuel Mu\u00f1oz Olivares\u201d, del Partido Primero Coahuila, conjuntamente con la Diputada Claudia Elisa Morales Salazar, de la Fracci\u00f3n Parlamentaria\u00a0 \u201cLic. Gilberto Rinc\u00f3n Gallardo\u201d, del Partido Socialdem\u00f3crata de Coahuila.<\/td>\n<td class=\"Estilo91\" valign=\"middle\" bgcolor=\"#e1e1e1\">\n<div align=\"left\">\n<p>Se deroga la Ley de Aparcer\u00eda Rural.<\/p>\n<\/div>\n<\/td>\n<td class=\"Estilo91\" align=\"center\" bgcolor=\"#e1e1e1\">\n<div align=\"center\"><a href=\"http:\/\/congresocoahuila.gob.mx\/portal\/wp-content\/uploads\/2014\/11\/20150602_062_PPC_PSD.doc\">2 de Junio de 2015<\/a><\/div>\n<\/td>\n<\/tr>\n<tr>\n<td class=\"Estilo91\" style=\"text-align: left;\" valign=\"top\">Diputado Luis Gurza Jaidar,\u00a0conjuntamente con las Diputadas y Diputados integrantes del Grupo Parlamentario \u201cGral. Eulalio Guti\u00e9rrez Ortiz\u201d, del Partido Revolucionario Institucional.<\/td>\n<td class=\"Estilo91\" valign=\"middle\">\n<div align=\"left\">\n<p>Reforma al C\u00f3digo Civil para el Estado de Coahuila de Zaragoza.<\/p>\n<\/div>\n<\/td>\n<td class=\"Estilo91\" align=\"center\">\n<div align=\"center\"><a href=\"http:\/\/congresocoahuila.gob.mx\/portal\/wp-content\/uploads\/2014\/11\/20150602_063_PRI.doc\">2 de Junio de 2015<\/a><\/div>\n<\/td>\n<\/tr>\n<tr>\n<td class=\"Estilo91\" style=\"text-align: left;\" valign=\"top\" bgcolor=\"#e1e1e1\">Ejecutivo del Estado, Lic. Rub\u00e9n Ignacio Moreira Valdez.<\/td>\n<td class=\"Estilo91\" valign=\"middle\" bgcolor=\"#e1e1e1\">\n<div align=\"left\">\n<p>Reforma a la\u00a0Ley de la Administraci\u00f3n Fiscal General del Estado de Coahuila de Zaragoza.<\/p>\n<\/div>\n<\/td>\n<td class=\"Estilo91\" align=\"center\" bgcolor=\"#e1e1e1\">\n<div align=\"center\"><a href=\"http:\/\/congresocoahuila.gob.mx\/portal\/wp-content\/uploads\/2014\/11\/20150610_011_Ejec.doc\">10 de Junio de 2015<\/a><\/div>\n<\/td>\n<\/tr>\n<tr>\n<td class=\"Estilo91\" style=\"text-align: left;\" valign=\"top\">Diputado\u00a0Francisco Tob\u00edas Hern\u00e1ndez,\u00a0conjuntamente con las Diputadas y Diputados integrantes del Grupo Parlamentario \u201cGral. Eulalio Guti\u00e9rrez Ortiz\u201d, del Partido Revolucionario Institucional.<\/td>\n<td class=\"Estilo91\" valign=\"middle\">\n<div align=\"left\">\n<p>Reforma la\u00a0Constituci\u00f3n Pol\u00edtica del Estado de Coahuila de Zaragoza.<\/p>\n<\/div>\n<\/td>\n<td class=\"Estilo91\" align=\"center\">\n<div align=\"center\"><a href=\"http:\/\/congresocoahuila.gob.mx\/portal\/wp-content\/uploads\/2014\/11\/20150610_064_PRI.doc\">10 de Junio de 2015<\/a><\/div>\n<\/td>\n<\/tr>\n<tr>\n<td class=\"Estilo91\" style=\"text-align: left;\" valign=\"top\" bgcolor=\"#e1e1e1\">Diputada Georgina Cano Torralva,\u00a0conjuntamente con las Diputadas y Diputados integrantes del Grupo Parlamentario \u201cGral. Eulalio Guti\u00e9rrez Ortiz\u201d, del Partido Revolucionario Institucional.<\/td>\n<td class=\"Estilo91\" valign=\"middle\" bgcolor=\"#e1e1e1\">\n<div align=\"left\">\n<p>Reforma al C\u00f3digo Civil para el Estado de Coahuila de Zaragoza.<\/p>\n<\/div>\n<\/td>\n<td class=\"Estilo91\" align=\"center\" bgcolor=\"#e1e1e1\">\n<div align=\"center\"><a href=\"http:\/\/congresocoahuila.gob.mx\/portal\/wp-content\/uploads\/2014\/11\/20150610_065_PRI.doc\">10 de Junio de 2015<\/a><\/div>\n<\/td>\n<\/tr>\n<tr>\n<td class=\"Estilo91\" style=\"text-align: left;\" valign=\"top\">Diputado Jes\u00fas de Le\u00f3n Tello,\u00a0conjuntamente con las Diputadas y Diputados integrantes del Grupo Parlamentario \u201cAlonso Lujambio Iraz\u00e1bal\u201d, del Partido Acci\u00f3n Nacional.<\/td>\n<td class=\"Estilo91\" valign=\"middle\">\n<div align=\"left\">\n<p>Reforma al\u00a0C\u00f3digo Financiero para los Municipios del Estado de Coahuila de Zaragoza.<\/p>\n<\/div>\n<\/td>\n<td class=\"Estilo91\" align=\"center\">\n<div align=\"center\"><a href=\"http:\/\/congresocoahuila.gob.mx\/portal\/wp-content\/uploads\/2014\/11\/20150610_066_PAN.doc\">10 de Junio de 2015<\/a><\/div>\n<\/td>\n<\/tr>\n<tr>\n<td class=\"Estilo91\" style=\"text-align: left;\" valign=\"top\" bgcolor=\"#e1e1e1\">Diputada Claudia Elisa Morales Salazar, de la Fracci\u00f3n Parlamentaria, \u201cLic. Gilberto Rinc\u00f3n Gallardo\u201d\u00a0 del Partido Socialdem\u00f3crata de Coahuila.<\/td>\n<td class=\"Estilo91\" valign=\"middle\" bgcolor=\"#e1e1e1\">\n<div align=\"left\">\n<p>Reforma a la\u00a0Ley para la Protecci\u00f3n de los No Fumadores en el Estado de Coahuila de Zaragoza.<\/p>\n<\/div>\n<\/td>\n<td class=\"Estilo91\" align=\"center\" bgcolor=\"#e1e1e1\">\n<div align=\"center\"><a href=\"http:\/\/congresocoahuila.gob.mx\/portal\/wp-content\/uploads\/2014\/11\/20150610_067_PSD.doc\">10 de Junio de 2015<\/a><\/div>\n<\/td>\n<\/tr>\n<tr>\n<td class=\"Estilo91\" style=\"text-align: left;\" valign=\"top\">Diputada Yolanda Olga Acu\u00f1a Contreras,\u00a0conjuntamente con las Diputadas y Diputados integrantes del Grupo Parlamentario \u201cAlonso Lujambio Iraz\u00e1bal\u201d, del Partido Acci\u00f3n Nacional.<\/td>\n<td class=\"Estilo91\" valign=\"middle\">\n<div align=\"left\">\n<p>Reforma al\u00a0C\u00f3digo Municipal para el Estado de Coahuila de Zaragoza.<\/p>\n<\/div>\n<\/td>\n<td class=\"Estilo91\" align=\"center\">\n<div align=\"center\"><a href=\"http:\/\/congresocoahuila.gob.mx\/portal\/wp-content\/uploads\/2014\/11\/20150610_068_PAN.doc\">10 de Junio de 2015<\/a><\/div>\n<\/td>\n<\/tr>\n<tr>\n<td class=\"Estilo91\" style=\"text-align: left;\" valign=\"top\" bgcolor=\"#e1e1e1\">Diputado Jos\u00e9 Armando Pruneda Valdez,\u00a0conjuntamente con las Diputadas y Diputados integrantes del Grupo Parlamentario \u201cAlonso Lujambio Iraz\u00e1bal\u201d, del Partido Acci\u00f3n Nacional.<\/td>\n<td class=\"Estilo91\" valign=\"middle\" bgcolor=\"#e1e1e1\">\n<div align=\"left\">\n<p>Reforma al\u00a0C\u00f3digo Municipal para el Estado de Coahuila de Zaragoza.<\/p>\n<\/div>\n<\/td>\n<td class=\"Estilo91\" align=\"center\" bgcolor=\"#e1e1e1\">\n<div align=\"center\"><a href=\"http:\/\/congresocoahuila.gob.mx\/portal\/wp-content\/uploads\/2014\/11\/20150610_069_PAN.doc\">10 de Junio de 2015<\/a><\/div>\n<\/td>\n<\/tr>\n<tr>\n<td class=\"Estilo91\" style=\"text-align: left;\" valign=\"top\">Diputada Martha Carolina Morales Iribarren,\u00a0conjuntamente con las Diputadas y Diputados integrantes del Grupo Parlamentario \u201cGral. Eulalio Guti\u00e9rrez Ortiz\u201d, del Partido Revolucionario Institucional.<\/td>\n<td class=\"Estilo91\" valign=\"middle\">\n<div align=\"left\">\n<p>Se crea la\u00a0Ley para la Protecci\u00f3n, Orientaci\u00f3n y Ayuda a los Migrantes del Estado de Coahuila.<\/p>\n<\/div>\n<\/td>\n<td class=\"Estilo91\" align=\"center\">\n<div align=\"center\"><a href=\"http:\/\/congresocoahuila.gob.mx\/portal\/wp-content\/uploads\/2014\/11\/20150617_070_PRI.doc\">17 de Junio de 2015<\/a><\/div>\n<\/td>\n<\/tr>\n<tr>\n<td class=\"Estilo91\" style=\"text-align: left;\" valign=\"top\" bgcolor=\"#e1e1e1\">Diputado Jes\u00fas de Le\u00f3n Tello,\u00a0conjuntamente con las Diputadas y Diputados integrantes del Grupo Parlamentario \u201cAlonso Lujambio Iraz\u00e1bal\u201d, del Partido Acci\u00f3n Nacional.<\/td>\n<td class=\"Estilo91\" valign=\"middle\" bgcolor=\"#e1e1e1\">\n<div align=\"left\">\n<p>Reforma al\u00a0C\u00f3digo Civil para el Estado de Coahuila de Zaragoza y al\u00a0C\u00f3digo Penal del Estado de Coahuila de Zaragoza.<\/p>\n<\/div>\n<\/td>\n<td class=\"Estilo91\" align=\"center\" bgcolor=\"#e1e1e1\">\n<div align=\"center\"><a href=\"http:\/\/congresocoahuila.gob.mx\/portal\/wp-content\/uploads\/2014\/11\/20150617_071_PAN.doc\">17 de Junio de 2015<\/a><\/div>\n<\/td>\n<\/tr>\n<tr>\n<td class=\"Estilo91\" style=\"text-align: left;\" valign=\"top\">Diputado Javier de Jes\u00fas Rodr\u00edguez Mendoza, del Grupo Parlamentario \u201cJos\u00e9 Mario Molina Pasquel y Enr\u00edquez\u201d, del Partido Verde Ecologista de M\u00e9xico.<\/td>\n<td class=\"Estilo91\" valign=\"middle\">\n<div align=\"left\">\n<p>Reforma a la\u00a0Ley de Fomento a la Lectura y el Libro para el Estado de Coahuila de Zaragoza.<\/p>\n<\/div>\n<\/td>\n<td class=\"Estilo91\" align=\"center\">\n<div align=\"center\"><a href=\"http:\/\/congresocoahuila.gob.mx\/portal\/wp-content\/uploads\/2014\/11\/20150617_072_PVEM.doc\">17 de Junio de 2015<\/a><\/div>\n<\/td>\n<\/tr>\n<tr>\n<td class=\"Estilo91\" style=\"text-align: left;\" valign=\"top\" bgcolor=\"#e1e1e1\">Diputada Claudia Elisa Morales Salazar, de la Fracci\u00f3n Parlamentaria, \u201cLic. Gilberto Rinc\u00f3n Gallardo\u201d\u00a0 del Partido Socialdem\u00f3crata de Coahuila.<\/td>\n<td class=\"Estilo91\" valign=\"middle\" bgcolor=\"#e1e1e1\">\n<div align=\"left\">\n<p>Reforma al\u00a0C\u00f3digo Penal del Estado de Coahuila de Zaragoza.<\/p>\n<\/div>\n<\/td>\n<td class=\"Estilo91\" align=\"center\" bgcolor=\"#e1e1e1\">\n<div align=\"center\"><a href=\"http:\/\/congresocoahuila.gob.mx\/portal\/wp-content\/uploads\/2014\/11\/20150617_073_PSD.doc\">17 de Junio de 2015<\/a><\/div>\n<\/td>\n<\/tr>\n<tr>\n<td class=\"Estilo91\" style=\"text-align: left;\" valign=\"top\">Diputada Luisa Ivone Gallegos Mart\u00ednez, de la Fracci\u00f3n Parlamentaria \u201cDorotea de la Fuente Flores\u201d del Partido Nueva Alianza, Diputado Leonel Contreras P\u00e1manes, de la Fracci\u00f3n Parlamentaria \u201cManuel Mu\u00f1oz Olivares\u201d, del Partido Primero Coahuila, y el Diputado Sergio Garza Castillo, de la Fracci\u00f3n Parlamentaria \u201cHilda Graciela Rivera de P\u00e9rez Arreola\u201d del partido Unidad Democr\u00e1tica de Coahuila.<\/td>\n<td class=\"Estilo91\" valign=\"middle\">\n<div align=\"left\">\n<p>Se crea la\u00a0Ley del Seguro Educativo para el Estado de Coahuila de Zaragoza.<\/p>\n<\/div>\n<\/td>\n<td class=\"Estilo91\" align=\"center\">\n<div align=\"center\"><a href=\"http:\/\/congresocoahuila.gob.mx\/portal\/wp-content\/uploads\/2014\/11\/20150617_074_PNA_PPC_UDC.doc\">17 de Junio de 2015<\/a><\/div>\n<\/td>\n<\/tr>\n<tr>\n<td class=\"Estilo91\" style=\"text-align: left;\" valign=\"top\" bgcolor=\"#e1e1e1\">Diputado Leonel Contreras P\u00e1manes, de la Fracci\u00f3n Parlamentaria \u201cManuel Mu\u00f1oz Olivares\u201d, del Partido Primero Coahuila, Diputada Luisa Ivone Gallegos Mart\u00ednez, de la Fracci\u00f3n Parlamentaria \u201cDorotea de la Fuente Flores\u201d del Partido Nueva Alianza; y el Diputado Sergio Garza Castillo, de la Fracci\u00f3n Parlamentaria \u201cHilda Graciela Rivera de P\u00e9rez Arreola\u201d del Partido Unidad Democr\u00e1tica de Coahuila.<\/td>\n<td class=\"Estilo91\" valign=\"middle\" bgcolor=\"#e1e1e1\">\n<div align=\"left\">\n<p>Reforma a la\u00a0Constituci\u00f3n Pol\u00edtica del Estado de Coahuila de Zaragoza.<\/p>\n<\/div>\n<\/td>\n<td class=\"Estilo91\" align=\"center\" bgcolor=\"#e1e1e1\">\n<div align=\"center\"><a href=\"http:\/\/congresocoahuila.gob.mx\/portal\/wp-content\/uploads\/2017\/01\/20150623_075_PPC_PNA_UDC.doc\">23 de Junio de 2015<\/a><\/div>\n<\/td>\n<\/tr>\n<tr>\n<td class=\"Estilo91\" style=\"text-align: left;\" valign=\"top\">Diputado Sergio Garza Castillo, de la Fracci\u00f3n Parlamentaria \u201cHilda Graciela Rivera de P\u00e9rez Arreola\u201d del partido Unidad Democr\u00e1tica de Coahuila, Diputada Luisa Ivone Gallegos Mart\u00ednez, de la Fracci\u00f3n Parlamentaria \u201cDorotea de la Fuente Flores\u201d del Partido Nueva Alianza y el Diputado Leonel Contreras P\u00e1manes, de la Fracci\u00f3n Parlamentaria \u201cManuel Mu\u00f1oz Olivares\u201d, del Partido Primero Coahuila.<\/td>\n<td class=\"Estilo91\" valign=\"middle\">\n<div align=\"left\">\n<p>Reforma a la\u00a0Constituci\u00f3n Pol\u00edtica del Estado de Coahuila de Zaragoza.<\/p>\n<\/div>\n<\/td>\n<td class=\"Estilo91\" align=\"center\">\n<div align=\"center\"><a href=\"http:\/\/congresocoahuila.gob.mx\/portal\/wp-content\/uploads\/2014\/11\/20150623_076_UDC_PNA_PPC.doc\">23 de Junio de 2015<\/a><\/div>\n<\/td>\n<\/tr>\n<tr>\n<td class=\"Estilo91\" style=\"text-align: left;\" valign=\"top\" bgcolor=\"#e1e1e1\">Diputada Lilia Isabel Guti\u00e9rrez Burciaga y el Diputado Luis Gurza Jaidar,\u00a0conjuntamente con las Diputadas y Diputados integrantes del Grupo Parlamentario \u201cGral. Eulalio Guti\u00e9rrez Ortiz\u201d, del Partido Revolucionario Institucional.<\/td>\n<td class=\"Estilo91\" valign=\"middle\" bgcolor=\"#e1e1e1\">\n<div align=\"left\">\n<p>Reforma a la\u00a0Ley de Aguas para los Municipios del Estado de Coahuila de Zaragoza.<\/p>\n<\/div>\n<\/td>\n<td class=\"Estilo91\" align=\"center\" bgcolor=\"#e1e1e1\">\n<div align=\"center\"><a href=\"http:\/\/congresocoahuila.gob.mx\/portal\/wp-content\/uploads\/2014\/11\/20150623_077_PRI.doc\">23 de Junio de 2015<\/a><\/div>\n<\/td>\n<\/tr>\n<tr>\n<td class=\"Estilo91\" style=\"text-align: left;\" valign=\"top\">Diputado Jos\u00e9 Armando Pruneda Valdez,\u00a0conjuntamente con las Diputadas y Diputados integrantes del Grupo Parlamentario \u201cAlonso Lujambio Iraz\u00e1bal\u201d, del Partido Acci\u00f3n Nacional.<\/td>\n<td class=\"Estilo91\" valign=\"middle\">\n<div align=\"left\">\n<p>Reforma al\u00a0C\u00f3digo Financiero para los Municipios del Estado de Coahuila de Zaragoza.<\/p>\n<\/div>\n<\/td>\n<td class=\"Estilo91\" align=\"center\">\n<div align=\"center\"><a href=\"http:\/\/congresocoahuila.gob.mx\/portal\/wp-content\/uploads\/2014\/11\/20150623_078_PAN.doc\">23 de Junio de 2015<\/a><\/div>\n<\/td>\n<\/tr>\n<tr>\n<td class=\"Estilo91\" style=\"text-align: left;\" valign=\"top\" bgcolor=\"#e1e1e1\">Diputado Leonel Contreras P\u00e1manes, de la Fracci\u00f3n Parlamentaria \u201cManuel Mu\u00f1oz Olivares\u201d, del Partido Primero Coahuila, Diputada Luisa Ivone Gallegos Mart\u00ednez, de la Fracci\u00f3n Parlamentaria \u201cDorotea de la Fuente Flores\u201d del Partido Nueva Alianza; y el Diputado Sergio Garza Castillo, de la Fracci\u00f3n Parlamentaria \u201cHilda Graciela Rivera de P\u00e9rez Arreola\u201d del Partido Unidad Democr\u00e1tica de Coahuila.<\/td>\n<td class=\"Estilo91\" valign=\"middle\" bgcolor=\"#e1e1e1\">\n<div align=\"left\">\n<p>Reforma al\u00a0C\u00f3digo Electoral del Estado de Coahuila de Zaragoza.<\/p>\n<\/div>\n<\/td>\n<td class=\"Estilo91\" align=\"center\" bgcolor=\"#e1e1e1\">\n<div align=\"center\"><a href=\"http:\/\/congresocoahuila.gob.mx\/portal\/wp-content\/uploads\/2014\/11\/20150623_079_PPC_PNA_UDC.doc\">23 de Junio de 2015<\/a><\/div>\n<\/td>\n<\/tr>\n<tr>\n<td class=\"Estilo91\" style=\"text-align: left;\" valign=\"top\">Diputada Luisa Ivone Gallegos Mart\u00ednez, en representaci\u00f3n de la Fracci\u00f3n Parlamentaria \u201cDorotea de la Fuente Flores\u201d del Partido Nueva Alianza; Diputado Leonel Contreras P\u00e1manes, de la Fracci\u00f3n Parlamentaria \u201cManuel Mu\u00f1oz Olivares\u201d, del Partido Primero Coahuila y el Diputado Sergio Garza Castillo, de la Fracci\u00f3n Parlamentaria \u201cHilda Graciela Rivera de P\u00e9rez Arreola\u201d del Partido Unidad Democr\u00e1tica de Coahuila.<\/td>\n<td class=\"Estilo91\" valign=\"middle\">\n<div align=\"left\">\n<p>Se crea la Ley que crea el Instituto Estatal de Investigaci\u00f3n, Prevenci\u00f3n y Tratamiento de la Diabetes Mellitus.<\/p>\n<\/div>\n<\/td>\n<td class=\"Estilo91\" align=\"center\">\n<div align=\"center\"><a href=\"http:\/\/congresocoahuila.gob.mx\/portal\/wp-content\/uploads\/2014\/11\/20150623_080_PNA_PPC_UDC.doc\">23 de Junio de 2015<\/a><\/div>\n<\/td>\n<\/tr>\n<tr>\n<td class=\"Estilo91\" style=\"text-align: left;\" valign=\"top\" bgcolor=\"#e1e1e1\">Diputada Ver\u00f3nica Mart\u00ednez Garc\u00eda,\u00a0conjuntamente con las Diputadas y Diputados integrantes del Grupo Parlamentario \u201cGral. Eulalio Guti\u00e9rrez Ortiz\u201d, del Partido Revolucionario Institucional.<\/td>\n<td class=\"Estilo91\" valign=\"middle\" bgcolor=\"#e1e1e1\">\n<div align=\"left\">\n<p>Se crea la\u00a0Ley de Fomento de la Cultura de la Legalidad y de los Derechos Humanos para el Estado de Coahuila de Zaragoza.<\/p>\n<\/div>\n<\/td>\n<td class=\"Estilo91\" align=\"center\" bgcolor=\"#e1e1e1\">\n<div align=\"center\"><a href=\"http:\/\/congresocoahuila.gob.mx\/portal\/wp-content\/uploads\/2014\/11\/20150623_081_PRI.doc\">23 de Junio de 2015<\/a><\/div>\n<\/td>\n<\/tr>\n<tr>\n<td class=\"Estilo91\" style=\"text-align: left;\" valign=\"top\">Diputada Yolanda Olga Acu\u00f1a Contreras,\u00a0conjuntamente con las Diputadas y Diputados integrantes del Grupo Parlamentario \u201cAlonso Lujambio Iraz\u00e1bal\u201d, del Partido Acci\u00f3n Nacional.<\/td>\n<td class=\"Estilo91\" valign=\"middle\">\n<div align=\"left\">\n<p>Reforma a la\u00a0Ley de Acceso a la Informaci\u00f3n P\u00fablica y Protecci\u00f3n de Datos Personales para el Estado de Coahuila de Zaragoza.<\/p>\n<\/div>\n<\/td>\n<td class=\"Estilo91\" align=\"center\">\n<div align=\"center\"><a href=\"http:\/\/congresocoahuila.gob.mx\/portal\/wp-content\/uploads\/2014\/11\/20150623_082_PAN.doc\">23 de Junio de 2015<\/a><\/div>\n<\/td>\n<\/tr>\n<tr>\n<td class=\"Estilo91\" style=\"text-align: left;\" valign=\"top\" bgcolor=\"#e1e1e1\">Diputado Jos\u00e9 Mar\u00eda Fraustro Siller,\u00a0conjuntamente con las Diputadas y Diputados integrantes del Grupo Parlamentario \u201cGral. Eulalio Guti\u00e9rrez Ortiz\u201d, del Partido Revolucionario Institucional.<\/td>\n<td class=\"Estilo91\" valign=\"middle\" bgcolor=\"#e1e1e1\">\n<div align=\"left\">\n<p>Se crea la\u00a0Ley para la Micro, Peque\u00f1a y Mediana Empresa del Estado de Coahuila de Zaragoza.<\/p>\n<\/div>\n<\/td>\n<td class=\"Estilo91\" align=\"center\" bgcolor=\"#e1e1e1\">\n<div align=\"center\"><a href=\"http:\/\/congresocoahuila.gob.mx\/portal\/wp-content\/uploads\/2014\/11\/20150623_083_PRI.doc\">23 de Junio de 2015<\/a><\/div>\n<\/td>\n<\/tr>\n<tr>\n<td class=\"Estilo91\" style=\"text-align: left;\" valign=\"top\">Ejecutivo del Estado, Lic. Rub\u00e9n Ignacio Moreira Valdez.<\/td>\n<td class=\"Estilo91\" valign=\"middle\">\n<div align=\"left\">\n<p>Reforma al\u00a0C\u00f3digo Penal del Estado de Coahuila de Zaragoza.<\/p>\n<\/div>\n<\/td>\n<td class=\"Estilo91\" align=\"center\">\n<div align=\"center\"><a href=\"http:\/\/congresocoahuila.gob.mx\/portal\/wp-content\/uploads\/2014\/11\/20150701_012_Ejec.doc\">1 de Julio de 2015<\/a><\/div>\n<\/td>\n<\/tr>\n<tr>\n<td class=\"Estilo91\" style=\"text-align: left;\" valign=\"top\" bgcolor=\"#e1e1e1\">Ejecutivo del Estado, Lic. Rub\u00e9n Ignacio Moreira Valdez.<\/td>\n<td class=\"Estilo91\" valign=\"middle\" bgcolor=\"#e1e1e1\">\n<div align=\"left\">\n<p>Reforma al\u00a0C\u00f3digo Civil para el Estado de Coahuila de Zaragoza y al\u00a0C\u00f3digo Procesal Civil para el Estado de Coahuila de Zaragoza.<\/p>\n<\/div>\n<\/td>\n<td class=\"Estilo91\" align=\"center\" bgcolor=\"#e1e1e1\">\n<div align=\"center\"><a href=\"http:\/\/congresocoahuila.gob.mx\/portal\/wp-content\/uploads\/2014\/11\/20150701_013_Ejec.doc\">1 de Julio de 2015<\/a><\/div>\n<\/td>\n<\/tr>\n<tr>\n<td class=\"Estilo91\" style=\"text-align: left;\" valign=\"top\">Ejecutivo del Estado, Lic. Rub\u00e9n Ignacio Moreira Valdez.<\/td>\n<td class=\"Estilo91\" valign=\"middle\">\n<div align=\"left\">\n<p>Reforma a la\u00a0Constituci\u00f3n Pol\u00edtica del Estado; Ley Org\u00e1nica de la Administraci\u00f3n P\u00fablica del Estado; Ley de Responsabilidades de los Servidores P\u00fablicos Estatales y Municipales del Estado; Ley Reglamentaria del Presupuesto de Egresos del Estado y Ley de Hacienda para el Estado de Coahuila de Zaragoza.<\/p>\n<\/div>\n<\/td>\n<td class=\"Estilo91\" align=\"center\">\n<div align=\"center\"><a href=\"http:\/\/congresocoahuila.gob.mx\/portal\/wp-content\/uploads\/2014\/11\/20150805_014_Ejec.doc\">5 de Agosto de 2015<\/a><\/div>\n<\/td>\n<\/tr>\n<tr>\n<td class=\"Estilo91\" style=\"text-align: left;\" valign=\"top\" bgcolor=\"#e1e1e1\">Ejecutivo del Estado, Lic. Rub\u00e9n Ignacio Moreira Valdez.<\/td>\n<td class=\"Estilo91\" valign=\"middle\" bgcolor=\"#e1e1e1\">\n<div align=\"left\">\n<p>Se crea la\u00a0Ley de la Unidad de Cuenta del Estado.<\/p>\n<\/div>\n<\/td>\n<td class=\"Estilo91\" align=\"center\" bgcolor=\"#e1e1e1\">\n<div align=\"center\"><a href=\"http:\/\/congresocoahuila.gob.mx\/portal\/wp-content\/uploads\/2014\/11\/20150805_015_Ejec.doc\">5 de Agosto de 2015<\/a><\/div>\n<\/td>\n<\/tr>\n<tr>\n<td class=\"Estilo91\" style=\"text-align: left;\" valign=\"top\">Ejecutivo del Estado, Lic. Rub\u00e9n Ignacio Moreira Valdez.<\/td>\n<td class=\"Estilo91\" valign=\"middle\">\n<div align=\"left\">\n<p>Reforma al\u00a0C\u00f3digo Civil y del C\u00f3digo Procesal Civil del Estado.<\/p>\n<\/div>\n<\/td>\n<td class=\"Estilo91\" align=\"center\">\n<div align=\"center\"><a href=\"http:\/\/congresocoahuila.gob.mx\/portal\/wp-content\/uploads\/2014\/11\/20150805_016_Ejec.doc\">5 de Agosto de 2015<\/a><\/div>\n<\/td>\n<\/tr>\n<tr>\n<td class=\"Estilo91\" style=\"text-align: left;\" valign=\"top\" bgcolor=\"#e1e1e1\">Ejecutivo del Estado, Lic. Rub\u00e9n Ignacio Moreira Valdez.<\/td>\n<td class=\"Estilo91\" valign=\"middle\" bgcolor=\"#e1e1e1\">\n<div align=\"left\">\n<p>Reforma a la\u00a0Ley de Adquisiciones, Arrendamientos y Contrataci\u00f3n de Servicios para el Estado de Coahuila de Zaragoza y la Ley de Obras P\u00fablicas y Servicios Relacionados con las Mismas para el Estado de Coahuila de Zaragoza.<\/p>\n<\/div>\n<\/td>\n<td class=\"Estilo91\" align=\"center\" bgcolor=\"#e1e1e1\">\n<div align=\"center\"><a href=\"http:\/\/congresocoahuila.gob.mx\/portal\/wp-content\/uploads\/2014\/11\/20150805_017_Ejec.doc\">5 de Agosto de 2015<\/a><\/div>\n<\/td>\n<\/tr>\n<tr>\n<td class=\"Estilo91\" style=\"text-align: left;\" valign=\"top\">Ejecutivo del Estado, Lic. Rub\u00e9n Ignacio Moreira Valdez.<\/td>\n<td class=\"Estilo91\" valign=\"middle\">\n<div align=\"left\">\n<p>Reforma a la\u00a0Ley de Tr\u00e1nsito y Transporte del Estado y del C\u00f3digo Penal del Estado.<\/p>\n<\/div>\n<\/td>\n<td class=\"Estilo91\" align=\"center\">\n<div align=\"center\"><a href=\"http:\/\/congresocoahuila.gob.mx\/portal\/wp-content\/uploads\/2014\/11\/20150805_018_Ejec.doc\">5 de Agosto de 2015<\/a><\/div>\n<\/td>\n<\/tr>\n<tr>\n<td class=\"Estilo91\" style=\"text-align: left;\" valign=\"top\" bgcolor=\"#e1e1e1\">Ejecutivo del Estado, Lic. Rub\u00e9n Ignacio Moreira Valdez, de manera conjunta con el Diputado Javier de Jes\u00fas Rodr\u00edguez Mendoza y la Diputada Claudia Elisa Morales Salazar.<\/td>\n<td class=\"Estilo91\" valign=\"middle\" bgcolor=\"#e1e1e1\">\n<div align=\"left\">\n<p>Reforma a la\u00a0Ley de Protecci\u00f3n y Trato Digno a los Animales para el Estado de Coahuila de Zaragoza.<\/p>\n<\/div>\n<\/td>\n<td class=\"Estilo91\" align=\"center\" bgcolor=\"#e1e1e1\">\n<div align=\"center\"><a href=\"http:\/\/congresocoahuila.gob.mx\/portal\/wp-content\/uploads\/2014\/11\/20150805_019_Ejec.doc\">5 de Agosto de 2015<\/a><\/div>\n<\/td>\n<\/tr>\n<tr>\n<td class=\"Estilo91\" style=\"text-align: left;\" valign=\"top\">Ejecutivo del Estado, Lic. Rub\u00e9n Ignacio Moreira Valdez y el Consejero Presidente del Instituto Coahuilense de Acceso a la Informaci\u00f3n P\u00fablica, Jes\u00fas Homero Flores Mier.<\/td>\n<td class=\"Estilo91\" valign=\"middle\">\n<div align=\"left\">\n<p>Reforma a la\u00a0Ley de Acceso a la Informaci\u00f3n P\u00fablica y Protecci\u00f3n de Datos Personales para el Estado de Coahuila de Zaragoza.<\/p>\n<\/div>\n<\/td>\n<td class=\"Estilo91\" align=\"center\">\n<div align=\"center\"><a href=\"http:\/\/congresocoahuila.gob.mx\/portal\/wp-content\/uploads\/2014\/11\/20150819_020_Ejec.doc\">19 de Agosto de 2015<\/a><\/div>\n<\/td>\n<\/tr>\n<tr>\n<td class=\"Estilo91\" style=\"text-align: left;\" valign=\"top\" bgcolor=\"#e1e1e1\">Ejecutivo del Estado, Lic. Rub\u00e9n Ignacio Moreira Valdez.<\/td>\n<td class=\"Estilo91\" valign=\"middle\" bgcolor=\"#e1e1e1\">\n<div align=\"left\">\n<p>Se abroga Ley para el Funcionamiento de las Juntas de Mejoras Materiales del Estado.<\/p>\n<\/div>\n<\/td>\n<td class=\"Estilo91\" align=\"center\" bgcolor=\"#e1e1e1\">\n<div align=\"center\"><a href=\"http:\/\/congresocoahuila.gob.mx\/portal\/wp-content\/uploads\/2014\/11\/20150819_021_Ejec.doc\">19 de Agosto de 2015<\/a><\/div>\n<\/td>\n<\/tr>\n<tr>\n<td class=\"Estilo91\" style=\"text-align: left;\" valign=\"top\">Diputada Lilia Isabel Guti\u00e9rrez Burciaga, conjuntamente con las Diputadas y Diputados integrantes del Grupo Parlamentario \u201cGral. Eulalio Guti\u00e9rrez Ortiz\u201d, del Partido Revolucionario Institucional, as\u00ed como la Dip. Luisa Ivone Gallegos Mart\u00ednez, de la Fracci\u00f3n Parlamentaria\u00a0 \u201cDorotea de la Fuente Flores\u201d del Partido Nueva Alianza y la Dip. Claudia Elisa Morales Salazar, de la Fracci\u00f3n Parlamentaria \u201cLic. Gilberto Rinc\u00f3n Gallardo\u201d, del Partido Socialdem\u00f3crata de Coahuila.<\/td>\n<td class=\"Estilo91\" valign=\"middle\">\n<div align=\"left\">\n<p>Reforma a la\u00a0Constituci\u00f3n Pol\u00edtica del Estado de Coahuila de Zaragoza.<\/p>\n<\/div>\n<\/td>\n<td class=\"Estilo91\" align=\"center\">\n<div align=\"center\"><a href=\"http:\/\/congresocoahuila.gob.mx\/portal\/wp-content\/uploads\/2014\/11\/20150828_084_PRI_PNA_PSD.doc\">28 de Agosto de 2015<\/a><\/div>\n<\/td>\n<\/tr>\n<tr>\n<td class=\"Estilo91\" style=\"text-align: left;\" valign=\"top\" bgcolor=\"#e1e1e1\">Diputada Martha Garay Cadena, conjuntamente con las Diputadas y Diputados integrantes del Grupo Parlamentario \u201cGral. Eulalio Guti\u00e9rrez Ortiz\u201d, del Partido Revolucionario Institucional, as\u00ed como la Dip. Luisa Ivone Gallegos Mart\u00ednez, de la Fracci\u00f3n Parlamentaria\u00a0 \u201cDorotea de la Fuente Flores\u201d del Partido Nueva Alianza y la Dip. Claudia Elisa Morales Salazar, de la Fracci\u00f3n Parlamentaria \u201cLic. Gilberto Rinc\u00f3n Gallardo\u201d, del Partido Socialdem\u00f3crata de Coahuila.<\/td>\n<td class=\"Estilo91\" valign=\"middle\" bgcolor=\"#e1e1e1\">\n<div align=\"left\">\n<p>Reforma a la\u00a0Constituci\u00f3n Pol\u00edtica del Estado de Coahuila de Zaragoza.<\/p>\n<\/div>\n<\/td>\n<td class=\"Estilo91\" align=\"center\" bgcolor=\"#e1e1e1\">\n<div align=\"center\"><a href=\"http:\/\/congresocoahuila.gob.mx\/portal\/wp-content\/uploads\/2014\/11\/20150828_085_PRI_PNA_PSD.doc\">28 de Agosto de 2015<\/a><\/div>\n<\/td>\n<\/tr>\n<tr>\n<td class=\"Estilo91\" style=\"text-align: left;\" valign=\"top\">Diputadas Georgina Cano Torralva y Martha Hortensia Garay Cadena,\u00a0conjuntamente con las Diputadas y Diputados integrantes del Grupo Parlamentario \u201cGral. Eulalio Guti\u00e9rrez Ortiz\u201d, del Partido Revolucionario Institucional.<\/td>\n<td class=\"Estilo91\" valign=\"middle\">\n<div align=\"left\">\n<p>Reforma a la\u00a0Ley Estatal de Salud.<\/p>\n<\/div>\n<\/td>\n<td class=\"Estilo91\" align=\"center\">\n<div align=\"center\"><a href=\"http:\/\/congresocoahuila.gob.mx\/portal\/wp-content\/uploads\/2014\/11\/20150901_086_PRI.doc\">1 de Septiembre de 2015<\/a><\/div>\n<\/td>\n<\/tr>\n<tr>\n<td class=\"Estilo91\" style=\"text-align: left;\" valign=\"top\" bgcolor=\"#e1e1e1\">Diputada Claudia Elisa Morales Salazar, de la Fracci\u00f3n Parlamentaria, \u201cLic. Gilberto Rinc\u00f3n Gallardo\u201d\u00a0 del Partido Socialdem\u00f3crata de Coahuila.<\/td>\n<td class=\"Estilo91\" valign=\"middle\" bgcolor=\"#e1e1e1\">\n<div align=\"left\">\n<p>Reforma al\u00a0C\u00f3digo Penal del Estado de Coahuila de Zaragoza.<\/p>\n<\/div>\n<\/td>\n<td class=\"Estilo91\" align=\"center\" bgcolor=\"#e1e1e1\">\n<div align=\"center\"><a href=\"http:\/\/congresocoahuila.gob.mx\/portal\/wp-content\/uploads\/2016\/05\/20150901_087_PSD.doc\">1 de Septiembre de 2015<\/a><\/div>\n<\/td>\n<\/tr>\n<tr>\n<td class=\"Estilo91\" style=\"text-align: left;\" valign=\"top\">Diputado Javier de Jes\u00fas Rodr\u00edguez Mendoza, del Grupo Parlamentario \u201cJos\u00e9 Mario Molina Pasquel y Enr\u00edquez\u201d, del Partido Verde Ecologista de M\u00e9xico.<\/td>\n<td class=\"Estilo91\" valign=\"middle\">\n<div align=\"left\">\n<p>Reforma a la\u00a0Ley para el Desarrollo e Inclusi\u00f3n de las Personas con Discapacidad del Estado de Coahuila de Zaragoza.<\/p>\n<\/div>\n<\/td>\n<td class=\"Estilo91\" align=\"center\">\n<div align=\"center\"><a href=\"http:\/\/congresocoahuila.gob.mx\/portal\/wp-content\/uploads\/2014\/11\/20150901_088_PVEM.doc\">1 de Septiembre de 2015<\/a><\/div>\n<\/td>\n<\/tr>\n<tr>\n<td class=\"Estilo91\" style=\"text-align: left;\" valign=\"top\" bgcolor=\"#e1e1e1\">Diputada Ver\u00f3nica Mart\u00ednez Garc\u00eda,\u00a0conjuntamente con las Diputadas y Diputados integrantes del Grupo Parlamentario \u201cGral. Eulalio Guti\u00e9rrez Ortiz\u201d, del Partido Revolucionario Institucional.<\/td>\n<td class=\"Estilo91\" valign=\"middle\" bgcolor=\"#e1e1e1\">\n<div align=\"left\">\n<p>Reforma a la\u00a0Ley General para Prevenir, Sancionar y Erradicar los Delitos en Materia de Trata de Personas y para la Protecci\u00f3n y Asistencia a las V\u00edctimas de estos Delitos.<\/p>\n<\/div>\n<\/td>\n<td class=\"Estilo91\" align=\"center\" bgcolor=\"#e1e1e1\">\n<div align=\"center\"><a href=\"http:\/\/congresocoahuila.gob.mx\/portal\/wp-content\/uploads\/2014\/11\/20150901_089_PRI.doc\">1 de Septiembre de 2015<\/a><\/div>\n<\/td>\n<\/tr>\n<tr>\n<td class=\"Estilo91\" style=\"text-align: left;\" valign=\"top\">Diputada Georgina Cano Torralva,\u00a0conjuntamente con las Diputadas y Diputados integrantes del Grupo Parlamentario \u201cGral. Eulalio Guti\u00e9rrez Ortiz\u201d, del Partido Revolucionario Institucional.<\/td>\n<td class=\"Estilo91\" valign=\"middle\">\n<div align=\"left\">\n<p>Reforma a la\u00a0Ley para la Implementaci\u00f3n de los Sistemas de Pensiones de los Municipios del Estado de Coahuila de Zaragoza.<\/p>\n<\/div>\n<\/td>\n<td class=\"Estilo91\" align=\"center\">\n<div align=\"center\"><a href=\"http:\/\/congresocoahuila.gob.mx\/portal\/wp-content\/uploads\/2014\/11\/20150903_090_PRI.doc\">3 de Septiembre de 2015<\/a><\/div>\n<\/td>\n<\/tr>\n<tr>\n<td class=\"Estilo91\" style=\"text-align: left;\" valign=\"top\" bgcolor=\"#e1e1e1\">Diputada Lariza Montiel Luis,\u00a0conjuntamente con las Diputadas y Diputados integrantes del Grupo Parlamentario \u201cAlonso Lujambio Iraz\u00e1bal\u201d, del Partido Acci\u00f3n Nacional.<\/td>\n<td class=\"Estilo91\" valign=\"middle\" bgcolor=\"#e1e1e1\">\n<div align=\"left\">\n<p>Reforma a la\u00a0Ley de Tr\u00e1nsito y Transporte, C\u00f3digo Municipal, Ley de Equilibrio Ecol\u00f3gico y la Protecci\u00f3n al Ambiente, Ley de Asentamientos Humanos y Desarrollo Urbano y Ley Estatal de Educaci\u00f3n.<\/p>\n<\/div>\n<\/td>\n<td class=\"Estilo91\" align=\"center\" bgcolor=\"#e1e1e1\">\n<div align=\"center\"><a href=\"http:\/\/congresocoahuila.gob.mx\/portal\/wp-content\/uploads\/2016\/05\/20150903_091_PAN.doc\">3 de Septiembre de 2015<\/a><\/div>\n<\/td>\n<\/tr>\n<tr>\n<td class=\"Estilo91\" style=\"text-align: left;\" valign=\"top\">Diputada Luisa Ivone Gallegos Mart\u00ednez, de la Fracci\u00f3n Parlamentaria \u201cDorotea de la Fuente Flores\u201d, del Partido Nueva Alianza.<\/td>\n<td class=\"Estilo91\" valign=\"middle\">\n<div align=\"left\">\n<p>Reforma al\u00a0C\u00f3digo Penal del Estado de Coahuila de Zaragoza.<\/p>\n<\/div>\n<\/td>\n<td class=\"Estilo91\" align=\"center\">\n<div align=\"center\"><a href=\"http:\/\/congresocoahuila.gob.mx\/portal\/wp-content\/uploads\/2016\/05\/20150903_092_PNA.doc\">3 de Septiembre de 2015<\/a><\/div>\n<\/td>\n<\/tr>\n<tr>\n<td class=\"Estilo91\" style=\"text-align: left;\" valign=\"top\" bgcolor=\"#e1e1e1\">Diputada Claudia Elisa Morales Salazar, de la Fracci\u00f3n Parlamentaria, \u201cLic. Gilberto Rinc\u00f3n Gallardo\u201d\u00a0 del Partido Socialdem\u00f3crata de Coahuila.<\/td>\n<td class=\"Estilo91\" valign=\"middle\" bgcolor=\"#e1e1e1\">\n<div align=\"left\">\n<p>Se crea la\u00a0Ley para la Regulaci\u00f3n de Albergues Privados Dedicados al Cuidado y Atenci\u00f3n de Personas Adultas Mayores del Estado de Coahuila de Zaragoza.<\/p>\n<\/div>\n<\/td>\n<td class=\"Estilo91\" align=\"center\" bgcolor=\"#e1e1e1\">\n<div align=\"center\"><a href=\"http:\/\/congresocoahuila.gob.mx\/portal\/wp-content\/uploads\/2014\/11\/20150903_093_PSD.doc\">3 de Septiembre de 2015<\/a><\/div>\n<\/td>\n<\/tr>\n<tr>\n<td class=\"Estilo91\" style=\"text-align: left;\" valign=\"top\">Diputada Sonia Villarreal P\u00e9rez,\u00a0conjuntamente con las Diputadas y Diputados integrantes del Grupo Parlamentario \u201cGral. Eulalio Guti\u00e9rrez Ortiz\u201d, del Partido Revolucionario Institucional.<\/td>\n<td class=\"Estilo91\" valign=\"middle\">\n<div align=\"left\">\n<p>Reforma a la\u00a0Ley de Asistencia Social y Protecci\u00f3n de Derechos del Estado de Coahuila de Zaragoza.<\/p>\n<\/div>\n<\/td>\n<td class=\"Estilo91\" align=\"center\">\n<div align=\"center\"><a href=\"http:\/\/congresocoahuila.gob.mx\/portal\/wp-content\/uploads\/2016\/05\/20150903_094_PRI.doc\">3 de Septiembre de 2015<\/a><\/div>\n<\/td>\n<\/tr>\n<tr>\n<td class=\"Estilo91\" style=\"text-align: left;\" valign=\"top\" bgcolor=\"#e1e1e1\">Diputada Claudia Elisa Morales Salazar, de la Fracci\u00f3n Parlamentaria, \u201cLic. Gilberto Rinc\u00f3n Gallardo\u201d\u00a0 del Partido Socialdem\u00f3crata de Coahuila.<\/td>\n<td class=\"Estilo91\" valign=\"middle\" bgcolor=\"#e1e1e1\">\n<div align=\"left\">\n<p>Reforma al C\u00f3digo Procesal Civil\u00a0 para el Estado de Coahuila de Zaragoza y a la Ley Org\u00e1nica del Poder Judicial del Estado de Coahuila de Zaragoza.<\/p>\n<\/div>\n<\/td>\n<td class=\"Estilo91\" align=\"center\" bgcolor=\"#e1e1e1\">\n<div align=\"center\"><a href=\"http:\/\/congresocoahuila.gob.mx\/portal\/wp-content\/uploads\/2014\/11\/20150903_095_PSD.doc\">3 de Septiembre de 2015<\/a><\/div>\n<\/td>\n<\/tr>\n<tr>\n<td class=\"Estilo91\" style=\"text-align: left;\" valign=\"top\">Diputado Luis Gurza Jaidar y Diputado Shamir Fern\u00e1ndez Hern\u00e1ndez,\u00a0conjuntamente con las Diputadas y Diputados integrantes del Grupo Parlamentario \u201cGral. Eulalio Guti\u00e9rrez Ortiz\u201d, del Partido Revolucionario Institucional.<\/td>\n<td class=\"Estilo91\" valign=\"middle\">\n<div align=\"left\">\n<p>Reforma a la\u00a0Ley de Asentamientos Humanos y Desarrollo Urbano del Estado de Coahuila de Zaragoza.<\/p>\n<\/div>\n<\/td>\n<td class=\"Estilo91\" align=\"center\">\n<div align=\"center\"><a href=\"http:\/\/congresocoahuila.gob.mx\/portal\/wp-content\/uploads\/2014\/11\/20150903_096_PRI.doc\">3 de Septiembre de 2015<\/a><\/div>\n<\/td>\n<\/tr>\n<tr>\n<td class=\"Estilo91\" style=\"text-align: left;\" valign=\"top\" bgcolor=\"#e1e1e1\">Diputada Ver\u00f3nica Mart\u00ednez Garc\u00eda,\u00a0conjuntamente con las Diputadas y Diputados integrantes del Grupo Parlamentario \u201cGral. Eulalio Guti\u00e9rrez Ortiz\u201d, del Partido Revolucionario Institucional.<\/td>\n<td class=\"Estilo91\" valign=\"middle\" bgcolor=\"#e1e1e1\">\n<div align=\"left\">\n<p>Reforma a la\u00a0Ley de Sociedades Mutualistas del Estado de Coahuila de Zaragoza.<\/p>\n<\/div>\n<\/td>\n<td class=\"Estilo91\" align=\"center\" bgcolor=\"#e1e1e1\">\n<div align=\"center\"><a href=\"http:\/\/congresocoahuila.gob.mx\/portal\/wp-content\/uploads\/2014\/11\/20150903_097_PRI.doc\">3 de Septiembre de 2015<\/a><\/div>\n<\/td>\n<\/tr>\n<tr>\n<td class=\"Estilo91\" style=\"text-align: left;\" valign=\"top\">C. Fernando Balleza Hern\u00e1ndez, Mario Alberto Moreno Vega, Juan Fernando S\u00e1nchez Rubio y Santiago Cepeda L\u00f3pez, en representaci\u00f3n de m\u00e1s de setenta T\u00e9cnicos Optometristas en el Estado.<\/td>\n<td class=\"Estilo91\" valign=\"middle\">\n<div align=\"left\">\n<p>Iniciativa Popular. Reforma a la\u00a0Ley Estatal de Salud, Ley de Profesiones para el Estado de Coahuila de Zaragoza.<\/p>\n<\/div>\n<\/td>\n<td class=\"Estilo91\" align=\"center\">\n<div align=\"center\"><a href=\"http:\/\/congresocoahuila.gob.mx\/portal\/wp-content\/uploads\/2014\/11\/Pop_20150903Ley_Estatal_de_Salud.pdf\">3 de Septiembre de 2015<\/a><\/div>\n<\/td>\n<\/tr>\n<tr>\n<td class=\"Estilo91\" style=\"text-align: left;\" valign=\"top\" bgcolor=\"#e1e1e1\">Diputada Yolanda Olga Acu\u00f1a Contreras,\u00a0conjuntamente con las Diputadas y Diputados integrantes del Grupo Parlamentario \u201cAlonso Lujambio Iraz\u00e1bal\u201d, del Partido Acci\u00f3n Nacional.<\/td>\n<td class=\"Estilo91\" valign=\"middle\" bgcolor=\"#e1e1e1\">\n<div align=\"left\">\n<p>Reforma a la\u00a0Constituci\u00f3n Pol\u00edtica del Estado de Coahuila de Zaragoza.<\/p>\n<\/div>\n<\/td>\n<td class=\"Estilo91\" align=\"center\" bgcolor=\"#e1e1e1\">\n<div align=\"center\"><a href=\"http:\/\/congresocoahuila.gob.mx\/portal\/wp-content\/uploads\/2014\/11\/20150909_098_PAN.doc\">9 de Septiembre de 2015<\/a><\/div>\n<\/td>\n<\/tr>\n<tr>\n<td class=\"Estilo91\" style=\"text-align: left;\" valign=\"top\">Diputada Martha Carolina Morales Iribarren,\u00a0conjuntamente con las Diputadas y Diputados integrantes del Grupo Parlamentario \u201cGral. Eulalio Guti\u00e9rrez Ortiz\u201d, del Partido Revolucionario Institucional.<\/td>\n<td class=\"Estilo91\" valign=\"middle\">\n<div align=\"left\">\n<p>Se crea la Ley de Apoyo al Reconocimiento de la Paternidad y Maternidad del Estado de Coahuila de Zaragoza.<\/p>\n<\/div>\n<\/td>\n<td class=\"Estilo91\" align=\"center\">\n<div align=\"center\"><a href=\"http:\/\/congresocoahuila.gob.mx\/portal\/wp-content\/uploads\/2014\/11\/20150909_099_PRI.doc\">9 de Septiembre de 2015<\/a><\/div>\n<\/td>\n<\/tr>\n<tr>\n<td class=\"Estilo91\" style=\"text-align: left;\" valign=\"top\" bgcolor=\"#e1e1e1\">Diputada Lariza Montiel Luis,\u00a0conjuntamente con las Diputadas y Diputados integrantes del Grupo Parlamentario \u201cAlonso Lujambio Iraz\u00e1bal\u201d, del Partido Acci\u00f3n Nacional.<\/td>\n<td class=\"Estilo91\" valign=\"middle\" bgcolor=\"#e1e1e1\">\n<div align=\"left\">\n<p>Reforma a la\u00a0Ley de Procedimiento Administrativo del Estado.<\/p>\n<\/div>\n<\/td>\n<td class=\"Estilo91\" align=\"center\" bgcolor=\"#e1e1e1\">\n<div align=\"center\"><a href=\"http:\/\/congresocoahuila.gob.mx\/portal\/wp-content\/uploads\/2014\/11\/20150909_100_PAN.doc\">9 de Septiembre de 2015<\/a><\/div>\n<\/td>\n<\/tr>\n<tr>\n<td class=\"Estilo91\" style=\"text-align: left;\" valign=\"top\">Diputado Sergio Garza Castillo, de la Fracci\u00f3n Parlamentaria \u201cHilda Graciela Rivera de P\u00e9rez Arreola\u201d del Partido Unidad Democr\u00e1tica de Coahuila.<\/td>\n<td class=\"Estilo91\" valign=\"middle\">\n<div align=\"left\">\n<p>Reforma a la\u00a0Ley Estatal de Educaci\u00f3n.<\/p>\n<\/div>\n<\/td>\n<td class=\"Estilo91\" align=\"center\">\n<div align=\"center\"><a href=\"http:\/\/congresocoahuila.gob.mx\/portal\/wp-content\/uploads\/2014\/11\/20150909_101_UDC.doc\">9 de Septiembre de 2015<\/a><\/div>\n<\/td>\n<\/tr>\n<tr>\n<td class=\"Estilo91\" style=\"text-align: left;\" valign=\"top\" bgcolor=\"#e1e1e1\">Diputado Leonel Contreras P\u00e1manes, de la Fracci\u00f3n Parlamentaria \u201cManuel Mu\u00f1oz Olivares\u201d, del Partido Primero Coahuila.<\/td>\n<td class=\"Estilo91\" valign=\"middle\" bgcolor=\"#e1e1e1\">\n<div align=\"left\">\n<p>Reforma al\u00a0C\u00f3digo Penal del Estado de Coahuila de Zaragoza.<\/p>\n<\/div>\n<\/td>\n<td class=\"Estilo91\" align=\"center\" bgcolor=\"#e1e1e1\">\n<div align=\"center\"><a href=\"http:\/\/congresocoahuila.gob.mx\/portal\/wp-content\/uploads\/2014\/11\/20150909_102_PPC.doc\">9 de Septiembre de 2015<\/a><\/div>\n<\/td>\n<\/tr>\n<tr>\n<td class=\"Estilo91\" style=\"text-align: left;\" valign=\"top\">Diputado Javier de Jes\u00fas Rodr\u00edguez Mendoza, de la Fracci\u00f3n Parlamentaria \u201cJos\u00e9 Mario Molina Pasquel y Henriquez\u201d, del Partido Verde Ecologista de M\u00e9xico.<\/td>\n<td class=\"Estilo91\" valign=\"middle\">\n<div align=\"left\">\n<p>Reforma a la Ley para el Desarrollo Integral de la Juventud del Estado de Coahuila de Zaragoza.<\/p>\n<\/div>\n<\/td>\n<td class=\"Estilo91\" align=\"center\">\n<div align=\"center\"><a href=\"http:\/\/congresocoahuila.gob.mx\/portal\/wp-content\/uploads\/2016\/05\/20150909_103_PVEM.doc\">9 de Septiembre de 2015<\/a><\/div>\n<\/td>\n<\/tr>\n<tr>\n<td class=\"Estilo91\" style=\"text-align: left;\" valign=\"top\" bgcolor=\"#e1e1e1\">Diputada Claudia Elisa Morales Salazar, de la Fracci\u00f3n Parlamentaria, \u201cLic. Gilberto Rinc\u00f3n Gallardo\u201d\u00a0 del Partido Socialdem\u00f3crata de Coahuila.<\/td>\n<td class=\"Estilo91\" valign=\"middle\" bgcolor=\"#e1e1e1\">\n<div align=\"left\">\n<p>Reforma a la\u00a0Ley de las Personas Adultas Mayores para el Estado de Coahuila de Zaragoza.<\/p>\n<\/div>\n<\/td>\n<td class=\"Estilo91\" align=\"center\" bgcolor=\"#e1e1e1\">\n<div align=\"center\"><a href=\"http:\/\/congresocoahuila.gob.mx\/portal\/wp-content\/uploads\/2014\/11\/20150909_104_PSD.doc\">9 de Septiembre de 2015<\/a><\/div>\n<\/td>\n<\/tr>\n<tr>\n<td class=\"Estilo91\" style=\"text-align: left;\" valign=\"top\">Diputado Jos\u00e9 Armando Pruneda Valdez,\u00a0conjuntamente con las Diputadas y Diputados integrantes del Grupo Parlamentario \u201cAlonso Lujambio Iraz\u00e1bal\u201d, del Partido Acci\u00f3n Nacional.<\/td>\n<td class=\"Estilo91\" valign=\"middle\">\n<div align=\"left\">\n<p>Reforma a la\u00a0Ley Estatal de Educaci\u00f3n.<\/p>\n<\/div>\n<\/td>\n<td class=\"Estilo91\" align=\"center\">\n<div align=\"center\"><a href=\"http:\/\/congresocoahuila.gob.mx\/portal\/wp-content\/uploads\/2014\/11\/20150909_105_PAN.doc\">9 de Septiembre de 2015<\/a><\/div>\n<\/td>\n<\/tr>\n<tr>\n<td class=\"Estilo91\" style=\"text-align: left;\" valign=\"top\" bgcolor=\"#e1e1e1\">Diputado Leonel Contreras P\u00e1manes, de la Fracci\u00f3n Parlamentaria \u201cManuel Mu\u00f1oz Olivares\u201d, del Partido Primero Coahuila y el Diputado Sergio Garza Castillo, de la Fracci\u00f3n Parlamentaria \u201cHilda Graciela Rivera de P\u00e9rez Arreola\u201d del Partido Unidad Democr\u00e1tica de Coahuila.<\/td>\n<td class=\"Estilo91\" valign=\"middle\" bgcolor=\"#e1e1e1\">\n<div align=\"left\">\n<p>Reforma al\u00a0C\u00f3digo Penal del Estado de Coahuila de Zaragoza.<\/p>\n<\/div>\n<\/td>\n<td class=\"Estilo91\" align=\"center\" bgcolor=\"#e1e1e1\">\n<div align=\"center\"><a href=\"http:\/\/congresocoahuila.gob.mx\/portal\/wp-content\/uploads\/2014\/11\/20150909_106_PPC_UDC.doc\">9 de Septiembre de 2015<\/a><\/div>\n<\/td>\n<\/tr>\n<tr>\n<td class=\"Estilo91\" style=\"text-align: left;\" valign=\"top\">Diputada Claudia Elisa Morales Salazar, de la Fracci\u00f3n Parlamentaria, \u201cLic. Gilberto Rinc\u00f3n Gallardo\u201d\u00a0 del Partido Socialdem\u00f3crata de Coahuila.<\/td>\n<td class=\"Estilo91\" valign=\"middle\">\n<div align=\"left\">\n<p>Reforma al\u00a0C\u00f3digo Procesal Civil para el Estado de Coahuila de Zaragoza.<\/p>\n<\/div>\n<\/td>\n<td class=\"Estilo91\" align=\"center\">\n<div align=\"center\"><a href=\"http:\/\/congresocoahuila.gob.mx\/portal\/wp-content\/uploads\/2014\/11\/20150909_107_PSD.doc\">9 de Septiembre de 2015<\/a><\/div>\n<\/td>\n<\/tr>\n<tr>\n<td class=\"Estilo91\" style=\"text-align: left;\" valign=\"top\" bgcolor=\"#e1e1e1\">Diputado Melchor S\u00e1nchez de la Fuente,\u00a0conjuntamente con las Diputadas y Diputados integrantes del Grupo Parlamentario \u201cGral. Eulalio Guti\u00e9rrez Ortiz\u201d, del Partido Revolucionario Institucional.<\/td>\n<td class=\"Estilo91\" valign=\"middle\" bgcolor=\"#e1e1e1\">\n<div align=\"left\">\n<p>Reforma a la\u00a0Ley de Hacienda para el Estado de Coahuila de Zaragoza.<\/p>\n<\/div>\n<\/td>\n<td class=\"Estilo91\" align=\"center\" bgcolor=\"#e1e1e1\">\n<div align=\"center\"><a href=\"http:\/\/congresocoahuila.gob.mx\/portal\/wp-content\/uploads\/2014\/11\/20150909_108_PRI.doc\">9 de Septiembre de 2015<\/a><\/div>\n<\/td>\n<\/tr>\n<tr>\n<td class=\"Estilo91\" style=\"text-align: left;\" valign=\"top\">Diputado Jes\u00fas de Le\u00f3n Tello,\u00a0conjuntamente con las Diputadas y Diputados integrantes del Grupo Parlamentario \u201cAlonso Lujambio Iraz\u00e1bal\u201d, del Partido Acci\u00f3n Nacional.<\/td>\n<td class=\"Estilo91\" valign=\"middle\">\n<div align=\"left\">\n<p>Reforma a la\u00a0Ley de Aguas para los Municipios del Estado de Coahuila de Zaragoza.<\/p>\n<\/div>\n<\/td>\n<td class=\"Estilo91\" align=\"center\">\n<div align=\"center\"><a href=\"http:\/\/congresocoahuila.gob.mx\/portal\/wp-content\/uploads\/2014\/11\/20150909_109_PAN.doc\">9 de Septiembre de 2015<\/a><\/div>\n<\/td>\n<\/tr>\n<tr>\n<td class=\"Estilo91\" style=\"text-align: left;\" valign=\"top\" bgcolor=\"#e1e1e1\">Diputada Sonia Villarreal P\u00e9rez,\u00a0conjuntamente con las Diputadas y Diputados integrantes del Grupo Parlamentario \u201cGral. Eulalio Guti\u00e9rrez Ortiz\u201d, del Partido Revolucionario Institucional.<\/td>\n<td class=\"Estilo91\" valign=\"middle\" bgcolor=\"#e1e1e1\">\n<div align=\"left\">\n<p>Se declara el 23 de febrero como \u00abD\u00eda Estatal del Rotarismo\u00bb.<\/p>\n<\/div>\n<\/td>\n<td class=\"Estilo91\" align=\"center\" bgcolor=\"#e1e1e1\">\n<div align=\"center\"><a href=\"http:\/\/congresocoahuila.gob.mx\/portal\/wp-content\/uploads\/2014\/11\/20150915PRIDia_del_Rotarismo.pdf\">15 de Septiembre de 2015<\/a><\/div>\n<\/td>\n<\/tr>\n<tr>\n<td class=\"Estilo91\" style=\"text-align: left;\" valign=\"top\">Diputado Jes\u00fas de Le\u00f3n Tello,\u00a0conjuntamente con las Diputadas y Diputados integrantes del Grupo Parlamentario \u201cAlonso Lujambio Iraz\u00e1bal\u201d, del Partido Acci\u00f3n Nacional.<\/td>\n<td class=\"Estilo91\" valign=\"middle\">\n<div align=\"left\">\n<p>Reforma a la\u00a0Ley de Aguas para los Municipios del Estado de Coahuila de Zaragoza.<\/p>\n<\/div>\n<\/td>\n<td class=\"Estilo91\" align=\"center\">\n<div align=\"center\"><a href=\"http:\/\/congresocoahuila.gob.mx\/portal\/wp-content\/uploads\/2014\/11\/20150915_110_PAN.doc\">15 de Septiembre de 2015<\/a><\/div>\n<\/td>\n<\/tr>\n<tr>\n<td class=\"Estilo91\" style=\"text-align: left;\" valign=\"top\" bgcolor=\"#e1e1e1\">Diputado Javier de Jes\u00fas Rodr\u00edguez Mendoza, de la Fracci\u00f3n Parlamentaria \u201cJos\u00e9 Mario Molina Pasquel y Henriquez\u201d, del Partido Verde Ecologista de M\u00e9xico, conjuntamente con el\u00a0Diputado Sergio Garza Castillo, de la Fracci\u00f3n Parlamentaria \u201cHilda Graciela Rivera de P\u00e9rez Arreola\u201d del Partido Unidad Democr\u00e1tica de Coahuila.<\/td>\n<td class=\"Estilo91\" valign=\"middle\" bgcolor=\"#e1e1e1\">\n<div align=\"left\">\n<p>Reforma al\u00a0C\u00f3digo Penal del Estado de Coahuila de Zaragoza.<\/p>\n<\/div>\n<\/td>\n<td class=\"Estilo91\" align=\"center\" bgcolor=\"#e1e1e1\">\n<div align=\"center\"><a href=\"http:\/\/congresocoahuila.gob.mx\/portal\/wp-content\/uploads\/2016\/05\/20150915_111_PVEM_UDC.doc\">15 de Septiembre de 2015<\/a><\/div>\n<\/td>\n<\/tr>\n<tr>\n<td class=\"Estilo91\" style=\"text-align: left;\" valign=\"top\">Diputada Luisa Ivone Gallegos Mart\u00ednez, de la Fracci\u00f3n Parlamentaria \u201cDorotea de la Fuente Flores\u201d, del Partido Nueva Alianza.<\/td>\n<td class=\"Estilo91\" valign=\"middle\">\n<div align=\"left\">\n<p>Reforma a la\u00a0Ley de Asistencia Social y Protecci\u00f3n de Derechos del Estado de Coahuila de Zaragoza.<\/p>\n<\/div>\n<\/td>\n<td class=\"Estilo91\" align=\"center\">\n<div align=\"center\"><a href=\"http:\/\/congresocoahuila.gob.mx\/portal\/wp-content\/uploads\/2014\/11\/20150915_112_PNA.doc\">15 de Septiembre de 2015<\/a><\/div>\n<\/td>\n<\/tr>\n<tr>\n<td class=\"Estilo91\" style=\"text-align: left;\" valign=\"top\" bgcolor=\"#e1e1e1\">Diputada Claudia Elisa Morales Salazar, de la Fracci\u00f3n Parlamentaria, \u201cLic. Gilberto Rinc\u00f3n Gallardo\u201d\u00a0 del Partido Socialdem\u00f3crata de Coahuila.<\/td>\n<td class=\"Estilo91\" valign=\"middle\" bgcolor=\"#e1e1e1\">\n<div align=\"left\">\n<p>Reforma a la\u00a0Ley del Sistema de Seguridad P\u00fablica del Estado de Coahuila de Zaragoza.<\/p>\n<\/div>\n<\/td>\n<td class=\"Estilo91\" align=\"center\" bgcolor=\"#e1e1e1\">\n<div align=\"center\"><a href=\"http:\/\/congresocoahuila.gob.mx\/portal\/wp-content\/uploads\/2014\/11\/20150915_113_PSD.doc\">15 de Septiembre de 2015<\/a><\/div>\n<\/td>\n<\/tr>\n<tr>\n<td class=\"Estilo91\" style=\"text-align: left;\" valign=\"top\">Ejecutivo del Estado, Lic. Rub\u00e9n Ignacio Moreira Valdez.<\/td>\n<td class=\"Estilo91\" valign=\"middle\">\n<div align=\"left\">\n<p>Reforma a la\u00a0Ley Org\u00e1nica del Poder Judicial del Estado de Coahuila de Zaragoza.<\/p>\n<\/div>\n<\/td>\n<td class=\"Estilo91\" align=\"center\">\n<div align=\"center\"><a href=\"http:\/\/congresocoahuila.gob.mx\/portal\/wp-content\/uploads\/2014\/11\/20150922_022_Ejec.doc\">22 de Septiembre de 2015<\/a><\/div>\n<\/td>\n<\/tr>\n<tr>\n<td class=\"Estilo91\" style=\"text-align: left;\" valign=\"top\" bgcolor=\"#e1e1e1\">Ejecutivo del Estado, Lic. Rub\u00e9n Ignacio Moreira Valdez.<\/td>\n<td class=\"Estilo91\" valign=\"middle\" bgcolor=\"#e1e1e1\">\n<div align=\"left\">\n<p>Reforma al\u00a0C\u00f3digo Penal del Estado de Coahuila de Zaragoza.<\/p>\n<\/div>\n<\/td>\n<td class=\"Estilo91\" align=\"center\" bgcolor=\"#e1e1e1\">\n<div align=\"center\"><a href=\"http:\/\/congresocoahuila.gob.mx\/portal\/wp-content\/uploads\/2014\/11\/20150922_023_Ejec.doc\">22 de Septiembre de 2015<\/a><\/div>\n<\/td>\n<\/tr>\n<tr>\n<td class=\"Estilo91\" style=\"text-align: left;\" valign=\"top\">Ejecutivo del Estado, Lic. Rub\u00e9n Ignacio Moreira Valdez.<\/td>\n<td class=\"Estilo91\" valign=\"middle\">\n<div align=\"left\">\n<p>Se crea la\u00a0Ley de Pensiones y Otros Beneficios Sociales para los Trabajadores de la Educaci\u00f3n P\u00fablica del Estado de Coahuila de Zaragoza.<\/p>\n<\/div>\n<\/td>\n<td class=\"Estilo91\" align=\"center\">\n<div align=\"center\"><a href=\"http:\/\/congresocoahuila.gob.mx\/portal\/wp-content\/uploads\/2014\/11\/20150922_024_Ejec.doc\">22 de Septiembre de 2015<\/a><\/div>\n<\/td>\n<\/tr>\n<tr>\n<td class=\"Estilo91\" style=\"text-align: left;\" valign=\"top\" bgcolor=\"#e1e1e1\">Diputado Jes\u00fas de Le\u00f3n Tello,\u00a0conjuntamente con las Diputadas y Diputados integrantes del Grupo Parlamentario \u201cAlonso Lujambio Iraz\u00e1bal\u201d, del Partido Acci\u00f3n Nacional.<\/td>\n<td class=\"Estilo91\" valign=\"middle\" bgcolor=\"#e1e1e1\">\n<div align=\"left\">\n<p>Reforma a la\u00a0Constituci\u00f3n Pol\u00edtica del Estado de Coahuila de Zaragoza.<\/p>\n<\/div>\n<\/td>\n<td class=\"Estilo91\" align=\"center\" bgcolor=\"#e1e1e1\">\n<div align=\"center\"><a href=\"http:\/\/congresocoahuila.gob.mx\/portal\/wp-content\/uploads\/2016\/05\/20150922_114_PAN.doc\">22 de Septiembre de 2015<\/a><\/div>\n<\/td>\n<\/tr>\n<tr>\n<td class=\"Estilo91\" style=\"text-align: left;\" valign=\"top\">Diputada Ver\u00f3nica Mart\u00ednez Garc\u00eda,\u00a0conjuntamente con las Diputadas y Diputados integrantes del Grupo Parlamentario \u201cGral. Eulalio Guti\u00e9rrez Ortiz\u201d, del Partido Revolucionario Institucional.<\/td>\n<td class=\"Estilo91\" valign=\"middle\">\n<div align=\"left\">\n<p>Se crea la Ley de Base de Datos Gen\u00e9ticos para el Estado de Coahuila de Zaragoza,<\/p>\n<\/div>\n<\/td>\n<td class=\"Estilo91\" align=\"center\">\n<div align=\"center\"><a href=\"http:\/\/congresocoahuila.gob.mx\/portal\/wp-content\/uploads\/2014\/11\/20150922_115_PRI.doc\">22 de Septiembre de 2015<\/a><\/div>\n<\/td>\n<\/tr>\n<tr>\n<td class=\"Estilo91\" style=\"text-align: left;\" valign=\"top\" bgcolor=\"#e1e1e1\">Diputado Javier de Jes\u00fas Rodr\u00edguez Mendoza, de la Fracci\u00f3n Parlamentaria \u201cJos\u00e9 Mario Molina Pasquel y Henriquez\u201d, del Partido Verde Ecologista de M\u00e9xico.<\/td>\n<td class=\"Estilo91\" valign=\"middle\" bgcolor=\"#e1e1e1\">\n<div align=\"left\">\n<p>Reforma a la\u00a0Ley de Urgencias M\u00e9dicas para el Estado de Coahuila de Zaragoza.<\/p>\n<\/div>\n<\/td>\n<td class=\"Estilo91\" align=\"center\" bgcolor=\"#e1e1e1\">\n<div align=\"center\"><a href=\"http:\/\/congresocoahuila.gob.mx\/portal\/wp-content\/uploads\/2014\/11\/20150922_116_PVEM.doc\">22 de Septiembre de 2015<\/a><\/div>\n<\/td>\n<\/tr>\n<tr>\n<td class=\"Estilo91\" style=\"text-align: left;\" valign=\"top\">Integrantes de la Comisi\u00f3n de Hacienda, Dip. Luis Gurza Jaidar, Coordinador, Dip. Melchor S\u00e1nchez de la Fuente, Secretario, Dip. Sergio Garza Castillo. Dip. Jos\u00e9 Mar\u00eda Fraustro Siller. Dip. Claudia Elisa Morales Salazar. Dip. Javier D\u00edaz Gonz\u00e1lez. Dip. Lariza Montiel Luis.<\/td>\n<td class=\"Estilo91\" valign=\"middle\">\n<div align=\"left\">\n<p>Reforma a la\u00a0Ley Org\u00e1nica del Congreso del Estado Independiente, Libre y Soberano de Coahuila de Zaragoza.<\/p>\n<\/div>\n<\/td>\n<td class=\"Estilo91\" align=\"center\">\n<div align=\"center\"><a href=\"http:\/\/congresocoahuila.gob.mx\/portal\/wp-content\/uploads\/2014\/11\/20150930_117_Com_Hda.doc\">30 de Septiembre de 2015<\/a><\/div>\n<\/td>\n<\/tr>\n<tr>\n<td class=\"Estilo91\" style=\"text-align: left;\" valign=\"top\" bgcolor=\"#e1e1e1\">Diputada Lariza Montiel Luis,\u00a0conjuntamente con las Diputadas y Diputados integrantes del Grupo Parlamentario \u201cAlonso Lujambio Iraz\u00e1bal\u201d, del Partido Acci\u00f3n Nacional.<\/td>\n<td class=\"Estilo91\" valign=\"middle\" bgcolor=\"#e1e1e1\">\n<div align=\"left\">\n<p>Reforma a la\u00a0Ley Org\u00e1nica del Congreso del Estado Independiente, Libre y Soberano de Coahuila de Zaragoza.<\/p>\n<\/div>\n<\/td>\n<td class=\"Estilo91\" align=\"center\" bgcolor=\"#e1e1e1\">\n<div align=\"center\"><a href=\"http:\/\/congresocoahuila.gob.mx\/portal\/wp-content\/uploads\/2014\/11\/20150930_118_PAN.doc\">30 de Septiembre de 2015<\/a><\/div>\n<\/td>\n<\/tr>\n<tr>\n<td class=\"Estilo91\" style=\"text-align: left;\" valign=\"top\">Diputado Sergio Garza Castillo, de la Fracci\u00f3n Parlamentaria \u201cHilda Graciela Rivera de P\u00e9rez Arreola\u201d del Partido Unidad Democr\u00e1tica de Coahuila.<\/td>\n<td class=\"Estilo91\" valign=\"middle\">\n<div align=\"left\">\n<p>Reforma a la\u00a0Ley de Responsabilidades de los Servidores P\u00fablicos Estatales y Municipales del Estado de Coahuila de Zaragoza.<\/p>\n<\/div>\n<\/td>\n<td class=\"Estilo91\" align=\"center\">\n<div align=\"center\"><a href=\"http:\/\/congresocoahuila.gob.mx\/portal\/wp-content\/uploads\/2014\/11\/20150930_119_UDC.doc\">30 de Septiembre de 2015<\/a><\/div>\n<\/td>\n<\/tr>\n<tr>\n<td class=\"Estilo91\" style=\"text-align: left;\" valign=\"top\" bgcolor=\"#e1e1e1\">Diputado Leonel Contreras P\u00e1manes, de la Fracci\u00f3n Parlamentaria \u201cManuel Mu\u00f1oz Olivares\u201d, del Partido Primero Coahuila.<\/td>\n<td class=\"Estilo91\" valign=\"middle\" bgcolor=\"#e1e1e1\">\n<div align=\"left\">\n<p>Reforma al\u00a0C\u00f3digo Penal del Estado de Coahuila de Zaragoza.<\/p>\n<\/div>\n<\/td>\n<td class=\"Estilo91\" align=\"center\" bgcolor=\"#e1e1e1\">\n<div align=\"center\"><a href=\"http:\/\/congresocoahuila.gob.mx\/portal\/wp-content\/uploads\/2016\/05\/20150930_120_PPC.doc\">30 de Septiembre de 2015<\/a><\/div>\n<\/td>\n<\/tr>\n<tr>\n<td class=\"Estilo91\" style=\"text-align: left;\" valign=\"top\">Diputada Ver\u00f3nica Mart\u00ednez Garc\u00eda,\u00a0conjuntamente con las Diputadas y Diputados integrantes del Grupo Parlamentario \u201cGral. Eulalio Guti\u00e9rrez Ortiz\u201d, del Partido Revolucionario Institucional.<\/td>\n<td class=\"Estilo91\" valign=\"middle\">\n<div align=\"left\">\n<p>Reforma a la\u00a0Ley de Protecci\u00f3n a la Maternidad en el Estado de Coahuila de Zaragoza.<\/p>\n<\/div>\n<\/td>\n<td class=\"Estilo91\" align=\"center\">\n<div align=\"center\"><a href=\"http:\/\/congresocoahuila.gob.mx\/portal\/wp-content\/uploads\/2016\/05\/20150930_121_PRI.doc\">30 de Septiembre de 2015<\/a><\/div>\n<\/td>\n<\/tr>\n<tr>\n<td class=\"Estilo91\" style=\"text-align: left;\" valign=\"top\" bgcolor=\"#e1e1e1\">Diputado Jos\u00e9 Armando Pruneda Valdez,\u00a0conjuntamente con las Diputadas y Diputados integrantes del Grupo Parlamentario \u201cAlonso Lujambio Iraz\u00e1bal\u201d, del Partido Acci\u00f3n Nacional.<\/td>\n<td class=\"Estilo91\" valign=\"middle\" bgcolor=\"#e1e1e1\">\n<div align=\"left\">\n<p>Reforma al\u00a0C\u00f3digo Penal del Estado de Coahuila de Zaragoza.<\/p>\n<\/div>\n<\/td>\n<td class=\"Estilo91\" align=\"center\" bgcolor=\"#e1e1e1\">\n<div align=\"center\"><a href=\"http:\/\/congresocoahuila.gob.mx\/portal\/wp-content\/uploads\/2014\/11\/20150930_122_PAN.doc\">30 de Septiembre de 2015<\/a><\/div>\n<\/td>\n<\/tr>\n<tr>\n<td class=\"Estilo91\" style=\"text-align: left;\" valign=\"top\">Diputado Leonel Contreras P\u00e1manes, de la Fracci\u00f3n Parlamentaria \u201cManuel Mu\u00f1oz Olivares\u201d, del Partido Primero Coahuila.<\/td>\n<td class=\"Estilo91\" valign=\"middle\">\n<div align=\"left\">\n<p>Reforma a la\u00a0Ley de Hacienda para el Estado de Coahuila de Zaragoza.<\/p>\n<\/div>\n<\/td>\n<td class=\"Estilo91\" align=\"center\">\n<div align=\"center\"><a href=\"http:\/\/congresocoahuila.gob.mx\/portal\/wp-content\/uploads\/2014\/11\/20150930_123_PPC.doc\">30 de Septiembre de 2015<\/a><\/div>\n<\/td>\n<\/tr>\n<tr>\n<td class=\"Estilo91\" style=\"text-align: left;\" valign=\"top\" bgcolor=\"#e1e1e1\">Diputado Antonio Nerio Maltos,\u00a0conjuntamente con las Diputadas y Diputados integrantes del Grupo Parlamentario \u201cGral. Eulalio Guti\u00e9rrez Ortiz\u201d, del Partido Revolucionario Institucional.<\/td>\n<td class=\"Estilo91\" valign=\"middle\" bgcolor=\"#e1e1e1\">\n<div align=\"left\">\n<p>Reforma al\u00a0C\u00f3digo Civil del Estado de Coahuila de Zaragoza.<\/p>\n<\/div>\n<\/td>\n<td class=\"Estilo91\" align=\"center\" bgcolor=\"#e1e1e1\">\n<div align=\"center\"><a href=\"http:\/\/congresocoahuila.gob.mx\/portal\/wp-content\/uploads\/2014\/11\/20150930_124_PRI.doc\">30 de Septiembre de 2015<\/a><\/div>\n<\/td>\n<\/tr>\n<tr>\n<td class=\"Estilo91\" style=\"text-align: left;\" valign=\"top\">Diputada Georgina Cano Torralva,\u00a0conjuntamente con las Diputadas y Diputados integrantes del Grupo Parlamentario \u201cGral. Eulalio Guti\u00e9rrez Ortiz\u201d, del Partido Revolucionario Institucional.<\/td>\n<td class=\"Estilo91\" valign=\"middle\">\n<div align=\"left\">\n<p>Reforma al\u00a0C\u00f3digo Penal del Estado de Coahuila de Zaragoza.<\/p>\n<\/div>\n<\/td>\n<td class=\"Estilo91\" align=\"center\">\n<div align=\"center\"><a href=\"http:\/\/congresocoahuila.gob.mx\/portal\/wp-content\/uploads\/2016\/05\/20150930_125_PRI.doc\">30 de Septiembre de 2015<\/a><\/div>\n<\/td>\n<\/tr>\n<tr>\n<td class=\"Estilo91\" style=\"text-align: left;\" valign=\"top\" bgcolor=\"#e1e1e1\">Diputado Leonel Contreras P\u00e1manes, de la Fracci\u00f3n Parlamentaria \u201cManuel Mu\u00f1oz Olivares\u201d, del Partido Primero Coahuila.<\/td>\n<td class=\"Estilo91\" valign=\"middle\" bgcolor=\"#e1e1e1\">\n<div align=\"left\">\n<p>Reforma a la\u00a0Ley Reglamentaria para el ejercicio de la Abogac\u00eda\u00a0 para el Estado de Coahuila de Zaragoza.<\/p>\n<\/div>\n<\/td>\n<td class=\"Estilo91\" align=\"center\" bgcolor=\"#e1e1e1\">\n<div align=\"center\"><a href=\"http:\/\/congresocoahuila.gob.mx\/portal\/wp-content\/uploads\/2014\/11\/20150930_126_PPC.doc\">30 de Septiembre de 2015<\/a><\/div>\n<\/td>\n<\/tr>\n<tr>\n<td class=\"Estilo91\" style=\"text-align: left;\" valign=\"top\">Diputada Georgina Cano Torralva,\u00a0conjuntamente con las Diputadas y Diputados integrantes del Grupo Parlamentario \u201cGral. Eulalio Guti\u00e9rrez Ortiz\u201d, del Partido Revolucionario Institucional.<\/td>\n<td class=\"Estilo91\" valign=\"middle\">\n<div align=\"left\">\n<p>Reforma al\u00a0C\u00f3digo Procesal Civil para el Estado de Coahuila de Zaragoza.<\/p>\n<\/div>\n<\/td>\n<td class=\"Estilo91\" align=\"center\">\n<div align=\"center\"><a href=\"http:\/\/congresocoahuila.gob.mx\/portal\/wp-content\/uploads\/2014\/11\/20150930_127_PRI.doc\">30 de Septiembre de 2015<\/a><\/div>\n<\/td>\n<\/tr>\n<tr>\n<td class=\"Estilo91\" style=\"text-align: left;\" valign=\"top\" bgcolor=\"#e1e1e1\">Diputado Melchor S\u00e1nchez De la Fuente, Diputada Martha Hortensia Garay Cadena, Diputada Lilia Isabel Guti\u00e9rrez Burciaga, Diputada Ana Isabel Dur\u00e1n Pi\u00f1a,\u00a0conjuntamente con las Diputadas y Diputados integrantes del Grupo Parlamentario \u201cGral. Eulalio Guti\u00e9rrez Ortiz\u201d, del Partido Revolucionario Institucional.<\/td>\n<td class=\"Estilo91\" valign=\"middle\" bgcolor=\"#e1e1e1\">\n<div align=\"left\">\n<p>Reforma a la\u00a0Ley de las Personas Adultas Mayores para el Estado de Coahuila de Zaragoza.<\/p>\n<\/div>\n<\/td>\n<td class=\"Estilo91\" align=\"center\" bgcolor=\"#e1e1e1\">\n<div align=\"center\"><a href=\"http:\/\/congresocoahuila.gob.mx\/portal\/wp-content\/uploads\/2014\/11\/20150930_128_PRI.doc\">30 de Septiembre de 2015<\/a><\/div>\n<\/td>\n<\/tr>\n<tr>\n<td class=\"Estilo91\" style=\"text-align: left;\" valign=\"top\">Ejecutivo del Estado, Lic. Rub\u00e9n Ignacio Moreira Valdez.<\/td>\n<td class=\"Estilo91\" valign=\"middle\">\n<div align=\"left\">\n<p>Reforma a la Ley Reglamentaria del Presupuesto de Egresos del Estado de Coahuila de Zaragoza.<\/p>\n<\/div>\n<\/td>\n<td class=\"Estilo91\" align=\"center\">\n<div align=\"center\"><a href=\"http:\/\/congresocoahuila.gob.mx\/portal\/wp-content\/uploads\/2014\/11\/20150930_025_Ejec.doc\">30 de Septiembre de 2015<\/a><\/div>\n<\/td>\n<\/tr>\n<tr>\n<td class=\"Estilo91\" style=\"text-align: left;\" valign=\"top\" bgcolor=\"#e1e1e1\">M.C. Mar\u00eda de la Luz L\u00f3pez Saucedo, M.C. Roxana Cuevas Flores, Profr. Jorge Herbey Rodr\u00edguez, Biol. Juana Esthela Guerrero Torres, Mtro. Rub\u00e9n Canseco L\u00f3pez y Lic. Federico Gonz\u00e1lez Garza, integrantes de la Coalici\u00f3n de Trabajadores de la Educaci\u00f3n P\u00fablica en el Estado de Coahuila.<\/td>\n<td class=\"Estilo91\" valign=\"middle\" bgcolor=\"#e1e1e1\">\n<div align=\"left\">\n<p>Iniciativa Popular. Reforma a la la Ley de Pensiones y otros Beneficios Sociales para los Trabajadores de la Educaci\u00f3n P\u00fablica del Estado de Coahuila.<\/p>\n<\/div>\n<\/td>\n<td class=\"Estilo91\" align=\"center\" bgcolor=\"#e1e1e1\">\n<div align=\"center\"><a href=\"http:\/\/congresocoahuila.gob.mx\/portal\/wp-content\/uploads\/2014\/11\/Pop_20150930Ley_Pensiones.pdf\">30 de Septiembre de 2015<\/a><\/div>\n<\/td>\n<\/tr>\n<tr>\n<td class=\"Estilo91\" style=\"text-align: left;\" valign=\"top\">Diputado Jos\u00e9 Mar\u00eda Fraustro Siller,\u00a0conjuntamente con las Diputadas y Diputados integrantes del Grupo Parlamentario \u201cGral. Eulalio Guti\u00e9rrez Ortiz\u201d, del Partido Revolucionario Institucional.<\/td>\n<td class=\"Estilo91\" valign=\"middle\">\n<div align=\"left\">\n<p>Reforma al\u00a0C\u00f3digo Penal del Estado de Coahuila de Zaragoza.<\/p>\n<\/div>\n<\/td>\n<td class=\"Estilo91\" align=\"center\">\n<div align=\"center\"><a href=\"http:\/\/congresocoahuila.gob.mx\/portal\/wp-content\/uploads\/2016\/05\/20151006_129_PRI.doc\">6 de Octubre de 2015<\/a><\/div>\n<\/td>\n<\/tr>\n<tr>\n<td class=\"Estilo91\" style=\"text-align: left;\" valign=\"top\" bgcolor=\"#e1e1e1\">Diputado Jos\u00e9 Armando Pruneda Valdez,\u00a0conjuntamente con las Diputadas y Diputados integrantes del Grupo Parlamentario \u201cAlonso Lujambio Iraz\u00e1bal\u201d, del Partido Acci\u00f3n Nacional.<\/td>\n<td class=\"Estilo91\" valign=\"middle\" bgcolor=\"#e1e1e1\">\n<div align=\"left\">\n<p>Reforma a la\u00a0Ley de Aguas para los Municipios del Estado de Coahuila de Zaragoza.<\/p>\n<\/div>\n<\/td>\n<td class=\"Estilo91\" align=\"center\" bgcolor=\"#e1e1e1\">\n<div align=\"center\"><a href=\"http:\/\/congresocoahuila.gob.mx\/portal\/wp-content\/uploads\/2014\/11\/20151006_130_PAN.doc\">6 de Octubre de 2015<\/a><\/div>\n<\/td>\n<\/tr>\n<tr>\n<td class=\"Estilo91\" style=\"text-align: left;\" valign=\"top\">Diputado Leonel Contreras P\u00e1manes, de la Fracci\u00f3n Parlamentaria \u201cManuel Mu\u00f1oz Olivares\u201d, del Partido Primero Coahuila,\u00a0conjuntamente con la Diputada Lilia Isabel Guti\u00e9rrez Burciaga, integrante del Grupo Parlamentario \u201cGral. Eulalio Guti\u00e9rrez Ortiz\u00bb del Partido Revolucionario Institucional.<\/td>\n<td class=\"Estilo91\" valign=\"middle\">\n<div align=\"left\">\n<p>Reforma al\u00a0C\u00f3digo Penal del Estado de Coahuila de Zaragoza.<\/p>\n<\/div>\n<\/td>\n<td class=\"Estilo91\" align=\"center\">\n<div align=\"center\"><a href=\"http:\/\/congresocoahuila.gob.mx\/portal\/wp-content\/uploads\/2014\/11\/20151006_131_PPC_PRI.doc\">6 de Octubre de 2015<\/a><\/div>\n<\/td>\n<\/tr>\n<tr>\n<td class=\"Estilo91\" style=\"text-align: left;\" valign=\"top\" bgcolor=\"#e1e1e1\">Diputado Javier de Jes\u00fas Rodr\u00edguez Mendoza, de la Fracci\u00f3n Parlamentaria \u201cJos\u00e9 Mario Molina Pasquel y Henriquez\u201d, del Partido Verde Ecologista de M\u00e9xico.<\/td>\n<td class=\"Estilo91\" valign=\"middle\" bgcolor=\"#e1e1e1\">\n<div align=\"left\">\n<p>Reforma a la\u00a0Ley de la Defensor\u00eda Jur\u00eddica Integral para el Estado de Coahuila de Zaragoza, y de la Ley del Instituto Estatal de Defensor\u00eda P\u00fablica de Coahuila de Zaragoza.<\/p>\n<\/div>\n<\/td>\n<td class=\"Estilo91\" align=\"center\" bgcolor=\"#e1e1e1\">\n<div align=\"center\"><a href=\"http:\/\/congresocoahuila.gob.mx\/portal\/wp-content\/uploads\/2014\/11\/20151006_132_PVEM.doc\">6 de Octubre de 2015<\/a><\/div>\n<\/td>\n<\/tr>\n<tr>\n<td class=\"Estilo91\" style=\"text-align: left;\" valign=\"top\">Diputada Georgina Cano Torralva,\u00a0conjuntamente con las Diputadas y Diputados integrantes del Grupo Parlamentario \u201cGral. Eulalio Guti\u00e9rrez Ortiz\u201d, del Partido Revolucionario Institucional.<\/td>\n<td class=\"Estilo91\" valign=\"middle\">\n<div align=\"left\">\n<p>Reforma al\u00a0C\u00f3digo Procesal Civil para el Estado de Coahuila de Zaragoza.<\/p>\n<\/div>\n<\/td>\n<td class=\"Estilo91\" align=\"center\">\n<div align=\"center\"><a href=\"http:\/\/congresocoahuila.gob.mx\/portal\/wp-content\/uploads\/2014\/11\/20151006_133_PRI.doc\">6 de Octubre de 2015<\/a><\/div>\n<\/td>\n<\/tr>\n<tr>\n<td class=\"Estilo91\" style=\"text-align: left;\" valign=\"top\" bgcolor=\"#e1e1e1\">Diputado Jes\u00fas de Le\u00f3n Tello,\u00a0conjuntamente con las Diputadas y Diputados integrantes del Grupo Parlamentario \u201cAlonso Lujambio Iraz\u00e1bal\u201d, del Partido Acci\u00f3n Nacional.<\/td>\n<td class=\"Estilo91\" valign=\"middle\" bgcolor=\"#e1e1e1\">\n<div align=\"left\">\n<p>Reforma a la\u00a0Ley de Hacienda para el Estado de Coahuila de Zaragoza.<\/p>\n<\/div>\n<\/td>\n<td class=\"Estilo91\" align=\"center\" bgcolor=\"#e1e1e1\">\n<div align=\"center\"><a href=\"http:\/\/congresocoahuila.gob.mx\/portal\/wp-content\/uploads\/2014\/11\/20151006_134_PAN.doc\">6 de Octubre de 2015<\/a><\/div>\n<\/td>\n<\/tr>\n<tr>\n<td class=\"Estilo91\" style=\"text-align: left;\" valign=\"top\">Diputado Melchor S\u00e1nchez De la Fuente, conjuntamente con las Diputadas Irma Leticia Casta\u00f1o Orozco, Lilia Isabel Guti\u00e9rrez Burciaga, Ana Isabel Dur\u00e1n Pi\u00f1a y Martha Hortensia Garay Cadena, y dem\u00e1s Diputadas y Diputados integrantes del Grupo Parlamentario \u201cGral. Elulalio Guti\u00e9rrez Ortiz\u201d, del Partido Revolucionario Institucional,<\/td>\n<td class=\"Estilo91\" valign=\"middle\">\n<div align=\"left\">\n<p>Reforma a la\u00a0Ley Estatal de Salud y la Ley de Protecci\u00f3n a la Maternidad de Coahuila de Zaragoza.<\/p>\n<\/div>\n<\/td>\n<td class=\"Estilo91\" align=\"center\">\n<div align=\"center\"><a href=\"http:\/\/congresocoahuila.gob.mx\/portal\/wp-content\/uploads\/2014\/11\/20151006_135_PRI.doc\">6 de Octubre de 2015<\/a><\/div>\n<\/td>\n<\/tr>\n<tr>\n<td class=\"Estilo91\" style=\"text-align: left;\" valign=\"top\" bgcolor=\"#e1e1e1\">Diputada Claudia Elisa Morales Salazar, de la Fracci\u00f3n Parlamentaria, \u201cLic. Gilberto Rinc\u00f3n Gallardo\u201d\u00a0 del Partido Socialdem\u00f3crata de Coahuila, conjuntamente con la Diputada Sonia Villarreal P\u00e9rez, integrante del Grupo Parlamentario \u00abGral. Eulalio Guti\u00e9rrez Ortiz\u00bb, del Partido Revolucionario Institucional.<\/td>\n<td class=\"Estilo91\" valign=\"middle\" bgcolor=\"#e1e1e1\">\n<div align=\"left\">\n<p>Reforma al\u00a0C\u00f3digo Penal del Estado de Coahuila de Zaragoza.<\/p>\n<\/div>\n<\/td>\n<td class=\"Estilo91\" align=\"center\" bgcolor=\"#e1e1e1\">\n<div align=\"center\"><a href=\"http:\/\/congresocoahuila.gob.mx\/portal\/wp-content\/uploads\/2014\/11\/20151006_136_PSD_PRI.doc\">6 de Octubre de 2015<\/a><\/div>\n<\/td>\n<\/tr>\n<tr>\n<td class=\"Estilo91\" style=\"text-align: left;\" valign=\"top\">Diputada Ana Isabel Duran Pi\u00f1a, conjuntamente con las Diputadas Lilia Isabel Guti\u00e9rrez Burciaga, Martha Hortensia Garay Cadena, Irma Leticia Casta\u00f1o Orozco y el Diputado Melchor S\u00e1nchez De la Fuente, as\u00ed como las dem\u00e1s Diputadas y Diputados integrantes del Grupo Parlamentario \u201cGral. Eulalio Guti\u00e9rrez Ortiz\u201d, del Partido Revolucionario Institucional.<\/td>\n<td class=\"Estilo91\" valign=\"middle\">\n<div align=\"left\">\n<p>Reforma a la\u00a0Ley de las Personas Adultas Mayores para el Estado de Coahuila de Zaragoza.<\/p>\n<\/div>\n<\/td>\n<td class=\"Estilo91\" align=\"center\">\n<div align=\"center\"><a href=\"http:\/\/congresocoahuila.gob.mx\/portal\/wp-content\/uploads\/2016\/05\/20151006_137_PRI.doc\">6 de Octubre de 2015<\/a><\/div>\n<\/td>\n<\/tr>\n<tr>\n<td class=\"Estilo91\" style=\"text-align: left;\" valign=\"top\" bgcolor=\"#e1e1e1\">Diputada Irma Leticia Casta\u00f1o Orozco, conjuntamente con las Diputadas Lilia Isabel Guti\u00e9rrez Burciaga, Martha Hortensia Garay Cadena, Ana Isabel Duran Pi\u00f1a y el Diputado Melchor S\u00e1nchez De la Fuente, as\u00ed como las dem\u00e1s Diputadas y Diputados integrantes del Grupo Parlamentario \u201cGral. Eulalio Guti\u00e9rrez Ortiz\u201d, del Partido Revolucionario Institucional.<\/td>\n<td class=\"Estilo91\" valign=\"middle\" bgcolor=\"#e1e1e1\">\n<div align=\"left\">\n<p>Reforma a la\u00a0Ley para Promover la Igualdad y Prevenir la Discriminaci\u00f3n en el Estado de Coahuila de Zaragoza.<\/p>\n<\/div>\n<\/td>\n<td class=\"Estilo91\" align=\"center\" bgcolor=\"#e1e1e1\">\n<div align=\"center\"><a href=\"http:\/\/congresocoahuila.gob.mx\/portal\/wp-content\/uploads\/2014\/11\/20151006_138_PRI.doc\">6 de Octubre de 2015<\/a><\/div>\n<\/td>\n<\/tr>\n<tr>\n<td class=\"Estilo91\" style=\"text-align: left;\" valign=\"top\">Ejecutivo del Estado, Lic. Rub\u00e9n Ignacio Moreira Valdez.<\/td>\n<td class=\"Estilo91\" valign=\"middle\">\n<div align=\"left\">\n<p>Reforma a la\u00a0Constituci\u00f3n Pol\u00edtica del Estado de Coahuila de Zaragoza.<\/p>\n<\/div>\n<\/td>\n<td class=\"Estilo91\" align=\"center\">\n<div align=\"center\"><a href=\"http:\/\/congresocoahuila.gob.mx\/portal\/wp-content\/uploads\/2014\/11\/20151013_026_Ejec.doc\">13 de Octubre de 2015<\/a><\/div>\n<\/td>\n<\/tr>\n<tr>\n<td class=\"Estilo91\" style=\"text-align: left;\" valign=\"top\" bgcolor=\"#e1e1e1\">Diputado Jes\u00fas de Le\u00f3n Tello,\u00a0conjuntamente con las Diputadas y Diputados integrantes del Grupo Parlamentario \u201cAlonso Lujambio Iraz\u00e1bal\u201d, del Partido Acci\u00f3n Nacional.<\/td>\n<td class=\"Estilo91\" valign=\"middle\" bgcolor=\"#e1e1e1\">\n<div align=\"left\">\n<p>Reforma a la\u00a0Constituci\u00f3n Pol\u00edtica del Estado de Coahuila de Zaragoza.<\/p>\n<\/div>\n<\/td>\n<td class=\"Estilo91\" align=\"center\" bgcolor=\"#e1e1e1\">\n<div align=\"center\"><a href=\"http:\/\/congresocoahuila.gob.mx\/portal\/wp-content\/uploads\/2014\/11\/20151013_139_PAN.doc\">13 de Octubre de 2015<\/a><\/div>\n<\/td>\n<\/tr>\n<tr>\n<td class=\"Estilo91\" style=\"text-align: left;\" valign=\"top\">Diputado Melchor S\u00e1nchez de la Fuente, conjuntamente con las Diputadas Ana Isabel Duran Pi\u00f1a, Irma Leticia Casta\u00f1o Orozco, Lilia Isabel Guti\u00e9rrez Burciaga y Martha Hortensia Garay Cadena,\u00a0as\u00ed como las dem\u00e1s Diputadas y Diputados integrantes del Grupo Parlamentario \u201cGral. Eulalio Guti\u00e9rrez Ortiz\u201d, del Partido Revolucionario Institucional.<\/td>\n<td class=\"Estilo91\" valign=\"middle\">\n<div align=\"left\">\n<p>Reforma a la Ley de Hacienda para el Estado de Coahuila de Zaragoza y de la Ley para la Adaptaci\u00f3n y Mitigaci\u00f3n a los Efectos del Cambio Clim\u00e1tico en el Estado de Coahuila de Zaragoza.<\/p>\n<\/div>\n<\/td>\n<td class=\"Estilo91\" align=\"center\">\n<div align=\"center\"><a href=\"http:\/\/congresocoahuila.gob.mx\/portal\/wp-content\/uploads\/2014\/11\/20151013_140_PRI.doc\">13 de Octubre de 2015<\/a><\/div>\n<\/td>\n<\/tr>\n<tr>\n<td class=\"Estilo91\" style=\"text-align: left;\" valign=\"top\" bgcolor=\"#e1e1e1\">Diputado Leonel Contreras P\u00e1manes, de la Fracci\u00f3n Parlamentaria \u201cManuel Mu\u00f1oz Olivares\u201d, del Partido Primero Coahuila.<\/td>\n<td class=\"Estilo91\" valign=\"middle\" bgcolor=\"#e1e1e1\">\n<div align=\"left\">\n<p>Reforma al C\u00f3digo Penal del Estado de Coahuila de Zaragoza.<\/p>\n<\/div>\n<\/td>\n<td class=\"Estilo91\" align=\"center\" bgcolor=\"#e1e1e1\">\n<div align=\"center\"><a href=\"http:\/\/congresocoahuila.gob.mx\/portal\/wp-content\/uploads\/2016\/05\/20151013_141_PPC.doc\">13 de Octubre de 2015<\/a><\/div>\n<\/td>\n<\/tr>\n<tr>\n<td class=\"Estilo91\" style=\"text-align: left;\" valign=\"top\">Diputado Javier de Jes\u00fas Rodr\u00edguez Mendoza, de la Fracci\u00f3n Parlamentaria \u201cJos\u00e9 Mario Molina Pasquel y Henriquez\u201d, del Partido Verde Ecologista de M\u00e9xico.<\/td>\n<td class=\"Estilo91\" valign=\"middle\">\n<div align=\"left\">\n<p>Reforma a la Ley de la Promotora para el Desarrollo Rural de Coahuila.<\/p>\n<\/div>\n<\/td>\n<td class=\"Estilo91\" align=\"center\">\n<div align=\"center\"><a href=\"http:\/\/congresocoahuila.gob.mx\/portal\/wp-content\/uploads\/2014\/11\/20151013_142_PVEM.doc\">13 de Octubre de 2015<\/a><\/div>\n<\/td>\n<\/tr>\n<tr>\n<td class=\"Estilo91\" style=\"text-align: left;\" valign=\"top\" bgcolor=\"#e1e1e1\">Diputada Claudia Elisa Morales Salazar, de la Fracci\u00f3n Parlamentaria, \u201cLic. Gilberto Rinc\u00f3n Gallardo\u201d\u00a0 del Partido Socialdem\u00f3crata de Coahuila.<\/td>\n<td class=\"Estilo91\" valign=\"middle\" bgcolor=\"#e1e1e1\">\n<div align=\"left\">\n<p>Reforma al C\u00f3digo Penal del Estado de Coahuila de Zaragoza.<\/p>\n<\/div>\n<\/td>\n<td class=\"Estilo91\" align=\"center\" bgcolor=\"#e1e1e1\">\n<div align=\"center\"><a href=\"http:\/\/congresocoahuila.gob.mx\/portal\/wp-content\/uploads\/2014\/11\/20151013_143_PSD.doc\">13 de Octubre de 2015<\/a><\/div>\n<\/td>\n<\/tr>\n<tr>\n<td class=\"Estilo91\" style=\"text-align: left;\" valign=\"top\">Diputada Irma Leticia Casta\u00f1o Orozco, conjuntamente con las Diputadas Ana Isabel Duran Pi\u00f1a, Lilia Isabel Guti\u00e9rrez Burciaga, Martha Hortensia Garay Cadena y el Diputado Melchor S\u00e1nchez de la Fuente, as\u00ed como las dem\u00e1s Diputadas y Diputados integrantes del Grupo Parlamentario \u201cGral. Eulalio Guti\u00e9rrez Ortiz\u201d, del Partido Revolucionario Institucional.<\/td>\n<td class=\"Estilo91\" valign=\"middle\">\n<div align=\"left\">\n<p>Reforma a la\u00a0Ley para Promover la Igualdad y Prevenir la Discriminaci\u00f3n en el Estado de Coahuila de Zaragoza.<\/p>\n<\/div>\n<\/td>\n<td class=\"Estilo91\" align=\"center\">\n<div align=\"center\"><a href=\"http:\/\/congresocoahuila.gob.mx\/portal\/wp-content\/uploads\/2014\/11\/20151013_144_PRI.doc\">13 de Octubre de 2015<\/a><\/div>\n<\/td>\n<\/tr>\n<tr>\n<td class=\"Estilo91\" style=\"text-align: left;\" valign=\"top\" bgcolor=\"#e1e1e1\">Diputada Georgina Cano Torralva,\u00a0conjuntamente con las Diputadas y Diputados integrantes del Grupo Parlamentario \u201cGral. Eulalio Guti\u00e9rrez Ortiz\u201d, del Partido Revolucionario Institucional.<\/td>\n<td class=\"Estilo91\" valign=\"middle\" bgcolor=\"#e1e1e1\">\n<div align=\"left\">\n<p>Reforma a la\u00a0Ley de Tr\u00e1nsito y Transporte del Estado de Coahuila de Zaragoza.<\/p>\n<\/div>\n<\/td>\n<td class=\"Estilo91\" align=\"center\" bgcolor=\"#e1e1e1\">\n<div align=\"center\"><a href=\"http:\/\/congresocoahuila.gob.mx\/portal\/wp-content\/uploads\/2016\/05\/20151013_145_PRI.doc\">13 de Octubre de 2015<\/a><\/div>\n<\/td>\n<\/tr>\n<tr>\n<td class=\"Estilo91\" style=\"text-align: left;\" valign=\"top\">Diputado Luis Gurza Jaidar y el Diputado Francisco Tobias Hern\u00e1ndez, del Grupo Parlamentario \u201cGral. Eulalio Guti\u00e9rrez Ortiz\u201d, del Partido Revolucionario Institucional, conjuntamente con las dem\u00e1s Diputadas y Diputados que la suscriben.<\/td>\n<td class=\"Estilo91\" valign=\"middle\">\n<div align=\"left\">\n<p>Reforma al C\u00f3digo Penal del Estado de Coahuila de Zaragoza.<\/p>\n<\/div>\n<\/td>\n<td class=\"Estilo91\" align=\"center\">\n<div align=\"center\"><a href=\"http:\/\/congresocoahuila.gob.mx\/portal\/wp-content\/uploads\/2016\/05\/20151013_146_PRI.doc\">13 de Octubre de 2015<\/a><\/div>\n<\/td>\n<\/tr>\n<tr>\n<td class=\"Estilo91\" style=\"text-align: left;\" valign=\"top\" bgcolor=\"#e1e1e1\">Diputada Ana Isabel Duran Pi\u00f1a y la Diputada Georgina Cano Torralva, del Grupo Parlamentario \u201cGral. Eulalio Guti\u00e9rrez Ortiz\u201d, del Partido Revolucionario Institucional, conjuntamente con las dem\u00e1s Diputadas y Diputados que la suscriben.<\/td>\n<td class=\"Estilo91\" valign=\"middle\" bgcolor=\"#e1e1e1\">\n<div align=\"left\">\n<p>Reforma a la\u00a0Ley Org\u00e1nica de la Administraci\u00f3n P\u00fablica del Estado de Coahuila de Zaragoza.<\/p>\n<\/div>\n<\/td>\n<td class=\"Estilo91\" align=\"center\" bgcolor=\"#e1e1e1\">\n<div align=\"center\"><a href=\"http:\/\/congresocoahuila.gob.mx\/portal\/wp-content\/uploads\/2014\/11\/20151013_147_PRI.doc\">13 de Octubre de 2015<\/a><\/div>\n<\/td>\n<\/tr>\n<tr>\n<td class=\"Estilo91\" style=\"text-align: left;\" valign=\"top\">Diputada Lilia Isabel Guti\u00e9rrez Burciaga, conjuntamente con las Diputadas Martha Hortensia Garay Cadena, Irma Leticia Casta\u00f1o Orozco, Ana Isabel Duran Pi\u00f1a y el Diputado Melchor S\u00e1nchez de la Fuente, as\u00ed como las dem\u00e1s Diputadas y Diputados integrantes del Grupo Parlamentario \u201cGral. Eulalio Guti\u00e9rrez Ortiz\u201d, del Partido Revolucionario Institucional.<\/td>\n<td class=\"Estilo91\" valign=\"middle\">\n<div align=\"left\">\n<p>Sea declarado el\u00a015 de octubre como el \u201cD\u00eda de la Mujer Rural en el Estado de Coahuila de Zaragoza\u00bb.<\/p>\n<\/div>\n<\/td>\n<td class=\"Estilo91\" align=\"center\">\n<div align=\"center\"><a href=\"http:\/\/congresocoahuila.gob.mx\/portal\/wp-content\/uploads\/2016\/05\/20151013_1005_PRI.doc\">13 de Octubre de 2015<\/a><\/div>\n<\/td>\n<\/tr>\n<tr>\n<td class=\"Estilo91\" style=\"text-align: left;\" valign=\"top\" bgcolor=\"#e1e1e1\">C. Fernando Pur\u00f3n Johnston, Presidente Constitucional del Municipio de Piedras Negras, Coahuila de Zaragoza.<\/td>\n<td class=\"Estilo91\" valign=\"middle\" bgcolor=\"#e1e1e1\">\n<div align=\"left\">\n<p>Se\u00a0crea la Ley de la Direcci\u00f3n de Pensiones de la Frontera Fuerte.<\/p>\n<\/div>\n<\/td>\n<td class=\"Estilo91\" align=\"center\" bgcolor=\"#e1e1e1\">\n<div align=\"center\"><a href=\"http:\/\/congresocoahuila.gob.mx\/portal\/wp-content\/uploads\/2014\/11\/Pop_20151013Ley_Pensiones_FronteraNorte.pdf\">13 de Octubre de 2015<\/a><\/div>\n<\/td>\n<\/tr>\n<tr>\n<td class=\"Estilo91\" style=\"text-align: left;\" valign=\"top\">Diputada Martha Carolina Morales Iribarren,\u00a0conjuntamente con las Diputadas y Diputados integrantes del Grupo Parlamentario \u201cGral. Eulalio Guti\u00e9rrez Ortiz\u201d, del Partido Revolucionario Institucional.<\/td>\n<td class=\"Estilo91\" valign=\"middle\">\n<div align=\"left\">\n<p>Reforma a la\u00a0Ley del Registro Civil del Estado de Coahuila de Zaragoza.<\/p>\n<\/div>\n<\/td>\n<td class=\"Estilo91\" align=\"center\">\n<div align=\"center\"><a href=\"http:\/\/congresocoahuila.gob.mx\/portal\/wp-content\/uploads\/2014\/11\/20151020_148_PRI.doc\">20 de Octubre de 2015<\/a><\/div>\n<\/td>\n<\/tr>\n<tr>\n<td class=\"Estilo91\" style=\"text-align: left;\" valign=\"top\" bgcolor=\"#e1e1e1\">Diputada Lilia Isabel Guti\u00e9rrez Burciaga, conjuntamente con las Diputadas Martha Hortensia Garay Cadena, Irma Leticia Casta\u00f1o Orozco, Ana Isabel Duran Pi\u00f1a y el Diputado Melchor S\u00e1nchez de la Fuente, as\u00ed como las dem\u00e1s Diputadas y Diputados integrantes del Grupo Parlamentario \u201cGral. Eulalio Guti\u00e9rrez Ortiz\u201d, del Partido Revolucionario Institucional.<\/td>\n<td class=\"Estilo91\" valign=\"middle\" bgcolor=\"#e1e1e1\">\n<div align=\"left\">\n<p>Reforma a la\u00a0Ley de Desarrollo Social para el Estado de Coahuila de Zaragoza.<\/p>\n<\/div>\n<\/td>\n<td class=\"Estilo91\" align=\"center\" bgcolor=\"#e1e1e1\">\n<div align=\"center\"><a href=\"http:\/\/congresocoahuila.gob.mx\/portal\/wp-content\/uploads\/2014\/11\/20151020_149_PRI.doc\">20 de Octubre de 2015<\/a><\/div>\n<\/td>\n<\/tr>\n<tr>\n<td class=\"Estilo91\" style=\"text-align: left;\" valign=\"top\">Diputado Sergio Garza Castillo, de la Fracci\u00f3n Parlamentaria \u201cHilda Graciela Rivera de P\u00e9rez Arreola\u201d del Partido Unidad Democr\u00e1tica de Coahuila.<\/td>\n<td class=\"Estilo91\" valign=\"middle\">\n<div align=\"left\">\n<p>Reforma a la\u00a0Ley Estatal de Salud.<\/p>\n<\/div>\n<\/td>\n<td class=\"Estilo91\" align=\"center\">\n<div align=\"center\"><a href=\"http:\/\/congresocoahuila.gob.mx\/portal\/wp-content\/uploads\/2014\/11\/20151020_150_UDC.doc\">20 de Octubre de 2015<\/a><\/div>\n<\/td>\n<\/tr>\n<tr>\n<td class=\"Estilo91\" style=\"text-align: left;\" valign=\"top\" bgcolor=\"#e1e1e1\">Diputado Antonio Nerio Maltos,\u00a0conjuntamente con las Diputadas y Diputados integrantes del Grupo Parlamentario \u201cGral. Eulalio Guti\u00e9rrez Ortiz\u201d, del Partido Revolucionario Institucional.<\/td>\n<td class=\"Estilo91\" valign=\"middle\" bgcolor=\"#e1e1e1\">\n<div align=\"left\">\n<p>Reforma a la\u00a0Ley para Promover la Igualdad y Prevenir la Discriminaci\u00f3n del Estado de Coahuila de Zaragoza.<\/p>\n<\/div>\n<\/td>\n<td class=\"Estilo91\" align=\"center\" bgcolor=\"#e1e1e1\">\n<div align=\"center\"><a href=\"http:\/\/congresocoahuila.gob.mx\/portal\/wp-content\/uploads\/2014\/11\/20151020_151_PRI.doc\">20 de Octubre de 2015<\/a><\/div>\n<\/td>\n<\/tr>\n<tr>\n<td class=\"Estilo91\" style=\"text-align: left;\" valign=\"top\">Diputado Jos\u00e9 Mar\u00eda Fraustro Siller, conjuntamente con el Dip. Francisco Tob\u00edas Hern\u00e1ndez y Dip. Jos\u00e9 Ricardo Sald\u00edvar Vaquera, as\u00ed como las dem\u00e1s Diputadas y Diputados integrantes del Grupo Parlamentario \u201cGral. Eulalio Guti\u00e9rrez Ortiz\u201d, del Partido Revolucionario Institucional.<\/td>\n<td class=\"Estilo91\" valign=\"middle\">\n<div align=\"left\">\n<p>Reforma a la\u00a0Ley de Tr\u00e1nsito y Transporte del Estado de Coahuila de Zaragoza.<\/p>\n<\/div>\n<\/td>\n<td class=\"Estilo91\" align=\"center\">\n<div align=\"center\"><a href=\"http:\/\/congresocoahuila.gob.mx\/portal\/wp-content\/uploads\/2014\/11\/20151020_152_PRI.doc\">20 de Octubre de 2015<\/a><\/div>\n<\/td>\n<\/tr>\n<tr>\n<td class=\"Estilo91\" style=\"text-align: left;\" valign=\"top\" bgcolor=\"#e1e1e1\">Diputada Claudia Elisa Morales Salazar, de la Fracci\u00f3n Parlamentaria, \u201cLic. Gilberto Rinc\u00f3n Gallardo\u201d\u00a0 del Partido Socialdem\u00f3crata de Coahuila.<\/td>\n<td class=\"Estilo91\" valign=\"middle\" bgcolor=\"#e1e1e1\">\n<div align=\"left\">\n<p>Reforma al\u00a0C\u00f3digo Procesal Civil para el Estado de Coahuila de Zaragoza.<\/p>\n<\/div>\n<\/td>\n<td class=\"Estilo91\" align=\"center\" bgcolor=\"#e1e1e1\">\n<div align=\"center\"><a href=\"http:\/\/congresocoahuila.gob.mx\/portal\/wp-content\/uploads\/2014\/11\/20151020_153_PSD.doc\">20 de Octubre de 2015<\/a><\/div>\n<\/td>\n<\/tr>\n<tr>\n<td class=\"Estilo91\" style=\"text-align: left;\" valign=\"top\">Diputada Irma Leticia Casta\u00f1o Orozco,\u00a0conjuntamente con las Diputadas y Diputados integrantes del Grupo Parlamentario \u201cGral. Eulalio Guti\u00e9rrez Ortiz\u201d, del Partido Revolucionario Institucional.<\/td>\n<td class=\"Estilo91\" valign=\"middle\">\n<div align=\"left\">\n<p>Sa declara el 26 de cada mes como el \u201cD\u00eda de la Prevenci\u00f3n del C\u00e1ncer en el Estado de Coahuila de Zaragoza\u201d.<\/p>\n<\/div>\n<\/td>\n<td class=\"Estilo91\" align=\"center\">\n<div align=\"center\"><a href=\"http:\/\/congresocoahuila.gob.mx\/portal\/wp-content\/uploads\/2014\/11\/20151020PRIDia_Prevencion_del_Cancer.pdf\">20 de Octubre de 2015<\/a><\/div>\n<\/td>\n<\/tr>\n<tr>\n<td class=\"Estilo91\" style=\"text-align: left;\" valign=\"top\" bgcolor=\"#e1e1e1\">Diputada Lariza Montiel Luis,\u00a0conjuntamente con las Diputadas y Diputados integrantes del Grupo Parlamentario \u201cAlonso Lujambio Iraz\u00e1bal\u201d, del Partido Acci\u00f3n Nacional.<\/td>\n<td class=\"Estilo91\" valign=\"middle\" bgcolor=\"#e1e1e1\">\n<div align=\"left\">\n<p>Reforma a la\u00a0Constituci\u00f3n Pol\u00edtica del Estado de Coahuila de Zaragoza.<\/p>\n<\/div>\n<\/td>\n<td class=\"Estilo91\" align=\"center\" bgcolor=\"#e1e1e1\">\n<div align=\"center\"><a href=\"http:\/\/congresocoahuila.gob.mx\/portal\/wp-content\/uploads\/2014\/11\/20151022_154_PAN.doc\">22 de Octubre de 2015<\/a><\/div>\n<\/td>\n<\/tr>\n<tr>\n<td class=\"Estilo91\" style=\"text-align: left;\" valign=\"top\">Diputada Ana Isabel Duran Pi\u00f1a, conjuntamente con las Diputadas Martha Hortensia Garay Cadena, Irma Leticia Casta\u00f1o Orozco, Lilia Isabel Guti\u00e9rrez Burciaga y el Diputado Melchor S\u00e1nchez de la Fuente, as\u00ed como las dem\u00e1s Diputadas y Diputados integrantes del Grupo Parlamentario \u201cGral. Eulalio Guti\u00e9rrez Ortiz\u201d, del Partido Revolucionario Institucional.<\/td>\n<td class=\"Estilo91\" valign=\"middle\">\n<div align=\"left\">\n<p>Se declara el 22 de octubre\u00a0para conmemorar el \u201cD\u00eda de la Tartamudez en el Estado de Coahuila de Zaragoza\u201d.<\/p>\n<\/div>\n<\/td>\n<td class=\"Estilo91\" align=\"center\">\n<div align=\"center\"><a href=\"http:\/\/congresocoahuila.gob.mx\/portal\/wp-content\/uploads\/2016\/05\/20151022_1007_PRI.doc\">22 de Octubre de 2015<\/a><\/div>\n<\/td>\n<\/tr>\n<tr>\n<td class=\"Estilo91\" style=\"text-align: left;\" valign=\"top\" bgcolor=\"#e1e1e1\">Diputada Georgina Cano Torralva,\u00a0conjuntamente con las Diputadas y Diputados integrantes del Grupo Parlamentario \u201cGral. Eulalio Guti\u00e9rrez Ortiz\u201d, del Partido Revolucionario Institucional.<\/td>\n<td class=\"Estilo91\" valign=\"middle\" bgcolor=\"#e1e1e1\">\n<div align=\"left\">\n<p>Reforma al\u00a0C\u00f3digo Procesal Civil para el Estado de Coahuila de Zaragoza.<\/p>\n<\/div>\n<\/td>\n<td class=\"Estilo91\" align=\"center\" bgcolor=\"#e1e1e1\">\n<div align=\"center\"><a href=\"http:\/\/congresocoahuila.gob.mx\/portal\/wp-content\/uploads\/2014\/11\/20151028_155_PRI.doc\">28 de Octubre de 2015<\/a><\/div>\n<\/td>\n<\/tr>\n<tr>\n<td class=\"Estilo91\" style=\"text-align: left;\" valign=\"top\">Diputada Lariza Montiel Luis,\u00a0conjuntamente con las Diputadas y Diputados integrantes del Grupo Parlamentario \u201cAlonso Lujambio Iraz\u00e1bal\u201d, del Partido Acci\u00f3n Nacional.<\/td>\n<td class=\"Estilo91\" valign=\"middle\">\n<div align=\"left\">\n<p>Reforma a la\u00a0Ley\u00a0 Responsabilidades de los Servidores P\u00fablicos Estatales y Municipales del Estado de Coahuila de Zaragoza.<\/p>\n<\/div>\n<\/td>\n<td class=\"Estilo91\" align=\"center\">\n<div align=\"center\"><a href=\"http:\/\/congresocoahuila.gob.mx\/portal\/wp-content\/uploads\/2016\/05\/20151028_156_PAN.doc\">28 de Octubre de 2015<\/a><\/div>\n<\/td>\n<\/tr>\n<tr>\n<td class=\"Estilo91\" style=\"text-align: left;\" valign=\"top\" bgcolor=\"#e1e1e1\">Diputada Claudia Elisa Morales Salazar, de la Fracci\u00f3n Parlamentaria, \u201cLic. Gilberto Rinc\u00f3n Gallardo\u201d\u00a0 del Partido Socialdem\u00f3crata de Coahuila.<\/td>\n<td class=\"Estilo91\" valign=\"middle\" bgcolor=\"#e1e1e1\">\n<div align=\"left\">\n<p>Reforma a la\u00a0Ley de Igualdad entre Mujeres y Hombres en el Estado de Coahuila de Zaragoza.<\/p>\n<\/div>\n<\/td>\n<td class=\"Estilo91\" align=\"center\" bgcolor=\"#e1e1e1\">\n<div align=\"center\"><a href=\"http:\/\/congresocoahuila.gob.mx\/portal\/wp-content\/uploads\/2014\/11\/20151028_157_PSD.doc\">28 de Octubre de 2015<\/a><\/div>\n<\/td>\n<\/tr>\n<tr>\n<td class=\"Estilo91\" style=\"text-align: left;\" valign=\"top\">Diputada Sonia Villarreal P\u00e9rez,\u00a0conjuntamente con las Diputadas y Diputados integrantes del Grupo Parlamentario \u201cGral. Eulalio Guti\u00e9rrez Ortiz\u201d, del Partido Revolucionario Institucional.<\/td>\n<td class=\"Estilo91\" valign=\"middle\">\n<div align=\"left\">\n<p>Reforma a la\u00a0Ley de Archivos P\u00fablicos para el Estado de Coahuila de Zaragoza y a la Ley de Entrega-Recepci\u00f3n del Estado y Municipios de Coahuila de Zaragoza.<\/p>\n<\/div>\n<\/td>\n<td class=\"Estilo91\" align=\"center\">\n<div align=\"center\"><a href=\"http:\/\/congresocoahuila.gob.mx\/portal\/wp-content\/uploads\/2014\/11\/20151028_158_PRI.doc\">28 de Octubre de 2015<\/a><\/div>\n<\/td>\n<\/tr>\n<tr>\n<td class=\"Estilo91\" style=\"text-align: left;\" valign=\"top\" bgcolor=\"#e1e1e1\">Diputada Yolanda Olga Acu\u00f1a Contreras,\u00a0conjuntamente con las Diputadas y Diputados integrantes del Grupo Parlamentario \u201cAlonso Lujambio Iraz\u00e1bal\u201d, del Partido Acci\u00f3n Nacional.<\/td>\n<td class=\"Estilo91\" valign=\"middle\" bgcolor=\"#e1e1e1\">\n<div align=\"left\">\n<p>Reforma al\u00a0C\u00f3digo Procesal Civil para el Estado de Coahuila.<\/p>\n<\/div>\n<\/td>\n<td class=\"Estilo91\" align=\"center\" bgcolor=\"#e1e1e1\">\n<div align=\"center\"><a href=\"http:\/\/congresocoahuila.gob.mx\/portal\/wp-content\/uploads\/2014\/11\/20151028_159_PAN.doc\">28 de Octubre de 2015<\/a><\/div>\n<\/td>\n<\/tr>\n<tr>\n<td class=\"Estilo91\" style=\"text-align: left;\" valign=\"top\">Diputada Martha Carolina Morales Iribarren,\u00a0conjuntamente con las Diputadas y Diputados integrantes del Grupo Parlamentario \u201cGral. Eulalio Guti\u00e9rrez Ortiz\u201d, del Partido Revolucionario Institucional.<\/td>\n<td class=\"Estilo91\" valign=\"middle\">\n<div align=\"left\">\n<p>Se crea la\u00a0Ley para el Fomento, Protecci\u00f3n y Apoyo de la Lactancia Materna del Estado de Coahuila.<\/p>\n<\/div>\n<\/td>\n<td class=\"Estilo91\" align=\"center\">\n<div align=\"center\"><a href=\"http:\/\/congresocoahuila.gob.mx\/portal\/wp-content\/uploads\/2014\/11\/20151028_160_PRI.doc\">28 de Octubre de 2015<\/a><\/div>\n<\/td>\n<\/tr>\n<tr>\n<td class=\"Estilo91\" style=\"text-align: left;\" valign=\"top\" bgcolor=\"#e1e1e1\">Diputado Shamir Fern\u00e1ndez Hern\u00e1ndez,\u00a0conjuntamente con las Diputadas y Diputados integrantes del Grupo Parlamentario \u201cGral. Eulalio Guti\u00e9rrez Ortiz\u201d, del Partido Revolucionario Institucional.<\/td>\n<td class=\"Estilo91\" valign=\"middle\" bgcolor=\"#e1e1e1\">\n<div align=\"left\">\n<p>Reforma a la\u00a0Ley Estatal de Salud, Ley de Urgencias M\u00e9dicas para el Estado de Coahuila de Zaragoza\u00a0y del C\u00f3digo Penal del Estado de Coahuila de Zaragoza.<\/p>\n<\/div>\n<\/td>\n<td class=\"Estilo91\" align=\"center\" bgcolor=\"#e1e1e1\">\n<div align=\"center\"><a href=\"http:\/\/congresocoahuila.gob.mx\/portal\/wp-content\/uploads\/2014\/11\/20151028_161_PRI.doc\">28 de Octubre de 2015<\/a><\/div>\n<\/td>\n<\/tr>\n<tr>\n<td class=\"Estilo91\" style=\"text-align: left;\" valign=\"top\">Ejecutivo del Estado, Lic. Rub\u00e9n Ignacio Moreira Valdez.<\/td>\n<td class=\"Estilo91\" valign=\"middle\">\n<div align=\"left\">\n<p>Reforma al\u00a0C\u00f3digo Penal del Estado de Coahuila de Zaragoza.<\/p>\n<\/div>\n<\/td>\n<td class=\"Estilo91\" align=\"center\">\n<div align=\"center\"><a href=\"http:\/\/congresocoahuila.gob.mx\/portal\/wp-content\/uploads\/2014\/11\/20151028_027_Ejec.doc\">28 de Octubre de 2015<\/a><\/div>\n<\/td>\n<\/tr>\n<tr>\n<td class=\"Estilo91\" style=\"text-align: left;\" valign=\"top\" bgcolor=\"#e1e1e1\">Diputada Ana Isabel Duran Pi\u00f1a, conjuntamente con las Diputadas Irma Leticia Casta\u00f1o Orozco, Lilia Isabel Guti\u00e9rrez Burciaga, Martha Hortensia Garay Cadena y el Diputado Melchor S\u00e1nchez de la Fuente, as\u00ed como las dem\u00e1s Diputadas y Diputados integrantes del Grupo Parlamentario \u201cGral. Eulalio Guti\u00e9rrez Ortiz\u201d, del Partido Revolucionario Institucional.<\/td>\n<td class=\"Estilo91\" valign=\"middle\" bgcolor=\"#e1e1e1\">\n<div align=\"left\">\n<p>Reforma a la\u00a0Ley de Asistencia Social y Protecci\u00f3n de Derechos del Estado de Coahuila de Zaragoza.<\/p>\n<\/div>\n<\/td>\n<td class=\"Estilo91\" align=\"center\" bgcolor=\"#e1e1e1\">\n<div align=\"center\"><a href=\"http:\/\/congresocoahuila.gob.mx\/portal\/wp-content\/uploads\/2014\/11\/20151104_162_PRI.doc\">4 de Noviembre de 2015<\/a><\/div>\n<\/td>\n<\/tr>\n<tr>\n<td class=\"Estilo91\" style=\"text-align: left;\" valign=\"top\">Diputado Javier de Jes\u00fas Rodr\u00edguez Mendoza, de la Fracci\u00f3n Parlamentaria \u201cJos\u00e9 Mario Molina Pasquel y Henriquez\u201d, del Partido Verde Ecologista de M\u00e9xico.<\/td>\n<td class=\"Estilo91\" valign=\"middle\">\n<div align=\"left\">\n<p>Reforma\u00a0a la\u00a0Ley del Sistema Estatal para la Garant\u00eda de los Derechos Humanos de Ni\u00f1os y Ni\u00f1as del Estado de Coahuila de Zaragoza.<\/p>\n<\/div>\n<\/td>\n<td class=\"Estilo91\" align=\"center\">\n<div align=\"center\"><a href=\"http:\/\/congresocoahuila.gob.mx\/portal\/wp-content\/uploads\/2016\/05\/20151104_163_PVEM.doc\">4 de Noviembre de 2015<\/a><\/div>\n<\/td>\n<\/tr>\n<tr>\n<td class=\"Estilo91\" style=\"text-align: left;\" valign=\"top\" bgcolor=\"#e1e1e1\">Diputada Claudia Elisa Morales Salazar, de la Fracci\u00f3n Parlamentaria, \u201cLic. Gilberto Rinc\u00f3n Gallardo\u201d\u00a0 del Partido Socialdem\u00f3crata de Coahuila.<\/td>\n<td class=\"Estilo91\" valign=\"middle\" bgcolor=\"#e1e1e1\">\n<div align=\"left\">\n<p>Reforma a la\u00a0Ley de Igualdad entre Mujeres y Hombres en el Estado de Coahuila de Zaragoza.<\/p>\n<\/div>\n<\/td>\n<td class=\"Estilo91\" align=\"center\" bgcolor=\"#e1e1e1\">\n<div align=\"center\"><a href=\"http:\/\/congresocoahuila.gob.mx\/portal\/wp-content\/uploads\/2014\/11\/20151104_164_PSD.doc\">4 de Noviembre de 2015<\/a><\/div>\n<\/td>\n<\/tr>\n<tr>\n<td class=\"Estilo91\" style=\"text-align: left;\" valign=\"top\">Diputada Irma Leticia Casta\u00f1o Orozco, conjuntamente con las Diputadas Ana Isabel Duran Pi\u00f1a, Lilia Isabel Guti\u00e9rrez Burciaga, Martha Hortensia Garay Cadena y el Diputado Melchor S\u00e1nchez de la Fuente, as\u00ed como las dem\u00e1s Diputadas y Diputados integrantes del Grupo Parlamentario \u201cGral. Eulalio Guti\u00e9rrez Ortiz\u201d, del Partido Revolucionario Institucional.<\/td>\n<td class=\"Estilo91\" valign=\"middle\">\n<div align=\"left\">\n<p>Reforma a la\u00a0Ley Estatal de Educaci\u00f3n.<\/p>\n<\/div>\n<\/td>\n<td class=\"Estilo91\" align=\"center\">\n<div align=\"center\"><a href=\"http:\/\/congresocoahuila.gob.mx\/portal\/wp-content\/uploads\/2014\/11\/20151104_165_PRI.doc\">4 de Noviembre de 2015<\/a><\/div>\n<\/td>\n<\/tr>\n<tr>\n<td class=\"Estilo91\" style=\"text-align: left;\" valign=\"top\" bgcolor=\"#e1e1e1\">Diputada Martha Hortensia Garay Cadena, conjuntamente con las Diputadas Ana Isabel Duran Pi\u00f1a, Irma Leticia Casta\u00f1o Orozco, Lilia Isabel Guti\u00e9rrez Burciaga y el Diputado Melchor S\u00e1nchez de la Fuente, as\u00ed como las dem\u00e1s Diputadas y Diputados integrantes del Grupo Parlamentario \u201cGral. Eulalio Guti\u00e9rrez Ortiz\u201d, del Partido Revolucionario Institucional.<\/td>\n<td class=\"Estilo91\" valign=\"middle\" bgcolor=\"#e1e1e1\">\n<div align=\"left\">\n<p>Reforma a la\u00a0Ley para el Desarrollo e Inclusi\u00f3n de las Personas con Discapacidad del Estado de Coahuila de Zaragoza.<\/p>\n<\/div>\n<\/td>\n<td class=\"Estilo91\" align=\"center\" bgcolor=\"#e1e1e1\">\n<div align=\"center\"><a href=\"http:\/\/congresocoahuila.gob.mx\/portal\/wp-content\/uploads\/2014\/11\/20151104_166_PRI.doc\">4 de Noviembre de 2015<\/a><\/div>\n<\/td>\n<\/tr>\n<tr>\n<td class=\"Estilo91\" style=\"text-align: left;\" valign=\"top\">Diputada Claudia Elisa Morales Salazar, de la Fracci\u00f3n Parlamentaria, \u201cLic. Gilberto Rinc\u00f3n Gallardo\u201d\u00a0 del Partido Socialdem\u00f3crata de Coahuila.<\/td>\n<td class=\"Estilo91\" valign=\"middle\">\n<div align=\"left\">\n<p>Reforma a la\u00a0Ley para Promover la Igualdad y Prevenir la Discriminaci\u00f3n en el Estado de Coahuila de Zaragoza.<\/p>\n<\/div>\n<\/td>\n<td class=\"Estilo91\" align=\"center\">\n<div align=\"center\"><a href=\"http:\/\/congresocoahuila.gob.mx\/portal\/wp-content\/uploads\/2017\/01\/20151104_167_PSD.doc\">4 de Noviembre de 2015<\/a><\/div>\n<\/td>\n<\/tr>\n<tr>\n<td class=\"Estilo91\" style=\"text-align: left;\" valign=\"top\" bgcolor=\"#e1e1e1\">Diputado Jes\u00fas de Le\u00f3n Tello,\u00a0conjuntamente con las Diputadas y Diputados integrantes del Grupo Parlamentario \u201cAlonso Lujambio Iraz\u00e1bal\u201d, del Partido Acci\u00f3n Nacional.<\/td>\n<td class=\"Estilo91\" valign=\"middle\" bgcolor=\"#e1e1e1\">\n<div align=\"left\">\n<p>Reforma a la\u00a0Constituci\u00f3n Pol\u00edtica del Estado de Coahuila de Zaragoza\u00a0y al C\u00f3digo Municipal para el Estado de Coahuila de Zaragoza.<\/p>\n<\/div>\n<\/td>\n<td class=\"Estilo91\" align=\"center\" bgcolor=\"#e1e1e1\">\n<div align=\"center\"><a href=\"http:\/\/congresocoahuila.gob.mx\/portal\/wp-content\/uploads\/2014\/11\/20151110_168_PAN.doc\">10 de Noviembre de 2015<\/a><\/div>\n<\/td>\n<\/tr>\n<tr>\n<td class=\"Estilo91\" style=\"text-align: left;\" valign=\"top\">Diputada Georgina Cano Torralva,\u00a0conjuntamente con las Diputadas y Diputados integrantes del Grupo Parlamentario \u201cGral. Eulalio Guti\u00e9rrez Ortiz\u201d, del Partido Revolucionario Institucional.<\/td>\n<td class=\"Estilo91\" valign=\"middle\">\n<div align=\"left\">\n<p>Reforma al C\u00f3digo Civil para el Estado de Coahuila de Zaragoza.<\/p>\n<\/div>\n<\/td>\n<td class=\"Estilo91\" align=\"center\">\n<div align=\"center\"><a href=\"http:\/\/congresocoahuila.gob.mx\/portal\/wp-content\/uploads\/2014\/11\/20151110_169_PRI.doc\">10 de Noviembre de 2015<\/a><\/div>\n<\/td>\n<\/tr>\n<tr>\n<td class=\"Estilo91\" style=\"text-align: left;\" valign=\"top\" bgcolor=\"#e1e1e1\">Diputada Lariza Montiel Luis,\u00a0conjuntamente con las Diputadas y Diputados integrantes del Grupo Parlamentario \u201cAlonso Lujambio Iraz\u00e1bal\u201d, del Partido Acci\u00f3n Nacional.<\/td>\n<td class=\"Estilo91\" valign=\"middle\" bgcolor=\"#e1e1e1\">\n<div align=\"left\">\n<p>Reforma al C\u00f3digo Municipal para el Estado de Coahuila de Zaragoza.<\/p>\n<\/div>\n<\/td>\n<td class=\"Estilo91\" align=\"center\" bgcolor=\"#e1e1e1\">\n<div align=\"center\"><a href=\"http:\/\/congresocoahuila.gob.mx\/portal\/wp-content\/uploads\/2014\/11\/20151110_170_PAN.doc\">10 de Noviembre de 2015<\/a><\/div>\n<\/td>\n<\/tr>\n<tr>\n<td class=\"Estilo91\" style=\"text-align: left;\" valign=\"top\">Diputado Javier de Jes\u00fas Rodr\u00edguez Mendoza, de la Fracci\u00f3n Parlamentaria \u201cJos\u00e9 Mario Molina Pasquel y Henriquez\u201d, del Partido Verde Ecologista de M\u00e9xico.<\/td>\n<td class=\"Estilo91\" valign=\"middle\">\n<div align=\"left\">\n<p>Reforma a la\u00a0Ley para el Desarrollo Integral de la Juventud del Estado de Coahuila de Zaragoza.<\/p>\n<\/div>\n<\/td>\n<td class=\"Estilo91\" align=\"center\">\n<div align=\"center\"><a href=\"http:\/\/congresocoahuila.gob.mx\/portal\/wp-content\/uploads\/2014\/11\/20151110_171_PVEM.doc\">10 de Noviembre de 2015<\/a><\/div>\n<\/td>\n<\/tr>\n<tr>\n<td class=\"Estilo91\" style=\"text-align: left;\" valign=\"top\" bgcolor=\"#e1e1e1\">Diputada Claudia Elisa Morales Salazar, de la Fracci\u00f3n Parlamentaria, \u201cLic. Gilberto Rinc\u00f3n Gallardo\u201d\u00a0 del Partido Socialdem\u00f3crata de Coahuila.<\/td>\n<td class=\"Estilo91\" valign=\"middle\" bgcolor=\"#e1e1e1\">\n<div align=\"left\">\n<p>Reforma a la\u00a0Ley del Sistema Estatal para la Garant\u00eda de los Derechos Humanos de Ni\u00f1os y Ni\u00f1as del Estado de Coahuila de Zaragoza.<\/p>\n<\/div>\n<\/td>\n<td class=\"Estilo91\" align=\"center\" bgcolor=\"#e1e1e1\">\n<div align=\"center\"><a href=\"http:\/\/congresocoahuila.gob.mx\/portal\/wp-content\/uploads\/2016\/05\/20151110_172_PSD.doc\">10 de Noviembre de 2015<\/a><\/div>\n<\/td>\n<\/tr>\n<tr>\n<td class=\"Estilo91\" style=\"text-align: left;\" valign=\"top\">Diputado Melchor S\u00e1nchez de la Fuente,\u00a0conjuntamente con las Diputadas y Diputados integrantes del Grupo Parlamentario \u201cGral. Eulalio Guti\u00e9rrez Ortiz\u201d, del Partido Revolucionario Institucional.<\/td>\n<td class=\"Estilo91\" valign=\"middle\">\n<div align=\"left\">\n<p>Reforma a la\u00a0Constituci\u00f3n Pol\u00edtica del Estado de Coahuila de Zaragoza.<\/p>\n<\/div>\n<\/td>\n<td class=\"Estilo91\" align=\"center\">\n<div align=\"center\"><a href=\"http:\/\/congresocoahuila.gob.mx\/portal\/wp-content\/uploads\/2014\/11\/20151110_173_PRI.doc\">10 de Noviembre de 2015<\/a><\/div>\n<\/td>\n<\/tr>\n<tr>\n<td class=\"Estilo91\" style=\"text-align: left;\" valign=\"top\" bgcolor=\"#e1e1e1\">Diputada Claudia Elisa Morales Salazar, de la Fracci\u00f3n Parlamentaria, \u201cLic. Gilberto Rinc\u00f3n Gallardo\u201d\u00a0 del Partido Socialdem\u00f3crata de Coahuila, conjuntamente con el Diputado Francisco Tob\u00edas Hern\u00e1ndez, integrante del Grupo Parlamentario \u00abGral. Eulalio Guti\u00e9rrez Ortiz\u00bb, del Partido Revolucionario Institucional.<\/td>\n<td class=\"Estilo91\" valign=\"middle\" bgcolor=\"#e1e1e1\">\n<div align=\"left\">\n<p>Reforma a la\u00a0Ley de Igualdad entre Mujeres y Hombres en el Estado de Coahuila de Zaragoza.<\/p>\n<\/div>\n<\/td>\n<td class=\"Estilo91\" align=\"center\" bgcolor=\"#e1e1e1\">\n<div align=\"center\"><a href=\"http:\/\/congresocoahuila.gob.mx\/portal\/wp-content\/uploads\/2016\/05\/20151110_174_PSD_PRI.doc\">10 de Noviembre de 2015<\/a><\/div>\n<\/td>\n<\/tr>\n<tr>\n<td class=\"Estilo91\" style=\"text-align: left;\" valign=\"top\">Diputado Jos\u00e9 Mar\u00eda Fraustro Siller,\u00a0conjuntamente con las Diputadas y Diputados integrantes del Grupo Parlamentario \u201cGral. Eulalio Guti\u00e9rrez Ortiz\u201d, del Partido Revolucionario Institucional.<\/td>\n<td class=\"Estilo91\" valign=\"middle\">\n<div align=\"left\">\n<p>Reforma a la\u00a0Ley de Desarrollo Social para el Estado de Coahuila de Zaragoza.<\/p>\n<\/div>\n<\/td>\n<td class=\"Estilo91\" align=\"center\">\n<div align=\"center\"><a href=\"http:\/\/congresocoahuila.gob.mx\/portal\/wp-content\/uploads\/2016\/05\/20151118_175_PRI.doc\">18 de Noviembre de 2015<\/a><\/div>\n<\/td>\n<\/tr>\n<tr>\n<td class=\"Estilo91\" style=\"text-align: left;\" valign=\"top\" bgcolor=\"#e1e1e1\">Diputada Georgina Cano Torralva,\u00a0conjuntamente con las Diputadas y Diputados integrantes del Grupo Parlamentario \u201cGral. Eulalio Guti\u00e9rrez Ortiz\u201d, del Partido Revolucionario Institucional.<\/td>\n<td class=\"Estilo91\" valign=\"middle\" bgcolor=\"#e1e1e1\">\n<div align=\"left\">\n<p>Reforma a la\u00a0Ley Estatal de Salud, \u00a0y a la Ley para la Regulaci\u00f3n de la Venta y Consumo de Alcohol en el Estado de Coahuila de Zaragoza.<\/p>\n<\/div>\n<\/td>\n<td class=\"Estilo91\" align=\"center\" bgcolor=\"#e1e1e1\">\n<div align=\"center\"><a href=\"http:\/\/congresocoahuila.gob.mx\/portal\/wp-content\/uploads\/2014\/11\/20151118_176_PRI.doc\">18 de Noviembre de 2015<\/a><\/div>\n<\/td>\n<\/tr>\n<tr>\n<td class=\"Estilo91\" style=\"text-align: left;\" valign=\"top\">Diputada Ver\u00f3nica Mart\u00ednez Garc\u00eda,\u00a0conjuntamente con las Diputadas y Diputados integrantes del Grupo Parlamentario \u201cGral. Eulalio Guti\u00e9rrez Ortiz\u201d, del Partido Revolucionario Institucional.<\/td>\n<td class=\"Estilo91\" valign=\"middle\">\n<div align=\"left\">\n<p>Reforma al\u00a0C\u00f3digo Penal del Estado de Coahuila de Zaragoza.<\/p>\n<\/div>\n<\/td>\n<td class=\"Estilo91\" align=\"center\">\n<div align=\"center\"><a href=\"http:\/\/congresocoahuila.gob.mx\/portal\/wp-content\/uploads\/2016\/05\/20151118_177_PRI.doc\">18 de Noviembre de 2015<\/a><\/div>\n<\/td>\n<\/tr>\n<tr>\n<td class=\"Estilo91\" style=\"text-align: left;\" valign=\"top\" bgcolor=\"#e1e1e1\">Diputada Claudia Elisa Morales Salazar, de la Fracci\u00f3n Parlamentaria, \u201cLic. Gilberto Rinc\u00f3n Gallardo\u201d\u00a0 del Partido Socialdem\u00f3crata de Coahuila.<\/td>\n<td class=\"Estilo91\" valign=\"middle\" bgcolor=\"#e1e1e1\">\n<div align=\"left\">\n<p>Reforma a la\u00a0Ley de Protecci\u00f3n Civil para el Estado de Coahuila de Zaragoza.<\/p>\n<\/div>\n<\/td>\n<td class=\"Estilo91\" align=\"center\" bgcolor=\"#e1e1e1\">\n<div align=\"center\"><a href=\"http:\/\/congresocoahuila.gob.mx\/portal\/wp-content\/uploads\/2017\/01\/20151118_178_PSD.doc\">18 de Noviembre de 2015<\/a><\/div>\n<\/td>\n<\/tr>\n<tr>\n<td class=\"Estilo91\" style=\"text-align: left;\" valign=\"top\">Diputado Francisco Tob\u00edas Hern\u00e1ndez,\u00a0conjuntamente con las Diputadas y Diputados integrantes del Grupo Parlamentario \u201cGral. Eulalio Guti\u00e9rrez Ortiz\u201d, del Partido Revolucionario Institucional.<\/td>\n<td class=\"Estilo91\" valign=\"middle\">\n<div align=\"left\">\n<p>Reforma a la\u00a0Ley de Justicia para Adolescentes del Estado de Coahuila de Zaragoza.<\/p>\n<\/div>\n<\/td>\n<td class=\"Estilo91\" align=\"center\">\n<div align=\"center\"><a href=\"http:\/\/congresocoahuila.gob.mx\/portal\/wp-content\/uploads\/2016\/05\/20151118_179_PRI.doc\">18 de Noviembre de 2015<\/a><\/div>\n<\/td>\n<\/tr>\n<tr>\n<td class=\"Estilo91\" style=\"text-align: left;\" valign=\"top\" bgcolor=\"#e1e1e1\">Diputada Sonia Villarreal P\u00e9rez,\u00a0conjuntamente con las Diputadas y Diputados integrantes del Grupo Parlamentario \u201cGral. Eulalio Guti\u00e9rrez Ortiz\u201d, del Partido Revolucionario Institucional.<\/td>\n<td class=\"Estilo91\" valign=\"middle\" bgcolor=\"#e1e1e1\">\n<div align=\"left\">\n<p>Reforma a la\u00a0Ley de Igualdad Entre Mujeres y Hombres en el Estado de Coahuila de Zaragoza.<\/p>\n<\/div>\n<\/td>\n<td class=\"Estilo91\" align=\"center\" bgcolor=\"#e1e1e1\">\n<div align=\"center\"><a href=\"https:\/\/congresocoahuila.gob.mx\/transparencia\/\/03\/INICIATIVAS-2015-2017\/20151118_180_PRI.doc\">18 de Noviembre de 2015<\/a><\/div>\n<\/td>\n<\/tr>\n<tr>\n<td class=\"Estilo91\" style=\"text-align: left;\" valign=\"top\">Diputada Claudia Elisa Morales Salazar, de la Fracci\u00f3n Parlamentaria, \u201cLic. Gilberto Rinc\u00f3n Gallardo\u201d\u00a0 del Partido Socialdem\u00f3crata de Coahuila.<\/td>\n<td class=\"Estilo91\" valign=\"middle\">\n<div align=\"left\">\n<p>Reforma a la\u00a0Ley de la Comisi\u00f3n de Derechos Humanos para el Estado de Coahuila de Zaragoza.<\/p>\n<\/div>\n<\/td>\n<td class=\"Estilo91\" align=\"center\">\n<div align=\"center\"><a href=\"http:\/\/congresocoahuila.gob.mx\/portal\/wp-content\/uploads\/2014\/11\/20151118_181_PSD.doc\">18 de Noviembre de 2015<\/a><\/div>\n<\/td>\n<\/tr>\n<tr>\n<td class=\"Estilo91\" style=\"text-align: left;\" valign=\"top\" bgcolor=\"#e1e1e1\">Diputado Luis Gurza Jaidar, conjuntamente con las Diputadas y Diputados integrantes del Grupo Parlamentario \u201cGral. Eulalio Guti\u00e9rrez Ortiz\u201d, del Partido Revolucionario Institucional.<\/td>\n<td class=\"Estilo91\" valign=\"middle\" bgcolor=\"#e1e1e1\">\n<div align=\"left\">\n<p>Reforma al\u00a0C\u00f3digo Civil para el Estado de Coahuila de Zaragoza y al\u00a0C\u00f3digo Procesal Civil para el Estado de Coahuila de Zaragoza.<\/p>\n<\/div>\n<\/td>\n<td class=\"Estilo91\" align=\"center\" bgcolor=\"#e1e1e1\">\n<div align=\"center\"><a href=\"http:\/\/congresocoahuila.gob.mx\/portal\/wp-content\/uploads\/2014\/11\/20151124_182_PRI.doc\">24 de Noviembre de 2015<\/a><\/div>\n<\/td>\n<\/tr>\n<tr>\n<td class=\"Estilo91\" style=\"text-align: left;\" valign=\"top\">Diputado Sergio Garza Castillo, de la Fracci\u00f3n Parlamentaria \u201cHilda Graciela Rivera de P\u00e9rez Arreola\u201d del Partido Unidad Democr\u00e1tica de Coahuila.<\/td>\n<td class=\"Estilo91\" valign=\"middle\">\n<div align=\"left\">\n<p>Reforma a la\u00a0Ley de Desarrollo Social para el Estado de Coahuila de Zaragoza.<\/p>\n<\/div>\n<\/td>\n<td class=\"Estilo91\" align=\"center\">\n<div align=\"center\"><a href=\"http:\/\/congresocoahuila.gob.mx\/portal\/wp-content\/uploads\/2016\/05\/20151124_183_UDC.doc\">24 de Noviembre de 2015<\/a><\/div>\n<\/td>\n<\/tr>\n<tr>\n<td class=\"Estilo91\" style=\"text-align: left;\" valign=\"top\" bgcolor=\"#e1e1e1\">Diputado Leonel Contreras P\u00e1manes, de la Fracci\u00f3n Parlamentaria \u201cManuel Mu\u00f1oz Olivares\u201d, del Partido Primero Coahuila.<\/td>\n<td class=\"Estilo91\" valign=\"middle\" bgcolor=\"#e1e1e1\">\n<div align=\"left\">\n<p>Reforma al\u00a0C\u00f3digo Procesal Civil para el Estado de Coahuila de Zaragoza.<\/p>\n<\/div>\n<\/td>\n<td class=\"Estilo91\" align=\"center\" bgcolor=\"#e1e1e1\">\n<div align=\"center\"><a href=\"http:\/\/congresocoahuila.gob.mx\/portal\/wp-content\/uploads\/2014\/11\/20151124_184_PPC.doc\">24 de Noviembre de 2015<\/a><\/div>\n<\/td>\n<\/tr>\n<tr>\n<td class=\"Estilo91\" style=\"text-align: left;\" valign=\"top\">Diputado Javier de Jes\u00fas Rodr\u00edguez Mendoza, de la Fracci\u00f3n Parlamentaria \u201cJos\u00e9 Mario Molina Pasquel y Henriquez\u201d, del Partido Verde Ecologista de M\u00e9xico.<\/td>\n<td class=\"Estilo91\" valign=\"middle\">\n<div align=\"left\">\n<p>Reforma a la\u00a0Ley Estatal de Educaci\u00f3n.<\/p>\n<\/div>\n<\/td>\n<td class=\"Estilo91\" align=\"center\">\n<div align=\"center\"><a href=\"http:\/\/congresocoahuila.gob.mx\/portal\/wp-content\/uploads\/2014\/11\/20151124_185_PVEM.doc\">24 de Noviembre de 2015<\/a><\/div>\n<\/td>\n<\/tr>\n<tr>\n<td class=\"Estilo91\" style=\"text-align: left;\" valign=\"top\" bgcolor=\"#e1e1e1\">Diputada Georgina Cano Torralva,\u00a0conjuntamente con las Diputadas y Diputados integrantes del Grupo Parlamentario \u201cGral. Eulalio Guti\u00e9rrez Ortiz\u201d, del Partido Revolucionario Institucional.<\/td>\n<td class=\"Estilo91\" valign=\"middle\" bgcolor=\"#e1e1e1\">\n<div align=\"left\">\n<p>Reforma a la\u00a0Ley Org\u00e1nica de la Administraci\u00f3n P\u00fablica del Estado de Coahuila de Zaragoza.<\/p>\n<\/div>\n<\/td>\n<td class=\"Estilo91\" align=\"center\" bgcolor=\"#e1e1e1\">\n<div align=\"center\"><a href=\"http:\/\/congresocoahuila.gob.mx\/portal\/wp-content\/uploads\/2014\/11\/20151124_186_PRI.doc\">24 de Noviembre de 2015<\/a><\/div>\n<\/td>\n<\/tr>\n<tr>\n<td class=\"Estilo91\" style=\"text-align: left;\" valign=\"top\">Diputada Ver\u00f3nica Mart\u00ednez Garc\u00eda,\u00a0conjuntamente con las Diputadas y Diputados integrantes del Grupo Parlamentario \u201cGral. Eulalio Guti\u00e9rrez Ortiz\u201d, del Partido Revolucionario Institucional.<\/td>\n<td class=\"Estilo91\" valign=\"middle\">\n<div align=\"left\">\n<p>Se declara el \u201c2016 a\u00f1o de la lucha contra la diabetes\u201d.<\/p>\n<\/div>\n<\/td>\n<td class=\"Estilo91\" align=\"center\">\n<div align=\"center\"><a href=\"http:\/\/congresocoahuila.gob.mx\/portal\/wp-content\/uploads\/2014\/11\/20151124PRI_2016_Diabetes.pdf\">24 de Noviembre de 2015<\/a><\/div>\n<\/td>\n<\/tr>\n<tr>\n<td class=\"Estilo91\" style=\"text-align: left;\" valign=\"top\" bgcolor=\"#e1e1e1\">Ejecutivo del Estado, Lic. Rub\u00e9n Ignacio Moreira Valdez.<\/td>\n<td class=\"Estilo91\" valign=\"middle\" bgcolor=\"#e1e1e1\">\n<div align=\"left\">\n<p>Reforma a la\u00a0Ley Org\u00e1nica de la Administraci\u00f3n P\u00fablica del Estado de Coahuila de Zaragoza.<\/p>\n<\/div>\n<\/td>\n<td class=\"Estilo91\" align=\"center\" bgcolor=\"#e1e1e1\">\n<div align=\"center\"><a href=\"http:\/\/congresocoahuila.gob.mx\/portal\/wp-content\/uploads\/2014\/11\/20151130_028_Ejec.doc\">30 de Noviembre de 2015<\/a><\/div>\n<\/td>\n<\/tr>\n<tr>\n<td class=\"Estilo91\" style=\"text-align: left;\" valign=\"top\">Ejecutivo del Estado, Lic. Rub\u00e9n Ignacio Moreira Valdez.<\/td>\n<td class=\"Estilo91\" valign=\"middle\">\n<div align=\"left\">\n<p>Exposici\u00f3n de Motivos &#8211; Paquete Fiscal 2016<\/p>\n<\/div>\n<\/td>\n<td class=\"Estilo91\" align=\"center\">\n<div align=\"center\"><a href=\"http:\/\/congresocoahuila.gob.mx\/portal\/wp-content\/uploads\/2014\/11\/20151130_Paquete_Fiscal_Exposicion_Motivos.doc\">30 de Noviembre de 2015<\/a><\/div>\n<\/td>\n<\/tr>\n<tr>\n<td class=\"Estilo91\" style=\"text-align: left;\" valign=\"top\" bgcolor=\"#e1e1e1\">Ejecutivo del Estado, Lic. Rub\u00e9n Ignacio Moreira Valdez.<\/td>\n<td class=\"Estilo91\" valign=\"middle\" bgcolor=\"#e1e1e1\">\n<div align=\"left\">\n<p>Ley de Ingresos para el Estado de Coahuila de Zaragoza\u00a0 para el Ejercicio Fiscal 2016.<\/p>\n<\/div>\n<\/td>\n<td class=\"Estilo91\" align=\"center\" bgcolor=\"#e1e1e1\">\n<div align=\"center\"><a href=\"http:\/\/congresocoahuila.gob.mx\/portal\/wp-content\/uploads\/2014\/11\/20151130_029_Ejec.doc\">30 de Noviembre de 2015<\/a><\/div>\n<\/td>\n<\/tr>\n<tr>\n<td class=\"Estilo91\" style=\"text-align: left;\" valign=\"top\">Ejecutivo del Estado, Lic. Rub\u00e9n Ignacio Moreira Valdez.<\/td>\n<td class=\"Estilo91\" valign=\"middle\">\n<div align=\"left\">Presupuesto de Egresos del Estado de Coahuila de Zaragoza para el Ejercicio Fiscal 2016.<\/div>\n<\/td>\n<td class=\"Estilo91\" align=\"center\">\n<div align=\"center\"><a href=\"http:\/\/congresocoahuila.gob.mx\/portal\/wp-content\/uploads\/2014\/11\/20151130_030_Ejec.doc\">30 de Noviembre de 2015<\/a><\/div>\n<\/td>\n<\/tr>\n<tr>\n<td class=\"Estilo91\" style=\"text-align: left;\" valign=\"top\" bgcolor=\"#e1e1e1\">Ejecutivo del Estado, Lic. Rub\u00e9n Ignacio Moreira Valdez.<\/td>\n<td class=\"Estilo91\" valign=\"middle\" bgcolor=\"#e1e1e1\">\n<div align=\"left\">\n<p>Ley para la Distribuci\u00f3n de Participaciones y Aportaciones Federales a los Municipios del Estado de Coahuila de Zaragoza.<\/p>\n<\/div>\n<\/td>\n<td class=\"Estilo91\" align=\"center\" bgcolor=\"#e1e1e1\">\n<div align=\"center\"><a href=\"http:\/\/congresocoahuila.gob.mx\/portal\/wp-content\/uploads\/2014\/11\/20151130_031_Ejec.doc\">30 de Noviembre de 2015<\/a><\/div>\n<\/td>\n<\/tr>\n<tr>\n<td class=\"Estilo91\" style=\"text-align: left;\" valign=\"top\">Ejecutivo del Estado, Lic. Rub\u00e9n Ignacio Moreira Valdez.<\/td>\n<td class=\"Estilo91\" valign=\"middle\">\n<div align=\"left\">\n<p>Reforma a la\u00a0Ley de Hacienda para el Estado de Coahuila de Zaragoza.<\/p>\n<\/div>\n<\/td>\n<td class=\"Estilo91\" align=\"center\">\n<div align=\"center\"><a href=\"http:\/\/congresocoahuila.gob.mx\/portal\/wp-content\/uploads\/2014\/11\/20151130_032_Ejec.doc\">30 de Noviembre de 2015<\/a><\/div>\n<\/td>\n<\/tr>\n<tr>\n<td class=\"Estilo91\" style=\"text-align: left;\" valign=\"top\" bgcolor=\"#e1e1e1\">Ejecutivo del Estado, Lic. Rub\u00e9n Ignacio Moreira Valdez.<\/td>\n<td class=\"Estilo91\" valign=\"middle\" bgcolor=\"#e1e1e1\">\n<div align=\"left\">\n<p>Reforma al\u00a0C\u00f3digo Fiscal para el Estado de Coahuila de Zaragoza.<\/p>\n<\/div>\n<\/td>\n<td class=\"Estilo91\" align=\"center\" bgcolor=\"#e1e1e1\">\n<div align=\"center\"><a href=\"http:\/\/congresocoahuila.gob.mx\/portal\/wp-content\/uploads\/2014\/11\/20151130_033_Ejec.doc\">30 de Noviembre de 2015<\/a><\/div>\n<\/td>\n<\/tr>\n<tr>\n<td class=\"Estilo91\" style=\"text-align: left;\" valign=\"top\">Ing. Isidro L\u00f3pez Villarreal, Presidente Municipal de Saltillo<\/td>\n<td class=\"Estilo91\" valign=\"middle\">\n<div align=\"left\">\n<p>Reforma a la\u00a0Ley Org\u00e1nica del Organismo P\u00fablico Descentralizado de la Administraci\u00f3n Municipal Denominado Direcci\u00f3n de Pensiones y otros Beneficios Sociales para los Trabajadores al Servicio del Municipio de Saltillo.<\/p>\n<\/div>\n<\/td>\n<td class=\"Estilo91\" align=\"center\">\n<div align=\"center\"><a href=\"http:\/\/congresocoahuila.gob.mx\/portal\/wp-content\/uploads\/2014\/11\/20151208_Municipio_Saltillo_Pensiones.doc\">8 de Diciembre de 2015<\/a><\/div>\n<\/td>\n<\/tr>\n<tr>\n<td class=\"Estilo91\" style=\"text-align: left;\" valign=\"top\" bgcolor=\"#e1e1e1\">Diputado Antonio Nerio Maltos,\u00a0conjuntamente con las Diputadas y Diputados integrantes del Grupo Parlamentario \u201cGral. Eulalio Guti\u00e9rrez Ortiz\u201d, del Partido Revolucionario Institucional.<\/td>\n<td class=\"Estilo91\" valign=\"middle\" bgcolor=\"#e1e1e1\">\n<div align=\"left\">\n<p>Reforma a la\u00a0Ley de Ejecuci\u00f3n de Sanciones Penales y Reinserci\u00f3n Social para el Estado de Coahuila de Zaragoza.<\/p>\n<\/div>\n<\/td>\n<td class=\"Estilo91\" align=\"center\" bgcolor=\"#e1e1e1\">\n<div align=\"center\"><a href=\"http:\/\/congresocoahuila.gob.mx\/portal\/wp-content\/uploads\/2014\/11\/20151208_187_PRI.doc\">8 de Diciembre de 2015<\/a><\/div>\n<\/td>\n<\/tr>\n<tr>\n<td class=\"Estilo91\" style=\"text-align: left;\" valign=\"top\">Diputado Leonel Contreras P\u00e1manes, de la Fracci\u00f3n Parlamentaria \u201cManuel Mu\u00f1oz Olivares\u201d, del Partido Primero Coahuila.<\/td>\n<td class=\"Estilo91\" valign=\"middle\">\n<div align=\"left\">\n<p>Reforma al\u00a0C\u00f3digo Penal del Estado de Coahuila de Zaragoza.<\/p>\n<\/div>\n<\/td>\n<td class=\"Estilo91\" align=\"center\">\n<div align=\"center\"><a href=\"http:\/\/congresocoahuila.gob.mx\/portal\/wp-content\/uploads\/2016\/05\/20151208_188_PPC.doc\">8 de Diciembre de 2015<\/a><\/div>\n<\/td>\n<\/tr>\n<tr>\n<td class=\"Estilo91\" style=\"text-align: left;\" valign=\"top\" bgcolor=\"#e1e1e1\">Diputado Javier de Jes\u00fas Rodr\u00edguez Mendoza, de la Fracci\u00f3n Parlamentaria \u201cJos\u00e9 Mario Molina Pasquel y Henriquez\u201d, del Partido Verde Ecologista de M\u00e9xico.<\/td>\n<td class=\"Estilo91\" valign=\"middle\" bgcolor=\"#e1e1e1\">\n<div align=\"left\">\n<p>Reforma a la\u00a0Ley para la Adaptaci\u00f3n y Mitigaci\u00f3n a los Efectos del Cambio Clim\u00e1tico para el Estado de Coahuila de Zaragoza.<\/p>\n<\/div>\n<\/td>\n<td class=\"Estilo91\" align=\"center\" bgcolor=\"#e1e1e1\">\n<div align=\"center\"><a href=\"http:\/\/congresocoahuila.gob.mx\/portal\/wp-content\/uploads\/2014\/11\/20151208_189_PVEM.doc\">8 de Diciembre de 2015<\/a><\/div>\n<\/td>\n<\/tr>\n<tr>\n<td class=\"Estilo91\" style=\"text-align: left;\" valign=\"top\">Diputada Claudia Elisa Morales Salazar, de la Fracci\u00f3n Parlamentaria, \u201cLic. Gilberto Rinc\u00f3n Gallardo\u201d\u00a0 del Partido Socialdem\u00f3crata de Coahuila.<\/td>\n<td class=\"Estilo91\" valign=\"middle\">\n<div align=\"left\">\n<p>Reforma a la\u00a0Ley Estatal de Educaci\u00f3n.<\/p>\n<\/div>\n<\/td>\n<td class=\"Estilo91\" align=\"center\">\n<div align=\"center\"><a href=\"http:\/\/congresocoahuila.gob.mx\/portal\/wp-content\/uploads\/2014\/11\/20151208_190_PSD.doc\">8 de Diciembre de 2015<\/a><\/div>\n<\/td>\n<\/tr>\n<tr>\n<td class=\"Estilo91\" style=\"text-align: left;\" valign=\"top\" bgcolor=\"#e1e1e1\">Diputada Martha Hortensia Garay Cadena,\u00a0conjuntamente con las Diputadas y Diputados integrantes del Grupo Parlamentario \u201cGral. Eulalio Guti\u00e9rrez Ortiz\u201d, del Partido Revolucionario Institucional.<\/td>\n<td class=\"Estilo91\" valign=\"middle\" bgcolor=\"#e1e1e1\">\n<div align=\"left\">\n<p>Reforma a la\u00a0Ley del Sistema Estatal para la Garant\u00eda de los Derechos Humanos de Ni\u00f1os y Ni\u00f1as del Estado de Coahuila de Zaragoza.<\/p>\n<\/div>\n<\/td>\n<td class=\"Estilo91\" align=\"center\" bgcolor=\"#e1e1e1\">\n<div align=\"center\"><a href=\"http:\/\/congresocoahuila.gob.mx\/portal\/wp-content\/uploads\/2016\/05\/20151208_191_PRI.doc\">8 de Diciembre de 2015<\/a><\/div>\n<\/td>\n<\/tr>\n<tr>\n<td class=\"Estilo91\" style=\"text-align: left;\" valign=\"top\">Diputada Ver\u00f3nica Mart\u00ednez Garc\u00eda,\u00a0conjuntamente con las Diputadas y Diputados integrantes del Grupo Parlamentario \u201cGral. Eulalio Guti\u00e9rrez Ortiz\u201d, del Partido Revolucionario Institucional.<\/td>\n<td class=\"Estilo91\" valign=\"middle\">\n<div align=\"left\">\n<p>Reforma a la\u00a0Ley para la Protecci\u00f3n de los No Fumadores en el Estado de Coahuila de Zaragoza y a la Ley para la Regulaci\u00f3n de la Venta y Consumo de Alcohol en el Estado de Coahuila de Zaragoza.<\/p>\n<\/div>\n<\/td>\n<td class=\"Estilo91\" align=\"center\">\n<div align=\"center\"><a href=\"http:\/\/congresocoahuila.gob.mx\/portal\/wp-content\/uploads\/2014\/11\/20151208_192_PRI.doc\">8 de Diciembre de 2015<\/a><\/div>\n<\/td>\n<\/tr>\n<tr>\n<td class=\"Estilo91\" style=\"text-align: left;\" valign=\"top\" bgcolor=\"#e1e1e1\">Ejecutivo del Estado, Lic. Rub\u00e9n Ignacio Moreira Valdez.<\/td>\n<td class=\"Estilo91\" valign=\"middle\" bgcolor=\"#e1e1e1\">\n<div align=\"left\">\n<p>Reforma a la\u00a0Constituci\u00f3n Pol\u00edtica del Estado de Coahuila de Zaragoza.<\/p>\n<\/div>\n<\/td>\n<td class=\"Estilo91\" align=\"center\" bgcolor=\"#e1e1e1\">\n<div align=\"center\"><a href=\"http:\/\/congresocoahuila.gob.mx\/portal\/wp-content\/uploads\/2014\/11\/20151210_034_Ejec.doc\">10 de Diciembre de 2015<\/a><\/div>\n<\/td>\n<\/tr>\n<tr>\n<td class=\"Estilo91\" style=\"text-align: left;\" valign=\"top\">Ejecutivo del Estado, Lic. Rub\u00e9n Ignacio Moreira Valdez.<\/td>\n<td class=\"Estilo91\" valign=\"middle\">\n<div align=\"left\">\n<p>Se crea la Ley Org\u00e1nica del Instituto Electoral de Coahuila.<\/p>\n<\/div>\n<\/td>\n<td class=\"Estilo91\" align=\"center\">\n<div align=\"center\"><a href=\"http:\/\/congresocoahuila.gob.mx\/portal\/wp-content\/uploads\/2014\/11\/20151210_035_Ejec.doc\">10 de Diciembre de 2015<\/a><\/div>\n<\/td>\n<\/tr>\n<tr>\n<td class=\"Estilo91\" style=\"text-align: left;\" valign=\"top\" bgcolor=\"#e1e1e1\">Diputada Irma Leticia Casta\u00f1o Orozco,\u00a0conjuntamente con las Diputadas y Diputados integrantes del Grupo Parlamentario \u201cGral. Eulalio Guti\u00e9rrez Ortiz\u201d, del Partido Revolucionario Institucional.<\/td>\n<td class=\"Estilo91\" valign=\"middle\" bgcolor=\"#e1e1e1\">\n<div align=\"left\">\n<p>Reforma a la\u00a0Ley para Promover la Igualdad y Prevenir la Discriminaci\u00f3n en el Estado de Coahuila de Zaragoza.<\/p>\n<\/div>\n<\/td>\n<td class=\"Estilo91\" align=\"center\" bgcolor=\"#e1e1e1\">\n<div align=\"center\"><a href=\"http:\/\/congresocoahuila.gob.mx\/portal\/wp-content\/uploads\/2016\/05\/20151210_193_PRI.doc\">10 de Diciembre de 2015<\/a><\/div>\n<\/td>\n<\/tr>\n<tr>\n<td class=\"Estilo91\" style=\"text-align: left;\" valign=\"top\">Diputada Claudia Elisa Morales Salazar, de la Fracci\u00f3n Parlamentaria, \u201cLic. Gilberto Rinc\u00f3n Gallardo\u201d\u00a0 del Partido Socialdem\u00f3crata de Coahuila.<\/td>\n<td class=\"Estilo91\" valign=\"middle\">\n<div align=\"left\">\n<p>Reforma a la\u00a0Ley de Acceso de las Mujeres a una Vida Libre de Violencia para el Estado de Coahuila de Zaragoza.<\/p>\n<\/div>\n<\/td>\n<td class=\"Estilo91\" align=\"center\">\n<div align=\"center\"><a href=\"http:\/\/congresocoahuila.gob.mx\/portal\/wp-content\/uploads\/2016\/05\/20151210_194_PSD.doc\">10 de Diciembre de 2015<\/a><\/div>\n<\/td>\n<\/tr>\n<tr>\n<td class=\"Estilo91\" style=\"text-align: left;\" valign=\"top\" bgcolor=\"#e1e1e1\">Diputado Jos\u00e9 Mar\u00eda Fraustro Siller,\u00a0conjuntamente con las Diputadas y Diputados integrantes del Grupo Parlamentario \u201cGral. Eulalio Guti\u00e9rrez Ortiz\u201d, del Partido Revolucionario Institucional.<\/td>\n<td class=\"Estilo91\" valign=\"middle\" bgcolor=\"#e1e1e1\">\n<div align=\"left\">\n<p>Se declara el d\u00eda 26 de agosto como el \u201cD\u00eda Estatal del Escultismo\u201d.<\/p>\n<\/div>\n<\/td>\n<td class=\"Estilo91\" align=\"center\" bgcolor=\"#e1e1e1\">\n<div align=\"center\"><a href=\"http:\/\/congresocoahuila.gob.mx\/portal\/wp-content\/uploads\/2016\/05\/20151210_1009_PRI.doc\">10 de Diciembre de 2015<\/a><\/div>\n<\/td>\n<\/tr>\n<tr>\n<td class=\"Estilo91\" style=\"text-align: left;\" valign=\"top\">Ejecutivo del Estado, Lic. Rub\u00e9n Ignacio Moreira Valdez.<\/td>\n<td class=\"Estilo91\" valign=\"middle\">\n<div align=\"left\">\n<p>Reforma a la\u00a0Ley del Seguro de los Trabajadores de la Educaci\u00f3n del Estado de Coahuila.<\/p>\n<\/div>\n<\/td>\n<td class=\"Estilo91\" align=\"center\">\n<div align=\"center\"><a href=\"http:\/\/congresocoahuila.gob.mx\/portal\/wp-content\/uploads\/2014\/11\/20151214_036_Ejec.doc\">14 de Diciembre de 2015<\/a><\/div>\n<\/td>\n<\/tr>\n<tr>\n<td class=\"Estilo91\" style=\"text-align: left;\" valign=\"top\" bgcolor=\"#e1e1e1\">Ejecutivo del Estado, Lic. Rub\u00e9n Ignacio Moreira Valdez.<\/td>\n<td class=\"Estilo91\" valign=\"middle\" bgcolor=\"#e1e1e1\">\n<div align=\"left\">\n<p>Reforma a la\u00a0Ley del Fondo de la Vivienda para los Trabajadores de la Educaci\u00f3n al Servicio del Estado de Coahuila de Zaragoza y sus Municipios.<\/p>\n<\/div>\n<\/td>\n<td class=\"Estilo91\" align=\"center\" bgcolor=\"#e1e1e1\">\n<div align=\"center\"><a href=\"http:\/\/congresocoahuila.gob.mx\/portal\/wp-content\/uploads\/2014\/11\/20151214_037_Ejec.doc\">14 de Diciembre de 2015<\/a><\/div>\n<\/td>\n<\/tr>\n<tr>\n<td class=\"Estilo91\" style=\"text-align: left;\" valign=\"top\">Ejecutivo del Estado, Lic. Rub\u00e9n Ignacio Moreira Valdez.<\/td>\n<td class=\"Estilo91\" valign=\"middle\">\n<div align=\"left\">\n<p>Reforma a la\u00a0Ley del Servicio M\u00e9dico para los Trabajadores de la Educaci\u00f3n del Estado de Coahuila.<\/p>\n<\/div>\n<\/td>\n<td class=\"Estilo91\" align=\"center\">\n<div align=\"center\"><a href=\"http:\/\/congresocoahuila.gob.mx\/portal\/wp-content\/uploads\/2014\/11\/20151214_038_Ejec.doc\">14 de Diciembre de 2015<\/a><\/div>\n<\/td>\n<\/tr>\n<tr>\n<td class=\"Estilo91\" style=\"text-align: left;\" valign=\"top\" bgcolor=\"#e1e1e1\">Diputada Sonia Villarreal P\u00e9rez,\u00a0conjuntamente con las Diputadas y Diputados integrantes del Grupo Parlamentario \u201cGral. Eulalio Guti\u00e9rrez Ortiz\u201d, del Partido Revolucionario Institucional.<\/td>\n<td class=\"Estilo91\" valign=\"middle\" bgcolor=\"#e1e1e1\">\n<div align=\"left\">\n<p>Reforma a la\u00a0Ley Org\u00e1nica del Congreso del Estado Independiente, Libre y Soberano de Coahuila de Zaragoza.<\/p>\n<\/div>\n<\/td>\n<td class=\"Estilo91\" align=\"center\" bgcolor=\"#e1e1e1\">\n<div align=\"center\"><a href=\"http:\/\/congresocoahuila.gob.mx\/portal\/wp-content\/uploads\/2014\/11\/20151214_195_PRI.doc\">14 de Diciembre de 2015<\/a><\/div>\n<\/td>\n<\/tr>\n<tr>\n<td class=\"Estilo91\" style=\"text-align: left;\" valign=\"top\">Diputado Jes\u00fas de Le\u00f3n Tello,\u00a0conjuntamente con las Diputadas y Diputados integrantes del Grupo Parlamentario \u201cAlonso Lujambio Iraz\u00e1bal\u201d, del Partido Acci\u00f3n Nacional.<\/td>\n<td class=\"Estilo91\" valign=\"middle\">\n<div align=\"left\">\n<p>Reforma a la\u00a0Ley de Protecci\u00f3n Civil para el\u00a0 Estado de Coahuila de Zaragoza.<\/p>\n<\/div>\n<\/td>\n<td class=\"Estilo91\" align=\"center\">\n<div align=\"center\"><a href=\"http:\/\/congresocoahuila.gob.mx\/portal\/wp-content\/uploads\/2017\/01\/20151214_196_PAN.doc\">14 de Diciembre de 2015<\/a><\/div>\n<\/td>\n<\/tr>\n<tr>\n<td class=\"Estilo91\" style=\"text-align: left;\" valign=\"top\" bgcolor=\"#e1e1e1\">Diputado Javier de Jes\u00fas Rodr\u00edguez Mendoza, de la Fracci\u00f3n Parlamentaria \u201cJos\u00e9 Mario Molina Pasquel y Henriquez\u201d, del Partido Verde Ecologista de M\u00e9xico.<\/td>\n<td class=\"Estilo91\" valign=\"middle\" bgcolor=\"#e1e1e1\">\n<div align=\"left\">\n<p>Reforma a la\u00a0Ley para el Desarrollo e Inclusi\u00f3n de las Personas con Discapacidad del Estado de Coahuila de Zaragoza.<\/p>\n<\/div>\n<\/td>\n<td class=\"Estilo91\" align=\"center\" bgcolor=\"#e1e1e1\">\n<div align=\"center\"><a href=\"http:\/\/congresocoahuila.gob.mx\/portal\/wp-content\/uploads\/2014\/11\/20151214_197_PVEM.doc\">14 de Diciembre de 2015<\/a><\/div>\n<\/td>\n<\/tr>\n<tr>\n<td class=\"Estilo91\" style=\"text-align: left;\" valign=\"top\">Diputada Claudia Elisa Morales Salazar, de la Fracci\u00f3n Parlamentaria, \u201cLic. Gilberto Rinc\u00f3n Gallardo\u201d\u00a0 del Partido Socialdem\u00f3crata de Coahuila.<\/td>\n<td class=\"Estilo91\" valign=\"middle\">\n<div align=\"left\">\n<p>Reforma a la\u00a0Ley para Promover la Igualdad y Prevenir la Discriminaci\u00f3n en el Estado de Coahuila de Zaragoza.<\/p>\n<\/div>\n<\/td>\n<td class=\"Estilo91\" align=\"center\">\n<div align=\"center\"><a href=\"http:\/\/congresocoahuila.gob.mx\/portal\/wp-content\/uploads\/2017\/01\/20151214_198_PSD.doc\">14 de Diciembre de 2015<\/a><\/div>\n<\/td>\n<\/tr>\n<tr>\n<td class=\"Estilo91\" style=\"text-align: left;\" valign=\"top\" bgcolor=\"#e1e1e1\">Diputada Lariza Montiel Luis,\u00a0conjuntamente con las Diputadas y Diputados integrantes del Grupo Parlamentario \u201cAlonso Lujambio Iraz\u00e1bal\u201d, del Partido Acci\u00f3n Nacional.<\/td>\n<td class=\"Estilo91\" valign=\"middle\" bgcolor=\"#e1e1e1\">\n<div align=\"left\">\n<p>Reforma a la\u00a0Ley\u00a0 Responsabilidades de los Servidores P\u00fablicos Estatales y Municipales del Estado de Coahuila de Zaragoza.<\/p>\n<\/div>\n<\/td>\n<td class=\"Estilo91\" align=\"center\" bgcolor=\"#e1e1e1\">\n<div align=\"center\"><a href=\"http:\/\/congresocoahuila.gob.mx\/portal\/wp-content\/uploads\/2016\/05\/20151214_199_PAN.doc\">14 de Diciembre de 2015<\/a><\/div>\n<\/td>\n<\/tr>\n<tr>\n<td class=\"Estilo91\" style=\"text-align: left;\" valign=\"top\">Ejecutivo del Estado, Lic. Rub\u00e9n Ignacio Moreira Valdez.<\/td>\n<td class=\"Estilo91\" valign=\"middle\">\n<div align=\"left\">\n<p>Se crea la\u00a0Ley de Acceso de las Mujeres a una Vida Libre de Violencia.<\/p>\n<\/div>\n<\/td>\n<td class=\"Estilo91\" align=\"center\">\n<div align=\"center\"><a href=\"http:\/\/congresocoahuila.gob.mx\/portal\/wp-content\/uploads\/2014\/11\/20151217_039_Ejec.doc\">17 de Diciembre de 2015<\/a><\/div>\n<\/td>\n<\/tr>\n<tr>\n<td class=\"Estilo91\" style=\"text-align: left;\" valign=\"top\" bgcolor=\"#e1e1e1\">Ejecutivo del Estado, Lic. Rub\u00e9n Ignacio Moreira Valdez.<\/td>\n<td class=\"Estilo91\" valign=\"middle\" bgcolor=\"#e1e1e1\">\n<div align=\"left\">\n<p>Reforma a la\u00a0Ley Org\u00e1nica de la Procuradur\u00eda General de Justicia del Estado.<\/p>\n<\/div>\n<\/td>\n<td class=\"Estilo91\" align=\"center\" bgcolor=\"#e1e1e1\">\n<div align=\"center\"><a href=\"http:\/\/congresocoahuila.gob.mx\/portal\/wp-content\/uploads\/2014\/11\/20151217_040_Ejec.doc\">17 de Diciembre de 2015<\/a><\/div>\n<\/td>\n<\/tr>\n<tr>\n<td class=\"Estilo91\" style=\"text-align: left;\" valign=\"top\">Ejecutivo del Estado, Lic. Rub\u00e9n Ignacio Moreira Valdez.<\/td>\n<td class=\"Estilo91\" valign=\"middle\">\n<div align=\"left\">\n<p>Reforma a la\u00a0Ley del Equilibrio Ecol\u00f3gico y la Protecci\u00f3n al Ambiente del Estado.<\/p>\n<\/div>\n<\/td>\n<td class=\"Estilo91\" align=\"center\">\n<div align=\"center\"><a href=\"http:\/\/congresocoahuila.gob.mx\/portal\/wp-content\/uploads\/2014\/11\/20151217_041_Ejec.doc\">17 de Diciembre de 2015<\/a><\/div>\n<\/td>\n<\/tr>\n<tr>\n<td class=\"Estilo91\" style=\"text-align: left;\" valign=\"top\" bgcolor=\"#e1e1e1\">Ejecutivo del Estado, Lic. Rub\u00e9n Ignacio Moreira Valdez.<\/td>\n<td class=\"Estilo91\" valign=\"middle\" bgcolor=\"#e1e1e1\">\n<div align=\"left\">\n<p>Reforma a la\u00a0Ley de Igualdad entre Mujeres y Hombres en el Estado.<\/p>\n<\/div>\n<\/td>\n<td class=\"Estilo91\" align=\"center\" bgcolor=\"#e1e1e1\">\n<div align=\"center\"><a href=\"http:\/\/congresocoahuila.gob.mx\/portal\/wp-content\/uploads\/2014\/11\/20151217_042_Ejec.doc\">17 de Diciembre de 2015<\/a><\/div>\n<\/td>\n<\/tr>\n<tr>\n<td class=\"Estilo91\" style=\"text-align: left;\" valign=\"top\">Diputado Jos\u00e9 Ricardo Sald\u00edvar Vaquera,\u00a0conjuntamente con las Diputadas y Diputados integrantes del Grupo Parlamentario \u201cGral. Eulalio Guti\u00e9rrez Ortiz\u201d, del Partido Revolucionario Institucional.<\/td>\n<td class=\"Estilo91\" valign=\"middle\">\n<div align=\"left\">\n<p>Reforma a la\u00a0Constituci\u00f3n Pol\u00edtica del Estado de Coahuila de Zaragoza.<\/p>\n<\/div>\n<\/td>\n<td class=\"Estilo91\" align=\"center\">\n<div align=\"center\"><a href=\"http:\/\/congresocoahuila.gob.mx\/portal\/wp-content\/uploads\/2016\/05\/20151217_200_PRI.doc\">17 de Diciembre de 2015<\/a><\/div>\n<\/td>\n<\/tr>\n<tr>\n<td class=\"Estilo91\" style=\"text-align: left;\" valign=\"top\" bgcolor=\"#e1e1e1\">Diputada Martha Carolina Morales Iribarren,\u00a0conjuntamente con las Diputadas y Diputados integrantes del Grupo Parlamentario \u201cGral. Eulalio Guti\u00e9rrez Ortiz\u201d, del Partido Revolucionario Institucional.<\/td>\n<td class=\"Estilo91\" valign=\"middle\" bgcolor=\"#e1e1e1\">\n<div align=\"left\">\n<p>Se crea la\u00a0Ley que Regula a los Establecimientos que Prestan Servicio de Acceso a Internet en el Estado de Coahuila de Zaragoza.<\/p>\n<\/div>\n<\/td>\n<td class=\"Estilo91\" align=\"center\" bgcolor=\"#e1e1e1\">\n<div align=\"center\"><a href=\"http:\/\/congresocoahuila.gob.mx\/portal\/wp-content\/uploads\/2014\/11\/20151217_201_PRI.doc\">17 de Diciembre de 2015<\/a><\/div>\n<\/td>\n<\/tr>\n<tr>\n<td class=\"Estilo91\" style=\"text-align: left;\" valign=\"top\">Diputada Claudia Elisa Morales Salazar, de la Fracci\u00f3n Parlamentaria, \u201cLic. Gilberto Rinc\u00f3n Gallardo\u201d\u00a0 del Partido Socialdem\u00f3crata de Coahuila.<\/td>\n<td class=\"Estilo91\" valign=\"middle\">\n<div align=\"left\">\n<p>Reforma a la\u00a0Ley de Asistencia Social y Protecci\u00f3n de Derechos del Estado de Coahuila de Zaragoza.<\/p>\n<\/div>\n<\/td>\n<td class=\"Estilo91\" align=\"center\">\n<div align=\"center\"><a href=\"http:\/\/congresocoahuila.gob.mx\/portal\/wp-content\/uploads\/2016\/05\/20151217_202_PSD.doc\">17 de Diciembre de 2015<\/a><\/div>\n<\/td>\n<\/tr>\n<tr>\n<td class=\"Estilo91\" style=\"text-align: left;\" valign=\"top\" bgcolor=\"#e1e1e1\">Diputada Ver\u00f3nica Mart\u00ednez Garc\u00eda,\u00a0conjuntamente con las Diputadas y Diputados integrantes del Grupo Parlamentario \u201cGral. Eulalio Guti\u00e9rrez Ortiz\u201d, del Partido Revolucionario Institucional.<\/td>\n<td class=\"Estilo91\" valign=\"middle\" bgcolor=\"#e1e1e1\">\n<div align=\"left\">\n<p>Reforma a la\u00a0Ley Ap\u00edcola para el Estado de Coahuila de Zaragoza.<\/p>\n<\/div>\n<\/td>\n<td class=\"Estilo91\" align=\"center\" bgcolor=\"#e1e1e1\">\n<div align=\"center\"><a href=\"http:\/\/congresocoahuila.gob.mx\/portal\/wp-content\/uploads\/2014\/11\/20151217_203_PRI.doc\">17 de Diciembre de 2015<\/a><\/div>\n<\/td>\n<\/tr>\n<tr>\n<td class=\"Estilo91\" style=\"text-align: left;\" valign=\"top\">Diputado Leonel Contreras P\u00e1manes, de la Fracci\u00f3n Parlamentaria \u201cManuel Mu\u00f1oz Olivares\u201d, del Partido Primero Coahuila.<\/td>\n<td class=\"Estilo91\" valign=\"middle\">\n<div align=\"left\">\n<p>Reforma al\u00a0C\u00f3digo Penal del Estado de Coahuila de Zaragoza.<\/p>\n<\/div>\n<\/td>\n<td class=\"Estilo91\" align=\"center\">\n<div align=\"center\"><a href=\"http:\/\/congresocoahuila.gob.mx\/portal\/wp-content\/uploads\/2016\/05\/20151217_204_PPC.doc\">17 de Diciembre de 2015<\/a><\/div>\n<\/td>\n<\/tr>\n<tr>\n<td class=\"Estilo91\" style=\"text-align: left;\" valign=\"top\" bgcolor=\"#e1e1e1\">Diputada Martha Carolina Morales Iribarren,\u00a0conjuntamente con las Diputadas y Diputados integrantes del Grupo Parlamentario \u201cGral. Eulalio Guti\u00e9rrez Ortiz\u201d, del Partido Revolucionario Institucional.<\/td>\n<td class=\"Estilo91\" valign=\"middle\" bgcolor=\"#e1e1e1\">\n<div align=\"left\">\n<p>Se crea la Ley para la Modernizaci\u00f3n del Transporte Escolar en el Estado de Coahuila.<\/p>\n<\/div>\n<\/td>\n<td class=\"Estilo91\" align=\"center\" bgcolor=\"#e1e1e1\">\n<div align=\"center\"><a href=\"http:\/\/congresocoahuila.gob.mx\/portal\/wp-content\/uploads\/2014\/11\/20151218_205_PRI.doc\">18 de Diciembre de 2015<\/a><\/div>\n<\/td>\n<\/tr>\n<tr>\n<td class=\"Estilo91\" style=\"text-align: left;\" valign=\"top\">Diputado Sergio Garza Castillo, de la Fracci\u00f3n Parlamentaria \u201cHilda Graciela Rivera de P\u00e9rez Arreola\u201d del Partido Unidad Democr\u00e1tica de Coahuila.<\/td>\n<td class=\"Estilo91\" valign=\"middle\">\n<div align=\"left\">\n<p>Reforma al\u00a0C\u00f3digo Penal del Estado de Coahuila de Zaragoza.<\/p>\n<\/div>\n<\/td>\n<td class=\"Estilo91\" align=\"center\">\n<div align=\"center\"><a href=\"http:\/\/congresocoahuila.gob.mx\/portal\/wp-content\/uploads\/2016\/05\/20151218_206_UDC.doc\">18 de Diciembre de 2015<\/a><\/div>\n<\/td>\n<\/tr>\n<tr>\n<td class=\"Estilo91\" style=\"text-align: left;\" valign=\"top\" bgcolor=\"#e1e1e1\">Lic. Evaristo Lenin P\u00e9rez Rivera, Presidente Municipal de Acu\u00f1a, Coahuila de Zaragoza.<\/td>\n<td class=\"Estilo91\" valign=\"middle\" bgcolor=\"#e1e1e1\">\n<div align=\"left\">\n<p>Se crea la Ley de Pensiones del Municipio de Acu\u00f1a, Coahuila de Zaragoza.<\/p>\n<\/div>\n<\/td>\n<td class=\"Estilo91\" align=\"center\" bgcolor=\"#e1e1e1\">\n<div align=\"center\"><a href=\"http:\/\/congresocoahuila.gob.mx\/portal\/wp-content\/uploads\/2014\/11\/20151222_Ley_Pensiones_Acuna.pdf\">22 de Diciembre de 2015<\/a><\/div>\n<\/td>\n<\/tr>\n<tr>\n<td class=\"Estilo91\" style=\"text-align: left;\" valign=\"top\">Lic. Ricardo Flavio Aguirre Guti\u00e9rrez, Presidente Municipal de Ramos Arizpe, Coahuila de Zaragoza<\/td>\n<td class=\"Estilo91\" valign=\"middle\">\n<div align=\"left\">\n<p>Se crea la Ley de Pensiones del Municipio de Ramos Arizpe, Coahuila de Zaragoza.<\/p>\n<\/div>\n<\/td>\n<td class=\"Estilo91\" align=\"center\">\n<div align=\"center\"><a href=\"http:\/\/congresocoahuila.gob.mx\/portal\/wp-content\/uploads\/2014\/11\/20151222_Ley_Pensiones_Ramos_Arizpe.pdf\">22 de Diciembre de 2015<\/a><\/div>\n<\/td>\n<\/tr>\n<\/tbody>\n<\/table>\n<p>&nbsp;<\/p>\n<p>&nbsp;<\/p>\n","protected":false},"excerpt":{"rendered":"<p>INICIATIVAS DE LEY Y\/O REFORMAS DE LEY 2015 Presentada por: Iniciativa de Ley o reforma de Ley Fecha Ejecutivo del Estado, Lic. Rub\u00e9n Ignacio Moreira Valdez. Reforma a la\u00a0Ley Estatal de Salud. 20 de Enero de 2015 Ejecutivo del Estado, Lic. Rub\u00e9n Ignacio Moreira Valdez. Reforma a la\u00a0Ley del Sistema de Seguridad P\u00fablica del Estado [&hellip;]<\/p>\n","protected":false},"author":2,"featured_media":0,"parent":0,"menu_order":0,"comment_status":"closed","ping_status":"closed","template":"","meta":{"footnotes":""},"categories":[],"tags":[],"class_list":["post-20209","page","type-page","status-publish","hentry"],"_links":{"self":[{"href":"https:\/\/www.congresocoahuila.gob.mx\/portal\/wp-json\/wp\/v2\/pages\/20209","targetHints":{"allow":["GET"]}}],"collection":[{"href":"https:\/\/www.congresocoahuila.gob.mx\/portal\/wp-json\/wp\/v2\/pages"}],"about":[{"href":"https:\/\/www.congresocoahuila.gob.mx\/portal\/wp-json\/wp\/v2\/types\/page"}],"author":[{"embeddable":true,"href":"https:\/\/www.congresocoahuila.gob.mx\/portal\/wp-json\/wp\/v2\/users\/2"}],"replies":[{"embeddable":true,"href":"https:\/\/www.congresocoahuila.gob.mx\/portal\/wp-json\/wp\/v2\/comments?post=20209"}],"version-history":[{"count":41,"href":"https:\/\/www.congresocoahuila.gob.mx\/portal\/wp-json\/wp\/v2\/pages\/20209\/revisions"}],"predecessor-version":[{"id":39191,"href":"https:\/\/www.congresocoahuila.gob.mx\/portal\/wp-json\/wp\/v2\/pages\/20209\/revisions\/39191"}],"wp:attachment":[{"href":"https:\/\/www.congresocoahuila.gob.mx\/portal\/wp-json\/wp\/v2\/media?parent=20209"}],"wp:term":[{"taxonomy":"category","embeddable":true,"href":"https:\/\/www.congresocoahuila.gob.mx\/portal\/wp-json\/wp\/v2\/categories?post=20209"},{"taxonomy":"post_tag","embeddable":true,"href":"https:\/\/www.congresocoahuila.gob.mx\/portal\/wp-json\/wp\/v2\/tags?post=20209"}],"curies":[{"name":"wp","href":"https:\/\/api.w.org\/{rel}","templated":true}]}}