{"id":24119,"date":"2017-01-18T11:53:03","date_gmt":"2017-01-18T17:53:03","guid":{"rendered":"http:\/\/congresocoahuila.gob.mx\/portal\/?page_id=24119"},"modified":"2022-03-25T11:42:45","modified_gmt":"2022-03-25T17:42:45","slug":"iniciativas-2017","status":"publish","type":"page","link":"https:\/\/www.congresocoahuila.gob.mx\/portal\/iniciativas-2017\/","title":{"rendered":"INICIATIVAS-2017"},"content":{"rendered":"<p>INICIATIVAS DE LEY Y\/O REFORMAS DE LEY 2017<\/p>\n<p>Fecha de actualizaci\u00f3n: 31 de\u00a0Diciembre de 2017.<br \/>\nResponsable de la Informaci\u00f3n: Lic. Francisco Javier Rangel Castro,<br \/>\nOficial Mayor\u00a0del H. Congreso del Estado de Coahuila<\/p>\n<table id=\"table1\" border=\"0\" width=\"90%\" cellspacing=\"2\" cellpadding=\"0\" align=\"left\">\n<tbody>\n<tr style=\"background-color: #545454;\">\n<td class=\"Estilo101\" style=\"text-align: center;\" align=\"center\" bgcolor=\"#cccccc\" width=\"286\" height=\"27\"><span class=\"Estilo15\">Presentada por:<\/span><\/td>\n<td class=\"Estilo101\" style=\"text-align: center;\" align=\"center\" bgcolor=\"#cccccc\" width=\"343\"><span class=\"Estilo15\">Iniciativa de Ley o reforma de Ley<\/span><\/td>\n<td class=\"Estilo101\" style=\"text-align: center;\" align=\"center\" bgcolor=\"#cccccc\" width=\"107\"><span class=\"Estilo15\">Fecha<\/span><\/td>\n<\/tr>\n<tr>\n<td class=\"Estilo91\" style=\"text-align: left;\" valign=\"top\" bgcolor=\"#e1e1e1\">Ejecutivo del Estado, Lic. Rub\u00e9n Ignacio Moreira Valdez.<\/td>\n<td class=\"Estilo91\" valign=\"middle\" bgcolor=\"#e1e1e1\">\n<div align=\"left\">\n<p style=\"text-align: left;\">Reforma a la Ley de Adquisiciones, Arrendamientos y Contrataci\u00f3n de Servicios para el Estado de Coahuila de Zaragoza y de la Ley de Obras P\u00fablicas y Servicios Relacionados con las Mismas para el Estado de Coahuila de Zaragoza.<\/p>\n<\/div>\n<\/td>\n<td class=\"Estilo91\" align=\"center\" bgcolor=\"#e1e1e1\">\n<div align=\"center\"><a href=\"http:\/\/congresocoahuila.gob.mx\/portal\/wp-content\/uploads\/2017\/01\/20170117_070_Ejec.doc\">17 de Enero de 2017<\/a><\/div>\n<\/td>\n<\/tr>\n<tr>\n<td class=\"Estilo91\" style=\"background-color: #f7f5f5; text-align: left;\" valign=\"top\" bgcolor=\"#e1e1e1\">Ejecutivo del Estado, Lic. Rub\u00e9n Ignacio Moreira Valdez.<\/td>\n<td class=\"Estilo91\" style=\"background-color: #f7f5f5; text-align: left;\" valign=\"middle\" bgcolor=\"#e1e1e1\">Se crea la\u00a0Ley que Crea el Organismo P\u00fablico Descentralizado Denominado \u201cImpulsora Minera del Estado de Coahuila de Zaragoza\u201d.<\/td>\n<td class=\"Estilo91\" style=\"background-color: #f7f5f5;\" align=\"center\" bgcolor=\"#e1e1e1\"><a href=\"http:\/\/congresocoahuila.gob.mx\/portal\/wp-content\/uploads\/2016\/05\/20170124_071_Ejec.doc\">24 de Enero de 2017<\/a><\/td>\n<\/tr>\n<tr>\n<td class=\"Estilo91\" style=\"background-color: #e1e1e1; text-align: left;\" valign=\"top\" bgcolor=\"#e1e1e1\">C.\u00a0Javier Plata Villarreal<\/td>\n<td class=\"Estilo91\" style=\"background-color: #e1e1e1; text-align: left;\" valign=\"middle\" bgcolor=\"#e1e1e1\">Iniciativa Popular\u00a0mediante la cual se proponen diversos planteamientos.<\/td>\n<td class=\"Estilo91\" style=\"background-color: #e1e1e1; text-align: center;\" align=\"center\" bgcolor=\"#e1e1e1\"><a href=\"http:\/\/congresocoahuila.gob.mx\/portal\/wp-content\/uploads\/2017\/01\/Pop_20170124_Reforma_Diversos_Ordenamientos.pdf\">24 de Enero de 2017<\/a><\/td>\n<\/tr>\n<tr>\n<td class=\"Estilo91\" style=\"background-color: #f7f5f5; text-align: left;\" valign=\"top\" bgcolor=\"#e1e1e1\">Ejecutivo del Estado, Lic. Rub\u00e9n Ignacio Moreira Valdez.<\/td>\n<td class=\"Estilo91\" style=\"background-color: #f7f5f5; text-align: left;\" valign=\"middle\" bgcolor=\"#e1e1e1\">Reforma a la\u00a0Ley del Registro P\u00fablico y el C\u00f3digo Penal para el Estado de Coahuila de Zaragoza.<\/td>\n<td class=\"Estilo91\" style=\"background-color: #f7f5f5; text-align: center;\" align=\"center\" bgcolor=\"#e1e1e1\"><a href=\"http:\/\/congresocoahuila.gob.mx\/portal\/wp-content\/uploads\/2017\/01\/20170215_072_Ejec.doc\">15 de Febrero de 2017<\/a><\/td>\n<\/tr>\n<tr>\n<td class=\"Estilo91\" style=\"background-color: #e1e1e1; text-align: left;\" valign=\"top\" bgcolor=\"#e1e1e1\">Ejecutivo del Estado, Lic. Rub\u00e9n Ignacio Moreira Valdez.<\/td>\n<td class=\"Estilo91\" style=\"background-color: #e1e1e1; text-align: left;\" valign=\"middle\" bgcolor=\"#e1e1e1\">Reforma al\u00a0C\u00f3digo Municipal y el C\u00f3digo Financiero para los Municipios del Estado de Coahuila de Zaragoza.<\/td>\n<td class=\"Estilo91\" style=\"background-color: #e1e1e1; text-align: center;\" align=\"center\" bgcolor=\"#e1e1e1\"><a href=\"http:\/\/congresocoahuila.gob.mx\/portal\/wp-content\/uploads\/2017\/01\/20170215_073_Ejec.doc\">15 de Febrero de 2017<\/a><\/td>\n<\/tr>\n<tr>\n<td class=\"Estilo91\" style=\"background-color: #f7f5f5; text-align: left;\" valign=\"top\" bgcolor=\"#e1e1e1\">Diputado Javier de Jes\u00fas Rodr\u00edguez Mendoza, de la Fracci\u00f3n Parlamentaria \u201cJos\u00e9 Mario Molina Pasquel y Henriquez\u201d, del Partido Verde Ecologista de M\u00e9xico.<\/td>\n<td class=\"Estilo91\" style=\"background-color: #f7f5f5; text-align: left;\" valign=\"middle\" bgcolor=\"#e1e1e1\">Reforma a la Constituci\u00f3n Pol\u00edtica del Estado de Coahuila de Zaragoza.<\/td>\n<td class=\"Estilo91\" style=\"background-color: #f7f5f5; text-align: center;\" align=\"center\" bgcolor=\"#e1e1e1\"><a href=\"http:\/\/congresocoahuila.gob.mx\/portal\/wp-content\/uploads\/2017\/01\/20170301_463_PVEM.doc\">1 de Marzo de 2017<\/a><\/td>\n<\/tr>\n<tr>\n<td class=\"Estilo91\" style=\"background-color: #e1e1e1; text-align: left;\" valign=\"top\" bgcolor=\"#e1e1e1\">Diputada Martha Hortensia Garay Cadena,\u00a0conjuntamente con las Diputadas y Diputados integrantes del Grupo Parlamentario \u201cGral. Eulalio Guti\u00e9rrez Ortiz\u201d, del Partido Revolucionario Institucional.<\/td>\n<td class=\"Estilo91\" style=\"background-color: #e1e1e1; text-align: left;\" valign=\"middle\" bgcolor=\"#e1e1e1\">Reforma a la Ley para Promover la Igualdad y Prevenir la Discriminaci\u00f3n en el Estado de Coahuila de Zaragoza.<\/td>\n<td class=\"Estilo91\" style=\"background-color: #e1e1e1; text-align: center;\" align=\"center\" bgcolor=\"#e1e1e1\"><a href=\"http:\/\/congresocoahuila.gob.mx\/portal\/wp-content\/uploads\/2017\/01\/20170301_464_PRI.doc\">1 de Marzo de 2017<\/a><\/td>\n<\/tr>\n<tr>\n<td class=\"Estilo91\" style=\"background-color: #f7f5f5; text-align: left;\" valign=\"top\" bgcolor=\"#e1e1e1\">Diputado Leonardo Jim\u00e9nez Camacho,\u00a0conjuntamente con las Diputadas y Diputados integrantes del Grupo Parlamentario \u201cGral. Eulalio Guti\u00e9rrez Ortiz\u201d, del Partido Revolucionario Institucional.<\/td>\n<td class=\"Estilo91\" style=\"background-color: #f7f5f5; text-align: left;\" valign=\"middle\" bgcolor=\"#e1e1e1\">Reforma a la\u00a0Ley de Adquisiciones, Arrendamientos y Contrataci\u00f3n de Servicios del Sector P\u00fablico.<\/td>\n<td class=\"Estilo91\" style=\"background-color: #f7f5f5; text-align: center;\" align=\"center\" bgcolor=\"#e1e1e1\"><a href=\"http:\/\/congresocoahuila.gob.mx\/portal\/wp-content\/uploads\/2017\/01\/20170301_465_PRI.doc\">1 de Marzo de 2017<\/a><\/td>\n<\/tr>\n<tr>\n<td class=\"Estilo91\" style=\"background-color: #e1e1e1; text-align: left;\" valign=\"top\" bgcolor=\"#e1e1e1\">Diputada Ver\u00f3nica Mart\u00ednez Garc\u00eda,\u00a0conjuntamente con las Diputadas y Diputados integrantes del Grupo Parlamentario \u201cGral. Eulalio Guti\u00e9rrez Ortiz\u201d, del Partido Revolucionario Institucional.<\/td>\n<td class=\"Estilo91\" style=\"background-color: #e1e1e1; text-align: left;\" valign=\"middle\" bgcolor=\"#e1e1e1\">Reforma a la\u00a0Ley de Desarrollo Cultural para el Estado de Coahuila de Zaragoza.<\/td>\n<td class=\"Estilo91\" style=\"background-color: #e1e1e1; text-align: center;\" align=\"center\" bgcolor=\"#e1e1e1\"><a href=\"http:\/\/congresocoahuila.gob.mx\/portal\/wp-content\/uploads\/2017\/01\/20170301_466_PRI.doc\">1 de Marzo de 2017<\/a><\/td>\n<\/tr>\n<tr>\n<td class=\"Estilo91\" style=\"background-color: #f7f5f5; text-align: left;\" valign=\"top\" bgcolor=\"#e1e1e1\">Diputada Claudia Maribel Gonz\u00e1lez Espinoza,\u00a0conjuntamente con las Diputadas y Diputados integrantes del Grupo Parlamentario \u201cGral. Eulalio Guti\u00e9rrez Ortiz\u201d, del Partido Revolucionario Institucional.<\/td>\n<td class=\"Estilo91\" style=\"background-color: #f7f5f5; text-align: left;\" valign=\"middle\" bgcolor=\"#e1e1e1\">Reforma a la\u00a0Ley para la Prevenci\u00f3n y Gesti\u00f3n Integral de Residuos para el Estado de Coahuila de Zaragoza.<\/td>\n<td class=\"Estilo91\" style=\"background-color: #f7f5f5; text-align: center;\" align=\"center\" bgcolor=\"#e1e1e1\"><a href=\"http:\/\/congresocoahuila.gob.mx\/portal\/wp-content\/uploads\/2017\/01\/20170301_467_PRI.doc\">1 de Marzo de 2017<\/a><\/td>\n<\/tr>\n<tr>\n<td class=\"Estilo91\" style=\"background-color: #e1e1e1; text-align: left;\" valign=\"top\" bgcolor=\"#e1e1e1\">Diputada Ver\u00f3nica Mart\u00ednez Garc\u00eda,\u00a0conjuntamente con las Diputadas y Diputados integrantes del Grupo Parlamentario \u201cGral. Eulalio Guti\u00e9rrez Ortiz\u201d, del Partido Revolucionario Institucional.<\/td>\n<td class=\"Estilo91\" style=\"background-color: #e1e1e1; text-align: left;\" valign=\"middle\" bgcolor=\"#e1e1e1\">Reforma a la\u00a0Ley de Cultura F\u00edsica y Deporte del Estado de Coahuila de Zaragoza.<\/td>\n<td class=\"Estilo91\" style=\"background-color: #e1e1e1; text-align: center;\" align=\"center\" bgcolor=\"#e1e1e1\"><a href=\"http:\/\/congresocoahuila.gob.mx\/portal\/wp-content\/uploads\/2017\/01\/20170308_468_PRI.doc\">8 de Marzo de 2017<\/a><\/td>\n<\/tr>\n<tr>\n<td class=\"Estilo91\" style=\"background-color: #f7f5f5; text-align: left;\" valign=\"top\" bgcolor=\"#e1e1e1\">Diputado Sergio Garza Castillo, de la Fracci\u00f3n Parlamentaria \u201cHilda Graciela Rivera de P\u00e9rez Arreola\u201d del Partido Unidad Democr\u00e1tica de Coahuila.<\/td>\n<td class=\"Estilo91\" style=\"background-color: #f7f5f5; text-align: left;\" valign=\"middle\" bgcolor=\"#e1e1e1\">Reforma a la\u00a0Ley Estatal de Educaci\u00f3n.<\/td>\n<td class=\"Estilo91\" style=\"background-color: #f7f5f5; text-align: center;\" align=\"center\" bgcolor=\"#e1e1e1\"><a href=\"http:\/\/congresocoahuila.gob.mx\/portal\/wp-content\/uploads\/2017\/01\/20170308_469_UDC.doc\">8 de Marzo de 2017<\/a><\/td>\n<\/tr>\n<tr>\n<td class=\"Estilo91\" style=\"background-color: #e1e1e1; text-align: left;\" valign=\"top\" bgcolor=\"#e1e1e1\">Diputado Javier de Jes\u00fas Rodr\u00edguez Mendoza, de la Fracci\u00f3n Parlamentaria \u201cJos\u00e9 Mario Molina Pasquel y Henriquez\u201d, del Partido Verde Ecologista de M\u00e9xico.<\/td>\n<td class=\"Estilo91\" style=\"background-color: #e1e1e1; text-align: left;\" valign=\"middle\" bgcolor=\"#e1e1e1\">Reforma a la\u00a0Ley Estatal de Salud.<\/td>\n<td class=\"Estilo91\" style=\"background-color: #e1e1e1; text-align: center;\" align=\"center\" bgcolor=\"#e1e1e1\"><a href=\"http:\/\/congresocoahuila.gob.mx\/portal\/wp-content\/uploads\/2017\/01\/20170308_470_PVEM.doc\">8 de Marzo de 2017<\/a><\/td>\n<\/tr>\n<tr>\n<td class=\"Estilo91\" style=\"background-color: #f7f5f5; text-align: left;\" valign=\"top\" bgcolor=\"#e1e1e1\">Diputada Luisa Ivone Gallegos Mart\u00ednez, de la Fracci\u00f3n Parlamentaria \u201cDorotea de la Fuente Flores\u201d, del Partido Nueva Alianza.<\/td>\n<td class=\"Estilo91\" style=\"background-color: #f7f5f5; text-align: left;\" valign=\"middle\" bgcolor=\"#e1e1e1\">Reforma a la\u00a0Ley Estatal de Salud.<\/td>\n<td class=\"Estilo91\" style=\"background-color: #f7f5f5; text-align: center;\" align=\"center\" bgcolor=\"#e1e1e1\"><a href=\"https:\/\/congresocoahuila.gob.mx\/transparencia\/03\/INICIATIVAS-2015-2017\/20170308_471_PNA.doc\">8 de Marzo de 2017<\/a><\/td>\n<\/tr>\n<tr>\n<td class=\"Estilo91\" style=\"background-color: #e1e1e1; text-align: left;\" valign=\"top\" bgcolor=\"#e1e1e1\">Diputada Claudia Elisa Morales Salazar, de la Fracci\u00f3n Parlamentaria, \u201cLic. Gilberto Rinc\u00f3n Gallardo\u201d\u00a0 del Partido Socialdem\u00f3crata de Coahuila.<\/td>\n<td class=\"Estilo91\" style=\"background-color: #e1e1e1; text-align: left;\" valign=\"middle\" bgcolor=\"#e1e1e1\">Reforma a la\u00a0Ley para la Familia del Estado de Coahuila de Zaragoza.<\/td>\n<td class=\"Estilo91\" style=\"background-color: #e1e1e1; text-align: center;\" align=\"center\" bgcolor=\"#e1e1e1\"><a href=\"http:\/\/congresocoahuila.gob.mx\/portal\/wp-content\/uploads\/2017\/01\/20170308_472_PSD.doc\">8 de Marzo de 2017<\/a><\/td>\n<\/tr>\n<tr>\n<td class=\"Estilo91\" style=\"background-color: #f7f5f5; text-align: left;\" valign=\"top\" bgcolor=\"#e1e1e1\">Diputada Claudia Maribel Gonz\u00e1lez Espinoza,\u00a0conjuntamente con las Diputadas y Diputados integrantes del Grupo Parlamentario \u201cGral. Eulalio Guti\u00e9rrez Ortiz\u201d, del Partido Revolucionario Institucional.<\/td>\n<td class=\"Estilo91\" style=\"background-color: #f7f5f5; text-align: left;\" valign=\"middle\" bgcolor=\"#e1e1e1\">Reforma a la\u00a0Ley de Profesiones para el Estado de Coahuila de Zaragoza.<\/td>\n<td class=\"Estilo91\" style=\"background-color: #f7f5f5; text-align: center;\" align=\"center\" bgcolor=\"#e1e1e1\"><a href=\"http:\/\/congresocoahuila.gob.mx\/portal\/wp-content\/uploads\/2017\/01\/20170308_473_PRI.doc\">8 de Marzo de 2017<\/a><\/td>\n<\/tr>\n<tr>\n<td class=\"Estilo91\" style=\"background-color: #e1e1e1; text-align: left;\" valign=\"top\" bgcolor=\"#e1e1e1\">Diputada Mar\u00eda del Socorro Lozano D\u00e1vila,\u00a0conjuntamente con las Diputadas y Diputados integrantes del Grupo Parlamentario \u201cGral. Eulalio Guti\u00e9rrez Ortiz\u201d, del Partido Revolucionario Institucional.<\/td>\n<td class=\"Estilo91\" style=\"background-color: #e1e1e1; text-align: left;\" valign=\"middle\" bgcolor=\"#e1e1e1\">Reforma a la\u00a0Ley de Acceso de las Mujeres a una Vida Libre de Violencia para el Estado de Coahuila de Zaragoza.<\/td>\n<td class=\"Estilo91\" style=\"background-color: #e1e1e1; text-align: center;\" align=\"center\" bgcolor=\"#e1e1e1\"><a href=\"http:\/\/congresocoahuila.gob.mx\/portal\/wp-content\/uploads\/2017\/01\/20170308_474_PRI.doc\">8 de Marzo de 2017<\/a><\/td>\n<\/tr>\n<tr>\n<td class=\"Estilo91\" style=\"background-color: #f7f5f5; text-align: left;\" valign=\"top\" bgcolor=\"#e1e1e1\">Diputado Antonio Nerio Maltos,\u00a0conjuntamente con las Diputadas y Diputados integrantes del Grupo Parlamentario \u201cGral. Eulalio Guti\u00e9rrez Ortiz\u201d, del Partido Revolucionario Institucional.<\/td>\n<td class=\"Estilo91\" style=\"background-color: #f7f5f5; text-align: left;\" valign=\"middle\" bgcolor=\"#e1e1e1\">Reforma a la\u00a0Ley de la Comisi\u00f3n de los Derechos Humanos del Estado de Coahuila de Zaragoza.<\/td>\n<td class=\"Estilo91\" style=\"background-color: #f7f5f5; text-align: center;\" align=\"center\" bgcolor=\"#e1e1e1\"><a href=\"http:\/\/congresocoahuila.gob.mx\/portal\/wp-content\/uploads\/2017\/01\/20170308_475_PRI.doc\">8 de Marzo de 2017<\/a><\/td>\n<\/tr>\n<tr>\n<td class=\"Estilo91\" style=\"background-color: #e1e1e1; text-align: left;\" valign=\"top\" bgcolor=\"#e1e1e1\">Diputada Martha Hortensia Garay Cadena,\u00a0conjuntamente con las Diputadas y Diputados integrantes del Grupo Parlamentario \u201cGral. Eulalio Guti\u00e9rrez Ortiz\u201d, del Partido Revolucionario Institucional.<\/td>\n<td class=\"Estilo91\" style=\"background-color: #e1e1e1; text-align: left;\" valign=\"middle\" bgcolor=\"#e1e1e1\">Reforma a la\u00a0Ley de Asistencia Social y Protecci\u00f3n de Derechos del Estado de Coahuila de Zaragoza.<\/td>\n<td class=\"Estilo91\" style=\"background-color: #e1e1e1; text-align: center;\" align=\"center\" bgcolor=\"#e1e1e1\"><a href=\"http:\/\/congresocoahuila.gob.mx\/portal\/wp-content\/uploads\/2017\/01\/20170308_476_PRI.doc\">8 de Marzo de 2017<\/a><\/td>\n<\/tr>\n<tr>\n<td class=\"Estilo91\" style=\"background-color: #f7f5f5; text-align: left;\" valign=\"top\" bgcolor=\"#e1e1e1\">Diputado Antonio Nerio Maltos,\u00a0conjuntamente con las Diputadas y Diputados integrantes del Grupo Parlamentario \u201cGral. Eulalio Guti\u00e9rrez Ortiz\u201d, del Partido Revolucionario Institucional.<\/td>\n<td class=\"Estilo91\" style=\"background-color: #f7f5f5; text-align: left;\" valign=\"middle\" bgcolor=\"#e1e1e1\">Reforma a la\u00a0Ley de Desarrollo Social para el Estado de Coahuila de Zaragoza.<\/td>\n<td class=\"Estilo91\" style=\"background-color: #f7f5f5; text-align: center;\" align=\"center\" bgcolor=\"#e1e1e1\"><a href=\"https:\/\/congresocoahuila.gob.mx\/transparencia\/03\/INICIATIVAS-2015-2017\/20170308_477_PRI.doc\">8 de Marzo de 2017<\/a><\/td>\n<\/tr>\n<tr>\n<td class=\"Estilo91\" style=\"background-color: #e1e1e1; text-align: left;\" valign=\"top\" bgcolor=\"#e1e1e1\">Diputada Yolanda Olga Acu\u00f1a Contreras, conjuntamente con las Diputadas y Diputados integrantes del Grupo Parlamentario \u00abAlonso Lujambio Irazabal\u00bb, del Partido Acci\u00f3n Nacional.<\/td>\n<td class=\"Estilo91\" style=\"background-color: #e1e1e1; text-align: left;\" valign=\"middle\" bgcolor=\"#e1e1e1\">Reforma a la Constituci\u00f3n Pol\u00edtica del Estado de Coahuila de Zaragoza.<\/td>\n<td class=\"Estilo91\" style=\"background-color: #e1e1e1; text-align: center;\" align=\"center\" bgcolor=\"#e1e1e1\"><a href=\"http:\/\/congresocoahuila.gob.mx\/portal\/wp-content\/uploads\/2017\/01\/20170314_478_PAN.doc\">14 de Marzo de 2017<\/a><\/td>\n<\/tr>\n<tr>\n<td class=\"Estilo91\" style=\"background-color: #f7f5f5; text-align: left;\" valign=\"top\" bgcolor=\"#e1e1e1\">Diputado Raymundo Palomo Garc\u00eda, conjuntamente con las Diputadas y Diputados integrantes del Grupo Parlamentario \u00abAlonso Lujambio Irazabal\u00bb, del Partido Acci\u00f3n Nacional.<\/td>\n<td class=\"Estilo91\" style=\"background-color: #f7f5f5; text-align: left;\" valign=\"middle\" bgcolor=\"#e1e1e1\">Reforma al C\u00f3digo Municipal para el Estado de Coahuila de Zaragoza.<\/td>\n<td class=\"Estilo91\" style=\"background-color: #f7f5f5; text-align: center;\" align=\"center\" bgcolor=\"#e1e1e1\"><a href=\"http:\/\/congresocoahuila.gob.mx\/portal\/wp-content\/uploads\/2017\/01\/20170314_479_PAN.doc\">14 de Marzo de 2017<\/a><\/td>\n<\/tr>\n<tr>\n<td class=\"Estilo91\" style=\"background-color: #e1e1e1; text-align: left;\" valign=\"top\" bgcolor=\"#e1e1e1\">Diputado Javier de Jes\u00fas Rodr\u00edguez Mendoza, de la Fracci\u00f3n Parlamentaria \u201cJos\u00e9 Mario Molina Pasquel y Henriquez\u201d, del Partido Verde Ecologista de M\u00e9xico.<\/td>\n<td class=\"Estilo91\" style=\"background-color: #e1e1e1; text-align: left;\" valign=\"middle\" bgcolor=\"#e1e1e1\">Se crea la\u00a0Ley Sobre la Integraci\u00f3n, Atribuciones y Funcionamiento del Sistema Local Anticorrupci\u00f3n.<\/td>\n<td class=\"Estilo91\" style=\"background-color: #e1e1e1; text-align: center;\" align=\"center\" bgcolor=\"#e1e1e1\"><a href=\"http:\/\/congresocoahuila.gob.mx\/portal\/wp-content\/uploads\/2017\/01\/20170314_480_PVEM.doc\">14 de Marzo de 2017<\/a><\/td>\n<\/tr>\n<tr>\n<td class=\"Estilo91\" style=\"background-color: #f7f5f5; text-align: left;\" valign=\"top\" bgcolor=\"#e1e1e1\">Diputada Claudia Elisa Morales Salazar, de la Fracci\u00f3n Parlamentaria, \u201cLic. Gilberto Rinc\u00f3n Gallardo\u201d\u00a0 del Partido Socialdem\u00f3crata de Coahuila.<\/td>\n<td class=\"Estilo91\" style=\"background-color: #f7f5f5; text-align: left;\" valign=\"middle\" bgcolor=\"#e1e1e1\">Reforma a la\u00a0Ley para la Familia y a la\u00a0Ley del Registro Civil del Estado de Coahuila de Zaragoza.<\/td>\n<td class=\"Estilo91\" style=\"background-color: #f7f5f5; text-align: center;\" align=\"center\" bgcolor=\"#e1e1e1\"><a href=\"https:\/\/congresocoahuila.gob.mx\/transparencia\/03\/INICIATIVAS-2015-2017\/20170314_481_PSD.doc\">14 de Marzo de 2017<\/a><\/td>\n<\/tr>\n<tr>\n<td class=\"Estilo91\" style=\"background-color: #e1e1e1; text-align: left;\" valign=\"top\" bgcolor=\"#e1e1e1\">Diputada Claudia Maribel Gonz\u00e1lez Espinoza,\u00a0conjuntamente con las Diputadas y Diputados integrantes del Grupo Parlamentario \u201cGral. Eulalio Guti\u00e9rrez Ortiz\u201d, del Partido Revolucionario Institucional.<\/td>\n<td class=\"Estilo91\" style=\"background-color: #e1e1e1; text-align: left;\" valign=\"middle\" bgcolor=\"#e1e1e1\">Reforma a la\u00a0Ley de Vivienda para el Estado de Coahuila de Zaragoza.<\/td>\n<td class=\"Estilo91\" style=\"background-color: #e1e1e1; text-align: center;\" align=\"center\" bgcolor=\"#e1e1e1\"><a href=\"http:\/\/congresocoahuila.gob.mx\/portal\/wp-content\/uploads\/2017\/01\/20170314_482_PRI.doc\">14 de Marzo de 2017<\/a><\/td>\n<\/tr>\n<tr>\n<td class=\"Estilo91\" style=\"background-color: #f7f5f5; text-align: left;\" valign=\"top\" bgcolor=\"#e1e1e1\">Diputada Claudia Elisa Morales Salazar, de la Fracci\u00f3n Parlamentaria, \u201cLic. Gilberto Rinc\u00f3n Gallardo\u201d\u00a0 del Partido Socialdem\u00f3crata de Coahuila.<\/td>\n<td class=\"Estilo91\" style=\"background-color: #f7f5f5; text-align: left;\" valign=\"middle\" bgcolor=\"#e1e1e1\">Reforma a la\u00a0Ley Estatal de Salud.<\/td>\n<td class=\"Estilo91\" style=\"background-color: #f7f5f5; text-align: center;\" align=\"center\" bgcolor=\"#e1e1e1\"><a href=\"http:\/\/congresocoahuila.gob.mx\/portal\/wp-content\/uploads\/2017\/01\/20170314_483_PSD.doc\">14 de Marzo de 2017<\/a><\/td>\n<\/tr>\n<tr>\n<td class=\"Estilo91\" style=\"background-color: #e1e1e1; text-align: left;\" valign=\"top\" bgcolor=\"#e1e1e1\">Diputado Antonio Nerio Maltos,\u00a0conjuntamente con las Diputadas y Diputados integrantes del Grupo Parlamentario \u201cGral. Eulalio Guti\u00e9rrez Ortiz\u201d, del Partido Revolucionario Institucional.<\/td>\n<td class=\"Estilo91\" style=\"background-color: #e1e1e1; text-align: left;\" valign=\"middle\" bgcolor=\"#e1e1e1\">Reforma a la\u00a0Ley de Fomento Ganadero para el Estado de Coahuila.<\/td>\n<td class=\"Estilo91\" style=\"background-color: #e1e1e1; text-align: center;\" align=\"center\" bgcolor=\"#e1e1e1\"><a href=\"http:\/\/congresocoahuila.gob.mx\/portal\/wp-content\/uploads\/2017\/01\/20170321_484_PRI.doc\">21 de Marzo de 2017<\/a><\/td>\n<\/tr>\n<tr>\n<td class=\"Estilo91\" style=\"background-color: #f7f5f5; text-align: left;\" valign=\"top\" bgcolor=\"#e1e1e1\">Diputada Olga Leticia Lara Rodr\u00edguez,\u00a0conjuntamente con las Diputadas y Diputados integrantes del Grupo Parlamentario \u201cGral. Eulalio Guti\u00e9rrez Ortiz\u201d, del Partido Revolucionario Institucional.<\/td>\n<td class=\"Estilo91\" style=\"background-color: #f7f5f5; text-align: left;\" valign=\"middle\" bgcolor=\"#e1e1e1\">Reforma a la\u00a0Ley para la Regulaci\u00f3n de la Venta y Consumo de Alcohol en el Estado de Coahuila de Zaragoza.<\/td>\n<td class=\"Estilo91\" style=\"background-color: #f7f5f5; text-align: center;\" align=\"center\" bgcolor=\"#e1e1e1\"><a href=\"http:\/\/congresocoahuila.gob.mx\/portal\/wp-content\/uploads\/2017\/01\/20170321_485_PRI.doc\">21 de Marzo de 2017<\/a><\/td>\n<\/tr>\n<tr>\n<td class=\"Estilo91\" style=\"background-color: #e1e1e1; text-align: left;\" valign=\"top\" bgcolor=\"#e1e1e1\">Diputada Ver\u00f3nica Mart\u00ednez Garc\u00eda,\u00a0conjuntamente con las Diputadas y Diputados integrantes del Grupo Parlamentario \u201cGral. Eulalio Guti\u00e9rrez Ortiz\u201d, del Partido Revolucionario Institucional.<\/td>\n<td class=\"Estilo91\" style=\"background-color: #e1e1e1; text-align: left;\" valign=\"middle\" bgcolor=\"#e1e1e1\">Reforma a la\u00a0Ley para el Desarrollo Integral de la Juventud del Estado de Coahuila de Zaragoza.<\/td>\n<td class=\"Estilo91\" style=\"background-color: #e1e1e1; text-align: center;\" align=\"center\" bgcolor=\"#e1e1e1\"><a href=\"http:\/\/congresocoahuila.gob.mx\/portal\/wp-content\/uploads\/2017\/01\/20170321_486_PRI.doc\">21 de Marzo de 2017<\/a><\/td>\n<\/tr>\n<tr>\n<td class=\"Estilo91\" style=\"background-color: #f7f5f5; text-align: left;\" valign=\"top\" bgcolor=\"#e1e1e1\">Diputada Claudia Elisa Morales Salazar, de la Fracci\u00f3n Parlamentaria, \u201cLic. Gilberto Rinc\u00f3n Gallardo\u201d\u00a0 del Partido Socialdem\u00f3crata de Coahuila.<\/td>\n<td class=\"Estilo91\" style=\"background-color: #f7f5f5; text-align: left;\" valign=\"middle\" bgcolor=\"#e1e1e1\">Reforma a la Ley Estatal de Educaci\u00f3n.<\/td>\n<td class=\"Estilo91\" style=\"background-color: #f7f5f5; text-align: center;\" align=\"center\" bgcolor=\"#e1e1e1\"><a href=\"https:\/\/congresocoahuila.gob.mx\/transparencia\/03\/INICIATIVAS-2015-2017\/20170321_487_PSD.doc\">21 de Marzo de 2017<\/a><\/td>\n<\/tr>\n<tr>\n<td class=\"Estilo91\" style=\"background-color: #e1e1e1; text-align: left;\" valign=\"top\" bgcolor=\"#e1e1e1\">Diputada Mar\u00eda del Socorro Lozano D\u00e1vila,\u00a0conjuntamente con las Diputadas y Diputados integrantes del Grupo Parlamentario \u201cGral. Eulalio Guti\u00e9rrez Ortiz\u201d, del Partido Revolucionario Institucional.<\/td>\n<td class=\"Estilo91\" style=\"background-color: #e1e1e1; text-align: left;\" valign=\"middle\" bgcolor=\"#e1e1e1\">Reforma a la\u00a0Ley de los Derechos de las Personas Adultas Mayores del Estado de Coahuila de Zaragoza.<\/td>\n<td class=\"Estilo91\" style=\"background-color: #e1e1e1; text-align: center;\" align=\"center\" bgcolor=\"#e1e1e1\"><a href=\"https:\/\/congresocoahuila.gob.mx\/transparencia\/03\/INICIATIVAS-2015-2017\/20170321_488_PRI.doc\">21 de Marzo de 2017<\/a><\/td>\n<\/tr>\n<tr>\n<td class=\"Estilo91\" style=\"background-color: #f7f5f5; text-align: left;\" valign=\"top\" bgcolor=\"#e1e1e1\">Diputado Leonardo Jim\u00e9nez Camacho,\u00a0conjuntamente con las Diputadas y Diputados integrantes del Grupo Parlamentario \u201cGral. Eulalio Guti\u00e9rrez Ortiz\u201d, del Partido Revolucionario Institucional.<\/td>\n<td class=\"Estilo91\" style=\"background-color: #f7f5f5; text-align: left;\" valign=\"middle\" bgcolor=\"#e1e1e1\">Reforma al\u00a0C\u00f3digo de Procedimientos Familiares para el Estado de Coahuila de Zaragoza.<\/td>\n<td class=\"Estilo91\" style=\"background-color: #f7f5f5; text-align: center;\" align=\"center\" bgcolor=\"#e1e1e1\"><a href=\"http:\/\/congresocoahuila.gob.mx\/portal\/wp-content\/uploads\/2017\/01\/20170321_489_PRI.doc\">21 de Marzo de 2017<\/a><\/td>\n<\/tr>\n<tr>\n<td class=\"Estilo91\" style=\"background-color: #e1e1e1; text-align: left;\" valign=\"top\" bgcolor=\"#e1e1e1\">Diputada Claudia Maribel Gonz\u00e1lez Espinoza,\u00a0conjuntamente con las Diputadas y Diputados integrantes del Grupo Parlamentario \u201cGral. Eulalio Guti\u00e9rrez Ortiz\u201d, del Partido Revolucionario Institucional.<\/td>\n<td class=\"Estilo91\" style=\"background-color: #e1e1e1; text-align: left;\" valign=\"middle\" bgcolor=\"#e1e1e1\">Reforma a la\u00a0Ley para el Desarrollo Integral de la Juventud del Estado de Coahuila de Zaragoza.<\/td>\n<td class=\"Estilo91\" style=\"background-color: #e1e1e1; text-align: center;\" align=\"center\" bgcolor=\"#e1e1e1\"><a href=\"http:\/\/congresocoahuila.gob.mx\/portal\/wp-content\/uploads\/2017\/01\/20170321_490_PRI.doc\">21 de Marzo de 2017<\/a><\/td>\n<\/tr>\n<tr>\n<td class=\"Estilo91\" style=\"background-color: #f7f5f5; text-align: left;\" valign=\"top\" bgcolor=\"#e1e1e1\">Ejecutivo del Estado, Lic. Rub\u00e9n Ignacio Moreira Valdez.<\/td>\n<td class=\"Estilo91\" style=\"background-color: #f7f5f5; text-align: left;\" valign=\"middle\" bgcolor=\"#e1e1e1\">Reforma al\u00a0C\u00f3digo Penal del Estado de Coahuila de Zaragoza.<\/td>\n<td class=\"Estilo91\" style=\"background-color: #f7f5f5; text-align: center;\" align=\"center\" bgcolor=\"#e1e1e1\"><a href=\"http:\/\/congresocoahuila.gob.mx\/portal\/wp-content\/uploads\/2017\/01\/20170321_074_Ejec.doc\">21 de Marzo de 2017<\/a><\/td>\n<\/tr>\n<tr>\n<td class=\"Estilo91\" style=\"background-color: #e1e1e1; text-align: left;\" valign=\"top\" bgcolor=\"#e1e1e1\">Ejecutivo del Estado, Lic. Rub\u00e9n Ignacio Moreira Valdez.<\/td>\n<td class=\"Estilo91\" style=\"background-color: #e1e1e1; text-align: left;\" valign=\"middle\" bgcolor=\"#e1e1e1\">Reforma a la Ley del Sistema de Seguridad P\u00fablica del Estado de Coahuila de Zaragoza y a la Ley Org\u00e1nica de la Comisi\u00f3n Estatal de Seguridad del Estado de Coahuila de Zaragoza.<\/td>\n<td class=\"Estilo91\" style=\"background-color: #e1e1e1; text-align: center;\" align=\"center\" bgcolor=\"#e1e1e1\"><a href=\"http:\/\/congresocoahuila.gob.mx\/portal\/wp-content\/uploads\/2017\/01\/20170321_075_Ejec.doc\">21 de Marzo de 2017<\/a><\/td>\n<\/tr>\n<tr>\n<td class=\"Estilo91\" style=\"background-color: #f7f5f5; text-align: left;\" valign=\"top\" bgcolor=\"#e1e1e1\">Diputada Ver\u00f3nica Mart\u00ednez Garc\u00eda,\u00a0conjuntamente con las Diputadas y Diputados integrantes del Grupo Parlamentario \u201cGral. Eulalio Guti\u00e9rrez Ortiz\u201d, del Partido Revolucionario Institucional.<\/td>\n<td class=\"Estilo91\" style=\"background-color: #f7f5f5; text-align: left;\" valign=\"middle\" bgcolor=\"#e1e1e1\">Reforma al C\u00f3digo Penal del Estado de Coahuila de Zaragoza.<\/td>\n<td class=\"Estilo91\" style=\"background-color: #f7f5f5; text-align: center;\" align=\"center\" bgcolor=\"#e1e1e1\"><a href=\"http:\/\/congresocoahuila.gob.mx\/portal\/wp-content\/uploads\/2017\/01\/20170329_491_PRI.doc\">29 de Marzo de 2017<\/a><\/td>\n<\/tr>\n<tr>\n<td class=\"Estilo91\" style=\"background-color: #e1e1e1; text-align: left;\" valign=\"top\" bgcolor=\"#e1e1e1\">Diputado Jes\u00fas de Le\u00f3n Tello, conjuntamente con las Diputadas y Diputados integrantes del Grupo Parlamentario \u00abAlonso Lujambio Irazabal\u00bb, del Partido Acci\u00f3n Nacional.<\/td>\n<td class=\"Estilo91\" style=\"background-color: #e1e1e1; text-align: left;\" valign=\"middle\" bgcolor=\"#e1e1e1\">Reforma a la\u00a0Ley\u00a0 Estatal de Educaci\u00f3n y a la Ley para la Prevenci\u00f3n, Atenci\u00f3n y Control del Acoso Escolar para el Estado de Coahuila de Zaragoza.<\/td>\n<td class=\"Estilo91\" style=\"background-color: #e1e1e1; text-align: center;\" align=\"center\" bgcolor=\"#e1e1e1\"><a href=\"http:\/\/congresocoahuila.gob.mx\/portal\/wp-content\/uploads\/2017\/01\/20170329_492_PAN.doc\">29 de Marzo de 2017<\/a><\/td>\n<\/tr>\n<tr>\n<td class=\"Estilo91\" style=\"background-color: #f7f5f5; text-align: left;\" valign=\"top\" bgcolor=\"#e1e1e1\">Diputado Sergio Garza Castillo, de la Fracci\u00f3n Parlamentaria \u201cHilda Graciela Rivera de P\u00e9rez Arreola\u201d del Partido Unidad Democr\u00e1tica de Coahuila.<\/td>\n<td class=\"Estilo91\" style=\"background-color: #f7f5f5; text-align: left;\" valign=\"middle\" bgcolor=\"#e1e1e1\">Reforma a la\u00a0Ley para la Regulaci\u00f3n de la Venta y Consumo de Alcohol en el Estado de Coahuila de Zaragoza.<\/td>\n<td class=\"Estilo91\" style=\"background-color: #f7f5f5; text-align: center;\" align=\"center\" bgcolor=\"#e1e1e1\"><a href=\"http:\/\/congresocoahuila.gob.mx\/portal\/wp-content\/uploads\/2017\/01\/20170329_493_UDC.doc\">29 de Marzo de 2017<\/a><\/td>\n<\/tr>\n<tr>\n<td class=\"Estilo91\" style=\"background-color: #e1e1e1; text-align: left;\" valign=\"top\" bgcolor=\"#e1e1e1\">Diputado Javier de Jes\u00fas Rodr\u00edguez Mendoza, de la Fracci\u00f3n Parlamentaria \u201cJos\u00e9 Mario Molina Pasquel y Henriquez\u201d, del Partido Verde Ecologista de M\u00e9xico.<\/td>\n<td class=\"Estilo91\" style=\"background-color: #e1e1e1; text-align: left;\" valign=\"middle\" bgcolor=\"#e1e1e1\">Reforma al\u00a0C\u00f3digo Penal del Estado de Coahuila de Zaragoza.<\/td>\n<td class=\"Estilo91\" style=\"background-color: #e1e1e1; text-align: center;\" align=\"center\" bgcolor=\"#e1e1e1\"><a href=\"http:\/\/congresocoahuila.gob.mx\/portal\/wp-content\/uploads\/2017\/01\/20170329_494_PVEM.doc\">29 de Marzo de 2017<\/a><\/td>\n<\/tr>\n<tr>\n<td class=\"Estilo91\" style=\"background-color: #f7f5f5; text-align: left;\" valign=\"top\" bgcolor=\"#e1e1e1\">Diputada Claudia Elisa Morales Salazar, de la Fracci\u00f3n Parlamentaria, \u201cLic. Gilberto Rinc\u00f3n Gallardo\u201d\u00a0 del Partido Socialdem\u00f3crata de Coahuila.<\/td>\n<td class=\"Estilo91\" style=\"background-color: #f7f5f5; text-align: left;\" valign=\"middle\" bgcolor=\"#e1e1e1\">Reforma a la\u00a0Ley del Sistema Estatal para la Garant\u00eda de los Derechos Humanos de Ni\u00f1os y Ni\u00f1as para el Estado de Coahuila de Zaragoza.<\/td>\n<td class=\"Estilo91\" style=\"background-color: #f7f5f5; text-align: center;\" align=\"center\" bgcolor=\"#e1e1e1\"><a href=\"http:\/\/congresocoahuila.gob.mx\/portal\/wp-content\/uploads\/2017\/01\/20170329_495_PSD.doc\">29 de Marzo de 2017<\/a><\/td>\n<\/tr>\n<tr>\n<td class=\"Estilo91\" style=\"background-color: #e1e1e1; text-align: left;\" valign=\"top\" bgcolor=\"#e1e1e1\">Diputado Juli\u00e1n Eduardo Medrano Aguirre,\u00a0conjuntamente con las Diputadas y Diputados integrantes del Grupo Parlamentario \u201cGral. Eulalio Guti\u00e9rrez Ortiz\u201d, del Partido Revolucionario Institucional.<\/td>\n<td class=\"Estilo91\" style=\"background-color: #e1e1e1; text-align: left;\" valign=\"middle\" bgcolor=\"#e1e1e1\">Reforma a la\u00a0Ley del Instituto Estatal de Defensor\u00eda P\u00fablica de Coahuila de Zaragoza.<\/td>\n<td class=\"Estilo91\" style=\"background-color: #e1e1e1; text-align: center;\" align=\"center\" bgcolor=\"#e1e1e1\"><a href=\"http:\/\/congresocoahuila.gob.mx\/portal\/wp-content\/uploads\/2017\/01\/20170329_496_PRI.doc\">29 de Marzo de 2017<\/a><\/td>\n<\/tr>\n<tr>\n<td class=\"Estilo91\" style=\"background-color: #f7f5f5; text-align: left;\" valign=\"top\" bgcolor=\"#e1e1e1\">Diputada Claudia Maribel Gonz\u00e1lez Espinoza,\u00a0conjuntamente con las Diputadas y Diputados integrantes del Grupo Parlamentario \u201cGral. Eulalio Guti\u00e9rrez Ortiz\u201d, del Partido Revolucionario Institucional.<\/td>\n<td class=\"Estilo91\" style=\"background-color: #f7f5f5; text-align: left;\" valign=\"middle\" bgcolor=\"#e1e1e1\">Reforma a la\u00a0Ley para la Donaci\u00f3n Altruista de Alimentos y su Fomento en el Estado de Coahuila de Zaragoza.<\/td>\n<td class=\"Estilo91\" style=\"background-color: #f7f5f5; text-align: center;\" align=\"center\" bgcolor=\"#e1e1e1\"><a href=\"https:\/\/congresocoahuila.gob.mx\/transparencia\/03\/INICIATIVAS-2015-2017\/20170329_497_PRI.doc\">29 de Marzo de 2017<\/a><\/td>\n<\/tr>\n<tr>\n<td class=\"Estilo91\" style=\"background-color: #e1e1e1; text-align: left;\" valign=\"top\" bgcolor=\"#e1e1e1\">Diputado Jes\u00fas de Le\u00f3n Tello, conjuntamente con las Diputadas y Diputados integrantes del Grupo Parlamentario \u00abAlonso Lujambio Irazabal\u00bb, del Partido Acci\u00f3n Nacional.<\/td>\n<td class=\"Estilo91\" style=\"background-color: #e1e1e1; text-align: left;\" valign=\"middle\" bgcolor=\"#e1e1e1\">Reforma a la Constituci\u00f3n Pol\u00edtica del Estado de Coahuila de Zaragoza.<\/td>\n<td class=\"Estilo91\" style=\"background-color: #e1e1e1; text-align: center;\" align=\"center\" bgcolor=\"#e1e1e1\"><a href=\"http:\/\/congresocoahuila.gob.mx\/portal\/wp-content\/uploads\/2017\/01\/20170329_498_PAN.doc\">29 de Marzo de 2017<\/a><\/td>\n<\/tr>\n<tr>\n<td class=\"Estilo91\" style=\"background-color: #f7f5f5; text-align: left;\" valign=\"top\" bgcolor=\"#e1e1e1\">Diputado Javier de Jes\u00fas Rodr\u00edguez Mendoza, de la Fracci\u00f3n Parlamentaria \u201cJos\u00e9 Mario Molina Pasquel y Henriquez\u201d, del Partido Verde Ecologista de M\u00e9xico.<\/td>\n<td class=\"Estilo91\" style=\"background-color: #f7f5f5; text-align: left;\" valign=\"middle\" bgcolor=\"#e1e1e1\">Reforma a la\u00a0Ley de Responsabilidades de los Servidores P\u00fablicos Estatales y Municipales del Estado de Coahuila de Zaragoza.<\/td>\n<td class=\"Estilo91\" style=\"background-color: #f7f5f5; text-align: center;\" align=\"center\" bgcolor=\"#e1e1e1\"><a href=\"http:\/\/congresocoahuila.gob.mx\/portal\/wp-content\/uploads\/2016\/05\/20170329_499_PVEM.doc\">29 de Marzo de 2017<\/a><\/td>\n<\/tr>\n<tr>\n<td class=\"Estilo91\" style=\"background-color: #e1e1e1; text-align: left;\" valign=\"top\" bgcolor=\"#e1e1e1\">Diputada Claudia Elisa Morales Salazar, de la Fracci\u00f3n Parlamentaria, \u201cLic. Gilberto Rinc\u00f3n Gallardo\u201d\u00a0 del Partido Socialdem\u00f3crata de Coahuila.<\/td>\n<td class=\"Estilo91\" style=\"background-color: #e1e1e1; text-align: left;\" valign=\"middle\" bgcolor=\"#e1e1e1\">Reforma a la\u00a0Ley para la Familia\u00a0 del Estado de Coahuila de Zaragoza.<\/td>\n<td class=\"Estilo91\" style=\"background-color: #e1e1e1; text-align: center;\" align=\"center\" bgcolor=\"#e1e1e1\"><a href=\"https:\/\/congresocoahuila.gob.mx\/transparencia\/03\/INICIATIVAS-2015-2017\/20170329_500_PSD.doc\">29 de Marzo de 2017<\/a><\/td>\n<\/tr>\n<tr>\n<td class=\"Estilo91\" style=\"background-color: #f7f5f5; text-align: left;\" valign=\"top\" bgcolor=\"#e1e1e1\">Diputado Jes\u00fas de Le\u00f3n Tello, conjuntamente con las Diputadas y Diputados integrantes del Grupo Parlamentario \u00abAlonso Lujambio Irazabal\u00bb, del Partido Acci\u00f3n Nacional.<\/td>\n<td class=\"Estilo91\" style=\"background-color: #f7f5f5; text-align: left;\" valign=\"middle\" bgcolor=\"#e1e1e1\">Reforma a la\u00a0Constituci\u00f3n Pol\u00edtica del Estado de Coahuila de Zaragoza, a la\u00a0Ley de Responsabilidades de los Servidores P\u00fablicos Estatales y Municipales para el Estado de Coahuila de Zaragoza, y la Ley Org\u00e1nica del Congreso del Estado Independiente, Libre y Soberano de Coahuila de Zaragoza.<\/td>\n<td class=\"Estilo91\" style=\"background-color: #f7f5f5; text-align: center;\" align=\"center\" bgcolor=\"#e1e1e1\"><a href=\"http:\/\/congresocoahuila.gob.mx\/portal\/wp-content\/uploads\/2017\/01\/20170405_501_PAN.doc\">5 de Abril de 2017<\/a><\/td>\n<\/tr>\n<tr>\n<td class=\"Estilo91\" style=\"background-color: #e1e1e1; text-align: left;\" valign=\"top\" bgcolor=\"#e1e1e1\">Diputada Martha Garay Cadena,\u00a0conjuntamente con las Diputadas y Diputados integrantes del Grupo Parlamentario \u201cGral. Eulalio Guti\u00e9rrez Ortiz\u201d, del Partido Revolucionario Institucional.<\/td>\n<td class=\"Estilo91\" style=\"background-color: #e1e1e1; text-align: left;\" valign=\"middle\" bgcolor=\"#e1e1e1\">Reforma a la\u00a0Ley del Instituto Estatal de Defensor\u00eda P\u00fablica de Coahuila de Zaragoza.<\/td>\n<td class=\"Estilo91\" style=\"background-color: #e1e1e1; text-align: center;\" align=\"center\" bgcolor=\"#e1e1e1\"><a href=\"http:\/\/congresocoahuila.gob.mx\/portal\/wp-content\/uploads\/2017\/01\/20170405_502_PRI.doc\">5 de Abril de 2017<\/a><\/td>\n<\/tr>\n<tr>\n<td class=\"Estilo91\" style=\"background-color: #f7f5f5; text-align: left;\" valign=\"top\" bgcolor=\"#e1e1e1\">Diputado Javier de Jes\u00fas Rodr\u00edguez Mendoza, de la Fracci\u00f3n Parlamentaria \u201cJos\u00e9 Mario Molina Pasquel y Henriquez\u201d, del Partido Verde Ecologista de M\u00e9xico.<\/td>\n<td class=\"Estilo91\" style=\"background-color: #f7f5f5; text-align: left;\" valign=\"middle\" bgcolor=\"#e1e1e1\">Reforma a la\u00a0Ley de Hacienda para el Estado de Coahuila de Zaragoza.<\/td>\n<td class=\"Estilo91\" style=\"background-color: #f7f5f5; text-align: center;\" align=\"center\" bgcolor=\"#e1e1e1\"><a href=\"http:\/\/congresocoahuila.gob.mx\/portal\/wp-content\/uploads\/2017\/01\/20170405_503_PVEM.doc\">5 de Abril de 2017<\/a><\/td>\n<\/tr>\n<tr>\n<td class=\"Estilo91\" style=\"background-color: #e1e1e1; text-align: left;\" valign=\"top\" bgcolor=\"#e1e1e1\">Diputada Luisa Ivone Gallegos Mart\u00ednez, de la Fracci\u00f3n Parlamentaria \u201cDorotea de la Fuente Flores\u201d, del Partido Nueva Alianza.<\/td>\n<td class=\"Estilo91\" style=\"background-color: #e1e1e1; text-align: left;\" valign=\"middle\" bgcolor=\"#e1e1e1\">Reforma al\u00a0C\u00f3digo Penal del Estado de Coahuila de Zaragoza.<\/td>\n<td class=\"Estilo91\" style=\"background-color: #e1e1e1; text-align: center;\" align=\"center\" bgcolor=\"#e1e1e1\"><a href=\"http:\/\/congresocoahuila.gob.mx\/portal\/wp-content\/uploads\/2017\/01\/20170405_504_PNA.doc\">5 de Abril de 2017<\/a><\/td>\n<\/tr>\n<tr>\n<td class=\"Estilo91\" style=\"background-color: #f7f5f5; text-align: left;\" valign=\"top\" bgcolor=\"#e1e1e1\">Diputada Claudia Elisa Morales Salazar, de la Fracci\u00f3n Parlamentaria, \u201cLic. Gilberto Rinc\u00f3n Gallardo\u201d\u00a0 del Partido Socialdem\u00f3crata de Coahuila.<\/td>\n<td class=\"Estilo91\" style=\"background-color: #f7f5f5; text-align: left;\" valign=\"middle\" bgcolor=\"#e1e1e1\">Reforma a la\u00a0Ley de Asentamientos Humanos y Desarrollo Urbano del Estado de Coahuila de Zaragoza.<\/td>\n<td class=\"Estilo91\" style=\"background-color: #f7f5f5; text-align: center;\" align=\"center\" bgcolor=\"#e1e1e1\"><a href=\"http:\/\/congresocoahuila.gob.mx\/portal\/wp-content\/uploads\/2017\/01\/20170405_505_PSD.doc\">5 de Abril de 2017<\/a><\/td>\n<\/tr>\n<tr>\n<td class=\"Estilo91\" style=\"background-color: #e1e1e1; text-align: left;\" valign=\"top\" bgcolor=\"#e1e1e1\">Diputada Olga Leticia Lara Rodr\u00edguez,\u00a0conjuntamente con las Diputadas y Diputados integrantes del Grupo Parlamentario \u201cGral. Eulalio Guti\u00e9rrez Ortiz\u201d, del Partido Revolucionario Institucional.<\/td>\n<td class=\"Estilo91\" style=\"background-color: #e1e1e1; text-align: left;\" valign=\"middle\" bgcolor=\"#e1e1e1\">Reforma a la\u00a0Ley de Desarrollo Social para el Estado de Coahuila de Zaragoza.<\/td>\n<td class=\"Estilo91\" style=\"background-color: #e1e1e1; text-align: center;\" align=\"center\" bgcolor=\"#e1e1e1\"><a href=\"https:\/\/congresocoahuila.gob.mx\/transparencia\/03\/INICIATIVAS-2015-2017\/20170405_506_PRI.doc\">5 de Abril de 2017<\/a><\/td>\n<\/tr>\n<tr>\n<td class=\"Estilo91\" style=\"background-color: #f7f5f5; text-align: left;\" valign=\"top\" bgcolor=\"#e1e1e1\">Diputada Martha Carolina Morales Iribarren,\u00a0conjuntamente con las Diputadas y Diputados integrantes del Grupo Parlamentario \u201cGral. Eulalio Guti\u00e9rrez Ortiz\u201d, del Partido Revolucionario Institucional.<\/td>\n<td class=\"Estilo91\" style=\"background-color: #f7f5f5; text-align: left;\" valign=\"middle\" bgcolor=\"#e1e1e1\">Reforma a la\u00a0Ley de las Personas Adultas Mayores para el Estado de Coahuila de Zaragoza.<\/td>\n<td class=\"Estilo91\" style=\"background-color: #f7f5f5; text-align: center;\" align=\"center\" bgcolor=\"#e1e1e1\"><a href=\"http:\/\/congresocoahuila.gob.mx\/portal\/wp-content\/uploads\/2017\/01\/20170405_507_PRI.doc\">5 de Abril de 2017<\/a><\/td>\n<\/tr>\n<tr>\n<td class=\"Estilo91\" style=\"background-color: #e1e1e1; text-align: left;\" valign=\"top\" bgcolor=\"#e1e1e1\">Diputada Claudia Elisa Morales Salazar, de la Fracci\u00f3n Parlamentaria, \u201cLic. Gilberto Rinc\u00f3n Gallardo\u201d\u00a0 del Partido Socialdem\u00f3crata de Coahuila.<\/td>\n<td class=\"Estilo91\" style=\"background-color: #e1e1e1; text-align: left;\" valign=\"middle\" bgcolor=\"#e1e1e1\">Reforma a la\u00a0Ley Estatal de Salud.<\/td>\n<td class=\"Estilo91\" style=\"background-color: #e1e1e1; text-align: center;\" align=\"center\" bgcolor=\"#e1e1e1\"><a href=\"http:\/\/congresocoahuila.gob.mx\/portal\/wp-content\/uploads\/2017\/01\/20170405_508_PSD.doc\">5 de Abril de 2017<\/a><\/td>\n<\/tr>\n<tr>\n<td class=\"Estilo91\" style=\"background-color: #f7f5f5; text-align: left;\" valign=\"top\" bgcolor=\"#e1e1e1\">C.\u00a0Juan Carlos Guerra L\u00f3pez Negrete.<\/td>\n<td class=\"Estilo91\" style=\"background-color: #f7f5f5; text-align: left;\" valign=\"middle\" bgcolor=\"#e1e1e1\">Reforma a la Constituci\u00f3n Pol\u00edtica del Estado de Coahuila de Zaragoza.<\/td>\n<td class=\"Estilo91\" style=\"background-color: #f7f5f5; text-align: center;\" align=\"center\" bgcolor=\"#e1e1e1\"><a href=\"http:\/\/congresocoahuila.gob.mx\/portal\/wp-content\/uploads\/2017\/01\/20170405_Pop_Juan_Carlos_Guerra_L\u00f3pez_Ref_Constituci\u00f3n_Pol\u00edtica_del_Estado.doc\">5 de Abril de 2017<\/a><\/td>\n<\/tr>\n<tr>\n<td class=\"Estilo91\" style=\"background-color: #e1e1e1; text-align: left;\" valign=\"top\" bgcolor=\"#e1e1e1\">Diputados integrantes de la Comisi\u00f3n de Ciencia y Tecnolog\u00eda: Diputada Yolanda Olga Acu\u00f1a Contreras, Diputado Francisco Tob\u00edas Hern\u00e1ndez, Diputada Ver\u00f3nica Mart\u00ednez Garc\u00eda, Diputado Javier D\u00edaz Gonz\u00e1lez, Diputado Leonel Contreras P\u00e1manes.<\/td>\n<td class=\"Estilo91\" style=\"background-color: #e1e1e1; text-align: left;\" valign=\"middle\" bgcolor=\"#e1e1e1\">Se crea la\u00a0Ley de Ciencia, Desarrollo Tecnol\u00f3gico e Innovaci\u00f3n para el Estado de Coahuila de Zaragoza.<\/td>\n<td class=\"Estilo91\" style=\"background-color: #e1e1e1; text-align: center;\" align=\"center\" bgcolor=\"#e1e1e1\"><a href=\"http:\/\/congresocoahuila.gob.mx\/portal\/wp-content\/uploads\/2017\/01\/20170410_509_Comisi\u00f3n_Ciencia.doc\">10 de Abril de 2017<\/a><\/td>\n<\/tr>\n<tr>\n<td class=\"Estilo91\" style=\"background-color: #f7f5f5; text-align: left;\" valign=\"top\" bgcolor=\"#e1e1e1\">Diputada Ver\u00f3nica Mart\u00ednez Garc\u00eda,\u00a0conjuntamente con las Diputadas y Diputados integrantes del Grupo Parlamentario \u201cGral. Eulalio Guti\u00e9rrez Ortiz\u201d, del Partido Revolucionario Institucional.<\/td>\n<td class=\"Estilo91\" style=\"background-color: #f7f5f5; text-align: left;\" valign=\"middle\" bgcolor=\"#e1e1e1\">Reforma la\u00a0Ley de Protecci\u00f3n Civil para el Estado de Coahuila de Zaragoza.<\/td>\n<td class=\"Estilo91\" style=\"background-color: #f7f5f5; text-align: center;\" align=\"center\" bgcolor=\"#e1e1e1\"><a href=\"http:\/\/congresocoahuila.gob.mx\/portal\/wp-content\/uploads\/2017\/01\/20170410_510_PRI.doc\">10 de Abril de 2017<\/a><\/td>\n<\/tr>\n<tr>\n<td class=\"Estilo91\" style=\"background-color: #e1e1e1; text-align: left;\" valign=\"top\" bgcolor=\"#e1e1e1\">Diputado Jes\u00fas de Le\u00f3n Tello, conjuntamente con las Diputadas y Diputados integrantes del Grupo Parlamentario \u00abAlonso Lujambio Irazabal\u00bb, del Partido Acci\u00f3n Nacional.<\/td>\n<td class=\"Estilo91\" style=\"background-color: #e1e1e1; text-align: left;\" valign=\"middle\" bgcolor=\"#e1e1e1\">Reforma a la\u00a0Ley Estatal de Educaci\u00f3n.<\/td>\n<td class=\"Estilo91\" style=\"background-color: #e1e1e1; text-align: center;\" align=\"center\" bgcolor=\"#e1e1e1\"><a href=\"http:\/\/congresocoahuila.gob.mx\/portal\/wp-content\/uploads\/2017\/01\/20170410_511_PAN.doc\">10 de Abril de 2017<\/a><\/td>\n<\/tr>\n<tr>\n<td class=\"Estilo91\" style=\"background-color: #f7f5f5; text-align: left;\" valign=\"top\" bgcolor=\"#e1e1e1\">Diputado Javier de Jes\u00fas Rodr\u00edguez Mendoza, de la Fracci\u00f3n Parlamentaria \u201cJos\u00e9 Mario Molina Pasquel y Henriquez\u201d, del Partido Verde Ecologista de M\u00e9xico.<\/td>\n<td class=\"Estilo91\" style=\"background-color: #f7f5f5; text-align: left;\" valign=\"middle\" bgcolor=\"#e1e1e1\">Reforma a la\u00a0Ley de Cultura F\u00edsica y Deporte del Estado de Coahuila de Zaragoza.<\/td>\n<td class=\"Estilo91\" style=\"background-color: #f7f5f5; text-align: center;\" align=\"center\" bgcolor=\"#e1e1e1\"><a href=\"http:\/\/congresocoahuila.gob.mx\/portal\/wp-content\/uploads\/2017\/01\/20170410_512_PVEM.doc\">10 de Abril de 2017<\/a><\/td>\n<\/tr>\n<tr>\n<td class=\"Estilo91\" style=\"background-color: #e1e1e1; text-align: left;\" valign=\"top\" bgcolor=\"#e1e1e1\">Diputada Claudia Elisa Morales Salazar, de la Fracci\u00f3n Parlamentaria, \u201cLic. Gilberto Rinc\u00f3n Gallardo\u201d\u00a0 del Partido Socialdem\u00f3crata de Coahuila.<\/td>\n<td class=\"Estilo91\" style=\"background-color: #e1e1e1; text-align: left;\" valign=\"middle\" bgcolor=\"#e1e1e1\">Reforma al C\u00f3digo Penal del Estado de Coahuila de Zaragoza.<\/td>\n<td class=\"Estilo91\" style=\"background-color: #e1e1e1; text-align: center;\" align=\"center\" bgcolor=\"#e1e1e1\"><a href=\"http:\/\/congresocoahuila.gob.mx\/portal\/wp-content\/uploads\/2017\/01\/20170410_513_PSD.doc\">10 de Abril de 2017<\/a><\/td>\n<\/tr>\n<tr>\n<td class=\"Estilo91\" style=\"background-color: #f7f5f5; text-align: left;\" valign=\"top\" bgcolor=\"#e1e1e1\">Diputada Yolanda Olga Acu\u00f1a Contreras, conjuntamente con las Diputadas y Diputados integrantes del Grupo Parlamentario \u00abAlonso Lujambio Irazabal\u00bb, del Partido Acci\u00f3n Nacional.<\/td>\n<td class=\"Estilo91\" style=\"background-color: #f7f5f5; text-align: left;\" valign=\"middle\" bgcolor=\"#e1e1e1\">Reforma al C\u00f3digo Municipal para el Estado de Coahuila de Zaragoza<\/td>\n<td class=\"Estilo91\" style=\"background-color: #f7f5f5; text-align: center;\" align=\"center\" bgcolor=\"#e1e1e1\"><a href=\"http:\/\/congresocoahuila.gob.mx\/portal\/wp-content\/uploads\/2017\/01\/20170410_514_PAN.doc\">10 de Abril de 2017<\/a><\/td>\n<\/tr>\n<tr>\n<td class=\"Estilo91\" style=\"background-color: #e1e1e1; text-align: left;\" valign=\"top\" bgcolor=\"#e1e1e1\">Diputada Claudia Elisa Morales Salazar, de la Fracci\u00f3n Parlamentaria, \u201cLic. Gilberto Rinc\u00f3n Gallardo\u201d\u00a0 del Partido Socialdem\u00f3crata de Coahuila.<\/td>\n<td class=\"Estilo91\" style=\"background-color: #e1e1e1; text-align: left;\" valign=\"middle\" bgcolor=\"#e1e1e1\">Reforma a la\u00a0Ley Estatal de Educaci\u00f3n.<\/td>\n<td class=\"Estilo91\" style=\"background-color: #e1e1e1; text-align: center;\" align=\"center\" bgcolor=\"#e1e1e1\"><a href=\"https:\/\/congresocoahuila.gob.mx\/transparencia\/03\/INICIATIVAS-2015-2017\/20170410_515_PSD.doc\">10 de Abril de 2017<\/a><\/td>\n<\/tr>\n<tr>\n<td class=\"Estilo91\" style=\"background-color: #e1e1e1; text-align: left;\" valign=\"top\" bgcolor=\"#e1e1e1\">Ejecutivo del Estado, Lic. Rub\u00e9n Ignacio Moreira Valdez.<\/td>\n<td class=\"Estilo91\" style=\"background-color: #e1e1e1; text-align: left;\" valign=\"middle\" bgcolor=\"#e1e1e1\">Reforma a la Ley de Protecci\u00f3n Civil para el Estado de Coahuila de Zaragoza.<\/td>\n<td class=\"Estilo91\" style=\"background-color: #e1e1e1; text-align: center;\" align=\"center\" bgcolor=\"#e1e1e1\"><a href=\"http:\/\/congresocoahuila.gob.mx\/portal\/wp-content\/uploads\/2017\/01\/20170424_076_Ejec.doc\">24 de Abril de 2017<\/a><\/td>\n<\/tr>\n<tr>\n<td class=\"Estilo91\" style=\"background-color: #f7f5f5; text-align: left;\" valign=\"top\" bgcolor=\"#e1e1e1\">Ejecutivo del Estado, Lic. Rub\u00e9n Ignacio Moreira Valdez.<\/td>\n<td class=\"Estilo91\" style=\"background-color: #f7f5f5; text-align: left;\" valign=\"middle\" bgcolor=\"#e1e1e1\">Reforma a la\u00a0Ley para la Regulaci\u00f3n de Venta y Consumo de Alcohol en el Estado de Coahuila de Zaragoza.<\/td>\n<td class=\"Estilo91\" style=\"background-color: #f7f5f5; text-align: center;\" align=\"center\" bgcolor=\"#e1e1e1\"><a href=\"http:\/\/congresocoahuila.gob.mx\/portal\/wp-content\/uploads\/2017\/01\/20170424_077_Ejec.doc\">24 de Abril de 2017<\/a><\/td>\n<\/tr>\n<tr>\n<td class=\"Estilo91\" style=\"background-color: #e1e1e1; text-align: left;\" valign=\"top\" bgcolor=\"#e1e1e1\">C.\u00a0Humberto Moreira Vald\u00e9s, Ana Mar\u00eda Rodarte Carrillo, Jos\u00e9 Luis Oyarzabal Garza y H\u00e9ctor Emanuel Arenas Estrada del Partido Joven.<\/td>\n<td class=\"Estilo91\" style=\"background-color: #e1e1e1; text-align: left;\" valign=\"middle\" bgcolor=\"#e1e1e1\">Reforma a la Constituci\u00f3n Pol\u00edtica del Estado de Coahuila de Zaragoza.<\/td>\n<td class=\"Estilo91\" style=\"background-color: #e1e1e1; text-align: center;\" align=\"center\" bgcolor=\"#e1e1e1\"><a href=\"http:\/\/congresocoahuila.gob.mx\/portal\/wp-content\/uploads\/2017\/01\/20170424_Pop_Partido_Joven_Ref_Constituci\u00f3n_Pol\u00edtica_del_Estado_Art_165_y_166.doc\">24 de Abril de 2017<\/a><\/td>\n<\/tr>\n<tr>\n<td class=\"Estilo91\" style=\"background-color: #f7f5f5; text-align: left;\" valign=\"top\" bgcolor=\"#e1e1e1\">C.\u00a0Juan Carlos Guerra L\u00f3pez Negrete.<\/td>\n<td class=\"Estilo91\" style=\"background-color: #f7f5f5; text-align: left;\" valign=\"middle\" bgcolor=\"#e1e1e1\">Reforma al\u00a0C\u00f3digo Financiero para los Municipios del Estado de Coahuila de Zaragoza.<\/td>\n<td class=\"Estilo91\" style=\"background-color: #f7f5f5; text-align: center;\" align=\"center\" bgcolor=\"#e1e1e1\"><a href=\"http:\/\/congresocoahuila.gob.mx\/portal\/wp-content\/uploads\/2017\/01\/20170424_Pop_Juan_Carlos_Guerra_L\u00f3pez_C\u00f3digo_Financiero.doc\">24 de Abril de 2017<\/a><\/td>\n<\/tr>\n<tr>\n<td class=\"Estilo91\" style=\"background-color: #e1e1e1; text-align: left;\" valign=\"top\" bgcolor=\"#e1e1e1\">Lic. Luis Fernando Santos Flores, Presidente Constitucional del Municipio de M\u00fazquiz, Coahuila de Zaragoza.<\/td>\n<td class=\"Estilo91\" style=\"background-color: #e1e1e1; text-align: left;\" valign=\"middle\" bgcolor=\"#e1e1e1\">Se crea la\u00a0Ley de Pensiones del Municipio de M\u00fazquiz, Coahuila de Zaragoza.<\/td>\n<td class=\"Estilo91\" style=\"background-color: #e1e1e1; text-align: center;\" align=\"center\" bgcolor=\"#e1e1e1\"><a href=\"http:\/\/congresocoahuila.gob.mx\/portal\/wp-content\/uploads\/2017\/01\/20170424_Inic_Municipios_Ley_de_Pensiones_del_Municipio_de_M\u00fazquiz.pdf\">24 de Abril de 2017<\/a><\/td>\n<\/tr>\n<tr>\n<td class=\"Estilo91\" style=\"background-color: #f7f5f5; text-align: left;\" valign=\"top\" bgcolor=\"#e1e1e1\">Diputada Martha Garay Cadena,\u00a0conjuntamente con las Diputadas y Diputados integrantes del Grupo Parlamentario \u201cGral. Eulalio Guti\u00e9rrez Ortiz\u201d, del Partido Revolucionario Institucional.<\/td>\n<td class=\"Estilo91\" style=\"background-color: #f7f5f5; text-align: left;\" valign=\"middle\" bgcolor=\"#e1e1e1\">Reforma a la\u00a0Ley de los Derechos de las Personas Adultas Mayores del Estado de Coahuila de Zaragoza.<\/td>\n<td class=\"Estilo91\" style=\"background-color: #f7f5f5; text-align: center;\" align=\"center\" bgcolor=\"#e1e1e1\"><a href=\"http:\/\/congresocoahuila.gob.mx\/portal\/wp-content\/uploads\/2017\/01\/20170424_516_PRI.doc\">24 de Abril de 2017<\/a><\/td>\n<\/tr>\n<tr>\n<td class=\"Estilo91\" style=\"background-color: #e1e1e1; text-align: left;\" valign=\"top\" bgcolor=\"#e1e1e1\">Diputado Sergio Garza Castillo, de la Fracci\u00f3n Parlamentaria \u201cHilda Graciela Rivera de P\u00e9rez Arreola\u201d del Partido Unidad Democr\u00e1tica de Coahuila.<\/td>\n<td class=\"Estilo91\" style=\"background-color: #e1e1e1; text-align: left;\" valign=\"middle\" bgcolor=\"#e1e1e1\">Reforma a la\u00a0Ley Estatal de Salud.<\/td>\n<td class=\"Estilo91\" style=\"background-color: #e1e1e1; text-align: center;\" align=\"center\" bgcolor=\"#e1e1e1\"><a href=\"http:\/\/congresocoahuila.gob.mx\/portal\/wp-content\/uploads\/2017\/01\/20170424_517_UDC.doc\">24 de Abril de 2017<\/a><\/td>\n<\/tr>\n<tr>\n<td class=\"Estilo91\" style=\"background-color: #f7f5f5; text-align: left;\" valign=\"top\" bgcolor=\"#e1e1e1\">Diputada Luisa Ivone Gallegos Mart\u00ednez, de la Fracci\u00f3n Parlamentaria \u201cDorotea de la Fuente Flores\u201d, del Partido Nueva Alianza.<\/td>\n<td class=\"Estilo91\" style=\"background-color: #f7f5f5; text-align: left;\" valign=\"middle\" bgcolor=\"#e1e1e1\">Reforma a la\u00a0Ley de Cultura F\u00edsica y Deporte del Estado de Coahuila de Zaragoza.<\/td>\n<td class=\"Estilo91\" style=\"background-color: #f7f5f5; text-align: center;\" align=\"center\" bgcolor=\"#e1e1e1\"><a href=\"http:\/\/congresocoahuila.gob.mx\/portal\/wp-content\/uploads\/2017\/01\/20170424_518_PNA.doc\">24 de Abril de 2017<\/a><\/td>\n<\/tr>\n<tr>\n<td class=\"Estilo91\" style=\"background-color: #e1e1e1; text-align: left;\" valign=\"top\" bgcolor=\"#e1e1e1\">Diputada Claudia Elisa Morales Salazar, de la Fracci\u00f3n Parlamentaria, \u201cLic. Gilberto Rinc\u00f3n Gallardo\u201d\u00a0 del Partido Socialdem\u00f3crata de Coahuila.<\/td>\n<td class=\"Estilo91\" style=\"background-color: #e1e1e1; text-align: left;\" valign=\"middle\" bgcolor=\"#e1e1e1\">Reforma a la\u00a0Ley para la Prevenci\u00f3n Social de la Violencia y la Delincuencia, con Participaci\u00f3n Ciudadana del Estado de Coahuila de Zaragoza.<\/td>\n<td class=\"Estilo91\" style=\"background-color: #e1e1e1; text-align: center;\" align=\"center\" bgcolor=\"#e1e1e1\"><a href=\"http:\/\/congresocoahuila.gob.mx\/portal\/wp-content\/uploads\/2017\/01\/20170424_519_PSD.doc\">24 de Abril de 2017<\/a><\/td>\n<\/tr>\n<tr>\n<td class=\"Estilo91\" style=\"background-color: #f7f5f5; text-align: left;\" valign=\"top\" bgcolor=\"#e1e1e1\">Diputada Ver\u00f3nica Mart\u00ednez Garc\u00eda,\u00a0conjuntamente con las Diputadas y Diputados integrantes del Grupo Parlamentario \u201cGral. Eulalio Guti\u00e9rrez Ortiz\u201d, del Partido Revolucionario Institucional.<\/td>\n<td class=\"Estilo91\" style=\"background-color: #f7f5f5; text-align: left;\" valign=\"middle\" bgcolor=\"#e1e1e1\">Reforma a la\u00a0Ley de V\u00edctimas para el Estado de Coahuila de Zaragoza.<\/td>\n<td class=\"Estilo91\" style=\"background-color: #f7f5f5; text-align: center;\" align=\"center\" bgcolor=\"#e1e1e1\"><a href=\"http:\/\/congresocoahuila.gob.mx\/portal\/wp-content\/uploads\/2017\/01\/20170424_520_PRI.doc\">24 de Abril de 2017<\/a><\/td>\n<\/tr>\n<tr>\n<td class=\"Estilo91\" style=\"background-color: #e1e1e1; text-align: left;\" valign=\"top\" bgcolor=\"#e1e1e1\">Diputada Mar\u00eda del Socorro Lozano D\u00e1vila,\u00a0conjuntamente con las Diputadas y Diputados integrantes del Grupo Parlamentario \u201cGral. Eulalio Guti\u00e9rrez Ortiz\u201d, del Partido Revolucionario Institucional.<\/td>\n<td class=\"Estilo91\" style=\"background-color: #e1e1e1; text-align: left;\" valign=\"middle\" bgcolor=\"#e1e1e1\">Reforma a la\u00a0Ley de Desarrollo Social para el Estado de Coahuila de Zaragoza.<\/td>\n<td class=\"Estilo91\" style=\"background-color: #e1e1e1; text-align: center;\" align=\"center\" bgcolor=\"#e1e1e1\"><a href=\"https:\/\/congresocoahuila.gob.mx\/transparencia\/03\/INICIATIVAS-2015-2017\/20170424_521_PRI.doc\">24 de Abril de 2017<\/a><\/td>\n<\/tr>\n<tr>\n<td class=\"Estilo91\" style=\"background-color: #f7f5f5; text-align: left;\" valign=\"top\" bgcolor=\"#e1e1e1\">Diputada Olga Leticia Lara Rodr\u00edguez,\u00a0conjuntamente con las Diputadas y Diputados integrantes del Grupo Parlamentario \u201cGral. Eulalio Guti\u00e9rrez Ortiz\u201d, del Partido Revolucionario Institucional.<\/td>\n<td class=\"Estilo91\" style=\"background-color: #f7f5f5; text-align: left;\" valign=\"middle\" bgcolor=\"#e1e1e1\">Reforma a la\u00a0Ley de Turismo para el Estado de Coahuila de Zaragoza.<\/td>\n<td class=\"Estilo91\" style=\"background-color: #f7f5f5; text-align: center;\" align=\"center\" bgcolor=\"#e1e1e1\"><a href=\"http:\/\/congresocoahuila.gob.mx\/portal\/wp-content\/uploads\/2017\/01\/20170424_522_PRI.doc\">24 de Abril de 2017<\/a><\/td>\n<\/tr>\n<tr>\n<td class=\"Estilo91\" style=\"background-color: #e1e1e1; text-align: left;\" valign=\"top\" bgcolor=\"#e1e1e1\">Diputada Claudia Elisa Morales Salazar, de la Fracci\u00f3n Parlamentaria, \u201cLic. Gilberto Rinc\u00f3n Gallardo\u201d\u00a0 del Partido Socialdem\u00f3crata de Coahuila.<\/td>\n<td class=\"Estilo91\" style=\"background-color: #e1e1e1; text-align: left;\" valign=\"middle\" bgcolor=\"#e1e1e1\">Reforma a la\u00a0Ley de Turismo para el Estado de Coahuila de Zaragoza.<\/td>\n<td class=\"Estilo91\" style=\"background-color: #e1e1e1; text-align: center;\" align=\"center\" bgcolor=\"#e1e1e1\"><a href=\"http:\/\/congresocoahuila.gob.mx\/portal\/wp-content\/uploads\/2017\/01\/20170424_523_PSD.doc\">24 de Abril de 2017<\/a><\/td>\n<\/tr>\n<tr>\n<td class=\"Estilo91\" style=\"background-color: #f7f5f5; text-align: left;\" valign=\"top\" bgcolor=\"#e1e1e1\">Ejecutivo del Estado, Lic. Rub\u00e9n Ignacio Moreira Valdez.<\/td>\n<td class=\"Estilo91\" style=\"background-color: #f7f5f5; text-align: left;\" valign=\"middle\" bgcolor=\"#e1e1e1\">Se crea la Ley de la Academia Interamericana de Derechos Humanos de la Universidad Aut\u00f3noma de Coahuila.<\/td>\n<td class=\"Estilo91\" style=\"background-color: #f7f5f5; text-align: center;\" align=\"center\" bgcolor=\"#e1e1e1\"><a href=\"http:\/\/congresocoahuila.gob.mx\/portal\/wp-content\/uploads\/2017\/01\/20170502_078_Ejec.doc\">2 de Mayo de 2017<\/a><\/td>\n<\/tr>\n<tr>\n<td class=\"Estilo91\" style=\"background-color: #e1e1e1; text-align: left;\" valign=\"top\" bgcolor=\"#e1e1e1\">C.\u00a0Juan Carlos Guerra L\u00f3pez Negrete.<\/td>\n<td class=\"Estilo91\" style=\"background-color: #e1e1e1; text-align: left;\" valign=\"middle\" bgcolor=\"#e1e1e1\">Se crea la Ley de Responsabilidad Patrimonial del Estado y Municipios de Coahuila de Zaragoza.<\/td>\n<td class=\"Estilo91\" style=\"background-color: #e1e1e1; text-align: center;\" align=\"center\" bgcolor=\"#e1e1e1\"><a href=\"http:\/\/congresocoahuila.gob.mx\/portal\/wp-content\/uploads\/2017\/01\/20170502_Pop_Ley_de_Responsabilidad_Patrimonial_del_Estado_y_Mpios.pdf\">2 de Mayo de 2017<\/a><\/td>\n<\/tr>\n<tr>\n<td class=\"Estilo91\" style=\"background-color: #f7f5f5; text-align: left;\" valign=\"top\" bgcolor=\"#e1e1e1\">Diputada Mar\u00eda del Socorro Lozano D\u00e1vila,\u00a0conjuntamente con las Diputadas y Diputados integrantes del Grupo Parlamentario \u201cGral. Eulalio Guti\u00e9rrez Ortiz\u201d, del Partido Revolucionario Institucional.<\/td>\n<td class=\"Estilo91\" style=\"background-color: #f7f5f5; text-align: left;\" valign=\"middle\" bgcolor=\"#e1e1e1\">Reforma a la\u00a0Ley de Tr\u00e1nsito y Transporte del Estado de Coahuila de Zaragoza.<\/td>\n<td class=\"Estilo91\" style=\"background-color: #f7f5f5; text-align: center;\" align=\"center\" bgcolor=\"#e1e1e1\"><a href=\"http:\/\/congresocoahuila.gob.mx\/portal\/wp-content\/uploads\/2017\/01\/20170502_524_PRI.doc\">2 de Mayo de 2017<\/a><\/td>\n<\/tr>\n<tr>\n<td class=\"Estilo91\" style=\"background-color: #e1e1e1; text-align: left;\" valign=\"top\" bgcolor=\"#e1e1e1\">Diputado Jes\u00fas de Le\u00f3n Tello, conjuntamente con las Diputadas y Diputados integrantes del Grupo Parlamentario \u00abAlonso Jos\u00e9 Lujambio Irazabal\u00bb, del Partido Acci\u00f3n Nacional.<\/td>\n<td class=\"Estilo91\" style=\"background-color: #e1e1e1; text-align: left;\" valign=\"middle\" bgcolor=\"#e1e1e1\">Reforma a la\u00a0Ley Estatal de Educaci\u00f3n.<\/td>\n<td class=\"Estilo91\" style=\"background-color: #e1e1e1; text-align: center;\" align=\"center\" bgcolor=\"#e1e1e1\"><a href=\"http:\/\/congresocoahuila.gob.mx\/portal\/wp-content\/uploads\/2017\/01\/20170502_525_PAN.doc\">2 de Mayo de 2017<\/a><\/td>\n<\/tr>\n<tr>\n<td class=\"Estilo91\" style=\"background-color: #f7f5f5; text-align: left;\" valign=\"top\" bgcolor=\"#e1e1e1\">Diputado Javier de Jes\u00fas Rodr\u00edguez Mendoza, de la Fracci\u00f3n Parlamentaria \u201cJos\u00e9 Mario Molina Pasquel y Henriquez\u201d, del Partido Verde Ecologista de M\u00e9xico.<\/td>\n<td class=\"Estilo91\" style=\"background-color: #f7f5f5; text-align: left;\" valign=\"middle\" bgcolor=\"#e1e1e1\">Reforma a la\u00a0Ley Estatal de Educaci\u00f3n.<\/td>\n<td class=\"Estilo91\" style=\"background-color: #f7f5f5; text-align: center;\" align=\"center\" bgcolor=\"#e1e1e1\"><a href=\"http:\/\/congresocoahuila.gob.mx\/portal\/wp-content\/uploads\/2017\/01\/20170502_526_PVEM.doc\">2 de Mayo de 2017<\/a><\/td>\n<\/tr>\n<tr>\n<td class=\"Estilo91\" style=\"background-color: #e1e1e1; text-align: left;\" valign=\"top\" bgcolor=\"#e1e1e1\">Diputada Claudia Elisa Morales Salazar, de la Fracci\u00f3n Parlamentaria, \u201cLic. Gilberto Rinc\u00f3n Gallardo\u201d\u00a0 del Partido Socialdem\u00f3crata de Coahuila.<\/td>\n<td class=\"Estilo91\" style=\"background-color: #e1e1e1; text-align: left;\" valign=\"middle\" bgcolor=\"#e1e1e1\">Reforma al\u00a0C\u00f3digo de Procedimientos Familiares para el Estado de Coahuila de Zaragoza.<\/td>\n<td class=\"Estilo91\" style=\"background-color: #e1e1e1; text-align: center;\" align=\"center\" bgcolor=\"#e1e1e1\"><a href=\"http:\/\/congresocoahuila.gob.mx\/portal\/wp-content\/uploads\/2017\/01\/20170502_527_PSD.doc\">2 de Mayo de 2017<\/a><\/td>\n<\/tr>\n<tr>\n<td class=\"Estilo91\" style=\"background-color: #f7f5f5; text-align: left;\" valign=\"top\" bgcolor=\"#e1e1e1\">Diputada Bertha Alicia Aguayo P\u00e9rez, conjuntamente con las Diputadas y Diputados integrantes del Grupo Parlamentario \u00abAlonso Lujambio Irazabal\u00bb, del Partido Acci\u00f3n Nacional.<\/td>\n<td class=\"Estilo91\" style=\"background-color: #f7f5f5; text-align: left;\" valign=\"middle\" bgcolor=\"#e1e1e1\">Reforma a la\u00a0Ley Estatal de Salud.<\/td>\n<td class=\"Estilo91\" style=\"background-color: #f7f5f5; text-align: center;\" align=\"center\" bgcolor=\"#e1e1e1\"><a href=\"http:\/\/congresocoahuila.gob.mx\/portal\/wp-content\/uploads\/2017\/01\/20170502_528_PAN.doc\">2 de Mayo de 2017<\/a><\/td>\n<\/tr>\n<tr>\n<td class=\"Estilo91\" style=\"background-color: #e1e1e1; text-align: left;\" valign=\"top\" bgcolor=\"#e1e1e1\">Diputada Claudia Elisa Morales Salazar, de la Fracci\u00f3n Parlamentaria, \u201cLic. Gilberto Rinc\u00f3n Gallardo\u201d\u00a0 del Partido Socialdem\u00f3crata de Coahuila.<\/td>\n<td class=\"Estilo91\" style=\"background-color: #e1e1e1; text-align: left;\" valign=\"middle\" bgcolor=\"#e1e1e1\">Reforma a la\u00a0Ley Org\u00e1nica de la Procuradur\u00eda General de Justicia del Estado de Coahuila.<\/td>\n<td class=\"Estilo91\" style=\"background-color: #e1e1e1; text-align: center;\" align=\"center\" bgcolor=\"#e1e1e1\"><a href=\"http:\/\/congresocoahuila.gob.mx\/portal\/wp-content\/uploads\/2017\/01\/20170502_529_PSD.doc\">2 de Mayo de 2017<\/a><\/td>\n<\/tr>\n<tr>\n<td class=\"Estilo91\" style=\"background-color: #f7f5f5; text-align: left;\" valign=\"top\" bgcolor=\"#e1e1e1\">Ejecutivo del Estado, Lic. Rub\u00e9n Ignacio Moreira Valdez.<\/td>\n<td class=\"Estilo91\" style=\"background-color: #f7f5f5; text-align: left;\" valign=\"middle\" bgcolor=\"#e1e1e1\">Reforma a la Ley de Asistencia Social y Protecci\u00f3n de Derechos del Estado de Coahuila de Zaragoza.<\/td>\n<td class=\"Estilo91\" style=\"background-color: #f7f5f5; text-align: center;\" align=\"center\" bgcolor=\"#e1e1e1\"><a href=\"http:\/\/congresocoahuila.gob.mx\/portal\/wp-content\/uploads\/2017\/01\/20170510_079_Ejec.doc\">10 de Mayo de 2017<\/a><\/td>\n<\/tr>\n<tr>\n<td class=\"Estilo91\" style=\"background-color: #e1e1e1; text-align: left;\" valign=\"top\" bgcolor=\"#e1e1e1\">C.\u00a0Juan Carlos Guerra L\u00f3pez Negrete.<\/td>\n<td class=\"Estilo91\" style=\"background-color: #e1e1e1; text-align: left;\" valign=\"middle\" bgcolor=\"#e1e1e1\">Se crea la\u00a0Ley de J\u00f3venes Emprendedores del Estado de Coahuila de Zaragoza.<\/td>\n<td class=\"Estilo91\" style=\"background-color: #e1e1e1; text-align: center;\" align=\"center\" bgcolor=\"#e1e1e1\"><a href=\"http:\/\/congresocoahuila.gob.mx\/portal\/wp-content\/uploads\/2017\/01\/20170510_Pop_Juan_Carlos_Guerra_L\u00f3pez_Ley_de_J\u00f3venes_Emprendedores_del_Estado.pdf\">10 de Mayo de 2017<\/a><\/td>\n<\/tr>\n<tr>\n<td class=\"Estilo91\" style=\"background-color: #f7f5f5; text-align: left;\" valign=\"top\" bgcolor=\"#e1e1e1\">Diputado Jes\u00fas de Le\u00f3n Tello, conjuntamente con las Diputadas y Diputados integrantes del Grupo Parlamentario \u00abAlonso Jos\u00e9 Lujambio Irazabal\u00bb, del Partido Acci\u00f3n Nacional.<\/td>\n<td class=\"Estilo91\" style=\"background-color: #f7f5f5; text-align: left;\" valign=\"middle\" bgcolor=\"#e1e1e1\">Reforma a la Constituci\u00f3n Pol\u00edtica del Estado de Coahuila de Zaragoza.<\/td>\n<td class=\"Estilo91\" style=\"background-color: #f7f5f5; text-align: center;\" align=\"center\" bgcolor=\"#e1e1e1\"><a href=\"http:\/\/congresocoahuila.gob.mx\/portal\/wp-content\/uploads\/2017\/01\/20170510_530_PAN.doc\">10 de Mayo de 2017<\/a><\/td>\n<\/tr>\n<tr>\n<td class=\"Estilo91\" style=\"background-color: #e1e1e1; text-align: left;\" valign=\"top\" bgcolor=\"#e1e1e1\">Diputada Ver\u00f3nica Mart\u00ednez Garc\u00eda,\u00a0conjuntamente con las Diputadas y Diputados integrantes del Grupo Parlamentario \u201cGral. Eulalio Guti\u00e9rrez Ortiz\u201d, del Partido Revolucionario Institucional.<\/td>\n<td class=\"Estilo91\" style=\"background-color: #e1e1e1; text-align: left;\" valign=\"middle\" bgcolor=\"#e1e1e1\">Reforma a\u00a0Ley de Protecci\u00f3n Civil para el Estado de Coahuila de Zaragoza.<\/td>\n<td class=\"Estilo91\" style=\"background-color: #e1e1e1; text-align: center;\" align=\"center\" bgcolor=\"#e1e1e1\"><a href=\"http:\/\/congresocoahuila.gob.mx\/portal\/wp-content\/uploads\/2017\/01\/20170510_531_PRI.doc\">10 de Mayo de 2017<\/a><\/td>\n<\/tr>\n<tr>\n<td class=\"Estilo91\" style=\"background-color: #f7f5f5; text-align: left;\" valign=\"top\" bgcolor=\"#e1e1e1\">Diputado Sergio Garza Castillo, de la Fracci\u00f3n Parlamentaria \u201cHilda Graciela Rivera de P\u00e9rez Arreola\u201d del Partido Unidad Democr\u00e1tica de Coahuila.<\/td>\n<td class=\"Estilo91\" style=\"background-color: #f7f5f5; text-align: left;\" valign=\"middle\" bgcolor=\"#e1e1e1\">Reforma a\u00a0Ley Estatal de Educaci\u00f3n.<\/td>\n<td class=\"Estilo91\" style=\"background-color: #f7f5f5; text-align: center;\" align=\"center\" bgcolor=\"#e1e1e1\"><a href=\"http:\/\/congresocoahuila.gob.mx\/portal\/wp-content\/uploads\/2017\/01\/20170510_532_UDC.doc\">10 de Mayo de 2017<\/a><\/td>\n<\/tr>\n<tr>\n<td class=\"Estilo91\" style=\"background-color: #e1e1e1; text-align: left;\" valign=\"top\" bgcolor=\"#e1e1e1\">Diputado Javier de Jes\u00fas Rodr\u00edguez Mendoza, de la Fracci\u00f3n Parlamentaria \u201cJos\u00e9 Mario Molina Pasquel y Henriquez\u201d, del Partido Verde Ecologista de M\u00e9xico.<\/td>\n<td class=\"Estilo91\" style=\"background-color: #e1e1e1; text-align: left;\" valign=\"middle\" bgcolor=\"#e1e1e1\">Reforma a\u00a0Ley de Prestaci\u00f3n de Servicios para la Atenci\u00f3n, Cuidado y Desarrollo Integral Infantil del Estado de Coahuila de Zaragoza.<\/td>\n<td class=\"Estilo91\" style=\"background-color: #e1e1e1; text-align: center;\" align=\"center\" bgcolor=\"#e1e1e1\"><a href=\"http:\/\/congresocoahuila.gob.mx\/portal\/wp-content\/uploads\/2017\/01\/20170510_533_PVEM.doc\">10 de Mayo de 2017<\/a><\/td>\n<\/tr>\n<tr>\n<td class=\"Estilo91\" style=\"background-color: #f7f5f5; text-align: left;\" valign=\"top\" bgcolor=\"#e1e1e1\">Diputada Claudia Elisa Morales Salazar, de la Fracci\u00f3n Parlamentaria, \u201cLic. Gilberto Rinc\u00f3n Gallardo\u201d\u00a0 del Partido Socialdem\u00f3crata de Coahuila.<\/td>\n<td class=\"Estilo91\" style=\"background-color: #f7f5f5; text-align: left;\" valign=\"middle\" bgcolor=\"#e1e1e1\">Reforma a\u00a0Ley de los Derechos de las Personas Adultas Mayores del Estado de Coahuila de Zaragoza.<\/td>\n<td class=\"Estilo91\" style=\"background-color: #f7f5f5; text-align: center;\" align=\"center\" bgcolor=\"#e1e1e1\"><a href=\"http:\/\/congresocoahuila.gob.mx\/portal\/wp-content\/uploads\/2017\/01\/20170510_534_PSD.doc\">10 de Mayo de 2017<\/a><\/td>\n<\/tr>\n<tr>\n<td class=\"Estilo91\" style=\"background-color: #e1e1e1; text-align: left;\" valign=\"top\" bgcolor=\"#e1e1e1\">Diputada Martha Garay Cadena,\u00a0conjuntamente con las Diputadas y Diputados integrantes del Grupo Parlamentario \u201cGral. Eulalio Guti\u00e9rrez Ortiz\u201d, del Partido Revolucionario Institucional.<\/td>\n<td class=\"Estilo91\" style=\"background-color: #e1e1e1; text-align: left;\" valign=\"middle\" bgcolor=\"#e1e1e1\">Reforma a la\u00a0Ley para la Familia del Estado de Coahuila de Zaragoza.<\/td>\n<td class=\"Estilo91\" style=\"background-color: #e1e1e1; text-align: center;\" align=\"center\" bgcolor=\"#e1e1e1\"><a href=\"http:\/\/congresocoahuila.gob.mx\/portal\/wp-content\/uploads\/2017\/01\/20170510_535_PRI.doc\">10 de Mayo de 2017<\/a><\/td>\n<\/tr>\n<tr>\n<td class=\"Estilo91\" style=\"background-color: #f7f5f5; text-align: left;\" valign=\"top\" bgcolor=\"#e1e1e1\">C.\u00a0Juan Carlos Guerra L\u00f3pez Negrete.<\/td>\n<td class=\"Estilo91\" style=\"background-color: #f7f5f5; text-align: left;\" valign=\"middle\" bgcolor=\"#e1e1e1\">Reforma a la Constituci\u00f3n Pol\u00edtica del Estado de Coahuila de Zaragoza.<\/td>\n<td class=\"Estilo91\" style=\"background-color: #f7f5f5; text-align: center;\" align=\"center\" bgcolor=\"#e1e1e1\"><a href=\"http:\/\/congresocoahuila.gob.mx\/portal\/wp-content\/uploads\/2017\/01\/20170517_Pop_Juan_Carlos_Guerra_L\u00f3pez_Ref_Constituci\u00f3n_Pol\u00edtica_del_Estado.pdf\">17 de Mayo de 2017<\/a><\/td>\n<\/tr>\n<tr>\n<td class=\"Estilo91\" style=\"background-color: #e1e1e1; text-align: left;\" valign=\"top\" bgcolor=\"#e1e1e1\">Diputada Ver\u00f3nica Mart\u00ednez Garc\u00eda,\u00a0conjuntamente con las Diputadas y Diputados integrantes del Grupo Parlamentario \u201cGral. Eulalio Guti\u00e9rrez Ortiz\u201d, del Partido Revolucionario Institucional.<\/td>\n<td class=\"Estilo91\" style=\"background-color: #e1e1e1; text-align: left;\" valign=\"middle\" bgcolor=\"#e1e1e1\">Reforma al\u00a0C\u00f3digo Electoral para el Estado de Coahuila de Zaragoza.<\/td>\n<td class=\"Estilo91\" style=\"background-color: #e1e1e1; text-align: center;\" align=\"center\" bgcolor=\"#e1e1e1\"><a href=\"http:\/\/congresocoahuila.gob.mx\/portal\/wp-content\/uploads\/2017\/01\/20170517_536_PRI.doc\">17 de Mayo de 2017<\/a><\/td>\n<\/tr>\n<tr>\n<td class=\"Estilo91\" style=\"background-color: #f7f5f5; text-align: left;\" valign=\"top\" bgcolor=\"#e1e1e1\">Diputado Jes\u00fas de Le\u00f3n Tello, conjuntamente con las Diputadas y Diputados integrantes del Grupo Parlamentario \u00abAlonso Jos\u00e9 Lujambio Irazabal\u00bb, del Partido Acci\u00f3n Nacional.<\/td>\n<td class=\"Estilo91\" style=\"background-color: #f7f5f5; text-align: left;\" valign=\"middle\" bgcolor=\"#e1e1e1\">Reforma a la\u00a0Ley Estatal de Educaci\u00f3n de Coahuila.<\/td>\n<td class=\"Estilo91\" style=\"background-color: #f7f5f5; text-align: center;\" align=\"center\" bgcolor=\"#e1e1e1\"><a href=\"http:\/\/congresocoahuila.gob.mx\/portal\/wp-content\/uploads\/2017\/01\/20170517_537_PAN.doc\">17 de Mayo de 2017<\/a><\/td>\n<\/tr>\n<tr>\n<td class=\"Estilo91\" style=\"background-color: #e1e1e1; text-align: left;\" valign=\"top\" bgcolor=\"#e1e1e1\">Diputada Claudia Maribel Gonz\u00e1lez Espinoza,\u00a0conjuntamente con las Diputadas y Diputados integrantes del Grupo Parlamentario \u201cGral. Eulalio Guti\u00e9rrez Ortiz\u201d, del Partido Revolucionario Institucional.<\/td>\n<td class=\"Estilo91\" style=\"background-color: #e1e1e1; text-align: left;\" valign=\"middle\" bgcolor=\"#e1e1e1\">Reforma a la\u00a0Ley de Turismo para el Estado de Coahuila de Zaragoza.<\/td>\n<td class=\"Estilo91\" style=\"background-color: #e1e1e1; text-align: center;\" align=\"center\" bgcolor=\"#e1e1e1\"><a href=\"http:\/\/congresocoahuila.gob.mx\/portal\/wp-content\/uploads\/2017\/01\/20170517_538_PRI.doc\">17 de Mayo de 2017<\/a><\/td>\n<\/tr>\n<tr>\n<td class=\"Estilo91\" style=\"background-color: #f7f5f5; text-align: left;\" valign=\"top\" bgcolor=\"#e1e1e1\">Diputado Jos\u00e9 Mar\u00eda Fraustro Siller,\u00a0conjuntamente con las Diputadas y Diputados integrantes del Grupo Parlamentario \u201cGral. Eulalio Guti\u00e9rrez Ortiz\u201d, del Partido Revolucionario Institucional.<\/td>\n<td class=\"Estilo91\" style=\"background-color: #f7f5f5; text-align: left;\" valign=\"middle\" bgcolor=\"#e1e1e1\">Se Abroga la\u00a0Ley de Justicia para Adolescentes del Estado de Coahuila de Zaragoza.<\/td>\n<td class=\"Estilo91\" style=\"background-color: #f7f5f5; text-align: center;\" align=\"center\" bgcolor=\"#e1e1e1\"><a href=\"http:\/\/congresocoahuila.gob.mx\/portal\/wp-content\/uploads\/2017\/01\/20170523_539_PRI.doc\">23 de Mayo de 2017<\/a><\/td>\n<\/tr>\n<tr>\n<td class=\"Estilo91\" style=\"background-color: #e1e1e1; text-align: left;\" valign=\"top\" bgcolor=\"#e1e1e1\">Diputado Raymundo Palomo Garc\u00eda, conjuntamente con las Diputadas y Diputados integrantes del Grupo Parlamentario \u00abAlonso Jos\u00e9 Lujambio Irazabal\u00bb, del Partido Acci\u00f3n Nacional.<\/td>\n<td class=\"Estilo91\" style=\"background-color: #e1e1e1; text-align: left;\" valign=\"middle\" bgcolor=\"#e1e1e1\">Reforma a la\u00a0Ley de Aguas para los Municipios del Estado de Coahuila de Zaragoza.<\/td>\n<td class=\"Estilo91\" style=\"background-color: #e1e1e1; text-align: center;\" align=\"center\" bgcolor=\"#e1e1e1\"><a href=\"http:\/\/congresocoahuila.gob.mx\/portal\/wp-content\/uploads\/2017\/01\/20170523_540_PAN.doc\">23 de Mayo de 2017<\/a><\/td>\n<\/tr>\n<tr>\n<td class=\"Estilo91\" style=\"background-color: #f7f5f5; text-align: left;\" valign=\"top\" bgcolor=\"#e1e1e1\">Diputado Sergio Garza Castillo, de la Fracci\u00f3n Parlamentaria \u201cHilda Graciela Rivera de P\u00e9rez Arreola\u201d del Partido Unidad Democr\u00e1tica de Coahuila.<\/td>\n<td class=\"Estilo91\" style=\"background-color: #f7f5f5; text-align: left;\" valign=\"middle\" bgcolor=\"#e1e1e1\">Reforma a la\u00a0Ley Org\u00e1nica del Congreso del Estado Independiente, Libre y Soberano de Coahuila de Zaragoza.<\/td>\n<td class=\"Estilo91\" style=\"background-color: #f7f5f5; text-align: center;\" align=\"center\" bgcolor=\"#e1e1e1\"><a href=\"http:\/\/congresocoahuila.gob.mx\/portal\/wp-content\/uploads\/2017\/01\/20170523_541_UDC.doc\">23 de Mayo de 2017<\/a><\/td>\n<\/tr>\n<tr>\n<td class=\"Estilo91\" style=\"background-color: #e1e1e1; text-align: left;\" valign=\"top\" bgcolor=\"#e1e1e1\">Diputada Claudia Elisa Morales Salazar, de la Fracci\u00f3n Parlamentaria, \u201cLic. Gilberto Rinc\u00f3n Gallardo\u201d\u00a0 del Partido Socialdem\u00f3crata de Coahuila.<\/td>\n<td class=\"Estilo91\" style=\"background-color: #e1e1e1; text-align: left;\" valign=\"middle\" bgcolor=\"#e1e1e1\">Reforma a la\u00a0Ley Estatal de Salud.<\/td>\n<td class=\"Estilo91\" style=\"background-color: #e1e1e1; text-align: center;\" align=\"center\" bgcolor=\"#e1e1e1\"><a href=\"http:\/\/congresocoahuila.gob.mx\/portal\/wp-content\/uploads\/2017\/01\/20170523_542_PSD.doc\">23 de Mayo de 2017<\/a><\/td>\n<\/tr>\n<tr>\n<td class=\"Estilo91\" style=\"background-color: #f7f5f5; text-align: left;\" valign=\"top\" bgcolor=\"#e1e1e1\">Diputada Ver\u00f3nica Mart\u00ednez Garc\u00eda,\u00a0conjuntamente con las Diputadas y Diputados integrantes del Grupo Parlamentario \u201cGral. Eulalio Guti\u00e9rrez Ortiz\u201d, del Partido Revolucionario Institucional.<\/td>\n<td class=\"Estilo91\" style=\"background-color: #f7f5f5; text-align: left;\" valign=\"middle\" bgcolor=\"#e1e1e1\">Reforma a la\u00a0Ley General de Instituciones y Procedimientos Electorales.<\/td>\n<td class=\"Estilo91\" style=\"background-color: #f7f5f5; text-align: center;\" align=\"center\" bgcolor=\"#e1e1e1\"><a href=\"http:\/\/congresocoahuila.gob.mx\/portal\/wp-content\/uploads\/2017\/01\/20170523_543_PRI.doc\">23 de Mayo de 2017<\/a><\/td>\n<\/tr>\n<tr>\n<td class=\"Estilo91\" style=\"background-color: #e1e1e1; text-align: left;\" valign=\"top\" bgcolor=\"#e1e1e1\">Diputada Yolanda Olga Acu\u00f1a Contreras, conjuntamente con las Diputadas y Diputados integrantes del Grupo Parlamentario \u00abAlonso Jos\u00e9 Lujambio Irazabal\u00bb, del Partido Acci\u00f3n Nacional.<\/td>\n<td class=\"Estilo91\" style=\"background-color: #e1e1e1; text-align: left;\" valign=\"middle\" bgcolor=\"#e1e1e1\">Reforma al C\u00f3digo Municipal para el Estado de Coahuila de Zaragoza.<\/td>\n<td class=\"Estilo91\" style=\"background-color: #e1e1e1; text-align: center;\" align=\"center\" bgcolor=\"#e1e1e1\"><a href=\"http:\/\/congresocoahuila.gob.mx\/portal\/wp-content\/uploads\/2017\/01\/20170523_544_PAN.doc\">23 de Mayo de 2017<\/a><\/td>\n<\/tr>\n<tr>\n<td class=\"Estilo91\" style=\"background-color: #f7f5f5; text-align: left;\" valign=\"top\" bgcolor=\"#e1e1e1\">Diputada Irma Leticia Casta\u00f1o Orozco,\u00a0conjuntamente con las Diputadas y Diputados integrantes del Grupo Parlamentario \u201cGral. Eulalio Guti\u00e9rrez Ortiz\u201d, del Partido Revolucionario Institucional.<\/td>\n<td class=\"Estilo91\" style=\"background-color: #f7f5f5; text-align: left;\" valign=\"middle\" bgcolor=\"#e1e1e1\">Reforma al C\u00f3digo Penal del Estado de Coahuila de Zaragoza.<\/td>\n<td class=\"Estilo91\" style=\"background-color: #f7f5f5; text-align: center;\" align=\"center\" bgcolor=\"#e1e1e1\"><a href=\"http:\/\/congresocoahuila.gob.mx\/portal\/wp-content\/uploads\/2017\/01\/20170523_545_PRI.doc\">23 de Mayo de 2017<\/a><\/td>\n<\/tr>\n<tr>\n<td class=\"Estilo91\" style=\"background-color: #e1e1e1; text-align: left;\" valign=\"top\" bgcolor=\"#e1e1e1\">Diputada Martha Carolina Morales Iribarren,\u00a0conjuntamente con las Diputadas y Diputados integrantes del Grupo Parlamentario \u201cGral. Eulalio Guti\u00e9rrez Ortiz\u201d, del Partido Revolucionario Institucional.<\/td>\n<td class=\"Estilo91\" style=\"background-color: #e1e1e1; text-align: left;\" valign=\"middle\" bgcolor=\"#e1e1e1\">Reforma a la\u00a0Ley para la Familia de Coahuila de Zaragoza.<\/td>\n<td class=\"Estilo91\" style=\"background-color: #e1e1e1; text-align: center;\" align=\"center\" bgcolor=\"#e1e1e1\"><a href=\"http:\/\/congresocoahuila.gob.mx\/portal\/wp-content\/uploads\/2017\/01\/20170523_546_PRI.doc\">23 de Mayo de 2017<\/a><\/td>\n<\/tr>\n<tr>\n<td class=\"Estilo91\" style=\"background-color: #f7f5f5; text-align: left;\" valign=\"top\" bgcolor=\"#e1e1e1\">Diputado Juli\u00e1n Eduardo Medrano Aguirre,\u00a0conjuntamente con las Diputadas y Diputados integrantes del Grupo Parlamentario \u201cGral. Eulalio Guti\u00e9rrez Ortiz\u201d, del Partido Revolucionario Institucional.<\/td>\n<td class=\"Estilo91\" style=\"background-color: #f7f5f5; text-align: left;\" valign=\"middle\" bgcolor=\"#e1e1e1\">Reforma al\u00a0Estatuto Jur\u00eddico para los Trabajadores al Servicio del Estado de Coahuila y al C\u00f3digo Municipal para el Estado de Coahuila de Zaragoza.<\/td>\n<td class=\"Estilo91\" style=\"background-color: #f7f5f5; text-align: center;\" align=\"center\" bgcolor=\"#e1e1e1\"><a href=\"http:\/\/congresocoahuila.gob.mx\/portal\/wp-content\/uploads\/2017\/01\/20170523_547_PRI.doc\">23 de Mayo de 2017<\/a><\/td>\n<\/tr>\n<tr>\n<td class=\"Estilo91\" style=\"background-color: #e1e1e1; text-align: left;\" valign=\"top\" bgcolor=\"#e1e1e1\">Diputado Luis Gurza Jaidar,\u00a0conjuntamente con las Diputadas y Diputados integrantes del Grupo Parlamentario \u201cGral. Eulalio Guti\u00e9rrez Ortiz\u201d, del Partido Revolucionario Institucional.<\/td>\n<td class=\"Estilo91\" style=\"background-color: #e1e1e1; text-align: left;\" valign=\"middle\" bgcolor=\"#e1e1e1\">Reforma a la\u00a0Ley de Aguas para los Municipios del Estado de Coahuila.<\/td>\n<td class=\"Estilo91\" style=\"background-color: #e1e1e1; text-align: center;\" align=\"center\" bgcolor=\"#e1e1e1\"><a href=\"http:\/\/congresocoahuila.gob.mx\/portal\/wp-content\/uploads\/2017\/01\/20170523_548_PRI.doc\">23 de Mayo de 2017<\/a><\/td>\n<\/tr>\n<tr>\n<td class=\"Estilo91\" style=\"background-color: #f7f5f5; text-align: left;\" valign=\"top\" bgcolor=\"#e1e1e1\">Diputada Claudia Elisa Morales Salazar, de la Fracci\u00f3n Parlamentaria, \u201cLic. Gilberto Rinc\u00f3n Gallardo\u201d\u00a0 del Partido Socialdem\u00f3crata de Coahuila.<\/td>\n<td class=\"Estilo91\" style=\"background-color: #f7f5f5; text-align: left;\" valign=\"middle\" bgcolor=\"#e1e1e1\">Reforma al C\u00f3digo Penal del Estado de Coahuila de Zaragoza<\/td>\n<td class=\"Estilo91\" style=\"background-color: #f7f5f5; text-align: center;\" align=\"center\" bgcolor=\"#e1e1e1\"><a href=\"http:\/\/congresocoahuila.gob.mx\/portal\/wp-content\/uploads\/2017\/01\/20170523_549_PSD.doc\">23 de Mayo de 2017<\/a><\/td>\n<\/tr>\n<tr>\n<td class=\"Estilo91\" style=\"background-color: #e1e1e1; text-align: left;\" valign=\"top\" bgcolor=\"#e1e1e1\">C.\u00a0Juan Carlos Guerra L\u00f3pez Negrete.<\/td>\n<td class=\"Estilo91\" style=\"background-color: #e1e1e1; text-align: left;\" valign=\"middle\" bgcolor=\"#e1e1e1\">Reforma a la\u00a0Ley de Hacienda para el Estado de Coahuila de Zaragoza.<\/td>\n<td class=\"Estilo91\" style=\"background-color: #e1e1e1; text-align: center;\" align=\"center\" bgcolor=\"#e1e1e1\"><a href=\"http:\/\/congresocoahuila.gob.mx\/portal\/wp-content\/uploads\/2017\/01\/20170523_Pop_Juan_Carlos_Guerra_L\u00f3pez_Ref_Ley_de_Hacienda.doc\">23 de Mayo de 2017<\/a><\/td>\n<\/tr>\n<tr>\n<td class=\"Estilo91\" style=\"background-color: #f7f5f5; text-align: left;\" valign=\"top\" bgcolor=\"#e1e1e1\">C.\u00a0Juan Carlos Guerra L\u00f3pez Negrete.<\/td>\n<td class=\"Estilo91\" style=\"background-color: #f7f5f5; text-align: left;\" valign=\"middle\" bgcolor=\"#e1e1e1\">Reforma a la Constituci\u00f3n Pol\u00edtica del Estado del Estado de Coahuila de Zaragoza y a la Ley de Participaci\u00f3n Ciudadana para el Estado de Coahuila de Zaragoza.<\/td>\n<td class=\"Estilo91\" style=\"background-color: #f7f5f5; text-align: center;\" align=\"center\" bgcolor=\"#e1e1e1\"><a href=\"http:\/\/congresocoahuila.gob.mx\/portal\/wp-content\/uploads\/2017\/01\/20170529_Pop_Juan_Carlos_Guerra_L\u00f3pez_Ref_Constituci\u00f3n_Pol\u00edtica_Ley_de_Participaci\u00f3n_Ciudadana.doc\">29 de Mayo de 2017<\/a><\/td>\n<\/tr>\n<tr>\n<td class=\"Estilo91\" style=\"background-color: #e1e1e1; text-align: left;\" valign=\"top\" bgcolor=\"#e1e1e1\">Ejecutivo del Estado, Lic. Rub\u00e9n Ignacio Moreira Valdez.<\/td>\n<td class=\"Estilo91\" style=\"background-color: #e1e1e1; text-align: left;\" valign=\"middle\" bgcolor=\"#e1e1e1\">Reforma a la\u00a0Ley de Desarrollo Cultural para el Estado de Coahuila de Zaragoza.<\/td>\n<td class=\"Estilo91\" style=\"background-color: #e1e1e1; text-align: center;\" align=\"center\" bgcolor=\"#e1e1e1\"><a href=\"http:\/\/congresocoahuila.gob.mx\/portal\/wp-content\/uploads\/2017\/01\/20170529_080_Ejec.doc\">29 de Mayo de 2017<\/a><\/td>\n<\/tr>\n<tr>\n<td class=\"Estilo91\" style=\"background-color: #f7f5f5; text-align: left;\" valign=\"top\" bgcolor=\"#e1e1e1\">Diputado Juli\u00e1n Eduardo Medrano Aguirre,\u00a0conjuntamente con las Diputadas y Diputados integrantes del Grupo Parlamentario \u201cGral. Eulalio Guti\u00e9rrez Ortiz\u201d, del Partido Revolucionario Institucional.<\/td>\n<td class=\"Estilo91\" style=\"background-color: #f7f5f5; text-align: left;\" valign=\"middle\" bgcolor=\"#e1e1e1\">Reforma al\u00a0C\u00f3digo Procesal Civil para el Estado de Coahuila de Zaragoza.<\/td>\n<td class=\"Estilo91\" style=\"background-color: #f7f5f5; text-align: center;\" align=\"center\" bgcolor=\"#e1e1e1\"><a href=\"http:\/\/congresocoahuila.gob.mx\/portal\/wp-content\/uploads\/2017\/01\/20170529_550_PRI.doc\">29 de Mayo de 2017<\/a><\/td>\n<\/tr>\n<tr>\n<td class=\"Estilo91\" style=\"background-color: #e1e1e1; text-align: left;\" valign=\"top\" bgcolor=\"#e1e1e1\">Diputada Claudia Elisa Morales Salazar, de la Fracci\u00f3n Parlamentaria, \u201cLic. Gilberto Rinc\u00f3n Gallardo\u201d\u00a0 del Partido Socialdem\u00f3crata de Coahuila.<\/td>\n<td class=\"Estilo91\" style=\"background-color: #e1e1e1; text-align: left;\" valign=\"middle\" bgcolor=\"#e1e1e1\">Reforma al\u00a0C\u00f3digo Municipal para el Estado de Coahuila de Zaragoza.<\/td>\n<td class=\"Estilo91\" style=\"background-color: #e1e1e1; text-align: center;\" align=\"center\" bgcolor=\"#e1e1e1\"><a href=\"https:\/\/congresocoahuila.gob.mx\/transparencia\/03\/INICIATIVAS-2015-2017\/20170529_551_PSD.doc\">29 de Mayo de 2017<\/a><\/td>\n<\/tr>\n<tr>\n<td class=\"Estilo91\" style=\"background-color: #f7f5f5; text-align: left;\" valign=\"top\" bgcolor=\"#e1e1e1\">Diputada Claudia Maribel Gonz\u00e1lez Espinoza,\u00a0conjuntamente con las Diputadas y Diputados integrantes del Grupo Parlamentario \u201cGral. Eulalio Guti\u00e9rrez Ortiz\u201d, del Partido Revolucionario Institucional.<\/td>\n<td class=\"Estilo91\" style=\"background-color: #f7f5f5; text-align: left;\" valign=\"middle\" bgcolor=\"#e1e1e1\">Reforma a la\u00a0Ley del Instituto de Becas y Apoyos Financieros para la Educaci\u00f3n del Estado de Coahuila de Zaragoza.<\/td>\n<td class=\"Estilo91\" style=\"background-color: #f7f5f5; text-align: center;\" align=\"center\" bgcolor=\"#e1e1e1\"><a href=\"http:\/\/congresocoahuila.gob.mx\/portal\/wp-content\/uploads\/2017\/01\/20170529_552_PRI.doc\">29 de Mayo de 2017<\/a><\/td>\n<\/tr>\n<tr>\n<td class=\"Estilo91\" style=\"background-color: #e1e1e1; text-align: left;\" valign=\"top\" bgcolor=\"#e1e1e1\">Diputada Mar\u00eda del Socorro Lozano D\u00e1vila,\u00a0conjuntamente con las Diputadas y Diputados integrantes del Grupo Parlamentario \u201cGral. Eulalio Guti\u00e9rrez Ortiz\u201d, del Partido Revolucionario Institucional.<\/td>\n<td class=\"Estilo91\" style=\"background-color: #e1e1e1; text-align: left;\" valign=\"middle\" bgcolor=\"#e1e1e1\">Reforma a la\u00a0Ley Estatal de Salud.<\/td>\n<td class=\"Estilo91\" style=\"background-color: #e1e1e1; text-align: center;\" align=\"center\" bgcolor=\"#e1e1e1\"><a href=\"http:\/\/congresocoahuila.gob.mx\/portal\/wp-content\/uploads\/2017\/01\/20170529_553_PRI.doc\">29 de Mayo de 2017<\/a><\/td>\n<\/tr>\n<tr>\n<td class=\"Estilo91\" style=\"background-color: #f7f5f5; text-align: left;\" valign=\"top\" bgcolor=\"#e1e1e1\">Diputada Claudia Elisa Morales Salazar, de la Fracci\u00f3n Parlamentaria, \u201cLic. Gilberto Rinc\u00f3n Gallardo\u201d\u00a0 del Partido Socialdem\u00f3crata de Coahuila.<\/td>\n<td class=\"Estilo91\" style=\"background-color: #f7f5f5; text-align: left;\" valign=\"middle\" bgcolor=\"#e1e1e1\">Reforma a la\u00a0Ley Estatal de Educaci\u00f3n.<\/td>\n<td class=\"Estilo91\" style=\"background-color: #f7f5f5; text-align: center;\" align=\"center\" bgcolor=\"#e1e1e1\"><a href=\"http:\/\/congresocoahuila.gob.mx\/portal\/wp-content\/uploads\/2017\/01\/20170529_554_PSD.doc\">29 de Mayo de 2017<\/a><\/td>\n<\/tr>\n<tr>\n<td class=\"Estilo91\" style=\"background-color: #e1e1e1; text-align: left;\" valign=\"top\" bgcolor=\"#e1e1e1\">Diputado Luis Gurza Jaidar,\u00a0conjuntamente con las Diputadas y Diputados integrantes del Grupo Parlamentario \u201cGral. Eulalio Guti\u00e9rrez Ortiz\u201d, del Partido Revolucionario Institucional.<\/td>\n<td class=\"Estilo91\" style=\"background-color: #e1e1e1; text-align: left;\" valign=\"middle\" bgcolor=\"#e1e1e1\">Reforma al C\u00f3digo Penal del Estado de Coahuila de Zaragoza.<\/td>\n<td class=\"Estilo91\" style=\"background-color: #e1e1e1; text-align: center;\" align=\"center\" bgcolor=\"#e1e1e1\"><a href=\"http:\/\/congresocoahuila.gob.mx\/portal\/wp-content\/uploads\/2017\/01\/20170609_555_PRI.doc\">9 de Junio de 2017<\/a><\/td>\n<\/tr>\n<tr>\n<td class=\"Estilo91\" style=\"background-color: #f7f5f5; text-align: left;\" valign=\"top\" bgcolor=\"#e1e1e1\">Diputada Luisa Ivone Gallegos Mart\u00ednez, de la Fracci\u00f3n Parlamentaria \u201cDorotea de la Fuente Flores\u201d, del Partido Nueva Alianza.<\/td>\n<td class=\"Estilo91\" style=\"background-color: #f7f5f5; text-align: left;\" valign=\"middle\" bgcolor=\"#e1e1e1\">Reforma al C\u00f3digo Electoral para el Estado de Coahuila de Zaragoza.<\/td>\n<td class=\"Estilo91\" style=\"background-color: #f7f5f5; text-align: center;\" align=\"center\" bgcolor=\"#e1e1e1\"><a href=\"http:\/\/congresocoahuila.gob.mx\/portal\/wp-content\/uploads\/2017\/01\/20170609_556_PNA.doc\">9 de Junio de 2017<\/a><\/td>\n<\/tr>\n<tr>\n<td class=\"Estilo91\" style=\"background-color: #e1e1e1; text-align: left;\" valign=\"top\" bgcolor=\"#e1e1e1\">Diputado Luis Gurza Jaidar,\u00a0conjuntamente con las Diputadas y Diputados integrantes del Grupo Parlamentario \u201cGral. Eulalio Guti\u00e9rrez Ortiz\u201d, del Partido Revolucionario Institucional.<\/td>\n<td class=\"Estilo91\" style=\"background-color: #e1e1e1; text-align: left;\" valign=\"middle\" bgcolor=\"#e1e1e1\">Reforma al C\u00f3digo Penal del Estado de Coahuila de Zaragoza.<\/td>\n<td class=\"Estilo91\" style=\"background-color: #e1e1e1; text-align: center;\" align=\"center\" bgcolor=\"#e1e1e1\"><a href=\"http:\/\/congresocoahuila.gob.mx\/portal\/wp-content\/uploads\/2017\/01\/20170609_557_PRI.doc\">9 de Junio de 2017<\/a><\/td>\n<\/tr>\n<tr>\n<td class=\"Estilo91\" style=\"background-color: #f7f5f5; text-align: left;\" valign=\"top\" bgcolor=\"#e1e1e1\">C. Humberto Moreira Vald\u00e9s, Edgar Puente S\u00e1nchez, Ana Mar\u00eda Rodarte Carrillo,\u00a0 Jos\u00e9 Luis Oyarzabal Garza y H\u00e9ctor Emanuel Arenas Estrada.<\/td>\n<td class=\"Estilo91\" style=\"background-color: #f7f5f5; text-align: left;\" valign=\"middle\" bgcolor=\"#e1e1e1\">Se\u00a0crea la Ley para Regular la Apertura, Instalaci\u00f3n y Funcionamiento de los Yonkes y Negocios de Autos Partes Usadas, Automotrices, en el Estado de Coahuila de Zaragoza.<\/td>\n<td class=\"Estilo91\" style=\"background-color: #f7f5f5; text-align: center;\" align=\"center\" bgcolor=\"#e1e1e1\"><a href=\"http:\/\/congresocoahuila.gob.mx\/portal\/wp-content\/uploads\/2017\/01\/20170609_Pop_Ley_para_Regular_la_Apertura_Instalaci\u00f3n_de_Yonkes.pdf\">9 de Junio de 2017<\/a><\/td>\n<\/tr>\n<tr>\n<td class=\"Estilo91\" style=\"background-color: #e1e1e1; text-align: left;\" valign=\"top\" bgcolor=\"#e1e1e1\">C. Humberto Moreira Vald\u00e9s, Edgar Puente S\u00e1nchez, Ana Mar\u00eda Rodarte Carrillo,\u00a0 Jos\u00e9 Luis Oyarzabal Garza y H\u00e9ctor Emanuel Arenas Estrada.<\/td>\n<td class=\"Estilo91\" style=\"background-color: #e1e1e1; text-align: left;\" valign=\"middle\" bgcolor=\"#e1e1e1\">Se crea la\u00a0Ley para Regular la Apertura, Instalaci\u00f3n y Funcionamiento de los Palenques, en el Estado de Coahuila de Zaragoza.<\/td>\n<td class=\"Estilo91\" style=\"background-color: #e1e1e1; text-align: center;\" align=\"center\" bgcolor=\"#e1e1e1\"><a href=\"http:\/\/congresocoahuila.gob.mx\/portal\/wp-content\/uploads\/2017\/01\/20170609_Pop_Ley_para_Regular_la_Apertura_Instalaci\u00f3n_de_Palenques.pdf\">9 de Junio de 2017<\/a><\/td>\n<\/tr>\n<tr>\n<td class=\"Estilo91\" style=\"background-color: #f7f5f5; text-align: left;\" valign=\"top\" bgcolor=\"#e1e1e1\">C.\u00a0Juan Carlos Guerra L\u00f3pez Negrete.<\/td>\n<td class=\"Estilo91\" style=\"background-color: #f7f5f5; text-align: left;\" valign=\"middle\" bgcolor=\"#e1e1e1\">Reforma a la\u00a0Ley de Desarrollo Cultural\u00a0 para el Estado de Coahuila de Zaragoza.<\/td>\n<td class=\"Estilo91\" style=\"background-color: #f7f5f5; text-align: center;\" align=\"center\" bgcolor=\"#e1e1e1\"><a href=\"http:\/\/congresocoahuila.gob.mx\/portal\/wp-content\/uploads\/2017\/01\/20170609_Pop_Juan_Carlos_Guerra_L\u00f3pez_Ref_Ley_de_Desarrollo_Cultural.doc\">9 de Junio de 2017<\/a><\/td>\n<\/tr>\n<tr>\n<td class=\"Estilo91\" style=\"background-color: #e1e1e1; text-align: left;\" valign=\"top\" bgcolor=\"#e1e1e1\">Ejecutivo del Estado, Lic. Rub\u00e9n Ignacio Moreira Valdez.<\/td>\n<td class=\"Estilo91\" style=\"background-color: #e1e1e1; text-align: left;\" valign=\"middle\" bgcolor=\"#e1e1e1\">Reforma a la Constituci\u00f3n Pol\u00edtica del Estado de Coahuila de Zaragoza. En materia de Anticorrupci\u00f3n.<\/td>\n<td class=\"Estilo91\" style=\"background-color: #e1e1e1; text-align: center;\" align=\"center\" bgcolor=\"#e1e1e1\"><a href=\"http:\/\/congresocoahuila.gob.mx\/portal\/wp-content\/uploads\/2017\/01\/20170613_081_Ejec.doc\">13 de Junio de 2017<\/a><\/td>\n<\/tr>\n<tr>\n<td class=\"Estilo91\" style=\"background-color: #f7f5f5; text-align: left;\" valign=\"top\" bgcolor=\"#e1e1e1\">Ejecutivo del Estado, Lic. Rub\u00e9n Ignacio Moreira Valdez.<\/td>\n<td class=\"Estilo91\" style=\"background-color: #f7f5f5; text-align: left;\" valign=\"middle\" bgcolor=\"#e1e1e1\">Se crea la Ley del Sistema Anticorrupci\u00f3n del Estado de Coahuila de Zaragoza.<\/td>\n<td class=\"Estilo91\" style=\"background-color: #f7f5f5; text-align: center;\" align=\"center\" bgcolor=\"#e1e1e1\"><a href=\"http:\/\/congresocoahuila.gob.mx\/portal\/wp-content\/uploads\/2017\/01\/20170613_082_Ejec.doc\">13 de Junio de 2017<\/a><\/td>\n<\/tr>\n<tr>\n<td class=\"Estilo91\" style=\"background-color: #e1e1e1; text-align: left;\" valign=\"top\" bgcolor=\"#e1e1e1\">Diputado Sergio Garza Castillo, de la Fracci\u00f3n Parlamentaria \u201cHilda Graciela Rivera de P\u00e9rez Arreola\u201d del Partido Unidad Democr\u00e1tica de Coahuila.<\/td>\n<td class=\"Estilo91\" style=\"background-color: #e1e1e1; text-align: left;\" valign=\"middle\" bgcolor=\"#e1e1e1\">Reforma a la Constituci\u00f3n Pol\u00edtica del Estado del Estado de Coahuila de Zaragoza.<\/td>\n<td class=\"Estilo91\" style=\"background-color: #e1e1e1; text-align: center;\" align=\"center\" bgcolor=\"#e1e1e1\"><a href=\"http:\/\/congresocoahuila.gob.mx\/portal\/wp-content\/uploads\/2017\/01\/20170613_558_UDC.doc\">13 de Junio de 2017<\/a><\/td>\n<\/tr>\n<tr>\n<td class=\"Estilo91\" style=\"background-color: #f7f5f5; text-align: left;\" valign=\"top\" bgcolor=\"#e1e1e1\">Diputada Mar\u00eda del Socorro Lozano D\u00e1vila,\u00a0conjuntamente con las Diputadas y Diputados integrantes del Grupo Parlamentario \u201cGral. Eulalio Guti\u00e9rrez Ortiz\u201d, del Partido Revolucionario Institucional.<\/td>\n<td class=\"Estilo91\" style=\"background-color: #f7f5f5; text-align: left;\" valign=\"middle\" bgcolor=\"#e1e1e1\">Reforma a la\u00a0Ley de Desarrollo Social para el Estado de Coahuila de Zaragoza.<\/td>\n<td class=\"Estilo91\" style=\"background-color: #f7f5f5; text-align: center;\" align=\"center\" bgcolor=\"#e1e1e1\"><a href=\"https:\/\/congresocoahuila.gob.mx\/transparencia\/03\/INICIATIVAS-2015-2017\/20170613_559_PRI.doc\">13 de Junio de 2017<\/a><\/td>\n<\/tr>\n<tr>\n<td class=\"Estilo91\" style=\"background-color: #e1e1e1; text-align: left;\" valign=\"top\" bgcolor=\"#e1e1e1\">Diputada Yolanda Olga Acu\u00f1a Contreras, conjuntamente con las Diputadas y Diputados integrantes del Grupo Parlamentario \u00abAlonso Jos\u00e9 Lujambio Irazabal\u00bb, del Partido Acci\u00f3n Nacional.<\/td>\n<td class=\"Estilo91\" style=\"background-color: #e1e1e1; text-align: left;\" valign=\"middle\" bgcolor=\"#e1e1e1\">Reforma al\u00a0C\u00f3digo Municipal para el Estado de Coahuila de Zaragoza.<\/td>\n<td class=\"Estilo91\" style=\"background-color: #e1e1e1; text-align: center;\" align=\"center\" bgcolor=\"#e1e1e1\"><a href=\"http:\/\/congresocoahuila.gob.mx\/portal\/wp-content\/uploads\/2017\/01\/20170613_560_PAN.doc\">13 de Junio de 2017<\/a><\/td>\n<\/tr>\n<tr>\n<td class=\"Estilo91\" style=\"background-color: #f7f5f5; text-align: left;\" valign=\"top\" bgcolor=\"#e1e1e1\">Diputada Claudia Elisa Morales Salazar, de la Fracci\u00f3n Parlamentaria, \u201cLic. Gilberto Rinc\u00f3n Gallardo\u201d\u00a0 del Partido Socialdem\u00f3crata de Coahuila.<\/td>\n<td class=\"Estilo91\" style=\"background-color: #f7f5f5; text-align: left;\" valign=\"middle\" bgcolor=\"#e1e1e1\">Reforma a la\u00a0Ley de Acceso de las Mujeres a una Vida Libre de Violencia en el Estado de Coahuila.<\/td>\n<td class=\"Estilo91\" style=\"background-color: #f7f5f5; text-align: center;\" align=\"center\" bgcolor=\"#e1e1e1\"><a href=\"http:\/\/congresocoahuila.gob.mx\/portal\/wp-content\/uploads\/2017\/01\/20170613_561_PSD.doc\">13 de Junio de 2017<\/a><\/td>\n<\/tr>\n<tr>\n<td class=\"Estilo91\" style=\"background-color: #e1e1e1; text-align: left;\" valign=\"top\" bgcolor=\"#e1e1e1\">Diputado Antonio Nerio Maltos,\u00a0conjuntamente con las Diputadas y Diputados integrantes del Grupo Parlamentario \u201cGral. Eulalio Guti\u00e9rrez Ortiz\u201d, del Partido Revolucionario Institucional.<\/td>\n<td class=\"Estilo91\" style=\"background-color: #e1e1e1; text-align: left;\" valign=\"middle\" bgcolor=\"#e1e1e1\">Reforma a la\u00a0Ley de Hacienda para el Estado de Coahuila de Zaragoza.<\/td>\n<td class=\"Estilo91\" style=\"background-color: #e1e1e1; text-align: center;\" align=\"center\" bgcolor=\"#e1e1e1\"><a href=\"http:\/\/congresocoahuila.gob.mx\/portal\/wp-content\/uploads\/2017\/01\/20170613_562_PRI.doc\">13 de Junio de 2017<\/a><\/td>\n<\/tr>\n<tr>\n<td class=\"Estilo91\" style=\"background-color: #f7f5f5; text-align: left;\" valign=\"top\" bgcolor=\"#e1e1e1\">Diputada Bertha Alicia Aguayo, conjuntamente con las Diputadas y Diputados integrantes del Grupo Parlamentario \u00abAlonso Jos\u00e9 Lujambio Irazabal\u00bb, del Partido Acci\u00f3n Nacional.<\/td>\n<td class=\"Estilo91\" style=\"background-color: #f7f5f5; text-align: left;\" valign=\"middle\" bgcolor=\"#e1e1e1\">Reforma a la\u00a0Ley de Aguas para los Municipios del Estado de Coahuila de Zaragoza.<\/td>\n<td class=\"Estilo91\" style=\"background-color: #f7f5f5; text-align: center;\" align=\"center\" bgcolor=\"#e1e1e1\"><a href=\"http:\/\/congresocoahuila.gob.mx\/portal\/wp-content\/uploads\/2017\/01\/20170613_563_PAN.doc\">13 de Junio de 2017<\/a><\/td>\n<\/tr>\n<tr>\n<td class=\"Estilo91\" style=\"background-color: #e1e1e1; text-align: left;\" valign=\"top\" bgcolor=\"#e1e1e1\">Diputada Martha Carolina Morales Iribarren,\u00a0conjuntamente con las Diputadas y Diputados integrantes del Grupo Parlamentario \u201cGral. Eulalio Guti\u00e9rrez Ortiz\u201d, del Partido Revolucionario Institucional.<\/td>\n<td class=\"Estilo91\" style=\"background-color: #e1e1e1; text-align: left;\" valign=\"middle\" bgcolor=\"#e1e1e1\">Reforma a la\u00a0Ley de Fomento a la Lectura y el Libro para el Estado de Coahuila de Zaragoza.<\/td>\n<td class=\"Estilo91\" style=\"background-color: #e1e1e1; text-align: center;\" align=\"center\" bgcolor=\"#e1e1e1\"><a href=\"http:\/\/congresocoahuila.gob.mx\/portal\/wp-content\/uploads\/2017\/01\/20170613_564_PRI.doc\">13 de Junio de 2017<\/a><\/td>\n<\/tr>\n<tr>\n<td class=\"Estilo91\" style=\"background-color: #f7f5f5; text-align: left;\" valign=\"top\" bgcolor=\"#e1e1e1\">Diputada Claudia Elisa Morales Salazar, de la Fracci\u00f3n Parlamentaria, \u201cLic. Gilberto Rinc\u00f3n Gallardo\u201d\u00a0 del Partido Socialdem\u00f3crata de Coahuila.<\/td>\n<td class=\"Estilo91\" style=\"background-color: #f7f5f5; text-align: left;\" valign=\"middle\" bgcolor=\"#e1e1e1\">Reforma a la\u00a0C\u00f3digo Penal del Estado de Coahuila de Zaragoza.<\/td>\n<td class=\"Estilo91\" style=\"background-color: #f7f5f5; text-align: center;\" align=\"center\" bgcolor=\"#e1e1e1\"><a href=\"http:\/\/congresocoahuila.gob.mx\/portal\/wp-content\/uploads\/2017\/01\/20170613_565_PSD.doc\">13 de Junio de 2017<\/a><\/td>\n<\/tr>\n<tr>\n<td class=\"Estilo91\" style=\"background-color: #e1e1e1; text-align: left;\" valign=\"top\" bgcolor=\"#e1e1e1\">C. Leoncio Mart\u00ednez S\u00e1nchez presidente municipal de Zaragoza.<\/td>\n<td class=\"Estilo91\" style=\"background-color: #e1e1e1; text-align: left;\" valign=\"middle\" bgcolor=\"#e1e1e1\">Se crea la\u00a0Ley del Sistema de Pensiones de Zaragoza, Coahuila de Zaragoza.<\/td>\n<td class=\"Estilo91\" style=\"background-color: #e1e1e1; text-align: center;\" align=\"center\" bgcolor=\"#e1e1e1\"><a href=\"http:\/\/congresocoahuila.gob.mx\/portal\/wp-content\/uploads\/2017\/01\/20170620_Ley_del_Sistema_de_Pensiones_de_Zaragoza.doc\">20 de Junio de 2017<\/a><\/td>\n<\/tr>\n<tr>\n<td class=\"Estilo91\" style=\"background-color: #f7f5f5; text-align: left;\" valign=\"top\" bgcolor=\"#e1e1e1\">Diputada Ver\u00f3nica Mart\u00ednez Garc\u00eda,\u00a0conjuntamente con las Diputadas y Diputados integrantes del Grupo Parlamentario \u201cGral. Eulalio Guti\u00e9rrez Ortiz\u201d, del Partido Revolucionario Institucional.<\/td>\n<td class=\"Estilo91\" style=\"background-color: #f7f5f5; text-align: left;\" valign=\"middle\" bgcolor=\"#e1e1e1\">Reforma a la Ley Estatal de Salud.<\/td>\n<td class=\"Estilo91\" style=\"background-color: #f7f5f5; text-align: center;\" align=\"center\" bgcolor=\"#e1e1e1\"><a href=\"http:\/\/congresocoahuila.gob.mx\/portal\/wp-content\/uploads\/2017\/01\/20170620_566_PRI.doc\">20 de Junio de 2017<\/a><\/td>\n<\/tr>\n<tr>\n<td class=\"Estilo91\" style=\"background-color: #e1e1e1; text-align: left;\" valign=\"top\" bgcolor=\"#e1e1e1\">Diputada Lariza Montiel Luis, conjuntamente con las Diputadas y Diputados integrantes del Grupo Parlamentario \u00abAlonso Jos\u00e9 Lujambio Irazabal\u00bb, del Partido Acci\u00f3n Nacional.<\/td>\n<td class=\"Estilo91\" style=\"background-color: #e1e1e1; text-align: left;\" valign=\"middle\" bgcolor=\"#e1e1e1\">Reforma al C\u00f3digo Civil para el Estado de Coahuila de Zaragoza y a la\u00a0Ley para la Declaraci\u00f3n de Ausencia por Desaparici\u00f3n de Personas del Estado de Coahuila de Zaragoza.<\/td>\n<td class=\"Estilo91\" style=\"background-color: #e1e1e1; text-align: center;\" align=\"center\" bgcolor=\"#e1e1e1\"><a href=\"http:\/\/congresocoahuila.gob.mx\/portal\/wp-content\/uploads\/2017\/01\/20170620_567_PAN.doc\">20 de Junio de 2017<\/a><\/td>\n<\/tr>\n<tr>\n<td class=\"Estilo91\" style=\"background-color: #f7f5f5; text-align: left;\" valign=\"top\" bgcolor=\"#e1e1e1\">Diputada Claudia Elisa Morales Salazar, de la Fracci\u00f3n Parlamentaria, \u201cLic. Gilberto Rinc\u00f3n Gallardo\u201d\u00a0 del Partido Socialdem\u00f3crata de Coahuila.<\/td>\n<td class=\"Estilo91\" style=\"background-color: #f7f5f5; text-align: left;\" valign=\"middle\" bgcolor=\"#e1e1e1\">Reforma a la\u00a0Ley para el Desarrollo e Inclusi\u00f3n de las Personas con discapacidad en el Estado de Coahuila.<\/td>\n<td class=\"Estilo91\" style=\"background-color: #f7f5f5; text-align: center;\" align=\"center\" bgcolor=\"#e1e1e1\"><a href=\"http:\/\/congresocoahuila.gob.mx\/portal\/wp-content\/uploads\/2017\/01\/20170620_568_PSD.doc\">20 de Junio de 2017<\/a><\/td>\n<\/tr>\n<tr>\n<td class=\"Estilo91\" style=\"background-color: #e1e1e1; text-align: left;\" valign=\"top\" bgcolor=\"#e1e1e1\">Diputada Mar\u00eda del Socorro Lozano D\u00e1vila,\u00a0conjuntamente con las Diputadas y Diputados integrantes del Grupo Parlamentario \u201cGral. Eulalio Guti\u00e9rrez Ortiz\u201d, del Partido Revolucionario Institucional.<\/td>\n<td class=\"Estilo91\" style=\"background-color: #e1e1e1; text-align: left;\" valign=\"middle\" bgcolor=\"#e1e1e1\">Reforma a la\u00a0Ley para Promover la Igualdad y Prevenir la Discriminaci\u00f3n en el Estado de Coahuila de Zaragoza.<\/td>\n<td class=\"Estilo91\" style=\"background-color: #e1e1e1; text-align: center;\" align=\"center\" bgcolor=\"#e1e1e1\"><a href=\"https:\/\/congresocoahuila.gob.mx\/transparencia\/03\/INICIATIVAS-2015-2017\/20170620_569_PRI.doc\">20 de Junio de 2017<\/a><\/td>\n<\/tr>\n<tr>\n<td class=\"Estilo91\" style=\"background-color: #f7f5f5; text-align: left;\" valign=\"top\" bgcolor=\"#e1e1e1\">Diputada Olga Leticia Lara Rodr\u00edguez,\u00a0conjuntamente con las Diputadas y Diputados integrantes del Grupo Parlamentario \u201cGral. Eulalio Guti\u00e9rrez Ortiz\u201d, del Partido Revolucionario Institucional.<\/td>\n<td class=\"Estilo91\" style=\"background-color: #f7f5f5; text-align: left;\" valign=\"middle\" bgcolor=\"#e1e1e1\">Reforma al C\u00f3digo Penal del Estado de Coahuila de Zaragoza.<\/td>\n<td class=\"Estilo91\" style=\"background-color: #f7f5f5; text-align: center;\" align=\"center\" bgcolor=\"#e1e1e1\"><a href=\"http:\/\/congresocoahuila.gob.mx\/portal\/wp-content\/uploads\/2017\/01\/20170628_570_PRI.doc\">28 de Junio de 2017<\/a><\/td>\n<\/tr>\n<tr>\n<td class=\"Estilo91\" style=\"background-color: #e1e1e1; text-align: left;\" valign=\"top\" bgcolor=\"#e1e1e1\">Diputadas Ver\u00f3nica Mart\u00ednez Garc\u00eda e Irma Leticia Casta\u00f1o Orozco,\u00a0conjuntamente con las Diputadas y Diputados integrantes del Grupo Parlamentario \u201cGral. Eulalio Guti\u00e9rrez Ortiz\u201d, del Partido Revolucionario Institucional.<\/td>\n<td class=\"Estilo91\" style=\"background-color: #e1e1e1; text-align: left;\" valign=\"middle\" bgcolor=\"#e1e1e1\">Reforma a la\u00a0Ley para la Prevenci\u00f3n y Combate a la Pobreza Extrema en el Estado de Coahuila de Zaragoza.<\/td>\n<td class=\"Estilo91\" style=\"background-color: #e1e1e1; text-align: center;\" align=\"center\" bgcolor=\"#e1e1e1\"><a href=\"http:\/\/congresocoahuila.gob.mx\/portal\/wp-content\/uploads\/2017\/01\/20170628_571_PRI.doc\">28 de Junio de 2017<\/a><\/td>\n<\/tr>\n<tr>\n<td class=\"Estilo91\" style=\"background-color: #f7f5f5; text-align: left;\" valign=\"top\" bgcolor=\"#e1e1e1\">Diputada Mar\u00eda del Socorro Lozano D\u00e1vila,\u00a0conjuntamente con las Diputadas y Diputados integrantes del Grupo Parlamentario \u201cGral. Eulalio Guti\u00e9rrez Ortiz\u201d, del Partido Revolucionario Institucional.<\/td>\n<td class=\"Estilo91\" style=\"background-color: #f7f5f5; text-align: left;\" valign=\"middle\" bgcolor=\"#e1e1e1\">Reforma a la\u00a0Ley de los Derechos de las Personas Adultas Mayores del Estado de Coahuila de Zaragoza.<\/td>\n<td class=\"Estilo91\" style=\"background-color: #f7f5f5; text-align: center;\" align=\"center\" bgcolor=\"#e1e1e1\"><a href=\"http:\/\/congresocoahuila.gob.mx\/portal\/wp-content\/uploads\/2017\/01\/20170628_572_PRI.doc\">28 de Junio de 2017<\/a><\/td>\n<\/tr>\n<tr>\n<td class=\"Estilo91\" style=\"background-color: #e1e1e1; text-align: left;\" valign=\"top\" bgcolor=\"#e1e1e1\">Diputada Martha Carolina Morales Iribarren,\u00a0conjuntamente con las Diputadas y Diputados integrantes del Grupo Parlamentario \u201cGral. Eulalio Guti\u00e9rrez Ortiz\u201d, del Partido Revolucionario Institucional.<\/td>\n<td class=\"Estilo91\" style=\"background-color: #e1e1e1; text-align: left;\" valign=\"middle\" bgcolor=\"#e1e1e1\">Reforma a la\u00a0Ley del Sistema Estatal para la Garant\u00eda de los Derechos Humanos de Ni\u00f1os y Ni\u00f1as del Estado de Coahuila de Zaragoza.<\/td>\n<td class=\"Estilo91\" style=\"background-color: #e1e1e1; text-align: center;\" align=\"center\" bgcolor=\"#e1e1e1\"><a href=\"https:\/\/congresocoahuila.gob.mx\/transparencia\/03\/INICIATIVAS-2015-2017\/20170628_573_PRI.doc\">28 de Junio de 2017<\/a><\/td>\n<\/tr>\n<tr>\n<td class=\"Estilo91\" style=\"background-color: #f7f5f5; text-align: left;\" valign=\"top\" bgcolor=\"#e1e1e1\">Diputada Martha Hortensia Garay Cadena,\u00a0conjuntamente con las Diputadas y Diputados integrantes del Grupo Parlamentario \u201cGral. Eulalio Guti\u00e9rrez Ortiz\u201d, del Partido Revolucionario Institucional.<\/td>\n<td class=\"Estilo91\" style=\"background-color: #f7f5f5; text-align: left;\" valign=\"middle\" bgcolor=\"#e1e1e1\">Reforma a la\u00a0Ley del Instituto de Becas y Apoyos Financieros para la Educaci\u00f3n del Estado de Coahuila.<\/td>\n<td class=\"Estilo91\" style=\"background-color: #f7f5f5; text-align: center;\" align=\"center\" bgcolor=\"#e1e1e1\"><a href=\"http:\/\/congresocoahuila.gob.mx\/portal\/wp-content\/uploads\/2017\/01\/20170628_574_PRI.doc\">28 de Junio de 2017<\/a><\/td>\n<\/tr>\n<tr>\n<td class=\"Estilo91\" style=\"background-color: #e1e1e1; text-align: left;\" valign=\"top\" bgcolor=\"#e1e1e1\">Raymundo Alejandro Aguilar Campos y Noe Leonardo Ruiz Malacara, Presidente y representante legal de comunidad San Aelredo A.C.<\/td>\n<td class=\"Estilo91\" style=\"background-color: #e1e1e1; text-align: left;\" valign=\"middle\" bgcolor=\"#e1e1e1\">Reforma a la\u00a0Ley del Registro Civil para el Estado de Coahuila.<\/td>\n<td class=\"Estilo91\" style=\"background-color: #e1e1e1; text-align: center;\" align=\"center\" bgcolor=\"#e1e1e1\"><a href=\"https:\/\/congresocoahuila.gob.mx\/transparencia\/03\/INICIATIVAS-2015-2017\/20170628_Pop_Ref_Ley_Registro_Civil.pdf\">28 de Junio de 2017<\/a><\/td>\n<\/tr>\n<tr>\n<td class=\"Estilo91\" style=\"background-color: #f7f5f5; text-align: left;\" valign=\"top\" bgcolor=\"#e1e1e1\">Ejecutivo del Estado, Lic. Rub\u00e9n Ignacio Moreira Valdez.<\/td>\n<td class=\"Estilo91\" style=\"background-color: #f7f5f5; text-align: left;\" valign=\"middle\" bgcolor=\"#e1e1e1\">Reforma a la\u00a0Ley de Protecci\u00f3n y Trato Digno a los Animales para el Estado de Coahuila de Zaragoza y el C\u00f3digo Municipal para el Estado de Coahuila de Zaragoza.<\/td>\n<td class=\"Estilo91\" style=\"background-color: #f7f5f5; text-align: center;\" align=\"center\" bgcolor=\"#e1e1e1\"><a href=\"http:\/\/congresocoahuila.gob.mx\/portal\/wp-content\/uploads\/2017\/01\/20170706_083_Ejec.doc\">6 de Julio de 2017<\/a><\/td>\n<\/tr>\n<tr>\n<td class=\"Estilo91\" style=\"background-color: #e1e1e1; text-align: left;\" valign=\"top\" bgcolor=\"#e1e1e1\">Ejecutivo del Estado, Lic. Rub\u00e9n Ignacio Moreira Valdez y el Comisionado Presidente del Instituto Coahuilense de Acceso a la Informaci\u00f3n P\u00fablica, Jes\u00fas Homero Flores Mier.<\/td>\n<td class=\"Estilo91\" style=\"background-color: #e1e1e1; text-align: left;\" valign=\"middle\" bgcolor=\"#e1e1e1\">Se crea la Ley de Acceso a la Informaci\u00f3n P\u00fablica para el Estado de Coahuila de Zaragoza.<\/td>\n<td class=\"Estilo91\" style=\"background-color: #e1e1e1; text-align: center;\" align=\"center\" bgcolor=\"#e1e1e1\"><a href=\"http:\/\/congresocoahuila.gob.mx\/portal\/wp-content\/uploads\/2017\/01\/20170706_084_Ejec.doc\">6 de Julio de 2017<\/a><\/td>\n<\/tr>\n<tr>\n<td class=\"Estilo91\" style=\"background-color: #f7f5f5; text-align: left;\" valign=\"top\" bgcolor=\"#e1e1e1\">Ejecutivo del Estado, Lic. Rub\u00e9n Ignacio Moreira Valdez y el Comisionado Presidente del Instituto Coahuilense de Acceso a la Informaci\u00f3n P\u00fablica, Jes\u00fas Homero Flores Mier.<\/td>\n<td class=\"Estilo91\" style=\"background-color: #f7f5f5; text-align: left;\" valign=\"middle\" bgcolor=\"#e1e1e1\">Se crea la Ley de Protecci\u00f3n de Datos Personales en Posesi\u00f3n de Sujetos Obligados del Estado de Coahuila de Zaragoza.<\/td>\n<td class=\"Estilo91\" style=\"background-color: #f7f5f5; text-align: center;\" align=\"center\" bgcolor=\"#e1e1e1\"><a href=\"http:\/\/congresocoahuila.gob.mx\/portal\/wp-content\/uploads\/2017\/01\/20170706_085_Ejec.doc\">6 de Julio de 2017<\/a><\/td>\n<\/tr>\n<tr>\n<td class=\"Estilo91\" style=\"background-color: #e1e1e1; text-align: left;\" valign=\"top\" bgcolor=\"#e1e1e1\">Ing. Isidro L\u00f3pez Villarreal, Presidente Municipal de Saltillo<\/td>\n<td class=\"Estilo91\" style=\"background-color: #e1e1e1; text-align: left;\" valign=\"middle\" bgcolor=\"#e1e1e1\">Reforma a la\u00a0Ley Org\u00e1nica del Organismo P\u00fablico Descentralizado de la Administraci\u00f3n Municipal Denominada Direcci\u00f3n de Pensiones y Otros Beneficios Sociales para los Trabajadores al Servicio del Municipio de Saltillo.<\/td>\n<td class=\"Estilo91\" style=\"background-color: #e1e1e1; text-align: center;\" align=\"center\" bgcolor=\"#e1e1e1\"><a href=\"http:\/\/congresocoahuila.gob.mx\/portal\/wp-content\/uploads\/2017\/01\/20170804_Ref_Ley_Org\u00e1nica_del_OPD_Pensiones_Saltillo.pdf\">4 de Agosto de 2017<\/a><\/td>\n<\/tr>\n<tr>\n<td class=\"Estilo91\" style=\"background-color: #f7f5f5; text-align: left;\" valign=\"top\" bgcolor=\"#e1e1e1\">Ejecutivo del Estado, Lic. Rub\u00e9n Ignacio Moreira Valdez.<\/td>\n<td class=\"Estilo91\" style=\"background-color: #f7f5f5; text-align: left;\" valign=\"middle\" bgcolor=\"#e1e1e1\">Se crea la\u00a0Ley Org\u00e1nica del Tribunal de Justicia Administrativa de Coahuila de Zaragoza.<\/td>\n<td class=\"Estilo91\" style=\"background-color: #f7f5f5; text-align: center;\" align=\"center\" bgcolor=\"#e1e1e1\"><a href=\"http:\/\/congresocoahuila.gob.mx\/portal\/wp-content\/uploads\/2017\/01\/20170808_086_Ejec.doc\">8 de Agosto de 2017<\/a><\/td>\n<\/tr>\n<tr>\n<td class=\"Estilo91\" style=\"background-color: #e1e1e1; text-align: left;\" valign=\"top\" bgcolor=\"#e1e1e1\">Ejecutivo del Estado, Lic. Rub\u00e9n Ignacio Moreira Valdez.<\/td>\n<td class=\"Estilo91\" style=\"background-color: #e1e1e1; text-align: left;\" valign=\"middle\" bgcolor=\"#e1e1e1\">Reforma a la\u00a0Ley para la Familia, del C\u00f3digo de Procedimientos Familiares, del C\u00f3digo Procesal Civil y del C\u00f3digo Penal del Estado de Coahuila de Zaragoza.<\/td>\n<td class=\"Estilo91\" style=\"background-color: #e1e1e1; text-align: center;\" align=\"center\" bgcolor=\"#e1e1e1\"><a href=\"http:\/\/congresocoahuila.gob.mx\/portal\/wp-content\/uploads\/2017\/01\/20170808_087_Ejec.doc\">8 de Agosto de 2017<\/a><\/td>\n<\/tr>\n<tr>\n<td class=\"Estilo91\" style=\"background-color: #f7f5f5; text-align: left;\" valign=\"top\" bgcolor=\"#e1e1e1\">Ejecutivo del Estado, Lic. Rub\u00e9n Ignacio Moreira Valdez.<\/td>\n<td class=\"Estilo91\" style=\"background-color: #f7f5f5; text-align: left;\" valign=\"middle\" bgcolor=\"#e1e1e1\">Reforma a la\u00a0Ley de V\u00edctimas para el Estado.<\/td>\n<td class=\"Estilo91\" style=\"background-color: #f7f5f5; text-align: center;\" align=\"center\" bgcolor=\"#e1e1e1\"><a href=\"http:\/\/congresocoahuila.gob.mx\/portal\/wp-content\/uploads\/2017\/01\/20170808_088_Ejec.doc\">8 de Agosto de 2017<\/a><\/td>\n<\/tr>\n<tr>\n<td class=\"Estilo91\" style=\"background-color: #e1e1e1; text-align: left;\" valign=\"top\" bgcolor=\"#e1e1e1\">Ejecutivo del Estado, Lic. Rub\u00e9n Ignacio Moreira Valdez.<\/td>\n<td class=\"Estilo91\" style=\"background-color: #e1e1e1; text-align: left;\" valign=\"middle\" bgcolor=\"#e1e1e1\">Se crea la\u00a0Ley del Procedimiento Contencioso Administrativo para el Estado.<\/td>\n<td class=\"Estilo91\" style=\"background-color: #e1e1e1; text-align: center;\" align=\"center\" bgcolor=\"#e1e1e1\"><a href=\"http:\/\/congresocoahuila.gob.mx\/portal\/wp-content\/uploads\/2017\/01\/20170808_089_Ejec.doc\">8 de Agosto de 2017<\/a><\/td>\n<\/tr>\n<tr>\n<td class=\"Estilo91\" style=\"background-color: #f7f5f5; text-align: left;\" valign=\"top\" bgcolor=\"#e1e1e1\">Ejecutivo del Estado, Lic. Rub\u00e9n Ignacio Moreira Valdez.<\/td>\n<td class=\"Estilo91\" style=\"background-color: #f7f5f5; text-align: left;\" valign=\"middle\" bgcolor=\"#e1e1e1\">Reforma a la\u00a0Ley Org\u00e1nica de la Administraci\u00f3n P\u00fablica, de la Ley de Extinci\u00f3n de Dominio, de la Ley Org\u00e1nica del Poder Judicial y de la Ley de Responsabilidades de los Servidores P\u00fablicos Estatales y Municipales del Estado de Coahuila de Zaragoza.<\/td>\n<td class=\"Estilo91\" style=\"background-color: #f7f5f5; text-align: center;\" align=\"center\" bgcolor=\"#e1e1e1\"><a href=\"http:\/\/congresocoahuila.gob.mx\/portal\/wp-content\/uploads\/2017\/01\/20170808_090_Ejec.doc\">8 de Agosto de 2017<\/a><\/td>\n<\/tr>\n<tr>\n<td class=\"Estilo91\" style=\"background-color: #e1e1e1; text-align: left;\" valign=\"top\" bgcolor=\"#e1e1e1\">Ejecutivo del Estado, Lic. Rub\u00e9n Ignacio Moreira Valdez.<\/td>\n<td class=\"Estilo91\" style=\"background-color: #e1e1e1; text-align: left;\" valign=\"middle\" bgcolor=\"#e1e1e1\">Se crea la Ley Org\u00e1nica de la Fiscal\u00eda General del Estado de Coahuila de Zaragoza.<\/td>\n<td class=\"Estilo91\" style=\"background-color: #e1e1e1; text-align: center;\" align=\"center\" bgcolor=\"#e1e1e1\"><a href=\"http:\/\/congresocoahuila.gob.mx\/portal\/wp-content\/uploads\/2017\/01\/20170906_091_Ejec.doc\">6 de Septiembre de 2017<\/a><\/td>\n<\/tr>\n<tr>\n<td class=\"Estilo91\" style=\"background-color: #f7f5f5; text-align: left;\" valign=\"top\" bgcolor=\"#e1e1e1\">Diputada Lariza Montiel Luis, conjuntamente con las Diputadas y Diputados integrantes del Grupo Parlamentario \u00abAlonso Jos\u00e9 Lujambio Irazabal\u00bb, del Partido Acci\u00f3n Nacional.<\/td>\n<td class=\"Estilo91\" style=\"background-color: #f7f5f5; text-align: left;\" valign=\"middle\" bgcolor=\"#e1e1e1\">Reforma a la Ley de Asistencia Social y Protecci\u00f3n de Derechos del Estado de Coahuila de Zaragoza y a la\u00a0Ley del Sistema Estatal para la Garant\u00eda de los Derechos Humanos de Ni\u00f1os y Ni\u00f1as del Estado.<\/td>\n<td class=\"Estilo91\" style=\"background-color: #f7f5f5; text-align: center;\" align=\"center\" bgcolor=\"#e1e1e1\"><a href=\"http:\/\/congresocoahuila.gob.mx\/portal\/wp-content\/uploads\/2017\/01\/20170906_575_PAN.doc\">6 de Septiembre de 2017<\/a><\/td>\n<\/tr>\n<tr>\n<td class=\"Estilo91\" style=\"background-color: #e1e1e1; text-align: left;\" valign=\"top\" bgcolor=\"#e1e1e1\">Diputado Sergio Garza Castillo, de la Fracci\u00f3n Parlamentaria \u201cHilda Graciela Rivera de P\u00e9rez Arreola\u201d del Partido Unidad Democr\u00e1tica de Coahuila.<\/td>\n<td class=\"Estilo91\" style=\"background-color: #e1e1e1; text-align: left;\" valign=\"middle\" bgcolor=\"#e1e1e1\">Reforma al C\u00f3digo Electoral para el Estado de Coahuila de Zaragoza.<\/td>\n<td class=\"Estilo91\" style=\"background-color: #e1e1e1; text-align: center;\" align=\"center\" bgcolor=\"#e1e1e1\"><a href=\"http:\/\/congresocoahuila.gob.mx\/portal\/wp-content\/uploads\/2017\/01\/20170906_576_UDC.doc\">6 de Septiembre de 2017<\/a><\/td>\n<\/tr>\n<tr>\n<td class=\"Estilo91\" style=\"background-color: #f7f5f5; text-align: left;\" valign=\"top\" bgcolor=\"#e1e1e1\">Ejecutivo del Estado, Lic. Rub\u00e9n Ignacio Moreira Valdez.<\/td>\n<td class=\"Estilo91\" style=\"background-color: #f7f5f5; text-align: left;\" valign=\"middle\" bgcolor=\"#e1e1e1\">Reforma a la Ley del Procedimiento Administrativo para el Estado de Coahuila de Zaragoza, la Ley del Equilibrio Ecol\u00f3gico y la Protecci\u00f3n al Ambiente del Estado de Coahuila de Zaragoza, la Ley para Regular la Apertura, Instalaci\u00f3n y Funcionamiento de las Casas de Empe\u00f1o en el Estado de Coahuila de Zaragoza, la Ley de Protecci\u00f3n Civil para el Estado de Coahuila de Zaragoza, la Ley Estatal de Salud, la Ley de Asentamientos Humanos y Desarrollo Urbano del Estado de Coahuila de Zaragoza, la Ley para la Prevenci\u00f3n y Gesti\u00f3n Integral de Residuos para el Estado de Coahuila de Zaragoza, la Ley de Tr\u00e1nsito y Transporte del Estado de Coahuila de Zaragoza, la Ley para la Regulaci\u00f3n de la Venta y Consumo de Alcohol en el Estado de Coahuila de Zaragoza, la Ley de Adquisiciones, Arrendamientos y Contrataci\u00f3n de Servicios para el Estado de Coahuila de Zaragoza y la Ley de Obras P\u00fablicas y Servicios Relacionados con las Mismas para el Estado de Coahuila de Zaragoza.<\/td>\n<td class=\"Estilo91\" style=\"background-color: #f7f5f5; text-align: center;\" align=\"center\" bgcolor=\"#e1e1e1\"><a href=\"http:\/\/congresocoahuila.gob.mx\/portal\/wp-content\/uploads\/2017\/01\/20170912_092_Ejec.doc\">12 de Septiembre de 2017<\/a><\/td>\n<\/tr>\n<tr>\n<td class=\"Estilo91\" style=\"background-color: #e1e1e1; text-align: left;\" valign=\"top\" bgcolor=\"#e1e1e1\">Lic. Jorge Luis Mor\u00e1n Delgado, Presidente Municipal de Torre\u00f3n, Coahuila de Zaragoza.<\/td>\n<td class=\"Estilo91\" style=\"background-color: #e1e1e1; text-align: left;\" valign=\"middle\" bgcolor=\"#e1e1e1\">Reforma al Decreto que crea el Organismo P\u00fablico Descentralizado denominado Instituto Municipal de Cultura y Educaci\u00f3n de Torre\u00f3n.<\/td>\n<td class=\"Estilo91\" style=\"background-color: #e1e1e1; text-align: center;\" align=\"center\" bgcolor=\"#e1e1e1\"><a href=\"http:\/\/congresocoahuila.gob.mx\/portal\/wp-content\/uploads\/2017\/01\/20170912_Ref_Ley_OPD_Instituto_Municipal_de_Cultura_y_Educaci\u00f3n_de_Torre\u00f3n.pdf\">12 de Septiembre de 2017<\/a><\/td>\n<\/tr>\n<tr>\n<td class=\"Estilo91\" style=\"background-color: #f7f5f5; text-align: left;\" valign=\"top\" bgcolor=\"#e1e1e1\">Diputado Javier D\u00edaz Gonz\u00e1lez,\u00a0conjuntamente con las Diputadas y Diputados integrantes del Grupo Parlamentario \u201cGral. Eulalio Guti\u00e9rrez Ortiz\u201d, del Partido Revolucionario Institucional.<\/td>\n<td class=\"Estilo91\" style=\"background-color: #f7f5f5; text-align: left;\" valign=\"middle\" bgcolor=\"#e1e1e1\">Reforma a la\u00a0Ley Estatal de Salud.<\/td>\n<td class=\"Estilo91\" style=\"background-color: #f7f5f5; text-align: center;\" align=\"center\" bgcolor=\"#e1e1e1\"><a href=\"http:\/\/congresocoahuila.gob.mx\/portal\/wp-content\/uploads\/2017\/01\/20170912_577_PRI.doc\">12 de Septiembre de 2017<\/a><\/td>\n<\/tr>\n<tr>\n<td class=\"Estilo91\" style=\"background-color: #e1e1e1; text-align: left;\" valign=\"top\" bgcolor=\"#e1e1e1\">Diputado Sergio Garza Castillo, de la Fracci\u00f3n Parlamentaria \u201cHilda Graciela Rivera de P\u00e9rez Arreola\u201d del Partido Unidad Democr\u00e1tica de Coahuila.<\/td>\n<td class=\"Estilo91\" style=\"background-color: #e1e1e1; text-align: left;\" valign=\"middle\" bgcolor=\"#e1e1e1\">Reforma al C\u00f3digo Electoral para el Estado de Coahuila de Zaragoza.<\/td>\n<td class=\"Estilo91\" style=\"background-color: #e1e1e1; text-align: center;\" align=\"center\" bgcolor=\"#e1e1e1\"><a href=\"http:\/\/congresocoahuila.gob.mx\/portal\/wp-content\/uploads\/2017\/01\/20170912_578_UDC.doc\">12 de Septiembre de 2017<\/a><\/td>\n<\/tr>\n<tr>\n<td class=\"Estilo91\" style=\"background-color: #f7f5f5; text-align: left;\" valign=\"top\" bgcolor=\"#e1e1e1\">Diputado Leonel Contreras P\u00e1manes, de la Fracci\u00f3n Parlamentaria \u201cManuel Mu\u00f1oz Olivares\u201d, del Partido Primero Coahuila.<\/td>\n<td class=\"Estilo91\" style=\"background-color: #f7f5f5; text-align: left;\" valign=\"middle\" bgcolor=\"#e1e1e1\">Se crea la Ley Estatal para Prevenir el Desperdicio de Alimentos.<\/td>\n<td class=\"Estilo91\" style=\"background-color: #f7f5f5; text-align: center;\" align=\"center\" bgcolor=\"#e1e1e1\"><a href=\"http:\/\/congresocoahuila.gob.mx\/portal\/wp-content\/uploads\/2017\/01\/20170912_579_PPC.doc\">12 de Septiembre de 2017<\/a><\/td>\n<\/tr>\n<tr>\n<td class=\"Estilo91\" style=\"background-color: #e1e1e1; text-align: left;\" valign=\"top\" bgcolor=\"#e1e1e1\">Diputado Javier de Jes\u00fas Rodr\u00edguez Mendoza, de la Fracci\u00f3n Parlamentaria \u201cJos\u00e9 Mario Molina Pasquel y Henriquez\u201d, del Partido Verde Ecologista de M\u00e9xico.<\/td>\n<td class=\"Estilo91\" style=\"background-color: #e1e1e1; text-align: left;\" valign=\"middle\" bgcolor=\"#e1e1e1\">Reforma a la\u00a0Ley Estatal de Salud.<\/td>\n<td class=\"Estilo91\" style=\"background-color: #e1e1e1; text-align: center;\" align=\"center\" bgcolor=\"#e1e1e1\"><a href=\"http:\/\/congresocoahuila.gob.mx\/portal\/wp-content\/uploads\/2017\/01\/20170912_580_PVEM.doc\">12 de Septiembre de 2017<\/a><\/td>\n<\/tr>\n<tr>\n<td class=\"Estilo91\" style=\"background-color: #f7f5f5; text-align: left;\" valign=\"top\" bgcolor=\"#e1e1e1\">Diputada Luisa Ivone Gallegos Mart\u00ednez, de la Fracci\u00f3n Parlamentaria \u201cDorotea de la Fuente Flores\u201d del Partido Nueva Alianza.<\/td>\n<td class=\"Estilo91\" style=\"background-color: #f7f5f5; text-align: left;\" valign=\"middle\" bgcolor=\"#e1e1e1\">Reforma al\u00a0C\u00f3digo Penal para el Estado de Coahuila de Zaragoza.<\/td>\n<td class=\"Estilo91\" style=\"background-color: #f7f5f5; text-align: center;\" align=\"center\" bgcolor=\"#e1e1e1\"><a href=\"http:\/\/congresocoahuila.gob.mx\/portal\/wp-content\/uploads\/2017\/01\/20170912_581_PNA.doc\">12 de Septiembre de 2017<\/a><\/td>\n<\/tr>\n<tr>\n<td class=\"Estilo91\" style=\"background-color: #e1e1e1; text-align: left;\" valign=\"top\" bgcolor=\"#e1e1e1\">Diputada Claudia Elisa Morales Salazar, de la Fracci\u00f3n Parlamentaria, \u201cLic. Gilberto Rinc\u00f3n Gallardo\u201d\u00a0 del Partido Socialdem\u00f3crata de Coahuila.<\/td>\n<td class=\"Estilo91\" style=\"background-color: #e1e1e1; text-align: left;\" valign=\"middle\" bgcolor=\"#e1e1e1\">Reforma a la\u00a0Ley del Registro Civil del Estado de Coahuila de Zaragoza.<\/td>\n<td class=\"Estilo91\" style=\"background-color: #e1e1e1; text-align: center;\" align=\"center\" bgcolor=\"#e1e1e1\"><a href=\"http:\/\/congresocoahuila.gob.mx\/portal\/wp-content\/uploads\/2017\/01\/20170912_582_PSD.doc\">12 de Septiembre de 2017<\/a><\/td>\n<\/tr>\n<tr>\n<td class=\"Estilo91\" style=\"background-color: #f7f5f5; text-align: left;\" valign=\"top\" bgcolor=\"#e1e1e1\">Diputada Georgina Cano Torralva,\u00a0conjuntamente con las Diputadas y Diputados integrantes del Grupo Parlamentario \u201cGral. Eulalio Guti\u00e9rrez Ortiz\u201d, del Partido Revolucionario Institucional.<\/td>\n<td class=\"Estilo91\" style=\"background-color: #f7f5f5; text-align: left;\" valign=\"middle\" bgcolor=\"#e1e1e1\">Reforma a la\u00a0Ley de Cultura F\u00edsica y Deporte del Estado de Coahuila de Zaragoza.<\/td>\n<td class=\"Estilo91\" style=\"background-color: #f7f5f5; text-align: center;\" align=\"center\" bgcolor=\"#e1e1e1\"><a href=\"http:\/\/congresocoahuila.gob.mx\/portal\/wp-content\/uploads\/2017\/01\/20170912_583_PRI.doc\">12 de Septiembre de 2017<\/a><\/td>\n<\/tr>\n<tr>\n<td class=\"Estilo91\" style=\"background-color: #e1e1e1; text-align: left;\" valign=\"top\" bgcolor=\"#e1e1e1\">Diputado Shamir Fern\u00e1ndez Hern\u00e1ndez,\u00a0conjuntamente con las Diputadas y Diputados integrantes del Grupo Parlamentario \u201cGral. Eulalio Guti\u00e9rrez Ortiz\u201d, del Partido Revolucionario Institucional.<\/td>\n<td class=\"Estilo91\" style=\"background-color: #e1e1e1; text-align: left;\" valign=\"middle\" bgcolor=\"#e1e1e1\">Reforma al\u00a0C\u00f3digo Penal del Estado de Coahuila de Zaragoza.<\/td>\n<td class=\"Estilo91\" style=\"background-color: #e1e1e1; text-align: center;\" align=\"center\" bgcolor=\"#e1e1e1\"><a href=\"http:\/\/congresocoahuila.gob.mx\/portal\/wp-content\/uploads\/2017\/01\/20170912_584_PRI.doc\">12 de Septiembre de 2017<\/a><\/td>\n<\/tr>\n<tr>\n<td class=\"Estilo91\" style=\"background-color: #f7f5f5; text-align: left;\" valign=\"top\" bgcolor=\"#e1e1e1\">Diputada Lariza Montiel Luis, conjuntamente con las Diputadas y Diputados integrantes del Grupo Parlamentario \u00abAlonso Jos\u00e9 Lujambio Irazabal\u00bb, del Partido Acci\u00f3n Nacional.<\/td>\n<td class=\"Estilo91\" style=\"background-color: #f7f5f5; text-align: left;\" valign=\"middle\" bgcolor=\"#e1e1e1\">Reforma a la\u00a0Ley del Sistema Estatal para la Garant\u00eda de los Derechos Humanos de Ni\u00f1os y Ni\u00f1as del\u00a0 Estado de Coahuila de Zaragoza.<\/td>\n<td class=\"Estilo91\" style=\"background-color: #f7f5f5; text-align: center;\" align=\"center\" bgcolor=\"#e1e1e1\"><a href=\"http:\/\/congresocoahuila.gob.mx\/portal\/wp-content\/uploads\/2017\/01\/20170912_585_PAN.doc\">12 de Septiembre de 2017<\/a><\/td>\n<\/tr>\n<tr>\n<td class=\"Estilo91\" style=\"background-color: #e1e1e1; text-align: left;\" valign=\"top\" bgcolor=\"#e1e1e1\">Ejecutivo del Estado, Lic. Rub\u00e9n Ignacio Moreira Valdez.<\/td>\n<td class=\"Estilo91\" style=\"background-color: #e1e1e1; text-align: left;\" valign=\"middle\" bgcolor=\"#e1e1e1\">Se crea la Ley de Rendici\u00f3n de Cuentas y Fiscalizaci\u00f3n Superior del Estado de Coahuila de Zaragoza.<\/td>\n<td class=\"Estilo91\" style=\"background-color: #e1e1e1; text-align: center;\" align=\"center\" bgcolor=\"#e1e1e1\"><a href=\"http:\/\/congresocoahuila.gob.mx\/portal\/wp-content\/uploads\/2017\/01\/20170919_093_Ejec.doc\">19 de Septiembre de 2017<\/a><\/td>\n<\/tr>\n<tr>\n<td class=\"Estilo91\" style=\"background-color: #f7f5f5; text-align: left;\" valign=\"top\" bgcolor=\"#e1e1e1\">Ejecutivo del Estado, Lic. Rub\u00e9n Ignacio Moreira Valdez.<\/td>\n<td class=\"Estilo91\" style=\"background-color: #f7f5f5; text-align: left;\" valign=\"middle\" bgcolor=\"#e1e1e1\">Reforma a la Ley del Sistema de Seguridad P\u00fablica\u00a0y a la Ley Org\u00e1nica de la Comisi\u00f3n Estatal de Seguridad del Estado de Coahuila de Zaragoza.<\/td>\n<td class=\"Estilo91\" style=\"background-color: #f7f5f5; text-align: center;\" align=\"center\" bgcolor=\"#e1e1e1\"><a href=\"http:\/\/congresocoahuila.gob.mx\/portal\/wp-content\/uploads\/2017\/01\/20170919_094_Ejec.doc\">19 de Septiembre de 2017<\/a><\/td>\n<\/tr>\n<tr>\n<td class=\"Estilo91\" style=\"background-color: #e1e1e1; text-align: left;\" valign=\"top\" bgcolor=\"#e1e1e1\">Ejecutivo del Estado, Lic. Rub\u00e9n Ignacio Moreira Valdez.<\/td>\n<td class=\"Estilo91\" style=\"background-color: #e1e1e1; text-align: left;\" valign=\"middle\" bgcolor=\"#e1e1e1\">Se crea la Ley de Transporte y Movilidad Sustentable para el Estado de Coahuila de Zaragoza.<\/td>\n<td class=\"Estilo91\" style=\"background-color: #e1e1e1; text-align: center;\" align=\"center\" bgcolor=\"#e1e1e1\"><a href=\"http:\/\/congresocoahuila.gob.mx\/portal\/wp-content\/uploads\/2017\/01\/20170919_095_Ejec.doc\">19 de Septiembre de 2017<\/a><\/td>\n<\/tr>\n<tr>\n<td class=\"Estilo91\" style=\"background-color: #f7f5f5; text-align: left;\" valign=\"top\" bgcolor=\"#e1e1e1\">Ejecutivo del Estado, Lic. Rub\u00e9n Ignacio Moreira Valdez.<\/td>\n<td class=\"Estilo91\" style=\"background-color: #f7f5f5; text-align: left;\" valign=\"middle\" bgcolor=\"#e1e1e1\">Se crea el C\u00f3digo Penal de Coahuila de Zaragoza<\/td>\n<td class=\"Estilo91\" style=\"background-color: #f7f5f5; text-align: center;\" align=\"center\" bgcolor=\"#e1e1e1\"><a href=\"https:\/\/congresocoahuila.gob.mx\/transparencia\/03\/INICIATIVAS-2015-2017\/20170919_096_Ejec.doc\">19 de Septiembre de 2017<\/a><\/td>\n<\/tr>\n<tr>\n<td class=\"Estilo91\" style=\"background-color: #e1e1e1; text-align: left;\" valign=\"top\" bgcolor=\"#e1e1e1\">Diputado Javier D\u00edaz Gonz\u00e1lez,\u00a0conjuntamente con las Diputadas y Diputados integrantes del Grupo Parlamentario \u201cGral. Eulalio Guti\u00e9rrez Ortiz\u201d, del Partido Revolucionario Institucional.<\/td>\n<td class=\"Estilo91\" style=\"background-color: #e1e1e1; text-align: left;\" valign=\"middle\" bgcolor=\"#e1e1e1\">\u00a0Reforma a la\u00a0Ley de Turismo para el Estado de Coahuila de Zaragoza.<\/td>\n<td class=\"Estilo91\" style=\"background-color: #e1e1e1; text-align: center;\" align=\"center\" bgcolor=\"#e1e1e1\"><a href=\"http:\/\/congresocoahuila.gob.mx\/portal\/wp-content\/uploads\/2017\/01\/20170919_586_PRI.doc\"> 19 de Septiembre de 2017<\/a><\/td>\n<\/tr>\n<tr>\n<td class=\"Estilo91\" style=\"background-color: #f7f5f5; text-align: left;\" valign=\"top\" bgcolor=\"#e1e1e1\">Diputado Jes\u00fas de Le\u00f3n Tello, conjuntamente con las Diputadas y Diputados integrantes del Grupo Parlamentario \u00abAlonso Jos\u00e9 Lujambio Irazabal\u00bb, del Partido Acci\u00f3n Nacional.<\/td>\n<td class=\"Estilo91\" style=\"background-color: #f7f5f5; text-align: left;\" valign=\"middle\" bgcolor=\"#e1e1e1\">Se crea la\u00a0Ley de Responsabilidad Patrimonial para el Estado de Coahuila de Zaragoza.<\/td>\n<td class=\"Estilo91\" style=\"background-color: #f7f5f5; text-align: center;\" align=\"center\" bgcolor=\"#e1e1e1\"><a href=\"http:\/\/congresocoahuila.gob.mx\/portal\/wp-content\/uploads\/2017\/01\/20170919_587_PAN.doc\"> 19 de Septiembre de 2017<\/a><\/td>\n<\/tr>\n<tr>\n<td class=\"Estilo91\" style=\"background-color: #e1e1e1; text-align: left;\" valign=\"top\" bgcolor=\"#e1e1e1\">Diputada Claudia Elisa Morales Salazar, de la Fracci\u00f3n Parlamentaria, \u201cLic. Gilberto Rinc\u00f3n Gallardo\u201d\u00a0 del Partido Socialdem\u00f3crata de Coahuila.<\/td>\n<td class=\"Estilo91\" style=\"background-color: #e1e1e1; text-align: left;\" valign=\"middle\" bgcolor=\"#e1e1e1\">Reforma a la\u00a0Ley Estatal de Salud y Ley del Sistema de Seguridad P\u00fablica del Estado de Coahuila de Zaragoza.<\/td>\n<td class=\"Estilo91\" style=\"background-color: #e1e1e1; text-align: center;\" align=\"center\" bgcolor=\"#e1e1e1\"><a href=\"http:\/\/congresocoahuila.gob.mx\/portal\/wp-content\/uploads\/2017\/01\/20170919_588_PSD.doc\"> 19 de Septiembre de 2017<\/a><\/td>\n<\/tr>\n<tr>\n<td class=\"Estilo91\" style=\"background-color: #f7f5f5; text-align: left;\" valign=\"top\" bgcolor=\"#e1e1e1\">Diputada Georgina Cano Torralva,\u00a0conjuntamente con las Diputadas y Diputados integrantes del Grupo Parlamentario \u201cGral. Eulalio Guti\u00e9rrez Ortiz\u201d, del Partido Revolucionario Institucional.<\/td>\n<td class=\"Estilo91\" style=\"background-color: #f7f5f5; text-align: left;\" valign=\"middle\" bgcolor=\"#e1e1e1\">Reforma al\u00a0C\u00f3digo Penal del Estado de Coahuila de Zaragoza y a la\u00a0Ley de los Derechos de las Personas Adultas Mayores del Estado de Coahuila de Zaragoza.<\/td>\n<td class=\"Estilo91\" style=\"background-color: #f7f5f5; text-align: center;\" align=\"center\" bgcolor=\"#e1e1e1\"><a href=\"http:\/\/congresocoahuila.gob.mx\/portal\/wp-content\/uploads\/2017\/01\/20170919_589_PRI.doc\">19 de Septiembre de 2017<\/a><\/td>\n<\/tr>\n<tr>\n<td class=\"Estilo91\" style=\"background-color: #e1e1e1; text-align: left;\" valign=\"top\" bgcolor=\"#e1e1e1\">Ejecutivo del Estado, Lic. Rub\u00e9n Ignacio Moreira Valdez.<\/td>\n<td class=\"Estilo91\" style=\"background-color: #e1e1e1; text-align: left;\" valign=\"middle\" bgcolor=\"#e1e1e1\">Reforma a la\u00a0Ley de Ingresos del Estado para el ejercicio fiscal 2017 y el Presupuesto de Egresos del Estado de Coahuila de Zaragoza para el ejercicio fiscal 2017.<\/td>\n<td class=\"Estilo91\" style=\"background-color: #e1e1e1; text-align: center;\" align=\"center\" bgcolor=\"#e1e1e1\"><a href=\"http:\/\/congresocoahuila.gob.mx\/portal\/wp-content\/uploads\/2017\/01\/20170922_097_Ejec.doc\">22 de Septiembre de 2017<\/a><\/td>\n<\/tr>\n<tr>\n<td class=\"Estilo91\" style=\"background-color: #f7f5f5; text-align: left;\" valign=\"top\" bgcolor=\"#e1e1e1\">Lic Miriam C\u00e1rdenas Cant\u00fa Magistrada Presidenta del Tribunal Superior de Justicia y del Consejo de la Judicatura del Estado.<\/td>\n<td class=\"Estilo91\" style=\"background-color: #f7f5f5; text-align: left;\" valign=\"middle\" bgcolor=\"#e1e1e1\">Reforma a la Ley Org\u00e1nica del Poder Judicial del Estado de Coahuila de Zaragoza.<\/td>\n<td class=\"Estilo91\" style=\"background-color: #f7f5f5; text-align: center;\" align=\"center\" bgcolor=\"#e1e1e1\"><a href=\"http:\/\/congresocoahuila.gob.mx\/portal\/wp-content\/uploads\/2017\/01\/20170922_TSJ_Ref_Ley_Org\u00e1nica_del_Poder_Judicial_del_Estado_Art_141.pdf\">22 de Septiembre de 2017<\/a><\/td>\n<\/tr>\n<tr>\n<td class=\"Estilo91\" style=\"background-color: #e1e1e1; text-align: left;\" valign=\"top\" bgcolor=\"#e1e1e1\">Diputado Juli\u00e1n Eduardo Medrano Aguirre,\u00a0conjuntamente con las Diputadas y Diputados integrantes del Grupo Parlamentario \u201cGral. Eulalio Guti\u00e9rrez Ortiz\u201d, del Partido Revolucionario Institucional.<\/td>\n<td class=\"Estilo91\" style=\"background-color: #e1e1e1; text-align: left;\" valign=\"middle\" bgcolor=\"#e1e1e1\">Se crea la\u00a0Ley que Regula el Uso Leg\u00edtimo de la Fuerza P\u00fablica en el Estado de Coahuila de Zaragoza.<\/td>\n<td class=\"Estilo91\" style=\"background-color: #e1e1e1; text-align: center;\" align=\"center\" bgcolor=\"#e1e1e1\"><a href=\"http:\/\/congresocoahuila.gob.mx\/portal\/wp-content\/uploads\/2017\/01\/20170928_590_PRI.doc\">28 de Septiembre de 2017<\/a><\/td>\n<\/tr>\n<tr>\n<td class=\"Estilo91\" style=\"background-color: #f7f5f5; text-align: left;\" valign=\"top\" bgcolor=\"#e1e1e1\">Diputada Yolanda Olga Acu\u00f1a Contreras, conjuntamente con las Diputadas y Diputados integrantes del Grupo Parlamentario \u00abAlonso Jos\u00e9 Lujambio Irazabal\u00bb, del Partido Acci\u00f3n Nacional.<\/td>\n<td class=\"Estilo91\" style=\"background-color: #f7f5f5; text-align: left;\" valign=\"middle\" bgcolor=\"#e1e1e1\">Reforma al\u00a0C\u00f3digo Municipal para el Estado de Coahuila de Zaragoza.<\/td>\n<td class=\"Estilo91\" style=\"background-color: #f7f5f5; text-align: center;\" align=\"center\" bgcolor=\"#e1e1e1\"><a href=\"http:\/\/congresocoahuila.gob.mx\/portal\/wp-content\/uploads\/2017\/01\/20170928_591_PAN.doc\">28 de Septiembre de 2017<\/a><\/td>\n<\/tr>\n<tr>\n<td class=\"Estilo91\" style=\"background-color: #e1e1e1; text-align: left;\" valign=\"top\" bgcolor=\"#e1e1e1\">Diputado Javier de Jes\u00fas Rodr\u00edguez Mendoza, de la Fracci\u00f3n Parlamentaria \u201cJos\u00e9 Mario Molina Pasquel y Henriquez\u201d, del Partido Verde Ecologista de M\u00e9xico.<\/td>\n<td class=\"Estilo91\" style=\"background-color: #e1e1e1; text-align: left;\" valign=\"middle\" bgcolor=\"#e1e1e1\">Reforma a la\u00a0Ley del Notariado del Estado de Coahuila.<\/td>\n<td class=\"Estilo91\" style=\"background-color: #e1e1e1; text-align: center;\" align=\"center\" bgcolor=\"#e1e1e1\"><a href=\"https:\/\/congresocoahuila.gob.mx\/transparencia\/03\/INICIATIVAS-2015-2017\/20170928_592_PVEM.doc\">28 de Septiembre de 2017<\/a><\/td>\n<\/tr>\n<tr>\n<td class=\"Estilo91\" style=\"background-color: #f7f5f5; text-align: left;\" valign=\"top\" bgcolor=\"#e1e1e1\">Diputada Luisa Ivone Gallegos Mart\u00ednez, de la Fracci\u00f3n Parlamentaria \u201cDorotea de la Fuente Flores\u201d del Partido Nueva Alianza.<\/td>\n<td class=\"Estilo91\" style=\"background-color: #f7f5f5; text-align: left;\" valign=\"middle\" bgcolor=\"#e1e1e1\">Reforma a la\u00a0Ley para la Familia del Estado de Coahuila.<\/td>\n<td class=\"Estilo91\" style=\"background-color: #f7f5f5; text-align: center;\" align=\"center\" bgcolor=\"#e1e1e1\"><a href=\"http:\/\/congresocoahuila.gob.mx\/portal\/wp-content\/uploads\/2017\/01\/20170928_593_PNA.doc\">28 de Septiembre de 2017<\/a><\/td>\n<\/tr>\n<tr>\n<td class=\"Estilo91\" style=\"background-color: #e1e1e1; text-align: left;\" valign=\"top\" bgcolor=\"#e1e1e1\">Diputada Claudia Elisa Morales Salazar, de la Fracci\u00f3n Parlamentaria, \u201cLic. Gilberto Rinc\u00f3n Gallardo\u201d\u00a0 del Partido Socialdem\u00f3crata de Coahuila.<\/td>\n<td class=\"Estilo91\" style=\"background-color: #e1e1e1; text-align: left;\" valign=\"middle\" bgcolor=\"#e1e1e1\">Reforma a la\u00a0Ley para la Familia del Estado de Coahuila.<\/td>\n<td class=\"Estilo91\" style=\"background-color: #e1e1e1; text-align: center;\" align=\"center\" bgcolor=\"#e1e1e1\"><a href=\"http:\/\/congresocoahuila.gob.mx\/portal\/wp-content\/uploads\/2017\/01\/20170928_594_PSD.doc\">28 de Septiembre de 2017<\/a><\/td>\n<\/tr>\n<tr>\n<td class=\"Estilo91\" style=\"background-color: #f7f5f5; text-align: left;\" valign=\"top\" bgcolor=\"#e1e1e1\">Diputado Javier D\u00edaz Gonz\u00e1lez,\u00a0conjuntamente con las Diputadas y Diputados integrantes del Grupo Parlamentario \u201cGral. Eulalio Guti\u00e9rrez Ortiz\u201d, del Partido Revolucionario Institucional.<\/td>\n<td class=\"Estilo91\" style=\"background-color: #f7f5f5; text-align: left;\" valign=\"middle\" bgcolor=\"#e1e1e1\">Reforma a la\u00a0Ley de Protecci\u00f3n Civil para el Estado de Coahuila de Zaragoza.<\/td>\n<td class=\"Estilo91\" style=\"background-color: #f7f5f5; text-align: center;\" align=\"center\" bgcolor=\"#e1e1e1\"><a href=\"http:\/\/congresocoahuila.gob.mx\/portal\/wp-content\/uploads\/2017\/01\/20170928_595_PRI.doc\">28 de Septiembre de 2017<\/a><\/td>\n<\/tr>\n<tr>\n<td class=\"Estilo91\" style=\"background-color: #e1e1e1; text-align: left;\" valign=\"top\" bgcolor=\"#e1e1e1\">Diputada Ver\u00f3nica Mart\u00ednez Garc\u00eda,\u00a0conjuntamente con las Diputadas y Diputados integrantes del Grupo Parlamentario \u201cGral. Eulalio Guti\u00e9rrez Ortiz\u201d, del Partido Revolucionario Institucional.<\/td>\n<td class=\"Estilo91\" style=\"background-color: #e1e1e1; text-align: left;\" valign=\"middle\" bgcolor=\"#e1e1e1\">Reforma a la\u00a0Ley de Acceso de las Mujeres a una Vida Libre de Violencia para el Estado de Coahuila de Zaragoza.<\/td>\n<td class=\"Estilo91\" style=\"background-color: #e1e1e1; text-align: center;\" align=\"center\" bgcolor=\"#e1e1e1\"><a href=\"http:\/\/congresocoahuila.gob.mx\/portal\/wp-content\/uploads\/2017\/01\/20170928_596_PRI.doc\">28 de Septiembre de 2017<\/a><\/td>\n<\/tr>\n<tr>\n<td class=\"Estilo91\" style=\"background-color: #f7f5f5; text-align: left;\" valign=\"top\" bgcolor=\"#e1e1e1\">Diputada Georgina Cano Torralva,\u00a0conjuntamente con las Diputadas y Diputados integrantes del Grupo Parlamentario \u201cGral. Eulalio Guti\u00e9rrez Ortiz\u201d, del Partido Revolucionario Institucional.<\/td>\n<td class=\"Estilo91\" style=\"background-color: #f7f5f5; text-align: left;\" valign=\"middle\" bgcolor=\"#e1e1e1\">Reforma al\u00a0C\u00f3digo Penal del Estado de Coahuila de Zaragoza.<\/td>\n<td class=\"Estilo91\" style=\"background-color: #f7f5f5; text-align: center;\" align=\"center\" bgcolor=\"#e1e1e1\"><a href=\"http:\/\/congresocoahuila.gob.mx\/portal\/wp-content\/uploads\/2017\/01\/20170928_597_PRI.doc\">28 de Septiembre de 2017<\/a><\/td>\n<\/tr>\n<tr>\n<td class=\"Estilo91\" style=\"background-color: #e1e1e1; text-align: left;\" valign=\"top\" bgcolor=\"#e1e1e1\">Diputada Mar\u00eda del Socorro Lozano D\u00e1vila,\u00a0conjuntamente con las Diputadas y Diputados integrantes del Grupo Parlamentario \u201cGral. Eulalio Guti\u00e9rrez Ortiz\u201d, del Partido Revolucionario Institucional.<\/td>\n<td class=\"Estilo91\" style=\"background-color: #e1e1e1; text-align: left;\" valign=\"middle\" bgcolor=\"#e1e1e1\">Reforma a la\u00a0Ley de Aguas para los Municipios del Estado de Coahuila de Zaragoza.<\/td>\n<td class=\"Estilo91\" style=\"background-color: #e1e1e1; text-align: center;\" align=\"center\" bgcolor=\"#e1e1e1\"><a href=\"http:\/\/congresocoahuila.gob.mx\/portal\/wp-content\/uploads\/2017\/01\/20170928_598_PRI.doc\">28 de Septiembre de 2017<\/a><\/td>\n<\/tr>\n<tr>\n<td class=\"Estilo91\" style=\"background-color: #f7f5f5; text-align: left;\" valign=\"top\" bgcolor=\"#e1e1e1\">Diputada Graciela Trueba Carrillo,\u00a0conjuntamente con las Diputadas y Diputados integrantes del Grupo Parlamentario \u201cGral. Eulalio Guti\u00e9rrez Ortiz\u201d, del Partido Revolucionario Institucional.<\/td>\n<td class=\"Estilo91\" style=\"background-color: #f7f5f5; text-align: left;\" valign=\"middle\" bgcolor=\"#e1e1e1\">Reforma a la\u00a0Ley de la Promotora para el Desarrollo Rural de Coahuila.<\/td>\n<td class=\"Estilo91\" style=\"background-color: #f7f5f5; text-align: center;\" align=\"center\" bgcolor=\"#e1e1e1\"><a href=\"http:\/\/congresocoahuila.gob.mx\/portal\/wp-content\/uploads\/2017\/01\/20170928_599_PRI.doc\">28 de Septiembre de 2017<\/a><\/td>\n<\/tr>\n<tr>\n<td class=\"Estilo91\" style=\"background-color: #e1e1e1; text-align: left;\" valign=\"top\" bgcolor=\"#e1e1e1\">Diputada Claudia Elisa Morales Salazar, de la Fracci\u00f3n Parlamentaria, \u201cLic. Gilberto Rinc\u00f3n Gallardo\u201d\u00a0 del Partido Socialdem\u00f3crata de Coahuila.<\/td>\n<td class=\"Estilo91\" style=\"background-color: #e1e1e1; text-align: left;\" valign=\"middle\" bgcolor=\"#e1e1e1\">Reforma a la\u00a0Ley para la Prevenci\u00f3n, Atenci\u00f3n y Combate del Sobrepeso y la Obesidad para el Estado de Coahuila.<\/td>\n<td class=\"Estilo91\" style=\"background-color: #e1e1e1; text-align: center;\" align=\"center\" bgcolor=\"#e1e1e1\"><a href=\"http:\/\/congresocoahuila.gob.mx\/portal\/wp-content\/uploads\/2017\/01\/20170928_600_PSD.doc\">28 de Septiembre de 2017<\/a><\/td>\n<\/tr>\n<tr>\n<td class=\"Estilo91\" style=\"background-color: #f7f5f5; text-align: left;\" valign=\"top\" bgcolor=\"#e1e1e1\">Diputada Ver\u00f3nica Mart\u00ednez Garc\u00eda,\u00a0conjuntamente con las Diputadas y Diputados integrantes del Grupo Parlamentario \u201cGral. Eulalio Guti\u00e9rrez Ortiz\u201d, del Partido Revolucionario Institucional.<\/td>\n<td class=\"Estilo91\" style=\"background-color: #f7f5f5; text-align: left;\" valign=\"middle\" bgcolor=\"#e1e1e1\">Reforma a la\u00a0Ley de Planeaci\u00f3n para el Desarrollo del Estado de Coahuila de Zaragoza.<\/td>\n<td class=\"Estilo91\" style=\"background-color: #f7f5f5; text-align: center;\" align=\"center\" bgcolor=\"#e1e1e1\"><a href=\"http:\/\/congresocoahuila.gob.mx\/portal\/wp-content\/uploads\/2017\/01\/20171003_601_PRI.doc\">3 de Octubre de 2017<\/a><\/td>\n<\/tr>\n<tr>\n<td class=\"Estilo91\" style=\"background-color: #e1e1e1; text-align: left;\" valign=\"top\" bgcolor=\"#e1e1e1\">Diputada Lariza Montiel Luis, conjuntamente con las Diputadas y Diputados integrantes del Grupo Parlamentario \u00abAlonso Jos\u00e9 Lujambio Irazabal\u00bb, del Partido Acci\u00f3n Nacional.<\/td>\n<td class=\"Estilo91\" style=\"background-color: #e1e1e1; text-align: left;\" valign=\"middle\" bgcolor=\"#e1e1e1\">Reforma al\u00a0C\u00f3digo Municipal para el Estado de Coahuila de Zaragoza.<\/td>\n<td class=\"Estilo91\" style=\"background-color: #e1e1e1; text-align: center;\" align=\"center\" bgcolor=\"#e1e1e1\"><a href=\"https:\/\/congresocoahuila.gob.mx\/transparencia\/03\/INICIATIVAS-2015-2017\/20171003_602_PAN.doc\">3 de Octubre de 2017<\/a><\/td>\n<\/tr>\n<tr>\n<td class=\"Estilo91\" style=\"background-color: #f7f5f5; text-align: left;\" valign=\"top\" bgcolor=\"#e1e1e1\">Diputado Leonel Contreras P\u00e1manes, de la Fracci\u00f3n Parlamentaria \u201cManuel Mu\u00f1oz Olivares\u201d, del Partido Primero Coahuila.<\/td>\n<td class=\"Estilo91\" style=\"background-color: #f7f5f5; text-align: left;\" valign=\"middle\" bgcolor=\"#e1e1e1\">Reforma a la\u00a0Ley de Asistencia Social y Protecci\u00f3n de Derechos del Estado de Coahuila de Zaragoza.<\/td>\n<td class=\"Estilo91\" style=\"background-color: #f7f5f5; text-align: center;\" align=\"center\" bgcolor=\"#e1e1e1\"><a href=\"https:\/\/congresocoahuila.gob.mx\/transparencia\/03\/INICIATIVAS-2015-2017\/20171003_603_PPC.doc\">3 de Octubre de 2017<\/a><\/td>\n<\/tr>\n<tr>\n<td class=\"Estilo91\" style=\"background-color: #e1e1e1; text-align: left;\" valign=\"top\" bgcolor=\"#e1e1e1\">Diputada Claudia Elisa Morales Salazar, de la Fracci\u00f3n Parlamentaria, \u201cLic. Gilberto Rinc\u00f3n Gallardo\u201d\u00a0 del Partido Socialdem\u00f3crata de Coahuila.<\/td>\n<td class=\"Estilo91\" style=\"background-color: #e1e1e1; text-align: left;\" valign=\"middle\" bgcolor=\"#e1e1e1\">Reforma a la\u00a0Ley del Sistema Estatal para la Garant\u00eda de los Derechos Humanos de Ni\u00f1os y Ni\u00f1as del Estado de Coahuila de Zaragoza.<\/td>\n<td class=\"Estilo91\" style=\"background-color: #e1e1e1; text-align: center;\" align=\"center\" bgcolor=\"#e1e1e1\"><a href=\"http:\/\/congresocoahuila.gob.mx\/portal\/wp-content\/uploads\/2017\/01\/20171003_604_PSD.doc\">3 de Octubre de 2017<\/a><\/td>\n<\/tr>\n<tr>\n<td class=\"Estilo91\" style=\"background-color: #f7f5f5; text-align: left;\" valign=\"top\" bgcolor=\"#e1e1e1\">Diputado Javier D\u00edaz Gonz\u00e1lez,\u00a0conjuntamente con las Diputadas y Diputados integrantes del Grupo Parlamentario \u201cGral. Eulalio Guti\u00e9rrez Ortiz\u201d, del Partido Revolucionario Institucional.<\/td>\n<td class=\"Estilo91\" style=\"background-color: #f7f5f5; text-align: left;\" valign=\"middle\" bgcolor=\"#e1e1e1\">Reforma a la\u00a0Ley para el Impulso Emprendedor del Estado de Coahuila de Zaragoza.<\/td>\n<td class=\"Estilo91\" style=\"background-color: #f7f5f5; text-align: center;\" align=\"center\" bgcolor=\"#e1e1e1\"><a href=\"http:\/\/congresocoahuila.gob.mx\/portal\/wp-content\/uploads\/2017\/01\/20171003_605_PRI.doc\">3 de Octubre de 2017<\/a><\/td>\n<\/tr>\n<tr>\n<td class=\"Estilo91\" style=\"background-color: #e1e1e1; text-align: left;\" valign=\"top\" bgcolor=\"#e1e1e1\">Diputada Mar\u00eda del Socorro Lozano D\u00e1vila y la Diputada Graciela Trueba Carrillo,\u00a0conjuntamente con las Diputadas y Diputados integrantes del Grupo Parlamentario \u201cGral. Eulalio Guti\u00e9rrez Ortiz\u201d, del Partido Revolucionario Institucional.<\/td>\n<td class=\"Estilo91\" style=\"background-color: #e1e1e1; text-align: left;\" valign=\"middle\" bgcolor=\"#e1e1e1\">Reforma a la\u00a0Ley de Turismo para el Estado de Coahuila de Zaragoza.<\/td>\n<td class=\"Estilo91\" style=\"background-color: #e1e1e1; text-align: center;\" align=\"center\" bgcolor=\"#e1e1e1\"><a href=\"http:\/\/congresocoahuila.gob.mx\/portal\/wp-content\/uploads\/2017\/01\/20171003_606_PRI.doc\">3 de Octubre de 2017<\/a><\/td>\n<\/tr>\n<tr>\n<td class=\"Estilo91\" style=\"background-color: #f7f5f5; text-align: left;\" valign=\"top\" bgcolor=\"#e1e1e1\">Diputada Graciela Trueba Carillo y la Diputada Mar\u00eda del Socorro Lozano D\u00e1vila,\u00a0conjuntamente con las Diputadas y Diputados integrantes del Grupo Parlamentario \u201cGral. Eulalio Guti\u00e9rrez Ortiz\u201d, del Partido Revolucionario Institucional.<\/td>\n<td class=\"Estilo91\" style=\"background-color: #f7f5f5; text-align: left;\" valign=\"middle\" bgcolor=\"#e1e1e1\">Reforma a la\u00a0Ley de Asentamientos Humanos y Desarrollo Urbano del Estado de Coahuila de Zaragoza.<\/td>\n<td class=\"Estilo91\" style=\"background-color: #f7f5f5; text-align: center;\" align=\"center\" bgcolor=\"#e1e1e1\"><a href=\"http:\/\/congresocoahuila.gob.mx\/portal\/wp-content\/uploads\/2017\/01\/20171003_607_PRI.doc\">3 de Octubre de 2017<\/a><\/td>\n<\/tr>\n<tr>\n<td class=\"Estilo91\" style=\"background-color: #e1e1e1; text-align: left;\" valign=\"top\" bgcolor=\"#e1e1e1\">Diputada Lariza Montiel Luis, conjuntamente con las Diputadas y Diputados integrantes del Grupo Parlamentario \u00abAlonso Jos\u00e9 Lujambio Irazabal\u00bb, del Partido Acci\u00f3n Nacional.<\/td>\n<td class=\"Estilo91\" style=\"background-color: #e1e1e1; text-align: left;\" valign=\"middle\" bgcolor=\"#e1e1e1\">Reforma a la\u00a0Ley de Aguas para los Municipios\u00a0 del Estado de Coahuila de Zaragoza.<\/td>\n<td class=\"Estilo91\" style=\"background-color: #e1e1e1; text-align: center;\" align=\"center\" bgcolor=\"#e1e1e1\"><a href=\"http:\/\/congresocoahuila.gob.mx\/portal\/wp-content\/uploads\/2017\/01\/20171010_608_PAN.doc\">10 de Octubre de 2017<\/a><\/td>\n<\/tr>\n<tr>\n<td class=\"Estilo91\" style=\"background-color: #f7f5f5; text-align: left;\" valign=\"top\" bgcolor=\"#e1e1e1\">Diputado Javier de Jes\u00fas Rodr\u00edguez Mendoza, de la Fracci\u00f3n Parlamentaria \u201cJos\u00e9 Mario Molina Pasquel y Henriquez\u201d, del Partido Verde Ecologista de M\u00e9xico.<\/td>\n<td class=\"Estilo91\" style=\"background-color: #f7f5f5; text-align: left;\" valign=\"middle\" bgcolor=\"#e1e1e1\">Reforma a la\u00a0Ley Estatal de Salud.<\/td>\n<td class=\"Estilo91\" style=\"background-color: #f7f5f5; text-align: center;\" align=\"center\" bgcolor=\"#e1e1e1\"><a href=\"http:\/\/congresocoahuila.gob.mx\/portal\/wp-content\/uploads\/2017\/01\/20171010_609_PVEM.doc\">10 de Octubre de 2017<\/a><\/td>\n<\/tr>\n<tr>\n<td class=\"Estilo91\" style=\"background-color: #e1e1e1; text-align: left;\" valign=\"top\" bgcolor=\"#e1e1e1\">Diputada Claudia Elisa Morales Salazar, de la Fracci\u00f3n Parlamentaria, \u201cLic. Gilberto Rinc\u00f3n Gallardo\u201d\u00a0 del Partido Socialdem\u00f3crata de Coahuila.<\/td>\n<td class=\"Estilo91\" style=\"background-color: #e1e1e1; text-align: left;\" valign=\"middle\" bgcolor=\"#e1e1e1\">Reforma a la\u00a0Ley para Promover la Igualdad y Prevenir la Discriminaci\u00f3n en el Estado de Coahuila.<\/td>\n<td class=\"Estilo91\" style=\"background-color: #e1e1e1; text-align: center;\" align=\"center\" bgcolor=\"#e1e1e1\"><a href=\"http:\/\/congresocoahuila.gob.mx\/portal\/wp-content\/uploads\/2017\/01\/20171010_610_PSD.doc\">10 de Octubre de 2017<\/a><\/td>\n<\/tr>\n<tr>\n<td class=\"Estilo91\" style=\"background-color: #f7f5f5; text-align: left;\" valign=\"top\" bgcolor=\"#e1e1e1\">Diputada Graciela Trueba Carillo y la Diputada Mar\u00eda del Socorro Lozano D\u00e1vila,\u00a0conjuntamente con las Diputadas y Diputados integrantes del Grupo Parlamentario \u201cGral. Eulalio Guti\u00e9rrez Ortiz\u201d, del Partido Revolucionario Institucional.<\/td>\n<td class=\"Estilo91\" style=\"background-color: #f7f5f5; text-align: left;\" valign=\"middle\" bgcolor=\"#e1e1e1\">Reforma a la\u00a0Ley Estatal de Educaci\u00f3n.<\/td>\n<td class=\"Estilo91\" style=\"background-color: #f7f5f5; text-align: center;\" align=\"center\" bgcolor=\"#e1e1e1\"><a href=\"http:\/\/congresocoahuila.gob.mx\/portal\/wp-content\/uploads\/2017\/01\/20171010_611_PRI.doc\">10 de Octubre de 2017<\/a><\/td>\n<\/tr>\n<tr>\n<td class=\"Estilo91\" style=\"background-color: #e1e1e1; text-align: left;\" valign=\"top\" bgcolor=\"#e1e1e1\">Diputada Claudia Elisa Morales Salazar, de la Fracci\u00f3n Parlamentaria, \u201cLic. Gilberto Rinc\u00f3n Gallardo\u201d\u00a0 del Partido Socialdem\u00f3crata de Coahuila.<\/td>\n<td class=\"Estilo91\" style=\"background-color: #e1e1e1; text-align: left;\" valign=\"middle\" bgcolor=\"#e1e1e1\">Reforma a la\u00a0Ley para el Desarrollo e Inclusi\u00f3n de Personas con Discapacidad en el Estado de Coahuila.<\/td>\n<td class=\"Estilo91\" style=\"background-color: #e1e1e1; text-align: center;\" align=\"center\" bgcolor=\"#e1e1e1\"><a href=\"http:\/\/congresocoahuila.gob.mx\/portal\/wp-content\/uploads\/2017\/01\/20171010_612_PSD.doc\">10 de Octubre de 2017<\/a><\/td>\n<\/tr>\n<tr>\n<td class=\"Estilo91\" style=\"background-color: #f7f5f5; text-align: left;\" valign=\"top\" bgcolor=\"#e1e1e1\">Diputada Ver\u00f3nica Mart\u00ednez Garc\u00eda, Diputada Martha Garay Cadena y el Diputado Javier D\u00edaz Gonz\u00e1lez,\u00a0conjuntamente con las Diputadas y Diputados integrantes del Grupo Parlamentario \u201cGral. Eulalio Guti\u00e9rrez Ortiz\u201d, del Partido Revolucionario Institucional.<\/td>\n<td class=\"Estilo91\" style=\"background-color: #f7f5f5; text-align: left;\" valign=\"middle\" bgcolor=\"#e1e1e1\">Reforma a la\u00a0Ley Tr\u00e1nsito y Transporte del Estado Coahuila de Zaragoza.<\/td>\n<td class=\"Estilo91\" style=\"background-color: #f7f5f5; text-align: center;\" align=\"center\" bgcolor=\"#e1e1e1\"><a href=\"http:\/\/congresocoahuila.gob.mx\/portal\/wp-content\/uploads\/2017\/01\/20171010_613_PRI.doc\">10 de Octubre de 2017<\/a><\/td>\n<\/tr>\n<tr>\n<td class=\"Estilo91\" style=\"background-color: #e1e1e1; text-align: left;\" valign=\"top\" bgcolor=\"#e1e1e1\">C. Guillermo Antonio Flores M\u00e9ndez<\/td>\n<td class=\"Estilo91\" style=\"background-color: #e1e1e1; text-align: left;\" valign=\"middle\" bgcolor=\"#e1e1e1\">Iniciativa Popular. Reforma a la\u00a0Constituci\u00f3n Pol\u00edtica de los Estados Unidos Mexicanos y a la Ley General de Partidos Pol\u00edticos.<\/td>\n<td class=\"Estilo91\" style=\"background-color: #e1e1e1; text-align: center;\" align=\"center\" bgcolor=\"#e1e1e1\"><a href=\"http:\/\/congresocoahuila.gob.mx\/portal\/wp-content\/uploads\/2017\/01\/20171010_Pop_Ref_Constituci\u00f3n_Pol\u00edtica_de_los_EUM_y_Ley_General_de_Partidos_Pol\u00edticos.pdf\">10 de Octubre de 2017<\/a><\/td>\n<\/tr>\n<tr>\n<td class=\"Estilo91\" style=\"background-color: #f7f5f5; text-align: left;\" valign=\"top\" bgcolor=\"#e1e1e1\">Diputada Martha Garay Cadena,\u00a0conjuntamente con las Diputadas y Diputados integrantes del Grupo Parlamentario \u201cGral. Eulalio Guti\u00e9rrez Ortiz\u201d, del Partido Revolucionario Institucional.<\/td>\n<td class=\"Estilo91\" style=\"background-color: #f7f5f5; text-align: left;\" valign=\"middle\" bgcolor=\"#e1e1e1\">Reforma a la\u00a0Ley para el Desarrollo e Inclusi\u00f3n de las Personas con Discapacidad del Estado de Coahuila de Zaragoza.<\/td>\n<td class=\"Estilo91\" style=\"background-color: #f7f5f5; text-align: center;\" align=\"center\" bgcolor=\"#e1e1e1\"><a href=\"http:\/\/congresocoahuila.gob.mx\/portal\/wp-content\/uploads\/2017\/01\/20171017_614_PRI.doc\">17 de Octubre de 2017<\/a><\/td>\n<\/tr>\n<tr>\n<td class=\"Estilo91\" style=\"background-color: #e1e1e1; text-align: left;\" valign=\"top\" bgcolor=\"#e1e1e1\">Diputada Ver\u00f3nica Mart\u00ednez Garc\u00eda,\u00a0 conjuntamente con las Diputadas y Diputados integrantes del Grupo Parlamentario \u201cGral. Eulalio Guti\u00e9rrez Ortiz\u201d, del Partido Revolucionario Institucional.<\/td>\n<td class=\"Estilo91\" style=\"background-color: #e1e1e1; text-align: left;\" valign=\"middle\" bgcolor=\"#e1e1e1\">Reforma a la\u00a0Ley de Prevenci\u00f3n, Asistencia y Atenci\u00f3n de la Violencia Familiar.<\/td>\n<td class=\"Estilo91\" style=\"background-color: #e1e1e1; text-align: center;\" align=\"center\" bgcolor=\"#e1e1e1\"><a href=\"http:\/\/congresocoahuila.gob.mx\/portal\/wp-content\/uploads\/2017\/01\/20171017_615_PRI.doc\">17 de Octubre de 2017<\/a><\/td>\n<\/tr>\n<tr>\n<td class=\"Estilo91\" style=\"background-color: #f7f5f5; text-align: left;\" valign=\"top\" bgcolor=\"#e1e1e1\">Diputado Sergio Garza Castillo, de la Fracci\u00f3n Parlamentaria \u201cHilda Graciela Rivera de P\u00e9rez Arreola\u201d del Partido Unidad Democr\u00e1tica de Coahuila.<\/td>\n<td class=\"Estilo91\" style=\"background-color: #f7f5f5; text-align: left;\" valign=\"middle\" bgcolor=\"#e1e1e1\">Se crea la\u00a0Ley Estatal para la Implementaci\u00f3n de la Escuela de Madres y Padres del Estado de Coahuila de Zaragoza.<\/td>\n<td class=\"Estilo91\" style=\"background-color: #f7f5f5; text-align: center;\" align=\"center\" bgcolor=\"#e1e1e1\"><a href=\"http:\/\/congresocoahuila.gob.mx\/portal\/wp-content\/uploads\/2017\/01\/20171017_616_UDC.doc\">17 de Octubre de 2017<\/a><\/td>\n<\/tr>\n<tr>\n<td class=\"Estilo91\" style=\"background-color: #e1e1e1; text-align: left;\" valign=\"top\" bgcolor=\"#e1e1e1\">Diputado Leonel Contreras P\u00e1manes, de la Fracci\u00f3n Parlamentaria \u201cManuel Mu\u00f1oz Olivares\u201d, del Partido Primero Coahuila.<\/td>\n<td class=\"Estilo91\" style=\"background-color: #e1e1e1; text-align: left;\" valign=\"middle\" bgcolor=\"#e1e1e1\">Se Abroga la\u00a0Ley que Reglamenta la Divisi\u00f3n de las Comunidades Rurales en el Estado de Coahuila.<\/td>\n<td class=\"Estilo91\" style=\"background-color: #e1e1e1; text-align: center;\" align=\"center\" bgcolor=\"#e1e1e1\"><a href=\"http:\/\/congresocoahuila.gob.mx\/portal\/wp-content\/uploads\/2017\/01\/20171017_617_PPC.doc\">17 de Octubre de 2017<\/a><\/td>\n<\/tr>\n<tr>\n<td class=\"Estilo91\" style=\"background-color: #f7f5f5; text-align: left;\" valign=\"top\" bgcolor=\"#e1e1e1\">Diputado Javier de Jes\u00fas Rodr\u00edguez Mendoza, de la Fracci\u00f3n Parlamentaria \u201cJos\u00e9 Mario Molina Pasquel y Henriquez\u201d, del Partido Verde Ecologista de M\u00e9xico.<\/td>\n<td class=\"Estilo91\" style=\"background-color: #f7f5f5; text-align: left;\" valign=\"middle\" bgcolor=\"#e1e1e1\">Reforma al C\u00f3digo de Procedimientos Penales del Estado de Coahuila de Zaragoza.<\/td>\n<td class=\"Estilo91\" style=\"background-color: #f7f5f5; text-align: center;\" align=\"center\" bgcolor=\"#e1e1e1\"><a href=\"http:\/\/congresocoahuila.gob.mx\/portal\/wp-content\/uploads\/2017\/01\/20171017_618_PVEM.doc\">17 de Octubre de 2017<\/a><\/td>\n<\/tr>\n<tr>\n<td class=\"Estilo91\" style=\"background-color: #e1e1e1; text-align: left;\" valign=\"top\" bgcolor=\"#e1e1e1\">Diputada Claudia Elisa Morales Salazar, de la Fracci\u00f3n Parlamentaria, \u201cLic. Gilberto Rinc\u00f3n Gallardo\u201d\u00a0 del Partido Socialdem\u00f3crata de Coahuila.<\/td>\n<td class=\"Estilo91\" style=\"background-color: #e1e1e1; text-align: left;\" valign=\"middle\" bgcolor=\"#e1e1e1\">Reforma a la\u00a0Ley de Desarrollo Social para el Estado de Coahuila.<\/td>\n<td class=\"Estilo91\" style=\"background-color: #e1e1e1; text-align: center;\" align=\"center\" bgcolor=\"#e1e1e1\"><a href=\"https:\/\/congresocoahuila.gob.mx\/transparencia\/03\/INICIATIVAS-2015-2017\/20171017_619_PSD.doc\">17 de Octubre de 2017<\/a><\/td>\n<\/tr>\n<tr>\n<td class=\"Estilo91\" style=\"background-color: #f7f5f5; text-align: left;\" valign=\"top\" bgcolor=\"#e1e1e1\">Diputada Mar\u00eda del Socorro Lozano D\u00e1vila y la Diputada Graciela Trueba Carrillo,\u00a0conjuntamente con las Diputadas y Diputados integrantes del Grupo Parlamentario \u201cGral. Eulalio Guti\u00e9rrez Ortiz\u201d, del Partido Revolucionario Institucional.<\/td>\n<td class=\"Estilo91\" style=\"background-color: #f7f5f5; text-align: left;\" valign=\"middle\" bgcolor=\"#e1e1e1\">Reforma a la\u00a0Ley de los Derechos de las Personas Adultas Mayores del Estado de Coahuila de Zaragoza.<\/td>\n<td class=\"Estilo91\" style=\"background-color: #f7f5f5; text-align: center;\" align=\"center\" bgcolor=\"#e1e1e1\"><a href=\"http:\/\/congresocoahuila.gob.mx\/portal\/wp-content\/uploads\/2017\/01\/20171017_620_PRI.doc\">17 de Octubre de 2017<\/a><\/td>\n<\/tr>\n<tr>\n<td class=\"Estilo91\" style=\"background-color: #e1e1e1; text-align: left;\" valign=\"top\" bgcolor=\"#e1e1e1\">Diputada Claudia Elisa Morales Salazar, de la Fracci\u00f3n Parlamentaria, \u201cLic. Gilberto Rinc\u00f3n Gallardo\u201d\u00a0 del Partido Socialdem\u00f3crata de Coahuila.<\/td>\n<td class=\"Estilo91\" style=\"background-color: #e1e1e1; text-align: left;\" valign=\"middle\" bgcolor=\"#e1e1e1\">Reforma a la\u00a0Ley Estatal de Educaci\u00f3n.<\/td>\n<td class=\"Estilo91\" style=\"background-color: #e1e1e1; text-align: center;\" align=\"center\" bgcolor=\"#e1e1e1\"><a href=\"http:\/\/congresocoahuila.gob.mx\/portal\/wp-content\/uploads\/2017\/01\/20171017_621_PSD.doc\">17 de Octubre de 2017<\/a><\/td>\n<\/tr>\n<tr>\n<td class=\"Estilo91\" style=\"background-color: #f7f5f5; text-align: left;\" valign=\"top\" bgcolor=\"#e1e1e1\">Maestro \u00c1ngel Gabriel Hern\u00e1ndez Guzm\u00e1n.<\/td>\n<td class=\"Estilo91\" style=\"background-color: #f7f5f5; text-align: left;\" valign=\"middle\" bgcolor=\"#e1e1e1\">Iniciativa Popular.- Reforma al\u00a0C\u00f3digo Procesal Civil para el Estado de Coahuila de Zaragoza y se crea la Ley sobre Intervenci\u00f3n de Amicus Curiae del Estado de Coahuila de Zaragoza.<\/td>\n<td class=\"Estilo91\" style=\"background-color: #f7f5f5; text-align: center;\" align=\"center\" bgcolor=\"#e1e1e1\"><a href=\"http:\/\/congresocoahuila.gob.mx\/portal\/wp-content\/uploads\/2017\/01\/20171017_Pop_Ref_C\u00f3digo_Procesal_Civil_Ley_Sobre_Intervenci\u00f3n_de_Amicus_Curiae.pdf\">17 de Octubre de 2017<\/a><\/td>\n<\/tr>\n<tr>\n<td class=\"Estilo91\" style=\"background-color: #e1e1e1; text-align: left;\" valign=\"top\" bgcolor=\"#e1e1e1\">Diputada Ver\u00f3nica Mart\u00ednez Garc\u00eda y el Diputado Juli\u00e1n Eduardo Medrano Aguirre,\u00a0conjuntamente con las Diputadas y Diputados integrantes del Grupo Parlamentario \u201cGral. Eulalio Guti\u00e9rrez Ortiz\u201d, del Partido Revolucionario Institucional.<\/td>\n<td class=\"Estilo91\" style=\"background-color: #e1e1e1; text-align: left;\" valign=\"middle\" bgcolor=\"#e1e1e1\">Reforma a la\u00a0Ley para el Impulso Emprendedor del Estado de Coahuila de Zaragoza.<\/td>\n<td class=\"Estilo91\" style=\"background-color: #e1e1e1; text-align: center;\" align=\"center\" bgcolor=\"#e1e1e1\"><a href=\"http:\/\/congresocoahuila.gob.mx\/portal\/wp-content\/uploads\/2017\/01\/20171019_622_PRI.doc\">19 de Octubre de 2017<\/a><\/td>\n<\/tr>\n<tr>\n<td class=\"Estilo91\" style=\"background-color: #f7f5f5; text-align: left;\" valign=\"top\" bgcolor=\"#e1e1e1\">Diputado Javier de Jes\u00fas Rodr\u00edguez Mendoza, de la Fracci\u00f3n Parlamentaria \u201cJos\u00e9 Mario Molina Pasquel y Henriquez\u201d, del Partido Verde Ecologista de M\u00e9xico.<\/td>\n<td class=\"Estilo91\" style=\"background-color: #f7f5f5; text-align: left;\" valign=\"middle\" bgcolor=\"#e1e1e1\">Reforma a la\u00a0Ley Estatal de Salud.<\/td>\n<td class=\"Estilo91\" style=\"background-color: #f7f5f5; text-align: center;\" align=\"center\" bgcolor=\"#e1e1e1\"><a href=\"http:\/\/congresocoahuila.gob.mx\/portal\/wp-content\/uploads\/2017\/01\/20171019_623_PVEM.doc\">19 de Octubre de 2017<\/a><\/td>\n<\/tr>\n<tr>\n<td class=\"Estilo91\" style=\"background-color: #e1e1e1; text-align: left;\" valign=\"top\" bgcolor=\"#e1e1e1\">Diputada Mar\u00eda del Socorro Lozano D\u00e1vila y la Diputada Graciela Trueba Carrillo,\u00a0conjuntamente con las Diputadas y Diputados integrantes del Grupo Parlamentario \u201cGral. Eulalio Guti\u00e9rrez Ortiz\u201d, del Partido Revolucionario Institucional.<\/td>\n<td class=\"Estilo91\" style=\"background-color: #e1e1e1; text-align: left;\" valign=\"middle\" bgcolor=\"#e1e1e1\">Reforma a la\u00a0Ley Estatal de Educaci\u00f3n.<\/td>\n<td class=\"Estilo91\" style=\"background-color: #e1e1e1; text-align: center;\" align=\"center\" bgcolor=\"#e1e1e1\"><a href=\"http:\/\/congresocoahuila.gob.mx\/portal\/wp-content\/uploads\/2017\/01\/20171019_624_PRI.doc\">19 de Octubre de 2017<\/a><\/td>\n<\/tr>\n<tr>\n<td class=\"Estilo91\" style=\"background-color: #f7f5f5; text-align: left;\" valign=\"top\" bgcolor=\"#e1e1e1\">Diputado Luis Gurza Jaidar,\u00a0conjuntamente con las Diputadas y Diputados integrantes del Grupo Parlamentario \u201cGral. Eulalio Guti\u00e9rrez Ortiz\u201d, del Partido Revolucionario Institucional.<\/td>\n<td class=\"Estilo91\" style=\"background-color: #f7f5f5; text-align: left;\" valign=\"middle\" bgcolor=\"#e1e1e1\">Reforma a la\u00a0Ley de Ciencia, Desarrollo Tecnol\u00f3gico e Innovaci\u00f3n para el Estado de Coahuila de Zaragoza.<\/td>\n<td class=\"Estilo91\" style=\"background-color: #f7f5f5; text-align: center;\" align=\"center\" bgcolor=\"#e1e1e1\"><a href=\"http:\/\/congresocoahuila.gob.mx\/portal\/wp-content\/uploads\/2017\/01\/20171019_625_PRI.doc\">19 de Octubre de 2017<\/a><\/td>\n<\/tr>\n<tr>\n<td class=\"Estilo91\" style=\"background-color: #e1e1e1; text-align: left;\" valign=\"top\" bgcolor=\"#e1e1e1\">Ejecutivo del Estado, Lic. Rub\u00e9n Ignacio Moreira Valdez.<\/td>\n<td class=\"Estilo91\" style=\"background-color: #e1e1e1; text-align: left;\" valign=\"middle\" bgcolor=\"#e1e1e1\">Reforma a la\u00a0Ley Estatal de Educaci\u00f3n y a la Ley Estatal de Salud.<\/td>\n<td class=\"Estilo91\" style=\"background-color: #e1e1e1; text-align: center;\" align=\"center\" bgcolor=\"#e1e1e1\"><a href=\"http:\/\/congresocoahuila.gob.mx\/portal\/wp-content\/uploads\/2017\/01\/20171026_098_Ejec.doc\">26 de Octubre de 2017<\/a><\/td>\n<\/tr>\n<tr>\n<td class=\"Estilo91\" style=\"background-color: #f7f5f5; text-align: left;\" valign=\"top\" bgcolor=\"#e1e1e1\">Diputado Sergio Garza Castillo, de la Fracci\u00f3n Parlamentaria \u201cHilda Graciela Rivera de P\u00e9rez Arreola\u201d del Partido Unidad Democr\u00e1tica de Coahuila.<\/td>\n<td class=\"Estilo91\" style=\"background-color: #f7f5f5; text-align: left;\" valign=\"middle\" bgcolor=\"#e1e1e1\">Reforma a la\u00a0Constituci\u00f3n Pol\u00edtica de los Estados Unidos Mexicanos y a la\u00a0Ley Federal de los Trabajadores al Servicio del Estado.<\/td>\n<td class=\"Estilo91\" style=\"background-color: #f7f5f5; text-align: center;\" align=\"center\" bgcolor=\"#e1e1e1\"><a href=\"http:\/\/congresocoahuila.gob.mx\/portal\/wp-content\/uploads\/2017\/01\/20171026_626_UDC.doc\">26 de Octubre de 2017<\/a><\/td>\n<\/tr>\n<tr>\n<td class=\"Estilo91\" style=\"background-color: #e1e1e1; text-align: left;\" valign=\"top\" bgcolor=\"#e1e1e1\">Diputada Ver\u00f3nica Mart\u00ednez Garc\u00eda,\u00a0conjuntamente con las Diputadas y Diputados integrantes del Grupo Parlamentario \u201cGral. Eulalio Guti\u00e9rrez Ortiz\u201d, del Partido Revolucionario Institucional.<\/td>\n<td class=\"Estilo91\" style=\"background-color: #e1e1e1; text-align: left;\" valign=\"middle\" bgcolor=\"#e1e1e1\">Reforma al\u00a0C\u00f3digo Financiero para los Municipios del Estado de Coahuila de Zaragoza,\u00a0C\u00f3digo Fiscal para el Estado de Coahuila de Zaragoza y a la Ley de Desarrollo Social para el Estado de Coahuila de Zaragoza.<\/td>\n<td class=\"Estilo91\" style=\"background-color: #e1e1e1; text-align: center;\" align=\"center\" bgcolor=\"#e1e1e1\"><a href=\"https:\/\/congresocoahuila.gob.mx\/transparencia\/03\/INICIATIVAS-2015-2017\/20171026_627_PRI.doc\">26 de Octubre de 2017<\/a><\/td>\n<\/tr>\n<tr>\n<td class=\"Estilo91\" style=\"background-color: #f7f5f5; text-align: left;\" valign=\"top\" bgcolor=\"#e1e1e1\">Diputado Jes\u00fas de Le\u00f3n Tello, conjuntamente con las Diputadas y Diputados integrantes del Grupo Parlamentario \u00abAlonso Jos\u00e9 Lujambio Irazabal\u00bb, del Partido Acci\u00f3n Nacional.<\/td>\n<td class=\"Estilo91\" style=\"background-color: #f7f5f5; text-align: left;\" valign=\"middle\" bgcolor=\"#e1e1e1\">Reforma a la\u00a0Ley de Acceso a la Informaci\u00f3n P\u00fablica para el Estado de Coahuila de Zaragoza.<\/td>\n<td class=\"Estilo91\" style=\"background-color: #f7f5f5; text-align: center;\" align=\"center\" bgcolor=\"#e1e1e1\"><a href=\"http:\/\/congresocoahuila.gob.mx\/portal\/wp-content\/uploads\/2017\/01\/20171026_628_PAN.doc\">26 de Octubre de 2017<\/a><\/td>\n<\/tr>\n<tr>\n<td class=\"Estilo91\" style=\"background-color: #e1e1e1; text-align: left;\" valign=\"top\" bgcolor=\"#e1e1e1\">Diputada Claudia Elisa Morales Salazar, de la Fracci\u00f3n Parlamentaria, \u201cLic. Gilberto Rinc\u00f3n Gallardo\u201d\u00a0 del Partido Socialdem\u00f3crata de Coahuila.<\/td>\n<td class=\"Estilo91\" style=\"background-color: #e1e1e1; text-align: left;\" valign=\"middle\" bgcolor=\"#e1e1e1\">Reforma a la\u00a0Ley de las Personas Adultas Mayores en el Estado de Coahuila de Zaragoza.<\/td>\n<td class=\"Estilo91\" style=\"background-color: #e1e1e1; text-align: center;\" align=\"center\" bgcolor=\"#e1e1e1\"><a href=\"http:\/\/congresocoahuila.gob.mx\/portal\/wp-content\/uploads\/2017\/01\/20171026_629_PSD.doc\">26 de Octubre de 2017<\/a><\/td>\n<\/tr>\n<tr>\n<td class=\"Estilo91\" style=\"background-color: #f7f5f5; text-align: left;\" valign=\"top\" bgcolor=\"#e1e1e1\">Diputada Mar\u00eda del Socorro Lozano D\u00e1vila y la Diputada Graciela Trueba Carrillo,\u00a0conjuntamente con las Diputadas y Diputados integrantes del Grupo Parlamentario \u201cGral. Eulalio Guti\u00e9rrez Ortiz\u201d, del Partido Revolucionario Institucional.<\/td>\n<td class=\"Estilo91\" style=\"background-color: #f7f5f5; text-align: left;\" valign=\"middle\" bgcolor=\"#e1e1e1\">Reforma a la\u00a0Ley para el Desarrollo e Inclusi\u00f3n de las Personas con Discapacidad del Estado de Coahuila de Zaragoza.<\/td>\n<td class=\"Estilo91\" style=\"background-color: #f7f5f5; text-align: center;\" align=\"center\" bgcolor=\"#e1e1e1\"><a href=\"http:\/\/congresocoahuila.gob.mx\/portal\/wp-content\/uploads\/2017\/01\/20171026_630_PRI.doc\">26 de Octubre de 2017<\/a><\/td>\n<\/tr>\n<tr>\n<td class=\"Estilo91\" style=\"background-color: #e1e1e1; text-align: left;\" valign=\"top\" bgcolor=\"#e1e1e1\">Diputado Jos\u00e9 Armando Pruneda Valdez, conjuntamente con las Diputadas y Diputados integrantes del Grupo Parlamentario \u00abAlonso Jos\u00e9 Lujambio Irazabal\u00bb, del Partido Acci\u00f3n Nacional.<\/td>\n<td class=\"Estilo91\" style=\"background-color: #e1e1e1; text-align: left;\" valign=\"middle\" bgcolor=\"#e1e1e1\">Reforma a la\u00a0Ley de Deuda P\u00fablica para el Estado de Coahuila de Zaragoza.<\/td>\n<td class=\"Estilo91\" style=\"background-color: #e1e1e1; text-align: center;\" align=\"center\" bgcolor=\"#e1e1e1\"><a href=\"http:\/\/congresocoahuila.gob.mx\/portal\/wp-content\/uploads\/2017\/01\/20171026_631_PAN.doc\">26 de Octubre de 2017<\/a><\/td>\n<\/tr>\n<tr>\n<td class=\"Estilo91\" style=\"background-color: #f7f5f5; text-align: left;\" valign=\"top\" bgcolor=\"#e1e1e1\">Diputado Javier D\u00edaz Gonz\u00e1lez,\u00a0conjuntamente con las Diputadas y Diputados integrantes del Grupo Parlamentario \u201cGral. Eulalio Guti\u00e9rrez Ortiz\u201d, del Partido Revolucionario Institucional.<\/td>\n<td class=\"Estilo91\" style=\"background-color: #f7f5f5; text-align: left;\" valign=\"middle\" bgcolor=\"#e1e1e1\">Reforma a la\u00a0Ley de Desarrollo Econ\u00f3mico del Estado de Coahuila de Zaragoza.<\/td>\n<td class=\"Estilo91\" style=\"background-color: #f7f5f5; text-align: center;\" align=\"center\" bgcolor=\"#e1e1e1\"><a href=\"http:\/\/congresocoahuila.gob.mx\/portal\/wp-content\/uploads\/2017\/01\/20171026_632_PRI.doc\">26 de Octubre de 2017<\/a><\/td>\n<\/tr>\n<tr>\n<td class=\"Estilo91\" style=\"background-color: #e1e1e1; text-align: left;\" valign=\"top\" bgcolor=\"#e1e1e1\">Diputada Graciela Trueba Carrillo y la Diputada Mar\u00eda del Socorro Lozano D\u00e1vila,\u00a0conjuntamente con las Diputadas y Diputados integrantes del Grupo Parlamentario \u201cGral. Eulalio Guti\u00e9rrez Ortiz\u201d, del Partido Revolucionario Institucional.<\/td>\n<td class=\"Estilo91\" style=\"background-color: #e1e1e1; text-align: left;\" valign=\"middle\" bgcolor=\"#e1e1e1\">Reforma a la\u00a0Ley de Fomento Ganadero del Estado de Coahuila.<\/td>\n<td class=\"Estilo91\" style=\"background-color: #e1e1e1; text-align: center;\" align=\"center\" bgcolor=\"#e1e1e1\"><a href=\"http:\/\/congresocoahuila.gob.mx\/portal\/wp-content\/uploads\/2017\/01\/20171026_633_PRI.doc\">26 de Octubre de 2017<\/a><\/td>\n<\/tr>\n<tr>\n<td class=\"Estilo91\" style=\"background-color: #f7f5f5; text-align: left;\" valign=\"top\" bgcolor=\"#e1e1e1\">Lic. Jorge Luis Mor\u00e1n Delgado, Presidente Municipal de Torre\u00f3n Coahuila de Zaragoza.<\/td>\n<td class=\"Estilo91\" style=\"background-color: #f7f5f5; text-align: left;\" valign=\"middle\" bgcolor=\"#e1e1e1\">Reforma a la Ley que crea el Organismo P\u00fablico Descentralizado Denominado Instituto Municipal de M\u00fasica de Torre\u00f3n.<\/td>\n<td class=\"Estilo91\" style=\"background-color: #f7f5f5; text-align: center;\" align=\"center\" bgcolor=\"#e1e1e1\"><a href=\"http:\/\/congresocoahuila.gob.mx\/portal\/wp-content\/uploads\/2017\/01\/20171026_Ref_Ley_OPD_Instituto_Municipal_M\u00fasica_Torre\u00f3n.pdf\">26 de Octubre de 2017<\/a><\/td>\n<\/tr>\n<tr>\n<td class=\"Estilo91\" style=\"background-color: #e1e1e1; text-align: left;\" valign=\"top\" bgcolor=\"#e1e1e1\">Diputado Antonio Nerio Maltos,\u00a0conjuntamente con las Diputadas y Diputados integrantes del Grupo Parlamentario \u201cGral. Eulalio Guti\u00e9rrez Ortiz\u201d, del Partido Revolucionario Institucional.<\/td>\n<td class=\"Estilo91\" style=\"background-color: #e1e1e1; text-align: left;\" valign=\"middle\" bgcolor=\"#e1e1e1\">Reforma al\u00a0Estatuto Jur\u00eddico para los Trabajadores al Servicio del Estado de Coahuila.<\/td>\n<td class=\"Estilo91\" style=\"background-color: #e1e1e1; text-align: center;\" align=\"center\" bgcolor=\"#e1e1e1\"><a href=\"http:\/\/congresocoahuila.gob.mx\/portal\/wp-content\/uploads\/2017\/01\/20171106_634_PRI.doc\">6 de Noviembre de 2017<\/a><\/td>\n<\/tr>\n<tr>\n<td class=\"Estilo91\" style=\"background-color: #f7f5f5; text-align: left;\" valign=\"top\" bgcolor=\"#e1e1e1\">Diputada Yolanda Olga Acu\u00f1a Contreras, conjuntamente con las Diputadas y Diputados integrantes del Grupo Parlamentario \u00abAlonso Jos\u00e9 Lujambio Irazabal\u00bb, del Partido Acci\u00f3n Nacional.<\/td>\n<td class=\"Estilo91\" style=\"background-color: #f7f5f5; text-align: left;\" valign=\"middle\" bgcolor=\"#e1e1e1\">Reforma al\u00a0C\u00f3digo Municipal para el Estado de Coahuila de Zaragoza.<\/td>\n<td class=\"Estilo91\" style=\"background-color: #f7f5f5; text-align: center;\" align=\"center\" bgcolor=\"#e1e1e1\"><a href=\"http:\/\/congresocoahuila.gob.mx\/portal\/wp-content\/uploads\/2017\/01\/20171106_635_PAN.doc\">6 de Noviembre de 2017<\/a><\/td>\n<\/tr>\n<tr>\n<td class=\"Estilo91\" style=\"background-color: #e1e1e1; text-align: left;\" valign=\"top\" bgcolor=\"#e1e1e1\">Diputado Javier D\u00edaz Gonz\u00e1lez,\u00a0conjuntamente con las Diputadas y Diputados integrantes del Grupo Parlamentario \u201cGral. Eulalio Guti\u00e9rrez Ortiz\u201d, del Partido Revolucionario Institucional.<\/td>\n<td class=\"Estilo91\" style=\"background-color: #e1e1e1; text-align: left;\" valign=\"middle\" bgcolor=\"#e1e1e1\">Reforma a la\u00a0Ley para la Prevenci\u00f3n y Combate a la Pobreza Extrema del Estado de Coahuila de Zaragoza.<\/td>\n<td class=\"Estilo91\" style=\"background-color: #e1e1e1; text-align: center;\" align=\"center\" bgcolor=\"#e1e1e1\"><a href=\"http:\/\/congresocoahuila.gob.mx\/portal\/wp-content\/uploads\/2017\/01\/20171106_636_PRI.doc\">6 de Noviembre de 2017<\/a><\/td>\n<\/tr>\n<tr>\n<td class=\"Estilo91\" style=\"background-color: #f7f5f5; text-align: left;\" valign=\"top\" bgcolor=\"#e1e1e1\">Diputada Ver\u00f3nica Mart\u00ednez Garc\u00eda,\u00a0conjuntamente con las Diputadas y Diputados integrantes del Grupo Parlamentario \u201cGral. Eulalio Guti\u00e9rrez Ortiz\u201d, del Partido Revolucionario Institucional.<\/td>\n<td class=\"Estilo91\" style=\"background-color: #f7f5f5; text-align: left;\" valign=\"middle\" bgcolor=\"#e1e1e1\">Se crea la\u00a0Ley de Promoci\u00f3n e Impulso a la Juventud Emprendedora del Estado de Coahuila de Zaragoza.<\/td>\n<td class=\"Estilo91\" style=\"background-color: #f7f5f5; text-align: center;\" align=\"center\" bgcolor=\"#e1e1e1\"><a href=\"http:\/\/congresocoahuila.gob.mx\/portal\/wp-content\/uploads\/2017\/01\/20171106_637_PRI.doc\">6 de Noviembre de 2017<\/a><\/td>\n<\/tr>\n<tr>\n<td class=\"Estilo91\" style=\"background-color: #e1e1e1; text-align: left;\" valign=\"top\" bgcolor=\"#e1e1e1\">Diputada Graciela Trueba Carrillo y la Diputada Mar\u00eda del Socorro Lozano D\u00e1vila,\u00a0conjuntamente con las Diputadas y Diputados integrantes del Grupo Parlamentario \u201cGral. Eulalio Guti\u00e9rrez Ortiz\u201d, del Partido Revolucionario Institucional.<\/td>\n<td class=\"Estilo91\" style=\"background-color: #e1e1e1; text-align: left;\" valign=\"middle\" bgcolor=\"#e1e1e1\">Reforma a la\u00a0Ley Estatal de Educaci\u00f3n.<\/td>\n<td class=\"Estilo91\" style=\"background-color: #e1e1e1; text-align: center;\" align=\"center\" bgcolor=\"#e1e1e1\"><a href=\"http:\/\/congresocoahuila.gob.mx\/portal\/wp-content\/uploads\/2017\/01\/20171106_638_PRI.doc\">6 de Noviembre de 2017<\/a><\/td>\n<\/tr>\n<tr>\n<td class=\"Estilo91\" style=\"background-color: #f7f5f5; text-align: left;\" valign=\"top\" bgcolor=\"#e1e1e1\">Diputada Mar\u00eda del Socorro Lozano D\u00e1vila y la Diputada Graciela Trueba Carrillo,\u00a0conjuntamente con las Diputadas y Diputados integrantes del Grupo Parlamentario \u201cGral. Eulalio Guti\u00e9rrez Ortiz\u201d, del Partido Revolucionario Institucional.<\/td>\n<td class=\"Estilo91\" style=\"background-color: #f7f5f5; text-align: left;\" valign=\"middle\" bgcolor=\"#e1e1e1\">Reforma a la\u00a0Ley de Desarrollo Econ\u00f3mico del Estado de Coahuila.<\/td>\n<td class=\"Estilo91\" style=\"background-color: #f7f5f5; text-align: center;\" align=\"center\" bgcolor=\"#e1e1e1\"><a href=\"http:\/\/congresocoahuila.gob.mx\/portal\/wp-content\/uploads\/2017\/01\/20171106_639_PRI.doc\">6 de Noviembre de 2017<\/a><\/td>\n<\/tr>\n<tr>\n<td class=\"Estilo91\" style=\"background-color: #e1e1e1; text-align: left;\" valign=\"top\" bgcolor=\"#e1e1e1\">Ejecutivo del Estado, Lic. Rub\u00e9n Ignacio Moreira Valdez.<\/td>\n<td class=\"Estilo91\" style=\"background-color: #e1e1e1; text-align: left;\" valign=\"middle\" bgcolor=\"#e1e1e1\">Se crea la Ley del Registro Civil para el Estado de Coahuila de Zaragoza.<\/td>\n<td class=\"Estilo91\" style=\"background-color: #e1e1e1; text-align: center;\" align=\"center\" bgcolor=\"#e1e1e1\"><a href=\"https:\/\/congresocoahuila.gob.mx\/transparencia\/03\/INICIATIVAS-2015-2017\/20171115_099_Ejec.doc\">15 de Noviembre de 2017<\/a><\/td>\n<\/tr>\n<tr>\n<td class=\"Estilo91\" style=\"background-color: #f7f5f5; text-align: left;\" valign=\"top\" bgcolor=\"#e1e1e1\">Ejecutivo del Estado, Lic. Rub\u00e9n Ignacio Moreira Valdez.<\/td>\n<td class=\"Estilo91\" style=\"background-color: #f7f5f5; text-align: left;\" valign=\"middle\" bgcolor=\"#e1e1e1\">Reforma la Ley de Pensiones y Otros Beneficios Sociales para los Trabajadores de la Educaci\u00f3n P\u00fablica; de la Ley del Fondo para la Vivienda de los Trabajadores de la Educaci\u00f3n; de la Ley del Seguro de los Trabajadores de la Educaci\u00f3n; de la Ley del Servicio M\u00e9dico para los Trabajadores de la Educaci\u00f3n del Estado de Coahuila de Zaragoza.<\/td>\n<td class=\"Estilo91\" style=\"background-color: #f7f5f5; text-align: center;\" align=\"center\" bgcolor=\"#e1e1e1\"><a href=\"https:\/\/congresocoahuila.gob.mx\/transparencia\/03\/INICIATIVAS-2015-2017\/20171115_100_Ejec.doc\">15 de Noviembre de 2017<\/a><\/td>\n<\/tr>\n<tr>\n<td class=\"Estilo91\" style=\"background-color: #e1e1e1; text-align: left;\" valign=\"top\" bgcolor=\"#e1e1e1\">Ejecutivo del Estado, Lic. Rub\u00e9n Ignacio Moreira Valdez.<\/td>\n<td class=\"Estilo91\" style=\"background-color: #e1e1e1; text-align: left;\" valign=\"middle\" bgcolor=\"#e1e1e1\">Reforma la Ley del Sistema Estatal para la Garant\u00eda de los Derechos Humanos de Ni\u00f1os y Ni\u00f1as del Estado de Coahuila de Zaragoza.<\/td>\n<td class=\"Estilo91\" style=\"background-color: #e1e1e1; text-align: center;\" align=\"center\" bgcolor=\"#e1e1e1\"><a href=\"http:\/\/congresocoahuila.gob.mx\/portal\/wp-content\/uploads\/2017\/01\/20171115_101_Ejec.doc\">15 de Noviembre de 2017<\/a><\/td>\n<\/tr>\n<tr>\n<td class=\"Estilo91\" style=\"background-color: #f7f5f5; text-align: left;\" valign=\"top\" bgcolor=\"#e1e1e1\">Diputada Lariza Montiel Luis, conjuntamente con las Diputadas y Diputados integrantes del Grupo Parlamentario \u00abAlonso Jos\u00e9 Lujambio Irazabal\u00bb, del Partido Acci\u00f3n Nacional.<\/td>\n<td class=\"Estilo91\" style=\"background-color: #f7f5f5; text-align: left;\" valign=\"middle\" bgcolor=\"#e1e1e1\">Reforma a la\u00a0Ley Estatal de Salud.<\/td>\n<td class=\"Estilo91\" style=\"background-color: #f7f5f5; text-align: center;\" align=\"center\" bgcolor=\"#e1e1e1\"><a href=\"http:\/\/congresocoahuila.gob.mx\/portal\/wp-content\/uploads\/2017\/01\/20171115_640_PAN.doc\">15 de Noviembre de 2017<\/a><\/td>\n<\/tr>\n<tr>\n<td class=\"Estilo91\" style=\"background-color: #e1e1e1; text-align: left;\" valign=\"top\" bgcolor=\"#e1e1e1\">Diputada Claudia Elisa Morales Salazar, de la Fracci\u00f3n Parlamentaria, \u201cLic. Gilberto Rinc\u00f3n Gallardo\u201d\u00a0 del Partido Socialdem\u00f3crata de Coahuila.<\/td>\n<td class=\"Estilo91\" style=\"background-color: #e1e1e1; text-align: left;\" valign=\"middle\" bgcolor=\"#e1e1e1\">Reforma a la\u00a0Ley de Protecci\u00f3n y Trato Digno a los Animales en el Estado de Coahuila.<\/td>\n<td class=\"Estilo91\" style=\"background-color: #e1e1e1; text-align: center;\" align=\"center\" bgcolor=\"#e1e1e1\"><a href=\"http:\/\/congresocoahuila.gob.mx\/portal\/wp-content\/uploads\/2017\/01\/20171115_641_PSD.doc\">15 de Noviembre de 2017<\/a><\/td>\n<\/tr>\n<tr>\n<td class=\"Estilo91\" style=\"background-color: #f7f5f5; text-align: left;\" valign=\"top\" bgcolor=\"#e1e1e1\">Diputada Mar\u00eda del Socorro Lozano D\u00e1vila y la Diputada Graciela Trueba Carrillo,\u00a0conjuntamente con las Diputadas y Diputados integrantes del Grupo Parlamentario \u201cGral. Eulalio Guti\u00e9rrez Ortiz\u201d, del Partido Revolucionario Institucional.<\/td>\n<td class=\"Estilo91\" style=\"background-color: #f7f5f5; text-align: left;\" valign=\"middle\" bgcolor=\"#e1e1e1\">Reforma a la\u00a0Ley de Fomento Cooperativo del Estado de Coahuila de Zaragoza.<\/td>\n<td class=\"Estilo91\" style=\"background-color: #f7f5f5; text-align: center;\" align=\"center\" bgcolor=\"#e1e1e1\"><a href=\"http:\/\/congresocoahuila.gob.mx\/portal\/wp-content\/uploads\/2017\/01\/20171115_642_PRI.doc\">15 de Noviembre de 2017<\/a><\/td>\n<\/tr>\n<tr>\n<td class=\"Estilo91\" style=\"background-color: #e1e1e1; text-align: left;\" valign=\"top\" bgcolor=\"#e1e1e1\">Diputado Javier D\u00edaz Gonz\u00e1lez,\u00a0conjuntamente con las Diputadas y Diputados integrantes del Grupo Parlamentario \u201cGral. Eulalio Guti\u00e9rrez Ortiz\u201d, del Partido Revolucionario Institucional.<\/td>\n<td class=\"Estilo91\" style=\"background-color: #e1e1e1; text-align: left;\" valign=\"middle\" bgcolor=\"#e1e1e1\">Reforma a la\u00a0Ley Org\u00e1nica de la Administraci\u00f3n P\u00fablica del Estado de Coahuila de Zaragoza.<\/td>\n<td class=\"Estilo91\" style=\"background-color: #e1e1e1; text-align: center;\" align=\"center\" bgcolor=\"#e1e1e1\"><a href=\"http:\/\/congresocoahuila.gob.mx\/portal\/wp-content\/uploads\/2017\/01\/20171115_643_PRI.doc\">15 de Noviembre de 2017<\/a><\/td>\n<\/tr>\n<tr>\n<td class=\"Estilo91\" style=\"background-color: #f7f5f5; text-align: left;\" valign=\"top\" bgcolor=\"#e1e1e1\">Diputada Claudia Elisa Morales Salazar, de la Fracci\u00f3n Parlamentaria, \u201cLic. Gilberto Rinc\u00f3n Gallardo\u201d\u00a0 del Partido Socialdem\u00f3crata de Coahuila.<\/td>\n<td class=\"Estilo91\" style=\"background-color: #f7f5f5; text-align: left;\" valign=\"middle\" bgcolor=\"#e1e1e1\">Reforma a la\u00a0Ley de Profesiones para el Estado de Coahuila de Zaragoza.<\/td>\n<td class=\"Estilo91\" style=\"background-color: #f7f5f5; text-align: center;\" align=\"center\" bgcolor=\"#e1e1e1\"><a href=\"http:\/\/congresocoahuila.gob.mx\/portal\/wp-content\/uploads\/2017\/01\/20171122_644_PSD.doc\">22 de Noviembre de 2017<\/a><\/td>\n<\/tr>\n<tr>\n<td class=\"Estilo91\" style=\"background-color: #e1e1e1; text-align: left;\" valign=\"top\" bgcolor=\"#e1e1e1\">Diputada Ver\u00f3nica Mart\u00ednez Garc\u00eda,\u00a0conjuntamente con las Diputadas y Diputados integrantes del Grupo Parlamentario \u201cGral. Eulalio Guti\u00e9rrez Ortiz\u201d, del Partido Revolucionario Institucional.<\/td>\n<td class=\"Estilo91\" style=\"background-color: #e1e1e1; text-align: left;\" valign=\"middle\" bgcolor=\"#e1e1e1\">Reforma a la\u00a0Ley de Mejora Regulatoria del Estado de Coahuila.<\/td>\n<td class=\"Estilo91\" style=\"background-color: #e1e1e1; text-align: center;\" align=\"center\" bgcolor=\"#e1e1e1\"><a href=\"http:\/\/congresocoahuila.gob.mx\/portal\/wp-content\/uploads\/2017\/01\/20171122_645_PRI.doc\">22 de Noviembre de 2017<\/a><\/td>\n<\/tr>\n<tr>\n<td class=\"Estilo91\" style=\"background-color: #f7f5f5; text-align: left;\" valign=\"top\" bgcolor=\"#e1e1e1\">Diputado Jes\u00fas de Le\u00f3n Tello, conjuntamente con las Diputadas y Diputados integrantes del Grupo Parlamentario \u00abAlonso Jos\u00e9 Lujambio Irazabal\u00bb, del Partido Acci\u00f3n Nacional.<\/td>\n<td class=\"Estilo91\" style=\"background-color: #f7f5f5; text-align: left;\" valign=\"middle\" bgcolor=\"#e1e1e1\">Reforma a la\u00a0Ley Estatal de Educaci\u00f3n.<\/td>\n<td class=\"Estilo91\" style=\"background-color: #f7f5f5; text-align: center;\" align=\"center\" bgcolor=\"#e1e1e1\"><a href=\"http:\/\/congresocoahuila.gob.mx\/portal\/wp-content\/uploads\/2017\/01\/20171122_646_PAN.doc\">22 de Noviembre de 2017<\/a><\/td>\n<\/tr>\n<tr>\n<td class=\"Estilo91\" style=\"background-color: #e1e1e1; text-align: left;\" valign=\"top\" bgcolor=\"#e1e1e1\">Diputado Javier de Jes\u00fas Rodr\u00edguez Mendoza, de la Fracci\u00f3n Parlamentaria \u201cJos\u00e9 Mario Molina Pasquel y Henriquez\u201d, del Partido Verde Ecologista de M\u00e9xico.<\/td>\n<td class=\"Estilo91\" style=\"background-color: #e1e1e1; text-align: left;\" valign=\"middle\" bgcolor=\"#e1e1e1\">Reforma a la\u00a0Ley Org\u00e1nica de la Fiscal\u00eda General del Estado de Coahuila de Zaragoza.<\/td>\n<td class=\"Estilo91\" style=\"background-color: #e1e1e1; text-align: center;\" align=\"center\" bgcolor=\"#e1e1e1\"><a href=\"http:\/\/congresocoahuila.gob.mx\/portal\/wp-content\/uploads\/2017\/01\/20171122_647_PVEM.doc\">22 de Noviembre de 2017<\/a><\/td>\n<\/tr>\n<tr>\n<td class=\"Estilo91\" style=\"background-color: #f7f5f5; text-align: left;\" valign=\"top\" bgcolor=\"#e1e1e1\">Diputada Luisa Ivone Gallegos Mart\u00ednez, de la Fracci\u00f3n Parlamentaria \u201cDorotea de la Fuente Flores\u201d del Partido Nueva Alianza.<\/td>\n<td class=\"Estilo91\" style=\"background-color: #f7f5f5; text-align: left;\" valign=\"middle\" bgcolor=\"#e1e1e1\">Reforma a la\u00a0Ley Org\u00e1nica del Congreso del Estado.<\/td>\n<td class=\"Estilo91\" style=\"background-color: #f7f5f5; text-align: center;\" align=\"center\" bgcolor=\"#e1e1e1\"><a href=\"http:\/\/congresocoahuila.gob.mx\/portal\/wp-content\/uploads\/2017\/01\/20171122_648_PNA.doc\">22 de Noviembre de 2017<\/a><\/td>\n<\/tr>\n<tr>\n<td class=\"Estilo91\" style=\"background-color: #e1e1e1; text-align: left;\" valign=\"top\" bgcolor=\"#e1e1e1\">Diputado Javier D\u00edaz Gonz\u00e1lez,\u00a0conjuntamente con las Diputadas y Diputados integrantes del Grupo Parlamentario \u201cGral. Eulalio Guti\u00e9rrez Ortiz\u201d, del Partido Revolucionario Institucional.<\/td>\n<td class=\"Estilo91\" style=\"background-color: #e1e1e1; text-align: left;\" valign=\"middle\" bgcolor=\"#e1e1e1\">Reforma a la\u00a0Ley de Fomento a la Lectura y el Libro para el Estado de Coahuila de Zaragoza.<\/td>\n<td class=\"Estilo91\" style=\"background-color: #e1e1e1; text-align: center;\" align=\"center\" bgcolor=\"#e1e1e1\"><a href=\"http:\/\/congresocoahuila.gob.mx\/portal\/wp-content\/uploads\/2017\/01\/20171122_649_PRI.doc\">22 de Noviembre de 2017<\/a><\/td>\n<\/tr>\n<tr>\n<td class=\"Estilo91\" style=\"background-color: #f7f5f5; text-align: left;\" valign=\"top\" bgcolor=\"#e1e1e1\">Diputada Yolanda Olga Acu\u00f1a Contreras,\u00a0conjuntamente con las Diputadas y Diputados integrantes del Grupo Parlamentario \u00abAlonso Jos\u00e9 Lujambio Irazabal\u00bb, del Partido Acci\u00f3n Nacional.<\/td>\n<td class=\"Estilo91\" style=\"background-color: #f7f5f5; text-align: left;\" valign=\"middle\" bgcolor=\"#e1e1e1\">Reforma a la\u00a0Ley de Ciencia, Desarrollo Tecnol\u00f3gico e Innovaci\u00f3n para el Estado de Coahuila de Zaragoza.<\/td>\n<td class=\"Estilo91\" style=\"background-color: #f7f5f5; text-align: center;\" align=\"center\" bgcolor=\"#e1e1e1\"><a href=\"https:\/\/congresocoahuila.gob.mx\/transparencia\/03\/INICIATIVAS-2015-2017\/20171122_650_PAN.doc\">22 de Noviembre de 2017<\/a><\/td>\n<\/tr>\n<tr>\n<td class=\"Estilo91\" style=\"background-color: #e1e1e1; text-align: left;\" valign=\"top\" bgcolor=\"#e1e1e1\">Lic. Fernando Pur\u00f3n Johnston, Presidente Municipal de Piedras Negras, Coahuila de Zaragoza.<\/td>\n<td class=\"Estilo91\" style=\"background-color: #e1e1e1; text-align: left;\" valign=\"middle\" bgcolor=\"#e1e1e1\">Se crea la Ley que crea el Instituto Municipal de Planeaci\u00f3n de Piedras Negras.<\/td>\n<td class=\"Estilo91\" style=\"background-color: #e1e1e1; text-align: center;\" align=\"center\" bgcolor=\"#e1e1e1\"><a href=\"https:\/\/congresocoahuila.gob.mx\/transparencia\/03\/INICIATIVAS-2015-2017\/20171122_Ley_OPD_Instituto_Municipal_Planeaci\u00f3n_Piedras_Negras.pdf\">22 de Noviembre de 2017<\/a><\/td>\n<\/tr>\n<tr>\n<td class=\"Estilo91\" style=\"background-color: #f7f5f5; text-align: left;\" valign=\"top\" bgcolor=\"#e1e1e1\">Ejecutivo del Estado, Lic. Rub\u00e9n Ignacio Moreira Valdez.<\/td>\n<td class=\"Estilo91\" style=\"background-color: #f7f5f5; text-align: left;\" valign=\"middle\" bgcolor=\"#e1e1e1\">Reforma a la Constituci\u00f3n Pol\u00edtica del Estado de Coahuila de Zaragoza.<\/td>\n<td class=\"Estilo91\" style=\"background-color: #f7f5f5; text-align: center;\" align=\"center\" bgcolor=\"#e1e1e1\"><a href=\"http:\/\/congresocoahuila.gob.mx\/portal\/wp-content\/uploads\/2017\/01\/20171206_102_Ejec.doc\">06 de Diciembre de 2017<\/a><\/td>\n<\/tr>\n<tr>\n<td class=\"Estilo91\" style=\"background-color: #e1e1e1; text-align: left;\" valign=\"top\" bgcolor=\"#e1e1e1\">Diputado Antonio Nerio Maltos,\u00a0conjuntamente con las Diputadas y Diputados integrantes del Grupo Parlamentario \u201cGral. Eulalio Guti\u00e9rrez Ortiz\u201d, del Partido Revolucionario Institucional.<\/td>\n<td class=\"Estilo91\" style=\"background-color: #e1e1e1; text-align: left;\" valign=\"middle\" bgcolor=\"#e1e1e1\">Reforma a la\u00a0Ley Org\u00e1nica del Congreso del Estado Independiente, Libre y Soberano de Coahuila de Zaragoza.<\/td>\n<td class=\"Estilo91\" style=\"background-color: #e1e1e1; text-align: center;\" align=\"center\" bgcolor=\"#e1e1e1\"><a href=\"https:\/\/congresocoahuila.gob.mx\/transparencia\/03\/INICIATIVAS-2015-2017\/20171206_651_PRI.doc\">06 de Diciembre de 2017<\/a><\/td>\n<\/tr>\n<tr>\n<td class=\"Estilo91\" style=\"background-color: #f7f5f5; text-align: left;\" valign=\"top\" bgcolor=\"#e1e1e1\">Diputado Jes\u00fas de Le\u00f3n Tello, conjuntamente con las Diputadas y Diputados integrantes del Grupo Parlamentario \u00abAlonso Jos\u00e9 Lujambio Irazabal\u00bb, del Partido Acci\u00f3n Nacional.<\/td>\n<td class=\"Estilo91\" style=\"background-color: #f7f5f5; text-align: left;\" valign=\"middle\" bgcolor=\"#e1e1e1\">Reforma a la\u00a0Ley Estatal de Educaci\u00f3n.<\/td>\n<td class=\"Estilo91\" style=\"background-color: #f7f5f5; text-align: center;\" align=\"center\" bgcolor=\"#e1e1e1\"><a href=\"http:\/\/congresocoahuila.gob.mx\/portal\/wp-content\/uploads\/2017\/01\/20171206_652_PAN.doc\">06 de Diciembre de 2017<\/a><\/td>\n<\/tr>\n<tr>\n<td class=\"Estilo91\" style=\"background-color: #e1e1e1; text-align: left;\" valign=\"top\" bgcolor=\"#e1e1e1\">Diputado Sergio Garza Castillo, de la Fracci\u00f3n Parlamentaria \u201cHilda Graciela Rivera de P\u00e9rez Arreola\u201d del Partido Unidad Democr\u00e1tica de Coahuila.<\/td>\n<td class=\"Estilo91\" style=\"background-color: #e1e1e1; text-align: left;\" valign=\"middle\" bgcolor=\"#e1e1e1\">Reforma a la\u00a0Ley para el Desarrollo Integral de la Juventud del Estado de Coahuila de Zaragoza.<\/td>\n<td class=\"Estilo91\" style=\"background-color: #e1e1e1; text-align: center;\" align=\"center\" bgcolor=\"#e1e1e1\"><a href=\"http:\/\/congresocoahuila.gob.mx\/portal\/wp-content\/uploads\/2017\/01\/20171206_653_UDC.doc\">06 de Diciembre de 2017<\/a><\/td>\n<\/tr>\n<tr>\n<td class=\"Estilo91\" style=\"background-color: #f7f5f5; text-align: left;\" valign=\"top\" bgcolor=\"#e1e1e1\">Diputada Irma Leticia Casta\u00f1o Orozco,\u00a0conjuntamente con las Diputadas y Diputados integrantes del Grupo Parlamentario \u201cGral. Eulalio Guti\u00e9rrez Ortiz\u201d, del Partido Revolucionario Institucional.<\/td>\n<td class=\"Estilo91\" style=\"background-color: #f7f5f5; text-align: left;\" valign=\"middle\" bgcolor=\"#e1e1e1\">Reforma a la\u00a0Ley para la Donaci\u00f3n Altruista de Alimentos y su Fomento en el Estado de Coahuila de Zaragoza.<\/td>\n<td class=\"Estilo91\" style=\"background-color: #f7f5f5; text-align: center;\" align=\"center\" bgcolor=\"#e1e1e1\"><a href=\"https:\/\/congresocoahuila.gob.mx\/transparencia\/03\/INICIATIVAS-2015-2017\/20171206_654_PRI.doc\">06 de Diciembre de 2017<\/a><\/td>\n<\/tr>\n<tr>\n<td class=\"Estilo91\" style=\"background-color: #e1e1e1; text-align: left;\" valign=\"top\" bgcolor=\"#e1e1e1\">Diputada Yolanda Olga Acu\u00f1a Contreras,\u00a0conjuntamente con las Diputadas y Diputados integrantes del Grupo Parlamentario \u00abAlonso Jos\u00e9 Lujambio Irazabal\u00bb, del Partido Acci\u00f3n Nacional.<\/td>\n<td class=\"Estilo91\" style=\"background-color: #e1e1e1; text-align: left;\" valign=\"middle\" bgcolor=\"#e1e1e1\">Reforma a la\u00a0Ley Org\u00e1nica del Congreso del Estado Independiente, Libre y Soberano de Coahuila de Zaragoza.<\/td>\n<td class=\"Estilo91\" style=\"background-color: #e1e1e1; text-align: center;\" align=\"center\" bgcolor=\"#e1e1e1\"><a href=\"https:\/\/congresocoahuila.gob.mx\/transparencia\/03\/INICIATIVAS-2015-2017\/20171206_655_PAN.doc\">06 de Diciembre de 2017<\/a><\/td>\n<\/tr>\n<tr>\n<td class=\"Estilo91\" style=\"background-color: #f7f5f5; text-align: left;\" valign=\"top\" bgcolor=\"#e1e1e1\">Diputada Ver\u00f3nica Mart\u00ednez Garc\u00eda,\u00a0conjuntamente con las Diputadas y Diputados integrantes del Grupo Parlamentario \u201cGral. Eulalio Guti\u00e9rrez Ortiz\u201d, del Partido Revolucionario Institucional.<\/td>\n<td class=\"Estilo91\" style=\"background-color: #f7f5f5; text-align: left;\" valign=\"middle\" bgcolor=\"#e1e1e1\">Reforma a la\u00a0Ley de Desarrollo Econ\u00f3mico del Estado de Coahuila de Zaragoza.<\/td>\n<td class=\"Estilo91\" style=\"background-color: #f7f5f5; text-align: center;\" align=\"center\" bgcolor=\"#e1e1e1\"><a href=\"http:\/\/congresocoahuila.gob.mx\/portal\/wp-content\/uploads\/2017\/01\/20171206_656_PRI.doc\">06 de Diciembre de 2017<\/a><\/td>\n<\/tr>\n<tr>\n<td class=\"Estilo91\" style=\"background-color: #e1e1e1; text-align: left;\" valign=\"top\" bgcolor=\"#e1e1e1\">Diputado Javier D\u00edaz Gonz\u00e1lez,\u00a0conjuntamente con las Diputadas y Diputados integrantes del Grupo Parlamentario \u201cGral. Eulalio Guti\u00e9rrez Ortiz\u201d, del Partido Revolucionario Institucional.<\/td>\n<td class=\"Estilo91\" style=\"background-color: #e1e1e1; text-align: left;\" valign=\"middle\" bgcolor=\"#e1e1e1\">Reforma a la\u00a0Ley de Asistencia Social y Protecci\u00f3n de Derechos del Estado de Coahuila de Zaragoza.<\/td>\n<td class=\"Estilo91\" style=\"background-color: #e1e1e1; text-align: center;\" align=\"center\" bgcolor=\"#e1e1e1\"><a href=\"http:\/\/congresocoahuila.gob.mx\/portal\/wp-content\/uploads\/2017\/01\/20171206_657_PRI.doc\">06 de Diciembre de 2017<\/a><\/td>\n<\/tr>\n<tr>\n<td class=\"Estilo91\" style=\"background-color: #f7f5f5; text-align: left;\" valign=\"top\" bgcolor=\"#e1e1e1\">Ejecutivo del Estado,\u00a0Ing. Miguel \u00c1ngel Riquelme Sol\u00eds.<\/td>\n<td class=\"Estilo91\" style=\"background-color: #f7f5f5; text-align: left;\" valign=\"middle\" bgcolor=\"#e1e1e1\">Se crea Ley Org\u00e1nica de la Administraci\u00f3n P\u00fablica del Estado de Coahuila de Zaragoza.<\/td>\n<td class=\"Estilo91\" style=\"background-color: #f7f5f5; text-align: center;\" align=\"center\" bgcolor=\"#e1e1e1\"><a href=\"https:\/\/congresocoahuila.gob.mx\/transparencia\/03\/INICIATIVAS-2015-2017\/20171213_103_Ejec.doc\">13 de Diciembre de 2017<\/a><\/td>\n<\/tr>\n<tr>\n<td class=\"Estilo91\" style=\"background-color: #e1e1e1; text-align: left;\" valign=\"top\" bgcolor=\"#e1e1e1\">Diputada Ver\u00f3nica Mart\u00ednez Garc\u00eda,\u00a0conjuntamente con las Diputadas y Diputados integrantes del Grupo Parlamentario \u201cGral. Eulalio Guti\u00e9rrez Ortiz\u201d, del Partido Revolucionario Institucional.<\/td>\n<td class=\"Estilo91\" style=\"background-color: #e1e1e1; text-align: left;\" valign=\"middle\" bgcolor=\"#e1e1e1\">Reforma a la Ley de Turismo para el Estado de Coahuila de Zaragoza.<\/td>\n<td class=\"Estilo91\" style=\"background-color: #e1e1e1; text-align: center;\" align=\"center\" bgcolor=\"#e1e1e1\"><a href=\"http:\/\/congresocoahuila.gob.mx\/portal\/wp-content\/uploads\/2017\/01\/20171213_658_PRI.doc\">13 de Diciembre de 2017<\/a><\/td>\n<\/tr>\n<tr>\n<td class=\"Estilo91\" style=\"background-color: #f7f5f5; text-align: left;\" valign=\"top\" bgcolor=\"#e1e1e1\">Diputada Graciela Trueba Carrillo y la Diputada Mar\u00eda del Socorro Lozano D\u00e1vila,\u00a0conjuntamente con las Diputadas y Diputados integrantes del Grupo Parlamentario \u201cGral. Eulalio Guti\u00e9rrez Ortiz\u201d, del Partido Revolucionario Institucional.<\/td>\n<td class=\"Estilo91\" style=\"background-color: #f7f5f5; text-align: left;\" valign=\"middle\" bgcolor=\"#e1e1e1\">Reforma a la Ley de Fomento Cooperativo del Estado de Coahuila de Zaragoza.<\/td>\n<td class=\"Estilo91\" style=\"background-color: #f7f5f5; text-align: center;\" align=\"center\" bgcolor=\"#e1e1e1\"><a href=\"http:\/\/congresocoahuila.gob.mx\/portal\/wp-content\/uploads\/2017\/01\/20171213_659_PRI.doc\">13 de Diciembre de 2017<\/a><\/td>\n<\/tr>\n<tr>\n<td class=\"Estilo91\" style=\"background-color: #f7f5f5; text-align: left;\" valign=\"top\" bgcolor=\"#e1e1e1\">Diputado Javier D\u00edaz Gonz\u00e1lez,\u00a0conjuntamente con las Diputadas y Diputados integrantes del Grupo Parlamentario \u201cGral. Eulalio Guti\u00e9rrez Ortiz\u201d, del Partido Revolucionario Institucional.<\/td>\n<td class=\"Estilo91\" style=\"background-color: #f7f5f5; text-align: left;\" valign=\"middle\" bgcolor=\"#e1e1e1\">Reforma a la Ley de Asentamientos Humanos y Desarrollo Urbano del Estado de Coahuila de Zaragoza.<\/td>\n<td class=\"Estilo91\" style=\"background-color: #f7f5f5; text-align: center;\" align=\"center\" bgcolor=\"#e1e1e1\"><a href=\"https:\/\/congresocoahuila.gob.mx\/transparencia\/\/03\/INICIATIVAS-2015-2017\/20171214_660_PRI.doc\">14 de Diciembre de 2017<\/a><\/td>\n<\/tr>\n<tr>\n<td class=\"Estilo91\" style=\"background-color: #e1e1e1; text-align: left;\" valign=\"top\" bgcolor=\"#e1e1e1\">Ejecutivo del Estado,\u00a0Ing. Miguel \u00c1ngel Riquelme Sol\u00eds.<\/td>\n<td class=\"Estilo91\" style=\"background-color: #e1e1e1; text-align: left;\" valign=\"middle\" bgcolor=\"#e1e1e1\">Exposici\u00f3n de Motivos &#8211; Paquete Fiscal 2018<\/td>\n<td class=\"Estilo91\" style=\"background-color: #e1e1e1; text-align: center;\" align=\"center\" bgcolor=\"#e1e1e1\"><a href=\"http:\/\/congresocoahuila.gob.mx\/portal\/wp-content\/uploads\/2017\/01\/20171218_104_Ejec_Exposici\u00f3n_Motivos_Paquete_Fiscal_2018.doc\">18 de Diciembre de 2017<\/a><\/td>\n<\/tr>\n<tr>\n<td class=\"Estilo91\" style=\"background-color: #f7f5f5; text-align: left;\" valign=\"top\" bgcolor=\"#e1e1e1\">Ejecutivo del Estado,\u00a0Ing. Miguel \u00c1ngel Riquelme Sol\u00eds.<\/td>\n<td class=\"Estilo91\" style=\"background-color: #f7f5f5; text-align: left;\" valign=\"middle\" bgcolor=\"#e1e1e1\">Ley de Ingresos del Estado de Coahuila de Zaragoza, para el ejercicio fiscal del a\u00f1o 2018.<\/td>\n<td class=\"Estilo91\" style=\"background-color: #f7f5f5; text-align: center;\" align=\"center\" bgcolor=\"#e1e1e1\"><a href=\"https:\/\/congresocoahuila.gob.mx\/transparencia\/03\/Iniciativas-2015-2017\/20171218_104_Ejec.doc\">18 de Diciembre de 2017<\/a><\/td>\n<\/tr>\n<tr>\n<td class=\"Estilo91\" style=\"background-color: #e1e1e1; text-align: left;\" valign=\"top\" bgcolor=\"#e1e1e1\">Ejecutivo del Estado,\u00a0Ing. Miguel \u00c1ngel Riquelme Sol\u00eds.<\/td>\n<td class=\"Estilo91\" style=\"background-color: #e1e1e1; text-align: left;\" valign=\"middle\" bgcolor=\"#e1e1e1\">Presupuesto de Egresos del Estado de Coahuila de Zaragoza, para el ejercicio fiscal del a\u00f1o 2018.<\/td>\n<td class=\"Estilo91\" style=\"background-color: #e1e1e1; text-align: center;\" align=\"center\" bgcolor=\"#e1e1e1\"><a href=\"https:\/\/congresocoahuila.gob.mx\/transparencia\/03\/Iniciativas-2015-2017\/20171218_105_Ejec.doc\">18 de Diciembre de 2017<\/a><\/td>\n<\/tr>\n<tr>\n<td class=\"Estilo91\" style=\"background-color: #f7f5f5; text-align: left;\" valign=\"top\" bgcolor=\"#e1e1e1\">Ejecutivo del Estado,\u00a0Ing. Miguel \u00c1ngel Riquelme Sol\u00eds.<\/td>\n<td class=\"Estilo91\" style=\"background-color: #f7f5f5; text-align: left;\" valign=\"middle\" bgcolor=\"#e1e1e1\">Ley para la Distribuci\u00f3n de Participaciones y Aportaciones Federales a los Municipios del Estado de Coahuila de Zaragoza.<\/td>\n<td class=\"Estilo91\" style=\"background-color: #f7f5f5; text-align: center;\" align=\"center\" bgcolor=\"#e1e1e1\"><a href=\"https:\/\/congresocoahuila.gob.mx\/transparencia\/03\/Iniciativas-2015-2017\/20171218_106_Ejec.doc\">18 de Diciembre de 2017<\/a><\/td>\n<\/tr>\n<tr>\n<td class=\"Estilo91\" style=\"background-color: #e1e1e1; text-align: left;\" valign=\"top\" bgcolor=\"#e1e1e1\">Ejecutivo del Estado,\u00a0Ing. Miguel \u00c1ngel Riquelme Sol\u00eds.<\/td>\n<td class=\"Estilo91\" style=\"background-color: #e1e1e1; text-align: left;\" valign=\"middle\" bgcolor=\"#e1e1e1\">Reforma a la\u00a0Ley de Hacienda para el Estado de Coahuila de Zaragoza.<\/td>\n<td class=\"Estilo91\" style=\"background-color: #e1e1e1; text-align: center;\" align=\"center\" bgcolor=\"#e1e1e1\"><a href=\"https:\/\/congresocoahuila.gob.mx\/transparencia\/03\/Iniciativas-2015-2017\/20171218_107_Ejec.doc\">18 de Diciembre de 2017<\/a><\/td>\n<\/tr>\n<tr>\n<td class=\"Estilo91\" style=\"background-color: #f7f5f5; text-align: left;\" valign=\"top\" bgcolor=\"#e1e1e1\">Ejecutivo del Estado,\u00a0Ing. Miguel \u00c1ngel Riquelme Sol\u00eds.<\/td>\n<td class=\"Estilo91\" style=\"background-color: #f7f5f5; text-align: left;\" valign=\"middle\" bgcolor=\"#e1e1e1\">Reforma al\u00a0C\u00f3digo Fiscal para el Estado de Coahuila de Zaragoza.<\/td>\n<td class=\"Estilo91\" style=\"background-color: #f7f5f5; text-align: center;\" align=\"center\" bgcolor=\"#e1e1e1\"><a href=\"https:\/\/congresocoahuila.gob.mx\/transparencia\/03\/Iniciativas-2015-2017\/20171218_108_Ejec.doc\">18 de Diciembre de 2017<\/a><\/td>\n<\/tr>\n<tr>\n<td class=\"Estilo91\" style=\"background-color: #e1e1e1; text-align: left;\" valign=\"top\" bgcolor=\"#e1e1e1\">Diputado Luis Gurza Jaidar,\u00a0conjuntamente con las Diputadas y Diputados integrantes del Grupo Parlamentario \u201cGral. Eulalio Guti\u00e9rrez Ortiz\u201d, del Partido Revolucionario Institucional.<\/td>\n<td class=\"Estilo91\" style=\"background-color: #e1e1e1; text-align: left;\" valign=\"middle\" bgcolor=\"#e1e1e1\">Reforma a la\u00a0Ley de Proyectos para Prestaci\u00f3n de Servicios para el Estado Libre y Soberano de Coahuila de Zaragoza.<\/td>\n<td class=\"Estilo91\" style=\"background-color: #e1e1e1; text-align: center;\" align=\"center\" bgcolor=\"#e1e1e1\"><a href=\"https:\/\/congresocoahuila.gob.mx\/transparencia\/03\/INICIATIVAS-2015-2017\/20171218_661_PRI.doc\">18 de Diciembre de 2017<\/a><\/td>\n<\/tr>\n<tr>\n<td class=\"Estilo91\" style=\"background-color: #f7f5f5; text-align: left;\" valign=\"top\" bgcolor=\"#e1e1e1\">Diputado\u00a0Jos\u00e9 Ricardo Sald\u00edvar Vaquera,\u00a0conjuntamente con las Diputadas y Diputados integrantes del Grupo Parlamentario \u201cGral. Eulalio Guti\u00e9rrez Ortiz\u201d, del Partido Revolucionario Institucional.<\/td>\n<td class=\"Estilo91\" style=\"background-color: #f7f5f5; text-align: left;\" valign=\"middle\" bgcolor=\"#e1e1e1\">Reforma a la\u00a0Ley para la Prevenci\u00f3n, Atenci\u00f3n y Combate del Sobrepeso y la Obesidad para el\u00a0 Estado de Coahuila de Zaragoza.<\/td>\n<td class=\"Estilo91\" style=\"background-color: #f7f5f5; text-align: center;\" align=\"center\" bgcolor=\"#e1e1e1\"><a href=\"http:\/\/congresocoahuila.gob.mx\/portal\/wp-content\/uploads\/2017\/01\/20171218_662_PRI.doc\">18 de Diciembre de 2017<\/a><\/td>\n<\/tr>\n<tr>\n<td class=\"Estilo91\" style=\"background-color: #e1e1e1; text-align: left;\" valign=\"top\" bgcolor=\"#e1e1e1\">Diputado Javier D\u00edaz Gonz\u00e1lez,\u00a0conjuntamente con las Diputadas y Diputados integrantes del Grupo Parlamentario \u201cGral. Eulalio Guti\u00e9rrez Ortiz\u201d, del Partido Revolucionario Institucional.<\/td>\n<td class=\"Estilo91\" style=\"background-color: #e1e1e1; text-align: left;\" valign=\"middle\" bgcolor=\"#e1e1e1\">Reforma a la\u00a0Ley para la Prevenci\u00f3n, Atenci\u00f3n y Control del Acoso Escolar para el\u00a0 Estado de Coahuila de Zaragoza.<\/td>\n<td class=\"Estilo91\" style=\"background-color: #e1e1e1; text-align: center;\" align=\"center\" bgcolor=\"#e1e1e1\"><a href=\"http:\/\/congresocoahuila.gob.mx\/portal\/wp-content\/uploads\/2017\/01\/20171218_663_PRI.doc\">18 de Diciembre de 2017<\/a><\/td>\n<\/tr>\n<tr>\n<td class=\"Estilo91\" style=\"background-color: #f7f5f5; text-align: left;\" valign=\"top\" bgcolor=\"#e1e1e1\">Ejecutivo del Estado,\u00a0Ing. Miguel \u00c1ngel Riquelme Sol\u00eds.<\/td>\n<td class=\"Estilo91\" style=\"background-color: #f7f5f5; text-align: left;\" valign=\"middle\" bgcolor=\"#e1e1e1\">Reforma a Diversos Ordenamientos<\/td>\n<td class=\"Estilo91\" style=\"background-color: #f7f5f5; text-align: center;\" align=\"center\" bgcolor=\"#e1e1e1\"><a href=\"https:\/\/congresocoahuila.gob.mx\/transparencia\/03\/Iniciativas-2015-2017\/20171222_109_Ejec.doc\">22 de Diciembre de 2017<\/a><\/td>\n<\/tr>\n<tr>\n<td class=\"Estilo91\" style=\"background-color: #e1e1e1; text-align: left;\" valign=\"top\" bgcolor=\"#e1e1e1\">Ejecutivo del Estado,\u00a0Ing. Miguel \u00c1ngel Riquelme Sol\u00eds.<\/td>\n<td class=\"Estilo91\" style=\"background-color: #e1e1e1; text-align: left;\" valign=\"middle\" bgcolor=\"#e1e1e1\">Se crea la Ley para el Desarrollo Social del Estado de Coahuila de Zaragoza, suscrita por el Gobernador del Estado de Coahuila de Zaragoza.<\/td>\n<td class=\"Estilo91\" style=\"background-color: #e1e1e1; text-align: center;\" align=\"center\" bgcolor=\"#e1e1e1\"><a href=\"https:\/\/congresocoahuila.gob.mx\/transparencia\/03\/Iniciativas-2015-2017\/20171222_110_Ejec.doc\">22 de Diciembre de 2017<\/a><\/td>\n<\/tr>\n<tr>\n<td class=\"Estilo91\" style=\"background-color: #f7f5f5; text-align: left;\" valign=\"top\" bgcolor=\"#e1e1e1\">Ejecutivo del Estado,\u00a0Ing. Miguel \u00c1ngel Riquelme Sol\u00eds.<\/td>\n<td class=\"Estilo91\" style=\"background-color: #f7f5f5; text-align: left;\" valign=\"middle\" bgcolor=\"#e1e1e1\">Se crea la Ley de Asentamientos Humanos, Ordenamiento Territorial y Desarrollo Urbano del Estado de Coahuila de Zaragoza, suscrita por el Gobernador del Estado de Coahuila de Zaragoza.<\/td>\n<td class=\"Estilo91\" style=\"background-color: #f7f5f5; text-align: center;\" align=\"center\" bgcolor=\"#e1e1e1\"><a href=\"https:\/\/congresocoahuila.gob.mx\/transparencia\/03\/Iniciativas-2015-2017\/20171222_111_Ejec.doc\">22 de Diciembre de 2017<\/a><\/td>\n<\/tr>\n<tr>\n<td class=\"Estilo91\" style=\"background-color: #e1e1e1; text-align: left;\" valign=\"top\" bgcolor=\"#e1e1e1\">Diputadas y Diputados integrantes del Grupo Parlamentario \u201cGral. Eulalio Guti\u00e9rrez Ortiz\u201d, del Partido Revolucionario Institucional, conjuntamente con el Diputado Rodrigo Tueme Lozano, de la Fracci\u00f3n Parlamentaria \u201cJos\u00e9 Mario Molina Pasquel y Henriquez\u201d, del Partido Verde Ecologista de M\u00e9xico; Diputada Luisa Ivone Gallegos Mart\u00ednez, de la Fracci\u00f3n Parlamentaria \u201cDorotea de la Fuente Flores\u201d del Partido Nueva Alianza, y la Diputada Claudia Elisa Morales Salazar, de la Fracci\u00f3n Parlamentaria \u201cLic. Gilberto Rinc\u00f3n Gallardo\u201d, del Socialdem\u00f3crata Independiente Partido Pol\u00edtico de Coahuila.<\/td>\n<td class=\"Estilo91\" style=\"background-color: #e1e1e1; text-align: left;\" valign=\"middle\" bgcolor=\"#e1e1e1\">Reforma a la Ley Org\u00e1nica del Congreso del Estado Independiente, Libre y Soberano de Coahuila de Zaragoza.<\/td>\n<td class=\"Estilo91\" style=\"background-color: #e1e1e1; text-align: center;\" align=\"center\" bgcolor=\"#e1e1e1\"><a href=\"https:\/\/congresocoahuila.gob.mx\/transparencia\/03\/INICIATIVAS-2015-2017\/20171227_664_PRI_PVEM_PNA_PSD.doc\">27 de Diciembre de 2017<\/a><\/td>\n<\/tr>\n<\/tbody>\n<\/table>\n<p>&nbsp;<\/p>\n","protected":false},"excerpt":{"rendered":"<p>INICIATIVAS DE LEY Y\/O REFORMAS DE LEY 2017 Fecha de actualizaci\u00f3n: 31 de\u00a0Diciembre de 2017. Responsable de la Informaci\u00f3n: Lic. Francisco Javier Rangel Castro, Oficial Mayor\u00a0del H. Congreso del Estado de Coahuila Presentada por: Iniciativa de Ley o reforma de Ley Fecha Ejecutivo del Estado, Lic. Rub\u00e9n Ignacio Moreira Valdez. Reforma a la Ley de [&hellip;]<\/p>\n","protected":false},"author":3,"featured_media":0,"parent":0,"menu_order":0,"comment_status":"closed","ping_status":"closed","template":"","meta":{"footnotes":""},"categories":[],"tags":[],"class_list":["post-24119","page","type-page","status-publish","hentry"],"_links":{"self":[{"href":"https:\/\/www.congresocoahuila.gob.mx\/portal\/wp-json\/wp\/v2\/pages\/24119","targetHints":{"allow":["GET"]}}],"collection":[{"href":"https:\/\/www.congresocoahuila.gob.mx\/portal\/wp-json\/wp\/v2\/pages"}],"about":[{"href":"https:\/\/www.congresocoahuila.gob.mx\/portal\/wp-json\/wp\/v2\/types\/page"}],"author":[{"embeddable":true,"href":"https:\/\/www.congresocoahuila.gob.mx\/portal\/wp-json\/wp\/v2\/users\/3"}],"replies":[{"embeddable":true,"href":"https:\/\/www.congresocoahuila.gob.mx\/portal\/wp-json\/wp\/v2\/comments?post=24119"}],"version-history":[{"count":199,"href":"https:\/\/www.congresocoahuila.gob.mx\/portal\/wp-json\/wp\/v2\/pages\/24119\/revisions"}],"predecessor-version":[{"id":43254,"href":"https:\/\/www.congresocoahuila.gob.mx\/portal\/wp-json\/wp\/v2\/pages\/24119\/revisions\/43254"}],"wp:attachment":[{"href":"https:\/\/www.congresocoahuila.gob.mx\/portal\/wp-json\/wp\/v2\/media?parent=24119"}],"wp:term":[{"taxonomy":"category","embeddable":true,"href":"https:\/\/www.congresocoahuila.gob.mx\/portal\/wp-json\/wp\/v2\/categories?post=24119"},{"taxonomy":"post_tag","embeddable":true,"href":"https:\/\/www.congresocoahuila.gob.mx\/portal\/wp-json\/wp\/v2\/tags?post=24119"}],"curies":[{"name":"wp","href":"https:\/\/api.w.org\/{rel}","templated":true}]}}