{"id":29840,"date":"2018-01-15T13:14:53","date_gmt":"2018-01-15T19:14:53","guid":{"rendered":"http:\/\/congresocoahuila.gob.mx\/portal\/?page_id=29840"},"modified":"2018-01-15T14:35:52","modified_gmt":"2018-01-15T20:35:52","slug":"primer-periodo-de-la-diputacion-permanente-del-primer-ano-de-ejercicio-constitucional-de-la-lxi","status":"publish","type":"page","link":"https:\/\/www.congresocoahuila.gob.mx\/portal\/primer-periodo-de-la-diputacion-permanente-del-primer-ano-de-ejercicio-constitucional-de-la-lxi\/","title":{"rendered":"Primer Per\u00edodo de la Diputaci\u00f3n Permanente del Primer A\u00f1o de Ejercicio Constitucional de la LXI"},"content":{"rendered":"<p><strong>DIPUTACI\u00d3N PERMANENTE<\/strong><\/p>\n<table border=\"0\" width=\"766\" cellspacing=\"0\" cellpadding=\"0\">\n<tbody>\n<tr>\n<td style=\"text-align: left;\" colspan=\"2\" bgcolor=\"#CCCCCC\"><strong>ENERO- FEBRERO 2018<\/strong><\/td>\n<\/tr>\n<tr>\n<td style=\"text-align: left;\" width=\"326\">Presidenta:\u00a0Dip. Ver\u00f3nica Boreque Mart\u00ednez Gonz\u00e1lez<\/td>\n<td style=\"text-align: left;\" width=\"424\"><span style=\"font-weight: 400;\">Suplente:\u00a0<\/span><span style=\"font-weight: 400;\">Dip.\u202fSamuel Rodr\u00edguez Mart\u00ednez<\/span><\/td>\n<\/tr>\n<tr>\n<td style=\"text-align: left;\">Vicepresidente:\u00a0Dip. Juan Antonio Garc\u00eda Villa<\/td>\n<td style=\"text-align: left;\">Suplente:\u00a0Dip.\u00a0Gerardo Abrham Aguado G\u00f3mez<\/td>\n<\/tr>\n<tr>\n<td style=\"text-align: left;\">Secretario:\u00a0Dip.\u202fEdgar Gerardo S\u00e1nchez Garza<\/td>\n<td style=\"text-align: left;\">Suplente:\u00a0Dip.\u00a0Emilio Alejandro de Hoyos Montemayor<\/td>\n<\/tr>\n<tr>\n<td style=\"text-align: left;\">Secretario:\u00a0Dip. Jos\u00e9 Benito Ram\u00edrez Rosas<\/td>\n<td style=\"text-align: left;\">Suplente:\u00a0Dip.\u202fElisa Catalina Villalobos Hern\u00e1ndez<\/td>\n<\/tr>\n<tr>\n<td style=\"text-align: left;\">Secretaria:\u00a0Dip.\u00a0Claudia Isela Ram\u00edrez Pineda<\/td>\n<td style=\"text-align: left;\">Suplente:\u00a0Dip.\u202fDiana Patricia Gonz\u00e1lez Soto<\/td>\n<\/tr>\n<tr>\n<td style=\"text-align: left;\">Vocal:\u00a0Dip. Elisa Catalina Villalobos Hern\u00e1ndez<\/td>\n<td style=\"text-align: left;\">Suplente:\u00a0Dip.\u00a0\u00a0Jos\u00e9 Benito Ram\u00edrez Rosas<\/td>\n<\/tr>\n<tr>\n<td style=\"text-align: left;\">Vocal:\u00a0Dip.\u202f\u202fJosefina Garza Barrera<\/td>\n<td style=\"text-align: left;\">Suplente:\u00a0Dip.\u202f\u00a0Jes\u00fas Berino Granados<\/td>\n<\/tr>\n<tr>\n<td style=\"text-align: left;\">Vocal:\u00a0Dip. Gabriela Zapopan Garza Galv\u00e1n<\/td>\n<td style=\"text-align: left;\">Suplente:\u00a0Dip.\u202fBlanca Eppen Canales<\/td>\n<\/tr>\n<tr>\n<td style=\"text-align: left;\">Vocal: Dip. Rosa Nilda Gonz\u00e1lez Noriega<\/td>\n<td style=\"text-align: left;\">Suplente:\u00a0Dip.\u202fMar\u00eda Eugenia C\u00e1zarez Mart\u00ednez<\/td>\n<\/tr>\n<tr>\n<td style=\"text-align: left;\">Vocal: Dip.\u00a0Zulmma Verenice Guerrero C\u00e1zares<\/td>\n<td style=\"text-align: left;\">Suplente:\u00a0Dip. Emilio Alejandro de Hoyos Montemayor<\/td>\n<\/tr>\n<tr>\n<td style=\"text-align: left;\">Vocal: Dip.\u00a0\u00a0Mar\u00eda Esperanza Chapa Garc\u00eda<\/td>\n<td style=\"text-align: left;\">Suplente: Dip.\u00a0Jaime Bueno Zertuche<\/td>\n<\/tr>\n<\/tbody>\n<\/table>\n<p>&nbsp;<\/p>\n","protected":false},"excerpt":{"rendered":"<p>DIPUTACI\u00d3N PERMANENTE ENERO- FEBRERO 2018 Presidenta:\u00a0Dip. Ver\u00f3nica Boreque Mart\u00ednez Gonz\u00e1lez Suplente:\u00a0Dip.\u202fSamuel Rodr\u00edguez Mart\u00ednez Vicepresidente:\u00a0Dip. Juan Antonio Garc\u00eda Villa Suplente:\u00a0Dip.\u00a0Gerardo Abrham Aguado G\u00f3mez Secretario:\u00a0Dip.\u202fEdgar Gerardo S\u00e1nchez Garza Suplente:\u00a0Dip.\u00a0Emilio Alejandro de Hoyos Montemayor Secretario:\u00a0Dip. Jos\u00e9 Benito Ram\u00edrez Rosas Suplente:\u00a0Dip.\u202fElisa Catalina Villalobos Hern\u00e1ndez Secretaria:\u00a0Dip.\u00a0Claudia Isela Ram\u00edrez Pineda Suplente:\u00a0Dip.\u202fDiana Patricia Gonz\u00e1lez Soto Vocal:\u00a0Dip. Elisa Catalina Villalobos Hern\u00e1ndez Suplente:\u00a0Dip.\u00a0\u00a0Jos\u00e9 Benito [&hellip;]<\/p>\n","protected":false},"author":6,"featured_media":0,"parent":0,"menu_order":0,"comment_status":"closed","ping_status":"closed","template":"","meta":{"footnotes":""},"categories":[],"tags":[],"class_list":["post-29840","page","type-page","status-publish","hentry"],"_links":{"self":[{"href":"https:\/\/www.congresocoahuila.gob.mx\/portal\/wp-json\/wp\/v2\/pages\/29840","targetHints":{"allow":["GET"]}}],"collection":[{"href":"https:\/\/www.congresocoahuila.gob.mx\/portal\/wp-json\/wp\/v2\/pages"}],"about":[{"href":"https:\/\/www.congresocoahuila.gob.mx\/portal\/wp-json\/wp\/v2\/types\/page"}],"author":[{"embeddable":true,"href":"https:\/\/www.congresocoahuila.gob.mx\/portal\/wp-json\/wp\/v2\/users\/6"}],"replies":[{"embeddable":true,"href":"https:\/\/www.congresocoahuila.gob.mx\/portal\/wp-json\/wp\/v2\/comments?post=29840"}],"version-history":[{"count":14,"href":"https:\/\/www.congresocoahuila.gob.mx\/portal\/wp-json\/wp\/v2\/pages\/29840\/revisions"}],"predecessor-version":[{"id":29863,"href":"https:\/\/www.congresocoahuila.gob.mx\/portal\/wp-json\/wp\/v2\/pages\/29840\/revisions\/29863"}],"wp:attachment":[{"href":"https:\/\/www.congresocoahuila.gob.mx\/portal\/wp-json\/wp\/v2\/media?parent=29840"}],"wp:term":[{"taxonomy":"category","embeddable":true,"href":"https:\/\/www.congresocoahuila.gob.mx\/portal\/wp-json\/wp\/v2\/categories?post=29840"},{"taxonomy":"post_tag","embeddable":true,"href":"https:\/\/www.congresocoahuila.gob.mx\/portal\/wp-json\/wp\/v2\/tags?post=29840"}],"curies":[{"name":"wp","href":"https:\/\/api.w.org\/{rel}","templated":true}]}}