{"id":29920,"date":"2018-01-19T09:53:00","date_gmt":"2018-01-19T15:53:00","guid":{"rendered":"http:\/\/congresocoahuila.gob.mx\/portal\/?page_id=29920"},"modified":"2021-01-21T12:43:24","modified_gmt":"2021-01-21T18:43:24","slug":"primer-periodo-de-la-diputacion-permanente-2018","status":"publish","type":"page","link":"https:\/\/www.congresocoahuila.gob.mx\/portal\/primer-periodo-de-la-diputacion-permanente-2018\/","title":{"rendered":"PRIMER PER\u00cdODO DE LA DIPUTACI\u00d3N PERMANENTE 2018"},"content":{"rendered":"<p><strong>PRIMER A\u00d1O DE EJERCICIO CONSTITUCIONAL 2018<br \/>\nPRIMER PER\u00cdODO DE LA DIPUTACI\u00d3N PERMANENTE<\/strong><\/p>\n<p style=\"text-align: justify;\">Fecha de actualizaci\u00f3n de Diario de los Debates: La presente fracci\u00f3n se actualiza, atento a lo que disponen los Art\u00edculos 247 al 252&nbsp;de la Ley Org\u00e1nica del Congreso, que disponen la publicaci\u00f3n del Diario de los Debates al termino de cada sesi\u00f3n, por lo que la presente p\u00e1gina se actualiza una vez que las \u00e1reas t\u00e9cnico administrativas concluyen la labor de transcripci\u00f3n de la sesi\u00f3n correspondiente, para su publicaci\u00f3n en Internet.<\/p>\n<p style=\"text-align: justify;\">Fecha de actualizaci\u00f3n: 31 de Diciembre de 2018.<br \/>\nResponsable de la Informaci\u00f3n: M.D.&nbsp;Carlos Alberto Estrada Flores.<br \/>\nOficial Mayor&nbsp;del H. Congreso del Estado de Coahuila.<\/p>\n<p><a href=\"https:\/\/congresocoahuila.gob.mx\/transparencia\/03\/Debates-2018-2020\/20180117_PPR_S01.doc\">Primera Sesi\u00f3n del d\u00eda 17 de enero de 2018<\/a><br \/>\n<a href=\"https:\/\/congresocoahuila.gob.mx\/transparencia\/03\/Debates-2018-2020\/20180124_PPR_S02.doc\">Segunda Sesi\u00f3n del d\u00eda 24 de enero de 2018<\/a><br \/>\n<a href=\"https:\/\/congresocoahuila.gob.mx\/transparencia\/03\/Debates-2018-2020\/20180131_PPR_S03.doc\">Tercera Sesi\u00f3n del d\u00eda 31 de enero de 2018<\/a><br \/>\n<a href=\"https:\/\/congresocoahuila.gob.mx\/transparencia\/03\/Debates-2018-2020\/20180207_PPR_S04.doc\">Cuarta Sesi\u00f3n del d\u00eda 07 de febrero de 2018<\/a><br \/>\n<a href=\"https:\/\/congresocoahuila.gob.mx\/transparencia\/03\/Debates-2018-2020\/20180214_PPR_S05.doc\">Quinta Sesi\u00f3n del d\u00eda 14 de febrero de 2018<\/a><br \/>\n<a href=\"https:\/\/congresocoahuila.gob.mx\/transparencia\/03\/Debates-2018-2020\/20180219_PPR_S06_Solemne.doc\">Sesi\u00f3n Solemne \u2013 19 de Febrero de 2018 \u2013 Para conmemorar el D\u00eda del Ej\u00e9rcito, as\u00ed como para rendir homenaje a Don Venustiano Carranza&nbsp;y a los Diputados del Vig\u00e9simo Segundo Congreso Constitucional del Estado<\/a><br \/>\n<a href=\"https:\/\/congresocoahuila.gob.mx\/transparencia\/03\/Debates-2018-2020\/20180221_PPR_S07.doc\">S\u00e9ptima Sesi\u00f3n del d\u00eda 21 de febrero de 2018<\/a><br \/>\n<a href=\"https:\/\/congresocoahuila.gob.mx\/transparencia\/03\/Debates-2018-2020\/20180228_PPR_S08.doc\">Octava Sesi\u00f3n del d\u00eda 28 de febrero de 2018<\/a><\/p>\n","protected":false},"excerpt":{"rendered":"<p>PRIMER A\u00d1O DE EJERCICIO CONSTITUCIONAL 2018 PRIMER PER\u00cdODO DE LA DIPUTACI\u00d3N PERMANENTE Fecha de actualizaci\u00f3n de Diario de los Debates: La presente fracci\u00f3n se actualiza, atento a lo que disponen los Art\u00edculos 247 al 252&nbsp;de la Ley Org\u00e1nica del Congreso, que disponen la publicaci\u00f3n del Diario de los Debates al termino de cada sesi\u00f3n, por [&hellip;]<\/p>\n","protected":false},"author":5,"featured_media":0,"parent":0,"menu_order":0,"comment_status":"closed","ping_status":"closed","template":"","meta":{"footnotes":""},"categories":[],"tags":[],"class_list":["post-29920","page","type-page","status-publish","hentry"],"_links":{"self":[{"href":"https:\/\/www.congresocoahuila.gob.mx\/portal\/wp-json\/wp\/v2\/pages\/29920","targetHints":{"allow":["GET"]}}],"collection":[{"href":"https:\/\/www.congresocoahuila.gob.mx\/portal\/wp-json\/wp\/v2\/pages"}],"about":[{"href":"https:\/\/www.congresocoahuila.gob.mx\/portal\/wp-json\/wp\/v2\/types\/page"}],"author":[{"embeddable":true,"href":"https:\/\/www.congresocoahuila.gob.mx\/portal\/wp-json\/wp\/v2\/users\/5"}],"replies":[{"embeddable":true,"href":"https:\/\/www.congresocoahuila.gob.mx\/portal\/wp-json\/wp\/v2\/comments?post=29920"}],"version-history":[{"count":22,"href":"https:\/\/www.congresocoahuila.gob.mx\/portal\/wp-json\/wp\/v2\/pages\/29920\/revisions"}],"predecessor-version":[{"id":40095,"href":"https:\/\/www.congresocoahuila.gob.mx\/portal\/wp-json\/wp\/v2\/pages\/29920\/revisions\/40095"}],"wp:attachment":[{"href":"https:\/\/www.congresocoahuila.gob.mx\/portal\/wp-json\/wp\/v2\/media?parent=29920"}],"wp:term":[{"taxonomy":"category","embeddable":true,"href":"https:\/\/www.congresocoahuila.gob.mx\/portal\/wp-json\/wp\/v2\/categories?post=29920"},{"taxonomy":"post_tag","embeddable":true,"href":"https:\/\/www.congresocoahuila.gob.mx\/portal\/wp-json\/wp\/v2\/tags?post=29920"}],"curies":[{"name":"wp","href":"https:\/\/api.w.org\/{rel}","templated":true}]}}