{"id":37388,"date":"2020-04-01T12:51:15","date_gmt":"2020-04-01T18:51:15","guid":{"rendered":"http:\/\/congresocoahuila.gob.mx\/portal\/?page_id=37388"},"modified":"2020-04-01T12:51:17","modified_gmt":"2020-04-01T18:51:17","slug":"justificacion-del-gasto-legislatura-2019-2","status":"publish","type":"page","link":"https:\/\/www.congresocoahuila.gob.mx\/portal\/justificacion-del-gasto-legislatura-2019-2\/","title":{"rendered":"JUSTIFICACI\u00d3N DEL GASTO LEGISLATURA 2019"},"content":{"rendered":"<table style=\"height: 85px; border-color: #ededed; background-color: #f2f2f2;\" width=\"346\">\n<tbody>\n<tr style=\"height: 32px;\">\n<td style=\"height: 32px; width: 232px; text-align: left;\"><strong><span style=\"font-size: 12pt;\">ENERO<\/span><\/strong><\/td>\n<td style=\"height: 32px; width: 106px;\"><strong>DOCUMENTO<\/strong><\/td>\n<\/tr>\n<tr style=\"height: 47px;\">\n<td style=\"height: 47px; width: 232px; text-align: left;\">DIP. MARCELO TORRES COFI\u00d1O<\/td>\n<td style=\"height: 47px; width: 106px;\"><a href=\"https:\/\/congresocoahuila.gob.mx\/transparencia\/ART\/21\/7\/JUSTIFICACION_GASTO\/ENERO\/DIP_MARCELO_TORRES_ENERO.pdf\" data-wp-editing=\"1\"><img loading=\"lazy\" decoding=\"async\" class=\"alignnone wp-image-34276\" src=\"http:\/\/congresocoahuila.gob.mx\/portal\/wp-content\/uploads\/2019\/05\/PDF_-4.jpg\" alt=\"\" width=\"20\" height=\"25\"><\/a><\/td>\n<\/tr>\n<tr style=\"height: 32px;\">\n<td style=\"width: 232px; text-align: left; height: 32px;\"><strong>FEBRERO<\/strong><\/td>\n<td style=\"width: 106px; height: 32px;\"><\/td>\n<\/tr>\n<tr style=\"height: 33px;\">\n<td style=\"width: 232px; text-align: left; height: 33px;\">ALMA LUCINA MEL\u00c9NDEZ FONG<\/td>\n<td style=\"width: 106px; height: 33px;\"><a href=\"https:\/\/congresocoahuila.gob.mx\/transparencia\/ART\/21\/7\/JUSTIFICACION_GASTO\/FEBRERO\/ALMA_FONG.pdf\" data-wp-editing=\"1\"><img loading=\"lazy\" decoding=\"async\" class=\"alignnone wp-image-34276\" src=\"http:\/\/congresocoahuila.gob.mx\/portal\/wp-content\/uploads\/2019\/05\/PDF_-4.jpg\" alt=\"\" width=\"20\" height=\"25\"><\/a><\/td>\n<\/tr>\n<tr style=\"height: 60px;\">\n<td style=\"width: 232px; text-align: left; height: 60px;\">DIP. EPPEN CANALES BLANCA<\/td>\n<td style=\"width: 106px; height: 60px;\"><a href=\"https:\/\/congresocoahuila.gob.mx\/transparencia\/ART\/21\/7\/JUSTIFICACION_GASTO\/FEBRERO\/DIP_BLANCA_EPEN_CANALES.pdf\" data-wp-editing=\"1\"><img loading=\"lazy\" decoding=\"async\" class=\"alignnone wp-image-34276\" src=\"http:\/\/congresocoahuila.gob.mx\/portal\/wp-content\/uploads\/2019\/05\/PDF_-4.jpg\" alt=\"\" width=\"20\" height=\"25\"><\/a><\/td>\n<\/tr>\n<tr style=\"height: 60px;\">\n<td style=\"width: 232px; text-align: left; height: 60px;\">DIP. GARZA GALV\u00c1N GABRIELA ZAPOPAN<\/td>\n<td style=\"width: 106px; height: 60px;\"><a href=\"https:\/\/congresocoahuila.gob.mx\/transparencia\/ART\/21\/7\/JUSTIFICACION_GASTO\/FEBRERO\/DIP_GABRIELA_ZAPOPAN_GARZA.pdf\"><img loading=\"lazy\" decoding=\"async\" class=\"alignnone wp-image-34276\" src=\"http:\/\/congresocoahuila.gob.mx\/portal\/wp-content\/uploads\/2019\/05\/PDF_-4.jpg\" alt=\"\" width=\"20\" height=\"25\"><\/a><\/td>\n<\/tr>\n<tr style=\"height: 60px;\">\n<td style=\"width: 232px; text-align: left; height: 60px;\">JOS\u00c9 ARMANDO GONZ\u00c1LEZ MURILLO<\/td>\n<td style=\"width: 106px; height: 60px;\"><a href=\"https:\/\/congresocoahuila.gob.mx\/transparencia\/ART\/21\/7\/JUSTIFICACION_GASTO\/FEBRERO\/JOSE_ARMANDO_GONZALEZ_MURILLO.pdf\"><img loading=\"lazy\" decoding=\"async\" class=\"alignnone wp-image-34276\" src=\"http:\/\/congresocoahuila.gob.mx\/portal\/wp-content\/uploads\/2019\/05\/PDF_-4.jpg\" alt=\"\" width=\"20\" height=\"25\"><\/a><\/td>\n<\/tr>\n<tr style=\"height: 60px;\">\n<td style=\"width: 232px; text-align: left; height: 60px;\">JUAN GABRIEL SALMERON NARRO<\/td>\n<td style=\"width: 106px; height: 60px;\"><a href=\"https:\/\/congresocoahuila.gob.mx\/transparencia\/ART\/21\/7\/JUSTIFICACION_GASTO\/FEBRERO\/JUAN_GABRIEL_SALMERON_NARRO.pdf\"><img loading=\"lazy\" decoding=\"async\" class=\"alignnone wp-image-34276\" src=\"http:\/\/congresocoahuila.gob.mx\/portal\/wp-content\/uploads\/2019\/05\/PDF_-4.jpg\" alt=\"\" width=\"20\" height=\"25\"><\/a><\/td>\n<\/tr>\n<tr style=\"height: 60px;\">\n<td style=\"width: 232px; text-align: left; height: 60px;\">DIP. ZULMMA VERENICE GUERRERO C\u00c1ZARES<\/td>\n<td style=\"width: 106px; height: 60px;\"><a href=\"https:\/\/congresocoahuila.gob.mx\/transparencia\/ART\/21\/7\/JUSTIFICACION_GASTO\/FEBRERO\/DIP_ZULMMA_VERENICE_GUERRERO_CAZARES.pdf\"><img loading=\"lazy\" decoding=\"async\" class=\"alignnone wp-image-34276\" src=\"http:\/\/congresocoahuila.gob.mx\/portal\/wp-content\/uploads\/2019\/05\/PDF_-4.jpg\" alt=\"\" width=\"20\" height=\"25\"><\/a><\/td>\n<\/tr>\n<tr style=\"height: 60px;\">\n<td style=\"width: 232px; text-align: left; height: 60px;\">FERNANDO OYERVIDES THOMAS<\/td>\n<td style=\"width: 106px; height: 60px;\"><a href=\"https:\/\/congresocoahuila.gob.mx\/transparencia\/ART\/21\/7\/JUSTIFICACION_GASTO\/FEBRERO\/FERNANDO_OYERVIDES_THOMAS.pdf\"><img loading=\"lazy\" decoding=\"async\" class=\"alignnone wp-image-34276\" src=\"http:\/\/congresocoahuila.gob.mx\/portal\/wp-content\/uploads\/2019\/05\/PDF_-4.jpg\" alt=\"\" width=\"20\" height=\"25\"><\/a><\/td>\n<\/tr>\n<tr style=\"height: 60px;\">\n<td style=\"width: 232px; text-align: left; height: 60px;\">PEDRO HUMBERTO MEDINA M\u00c9NDEZ<\/td>\n<td style=\"width: 106px; height: 60px;\"><a href=\"https:\/\/congresocoahuila.gob.mx\/transparencia\/ART\/21\/7\/JUSTIFICACION_GASTO\/FEBRERO\/PEDRO_HUMBERTO_MEDINA.pdf\"><img loading=\"lazy\" decoding=\"async\" class=\"alignnone wp-image-34276\" src=\"http:\/\/congresocoahuila.gob.mx\/portal\/wp-content\/uploads\/2019\/05\/PDF_-4.jpg\" alt=\"\" width=\"20\" height=\"25\"><\/a><\/td>\n<\/tr>\n<tr style=\"height: 60px;\">\n<td style=\"width: 232px; text-align: left; height: 60px;\">RAFAEL DELGADO HERN\u00c1NDEZ<\/td>\n<td style=\"width: 106px; height: 60px;\"><a href=\"https:\/\/congresocoahuila.gob.mx\/transparencia\/ART\/21\/7\/JUSTIFICACION_GASTO\/FEBRERO\/RAFAEL_DELGADO_HDZ.pdf\"><img loading=\"lazy\" decoding=\"async\" class=\"alignnone wp-image-34276\" src=\"http:\/\/congresocoahuila.gob.mx\/portal\/wp-content\/uploads\/2019\/05\/PDF_-4.jpg\" alt=\"\" width=\"20\" height=\"25\"><\/a><\/td>\n<\/tr>\n<tr style=\"height: 32px;\">\n<td style=\"width: 232px; text-align: left; height: 32px;\"><strong>MARZO<\/strong><\/td>\n<td style=\"width: 106px; height: 32px;\"><\/td>\n<\/tr>\n<tr style=\"height: 60px;\">\n<td style=\"width: 232px; text-align: left; height: 60px;\">ALMA LUCINA MEL\u00c9NDEZ FONG<\/td>\n<td style=\"width: 106px; height: 60px;\"><a href=\"https:\/\/congresocoahuila.gob.mx\/transparencia\/ART\/21\/7\/JUSTIFICACION_GASTO\/MARZO\/ALMA_FONG.pdf\"><img loading=\"lazy\" decoding=\"async\" class=\"alignnone wp-image-34276\" src=\"http:\/\/congresocoahuila.gob.mx\/portal\/wp-content\/uploads\/2019\/05\/PDF_-4.jpg\" alt=\"\" width=\"20\" height=\"25\"><\/a><\/td>\n<\/tr>\n<tr style=\"height: 60px;\">\n<td style=\"width: 232px; text-align: left; height: 60px;\">DIP. LUC\u00cdA AZUCENA RAMOS RAMOS<\/td>\n<td style=\"width: 106px; height: 60px;\"><a href=\"https:\/\/congresocoahuila.gob.mx\/transparencia\/ART\/21\/7\/JUSTIFICACION_GASTO\/MARZO\/DIP_RAMOS_RAMOS_LUCIA_AZUCENA.pdf\"><img loading=\"lazy\" decoding=\"async\" class=\"alignnone wp-image-34276\" src=\"http:\/\/congresocoahuila.gob.mx\/portal\/wp-content\/uploads\/2019\/05\/PDF_-4.jpg\" alt=\"\" width=\"20\" height=\"25\"><\/a><\/td>\n<\/tr>\n<tr style=\"height: 60px;\">\n<td style=\"width: 232px; text-align: left; height: 60px;\">DIP. BLANCA EPPEN CANALES<\/td>\n<td style=\"width: 106px; height: 60px;\"><a href=\"https:\/\/congresocoahuila.gob.mx\/transparencia\/ART\/21\/7\/JUSTIFICACION_GASTO\/MARZO\/DIP_EPPEN_CANALES_BLANCA.pdf\"><img loading=\"lazy\" decoding=\"async\" class=\"alignnone wp-image-34276\" src=\"http:\/\/congresocoahuila.gob.mx\/portal\/wp-content\/uploads\/2019\/05\/PDF_-4.jpg\" alt=\"\" width=\"20\" height=\"25\"><\/a><\/td>\n<\/tr>\n<tr style=\"height: 60px;\">\n<td style=\"width: 232px; text-align: left; height: 60px;\">DIP. GABRIELA ZAPOPAN GARZA GALV\u00c1N<\/td>\n<td style=\"width: 106px; height: 60px;\"><a href=\"https:\/\/congresocoahuila.gob.mx\/transparencia\/ART\/21\/7\/JUSTIFICACION_GASTO\/MARZO\/DIP_GARZA_GALVAN_GABRIELA_ZAPOPAN.pdf\"><img loading=\"lazy\" decoding=\"async\" class=\"alignnone wp-image-34276\" src=\"http:\/\/congresocoahuila.gob.mx\/portal\/wp-content\/uploads\/2019\/05\/PDF_-4.jpg\" alt=\"\" width=\"20\" height=\"25\"><\/a><\/td>\n<\/tr>\n<tr style=\"height: 60px;\">\n<td style=\"width: 232px; text-align: left; height: 60px;\">JUAN GABRIEL SALMERON NARRO<\/td>\n<td style=\"width: 106px; height: 60px;\"><a href=\"https:\/\/congresocoahuila.gob.mx\/transparencia\/ART\/21\/7\/JUSTIFICACION_GASTO\/MARZO\/JUAN_GABRIEL_SALMERON_NARRO.pdf\"><img loading=\"lazy\" decoding=\"async\" class=\"alignnone wp-image-34276\" src=\"http:\/\/congresocoahuila.gob.mx\/portal\/wp-content\/uploads\/2019\/05\/PDF_-4.jpg\" alt=\"\" width=\"20\" height=\"25\"><\/a><\/td>\n<\/tr>\n<tr style=\"height: 60px;\">\n<td style=\"width: 232px; text-align: left; height: 60px;\">DIP. JUAN ANTONIO GARC\u00cdA VILLA<\/td>\n<td style=\"width: 106px; height: 60px;\"><a href=\"https:\/\/congresocoahuila.gob.mx\/transparencia\/ART\/21\/7\/JUSTIFICACION_GASTO\/MARZO\/DIP_JUAN_ANTONIO_GARCIA_VILLA.pdf\"><img loading=\"lazy\" decoding=\"async\" class=\"alignnone wp-image-34276\" src=\"http:\/\/congresocoahuila.gob.mx\/portal\/wp-content\/uploads\/2019\/05\/PDF_-4.jpg\" alt=\"\" width=\"20\" height=\"25\"><\/a><\/td>\n<\/tr>\n<tr style=\"height: 60px;\">\n<td style=\"width: 232px; text-align: left; height: 60px;\">DIP. JUAN CARLOS GUERRA L\u00d3PEZ NEGRETE<\/td>\n<td style=\"width: 106px; height: 60px;\"><a href=\"https:\/\/congresocoahuila.gob.mx\/transparencia\/ART\/21\/7\/JUSTIFICACION_GASTO\/MARZO\/DIP_JUAN_CARLOS_GUERRA_LOPEZ_NEGRETE.pdf\"><img loading=\"lazy\" decoding=\"async\" class=\"alignnone wp-image-34276\" src=\"http:\/\/congresocoahuila.gob.mx\/portal\/wp-content\/uploads\/2019\/05\/PDF_-4.jpg\" alt=\"\" width=\"20\" height=\"25\"><\/a><\/td>\n<\/tr>\n<tr style=\"height: 60px;\">\n<td style=\"width: 232px; text-align: left; height: 60px;\">JUAN GERARDO GARZA ESPINOZA<\/td>\n<td style=\"width: 106px; height: 60px;\"><a href=\"https:\/\/congresocoahuila.gob.mx\/transparencia\/ART\/21\/7\/JUSTIFICACION_GASTO\/MARZO\/JUAN_GERARDO_GARZA_ESPINOZA.pdf\"><img loading=\"lazy\" decoding=\"async\" class=\"alignnone wp-image-34276\" src=\"http:\/\/congresocoahuila.gob.mx\/portal\/wp-content\/uploads\/2019\/05\/PDF_-4.jpg\" alt=\"\" width=\"20\" height=\"25\"><\/a><\/td>\n<\/tr>\n<tr style=\"height: 60px;\">\n<td style=\"width: 232px; text-align: left; height: 60px;\">DIP. MAR\u00cdA EUGENIA CAZARES MART\u00cdNEZ<\/td>\n<td style=\"width: 106px; height: 60px;\"><a href=\"https:\/\/congresocoahuila.gob.mx\/transparencia\/ART\/21\/7\/JUSTIFICACION_GASTO\/MARZO\/DIP_MARIA_EUGENIA_CAZARES_MARTINEZ.pdf\"><img loading=\"lazy\" decoding=\"async\" class=\"alignnone wp-image-34276\" src=\"http:\/\/congresocoahuila.gob.mx\/portal\/wp-content\/uploads\/2019\/05\/PDF_-4.jpg\" alt=\"\" width=\"20\" height=\"25\"><\/a><\/td>\n<\/tr>\n<tr style=\"height: 60px;\">\n<td style=\"width: 232px; text-align: left; height: 60px;\">DIP. MARCELO DE JES\u00daS TORRES COFI\u00d1O<\/td>\n<td style=\"width: 106px; height: 60px;\"><a href=\"https:\/\/congresocoahuila.gob.mx\/transparencia\/ART\/21\/7\/JUSTIFICACION_GASTO\/MARZO\/DIP_MARCELO_TORRES_COFINO.pdf\"><img loading=\"lazy\" decoding=\"async\" class=\"alignnone wp-image-34276\" src=\"http:\/\/congresocoahuila.gob.mx\/portal\/wp-content\/uploads\/2019\/05\/PDF_-4.jpg\" alt=\"\" width=\"20\" height=\"25\"><\/a><\/td>\n<\/tr>\n<tr style=\"height: 60px;\">\n<td style=\"width: 232px; text-align: left; height: 60px;\">MAR\u00cdA DEL ROSARIO MART\u00cdNEZ VARGAS<\/td>\n<td style=\"width: 106px; height: 60px;\"><a href=\"https:\/\/congresocoahuila.gob.mx\/transparencia\/ART\/21\/7\/JUSTIFICACION_GASTO\/MARZO\/MARTINEZ_VARGAS_MARIA_ROSARIO.pdf\"><img loading=\"lazy\" decoding=\"async\" class=\"alignnone wp-image-34276\" src=\"http:\/\/congresocoahuila.gob.mx\/portal\/wp-content\/uploads\/2019\/05\/PDF_-4.jpg\" alt=\"\" width=\"20\" height=\"25\"><\/a><\/td>\n<\/tr>\n<tr style=\"height: 60px;\">\n<td style=\"width: 232px; text-align: left; height: 60px;\">MIGUEL \u00c1NGEL NABTE INTRIAGO<\/td>\n<td style=\"width: 106px; height: 60px;\"><a href=\"https:\/\/congresocoahuila.gob.mx\/transparencia\/ART\/21\/7\/JUSTIFICACION_GASTO\/MARZO\/MIGUEL_ANGEL_NABTE_INTRIAGO.pdf\"><img loading=\"lazy\" decoding=\"async\" class=\"alignnone wp-image-34276\" src=\"http:\/\/congresocoahuila.gob.mx\/portal\/wp-content\/uploads\/2019\/05\/PDF_-4.jpg\" alt=\"\" width=\"20\" height=\"25\"><\/a><\/td>\n<\/tr>\n<tr style=\"height: 60px;\">\n<td style=\"width: 232px; text-align: left; height: 60px;\">RAFAEL DELGADO HERN\u00c1NDEZ<\/td>\n<td style=\"width: 106px; height: 60px;\"><a href=\"https:\/\/congresocoahuila.gob.mx\/transparencia\/ART\/21\/7\/JUSTIFICACION_GASTO\/MARZO\/RAFAEL_DELGADO_HERNANDEZ.pdf\"><img loading=\"lazy\" decoding=\"async\" class=\"alignnone wp-image-34276\" src=\"http:\/\/congresocoahuila.gob.mx\/portal\/wp-content\/uploads\/2019\/05\/PDF_-4.jpg\" alt=\"\" width=\"20\" height=\"25\"><\/a><\/td>\n<\/tr>\n<tr style=\"height: 60px;\">\n<td style=\"width: 232px; text-align: left; height: 60px;\">ROC\u00cdO DEL CARMEN \u00c1VALOS ESCOBEDO<\/td>\n<td style=\"width: 106px; height: 60px;\"><a href=\"https:\/\/congresocoahuila.gob.mx\/transparencia\/ART\/21\/7\/JUSTIFICACION_GASTO\/MARZO\/ROCIO_AVALOS_ESCOBEDO.pdf\"><img loading=\"lazy\" decoding=\"async\" class=\"alignnone wp-image-34276\" src=\"http:\/\/congresocoahuila.gob.mx\/portal\/wp-content\/uploads\/2019\/05\/PDF_-4.jpg\" alt=\"\" width=\"20\" height=\"25\"><\/a><\/td>\n<\/tr>\n<tr style=\"height: 60px;\">\n<td style=\"width: 232px; text-align: left; height: 60px;\">DIP. ROSA LINDA GONZ\u00c1LEZ NORIEGA<\/td>\n<td style=\"width: 106px; height: 60px;\"><a href=\"https:\/\/congresocoahuila.gob.mx\/transparencia\/ART\/21\/7\/JUSTIFICACION_GASTO\/MARZO\/DIP_ROSA_LINDA_GONZALEZ_NORIEGA.pdf\"><img loading=\"lazy\" decoding=\"async\" class=\"alignnone wp-image-34276\" src=\"http:\/\/congresocoahuila.gob.mx\/portal\/wp-content\/uploads\/2019\/05\/PDF_-4.jpg\" alt=\"\" width=\"20\" height=\"25\"><\/a><\/td>\n<\/tr>\n<tr style=\"height: 60px;\">\n<td style=\"width: 232px; text-align: left; height: 60px;\">VICTOR VILLEGAS VERDUZCO<\/td>\n<td style=\"width: 106px; height: 60px;\"><a href=\"https:\/\/congresocoahuila.gob.mx\/transparencia\/ART\/21\/7\/JUSTIFICACION_GASTO\/MARZO\/VICTOR_VILLEGAS_VERDUZCO.pdf\"><img loading=\"lazy\" decoding=\"async\" class=\"alignnone wp-image-34276\" src=\"http:\/\/congresocoahuila.gob.mx\/portal\/wp-content\/uploads\/2019\/05\/PDF_-4.jpg\" alt=\"\" width=\"20\" height=\"25\"><\/a><\/td>\n<\/tr>\n<tr style=\"height: 60px;\">\n<td style=\"width: 232px; text-align: left; height: 60px;\">DIP. ZULMMA VERENICE GUERRERO C\u00c1ZARES<\/td>\n<td style=\"width: 106px; height: 60px;\"><a href=\"https:\/\/congresocoahuila.gob.mx\/transparencia\/ART\/21\/7\/JUSTIFICACION_GASTO\/MARZO\/DIP_ZULMMA_VERENICE_GUERRERO_CAZARES.pdf\"><img loading=\"lazy\" decoding=\"async\" class=\"alignnone wp-image-34276\" src=\"http:\/\/congresocoahuila.gob.mx\/portal\/wp-content\/uploads\/2019\/05\/PDF_-4.jpg\" alt=\"\" width=\"20\" height=\"25\"><\/a><\/td>\n<\/tr>\n<tr style=\"height: 32px;\">\n<td style=\"width: 232px; text-align: left; height: 32px;\"><strong>ABRIL<\/strong><\/td>\n<td style=\"width: 106px; height: 32px;\"><\/td>\n<\/tr>\n<tr style=\"height: 60px;\">\n<td style=\"width: 232px; text-align: left; height: 60px;\">JOS\u00c9 BENITO RAM\u00cdREZ ROSAS<\/td>\n<td style=\"width: 106px; height: 60px;\"><a href=\"https:\/\/congresocoahuila.gob.mx\/transparencia\/ART\/21\/7\/JUSTIFICACION_GASTO\/ABRIL\/JOSE_BENITO_RAMIREZ_ROSAS\/ABRIL_2019.pdf\"><img loading=\"lazy\" decoding=\"async\" class=\"alignnone wp-image-34276\" src=\"http:\/\/congresocoahuila.gob.mx\/portal\/wp-content\/uploads\/2019\/05\/PDF_-4.jpg\" alt=\"\" width=\"20\" height=\"25\"><\/a><\/td>\n<\/tr>\n<tr style=\"height: 60px;\">\n<td style=\"width: 232px; text-align: left; height: 60px;\">MARCELO DE JES\u00daS TORRES COFI\u00d1O<\/td>\n<td style=\"width: 106px; height: 60px;\"><a href=\"https:\/\/congresocoahuila.gob.mx\/transparencia\/ART\/21\/7\/JUSTIFICACION_GASTO\/ABRIL\/MARCELO_TORRES_COFINO\/ABRIL_2019.jpg\"><img loading=\"lazy\" decoding=\"async\" class=\"alignnone wp-image-34276\" src=\"http:\/\/congresocoahuila.gob.mx\/portal\/wp-content\/uploads\/2019\/05\/PDF_-4.jpg\" alt=\"\" width=\"20\" height=\"25\"><\/a><\/td>\n<\/tr>\n<tr style=\"height: 61px;\">\n<td style=\"width: 232px; text-align: left; height: 61px;\">MARA ALICIA ORT\u00cdZ DE LA PE\u00d1A<strong><br \/>\n<\/strong><\/td>\n<td style=\"width: 106px; height: 61px;\"><a href=\"https:\/\/congresocoahuila.gob.mx\/transparencia\/ART\/21\/7\/JUSTIFICACION_GASTO\/ABRIL\/MARA_ALICIA_ORTIZ_PENA\/ABRIL_2019.jpg\"><img loading=\"lazy\" decoding=\"async\" class=\"alignnone wp-image-34276\" src=\"http:\/\/congresocoahuila.gob.mx\/portal\/wp-content\/uploads\/2019\/05\/PDF_-4.jpg\" alt=\"\" width=\"20\" height=\"25\"><\/a><\/td>\n<\/tr>\n<tr style=\"height: 60px;\">\n<td style=\"width: 232px; text-align: left; height: 60px;\">RAFAEL DELGADO HERN\u00c1NDEZ<\/td>\n<td style=\"width: 106px; height: 60px;\"><a href=\"https:\/\/congresocoahuila.gob.mx\/transparencia\/ART\/21\/7\/JUSTIFICACION_GASTO\/ABRIL\/RAFAEL_DELGADO_HERNANDEZ\/ABRIL_2019.pdf\"><img loading=\"lazy\" decoding=\"async\" class=\"alignnone wp-image-34276\" src=\"http:\/\/congresocoahuila.gob.mx\/portal\/wp-content\/uploads\/2019\/05\/PDF_-4.jpg\" alt=\"\" width=\"20\" height=\"25\"><\/a><\/td>\n<\/tr>\n<tr style=\"height: 60px;\">\n<td style=\"width: 232px; text-align: left; height: 60px;\">JUAN CARLOS GUERRA L\u00d3PEZ NEGRETE<\/td>\n<td style=\"width: 106px; height: 60px;\"><a href=\"https:\/\/congresocoahuila.gob.mx\/transparencia\/ART\/21\/7\/JUSTIFICACION_GASTO\/ABRIL\/JUAN_CARLOS_GUERRA_LOPEZ_NEGRETE\/ABRIL_2019.pdf\"><img loading=\"lazy\" decoding=\"async\" class=\"alignnone wp-image-34276\" src=\"http:\/\/congresocoahuila.gob.mx\/portal\/wp-content\/uploads\/2019\/05\/PDF_-4.jpg\" alt=\"\" width=\"20\" height=\"25\"><\/a><\/td>\n<\/tr>\n<tr style=\"height: 32px;\">\n<td style=\"width: 232px; text-align: left; height: 32px;\"><strong>MAYO<\/strong><\/td>\n<td style=\"width: 106px; height: 32px;\"><\/td>\n<\/tr>\n<tr style=\"height: 60px;\">\n<td style=\"width: 232px; text-align: left; height: 60px;\">JUAN GABRIEL SALMERON NARRO<\/td>\n<td style=\"width: 106px; height: 60px;\"><a href=\"https:\/\/congresocoahuila.gob.mx\/transparencia\/ART\/21\/7\/JUSTIFICACION_GASTO\/MAYO\/JUAN_GABRIEL_SALMERON_NARRO\/MAYO_2019.pdf\"><img loading=\"lazy\" decoding=\"async\" class=\"alignnone wp-image-34276\" src=\"http:\/\/congresocoahuila.gob.mx\/portal\/wp-content\/uploads\/2019\/05\/PDF_-4.jpg\" alt=\"\" width=\"20\" height=\"25\"><\/a><\/td>\n<\/tr>\n<tr style=\"height: 64px;\">\n<td style=\"width: 232px; text-align: left; height: 53px;\">ALMA LUCINA MEL\u00c9NDEZ FONG<\/td>\n<td style=\"width: 106px; height: 53px;\"><a href=\"https:\/\/congresocoahuila.gob.mx\/transparencia\/ART\/21\/7\/JUSTIFICACION_GASTO\/MAYO\/ALMA_LUCINA_MELENDEZ_FONG\/MAYO_2019.pdf\"><img loading=\"lazy\" decoding=\"async\" class=\"alignnone wp-image-34276\" src=\"http:\/\/congresocoahuila.gob.mx\/portal\/wp-content\/uploads\/2019\/05\/PDF_-4.jpg\" alt=\"\" width=\"20\" height=\"25\"><\/a><\/td>\n<\/tr>\n<tr style=\"height: 60px;\">\n<td style=\"width: 232px; text-align: left; height: 60px;\">ALMA ROSA HUITR\u00d3N LANDEROS<\/td>\n<td style=\"width: 106px; height: 60px;\"><a href=\"https:\/\/congresocoahuila.gob.mx\/transparencia\/ART\/21\/7\/JUSTIFICACION_GASTO\/MAYO\/ALMA_ROSA_HUITRON_LANDEROS\/MAYO_2019.pdf\"><img loading=\"lazy\" decoding=\"async\" class=\"alignnone wp-image-34276\" src=\"http:\/\/congresocoahuila.gob.mx\/portal\/wp-content\/uploads\/2019\/05\/PDF_-4.jpg\" alt=\"\" width=\"20\" height=\"25\"><\/a><\/td>\n<\/tr>\n<tr style=\"height: 60px;\">\n<td style=\"width: 232px; text-align: left; height: 60px;\">DIP. VER\u00d3NICA BOREQUE MART\u00cdNEZ GONZ\u00c1LEZ<\/td>\n<td style=\"width: 106px; height: 60px;\"><a href=\"https:\/\/congresocoahuila.gob.mx\/transparencia\/ART\/21\/7\/JUSTIFICACION_GASTO\/MAYO\/BOREQUE_MARTINEZ_GONZALEZ\/MAYO_2019.pdf\"><img loading=\"lazy\" decoding=\"async\" class=\"alignnone wp-image-34276\" src=\"http:\/\/congresocoahuila.gob.mx\/portal\/wp-content\/uploads\/2019\/05\/PDF_-4.jpg\" alt=\"\" width=\"20\" height=\"25\"><\/a><\/td>\n<\/tr>\n<tr style=\"height: 60px;\">\n<td style=\"width: 232px; text-align: left; height: 60px;\">PEDRO HUMBERTO MEDINA MENDEZ<\/td>\n<td style=\"width: 106px; height: 60px;\"><a href=\"https:\/\/congresocoahuila.gob.mx\/transparencia\/ART\/21\/7\/JUSTIFICACION_GASTO\/MAYO\/PEDRO_HUMBERTO_MEDINA_MENDEZ\/MAYO_2019.pdf\"><img loading=\"lazy\" decoding=\"async\" class=\"alignnone wp-image-34276\" src=\"http:\/\/congresocoahuila.gob.mx\/portal\/wp-content\/uploads\/2019\/05\/PDF_-4.jpg\" alt=\"\" width=\"20\" height=\"25\"><\/a><\/td>\n<\/tr>\n<tr style=\"height: 60px;\">\n<td style=\"width: 232px; text-align: left; height: 60px;\">DIP. JUAN CARLOS GUERRA L\u00d3PEZ NEGRETE<\/td>\n<td style=\"width: 106px; height: 60px;\"><a href=\"https:\/\/congresocoahuila.gob.mx\/transparencia\/ART\/21\/7\/JUSTIFICACION_GASTO\/MAYO\/JUAN_CARLOS_GUERRA_LOPEZ_NEGRETE\/MAYO_2019.pdf\"><img loading=\"lazy\" decoding=\"async\" class=\"alignnone wp-image-34276\" src=\"http:\/\/congresocoahuila.gob.mx\/portal\/wp-content\/uploads\/2019\/05\/PDF_-4.jpg\" alt=\"\" width=\"20\" height=\"25\"><\/a><\/td>\n<\/tr>\n<tr style=\"height: 60px;\">\n<td style=\"width: 232px; text-align: left; height: 60px;\">JOS\u00c9 ARMANDO GONZ\u00c1LEZ MURILLO<\/td>\n<td style=\"width: 106px; height: 60px;\"><a href=\"https:\/\/congresocoahuila.gob.mx\/transparencia\/ART\/21\/7\/JUSTIFICACION_GASTO\/MAYO\/JOSE_ARMANDO_GONZALEZ_MURILLO\/MAYO_2019.pdf\"><img loading=\"lazy\" decoding=\"async\" class=\"alignnone wp-image-34276\" src=\"http:\/\/congresocoahuila.gob.mx\/portal\/wp-content\/uploads\/2019\/05\/PDF_-4.jpg\" alt=\"\" width=\"20\" height=\"25\"><\/a><\/td>\n<\/tr>\n<tr style=\"height: 60px;\">\n<td style=\"width: 232px; text-align: left; height: 60px;\">RAFAEL DELGADO HERN\u00c1NDEZ<\/td>\n<td style=\"width: 106px; height: 60px;\"><a href=\"https:\/\/congresocoahuila.gob.mx\/transparencia\/ART\/21\/7\/JUSTIFICACION_GASTO\/MAYO\/RAFAEL_DELGADO_HERNANDEZ\/MAYO_2019.pdf\"><img loading=\"lazy\" decoding=\"async\" class=\"alignnone wp-image-34276\" src=\"http:\/\/congresocoahuila.gob.mx\/portal\/wp-content\/uploads\/2019\/05\/PDF_-4.jpg\" alt=\"\" width=\"20\" height=\"25\"><\/a><\/td>\n<\/tr>\n<tr style=\"height: 60px;\">\n<td style=\"width: 232px; text-align: left; height: 60px;\">JUAN GERARDO GARZA ESPINOZA<\/td>\n<td style=\"width: 106px; height: 60px;\"><a href=\"https:\/\/congresocoahuila.gob.mx\/transparencia\/ART\/21\/7\/JUSTIFICACION_GASTO\/MAYO\/JUAN_GERARDO_GARZA_ESPINOZA\/MAYO_2019.pdf\"><img loading=\"lazy\" decoding=\"async\" class=\"alignnone wp-image-34276\" src=\"http:\/\/congresocoahuila.gob.mx\/portal\/wp-content\/uploads\/2019\/05\/PDF_-4.jpg\" alt=\"\" width=\"20\" height=\"25\"><\/a><\/td>\n<\/tr>\n<tr style=\"height: 60px;\">\n<td style=\"width: 232px; text-align: left; height: 60px;\">DIP. ROSA LINDA GONZ\u00c1LEZ NORIEGA<\/td>\n<td style=\"width: 106px; height: 60px;\"><a href=\"https:\/\/congresocoahuila.gob.mx\/transparencia\/ART\/21\/7\/JUSTIFICACION_GASTO\/MAYO\/ROSA_LINDA_GONZALEZ_NORIEGA\/MAYO_2019.pdf\"><img loading=\"lazy\" decoding=\"async\" class=\"alignnone wp-image-34276\" src=\"http:\/\/congresocoahuila.gob.mx\/portal\/wp-content\/uploads\/2019\/05\/PDF_-4.jpg\" alt=\"\" width=\"20\" height=\"25\"><\/a><\/td>\n<\/tr>\n<tr style=\"height: 60px;\">\n<td style=\"width: 232px; text-align: left; height: 60px;\">DIP. MAR\u00cdA ESPERANZA CHAPA GARC\u00cdA<\/td>\n<td style=\"width: 106px; height: 60px;\"><a href=\"https:\/\/congresocoahuila.gob.mx\/transparencia\/ART\/21\/7\/JUSTIFICACION_GASTO\/MAYO\/\/MARIA_ESPERANZA_CHAPA_GARCIA\/MAYO_2019.pdf\"><img loading=\"lazy\" decoding=\"async\" class=\"alignnone wp-image-34276\" src=\"http:\/\/congresocoahuila.gob.mx\/portal\/wp-content\/uploads\/2019\/05\/PDF_-4.jpg\" alt=\"\" width=\"20\" height=\"25\"><\/a><\/td>\n<\/tr>\n<tr style=\"height: 60px;\">\n<td style=\"width: 232px; text-align: left; height: 60px;\">FERNANDO OYERVIDES THOMAS<\/td>\n<td style=\"width: 106px; height: 60px;\"><a href=\"https:\/\/congresocoahuila.gob.mx\/transparencia\/ART\/21\/7\/JUSTIFICACION_GASTO\/MAYO\/\/FERNANDO_OYERVIDES_THOMAS\/MAYO_2019.pdf\"><img loading=\"lazy\" decoding=\"async\" class=\"alignnone wp-image-34276\" src=\"http:\/\/congresocoahuila.gob.mx\/portal\/wp-content\/uploads\/2019\/05\/PDF_-4.jpg\" alt=\"\" width=\"20\" height=\"25\"><\/a><\/td>\n<\/tr>\n<tr style=\"height: 32px;\">\n<td style=\"width: 232px; text-align: left; height: 32px;\"><strong>JUNIO<\/strong><\/td>\n<td style=\"width: 106px; height: 32px;\"><\/td>\n<\/tr>\n<tr style=\"height: 37px;\">\n<td style=\"width: 232px; text-align: left; height: 37px;\">DIP. BLANCA EPPEN CANALES<strong><br \/>\n<\/strong><\/td>\n<td style=\"width: 106px; height: 37px;\"><a href=\"https:\/\/congresocoahuila.gob.mx\/transparencia\/ART\/21\/7\/JUSTIFICACION_GASTO\/JUNIO\/EPPEN_CANALES_BLANCA\/JUNIO_2019.pdf\"><img loading=\"lazy\" decoding=\"async\" class=\"alignnone wp-image-34276\" src=\"http:\/\/congresocoahuila.gob.mx\/portal\/wp-content\/uploads\/2019\/05\/PDF_-4.jpg\" alt=\"\" width=\"20\" height=\"25\"><\/a><\/td>\n<\/tr>\n<tr style=\"height: 60px;\">\n<td style=\"width: 232px; text-align: left; height: 60px;\">DIP. GERARDO ABRAHAM AGUADO G\u00d3MEZ<\/td>\n<td style=\"width: 106px; height: 60px;\"><a href=\"https:\/\/congresocoahuila.gob.mx\/transparencia\/ART\/21\/7\/JUSTIFICACION_GASTO\/JUNIO\/GERARDO_ABRAHAM_AGUADO_GOMEZ\/JUNIO_2019.pdf\"><img loading=\"lazy\" decoding=\"async\" class=\"alignnone wp-image-34276\" src=\"http:\/\/congresocoahuila.gob.mx\/portal\/wp-content\/uploads\/2019\/05\/PDF_-4.jpg\" alt=\"\" width=\"20\" height=\"25\"><\/a><\/td>\n<\/tr>\n<tr style=\"height: 60px;\">\n<td style=\"width: 232px; text-align: left; height: 60px;\">DIP. GABRIELA ZAPOPAN GARZA GALV\u00c1N<\/td>\n<td style=\"width: 106px; height: 60px;\"><a href=\"https:\/\/congresocoahuila.gob.mx\/transparencia\/ART\/21\/7\/JUSTIFICACION_GASTO\/JUNIO\/GABRIELA_ZAPOPAN_GARZA_GALVAN\/JUNIO_2019.pdf\"><img loading=\"lazy\" decoding=\"async\" class=\"alignnone wp-image-34276\" src=\"http:\/\/congresocoahuila.gob.mx\/portal\/wp-content\/uploads\/2019\/05\/PDF_-4.jpg\" alt=\"\" width=\"20\" height=\"25\"><\/a><\/td>\n<\/tr>\n<tr style=\"height: 60px;\">\n<td style=\"width: 232px; text-align: left; height: 60px;\">ALMA LUCINA MEL\u00c9NDEZ FONG<\/td>\n<td style=\"width: 106px; height: 60px;\"><a href=\"https:\/\/congresocoahuila.gob.mx\/transparencia\/ART\/21\/7\/JUSTIFICACION_GASTO\/JUNIO\/ALMA_LUCINA_MELENDEZ_FONG\/JUNIO_2019.pdf\"><img loading=\"lazy\" decoding=\"async\" class=\"alignnone wp-image-34276\" src=\"http:\/\/congresocoahuila.gob.mx\/portal\/wp-content\/uploads\/2019\/05\/PDF_-4.jpg\" alt=\"\" width=\"20\" height=\"25\"><\/a><\/td>\n<\/tr>\n<tr style=\"height: 60px;\">\n<td style=\"width: 232px; text-align: left; height: 60px;\">DIP. VER\u00d3NICA BOREQUE MART\u00cdNEZ GONZ\u00c1LEZ<\/td>\n<td style=\"width: 106px; height: 60px;\"><a href=\"https:\/\/congresocoahuila.gob.mx\/transparencia\/ART\/21\/7\/JUSTIFICACION_GASTO\/JUNIO\/BOREQUE_MARTINEZ_GONZALEZ\/JUNIO_2019.pdf\"><img loading=\"lazy\" decoding=\"async\" class=\"alignnone wp-image-34276\" src=\"http:\/\/congresocoahuila.gob.mx\/portal\/wp-content\/uploads\/2019\/05\/PDF_-4.jpg\" alt=\"\" width=\"20\" height=\"25\"><\/a><\/td>\n<\/tr>\n<tr style=\"height: 60px;\">\n<td style=\"width: 232px; text-align: left; height: 60px;\">DIP. MAR\u00cdA ESPERANZA CHAPA GARC\u00cdA<\/td>\n<td style=\"width: 106px; height: 60px;\"><a href=\"https:\/\/congresocoahuila.gob.mx\/transparencia\/ART\/21\/7\/JUSTIFICACION_GASTO\/JUNIO\/MARIA_ESPERANZA_CHAPA_GARCIA\/JUNIO_2019.pdf\"><img loading=\"lazy\" decoding=\"async\" class=\"alignnone wp-image-34276\" src=\"http:\/\/congresocoahuila.gob.mx\/portal\/wp-content\/uploads\/2019\/05\/PDF_-4.jpg\" alt=\"\" width=\"20\" height=\"25\"><\/a><\/td>\n<\/tr>\n<tr style=\"height: 60px;\">\n<td style=\"width: 232px; text-align: left; height: 60px;\">DIP. FERNANDO IZAGUIRRE VALD\u00c9S<\/td>\n<td style=\"width: 106px; height: 60px;\"><a href=\"https:\/\/congresocoahuila.gob.mx\/transparencia\/ART\/21\/7\/JUSTIFICACION_GASTO\/JUNIO\/FERNANDO_IZAGUIRRE_VALDES\/JUNIO_2019.pdf\"><img loading=\"lazy\" decoding=\"async\" class=\"alignnone wp-image-34276\" src=\"http:\/\/congresocoahuila.gob.mx\/portal\/wp-content\/uploads\/2019\/05\/PDF_-4.jpg\" alt=\"\" width=\"20\" height=\"25\"><\/a><\/td>\n<\/tr>\n<tr style=\"height: 60px;\">\n<td style=\"width: 232px; text-align: left; height: 60px;\">DIP. DIANA PATRICIA GONZ\u00c1LEZ SOTO<\/td>\n<td style=\"width: 106px; height: 60px;\"><a href=\"https:\/\/congresocoahuila.gob.mx\/transparencia\/ART\/21\/7\/JUSTIFICACION_GASTO\/JUNIO\/DIANA_PATRICIA_GONZALEZ_SOTO\/JUNIO_2019.pdf\"><img loading=\"lazy\" decoding=\"async\" class=\"alignnone wp-image-34276\" src=\"http:\/\/congresocoahuila.gob.mx\/portal\/wp-content\/uploads\/2019\/05\/PDF_-4.jpg\" alt=\"\" width=\"20\" height=\"25\"><\/a><\/td>\n<\/tr>\n<tr style=\"height: 60px;\">\n<td style=\"width: 232px; text-align: left; height: 60px;\">DIP. JES\u00daS ANDR\u00c9S LOYA CARDONA<\/td>\n<td style=\"width: 106px; height: 60px;\"><a href=\"https:\/\/congresocoahuila.gob.mx\/transparencia\/ART\/21\/7\/JUSTIFICACION_GASTO\/JUNIO\/JESUS_ANDRES_LOYA_CARDONA\/JUNIO_2019.pdf\"><img loading=\"lazy\" decoding=\"async\" class=\"alignnone wp-image-34276\" src=\"http:\/\/congresocoahuila.gob.mx\/portal\/wp-content\/uploads\/2019\/05\/PDF_-4.jpg\" alt=\"\" width=\"20\" height=\"25\"><\/a><\/td>\n<\/tr>\n<tr style=\"height: 60px;\">\n<td style=\"width: 232px; text-align: left; height: 60px;\">LUIS EDUARDO GUAJARDO GONZALEZ<\/td>\n<td style=\"width: 106px; height: 60px;\"><img loading=\"lazy\" decoding=\"async\" class=\"alignnone wp-image-34276\" src=\"http:\/\/congresocoahuila.gob.mx\/portal\/wp-content\/uploads\/2019\/05\/PDF_-4.jpg\" alt=\"\" width=\"20\" height=\"25\"><\/td>\n<\/tr>\n<tr style=\"height: 60px;\">\n<td style=\"width: 232px; text-align: left; height: 60px;\">DIP. MARCELO DE JES\u00daS TORRES COFI\u00d1O<\/td>\n<td style=\"width: 106px; height: 60px;\"><a href=\"https:\/\/congresocoahuila.gob.mx\/transparencia\/ART\/21\/7\/JUSTIFICACION_GASTO\/JUNIO\/MARCELO_TORRES_COFINO\/JUNIO_2019.pdf\"><img loading=\"lazy\" decoding=\"async\" class=\"alignnone wp-image-34276\" src=\"http:\/\/congresocoahuila.gob.mx\/portal\/wp-content\/uploads\/2019\/05\/PDF_-4.jpg\" alt=\"\" width=\"20\" height=\"25\"><\/a><\/td>\n<\/tr>\n<tr style=\"height: 60px;\">\n<td style=\"width: 232px; text-align: left; height: 60px;\">PEDRO HUMBERTO MEDINA MENDEZ<\/td>\n<td style=\"width: 106px; height: 60px;\"><a href=\"https:\/\/congresocoahuila.gob.mx\/transparencia\/ART\/21\/7\/JUSTIFICACION_GASTO\/JUNIO\/PEDRO_HUMBERTO_MEDINA_MENDEZ\/JUNIO_2019.pdf\"><img loading=\"lazy\" decoding=\"async\" class=\"alignnone wp-image-34276\" src=\"http:\/\/congresocoahuila.gob.mx\/portal\/wp-content\/uploads\/2019\/05\/PDF_-4.jpg\" alt=\"\" width=\"20\" height=\"25\"><\/a><\/td>\n<\/tr>\n<tr style=\"height: 60px;\">\n<td style=\"width: 232px; text-align: left; height: 60px;\">RAFAEL DELGADO HERN\u00c1NDEZ<\/td>\n<td style=\"width: 106px; height: 60px;\"><a href=\"https:\/\/congresocoahuila.gob.mx\/transparencia\/ART\/21\/7\/JUSTIFICACION_GASTO\/JUNIO\/RAFAEL_DELGADO_HERNANDEZ\/JUNIO_2019.pdf\"><img loading=\"lazy\" decoding=\"async\" class=\"alignnone wp-image-34276\" src=\"http:\/\/congresocoahuila.gob.mx\/portal\/wp-content\/uploads\/2019\/05\/PDF_-4.jpg\" alt=\"\" width=\"20\" height=\"25\"><\/a><\/td>\n<\/tr>\n<tr style=\"height: 60px;\">\n<td style=\"width: 232px; text-align: left; height: 53px;\">JUAN GABRIEL SALMERON NARRO<\/td>\n<td style=\"width: 106px; height: 53px;\"><a href=\"https:\/\/congresocoahuila.gob.mx\/transparencia\/ART\/21\/7\/JUSTIFICACION_GASTO\/JUNIO\/JUAN_GABRIEL_SALMERON_NARRO\/JUNIO_2019.pdf\"><img loading=\"lazy\" decoding=\"async\" class=\"alignnone wp-image-34276\" src=\"http:\/\/congresocoahuila.gob.mx\/portal\/wp-content\/uploads\/2019\/05\/PDF_-4.jpg\" alt=\"\" width=\"20\" height=\"25\"><\/a><\/td>\n<\/tr>\n<tr style=\"height: 31px;\">\n<td style=\"width: 232px; text-align: left; height: 31px;\"><strong>JULIO<\/strong><\/td>\n<td style=\"width: 106px; height: 31px;\"><\/td>\n<\/tr>\n<tr style=\"height: 60px;\">\n<td style=\"width: 232px; text-align: left; height: 60px;\">DIP .DIANA PATRICIA GONZALEZ SOTO<\/td>\n<td style=\"width: 106px; height: 60px;\"><a href=\"https:\/\/congresocoahuila.gob.mx\/transparencia\/ART\/21\/7\/JUSTIFICACION_GASTO\/JULIO\/DIP_DIANA_PATRICIA_GONZALEZ_SOTO.pdf\"><img loading=\"lazy\" decoding=\"async\" class=\"alignnone wp-image-34276\" src=\"http:\/\/congresocoahuila.gob.mx\/portal\/wp-content\/uploads\/2019\/05\/PDF_-4.jpg\" alt=\"\" width=\"20\" height=\"25\"><\/a><\/td>\n<\/tr>\n<tr style=\"height: 60px;\">\n<td style=\"width: 232px; text-align: left; height: 55px;\">DIP. ROSA LINDA GONZALEZ NORIEGA<\/td>\n<td style=\"width: 106px; height: 55px;\"><a href=\"https:\/\/congresocoahuila.gob.mx\/transparencia\/ART\/21\/7\/JUSTIFICACION_GASTO\/JULIO\/DIP_ROSA_LINDA_GONZALEZ_NORIEGA.pdf\"><img loading=\"lazy\" decoding=\"async\" class=\"alignnone wp-image-34276\" src=\"http:\/\/congresocoahuila.gob.mx\/portal\/wp-content\/uploads\/2019\/05\/PDF_-4.jpg\" alt=\"\" width=\"20\" height=\"25\"><\/a><\/td>\n<\/tr>\n<tr style=\"height: 60px;\">\n<td style=\"width: 232px; text-align: left; height: 60px;\">DIP. MARIA EUGENIA CAZARES MARTINEZ<\/td>\n<td style=\"width: 106px; height: 60px;\"><a href=\"https:\/\/congresocoahuila.gob.mx\/transparencia\/ART\/21\/7\/JUSTIFICACION_GASTO\/JULIO\/DIP_MARIA_EUGENIA_CAZARES_MARTINEZ.pdf\"><img loading=\"lazy\" decoding=\"async\" class=\"alignnone wp-image-34276\" src=\"http:\/\/congresocoahuila.gob.mx\/portal\/wp-content\/uploads\/2019\/05\/PDF_-4.jpg\" alt=\"\" width=\"20\" height=\"25\"><\/a><\/td>\n<\/tr>\n<tr style=\"height: 60px;\">\n<td style=\"width: 232px; text-align: left; height: 60px;\">DIP. MARIA ESPERANZA CHAPA GARCIA<\/td>\n<td style=\"width: 106px; height: 60px;\"><a href=\"https:\/\/congresocoahuila.gob.mx\/transparencia\/ART\/21\/7\/JUSTIFICACION_GASTO\/JULIO\/DIP_MARIA_ESPERANZA_CHAPA_GARCIA.pdf\"><img loading=\"lazy\" decoding=\"async\" class=\"alignnone wp-image-34276\" src=\"http:\/\/congresocoahuila.gob.mx\/portal\/wp-content\/uploads\/2019\/05\/PDF_-4.jpg\" alt=\"\" width=\"20\" height=\"25\"><\/a><\/td>\n<\/tr>\n<tr style=\"height: 60px;\">\n<td style=\"width: 232px; text-align: left; height: 60px;\">DIP. LUCIA AZUCENA RAMOS RAMOS<\/td>\n<td style=\"width: 106px; height: 60px;\"><a href=\"https:\/\/congresocoahuila.gob.mx\/transparencia\/ART\/21\/7\/JUSTIFICACION_GASTO\/JULIO\/DIP_LUCIA_AZUCENA_RAMOS_RAMOS.pdf\"><img loading=\"lazy\" decoding=\"async\" class=\"alignnone wp-image-34276\" src=\"http:\/\/congresocoahuila.gob.mx\/portal\/wp-content\/uploads\/2019\/05\/PDF_-4.jpg\" alt=\"\" width=\"20\" height=\"25\"><\/a><\/td>\n<\/tr>\n<tr style=\"height: 60px;\">\n<td style=\"width: 232px; text-align: left; height: 60px;\">DIP. JESUS BERINO GRANADOS<\/td>\n<td style=\"width: 106px; height: 60px;\"><a href=\"https:\/\/congresocoahuila.gob.mx\/transparencia\/ART\/21\/7\/JUSTIFICACION_GASTO\/JULIO\/DIP_JESUS_BERINO_GRANADOS.pdf\"><img loading=\"lazy\" decoding=\"async\" class=\"alignnone wp-image-34276\" src=\"http:\/\/congresocoahuila.gob.mx\/portal\/wp-content\/uploads\/2019\/05\/PDF_-4.jpg\" alt=\"\" width=\"20\" height=\"25\"><\/a><\/td>\n<\/tr>\n<tr style=\"height: 60px;\">\n<td style=\"width: 232px; text-align: left; height: 60px;\">DIP. GRACIELA FERNANDEZ ALMARAZ<\/td>\n<td style=\"width: 106px; height: 60px;\"><a href=\"https:\/\/congresocoahuila.gob.mx\/transparencia\/ART\/21\/7\/JUSTIFICACION_GASTO\/JULIO\/DIP_GRACIELA_FERNANDEZ_ALMARAZ.pdf\"><img loading=\"lazy\" decoding=\"async\" class=\"alignnone wp-image-34276\" src=\"http:\/\/congresocoahuila.gob.mx\/portal\/wp-content\/uploads\/2019\/05\/PDF_-4.jpg\" alt=\"\" width=\"20\" height=\"25\"><\/a><\/td>\n<\/tr>\n<tr style=\"height: 60px;\">\n<td style=\"width: 232px; text-align: left; height: 60px;\">DIP. GABRIELA ZAPOPAN&nbsp; GARZA GALVAN<\/td>\n<td style=\"width: 106px; height: 60px;\"><a href=\"https:\/\/congresocoahuila.gob.mx\/transparencia\/ART\/21\/7\/JUSTIFICACION_GASTO\/JULIO\/DIP_GABRIELA_ZAPOPAN_GARZA_GALVAN.pdf\"><img loading=\"lazy\" decoding=\"async\" class=\"alignnone wp-image-34276\" src=\"http:\/\/congresocoahuila.gob.mx\/portal\/wp-content\/uploads\/2019\/05\/PDF_-4.jpg\" alt=\"\" width=\"20\" height=\"25\"><\/a><\/td>\n<\/tr>\n<tr style=\"height: 60px;\">\n<td style=\"width: 232px; text-align: left; height: 60px;\">DIP. EPPEN CANALES BLANCA<\/td>\n<td style=\"width: 106px; height: 60px;\"><a href=\"https:\/\/congresocoahuila.gob.mx\/transparencia\/ART\/21\/7\/JUSTIFICACION_GASTO\/JULIO\/DIP_EPPEN_CANALES_BLANCA.pdf\"><img loading=\"lazy\" decoding=\"async\" class=\"alignnone wp-image-34276\" src=\"http:\/\/congresocoahuila.gob.mx\/portal\/wp-content\/uploads\/2019\/05\/PDF_-4.jpg\" alt=\"\" width=\"20\" height=\"25\"><\/a><\/td>\n<\/tr>\n<tr style=\"height: 60px;\">\n<td style=\"width: 232px; text-align: left; height: 60px;\">ALMA LUCINA MELENDEZ FONG<\/td>\n<td style=\"width: 106px; height: 60px;\"><a href=\"https:\/\/congresocoahuila.gob.mx\/transparencia\/ART\/21\/7\/JUSTIFICACION_GASTO\/JULIO\/ALMA_LUCINA_MELENDEZ_FONG.pdf\"><img loading=\"lazy\" decoding=\"async\" class=\"alignnone wp-image-34276\" src=\"http:\/\/congresocoahuila.gob.mx\/portal\/wp-content\/uploads\/2019\/05\/PDF_-4.jpg\" alt=\"\" width=\"20\" height=\"25\"><\/a><\/td>\n<\/tr>\n<tr style=\"height: 48px;\">\n<td style=\"width: 232px; text-align: left; height: 48px;\">RAFAEL DELGADO HERNANDEZ<\/td>\n<td style=\"width: 106px; height: 48px;\"><a href=\"https:\/\/congresocoahuila.gob.mx\/transparencia\/ART\/21\/7\/JUSTIFICACION_GASTO\/JULIO\/RAFAEL_DELGADO_HERNANDEZ.pdf\"><img loading=\"lazy\" decoding=\"async\" class=\"alignnone wp-image-34276\" src=\"http:\/\/congresocoahuila.gob.mx\/portal\/wp-content\/uploads\/2019\/05\/PDF_-4.jpg\" alt=\"\" width=\"20\" height=\"25\"><\/a><\/td>\n<\/tr>\n<tr style=\"height: 37px;\">\n<td style=\"width: 232px; text-align: left; height: 37px;\">MARIO HERNANDEZ GAONA<\/td>\n<td style=\"width: 106px; height: 37px;\"><a href=\"https:\/\/congresocoahuila.gob.mx\/transparencia\/ART\/21\/7\/JUSTIFICACION_GASTO\/JULIO\/MARIO_HERNANDEZ_GAONA.pdf\"><img loading=\"lazy\" decoding=\"async\" class=\"alignnone wp-image-34276\" src=\"http:\/\/congresocoahuila.gob.mx\/portal\/wp-content\/uploads\/2019\/05\/PDF_-4.jpg\" alt=\"\" width=\"20\" height=\"25\"><\/a><\/td>\n<\/tr>\n<tr style=\"height: 60px;\">\n<td style=\"width: 232px; text-align: left; height: 60px;\">GABRIEL SALMERON NARRO<\/td>\n<td style=\"width: 106px; height: 60px;\"><a href=\"https:\/\/congresocoahuila.gob.mx\/transparencia\/ART\/21\/7\/JUSTIFICACION_GASTO\/JULIO\/GABRIEL_SALMERON_NARRO.pdf\"><img loading=\"lazy\" decoding=\"async\" class=\"alignnone wp-image-34276\" src=\"http:\/\/congresocoahuila.gob.mx\/portal\/wp-content\/uploads\/2019\/05\/PDF_-4.jpg\" alt=\"\" width=\"20\" height=\"25\"><\/a><\/td>\n<\/tr>\n<tr style=\"height: 60px;\">\n<td style=\"width: 232px; text-align: left; height: 60px;\">FERNANDO OYERVIDES THOMAS<\/td>\n<td style=\"width: 106px; height: 60px;\"><a href=\"https:\/\/congresocoahuila.gob.mx\/transparencia\/ART\/21\/7\/JUSTIFICACION_GASTO\/JULIO\/FERNANDO_OYERVIDES_THOMAS.pdf\"><img loading=\"lazy\" decoding=\"async\" class=\"alignnone wp-image-34276\" src=\"http:\/\/congresocoahuila.gob.mx\/portal\/wp-content\/uploads\/2019\/05\/PDF_-4.jpg\" alt=\"\" width=\"20\" height=\"25\"><\/a><\/td>\n<\/tr>\n<tr style=\"height: 32px;\">\n<td style=\"width: 232px; text-align: left; height: 32px;\"><strong>AGOSTO<\/strong><\/td>\n<td style=\"width: 106px; height: 32px;\"><\/td>\n<\/tr>\n<tr style=\"height: 60px;\">\n<td style=\"width: 232px; text-align: left; height: 60px;\">DIP. GRACIELA FERNANDEZ ALMARAZ<\/td>\n<td style=\"width: 106px; height: 60px;\"><a href=\"https:\/\/congresocoahuila.gob.mx\/transparencia\/ART\/21\/7\/JUSTIFICACION_GASTO\/AGOSTO\/DIP_GRACIELA_FERNANDEZ_ALMARAZ.pdf\"><img loading=\"lazy\" decoding=\"async\" class=\"alignnone wp-image-34276\" src=\"http:\/\/congresocoahuila.gob.mx\/portal\/wp-content\/uploads\/2019\/05\/PDF_-4.jpg\" alt=\"\" width=\"20\" height=\"25\"><\/a><\/td>\n<\/tr>\n<tr style=\"height: 60px;\">\n<td style=\"width: 232px; text-align: left; height: 60px;\">DIP. LUCIA AZUCENA RAMOS RAMOS<\/td>\n<td style=\"width: 106px; height: 60px;\"><a href=\"https:\/\/congresocoahuila.gob.mx\/transparencia\/ART\/21\/7\/JUSTIFICACION_GASTO\/AGOSTO\/DIP_LUCIA_AZUCENA_RAMOS_RAMOS.pdf\"><img loading=\"lazy\" decoding=\"async\" class=\"alignnone wp-image-34276\" src=\"http:\/\/congresocoahuila.gob.mx\/portal\/wp-content\/uploads\/2019\/05\/PDF_-4.jpg\" alt=\"\" width=\"20\" height=\"25\"><\/a><\/td>\n<\/tr>\n<tr style=\"height: 60px;\">\n<td style=\"width: 232px; text-align: left; height: 60px;\">DIP. BLANCA EPPEN CANALES<\/td>\n<td style=\"width: 106px; height: 60px;\"><a href=\"https:\/\/congresocoahuila.gob.mx\/transparencia\/ART\/21\/7\/JUSTIFICACION_GASTO\/AGOSTO\/DIP_BLANCA_EPPEN_CANALES.pdf\"><img loading=\"lazy\" decoding=\"async\" class=\"alignnone wp-image-34276\" src=\"http:\/\/congresocoahuila.gob.mx\/portal\/wp-content\/uploads\/2019\/05\/PDF_-4.jpg\" alt=\"\" width=\"20\" height=\"25\"><\/a><\/td>\n<\/tr>\n<tr style=\"height: 60px;\">\n<td style=\"width: 232px; text-align: left; height: 60px;\">DIP. FERNANDO IZAGUIRRE VALDES<\/td>\n<td style=\"width: 106px; height: 60px;\"><a href=\"https:\/\/congresocoahuila.gob.mx\/transparencia\/ART\/21\/7\/JUSTIFICACION_GASTO\/AGOSTO\/DIP_FERNANDO_IZAGUIRRE_VALDES.pdf\"><img loading=\"lazy\" decoding=\"async\" class=\"alignnone wp-image-34276\" src=\"http:\/\/congresocoahuila.gob.mx\/portal\/wp-content\/uploads\/2019\/05\/PDF_-4.jpg\" alt=\"\" width=\"20\" height=\"25\"><\/a><\/td>\n<\/tr>\n<tr style=\"height: 60px;\">\n<td style=\"width: 232px; text-align: left; height: 60px;\">DIP. GABRIELA ZAPOPAN GARZA GALVAN<\/td>\n<td style=\"width: 106px; height: 60px;\"><a href=\"https:\/\/congresocoahuila.gob.mx\/transparencia\/ART\/21\/7\/JUSTIFICACION_GASTO\/AGOSTO\/DIP_GABRIELA_ZAPOPAN_GARZA_GALVAN.pdf\"><img loading=\"lazy\" decoding=\"async\" class=\"alignnone wp-image-34276\" src=\"http:\/\/congresocoahuila.gob.mx\/portal\/wp-content\/uploads\/2019\/05\/PDF_-4.jpg\" alt=\"\" width=\"20\" height=\"25\"><\/a><\/td>\n<\/tr>\n<tr style=\"height: 60px;\">\n<td style=\"width: 232px; text-align: left; height: 60px;\">RAFAEL DELGADO HERN\u00c1NDEZ<\/td>\n<td style=\"width: 106px; height: 60px;\"><a href=\"https:\/\/congresocoahuila.gob.mx\/transparencia\/ART\/21\/7\/JUSTIFICACION_GASTO\/AGOSTO\/RAFAEL_DELGADO_HERNANDEZ.pdf\"><img loading=\"lazy\" decoding=\"async\" class=\"alignnone wp-image-34276\" src=\"http:\/\/congresocoahuila.gob.mx\/portal\/wp-content\/uploads\/2019\/05\/PDF_-4.jpg\" alt=\"\" width=\"20\" height=\"25\"><\/a><\/td>\n<\/tr>\n<tr style=\"height: 60px;\">\n<td style=\"width: 232px; text-align: left; height: 61px;\">JUAN GABRIEL SALMERON NARRO<\/td>\n<td style=\"width: 106px; height: 61px;\"><a href=\"https:\/\/congresocoahuila.gob.mx\/transparencia\/ART\/21\/7\/JUSTIFICACION_GASTO\/AGOSTO\/JUAN_GABRIEL_SALMERON_NARRO.pdf\"><img loading=\"lazy\" decoding=\"async\" class=\"alignnone wp-image-34276\" src=\"http:\/\/congresocoahuila.gob.mx\/portal\/wp-content\/uploads\/2019\/05\/PDF_-4.jpg\" alt=\"\" width=\"20\" height=\"25\"><\/a><\/td>\n<\/tr>\n<tr style=\"height: 60px;\">\n<td style=\"width: 232px; text-align: left; height: 60px;\">PEDRO HUMBERTO MEDINA M\u00c9NDEZ<\/td>\n<td style=\"width: 106px; height: 60px;\"><a href=\"https:\/\/congresocoahuila.gob.mx\/transparencia\/ART\/21\/7\/JUSTIFICACION_GASTO\/AGOSTO\/PEDRO_HUMBERTO_MEDINA_MENDEZ.pdf\"><img loading=\"lazy\" decoding=\"async\" class=\"alignnone wp-image-34276\" src=\"http:\/\/congresocoahuila.gob.mx\/portal\/wp-content\/uploads\/2019\/05\/PDF_-4.jpg\" alt=\"\" width=\"20\" height=\"25\"><\/a><\/td>\n<\/tr>\n<tr style=\"height: 45px;\">\n<td style=\"width: 232px; text-align: left; height: 26px;\">\n<p class=\"med dPAwzb\" role=\"heading\" aria-level=\"2\"><strong>SEPTIEMBRE<\/strong><\/p>\n<\/td>\n<td style=\"width: 106px; height: 26px;\"><\/td>\n<\/tr>\n<tr style=\"height: 32px;\">\n<td style=\"width: 232px; text-align: left; height: 32px;\">DIP. EDGAR GERARDO SANCHEZ GARZA<\/td>\n<td style=\"width: 106px; height: 32px;\"><a href=\"https:\/\/congresocoahuila.gob.mx\/transparencia\/ART\/21\/7\/JUSTIFICACION_GASTO\/SEPTIEMBRE\/DIP_EDGAR_GERARDO_SANCHEZ_GARZA.pdf\"><img loading=\"lazy\" decoding=\"async\" class=\"alignnone wp-image-34276\" src=\"http:\/\/congresocoahuila.gob.mx\/portal\/wp-content\/uploads\/2019\/05\/PDF_-4.jpg\" alt=\"\" width=\"20\" height=\"25\"><\/a><\/td>\n<\/tr>\n<tr style=\"height: 60px;\">\n<td style=\"width: 232px; text-align: left; height: 60px;\">DIP. FERNANDO IZAGUIRRE VALDES<\/td>\n<td style=\"width: 106px; height: 60px;\"><a href=\"https:\/\/congresocoahuila.gob.mx\/transparencia\/ART\/21\/7\/JUSTIFICACION_GASTO\/SEPTIEMBRE\/DIP_FERNANDO_IZAGUIRRE_VALDES.pdf\"><img loading=\"lazy\" decoding=\"async\" class=\"alignnone wp-image-34276\" src=\"http:\/\/congresocoahuila.gob.mx\/portal\/wp-content\/uploads\/2019\/05\/PDF_-4.jpg\" alt=\"\" width=\"20\" height=\"25\"><\/a><\/td>\n<\/tr>\n<tr style=\"height: 60px;\">\n<td style=\"width: 232px; text-align: left; height: 60px;\">DIP. GABRIELA ZAPOPAN GARZA GALVAN<\/td>\n<td style=\"width: 106px; height: 60px;\"><a href=\"https:\/\/congresocoahuila.gob.mx\/transparencia\/ART\/21\/7\/JUSTIFICACION_GASTO\/SEPTIEMBRE\/DIP_GABRIELA_ZAPOPAN_GARZA_GALVAN.pdf\"><img loading=\"lazy\" decoding=\"async\" class=\"alignnone wp-image-34276\" src=\"http:\/\/congresocoahuila.gob.mx\/portal\/wp-content\/uploads\/2019\/05\/PDF_-4.jpg\" alt=\"\" width=\"20\" height=\"25\"><\/a><\/td>\n<\/tr>\n<tr style=\"height: 60px;\">\n<td style=\"width: 232px; text-align: left; height: 60px;\">DIP. ROSA LINDA GONZALEZ NORIEGA<\/td>\n<td style=\"width: 106px; height: 60px;\"><a href=\"https:\/\/congresocoahuila.gob.mx\/transparencia\/ART\/21\/7\/JUSTIFICACION_GASTO\/SEPTIEMBRE\/DIP_ROSA_LINDA_GONZALEZ_NORIEGA.pdf\"><img loading=\"lazy\" decoding=\"async\" class=\"alignnone wp-image-34276\" src=\"http:\/\/congresocoahuila.gob.mx\/portal\/wp-content\/uploads\/2019\/05\/PDF_-4.jpg\" alt=\"\" width=\"20\" height=\"25\"><\/a><\/td>\n<\/tr>\n<tr style=\"height: 60px;\">\n<td style=\"width: 232px; text-align: left; height: 60px;\">DIP. VERONICA BOREQUE MARTINEZ GONZALEZ<\/td>\n<td style=\"width: 106px; height: 60px;\"><a href=\"https:\/\/congresocoahuila.gob.mx\/transparencia\/ART\/21\/7\/JUSTIFICACION_GASTO\/SEPTIEMBRE\/DIP_VERONICA_BOREQUE_ MARTINEZ_GONZALEZ.pdf\"><img loading=\"lazy\" decoding=\"async\" class=\"alignnone wp-image-34276\" src=\"http:\/\/congresocoahuila.gob.mx\/portal\/wp-content\/uploads\/2019\/05\/PDF_-4.jpg\" alt=\"\" width=\"20\" height=\"25\"><\/a><\/td>\n<\/tr>\n<tr style=\"height: 60px;\">\n<td style=\"width: 232px; text-align: left; height: 60px;\">FERNANDO OYERVIDES THOMAS<\/td>\n<td style=\"width: 106px; height: 60px;\"><a href=\"https:\/\/congresocoahuila.gob.mx\/transparencia\/ART\/21\/7\/JUSTIFICACION_GASTO\/SEPTIEMBRE\/FERNANDO_OYERVIDES_THOMAS.pdf\"><img loading=\"lazy\" decoding=\"async\" class=\"alignnone wp-image-34276\" src=\"http:\/\/congresocoahuila.gob.mx\/portal\/wp-content\/uploads\/2019\/05\/PDF_-4.jpg\" alt=\"\" width=\"20\" height=\"25\"><\/a><\/td>\n<\/tr>\n<tr style=\"height: 60px;\">\n<td style=\"width: 232px; text-align: left; height: 60px;\">RAFAEL DELGADO HERN\u00c1NDEZ<\/td>\n<td style=\"width: 106px; height: 60px;\"><a href=\"https:\/\/congresocoahuila.gob.mx\/transparencia\/ART\/21\/7\/JUSTIFICACION_GASTO\/SEPTIEMBRE\/RAFAEL_DELGADO_HERNANDEZ.pdf\"><img loading=\"lazy\" decoding=\"async\" class=\"alignnone wp-image-34276\" src=\"http:\/\/congresocoahuila.gob.mx\/portal\/wp-content\/uploads\/2019\/05\/PDF_-4.jpg\" alt=\"\" width=\"20\" height=\"25\"><\/a><\/td>\n<\/tr>\n<tr style=\"height: 60px;\">\n<td style=\"width: 232px; text-align: left; height: 60px;\">JUAN GABRIEL SALMERON NARRO<\/td>\n<td style=\"width: 106px; height: 60px;\"><a href=\"https:\/\/congresocoahuila.gob.mx\/transparencia\/ART\/21\/7\/JUSTIFICACION_GASTO\/SEPTIEMBRE\/DIP_EDGAR_GERARDO_SANCHEZ_GARZA.pdf\"><img loading=\"lazy\" decoding=\"async\" class=\"alignnone wp-image-34276\" src=\"http:\/\/congresocoahuila.gob.mx\/portal\/wp-content\/uploads\/2019\/05\/PDF_-4.jpg\" alt=\"\" width=\"20\" height=\"25\"><\/a><\/td>\n<\/tr>\n<tr style=\"height: 32px;\">\n<td style=\"width: 232px; text-align: left; height: 32px;\"><strong>OCTUBRE<\/strong><\/td>\n<td style=\"width: 106px; height: 32px;\"><\/td>\n<\/tr>\n<tr style=\"height: 60px;\">\n<td style=\"width: 232px; text-align: left; height: 60px;\">DIP. ZULMMA VERENICE GUERRERO CAZARES<\/td>\n<td style=\"width: 106px; height: 60px;\"><a href=\"https:\/\/congresocoahuila.gob.mx\/transparencia\/ART\/21\/7\/JUSTIFICACION_GASTO\/OCTUBRE\/DIP_ZULMMA_VERENICE_GUERRERO_CAZARES.pdf\"><img loading=\"lazy\" decoding=\"async\" class=\"alignnone wp-image-34276\" src=\"http:\/\/congresocoahuila.gob.mx\/portal\/wp-content\/uploads\/2019\/05\/PDF_-4.jpg\" alt=\"\" width=\"20\" height=\"25\"><\/a><\/td>\n<\/tr>\n<tr style=\"height: 60px;\">\n<td style=\"width: 232px; text-align: left; height: 60px;\">DIP. ROSA LINDA GONZALEZ NORIEGA<\/td>\n<td style=\"width: 106px; height: 60px;\"><a href=\"https:\/\/congresocoahuila.gob.mx\/transparencia\/ART\/21\/7\/JUSTIFICACION_GASTO\/OCTUBRE\/DIP_ROSA_LINDA_GONZALEZ_NORIEGA.pdf\"><img loading=\"lazy\" decoding=\"async\" class=\"alignnone wp-image-34276\" src=\"http:\/\/congresocoahuila.gob.mx\/portal\/wp-content\/uploads\/2019\/05\/PDF_-4.jpg\" alt=\"\" width=\"20\" height=\"25\"><\/a><\/td>\n<\/tr>\n<tr style=\"height: 60px;\">\n<td style=\"width: 232px; text-align: left; height: 60px;\">DIP. LUCIA AZUCENA RAMOS RAMOS<\/td>\n<td style=\"width: 106px; height: 60px;\"><a href=\"https:\/\/congresocoahuila.gob.mx\/transparencia\/ART\/21\/7\/JUSTIFICACION_GASTO\/OCTUBRE\/DIP_LUCIA_AZUCENA_RAMOS_RAMOS.pdf\"><img loading=\"lazy\" decoding=\"async\" class=\"alignnone wp-image-34276\" src=\"http:\/\/congresocoahuila.gob.mx\/portal\/wp-content\/uploads\/2019\/05\/PDF_-4.jpg\" alt=\"\" width=\"20\" height=\"25\"><\/a><\/td>\n<\/tr>\n<tr style=\"height: 60px;\">\n<td style=\"width: 232px; text-align: left; height: 60px;\">DIP. GERARDO ABRAHAM AGUADO GOMEZ<\/td>\n<td style=\"width: 106px; height: 60px;\"><a href=\"https:\/\/congresocoahuila.gob.mx\/transparencia\/ART\/21\/7\/JUSTIFICACION_GASTO\/OCTUBRE\/DIP_GERARDO_ABRAHAM_AGUADO_GOMEZ.pdf\"><img loading=\"lazy\" decoding=\"async\" class=\"alignnone wp-image-34276\" src=\"http:\/\/congresocoahuila.gob.mx\/portal\/wp-content\/uploads\/2019\/05\/PDF_-4.jpg\" alt=\"\" width=\"20\" height=\"25\"><\/a><\/td>\n<\/tr>\n<tr style=\"height: 60px;\">\n<td style=\"width: 232px; text-align: left; height: 60px;\">DIP. GABRIELA ZAPOPAN GARZA<\/td>\n<td style=\"width: 106px; height: 60px;\"><a href=\"https:\/\/congresocoahuila.gob.mx\/transparencia\/ART\/21\/7\/JUSTIFICACION_GASTO\/OCTUBRE\/DIP_GABRIELA_ZAPOPAN_GARZA.pdf\"><img loading=\"lazy\" decoding=\"async\" class=\"alignnone wp-image-34276\" src=\"http:\/\/congresocoahuila.gob.mx\/portal\/wp-content\/uploads\/2019\/05\/PDF_-4.jpg\" alt=\"\" width=\"20\" height=\"25\"><\/a><\/td>\n<\/tr>\n<tr style=\"height: 60px;\">\n<td style=\"width: 232px; text-align: left; height: 60px;\">DIP. FERNANDO IZAGUIRRE VALDES<\/td>\n<td style=\"width: 106px; height: 60px;\"><a href=\"https:\/\/congresocoahuila.gob.mx\/transparencia\/ART\/21\/7\/JUSTIFICACION_GASTO\/OCTUBRE\/DIP_FERNANDO_IZAGUIRRE_VALDES.pdf\"><img loading=\"lazy\" decoding=\"async\" class=\"alignnone wp-image-34276\" src=\"http:\/\/congresocoahuila.gob.mx\/portal\/wp-content\/uploads\/2019\/05\/PDF_-4.jpg\" alt=\"\" width=\"20\" height=\"25\"><\/a><\/td>\n<\/tr>\n<tr style=\"height: 60px;\">\n<td style=\"width: 232px; text-align: left; height: 60px;\">DIP. BLANCA EPPEN CANALES<\/td>\n<td style=\"width: 106px; height: 60px;\"><a href=\"https:\/\/congresocoahuila.gob.mx\/transparencia\/ART\/21\/7\/JUSTIFICACION_GASTO\/OCTUBRE\/DIP_BLANCA_EPPEN_CANALES.pdf\"><img loading=\"lazy\" decoding=\"async\" class=\"alignnone wp-image-34276\" src=\"http:\/\/congresocoahuila.gob.mx\/portal\/wp-content\/uploads\/2019\/05\/PDF_-4.jpg\" alt=\"\" width=\"20\" height=\"25\"><\/a><\/td>\n<\/tr>\n<tr style=\"height: 60px;\">\n<td style=\"width: 232px; text-align: left; height: 60px;\">RAFAEL DELGADO HERNANDEZ<\/td>\n<td style=\"width: 106px; height: 60px;\"><a href=\"https:\/\/congresocoahuila.gob.mx\/transparencia\/ART\/21\/7\/JUSTIFICACION_GASTO\/OCTUBRE\/RAFAEL_DELGADO_HERNANDEZ.pdf\"><img loading=\"lazy\" decoding=\"async\" class=\"alignnone wp-image-34276\" src=\"http:\/\/congresocoahuila.gob.mx\/portal\/wp-content\/uploads\/2019\/05\/PDF_-4.jpg\" alt=\"\" width=\"20\" height=\"25\"><\/a><\/td>\n<\/tr>\n<tr style=\"height: 60px;\">\n<td style=\"width: 232px; text-align: left; height: 60px;\">PEDRO HUMBERTO MEDINA MENDEZ<\/td>\n<td style=\"width: 106px; height: 60px;\"><a href=\"https:\/\/congresocoahuila.gob.mx\/transparencia\/ART\/21\/7\/JUSTIFICACION_GASTO\/OCTUBRE\/PEDRO_HUMBERTO_MEDINA_MENDEZ.pdf\"><img loading=\"lazy\" decoding=\"async\" class=\"alignnone wp-image-34276\" src=\"http:\/\/congresocoahuila.gob.mx\/portal\/wp-content\/uploads\/2019\/05\/PDF_-4.jpg\" alt=\"\" width=\"20\" height=\"25\"><\/a><\/td>\n<\/tr>\n<tr style=\"height: 60px;\">\n<td style=\"width: 232px; text-align: left; height: 60px;\">JUAN GABRIEL SALMERON NARRO<\/td>\n<td style=\"width: 106px; height: 60px;\"><a href=\"https:\/\/congresocoahuila.gob.mx\/transparencia\/ART\/21\/7\/JUSTIFICACION_GASTO\/OCTUBRE\/JUAN_GABRIEL_SALMERON_NARRO.pdf\"><img loading=\"lazy\" decoding=\"async\" class=\"alignnone wp-image-34276\" src=\"http:\/\/congresocoahuila.gob.mx\/portal\/wp-content\/uploads\/2019\/05\/PDF_-4.jpg\" alt=\"\" width=\"20\" height=\"25\"><\/a><\/td>\n<\/tr>\n<tr style=\"height: 60px;\">\n<td style=\"width: 232px; text-align: left; height: 60px;\">FERNANDO OYERVIDES THOMAS<\/td>\n<td style=\"width: 106px; height: 60px;\"><a href=\"https:\/\/congresocoahuila.gob.mx\/transparencia\/ART\/21\/7\/JUSTIFICACION_GASTO\/OCTUBRE\/FERNANDO_OYERVIDES_THOMAS.pdf\"><img loading=\"lazy\" decoding=\"async\" class=\"alignnone wp-image-34276\" src=\"http:\/\/congresocoahuila.gob.mx\/portal\/wp-content\/uploads\/2019\/05\/PDF_-4.jpg\" alt=\"\" width=\"20\" height=\"25\"><\/a><\/td>\n<\/tr>\n<tr style=\"height: 32px;\">\n<td style=\"width: 232px; text-align: left; height: 32px;\"><strong>NOVIEMBRE<\/strong><\/td>\n<td style=\"width: 106px; height: 32px;\"><\/td>\n<\/tr>\n<tr style=\"height: 60px;\">\n<td style=\"width: 232px; text-align: left; height: 60px;\">ALMA LUCINA MEL\u00c9NDEZ FONG<\/td>\n<td style=\"width: 106px; height: 60px;\"><a href=\"https:\/\/congresocoahuila.gob.mx\/transparencia\/ART\/21\/7\/JUSTIFICACION_GASTO\/NOVIEMBRE\/ALMA_LUCINA_MELENDEZ_FONG.pdf\"><img loading=\"lazy\" decoding=\"async\" class=\"alignnone wp-image-34276\" src=\"http:\/\/congresocoahuila.gob.mx\/portal\/wp-content\/uploads\/2019\/05\/PDF_-4.jpg\" alt=\"\" width=\"20\" height=\"25\"><\/a><\/td>\n<\/tr>\n<tr style=\"height: 60px;\">\n<td style=\"width: 232px; text-align: left; height: 60px;\">JUAN GABRIEL SALMERON NARRO<\/td>\n<td style=\"width: 106px; height: 60px;\"><a href=\"https:\/\/congresocoahuila.gob.mx\/transparencia\/ART\/21\/7\/JUSTIFICACION_GASTO\/NOVIEMBRE\/JUAN_GABRIEL_SALMERON_NARRO.jpg\"><img loading=\"lazy\" decoding=\"async\" class=\"alignnone wp-image-34276\" src=\"http:\/\/congresocoahuila.gob.mx\/portal\/wp-content\/uploads\/2019\/05\/PDF_-4.jpg\" alt=\"\" width=\"20\" height=\"25\"><\/a><\/td>\n<\/tr>\n<tr style=\"height: 60px;\">\n<td style=\"width: 232px; text-align: left; height: 60px;\">PEDRO HUMBERTO MEDINA M\u00c9NDEZ<\/td>\n<td style=\"width: 106px; height: 60px;\"><a href=\"https:\/\/congresocoahuila.gob.mx\/transparencia\/ART\/21\/7\/JUSTIFICACION_GASTO\/NOVIEMBRE\/PEDRO_HUMBERTO_MEDINA_MENDEZ.jpg\"><img loading=\"lazy\" decoding=\"async\" class=\"alignnone wp-image-34276\" src=\"http:\/\/congresocoahuila.gob.mx\/portal\/wp-content\/uploads\/2019\/05\/PDF_-4.jpg\" alt=\"\" width=\"20\" height=\"25\"><\/a><\/td>\n<\/tr>\n<tr style=\"height: 60px;\">\n<td style=\"width: 232px; text-align: left; height: 60px;\">RAFAEL DELGADO HERN\u00c1NDEZ<\/td>\n<td style=\"width: 106px; height: 60px;\"><a href=\"https:\/\/congresocoahuila.gob.mx\/transparencia\/ART\/21\/7\/JUSTIFICACION_GASTO\/NOVIEMBRE\/RAFAEL_DELGADO_HERNANDEZ.pdf\"><img loading=\"lazy\" decoding=\"async\" class=\"alignnone wp-image-34276\" src=\"http:\/\/congresocoahuila.gob.mx\/portal\/wp-content\/uploads\/2019\/05\/PDF_-4.jpg\" alt=\"\" width=\"20\" height=\"25\"><\/a><\/td>\n<\/tr>\n<tr style=\"height: 32px;\">\n<td style=\"width: 232px; text-align: left; height: 32px;\">DIP. CLAUDIA ISELA RAM\u00cdREZ PINEDA<\/td>\n<td style=\"width: 106px; height: 32px;\"><a href=\"https:\/\/congresocoahuila.gob.mx\/transparencia\/ART\/21\/7\/JUSTIFICACION_GASTO\/NOVIEMBRE\/NOVIEMBRE.jpg\"><img loading=\"lazy\" decoding=\"async\" class=\"alignnone wp-image-34276\" src=\"http:\/\/congresocoahuila.gob.mx\/portal\/wp-content\/uploads\/2019\/05\/PDF_-4.jpg\" alt=\"\" width=\"20\" height=\"25\"><\/a><\/td>\n<\/tr>\n<tr style=\"height: 60px;\">\n<td style=\"width: 232px; text-align: left; height: 60px;\">DIP. GERARDO ABRAHAM AGUADO G\u00d3MEZ<\/td>\n<td style=\"width: 106px; height: 60px;\"><a href=\"https:\/\/congresocoahuila.gob.mx\/transparencia\/ART\/21\/7\/JUSTIFICACION_GASTO\/NOVIEMBRE\/NOVIEMBRE.jpg\"><img loading=\"lazy\" decoding=\"async\" class=\"alignnone wp-image-34276\" src=\"http:\/\/congresocoahuila.gob.mx\/portal\/wp-content\/uploads\/2019\/05\/PDF_-4.jpg\" alt=\"\" width=\"20\" height=\"25\"><\/a><\/td>\n<\/tr>\n<tr>\n<td style=\"width: 232px; text-align: left;\">DIP. JES\u00daS BERINO GRANADOS<\/td>\n<td style=\"width: 106px;\"><a href=\"https:\/\/congresocoahuila.gob.mx\/transparencia\/ART\/21\/7\/JUSTIFICACION_GASTO\/NOVIEMBRE\/NOVIEMBRE.jpg\"><img loading=\"lazy\" decoding=\"async\" class=\"alignnone wp-image-34276\" src=\"http:\/\/congresocoahuila.gob.mx\/portal\/wp-content\/uploads\/2019\/05\/PDF_-4.jpg\" alt=\"\" width=\"20\" height=\"25\"><\/a><\/td>\n<\/tr>\n<tr>\n<td style=\"width: 232px; text-align: left;\">DIP. JAIME BUENO ZERTUCHE<\/td>\n<td style=\"width: 106px;\"><a href=\"https:\/\/congresocoahuila.gob.mx\/transparencia\/ART\/21\/7\/JUSTIFICACION_GASTO\/NOVIEMBRE\/NOVIEMBRE.jpg\"><img loading=\"lazy\" decoding=\"async\" class=\"alignnone wp-image-34276\" src=\"http:\/\/congresocoahuila.gob.mx\/portal\/wp-content\/uploads\/2019\/05\/PDF_-4.jpg\" alt=\"\" width=\"20\" height=\"25\"><\/a><\/td>\n<\/tr>\n<tr>\n<td style=\"width: 232px; text-align: left;\">DIP. LILIA ISABEL GUTI\u00c9RREZ BURCIAGA<\/td>\n<td style=\"width: 106px;\"><a href=\"https:\/\/congresocoahuila.gob.mx\/transparencia\/ART\/21\/7\/JUSTIFICACION_GASTO\/NOVIEMBRE\/NOVIEMBRE.jpg\"><img loading=\"lazy\" decoding=\"async\" class=\"alignnone wp-image-34276\" src=\"http:\/\/congresocoahuila.gob.mx\/portal\/wp-content\/uploads\/2019\/05\/PDF_-4.jpg\" alt=\"\" width=\"20\" height=\"25\"><\/a><\/td>\n<\/tr>\n<tr style=\"height: 32px;\">\n<td style=\"width: 232px; text-align: left; height: 32px;\"><strong>DICIEMBRE<\/strong><\/td>\n<td style=\"width: 106px; height: 32px;\"><\/td>\n<\/tr>\n<tr style=\"height: 60px;\">\n<td style=\"width: 232px; text-align: left; height: 60px;\">DIP. MARCELO DE JES\u00daS TORRES COFI\u00d1O<\/td>\n<td style=\"width: 106px; height: 60px;\"><a href=\"https:\/\/congresocoahuila.gob.mx\/transparencia\/ART\/21\/7\/JUSTIFICACION_GASTO\/DICIEMBRE\/DIP_ MARCELO_JESUS_TORRES_COFINO.pdf\"><img loading=\"lazy\" decoding=\"async\" class=\"alignnone wp-image-34276\" src=\"http:\/\/congresocoahuila.gob.mx\/portal\/wp-content\/uploads\/2019\/05\/PDF_-4.jpg\" alt=\"\" width=\"20\" height=\"25\"><\/a><\/td>\n<\/tr>\n<tr style=\"height: 60px;\">\n<td style=\"width: 232px; text-align: left; height: 60px;\">DIP. GABRIELA ZAPOPAN GARZA GALV\u00c1N<\/td>\n<td style=\"width: 106px; height: 60px;\"><a href=\"https:\/\/congresocoahuila.gob.mx\/transparencia\/ART\/21\/7\/JUSTIFICACION_GASTO\/DICIEMBRE\/DIP_GABRIELA ZAPOPAN_GARZA_GALVAN.pdf\"><img loading=\"lazy\" decoding=\"async\" class=\"alignnone wp-image-34276\" src=\"http:\/\/congresocoahuila.gob.mx\/portal\/wp-content\/uploads\/2019\/05\/PDF_-4.jpg\" alt=\"\" width=\"20\" height=\"25\"><\/a><\/td>\n<\/tr>\n<tr style=\"height: 60px;\">\n<td style=\"width: 232px; text-align: left; height: 60px;\">DIP. JAIME BUENO ZERTUCHE<\/td>\n<td style=\"width: 106px; height: 60px;\"><a href=\"https:\/\/congresocoahuila.gob.mx\/transparencia\/ART\/21\/7\/JUSTIFICACION_GASTO\/DICIEMBRE\/DIP_JAIME_BUENO_ZERTUCHE.pdf\"><img loading=\"lazy\" decoding=\"async\" class=\"alignnone wp-image-34276\" src=\"http:\/\/congresocoahuila.gob.mx\/portal\/wp-content\/uploads\/2019\/05\/PDF_-4.jpg\" alt=\"\" width=\"20\" height=\"25\"><\/a><\/td>\n<\/tr>\n<tr style=\"height: 60px;\">\n<td style=\"width: 232px; text-align: left; height: 60px;\">RAFAEL DELGADO HERN\u00c1NDEZ.<\/td>\n<td style=\"width: 106px; height: 60px;\"><a href=\"https:\/\/congresocoahuila.gob.mx\/transparencia\/ART\/21\/7\/JUSTIFICACION_GASTO\/DICIEMBRE\/RAFAEL_DELGADO_HERNANDEZ.pdf\"><img loading=\"lazy\" decoding=\"async\" class=\"alignnone wp-image-34276\" src=\"http:\/\/congresocoahuila.gob.mx\/portal\/wp-content\/uploads\/2019\/05\/PDF_-4.jpg\" alt=\"\" width=\"20\" height=\"25\"><\/a><\/td>\n<\/tr>\n<tr style=\"height: 37px;\">\n<td style=\"width: 232px; text-align: left; height: 37px;\">ARMANDO CINTO AGUILAR<\/td>\n<td style=\"width: 106px; height: 37px;\"><a href=\"https:\/\/congresocoahuila.gob.mx\/transparencia\/ART\/21\/7\/JUSTIFICACION_GASTO\/DICIEMBRE\/ARMANDO_CINTO_AGUILAR.pdf\"><img loading=\"lazy\" decoding=\"async\" class=\"alignnone wp-image-34276\" src=\"http:\/\/congresocoahuila.gob.mx\/portal\/wp-content\/uploads\/2019\/05\/PDF_-4.jpg\" alt=\"\" width=\"20\" height=\"25\"><\/a><\/td>\n<\/tr>\n<tr style=\"height: 60px;\">\n<td style=\"width: 232px; text-align: left; height: 60px;\">JUAN GABRIEL SALMERON NARRO<\/td>\n<td style=\"width: 106px; height: 60px;\"><a href=\"https:\/\/congresocoahuila.gob.mx\/transparencia\/ART\/21\/7\/JUSTIFICACION_GASTO\/DICIEMBRE\/JUAN_GABRIEL_SALMERON_NARRO.jpg\"><img loading=\"lazy\" decoding=\"async\" class=\"alignnone wp-image-34276\" src=\"http:\/\/congresocoahuila.gob.mx\/portal\/wp-content\/uploads\/2019\/05\/PDF_-4.jpg\" alt=\"\" width=\"20\" height=\"25\"><\/a><\/td>\n<\/tr>\n<tr style=\"height: 60px;\">\n<td style=\"width: 232px; text-align: left; height: 60px;\">PEDRO HUMBERTO MEDINA M\u00c9NDEZ<\/td>\n<td style=\"width: 106px; height: 60px;\"><a href=\"https:\/\/congresocoahuila.gob.mx\/transparencia\/ART\/21\/7\/JUSTIFICACION_GASTO\/DICIEMBRE\/PEDRO_HUMBERTO_MEDINA_MENDEZ.pdf\"><img loading=\"lazy\" decoding=\"async\" class=\"alignnone wp-image-34276\" src=\"http:\/\/congresocoahuila.gob.mx\/portal\/wp-content\/uploads\/2019\/05\/PDF_-4.jpg\" alt=\"\" width=\"20\" height=\"25\"><\/a><\/td>\n<\/tr>\n<tr style=\"height: 32px;\">\n<td style=\"width: 232px; text-align: left; height: 32px;\"><\/td>\n<td style=\"width: 106px; height: 32px;\"><\/td>\n<\/tr>\n<\/tbody>\n<\/table>\n<p><\/p>\n","protected":false},"excerpt":{"rendered":"<p>ENERO DOCUMENTO DIP. MARCELO TORRES COFI\u00d1O FEBRERO ALMA LUCINA MEL\u00c9NDEZ FONG DIP. EPPEN CANALES BLANCA DIP. GARZA GALV\u00c1N GABRIELA ZAPOPAN JOS\u00c9 ARMANDO GONZ\u00c1LEZ MURILLO JUAN GABRIEL SALMERON NARRO DIP. ZULMMA VERENICE GUERRERO C\u00c1ZARES FERNANDO OYERVIDES THOMAS PEDRO HUMBERTO MEDINA M\u00c9NDEZ RAFAEL DELGADO HERN\u00c1NDEZ MARZO ALMA LUCINA MEL\u00c9NDEZ FONG DIP. LUC\u00cdA AZUCENA RAMOS RAMOS DIP. BLANCA [&hellip;]<\/p>\n","protected":false},"author":6,"featured_media":0,"parent":0,"menu_order":0,"comment_status":"closed","ping_status":"closed","template":"","meta":{"footnotes":""},"categories":[],"tags":[],"class_list":["post-37388","page","type-page","status-publish","hentry"],"_links":{"self":[{"href":"https:\/\/www.congresocoahuila.gob.mx\/portal\/wp-json\/wp\/v2\/pages\/37388","targetHints":{"allow":["GET"]}}],"collection":[{"href":"https:\/\/www.congresocoahuila.gob.mx\/portal\/wp-json\/wp\/v2\/pages"}],"about":[{"href":"https:\/\/www.congresocoahuila.gob.mx\/portal\/wp-json\/wp\/v2\/types\/page"}],"author":[{"embeddable":true,"href":"https:\/\/www.congresocoahuila.gob.mx\/portal\/wp-json\/wp\/v2\/users\/6"}],"replies":[{"embeddable":true,"href":"https:\/\/www.congresocoahuila.gob.mx\/portal\/wp-json\/wp\/v2\/comments?post=37388"}],"version-history":[{"count":1,"href":"https:\/\/www.congresocoahuila.gob.mx\/portal\/wp-json\/wp\/v2\/pages\/37388\/revisions"}],"predecessor-version":[{"id":37389,"href":"https:\/\/www.congresocoahuila.gob.mx\/portal\/wp-json\/wp\/v2\/pages\/37388\/revisions\/37389"}],"wp:attachment":[{"href":"https:\/\/www.congresocoahuila.gob.mx\/portal\/wp-json\/wp\/v2\/media?parent=37388"}],"wp:term":[{"taxonomy":"category","embeddable":true,"href":"https:\/\/www.congresocoahuila.gob.mx\/portal\/wp-json\/wp\/v2\/categories?post=37388"},{"taxonomy":"post_tag","embeddable":true,"href":"https:\/\/www.congresocoahuila.gob.mx\/portal\/wp-json\/wp\/v2\/tags?post=37388"}],"curies":[{"name":"wp","href":"https:\/\/api.w.org\/{rel}","templated":true}]}}