{"id":3810,"date":"2014-11-25T15:04:27","date_gmt":"2014-11-25T21:04:27","guid":{"rendered":"http:\/\/www.congresocoahuila.gob.mx\/portal\/?page_id=3810"},"modified":"2014-11-25T15:04:27","modified_gmt":"2014-11-25T21:04:27","slug":"articulo-21-xxiii-acuerdos-lix-legislatura-2012-2014","status":"publish","type":"page","link":"https:\/\/www.congresocoahuila.gob.mx\/portal\/articulo-21-xxiii-acuerdos-lix-legislatura-2012-2014\/","title":{"rendered":"ACUERDOS 2012-2014"},"content":{"rendered":"<table border=\"0\" width=\"758\" cellspacing=\"1\" cellpadding=\"0\" bgcolor=\"#F4F4F4\">\n<tbody>\n<tr>\n<td class=\"Estilo15\" colspan=\"2\" valign=\"top\" bgcolor=\"#CCCCCC\" height=\"21\">\n<div align=\"left\"><span class=\"Estilo10\">\u00a0<\/span><span class=\"Estilo21\">\u00a0Fecha \u00a0<\/span><span class=\"Estilo10\">\u00a0\u00a0\u00a0\u00a0\u00a0\u00a0\u00a0\u00a0\u00a0\u00a0\u00a0\u00a0\u00a0\u00a0\u00a0\u00a0\u00a0\u00a0\u00a0 <\/span><span class=\"Estilo21\"> \u00a0\u00a0\u00a0\u00a0\u00a0\u00a0\u00a0Acuerdo\u00a0\u00a0\u00a0\u00a0\u00a0\u00a0\u00a0\u00a0\u00a0\u00a0\u00a0<\/span><span class=\"Estilo19\">\u00a0\u00a0<\/span><span class=\"Estilo10\">\u00a0\u00a0\u00a0\u00a0\u00a0\u00a0\u00a0\u00a0\u00a0\u00a0\u00a0\u00a0\u00a0\u00a0\u00a0\u00a0\u00a0\u00a0\u00a0\u00a0\u00a0\u00a0\u00a0\u00a0\u00a0\u00a0\u00a0\u00a0\u00a0\u00a0\u00a0\u00a0\u00a0<\/span><\/div>\n<\/td>\n<\/tr>\n<tr>\n<td style=\"text-align: center;\" valign=\"middle\" bgcolor=\"#E1E1E1\" width=\"155\" height=\"33\"><a href=\"http:\/\/www.congresocoahuila.gob.mx\/portal\/wp-content\/uploads\/2014\/11\/Acuerdo00120120101_.pdf\">1 de Enero de 2012<\/a><\/td>\n<td class=\"Estilo15\" valign=\"middle\" bgcolor=\"#E1E1E1\" width=\"600\">\n<div align=\"justify\">Instalaci\u00f3n de la Quincuag\u00e9sima Novena Legislatura 2012-2014<\/div>\n<\/td>\n<\/tr>\n<tr>\n<td style=\"text-align: center;\" valign=\"middle\" bgcolor=\"#D2D2D2\" height=\"42\"><a href=\"http:\/\/www.congresocoahuila.gob.mx\/portal\/wp-content\/uploads\/2014\/11\/Acuerdo00120120101.pdf\">1 de Enero de 2012<\/a><\/td>\n<td class=\"Estilo15\" valign=\"middle\" bgcolor=\"#D2D2D2\">\n<div align=\"justify\">Apertura del Primer Per\u00edodo Ordinario de Sesiones del Primer A\u00f1o de Ejercicio constitucional de la LIX Legislatura del Congreso del Estado<\/div>\n<\/td>\n<\/tr>\n<tr>\n<td style=\"text-align: center;\" valign=\"middle\" bgcolor=\"#E1E1E1\" height=\"30\"><a href=\"http:\/\/www.congresocoahuila.gob.mx\/portal\/wp-content\/uploads\/2014\/11\/Acuerdo00220120106.pdf\">6 de Enero de 2012<\/a><\/td>\n<td class=\"Estilo15\" valign=\"middle\" bgcolor=\"#E1E1E1\">\n<div align=\"justify\">Integraci\u00f3n de la Junta de Gobierno<\/div>\n<\/td>\n<\/tr>\n<tr>\n<td style=\"text-align: center;\" valign=\"middle\" bgcolor=\"#D2D2D2\" height=\"30\"><a href=\"http:\/\/www.congresocoahuila.gob.mx\/portal\/wp-content\/uploads\/2014\/11\/Acuerdo00320120106.pdf\">6 de Enero de 2012<\/a><\/td>\n<td class=\"Estilo15\" valign=\"middle\" bgcolor=\"#D2D2D2\">\n<div align=\"justify\">Grupos Parlamentarios de la LIX Legislatura 2012-2014<\/div>\n<\/td>\n<\/tr>\n<tr>\n<td style=\"text-align: center;\" valign=\"middle\" bgcolor=\"#E1E1E1\" height=\"31\"><a href=\"http:\/\/www.congresocoahuila.gob.mx\/portal\/wp-content\/uploads\/2014\/11\/Acuerdo00420120106.pdf\">6 de Enero de 2012<\/a><\/td>\n<td class=\"Estilo15\" valign=\"middle\" bgcolor=\"#E1E1E1\">\n<div align=\"justify\">Comisiones Dictaminadoras Permanentes y Comit\u00e9s<\/div>\n<\/td>\n<\/tr>\n<tr>\n<td style=\"text-align: center;\" valign=\"middle\" bgcolor=\"#D2D2D2\" height=\"41\"><a href=\"http:\/\/www.congresocoahuila.gob.mx\/portal\/wp-content\/uploads\/2014\/11\/Acuerdo00520120106.pdf\">6 de Enero de 2012<\/a><\/td>\n<td class=\"Estilo15\" valign=\"middle\" bgcolor=\"#D2D2D2\">\n<div align=\"justify\">Designaci\u00f3n de un Consejero Propietario para formar parte del Consejo de la Judicatura del Poder Judicial del Estado<\/div>\n<\/td>\n<\/tr>\n<tr>\n<td style=\"text-align: center;\" valign=\"middle\" bgcolor=\"#E1E1E1\" height=\"43\"><a href=\"http:\/\/www.congresocoahuila.gob.mx\/portal\/wp-content\/uploads\/2014\/11\/Acuerdo00620120113.pdf\">13 de Enero de 2012<\/a><\/td>\n<td class=\"Estilo15\" valign=\"middle\" bgcolor=\"#E1E1E1\">\n<div align=\"justify\">Conclusi\u00f3n del Per\u00edodo de Instalaci\u00f3n de la LIX Legislatura del Congerso del Estado de Coahuila<\/div>\n<\/td>\n<\/tr>\n<tr>\n<td style=\"text-align: center;\" valign=\"middle\" bgcolor=\"#D2D2D2\" height=\"58\"><a href=\"http:\/\/www.congresocoahuila.gob.mx\/portal\/wp-content\/uploads\/2014\/11\/Acuerdo00720120214.pdf\">14 de Febrero de 2012<\/a><\/td>\n<td class=\"Estilo15\" valign=\"middle\" bgcolor=\"#D2D2D2\">\n<div align=\"justify\">Sesi\u00f3n Solemne, para conmemorar el D\u00eda del Ej\u00e9rcito y rendir homenaje a Don Venustiano Carranza y a los Diputados del Vig\u00e9simo Segundo Congreso Constitucional del Estado<\/div>\n<\/td>\n<\/tr>\n<tr>\n<td style=\"text-align: center;\" valign=\"middle\" bgcolor=\"#E1E1E1\" height=\"42\"><a href=\"http:\/\/www.congresocoahuila.gob.mx\/portalwp-content\/uploads\/2014\/11\/Acuerdo00820120426.pdf\">26 de Abril de 2012<\/a><\/td>\n<td class=\"Estilo15\" valign=\"middle\" bgcolor=\"#E1E1E1\">\n<div align=\"justify\">Clausura del Primer Per\u00edodo Ordinario de Sesiones del Primer A\u00f1o de Ejercicio Constitucional<\/div>\n<\/td>\n<\/tr>\n<tr>\n<td style=\"text-align: center;\" valign=\"middle\" bgcolor=\"#D2D2D2\" height=\"43\"><a href=\"http:\/\/www.congresocoahuila.gob.mx\/portal\/wp-content\/uploads\/2014\/11\/Acuerdo00920120507.pdf\">7 de Mayo de 2012<\/a><\/td>\n<td class=\"Estilo15\" valign=\"middle\" bgcolor=\"#D2D2D2\">\n<div align=\"justify\">Apertura del Primer Per\u00edodo Extraordinario de Sesiones del Primer A\u00f1o de Ejercicio Constitucional<\/div>\n<\/td>\n<\/tr>\n<tr>\n<td style=\"text-align: center;\" valign=\"middle\" bgcolor=\"#E1E1E1\" height=\"51\"><a href=\"http:\/\/www.congresocoahuila.gob.mx\/portal\/wp-content\/uploads\/2014\/11\/Acuerdo01020120821.pdf\">21 de Agosto de 2012<\/a><\/td>\n<td class=\"Estilo15\" valign=\"middle\" bgcolor=\"#E1E1E1\">\n<div align=\"justify\">Clausura del Primer Per\u00edodo Extraordinario de Sesiones del Primer A\u00f1o de Ejercicio Constitucional<\/div>\n<\/td>\n<\/tr>\n<tr>\n<td style=\"text-align: center;\" valign=\"middle\" bgcolor=\"#D2D2D2\" height=\"33\"><a href=\"http:\/\/www.congresocoahuila.gob.mx\/portal\/wp-content\/uploads\/2014\/11\/Acuerdo01120120901.pdf\">1 de Septiembre de 2012<\/a><\/td>\n<td class=\"Estilo15\" valign=\"middle\" bgcolor=\"#D2D2D2\">\n<div align=\"justify\">Apertura del Segundo Per\u00edodo Ordinario de Sesiones del Primer A\u00f1o de Ejercicio Constitucional<\/div>\n<\/td>\n<\/tr>\n<tr>\n<td style=\"text-align: center;\" valign=\"middle\" bgcolor=\"#E1E1E1\" height=\"44\"><a href=\"http:\/\/www.congresocoahuila.gob.mx\/portal\/wp-content\/uploads\/2014\/11\/Acuerdo01220121218.pdf\">18 de Diciembre de 2012<\/a><\/td>\n<td class=\"Estilo15\" valign=\"middle\" bgcolor=\"#E1E1E1\">\n<div align=\"justify\">Clausura del Segundo Per\u00edodo Ordinario de Sesiones del Primer A\u00f1o de Ejercicio Constitucional<\/div>\n<\/td>\n<\/tr>\n<tr>\n<td style=\"text-align: center;\" valign=\"middle\" bgcolor=\"#D2D2D2\" height=\"44\"><a href=\"http:\/\/www.congresocoahuila.gob.mx\/portal\/wp-content\/uploads\/2014\/11\/Acuerdo01320121229.pdf\">29 de Diciembre de 2012<\/a><\/td>\n<td class=\"Estilo15\" valign=\"middle\" bgcolor=\"#D2D2D2\">\n<div align=\"justify\">Apertura del Primer Per\u00edodo Extraordinario de Sesiones del Segundo A\u00f1o de Ejercicio Constitucional<\/div>\n<\/td>\n<\/tr>\n<tr>\n<td style=\"text-align: center;\" valign=\"middle\" bgcolor=\"#E1E1E1\" height=\"44\"><a href=\"http:\/\/www.congresocoahuila.gob.mx\/portal\/wp-content\/uploads\/2014\/11\/Acuerdo01420130220.pdf\">20 de Febrero de 2013<\/a><\/td>\n<td class=\"Estilo15\" valign=\"middle\" bgcolor=\"#E1E1E1\">\n<div align=\"justify\">Clausura del Primer Per\u00edodo Extraordinario de Sesiones del Segundo A\u00f1o de Ejercicio Constitucional<\/div>\n<\/td>\n<\/tr>\n<tr>\n<td style=\"text-align: center;\" valign=\"middle\" bgcolor=\"#D2D2D2\" height=\"44\"><a href=\"http:\/\/www.congresocoahuila.gob.mx\/portal\/wp-content\/uploads\/2014\/11\/Acuerdo01520130301.pdf\">1 de Marzo de 2013<\/a><\/td>\n<td class=\"Estilo15\" valign=\"middle\" bgcolor=\"#D2D2D2\">Apertura del Primer Per\u00edodo Ordinario de Sesiones del Segundo A\u00f1o de Ejercicio Constitucional<\/td>\n<\/tr>\n<tr>\n<td style=\"text-align: center;\" valign=\"middle\" bgcolor=\"#E1E1E1\" height=\"44\"><a href=\"http:\/\/www.congresocoahuila.gob.mx\/portal\/wp-content\/uploads\/2014\/11\/Acuerdo01520130416.pdf\">16 de Abril de 2013<\/a><\/td>\n<td class=\"Estilo15\" valign=\"middle\" bgcolor=\"#E1E1E1\">Acuerdo declaraci\u00f3n de ausencia del titular del cargo de Presidente de la Comisi\u00f3n de Derechos Humanos del Estado de Coahuila de Zaragoza<\/td>\n<\/tr>\n<tr>\n<td style=\"text-align: center;\" valign=\"middle\" bgcolor=\"#D2D2D2\" height=\"44\"><a href=\"http:\/\/www.congresocoahuila.gob.mx\/portal\/wp-content\/uploads\/2014\/11\/Acuerdo01520130528.pdf\">28 de Mayo de 2013<\/a><\/td>\n<td class=\"Estilo15\" valign=\"middle\" bgcolor=\"#D2D2D2\">Creaci\u00f3n de una Comisi\u00f3n Especial para vigilar el uso de programas sociales durante los procesos electorales<\/td>\n<\/tr>\n<tr>\n<td style=\"text-align: center;\" valign=\"middle\" bgcolor=\"#E1E1E1\" height=\"44\"><a href=\"http:\/\/www.congresocoahuila.gob.mx\/portal\/wp-content\/uploads\/2014\/11\/Acuerdo01520130625.pdf\">25 de Junio de 2013<\/a><\/td>\n<td class=\"Estilo15\" valign=\"middle\" bgcolor=\"#E1E1E1\">Clausura del Primer Per\u00edodo Ordinario de Sesiones del Segundo A\u00f1o de Ejercicio Constitucional<\/td>\n<\/tr>\n<tr>\n<td style=\"text-align: center;\" valign=\"middle\" bgcolor=\"#D2D2D2\" height=\"44\"><a href=\"http:\/\/www.congresocoahuila.gob.mx\/portal\/wp-content\/uploads\/2014\/11\/Acuerdo01620130813_.pdf\">13 de Agosto de 2013<\/a><\/td>\n<td class=\"Estilo15\" valign=\"middle\" bgcolor=\"#D2D2D2\">Apertura del Segundo Per\u00edodo Extraordinario de Sesiones del Segundo A\u00f1o de Ejercicio Constitucional<\/td>\n<\/tr>\n<tr>\n<td style=\"text-align: center;\" valign=\"middle\" bgcolor=\"#E1E1E1\" height=\"44\"><a href=\"http:\/\/www.congresocoahuila.gob.mx\/portal\/wp-content\/uploads\/2014\/11\/Acuerdo01620130813.pdf\">13 de Agosto de 2013<\/a><\/td>\n<td class=\"Estilo15\" valign=\"middle\" bgcolor=\"#E1E1E1\">Convocatoria a ocupar los cargos de Consejeros Propietarios y Suplentes de la Comisi\u00f3n de los Derechos Humanos del Estado de Coahuila de Zaragoza<\/td>\n<\/tr>\n<tr>\n<td style=\"text-align: center;\" valign=\"middle\" bgcolor=\"#D2D2D2\" height=\"44\"><a href=\"http:\/\/www.congresocoahuila.gob.mx\/portal\/wp-content\/uploads\/2014\/11\/Acuerdo01720130820.pdf\">20 de Agosto de 2013<\/a><\/td>\n<td class=\"Estilo15\" valign=\"middle\" bgcolor=\"#D2D2D2\">Sobre incluir en el Segundo Per\u00edodo Extraordinario de Sesiones del Segundo A\u00f1o de Ejercicio de la Quincuag\u00e9sima Novena Legislatura nuevos asuntos a tratar<\/td>\n<\/tr>\n<tr>\n<td style=\"text-align: center;\" valign=\"middle\" bgcolor=\"#E1E1E1\" height=\"44\"><a href=\"http:\/\/www.congresocoahuila.gob.mx\/portal\/wp-content\/uploads\/2014\/11\/Acuerdo01720130820_.pdf\">20 de Agosto de 2013<\/a><\/td>\n<td class=\"Estilo15\" valign=\"middle\" bgcolor=\"#E1E1E1\">Creaci\u00f3n de una Comisi\u00f3n Especial sobre problem\u00e1tica que presentan las pozas de agua en el Municipio de Cuatro Ci\u00e9negas<\/td>\n<\/tr>\n<tr>\n<td style=\"text-align: center;\" valign=\"middle\" bgcolor=\"#D2D2D2\" height=\"44\"><a href=\"http:\/\/www.congresocoahuila.gob.mx\/portal\/wp-content\/uploads\/2014\/11\/Acuerdo01720130827.pdf\">27 de Agosto de 2013<\/a><\/td>\n<td class=\"Estilo15\" valign=\"middle\" bgcolor=\"#D2D2D2\">Clausura del Segundo Per\u00edodo Extraordinario de Sesiones del Segundo A\u00f1o de Ejercicio Constitucional<\/td>\n<\/tr>\n<tr>\n<td style=\"text-align: center;\" valign=\"middle\" bgcolor=\"#E1E1E1\" height=\"44\"><a href=\"http:\/\/www.congresocoahuila.gob.mx\/portal\/wp-content\/uploads\/2014\/11\/Acuerdo01820130902.pdf\">2 de Septiembre de 2013<\/a><\/td>\n<td class=\"Estilo15\" valign=\"middle\" bgcolor=\"#E1E1E1\">\n<div align=\"justify\">Apertura del Segundo Per\u00edodo Ordinario de Sesiones del Segundo A\u00f1o de Ejercicio Constitucional<\/div>\n<\/td>\n<\/tr>\n<tr>\n<td style=\"text-align: center;\" valign=\"middle\" bgcolor=\"#D2D2D2\" height=\"44\"><a href=\"http:\/\/www.congresocoahuila.gob.mx\/portal\/wp-content\/uploads\/2014\/11\/Acuerdo01820131001.pdf\">1 de Octubre de 2013<\/a><\/td>\n<td class=\"Estilo15\" valign=\"middle\" bgcolor=\"#D2D2D2\">\n<div align=\"justify\">Convocatoria a obtener la Presea al \u00abM\u00e9rito de la Mujer 2013\u00bb<\/div>\n<\/td>\n<\/tr>\n<tr>\n<td style=\"text-align: center;\" valign=\"middle\" bgcolor=\"#E1E1E1\" height=\"44\"><a href=\"http:\/\/www.congresocoahuila.gob.mx\/portal\/wp-content\/uploads\/2014\/11\/Acuerdo01920131121.pdf\">21 de Noviembre de 2013<\/a><\/td>\n<td class=\"Estilo15\" valign=\"middle\" bgcolor=\"#E1E1E1\">\n<div align=\"justify\">Acuerdo de resoluci\u00f3n a otorgar la \u201cPresea al M\u00e9rito de la Mujer Coahuila 2013\u201d<\/div>\n<\/td>\n<\/tr>\n<tr>\n<td style=\"text-align: center;\" valign=\"middle\" bgcolor=\"#D2D2D2\" height=\"44\"><a href=\"http:\/\/www.congresocoahuila.gob.mx\/portal\/wp-content\/uploads\/2014\/11\/Acuerdo01920131121_.pdf\">21 de Noviembre de 2013<\/a><\/td>\n<td class=\"Estilo15\" valign=\"middle\" bgcolor=\"#D2D2D2\">\n<div align=\"justify\">Sobre an\u00e1lisis del Segundo Informe de Gobierno del C. Lic. Rub\u00e9n Moreira Valdez, Gobernador del Estado de Coahuila de Zaragoza<\/div>\n<\/td>\n<\/tr>\n<tr>\n<td style=\"text-align: center;\" valign=\"middle\" bgcolor=\"#E1E1E1\" height=\"44\"><a href=\"http:\/\/www.congresocoahuila.gob.mx\/portal\/wp-content\/uploads\/2014\/11\/Acuerdo01920131219.pdf\">19 de Diciembre de 2013<\/a><\/td>\n<td class=\"Estilo15\" valign=\"middle\" bgcolor=\"#E1E1E1\">\n<div align=\"justify\">Clausura del Segundo Per\u00edodo Ordinario de Sesiones del Segundo A\u00f1o de Ejercicio Constitucional<\/div>\n<\/td>\n<\/tr>\n<tr>\n<td style=\"text-align: center;\" valign=\"middle\" bgcolor=\"#D2D2D2\" height=\"44\"><a href=\"http:\/\/www.congresocoahuila.gob.mx\/portal\/wp-content\/uploads\/2014\/11\/Acuerdo02020140114.pdf\">14 de Enero de 2014<\/a><\/td>\n<td class=\"Estilo15\" valign=\"middle\" bgcolor=\"#D2D2D2\">\n<div align=\"justify\">Apertura del Primer Per\u00edodo Extraordinario de Sesiones del Tercer A\u00f1o de Ejercicio Constitucional<\/div>\n<\/td>\n<\/tr>\n<tr>\n<td style=\"text-align: center;\" valign=\"middle\" bgcolor=\"#E1E1E1\" height=\"44\"><a href=\"http:\/\/www.congresocoahuila.gob.mx\/portal\/wp-content\/uploads\/2014\/11\/Acuerdo02120140226.pdf\">26 de Febrero de 2014<\/a><\/td>\n<td class=\"Estilo15\" valign=\"middle\" bgcolor=\"#E1E1E1\">\n<div align=\"justify\">Clausura del Primer Per\u00edodo Extraordinario de Sesiones del Tercer A\u00f1o de Ejercicio Constitucional<\/div>\n<\/td>\n<\/tr>\n<tr>\n<td style=\"text-align: center;\" valign=\"middle\" bgcolor=\"#D2D2D2\" height=\"44\"><a href=\"http:\/\/www.congresocoahuila.gob.mx\/portal\/wp-content\/uploads\/2014\/11\/Acuerdo02220140624.pdf\">24 de Junio de 2014<\/a><\/td>\n<td class=\"Estilo15\" valign=\"middle\" bgcolor=\"#D2D2D2\">\n<div align=\"justify\">Clausura del Segundo Per\u00edodo Ordinario de Sesiones del Tercer A\u00f1o de Ejercicio Constitucional<\/div>\n<\/td>\n<\/tr>\n<tr>\n<td style=\"text-align: center;\" valign=\"middle\" bgcolor=\"#E1E1E1\" height=\"44\"><a href=\"http:\/\/www.congresocoahuila.gob.mx\/portal\/wp-content\/uploads\/2014\/11\/Acuerdo02320140624.pdf\">24 de Junio de 2014<\/a><\/td>\n<td class=\"Estilo15\" valign=\"middle\" bgcolor=\"#E1E1E1\">\n<div align=\"justify\">Inscribir el nombre de la Poetisa Coahuilense Enriqueta Ochoa, en el Muro de Honor del Sal\u00f3n de Sesiones del Congreso del Estado<\/div>\n<\/td>\n<\/tr>\n<tr>\n<td style=\"text-align: center;\" valign=\"middle\" bgcolor=\"#D2D2D2\" height=\"44\"><a href=\"http:\/\/www.congresocoahuila.gob.mx\/portal\/wp-content\/uploads\/2014\/11\/Acuerdo02420140708.pdf\">8 de Julio de 2014<\/a><\/td>\n<td class=\"Estilo15\" valign=\"middle\" bgcolor=\"#D2D2D2\">\n<div align=\"justify\">Apertura del Segundo Per\u00edodo Extraordinario de Sesiones del Tercer A\u00f1o de Ejercicio Constitucional<\/div>\n<\/td>\n<\/tr>\n<tr>\n<td style=\"text-align: center;\" valign=\"middle\" bgcolor=\"#E1E1E1\" height=\"44\"><a href=\"http:\/\/www.congresocoahuila.gob.mx\/portal\/wp-content\/uploads\/2014\/11\/Acuerdo02520140826.pdf\">26 de Agosto de 2014<\/a><\/td>\n<td class=\"Estilo15\" valign=\"middle\" bgcolor=\"#E1E1E1\">\n<div align=\"justify\">Clausura del Segundo Per\u00edodo Extraordinario de Sesiones del Tercer A\u00f1o de Ejercicio Constitucional<\/div>\n<\/td>\n<\/tr>\n<tr>\n<td style=\"text-align: center;\" valign=\"middle\" bgcolor=\"#D2D2D2\" height=\"44\"><a href=\"http:\/\/www.congresocoahuila.gob.mx\/portal\/wp-content\/uploads\/2014\/11\/Acuerdo02620140901.pdf\">1 de Septiembre de 2014<\/a><\/td>\n<td class=\"Estilo15\" valign=\"middle\" bgcolor=\"#D2D2D2\">\n<div align=\"justify\">Apertura del Segundo Per\u00edodo Ordinario de Sesiones del Tercer A\u00f1o de Ejercicio Constitucional<\/div>\n<\/td>\n<\/tr>\n<tr>\n<td style=\"text-align: center;\" valign=\"middle\" bgcolor=\"#E1E1E1\" height=\"44\"><a href=\"http:\/\/www.congresocoahuila.gob.mx\/portal\/wp-content\/uploads\/2014\/11\/Acuerdo02720141014.pdf\">14 de Octubre de 2014<\/a><\/td>\n<td class=\"Estilo15\" valign=\"middle\" bgcolor=\"#E1E1E1\">\n<div align=\"justify\">Convocatoria a obtener la Presea al \u00abM\u00e9rito de la Mujer 2014\u00bb<\/div>\n<\/td>\n<\/tr>\n<\/tbody>\n<\/table>\n","protected":false},"excerpt":{"rendered":"<p>\u00a0\u00a0Fecha \u00a0\u00a0\u00a0\u00a0\u00a0\u00a0\u00a0\u00a0\u00a0\u00a0\u00a0\u00a0\u00a0\u00a0\u00a0\u00a0\u00a0\u00a0\u00a0\u00a0 \u00a0\u00a0\u00a0\u00a0\u00a0\u00a0\u00a0Acuerdo\u00a0\u00a0\u00a0\u00a0\u00a0\u00a0\u00a0\u00a0\u00a0\u00a0\u00a0\u00a0\u00a0\u00a0\u00a0\u00a0\u00a0\u00a0\u00a0\u00a0\u00a0\u00a0\u00a0\u00a0\u00a0\u00a0\u00a0\u00a0\u00a0\u00a0\u00a0\u00a0\u00a0\u00a0\u00a0\u00a0\u00a0\u00a0\u00a0\u00a0\u00a0\u00a0\u00a0\u00a0\u00a0\u00a0 1 de Enero de 2012 Instalaci\u00f3n de la Quincuag\u00e9sima Novena Legislatura 2012-2014 1 de Enero de 2012 Apertura del Primer Per\u00edodo Ordinario de Sesiones del Primer A\u00f1o de Ejercicio constitucional de la LIX Legislatura del Congreso del Estado 6 de Enero de 2012 Integraci\u00f3n de la Junta de Gobierno 6 de Enero [&hellip;]<\/p>\n","protected":false},"author":3,"featured_media":0,"parent":0,"menu_order":0,"comment_status":"closed","ping_status":"closed","template":"","meta":{"footnotes":""},"categories":[],"tags":[],"class_list":["post-3810","page","type-page","status-publish","hentry"],"_links":{"self":[{"href":"https:\/\/www.congresocoahuila.gob.mx\/portal\/wp-json\/wp\/v2\/pages\/3810","targetHints":{"allow":["GET"]}}],"collection":[{"href":"https:\/\/www.congresocoahuila.gob.mx\/portal\/wp-json\/wp\/v2\/pages"}],"about":[{"href":"https:\/\/www.congresocoahuila.gob.mx\/portal\/wp-json\/wp\/v2\/types\/page"}],"author":[{"embeddable":true,"href":"https:\/\/www.congresocoahuila.gob.mx\/portal\/wp-json\/wp\/v2\/users\/3"}],"replies":[{"embeddable":true,"href":"https:\/\/www.congresocoahuila.gob.mx\/portal\/wp-json\/wp\/v2\/comments?post=3810"}],"version-history":[{"count":0,"href":"https:\/\/www.congresocoahuila.gob.mx\/portal\/wp-json\/wp\/v2\/pages\/3810\/revisions"}],"wp:attachment":[{"href":"https:\/\/www.congresocoahuila.gob.mx\/portal\/wp-json\/wp\/v2\/media?parent=3810"}],"wp:term":[{"taxonomy":"category","embeddable":true,"href":"https:\/\/www.congresocoahuila.gob.mx\/portal\/wp-json\/wp\/v2\/categories?post=3810"},{"taxonomy":"post_tag","embeddable":true,"href":"https:\/\/www.congresocoahuila.gob.mx\/portal\/wp-json\/wp\/v2\/tags?post=3810"}],"curies":[{"name":"wp","href":"https:\/\/api.w.org\/{rel}","templated":true}]}}