{"id":3842,"date":"2014-11-25T15:31:55","date_gmt":"2014-11-25T21:31:55","guid":{"rendered":"http:\/\/www.congresocoahuila.gob.mx\/portal\/?page_id=3842"},"modified":"2014-11-25T15:31:55","modified_gmt":"2014-11-25T21:31:55","slug":"articulo-21-xxiii-acuerdos-2006-2008","status":"publish","type":"page","link":"https:\/\/www.congresocoahuila.gob.mx\/portal\/articulo-21-xxiii-acuerdos-2006-2008\/","title":{"rendered":"ACUERDOS-2006-2008"},"content":{"rendered":"<p>&nbsp;<\/p>\n<table border=\"0\" width=\"758\" cellspacing=\"1\" cellpadding=\"0\" bgcolor=\"#F4F4F4\">\n<tbody>\n<tr>\n<td class=\"Estilo15\" colspan=\"2\" valign=\"top\" bgcolor=\"#CCCCCC\" height=\"21\">\n<div style=\"text-align: left;\" align=\"left\"><span class=\"Estilo10\">\u00a0<\/span><span class=\"Estilo21\">\u00a0Fecha \u00a0<\/span><span class=\"Estilo10\">\u00a0\u00a0\u00a0\u00a0\u00a0\u00a0\u00a0\u00a0\u00a0\u00a0\u00a0\u00a0\u00a0\u00a0\u00a0\u00a0\u00a0\u00a0\u00a0 <\/span><span class=\"Estilo21\"> \u00a0\u00a0\u00a0\u00a0\u00a0\u00a0\u00a0Acuerdo\u00a0\u00a0\u00a0\u00a0\u00a0\u00a0\u00a0\u00a0\u00a0\u00a0\u00a0<\/span><span class=\"Estilo19\">\u00a0\u00a0<\/span><span class=\"Estilo10\">\u00a0\u00a0\u00a0\u00a0\u00a0\u00a0\u00a0\u00a0\u00a0\u00a0\u00a0\u00a0\u00a0\u00a0\u00a0\u00a0\u00a0\u00a0\u00a0\u00a0\u00a0\u00a0\u00a0\u00a0\u00a0\u00a0\u00a0\u00a0\u00a0\u00a0\u00a0\u00a0\u00a0<\/span><\/div>\n<\/td>\n<\/tr>\n<tr>\n<td style=\"text-align: center;\" valign=\"middle\" bgcolor=\"#D2D2D2\" height=\"42\"><a href=\"http:\/\/www.congresocoahuila.gob.mx\/portal\/wp-content\/uploads\/2014\/11\/Acuerdo2006010200.pdf\">2 de Enero de 2006<\/a><\/td>\n<td class=\"Estilo15\" valign=\"middle\" bgcolor=\"#D2D2D2\">\n<div align=\"justify\">Integraci\u00f3n de la Junta de Gobierno<\/div>\n<\/td>\n<\/tr>\n<tr>\n<td style=\"text-align: center;\" valign=\"middle\" bgcolor=\"#E1E1E1\" width=\"155\" height=\"33\"><a href=\"http:\/\/www.congresocoahuila.gob.mx\/portal\/wp-content\/uploads\/2014\/11\/Acuerdo2006010201.pdf\">2 de Enero de 2006<\/a><\/td>\n<td class=\"Estilo15\" valign=\"middle\" bgcolor=\"#E1E1E1\" width=\"600\">\n<div align=\"justify\">Comisiones Dictaminadoras Ordinarias<\/div>\n<\/td>\n<\/tr>\n<tr>\n<td style=\"text-align: center;\" valign=\"middle\" bgcolor=\"#D2D2D2\" height=\"42\"><a href=\"http:\/\/www.congresocoahuila.gob.mx\/portal\/wp-content\/uploads\/2014\/11\/Acuerdo2006010202.pdf\">2 de Enero de 2006<\/a><\/td>\n<td class=\"Estilo15\" valign=\"middle\" bgcolor=\"#D2D2D2\">\n<div align=\"justify\">Consejero del Congreso del Estado para formar parte del Consejo de la Judicatura del Estado<\/div>\n<\/td>\n<\/tr>\n<tr>\n<td style=\"text-align: center;\" valign=\"middle\" bgcolor=\"#E1E1E1\" width=\"155\" height=\"33\"><a href=\"http:\/\/www.congresocoahuila.gob.mx\/portal\/wp-content\/uploads\/2014\/11\/Acuerdo2006010203.pdf\">2 de Enero de 2006<\/a><\/td>\n<td class=\"Estilo15\" valign=\"middle\" bgcolor=\"#E1E1E1\" width=\"600\">\n<div align=\"justify\">Grupos Parlamentarios de la LVII Legislatura<\/div>\n<\/td>\n<\/tr>\n<tr>\n<td style=\"text-align: center;\" valign=\"middle\" bgcolor=\"#D2D2D2\" height=\"42\"><a href=\"http:\/\/www.congresocoahuila.gob.mx\/portal\/wp-content\/uploads\/2014\/11\/Acuerdo2006010204.pdf\">2 de Enero de 2006<\/a><\/td>\n<td class=\"Estilo15\" valign=\"middle\" bgcolor=\"#D2D2D2\">\n<div align=\"justify\">Instalaci\u00f3n de la Diputaci\u00f3n Permanente<\/div>\n<\/td>\n<\/tr>\n<tr>\n<td style=\"text-align: center;\" valign=\"middle\" bgcolor=\"#E1E1E1\" width=\"155\" height=\"33\"><a href=\"http:\/\/www.congresocoahuila.gob.mx\/portal\/wp-content\/uploads\/2014\/11\/Acuerdo2006010205.pdf\">2 de Enero de 2006<\/a><\/td>\n<td class=\"Estilo15\" valign=\"middle\" bgcolor=\"#E1E1E1\" width=\"600\">\n<div align=\"justify\">Nombramiento del Oficial Mayor del Congreso<\/div>\n<\/td>\n<\/tr>\n<tr>\n<td style=\"text-align: center;\" valign=\"middle\" bgcolor=\"#D2D2D2\" height=\"42\"><a href=\"http:\/\/www.congresocoahuila.gob.mx\/portal\/wp-content\/uploads\/2014\/11\/Acuerdo2006010206.pdf\">2 de Enero de 2006<\/a><\/td>\n<td class=\"Estilo15\" valign=\"middle\" bgcolor=\"#D2D2D2\">\n<div align=\"justify\">Nombramiento del Tesorero del Congreso<\/div>\n<\/td>\n<\/tr>\n<tr>\n<td style=\"text-align: center;\" valign=\"middle\" bgcolor=\"#D2D2D2\" height=\"42\"><a href=\"http:\/\/www.congresocoahuila.gob.mx\/portal\/wp-content\/uploads\/2014\/11\/Acuerdo2006010207.pdf\">2 de Enero de 2006<\/a><\/td>\n<td class=\"Estilo15\" valign=\"middle\" bgcolor=\"#D2D2D2\">\n<div align=\"justify\">Representante del Congreso ante la Comisi\u00f3n T\u00e9cnica de Financiamiento<\/div>\n<\/td>\n<\/tr>\n<tr>\n<td style=\"text-align: center;\" valign=\"middle\" bgcolor=\"#E1E1E1\" width=\"155\" height=\"33\"><a href=\"http:\/\/www.congresocoahuila.gob.mx\/portal\/wp-content\/uploads\/2014\/11\/Acuerdo2006012408.pdf\">24 de Enero de 2006<\/a><\/td>\n<td class=\"Estilo15\" valign=\"middle\" bgcolor=\"#E1E1E1\" width=\"600\">\n<div align=\"justify\">Celebraci\u00f3n del D\u00eda del Ej\u00e9rcito y homenaje a Don V. Carranza<\/div>\n<\/td>\n<\/tr>\n<tr>\n<td style=\"text-align: center;\" valign=\"middle\" bgcolor=\"#D2D2D2\" height=\"42\"><a href=\"http:\/\/www.congresocoahuila.gob.mx\/portal\/wp-content\/uploads\/2014\/11\/Acuerdo2006030709.pdf\">7 de Marzo de 2006<\/a><\/td>\n<td class=\"Estilo15\" valign=\"middle\" bgcolor=\"#D2D2D2\">\n<div align=\"justify\">Comisi\u00f3n Especial Mina Pasta de Conchos<\/div>\n<\/td>\n<\/tr>\n<tr>\n<td style=\"text-align: center;\" valign=\"middle\" bgcolor=\"#E1E1E1\" width=\"155\" height=\"33\"><a href=\"http:\/\/www.congresocoahuila.gob.mx\/portal\/wp-content\/uploads\/2014\/11\/Acuerdo2006030710.pdf\">7 de Marzo de 2006<\/a><\/td>\n<td class=\"Estilo15\" valign=\"middle\" bgcolor=\"#E1E1E1\" width=\"600\">\n<div align=\"justify\">Convenio con la Asociaci\u00f3n de Cronistas e Historiadores de Coahuila A.C<\/div>\n<\/td>\n<\/tr>\n<tr>\n<td style=\"text-align: center;\" valign=\"middle\" bgcolor=\"#D2D2D2\" height=\"42\"><a href=\"http:\/\/www.congresocoahuila.gob.mx\/portal\/wp-content\/uploads\/2014\/11\/Acuerdo2006030711.pdf\">7 de Marzo de 2006<\/a><\/td>\n<td class=\"Estilo15\" valign=\"middle\" bgcolor=\"#D2D2D2\">\n<div align=\"justify\">Modificaci\u00f3n Adscripci\u00f3n Comisiones<\/div>\n<\/td>\n<\/tr>\n<tr>\n<td style=\"text-align: center;\" valign=\"middle\" bgcolor=\"#E1E1E1\" width=\"155\" height=\"33\"><a href=\"http:\/\/www.congresocoahuila.gob.mx\/portal\/wp-content\/uploads\/2014\/11\/Acuerdo2006040912.pdf\">9 de Abril de 2006<\/a><\/td>\n<td class=\"Estilo15\" valign=\"middle\" bgcolor=\"#E1E1E1\" width=\"600\">\n<div align=\"justify\">Convenio con el Instituto Electoral y de Participaci\u00f3n Ciudadana<\/div>\n<\/td>\n<\/tr>\n<tr>\n<td style=\"text-align: center;\" valign=\"middle\" bgcolor=\"#D2D2D2\" height=\"42\"><a href=\"http:\/\/www.congresocoahuila.gob.mx\/portal\/wp-content\/uploads\/2014\/11\/Acuerdo2006040913.pdf\">9 de Abril de 2006<\/a><\/td>\n<td class=\"Estilo15\" valign=\"middle\" bgcolor=\"#D2D2D2\">\n<div align=\"justify\">Primer Parlamento Juvenil Coahuila 2006<\/div>\n<\/td>\n<\/tr>\n<tr>\n<td style=\"text-align: center;\" valign=\"middle\" bgcolor=\"#E1E1E1\" width=\"155\" height=\"33\"><a href=\"http:\/\/www.congresocoahuila.gob.mx\/portal\/wp-content\/uploads\/2014\/11\/Acuerdo2006042114.pdf\">21 de Abril de 2006<\/a><\/td>\n<td class=\"Estilo15\" valign=\"middle\" bgcolor=\"#E1E1E1\" width=\"600\">\n<div align=\"justify\">Escribir con Letras de Oro el nombre del Gral Eulalio Guti\u00e9rrez Ortiz<\/div>\n<\/td>\n<\/tr>\n<tr>\n<td style=\"text-align: center;\" valign=\"middle\" bgcolor=\"#D2D2D2\" height=\"42\"><a href=\"http:\/\/www.congresocoahuila.gob.mx\/portal\/wp-content\/uploads\/2014\/11\/Acuerdo2006050915.pdf\">9 de Mayo de 2006<\/a><\/td>\n<td class=\"Estilo15\" valign=\"middle\" bgcolor=\"#D2D2D2\">\n<div align=\"justify\">Comisi\u00f3n Especial Reforma Integral a la Ley Org\u00e1nica del Congreso<\/div>\n<\/td>\n<\/tr>\n<tr>\n<td style=\"text-align: center;\" valign=\"middle\" bgcolor=\"#E1E1E1\" width=\"155\" height=\"33\"><a href=\"http:\/\/www.congresocoahuila.gob.mx\/portal\/wp-content\/uploads\/2014\/11\/Acuerdo2006052316.pdf\">23 de Mayo de 2006<\/a><\/td>\n<td class=\"Estilo15\" valign=\"middle\" bgcolor=\"#E1E1E1\" width=\"600\">\n<div align=\"justify\">Convenio con la Federaci\u00f3n de Colegios, Barras Foros y Asoc de Abogados FAEC<\/div>\n<\/td>\n<\/tr>\n<tr>\n<td style=\"text-align: center;\" valign=\"middle\" bgcolor=\"#D2D2D2\" height=\"42\"><a href=\"http:\/\/www.congresocoahuila.gob.mx\/portal\/wp-content\/uploads\/2014\/11\/Acuerdo2006052317.pdf\">23 de Mayo de 2006<\/a><\/td>\n<td class=\"Estilo15\" valign=\"middle\" bgcolor=\"#D2D2D2\">\n<div align=\"justify\">Convenio con la Universidad Aut\u00f3noma de Coahuila<\/div>\n<\/td>\n<\/tr>\n<\/tbody>\n<\/table>\n","protected":false},"excerpt":{"rendered":"<p>&nbsp; \u00a0\u00a0Fecha \u00a0\u00a0\u00a0\u00a0\u00a0\u00a0\u00a0\u00a0\u00a0\u00a0\u00a0\u00a0\u00a0\u00a0\u00a0\u00a0\u00a0\u00a0\u00a0\u00a0 \u00a0\u00a0\u00a0\u00a0\u00a0\u00a0\u00a0Acuerdo\u00a0\u00a0\u00a0\u00a0\u00a0\u00a0\u00a0\u00a0\u00a0\u00a0\u00a0\u00a0\u00a0\u00a0\u00a0\u00a0\u00a0\u00a0\u00a0\u00a0\u00a0\u00a0\u00a0\u00a0\u00a0\u00a0\u00a0\u00a0\u00a0\u00a0\u00a0\u00a0\u00a0\u00a0\u00a0\u00a0\u00a0\u00a0\u00a0\u00a0\u00a0\u00a0\u00a0\u00a0\u00a0\u00a0 2 de Enero de 2006 Integraci\u00f3n de la Junta de Gobierno 2 de Enero de 2006 Comisiones Dictaminadoras Ordinarias 2 de Enero de 2006 Consejero del Congreso del Estado para formar parte del Consejo de la Judicatura del Estado 2 de Enero de 2006 Grupos Parlamentarios de la LVII Legislatura 2 [&hellip;]<\/p>\n","protected":false},"author":3,"featured_media":0,"parent":0,"menu_order":0,"comment_status":"closed","ping_status":"closed","template":"","meta":{"footnotes":""},"categories":[],"tags":[],"class_list":["post-3842","page","type-page","status-publish","hentry"],"_links":{"self":[{"href":"https:\/\/www.congresocoahuila.gob.mx\/portal\/wp-json\/wp\/v2\/pages\/3842","targetHints":{"allow":["GET"]}}],"collection":[{"href":"https:\/\/www.congresocoahuila.gob.mx\/portal\/wp-json\/wp\/v2\/pages"}],"about":[{"href":"https:\/\/www.congresocoahuila.gob.mx\/portal\/wp-json\/wp\/v2\/types\/page"}],"author":[{"embeddable":true,"href":"https:\/\/www.congresocoahuila.gob.mx\/portal\/wp-json\/wp\/v2\/users\/3"}],"replies":[{"embeddable":true,"href":"https:\/\/www.congresocoahuila.gob.mx\/portal\/wp-json\/wp\/v2\/comments?post=3842"}],"version-history":[{"count":0,"href":"https:\/\/www.congresocoahuila.gob.mx\/portal\/wp-json\/wp\/v2\/pages\/3842\/revisions"}],"wp:attachment":[{"href":"https:\/\/www.congresocoahuila.gob.mx\/portal\/wp-json\/wp\/v2\/media?parent=3842"}],"wp:term":[{"taxonomy":"category","embeddable":true,"href":"https:\/\/www.congresocoahuila.gob.mx\/portal\/wp-json\/wp\/v2\/categories?post=3842"},{"taxonomy":"post_tag","embeddable":true,"href":"https:\/\/www.congresocoahuila.gob.mx\/portal\/wp-json\/wp\/v2\/tags?post=3842"}],"curies":[{"name":"wp","href":"https:\/\/api.w.org\/{rel}","templated":true}]}}