{"id":39529,"date":"2021-01-04T12:02:49","date_gmt":"2021-01-04T18:02:49","guid":{"rendered":"http:\/\/congresocoahuila.gob.mx\/portal\/?page_id=39529"},"modified":"2022-07-01T12:06:58","modified_gmt":"2022-07-01T17:06:58","slug":"acuerdos-2021-2023","status":"publish","type":"page","link":"https:\/\/www.congresocoahuila.gob.mx\/portal\/acuerdos-2021-2023\/","title":{"rendered":"ACUERDOS-2021-2023"},"content":{"rendered":"<table border=\"1\" width=\"872\">\n<tbody>\n<tr class=\"estilo1\">\n<th scope=\"col\" bgcolor=\"#DADADA\" width=\"156\" height=\"38\">F E C H A<\/th>\n<th scope=\"col\" bgcolor=\"#DADADA\" width=\"700\">A C U E R D O<\/th>\n<\/tr>\n<tr class=\"\">\n<td class=\"\" height=\"51\">\n<div align=\"center\"><a href=\"https:\/\/congresocoahuila.gob.mx\/transparencia\/03\/Acuerdos-2021-2023\/20210101_004.pdf\">01 de Enero de 2021<\/a><\/div>\n<\/td>\n<td>\n<div align=\"justify\">Mesa Directiva que estar\u00e1 en funciones durante el Per\u00edodo de Instalaci\u00f3n de la Sexag\u00e9sima Segunda Legislatura.<\/div>\n<\/td>\n<\/tr>\n<tr class=\"\" bgcolor=\"#CCCCCC\">\n<td class=\"\" bgcolor=\"#DADADA\" height=\"49\">\n<div align=\"center\"><a href=\"https:\/\/congresocoahuila.gob.mx\/transparencia\/03\/Acuerdos-2021-2023\/20210101_001.pdf\">01 de Enero de 2021<\/a><\/div>\n<\/td>\n<td class=\"\" bgcolor=\"#DADADA\">\n<div align=\"justify\">Apertura del\u00a0Periodo de Instalaci\u00f3n de la Sexag\u00e9sima Segunda Legislatura del Congreso del Estado Independiente, Libre y Soberano de Coahuila de Zaragoza.<\/div>\n<\/td>\n<\/tr>\n<tr>\n<td class=\"\" height=\"59\">\n<div align=\"center\"><a href=\"https:\/\/congresocoahuila.gob.mx\/transparencia\/03\/Acuerdos-2021-2023\/20210105_002.pdf\">05 de Enero de 2021<\/a><\/div>\n<\/td>\n<td>\n<div align=\"justify\">Declaratoria legal y formalmente constituidos los Grupos\u00a0Parlamentarios y las Fracciones Parlamentarias de la Sexag\u00e9sima Segunda\u00a0Legislatura del Congreso del Estado Independiente, Libre y Soberano de\u00a0Coahuila de Zaragoza.<\/div>\n<\/td>\n<\/tr>\n<tr class=\"\">\n<td class=\"\" bgcolor=\"#DADADA\" height=\"48\">\n<div align=\"center\"><a href=\"http:\/\/congresocoahuila.gob.mx\/transparencia\/03\/Acuerdos-2021-2023\/20210105_003.pdf\">05 de Enero de 2021<\/a><\/div>\n<\/td>\n<td bgcolor=\"#DADADA\">\n<div align=\"justify\">Declaratoria legal y formalmente constituida la Junta de Gobierno.<\/div>\n<\/td>\n<\/tr>\n<tr>\n<td class=\"\" height=\"56\">\n<div align=\"center\"><a href=\"http:\/\/congresocoahuila.gob.mx\/transparencia\/03\/Acuerdos-2021-2023\/20210105_005.pdf\">05 de Enero de 2021<\/a><\/div>\n<\/td>\n<td>\n<div align=\"justify\">Declaratoria legal y formalmente constituidas las Comisiones Dictaminadoras Permanentes y Comit\u00e9s de la Sexag\u00e9sima Segunda Legislatura.<\/div>\n<\/td>\n<\/tr>\n<tr class=\"\">\n<td class=\"\" bgcolor=\"#DADADA\" height=\"46\">\n<div align=\"center\"><a href=\"https:\/\/congresocoahuila.gob.mx\/transparencia\/03\/Acuerdos-2021-2023\/20210112_006.pdf\">12 de Enero de 2021<\/a><\/div>\n<\/td>\n<td bgcolor=\"#DADADA\">\n<div align=\"justify\">Nombramiento del Oficial Mayor del Congreso del Estado.<\/div>\n<\/td>\n<\/tr>\n<tr>\n<td class=\"\" height=\"32\">\n<div align=\"center\"><a class=\"\" href=\"http:\/\/congresocoahuila.gob.mx\/transparencia\/03\/Acuerdos-2021-2023\/20210112_007.pdf\">12 de Enero de 2021<\/a><\/div>\n<\/td>\n<td>\n<div align=\"justify\">Nombramiento del Tesorero del Congreso del Estado.<\/div>\n<\/td>\n<\/tr>\n<tr class=\"\">\n<td class=\"\" bgcolor=\"#DADADA\" height=\"60\">\n<div align=\"center\"><a class=\"\" href=\"https:\/\/congresocoahuila.gob.mx\/transparencia\/03\/Acuerdos-2021-2023\/20210112_008.pdf\">12 de Enero de 2021<\/a><\/div>\n<\/td>\n<td bgcolor=\"#DADADA\">\n<div align=\"justify\">Declaraci\u00f3n sobre integraci\u00f3n de la Mesa Directiva que estar\u00e1 en funciones durante el Primer A\u00f1o de Ejercicio Constitucional de la Sexag\u00e9sima Segunda Legislatura.<\/div>\n<\/td>\n<\/tr>\n<tr>\n<td class=\"\" height=\"59\">\n<div align=\"center\"><a class=\"\" href=\"http:\/\/congresocoahuila.gob.mx\/transparencia\/03\/Acuerdos-2021-2023\/20210112_009.pdf\">12 de Enero de 2021<\/a><\/div>\n<\/td>\n<td>\n<div align=\"justify\">Declaratoria de instalaci\u00f3n de la Diputaci\u00f3n Permanente que estar\u00e1 en funciones durante los meses de enero y febrero, del Primer A\u00f1o de Ejercicio Constitucional de la Sexag\u00e9sima Segunda Legislatura.<\/div>\n<\/td>\n<\/tr>\n<tr class=\"\">\n<td class=\"\" bgcolor=\"#DADADA\" height=\"44\">\n<div align=\"center\"><a class=\"\" href=\"https:\/\/congresocoahuila.gob.mx\/transparencia\/03\/Acuerdos-2021-2023\/20210112_010.pdf\">12 de Enero de 2021<\/a><\/div>\n<\/td>\n<td bgcolor=\"#DADADA\">\n<div align=\"justify\">Declaraci\u00f3n sobre conclusi\u00f3n del Per\u00edodo de Instalaci\u00f3n de la Sexag\u00e9sima Segunda Legislatura.<\/div>\n<\/td>\n<\/tr>\n<tr class=\"\">\n<td class=\"\" bgcolor=\"#FFFFFF\" height=\"44\">\n<div align=\"center\"><a class=\"\" href=\"https:\/\/congresocoahuila.gob.mx\/transparencia\/03\/Acuerdos-2021-2023\/20210127_011.pdf\">27 de Enero de 2021<\/a><\/div>\n<\/td>\n<td bgcolor=\"#FFFFFF\">\n<div align=\"justify\">Designaci\u00f3n de un Consejero y un Suplente para formar parte del Consejo de la Judicatura del Poder Judicial del Estado.<\/div>\n<\/td>\n<\/tr>\n<tr class=\"\">\n<td class=\"\" bgcolor=\"#DADADA\" height=\"44\">\n<div align=\"center\"><a class=\"\" href=\"https:\/\/congresocoahuila.gob.mx\/transparencia\/03\/Acuerdos-2021-2023\/20210203_012.pdf\">03 de Febrero de 2021<\/a><\/div>\n<\/td>\n<td bgcolor=\"#DADADA\">\n<div align=\"justify\">Se designan a las diputadas y los diputados integrantes del Poder Legislativo para formar parte de la comisi\u00f3n interinstitucional de car\u00e1cter estatal con el Poder Ejecutivo, con la funci\u00f3n de vigilar la correcta aplicaci\u00f3n y manejo de los programas sociales durante el proceso electoral 2021.<\/div>\n<\/td>\n<\/tr>\n<tr class=\"\">\n<td class=\"\" bgcolor=\"#FFFFFF\" height=\"44\">\n<div align=\"center\"><a class=\"\" href=\"https:\/\/congresocoahuila.gob.mx\/transparencia\/03\/Acuerdos-2021-2023\/20210210_013.pdf\">10 de Febrero de 2021<\/a><\/div>\n<\/td>\n<td bgcolor=\"#FFFFFF\">\n<div align=\"justify\">Sesi\u00f3n Solemne para celebrar el \u201cD\u00eda del Ej\u00e9rcito\u201d, as\u00ed como para rendir homenaje a Don Venustiano Carranza y a los Diputados del Vig\u00e9simo Segundo Congreso Constitucional del Estado<\/div>\n<\/td>\n<\/tr>\n<tr class=\"\">\n<td class=\"\" bgcolor=\"#DADADA\" height=\"44\">\n<div align=\"center\"><a class=\"\" href=\"https:\/\/congresocoahuila.gob.mx\/transparencia\/03\/Acuerdos-2021-2023\/20210210_013.pdf\">01 de Marzo de 2021<\/a><\/div>\n<\/td>\n<td bgcolor=\"#DADADA\">\n<div align=\"justify\">Apertura del Primer Per\u00edodo Ordinario de Sesiones\u00a0del Primer A\u00f1o de Ejercicio Constitucional de la Sexag\u00e9sima Segunda Legislatura.<\/div>\n<\/td>\n<\/tr>\n<tr class=\"\">\n<td class=\"\" bgcolor=\"#FFFFFF\" height=\"44\">\n<div align=\"center\"><a class=\"\" href=\"https:\/\/congresocoahuila.gob.mx\/transparencia\/03\/Acuerdos-2021-2023\/20210427_015.pdf\">27 de Abril de 2021<\/a><\/div>\n<\/td>\n<td bgcolor=\"#FFFFFF\">\n<div align=\"justify\">En relaci\u00f3n a un Punto de Acuerdo: Para que se env\u00ede atento exhorto a la Secretar\u00eda de Educaci\u00f3n Federal, con el objeto de solicitarle que en la medida de sus posibilidades coordine las acciones necesarias para elaborar los protocolos necesarios para capacitar al personal educativo de las escuelas p\u00fablicas del pa\u00eds, para un regreso a clases presenciales seguro.<\/div>\n<\/td>\n<\/tr>\n<tr class=\"\">\n<td class=\"\" bgcolor=\"#DADADA\" height=\"44\">\n<div align=\"center\"><a class=\"\" href=\"https:\/\/congresocoahuila.gob.mx\/transparencia\/03\/Acuerdos-2021-2023\/20210504_016.pdf\">04 de Mayo de 2021<\/a><\/div>\n<\/td>\n<td bgcolor=\"#DADADA\">\n<div align=\"justify\">En relaci\u00f3n a un Punto de Acuerdo: Con el objeto de realizar un exhorto al gobierno federal, en espec\u00edfico al Instituto Mexicano del Seguro Social y a la Secretar\u00eda del Trabajo y Previsi\u00f3n Social, para que promuevan y fortalezcan las campa\u00f1as de difusi\u00f3n que sirvan para que trabajadoras del hogar soliciten a su empleador o empleadora el aseguramiento ante el Instituto Mexicano del Seguro Social.<\/div>\n<\/td>\n<\/tr>\n<tr class=\"\">\n<td class=\"\" bgcolor=\"#FFFFFF\" height=\"44\">\n<div align=\"center\"><a class=\"\" href=\"https:\/\/congresocoahuila.gob.mx\/transparencia\/03\/Acuerdos-2021-2023\/20210511_017.pdf\">11 de Mayo de 2021<\/a><\/div>\n<\/td>\n<td bgcolor=\"#FFFFFF\">\n<div align=\"justify\">Celebraci\u00f3n de una Sesi\u00f3n Solemne para expresar sentidas condolencias al pueblo de la Rep\u00fablica Popular China, as\u00ed como a los descendientes de los torreonenses de origen chino, por los lamentables hechos sucedidos durante el mes de mayo de 1911.<\/div>\n<\/td>\n<\/tr>\n<tr class=\"\">\n<td class=\"\" bgcolor=\"#DADADA\" height=\"44\">\n<div align=\"center\"><a class=\"\" href=\"https:\/\/congresocoahuila.gob.mx\/transparencia\/03\/Acuerdos-2021-2023\/20210608_018.pdf\">08 de Junio de 2021<\/a><\/div>\n<\/td>\n<td bgcolor=\"#DADADA\">\n<div align=\"justify\">Respecto a un oficio de la Licenciada Marlen Er\u00e9ndira Loeza Garc\u00eda, directora de Procesos Legislativos del H. Congreso del Estado de Guerrero, que remite a esta Legislatura el acuerdo parlamentario mediante el cual, el Poder Legislativo de aquella entidad exhorta a las Comisiones de Seguridad Social de las C\u00e1maras de Diputados y del Senado de la Rep\u00fablica, a reformar la Constituci\u00f3n General para establecer que la pensi\u00f3n es parte de la seguridad social, y por lo tanto, no es de la naturaleza del UMA, sino del salario m\u00ednimo. Para efectos de que este H. Congreso se adhiera a dicho acuerdo.<\/div>\n<\/td>\n<\/tr>\n<tr class=\"\">\n<td class=\"\" bgcolor=\"#FFFFFF\" height=\"44\">\n<div align=\"center\"><a class=\"\" href=\"https:\/\/congresocoahuila.gob.mx\/transparencia\/03\/Acuerdos-2021-2023\/20210615_019.pdf\">15 de Junio de 2021<\/a><\/div>\n<\/td>\n<td bgcolor=\"#FFFFFF\">\n<div align=\"justify\">En relaci\u00f3n a una iniciativa popular mediante la cual se reforman los art\u00edculos 3, 7 y 13 de la Ley de Desarrollo Econ\u00f3mico del Estado de Coahuila de Zaragoza, suscrita por el C. H\u00e9ctor Medrano Flores.<\/div>\n<\/td>\n<\/tr>\n<tr class=\"\">\n<td class=\"\" bgcolor=\"#DADADA\" height=\"44\">\n<div align=\"center\"><a class=\"\" href=\"https:\/\/congresocoahuila.gob.mx\/transparencia\/03\/Acuerdos-2021-2023\/20210615_020.pdf\">15 de Junio de 2021<\/a><\/div>\n<\/td>\n<td bgcolor=\"#DADADA\">\n<div align=\"justify\">En relaci\u00f3n a una iniciativa popular con el fin de modificar la fracci\u00f3n I del art\u00edculo 26 de la Ley Federal de Armas de Fuego y Control de Explosivos, presentada por el C. Agust\u00edn Javier Dur\u00f3n P\u00e9rez.<\/div>\n<\/td>\n<\/tr>\n<tr class=\"\">\n<td class=\"\" bgcolor=\"#FFFFFF\" height=\"44\">\n<div align=\"center\"><a class=\"\" href=\"https:\/\/congresocoahuila.gob.mx\/transparencia\/03\/Acuerdos-2021-2023\/20210615_021.pdf\">15 de Junio de 2021<\/a><\/div>\n<\/td>\n<td bgcolor=\"#FFFFFF\">\n<div align=\"justify\">En relaci\u00f3n a una iniciativa popular para modificar el escudo actual del Municipio de Saltillo, suscrita por la C. Ana Gloria Garc\u00eda Sol\u00eds, y el C. Jos\u00e9 Daniel Hern\u00e1ndez de la Rosa.<\/div>\n<\/td>\n<\/tr>\n<tr class=\"\">\n<td class=\"\" bgcolor=\"#DADADA\" height=\"44\">\n<div align=\"center\"><a class=\"\" href=\"https:\/\/congresocoahuila.gob.mx\/transparencia\/03\/Acuerdos-2021-2023\/20210622_022.pdf\">22 de Junio de 2021<\/a><\/div>\n<\/td>\n<td bgcolor=\"#DADADA\">\n<div align=\"justify\">En relaci\u00f3n a una iniciativa popular mediante la cual se adiciona y reforman diversas disposiciones de la Ley de Aguas para los Municipios del Estado de Coahuila de Zaragoza, suscrita por el C. Miguel \u00c1ngel Hern\u00e1ndez Mu\u00f1iz.<\/div>\n<\/td>\n<\/tr>\n<tr class=\"\">\n<td class=\"\" bgcolor=\"#FFFFFF\" height=\"44\">\n<div align=\"center\"><a class=\"\" href=\"https:\/\/congresocoahuila.gob.mx\/transparencia\/03\/Acuerdos-2021-2023\/20210622_023.pdf\">22 de Junio de 2021<\/a><\/div>\n<\/td>\n<td bgcolor=\"#FFFFFF\">\n<div align=\"justify\">En relaci\u00f3n a una iniciativa popular suscrita por los CC. M\u00f3nica Gisel Vald\u00e9s Hern\u00e1ndez y Juan Manuel Gonz\u00e1lez Zapata, por el que se reforman diversos ordenamientos en relaci\u00f3n con la menstruaci\u00f3n digna y crea la Ley de Combate a la Pobreza Menstrual y Garant\u00eda al Derecho de la Menstruaci\u00f3n Digna de las Mujeres en Coahuila de Zaragoza.<\/div>\n<\/td>\n<\/tr>\n<tr class=\"\">\n<td class=\"\" bgcolor=\"#DADADA\" height=\"44\">\n<div align=\"center\"><a class=\"\" href=\"https:\/\/congresocoahuila.gob.mx\/transparencia\/03\/Acuerdos-2021-2023\/20210622_024.pdf\">22 de Junio de 2021<\/a><\/div>\n<\/td>\n<td bgcolor=\"#DADADA\">\n<div align=\"justify\">En relaci\u00f3n a una iniciativa popular mediante la cual se agregan diversas disposiciones legales a la Ley Org\u00e1nica de la Secretar\u00eda de Seguridad P\u00fablica del Estado de Coahuila de Zaragoza, suscrita por la C. Montserrat P\u00e9rez Sandoval.<\/div>\n<\/td>\n<\/tr>\n<tr class=\"\">\n<td class=\"\" bgcolor=\"#FFFFFF\" height=\"44\">\n<div align=\"center\"><a class=\"\" href=\"https:\/\/congresocoahuila.gob.mx\/transparencia\/03\/Acuerdos-2021-2023\/20210622_025.pdf\">22 de Junio de 2021<\/a><\/div>\n<\/td>\n<td bgcolor=\"#FFFFFF\">\n<div align=\"justify\">En relaci\u00f3n a una iniciativa popular mediante la cual se crea el art\u00edculo 56 Bis de la Ley para la Familia de Coahuila de Zaragoza, suscrita por el C. Erick Rodrigo Valdez Rangel.<\/div>\n<\/td>\n<\/tr>\n<tr class=\"\">\n<td class=\"\" bgcolor=\"#DADADA\" height=\"44\">\n<div align=\"center\"><a class=\"\" href=\"https:\/\/congresocoahuila.gob.mx\/transparencia\/03\/Acuerdos-2021-2023\/20210622_026.pdf\">22 de Junio de 2021<\/a><\/div>\n<\/td>\n<td bgcolor=\"#DADADA\">\n<div align=\"justify\">Clausura del Primer Per\u00edodo Ordinario de Sesiones\u00a0del Primer A\u00f1o de Ejercicio Constitucional de la Sexag\u00e9sima Segunda Legislatura.<\/div>\n<\/td>\n<\/tr>\n<tr class=\"\">\n<td class=\"\" bgcolor=\"#FFFFFF\" height=\"44\">\n<div align=\"center\"><a class=\"\" href=\"https:\/\/congresocoahuila.gob.mx\/transparencia\/03\/Acuerdos-2021-2023\/20210622_027.pdf\">22 de Junio de 2021<\/a><\/div>\n<\/td>\n<td bgcolor=\"#FFFFFF\">\n<div align=\"justify\">Integraci\u00f3n de la Diputaci\u00f3n Permanente que estar\u00e1 en funciones durante los meses de julio y agosto, del Primer A\u00f1o de Ejercicio Constitucional de la Sexag\u00e9sima Segunda Legislatura<\/div>\n<\/td>\n<\/tr>\n<tr class=\"\">\n<td class=\"\" bgcolor=\"#DADADA\" height=\"44\">\n<div align=\"center\"><a class=\"\" href=\"https:\/\/congresocoahuila.gob.mx\/transparencia\/03\/Acuerdos-2021-2023\/20210706_028.pdf\">06 de Julio de 2021<\/a><\/div>\n<\/td>\n<td bgcolor=\"#DADADA\">\n<div align=\"justify\">Modificaci\u00f3n en relaci\u00f3n a la integraci\u00f3n de la Diputaci\u00f3n Permanente que estar\u00e1 en funciones durante los meses de julio y agosto, del Primer A\u00f1o de Ejercicio Constitucional de la Sexag\u00e9sima Segunda Legislatura<\/div>\n<\/td>\n<\/tr>\n<tr class=\"\">\n<td class=\"\" bgcolor=\"#FFFFFF\" height=\"49\">\n<div align=\"center\"><a class=\"\" href=\"https:\/\/congresocoahuila.gob.mx\/transparencia\/03\/Acuerdos-2021-2023\/20210901_029.pdf\">01 de Septiembre de 2021<\/a><\/div>\n<\/td>\n<td bgcolor=\"#FFFFFF\">\n<div align=\"justify\">Apertura del Segundo Per\u00edodo Ordinario de Sesiones\u00a0del Primer A\u00f1o de Ejercicio Constitucional de la Sexag\u00e9sima Segunda Legislatura.<\/div>\n<\/td>\n<\/tr>\n<tr class=\"\">\n<td class=\"\" bgcolor=\"#DADADA\" height=\"44\">\n<div align=\"center\"><a class=\"\" href=\"https:\/\/congresocoahuila.gob.mx\/transparencia\/03\/Acuerdos-2021-2023\/20210901_030.pdf\">01 de Septiembre de 2021<\/a><\/div>\n<\/td>\n<td bgcolor=\"#DADADA\">\n<div align=\"justify\">Modificaci\u00f3n sobre integraci\u00f3n de la Mesa Directiva que estar\u00e1 en funciones durante el Primer A\u00f1o de Ejercicio Constitucional de la Sexag\u00e9sima Segunda Legislatura.<\/div>\n<\/td>\n<\/tr>\n<tr class=\"\">\n<td class=\"\" bgcolor=\"#FFFFFF\" height=\"44\">\n<div align=\"center\"><a class=\"\" href=\"https:\/\/congresocoahuila.gob.mx\/transparencia\/03\/Acuerdos-2021-2023\/20210901_031.pdf\">01 de Septiembre de 2021<\/a><\/div>\n<\/td>\n<td bgcolor=\"#FFFFFF\">\n<div align=\"justify\">Modifcaci\u00f3n de las Comisiones Dictaminadoras Permanentes y Comit\u00e9s de la Sexag\u00e9sima Segunda Legislatura.<\/div>\n<\/td>\n<\/tr>\n<tr class=\"\">\n<td class=\"\" bgcolor=\"#DADADA\" height=\"44\">\n<div align=\"center\"><a class=\"\" href=\"https:\/\/congresocoahuila.gob.mx\/transparencia\/03\/Acuerdos-2021-2023\/20211130_032.pdf\">30 de Noviembre de 2021<\/a><\/div>\n<\/td>\n<td bgcolor=\"#DADADA\">\n<div align=\"left\">Comparecencias de los Secretarios y las Secretarias del Gabinete Estatal, ante las Comisiones Dictaminadoras Permanentes del Congreso del Estado, para el an\u00e1lisis del Cuarto Informe de Gobierno del Ingeniero Miguel \u00c1ngel Riquelme Sol\u00eds, Gobernador Constitucional del Estado de Coahuila de Zaragoza.<\/div>\n<\/td>\n<\/tr>\n<tr class=\"\">\n<td class=\"\" bgcolor=\"#FFFFFF\" height=\"44\">\n<div align=\"center\"><a class=\"\" href=\"https:\/\/congresocoahuila.gob.mx\/transparencia\/03\/Acuerdos-2021-2023\/20211221_033.pdf\">21 de Diciembre de 2021<\/a><\/div>\n<\/td>\n<td bgcolor=\"#FFFFFF\">\n<div align=\"left\">Declaraci\u00f3n sobre integraci\u00f3n de la Mesa Directiva que estar\u00e1 en funciones durante el Segundo A\u00f1o de Ejercicio Constitucional de la Sexag\u00e9sima Segunda Legislatura.<\/div>\n<\/td>\n<\/tr>\n<tr class=\"\">\n<td class=\"\" bgcolor=\"#DADADA\" height=\"44\">\n<div align=\"center\"><a class=\"\" href=\"https:\/\/congresocoahuila.gob.mx\/transparencia\/03\/Acuerdos-2021-2023\/20211221_034.pdf\">21 de Diciembre de 2021<\/a><\/div>\n<\/td>\n<td bgcolor=\"#DADADA\">\n<div align=\"left\">Clausura del Segundo Per\u00edodo Ordinario de Sesiones\u00a0del Primer A\u00f1o de Ejercicio Constitucional de la Sexag\u00e9sima Segunda Legislatura y se declara formalmente instalada la Diputaci\u00f3n Permanente, que estar\u00e1 en funciones durante los meses de enero y febrero del Segundo A\u00f1o de Ejercicio Constitucional.<\/div>\n<\/td>\n<\/tr>\n<tr class=\"\">\n<td class=\"\" bgcolor=\"#FFFFFF\" height=\"44\">\n<div align=\"center\"><a class=\"\" href=\"https:\/\/congresocoahuila.gob.mx\/transparencia\/03\/Acuerdos-2021-2023\/20211221_035.pdf\">21 de Diciembre de 2021<\/a><\/div>\n<\/td>\n<td bgcolor=\"#FFFFFF\">\n<div align=\"left\">Integraci\u00f3n de la Diputaci\u00f3n Permanente que estar\u00e1 en funciones durante los meses de enero y febrero, del Segundo A\u00f1o de Ejercicio Constitucional de la Sexag\u00e9sima Segunda Legislatura<\/div>\n<\/td>\n<\/tr>\n<tr class=\"\">\n<td class=\"\" bgcolor=\"#DADADA\" height=\"44\">\n<div align=\"center\"><a class=\"\" href=\"https:\/\/congresocoahuila.gob.mx\/transparencia\/03\/Acuerdos-2021-2023\/20220201_036.pdf\">01 de Febrero de 2022<\/a><\/div>\n<\/td>\n<td bgcolor=\"#DADADA\">\n<div align=\"left\">Convocatoria a un Primer Per\u00edodo Extraordinario de Sesiones.<\/div>\n<\/td>\n<\/tr>\n<tr class=\"\">\n<td class=\"\" bgcolor=\"#FFFFFF\" height=\"44\">\n<div align=\"center\"><a class=\"\" href=\"https:\/\/congresocoahuila.gob.mx\/transparencia\/03\/Acuerdos-2021-2023\/20220209_037.pdf\">09 de Febrero de 2022<\/a><\/div>\n<\/td>\n<td bgcolor=\"#FFFFFF\">\n<div align=\"left\">Apertura y Clausura del Primer Per\u00edodo Extraordinario de Sesiones<\/div>\n<\/td>\n<\/tr>\n<tr class=\"\">\n<td class=\"\" bgcolor=\"#DADADA\" height=\"44\">\n<div align=\"center\"><a class=\"\" href=\"https:\/\/congresocoahuila.gob.mx\/transparencia\/03\/Acuerdos-2021-2023\/20220209_038.pdf\">09 de Febrero de 2022<\/a><\/div>\n<\/td>\n<td bgcolor=\"#DADADA\">\n<div align=\"left\">Convocatoria a una Sesi\u00f3n Solemne para celebrar el \u201cD\u00eda del Ej\u00e9rcito\u201d, as\u00ed como para rendir homenaje a Don Venustiano Carranza y a los Diputados del Vig\u00e9simo Segundo Congreso Constitucional del Estado.<\/div>\n<\/td>\n<\/tr>\n<tr class=\"\">\n<td class=\"\" bgcolor=\"#FFFFFF\" height=\"44\">\n<div align=\"center\"><a class=\"\" href=\"https:\/\/congresocoahuila.gob.mx\/transparencia\/03\/Acuerdos-2021-2023\/20220222_039.pdf\">22 de Febrero de 2022<\/a><\/div>\n<\/td>\n<td bgcolor=\"#FFFFFF\">\n<div align=\"left\">Celebraci\u00f3n de una Sesi\u00f3n Solemne con motivo de los 100 a\u00f1os de El Siglo de Torre\u00f3n.<\/div>\n<\/td>\n<\/tr>\n<tr class=\"\">\n<td class=\"\" bgcolor=\"#DADADA\" height=\"44\">\n<div align=\"center\"><a class=\"\" href=\"https:\/\/congresocoahuila.gob.mx\/transparencia\/03\/Acuerdos-2021-2023\/20220301_040.pdf\">01 de Marzo de 2022<\/a><\/div>\n<\/td>\n<td bgcolor=\"#DADADA\">\n<div align=\"left\">Apertura del Primer Per\u00edodo Ordinario de Sesiones\u00a0del Sgundo A\u00f1o de Ejercicio Constitucional de la Sexag\u00e9sima Segunda Legislatura.<\/div>\n<\/td>\n<\/tr>\n<tr class=\"\">\n<td class=\"\" bgcolor=\"#FFFFFF\" height=\"44\">\n<div align=\"center\"><a class=\"\" href=\"https:\/\/congresocoahuila.gob.mx\/transparencia\/03\/Acuerdos-2021-2023\/20220509_041.pdf\">09 de Mayo de 2022<\/a><\/div>\n<\/td>\n<td bgcolor=\"#FFFFFF\">\n<div align=\"left\">Solicitar al Instituto Estatal del Deporte de Coahuila, (INEDEC) para que en colaboraci\u00f3n con la Secretar\u00eda de Medio Ambiente en el Estado (SMA), informe el estado actual del lago de la Cuidad Deportiva.<\/div>\n<\/td>\n<\/tr>\n<tr class=\"\">\n<td class=\"\" bgcolor=\"#DADADA\" height=\"44\">\n<div align=\"center\"><a class=\"\" href=\"https:\/\/congresocoahuila.gob.mx\/transparencia\/03\/Acuerdos-2021-2023\/20220524_042.pdf\">24 de Mayo de 2022<\/a><\/div>\n<\/td>\n<td bgcolor=\"#DADADA\">\n<div align=\"left\">Se crea la Comisi\u00f3n Especial para el Estudio, An\u00e1lisis y Atenci\u00f3n del Funcionamiento de la Concesi\u00f3n del Servicio P\u00fablico, a favor de la empresa \u201cPromotora Ambiental de La Laguna, S.A. de C.V\u201d.<\/div>\n<\/td>\n<\/tr>\n<tr class=\"\">\n<td class=\"\" bgcolor=\"#FFFFFF\" height=\"44\">\n<div align=\"center\"><a class=\"\" href=\"https:\/\/congresocoahuila.gob.mx\/transparencia\/03\/Acuerdos-2021-2023\/20220628_043.pdf\">28 de Junio de 2022<\/a><\/div>\n<\/td>\n<td bgcolor=\"#FFFFFF\">\n<div align=\"left\">Clausura del Primer Per\u00edodo Ordinario de Sesiones\u00a0del Segundo A\u00f1o de Ejercicio Constitucional de la Sexag\u00e9sima Segunda Legislatura y se declara formalmente instalada la Diputaci\u00f3n Permanente, que estar\u00e1 en funciones durante los meses de julio y agosto del Segundo A\u00f1o de Ejercicio Constitucional.<\/div>\n<\/td>\n<\/tr>\n<tr class=\"\">\n<td class=\"\" bgcolor=\"#DADADA\" height=\"44\">\n<div align=\"center\"><a class=\"\" href=\"https:\/\/congresocoahuila.gob.mx\/transparencia\/03\/Acuerdos-2021-2023\/20220628_044.pdf\">28 de Junio de 2022<\/a><\/div>\n<\/td>\n<td bgcolor=\"#DADADA\">\n<div align=\"left\">Integraci\u00f3n de la Diputaci\u00f3n Permanente que estar\u00e1 en funciones durante los meses de julio y agosto del Segundo A\u00f1o de Ejercicio Constitucional de la Sexag\u00e9sima Segunda Legislatura.<\/div>\n<\/td>\n<\/tr>\n<\/tbody>\n<\/table>\n<p>&nbsp;<\/p>\n","protected":false},"excerpt":{"rendered":"<p>F E C H A A C U E R D O 01 de Enero de 2021 Mesa Directiva que estar\u00e1 en funciones durante el Per\u00edodo de Instalaci\u00f3n de la Sexag\u00e9sima Segunda Legislatura. 01 de Enero de 2021 Apertura del\u00a0Periodo de Instalaci\u00f3n de la Sexag\u00e9sima Segunda Legislatura del Congreso del Estado Independiente, Libre y Soberano [&hellip;]<\/p>\n","protected":false},"author":3,"featured_media":0,"parent":0,"menu_order":0,"comment_status":"closed","ping_status":"closed","template":"","meta":{"footnotes":""},"categories":[],"tags":[],"class_list":["post-39529","page","type-page","status-publish","hentry"],"_links":{"self":[{"href":"https:\/\/www.congresocoahuila.gob.mx\/portal\/wp-json\/wp\/v2\/pages\/39529","targetHints":{"allow":["GET"]}}],"collection":[{"href":"https:\/\/www.congresocoahuila.gob.mx\/portal\/wp-json\/wp\/v2\/pages"}],"about":[{"href":"https:\/\/www.congresocoahuila.gob.mx\/portal\/wp-json\/wp\/v2\/types\/page"}],"author":[{"embeddable":true,"href":"https:\/\/www.congresocoahuila.gob.mx\/portal\/wp-json\/wp\/v2\/users\/3"}],"replies":[{"embeddable":true,"href":"https:\/\/www.congresocoahuila.gob.mx\/portal\/wp-json\/wp\/v2\/comments?post=39529"}],"version-history":[{"count":26,"href":"https:\/\/www.congresocoahuila.gob.mx\/portal\/wp-json\/wp\/v2\/pages\/39529\/revisions"}],"predecessor-version":[{"id":43769,"href":"https:\/\/www.congresocoahuila.gob.mx\/portal\/wp-json\/wp\/v2\/pages\/39529\/revisions\/43769"}],"wp:attachment":[{"href":"https:\/\/www.congresocoahuila.gob.mx\/portal\/wp-json\/wp\/v2\/media?parent=39529"}],"wp:term":[{"taxonomy":"category","embeddable":true,"href":"https:\/\/www.congresocoahuila.gob.mx\/portal\/wp-json\/wp\/v2\/categories?post=39529"},{"taxonomy":"post_tag","embeddable":true,"href":"https:\/\/www.congresocoahuila.gob.mx\/portal\/wp-json\/wp\/v2\/tags?post=39529"}],"curies":[{"name":"wp","href":"https:\/\/api.w.org\/{rel}","templated":true}]}}