{"id":40181,"date":"2021-01-27T12:20:29","date_gmt":"2021-01-27T18:20:29","guid":{"rendered":"http:\/\/congresocoahuila.gob.mx\/portal\/?page_id=40181"},"modified":"2022-09-20T14:55:42","modified_gmt":"2022-09-20T19:55:42","slug":"rodolfo-gerardo-walss-aurioles","status":"publish","type":"page","link":"https:\/\/www.congresocoahuila.gob.mx\/portal\/rodolfo-gerardo-walss-aurioles\/","title":{"rendered":"RODOLFO GERARDO WALSS AURIOLES"},"content":{"rendered":"\r\n<p>&nbsp;<\/p>\r\n\r\n<p>&nbsp;<\/p>\r\n<table style=\"width: 457px;\" border=\"0\" width=\"459\" cellspacing=\"0\" cellpadding=\"0\">\r\n<tbody>\r\n<tr>\r\n<td style=\"width: 121px;\" bgcolor=\"#FFFFFF\" width=\"165\">\r\n<h3><img loading=\"lazy\" decoding=\"async\" class=\"alignnone wp-image-43939 size-full\" src=\"https:\/\/www.congresocoahuila.gob.mx\/portal\/wp-content\/uploads\/2022\/09\/21_-2.jpg\" alt=\"\" width=\"190\" height=\"262\" \/><\/h3>\r\n<p style=\"text-align: center;\"><a href=\"https:\/\/congresocoahuila.gob.mx\/transparencia\/ART\/21\/8\/LXII_2021_2023\/DIPUTADOS\/DIP_RODOLFO_GERARDO_WALSS_AURIOLES.docx\">CURR\u00cdCULUM<\/a><\/p>\r\n<p style=\"text-align: center;\">\u00a0<\/p>\r\n<\/td>\r\n<td style=\"text-align: left; width: 336px;\" valign=\"middle\" bgcolor=\"#FFFFFF\" width=\"425\">\r\n<p><strong><u>COMISIONES PERMANENTES:<\/u><\/strong><br \/>Comisiones Permanentes:<br \/>Contra la Trata de Personas. (Coordinador)<br \/>Igualdad y No Discriminaci\u00f3n. (Secretario)<br \/>Reglamento y Pr\u00e1cticas Parlamentarias.<br \/>Gobernaci\u00f3n, Puntos Constitucionales y Justicia.<br \/>Asuntos Municipales y Zonas Metropolitanas.<br \/>Defensa de los Derechos Humanos.<br \/>Seguridad P\u00fablica.<\/p>\r\n<h6 style=\"text-align: right;\"><strong><a href=\"https:\/\/congresocoahuila.gob.mx\/transparencia\/DECRETO_01.pdf\">DECRETO 1<\/a><\/strong><\/h6>\r\n<p style=\"text-align: right;\">\u00a0<\/p>\r\n<\/td>\r\n<\/tr>\r\n<\/tbody>\r\n<\/table>\r\n<h3>\u00a0<\/h3>\r\n<h3 style=\"text-align: center;\">\u00a0<\/h3>","protected":false},"excerpt":{"rendered":"<p>&nbsp; &nbsp; CURR\u00cdCULUM \u00a0 COMISIONES PERMANENTES:Comisiones Permanentes:Contra la Trata de Personas. (Coordinador)Igualdad y No Discriminaci\u00f3n. (Secretario)Reglamento y Pr\u00e1cticas Parlamentarias.Gobernaci\u00f3n, Puntos Constitucionales y Justicia.Asuntos Municipales y Zonas Metropolitanas.Defensa de los Derechos Humanos.Seguridad P\u00fablica. DECRETO 1 \u00a0 \u00a0 \u00a0<\/p>\n","protected":false},"author":3,"featured_media":0,"parent":0,"menu_order":0,"comment_status":"closed","ping_status":"closed","template":"","meta":{"footnotes":""},"categories":[],"tags":[],"class_list":["post-40181","page","type-page","status-publish","hentry"],"_links":{"self":[{"href":"https:\/\/www.congresocoahuila.gob.mx\/portal\/wp-json\/wp\/v2\/pages\/40181","targetHints":{"allow":["GET"]}}],"collection":[{"href":"https:\/\/www.congresocoahuila.gob.mx\/portal\/wp-json\/wp\/v2\/pages"}],"about":[{"href":"https:\/\/www.congresocoahuila.gob.mx\/portal\/wp-json\/wp\/v2\/types\/page"}],"author":[{"embeddable":true,"href":"https:\/\/www.congresocoahuila.gob.mx\/portal\/wp-json\/wp\/v2\/users\/3"}],"replies":[{"embeddable":true,"href":"https:\/\/www.congresocoahuila.gob.mx\/portal\/wp-json\/wp\/v2\/comments?post=40181"}],"version-history":[{"count":5,"href":"https:\/\/www.congresocoahuila.gob.mx\/portal\/wp-json\/wp\/v2\/pages\/40181\/revisions"}],"predecessor-version":[{"id":43940,"href":"https:\/\/www.congresocoahuila.gob.mx\/portal\/wp-json\/wp\/v2\/pages\/40181\/revisions\/43940"}],"wp:attachment":[{"href":"https:\/\/www.congresocoahuila.gob.mx\/portal\/wp-json\/wp\/v2\/media?parent=40181"}],"wp:term":[{"taxonomy":"category","embeddable":true,"href":"https:\/\/www.congresocoahuila.gob.mx\/portal\/wp-json\/wp\/v2\/categories?post=40181"},{"taxonomy":"post_tag","embeddable":true,"href":"https:\/\/www.congresocoahuila.gob.mx\/portal\/wp-json\/wp\/v2\/tags?post=40181"}],"curies":[{"name":"wp","href":"https:\/\/api.w.org\/{rel}","templated":true}]}}