{"id":5806,"date":"2014-11-25T15:10:05","date_gmt":"2014-11-25T21:10:05","guid":{"rendered":"http:\/\/www.congresocoahuila.gob.mx\/portal\/?page_id=5806"},"modified":"2021-10-01T14:58:26","modified_gmt":"2021-10-01T19:58:26","slug":"iniciativas-2009-2011","status":"publish","type":"page","link":"https:\/\/www.congresocoahuila.gob.mx\/portal\/iniciativas-2009-2011\/","title":{"rendered":"INICIATIVAS 2009 &#8211; 2011"},"content":{"rendered":"<p>INICIATIVAS DE LEY O DECRETO 2009-2011<\/p>\n<table id=\"table1\" style=\"height: 28786px;\" border=\"0\" width=\"674\" cellspacing=\"2\" cellpadding=\"0\" align=\"left\">\n<tbody>\n<tr>\n<td class=\"Estilo101\" align=\"center\" bgcolor=\"#CCCCCC\" width=\"286\" height=\"27\"><span class=\"Estilo15\"><strong>Presentada por:<\/strong><\/span><\/td>\n<td class=\"Estilo101\" align=\"center\" bgcolor=\"#CCCCCC\" width=\"343\"><span class=\"Estilo15\"><strong>Iniciativa de Ley o Decreto<\/strong><\/span><\/td>\n<td class=\"Estilo101\" align=\"center\" bgcolor=\"#CCCCCC\" width=\"107\"><span class=\"Estilo15\"><strong>Fecha<\/strong><\/span><\/td>\n<\/tr>\n<tr>\n<td class=\"Estilo91\" valign=\"top\">\n<div align=\"left\">Ejecutivo del Estado, Profr. Humberto Moreira Vald\u00e9s<\/div>\n<\/td>\n<td class=\"Estilo9\" style=\"text-align: left;\">Reforma a la Constituci\u00f3n Pol\u00edtica del Estado \u00abCreaci\u00f3n de la Fiscal\u00eda General del Estado\u00bb<\/td>\n<td style=\"width: 175px; text-align: center; vertical-align: middle;\" align=\"center\" width=\"175\">\n<div style=\"text-align: center;\" align=\"left\"><a href=\"http:\/\/www.congresocoahuila.gob.mx\/portal\/wp-content\/uploads\/2014\/11\/20090113_Ejec_01.pdf\">13 de Enero de 2009<\/a><\/div>\n<\/td>\n<\/tr>\n<tr>\n<td class=\"Estilo91\" valign=\"top\" bgcolor=\"#E1E1E1\">\n<div align=\"left\">Ejecutivo del Estado, Profr. Humberto Moreira Vald\u00e9s<\/div>\n<\/td>\n<td class=\"Estilo9\" style=\"text-align: left;\" bgcolor=\"#E1E1E1\">Ley Org\u00e1nica de la Administraci\u00f3n P\u00fablica del Estado de Coahuila de Zaragoza, Ley del Instituto Coahuilense de las Mujeres, Ley del Instituto Coahuilense de las Personas Adultas Mayores, Ley del Instituto Coahuilense de la Juventud, Ley que crea el Instituto Estatal de la Vivienda Popular, Ley del Servicio Estatal de Empleo, Ley de Conciliaci\u00f3n y Arbitraje M\u00e9dico, Ley de la Promotora para el Desarrollo Rural de Coahuila, Ley de Asistencia Social<\/td>\n<td align=\"center\" bgcolor=\"#E1E1E1\" width=\"175\">\n<div style=\"text-align: center;\" align=\"left\"><a href=\"http:\/\/www.congresocoahuila.gob.mx\/portal\/wp-content\/uploads\/2014\/11\/20090113_Ejec_02.pdf\">13 de Enero de 2009<\/a><\/div>\n<\/td>\n<\/tr>\n<tr>\n<td class=\"Estilo91\" valign=\"top\">\n<div align=\"left\">Diputadas Hilda Esthela Flores Escalera, Ver\u00f3nica Mart\u00ednez Garc\u00eda, y el Diputado Salom\u00f3n Juan Marcos Issa, integrantes del Grupo Parlamentario \u201cJos\u00e9 Mar\u00eda Morelos y Pav\u00f3n\u201d del Partido Revolucionario Institucional<\/div>\n<\/td>\n<td class=\"Estilo9\" style=\"text-align: left;\">Reforma a la Constituci\u00f3n y Ley Org\u00e1nica de la Comisi\u00f3n de Derechos Humanos<\/td>\n<td align=\"center\" width=\"175\">\n<div style=\"text-align: center;\" align=\"left\"><a href=\"http:\/\/www.congresocoahuila.gob.mx\/portal\/wp-content\/uploads\/2014\/11\/2009012701.pdf\">27 de Enero de 2009<\/a><\/div>\n<\/td>\n<\/tr>\n<tr>\n<td class=\"Estilo91\" valign=\"top\" bgcolor=\"#E1E1E1\">\n<div align=\"left\">Diputada Hilda Esthela Flores Escalera y el Diputado Ramiro Flores Morales, integrantes del Grupo Parlamentario \u201cJos\u00e9 Mar\u00eda Morelos y Pav\u00f3n\u201d, del Partido Revolucionario Institucional<\/div>\n<\/td>\n<td class=\"Estilo9\" style=\"text-align: left;\" bgcolor=\"#E1E1E1\">Reforma a la Ley Org\u00e1nica de la Comisi\u00f3n de Derechos Humanos<\/td>\n<td align=\"center\" bgcolor=\"#E1E1E1\" width=\"175\">\n<div style=\"text-align: center;\" align=\"left\"><a href=\"http:\/\/www.congresocoahuila.gob.mx\/portal\/wp-content\/uploads\/2014\/11\/2009012702.pdf\">27 de Enero de 2009<\/a><\/div>\n<\/td>\n<\/tr>\n<tr>\n<td class=\"Estilo91\" valign=\"top\">\n<div align=\"left\">Ejecutivo del Estado, Profr. Humberto Moreira Vald\u00e9s<\/div>\n<\/td>\n<td class=\"Estilo9\" style=\"text-align: left;\">Reforma al C\u00f3digo Civil del Estado y Ley delRegistro Civil<\/td>\n<td align=\"center\" width=\"175\">\n<div style=\"text-align: center;\" align=\"left\"><a href=\"http:\/\/www.congresocoahuila.gob.mx\/portal\/wp-content\/uploads\/2014\/11\/20090225_Ejec_03.pdf\">25 de Febrero de 2009<\/a><\/div>\n<\/td>\n<\/tr>\n<tr>\n<td class=\"Estilo91\" valign=\"top\" bgcolor=\"#E1E1E1\">\n<div align=\"left\">Ejecutivo del Estado, Profr. Humberto Moreira Vald\u00e9s<\/div>\n<\/td>\n<td class=\"Estilo9\" style=\"text-align: left;\" bgcolor=\"#E1E1E1\">Reforma a la Ley de Protecci\u00f3n Civil para el Estado de Coahuila<\/td>\n<td align=\"center\" bgcolor=\"#E1E1E1\" width=\"175\">\n<div style=\"text-align: center;\" align=\"left\"><a href=\"http:\/\/www.congresocoahuila.gob.mx\/portal\/wp-content\/uploads\/2014\/11\/20090225_Ejec_04.pdf\">25 de Febrero de 2009<\/a><\/div>\n<\/td>\n<\/tr>\n<tr>\n<td class=\"Estilo91\" valign=\"top\">\n<div align=\"left\">Ejecutivo del Estado, Profr. Humberto Moreira Vald\u00e9s<\/div>\n<\/td>\n<td class=\"Estilo9\" style=\"text-align: left;\">Ley del Seguro de los Trabajadores al Servicio de la Educaci\u00f3n; Ley del Fondo de la Vivienda para los Trabajadores de la Educaci\u00f3n al Servicio del Estado de Coahuila de Zaragoza y sus Municipios; Ley del Servicio M\u00e9dico de los Trabajadores de la Educaci\u00f3n; y Ley de Pensiones y otros Beneficios Sociales para los Trabajadores de la Educaci\u00f3n P\u00fablica del Estado de Coahuila<\/td>\n<td align=\"center\" width=\"175\">\n<div style=\"text-align: center;\" align=\"left\"><a href=\"http:\/\/www.congresocoahuila.gob.mx\/portal\/wp-content\/uploads\/2014\/11\/20090324_Ejec_05.pdf\">24 de Marzo de 2009<\/a><\/div>\n<\/td>\n<\/tr>\n<tr>\n<td class=\"Estilo91\" valign=\"top\" bgcolor=\"#E1E1E1\">\n<div align=\"left\">Diputada Cecilia Yanet Bab\u00fan Moreno del Partido de la Revoluci\u00f3n Democr\u00e1tica<\/div>\n<\/td>\n<td class=\"Estilo9\" style=\"text-align: left;\" bgcolor=\"#E1E1E1\">Reforma a la Constituci\u00f3n Pol\u00edtica del Estado de Coahuila<\/td>\n<td align=\"center\" bgcolor=\"#E1E1E1\" width=\"175\">\n<div style=\"text-align: center;\" align=\"left\"><a href=\"http:\/\/www.congresocoahuila.gob.mx\/portal\/wp-content\/uploads\/2014\/11\/2009032403.pdf\">24 de Marzo de 2009<\/a><\/div>\n<\/td>\n<\/tr>\n<tr>\n<td class=\"Estilo91\" valign=\"top\">\n<div align=\"left\">Ejecutivo del Estado, Profr. Humberto Moreira Vald\u00e9s<\/div>\n<\/td>\n<td class=\"Estilo9\" style=\"text-align: left;\">Reforma a la Ley del Instituto Coahuilense de Acceso a la Informaci\u00f3n<\/td>\n<td align=\"center\" width=\"175\">\n<div style=\"text-align: center;\" align=\"left\"><a href=\"http:\/\/www.congresocoahuila.gob.mx\/portal\/wp-content\/uploads\/2014\/11\/20090403_Ejec_06.pdf\"> 3 de Abril de 2009<\/a><\/div>\n<\/td>\n<\/tr>\n<tr>\n<td class=\"Estilo91\" valign=\"top\" bgcolor=\"#E1E1E1\">\n<div align=\"left\">Diputado Carlos Ulises Orta Canales, Diputado Rodrigo Rivas Urbina y el Diputado Mario Alberto D\u00e1vila Delgado, del Grupo Parlamentario \u201cLic. Felipe Calder\u00f3n Hinojosa\u201d, del Partido Acci\u00f3n Nacional<\/div>\n<\/td>\n<td class=\"Estilo9\" style=\"text-align: left;\" bgcolor=\"#E1E1E1\">Reforma a la Constituci\u00f3n Pol\u00edtica del Estado de Coahuila<\/td>\n<td align=\"center\" bgcolor=\"#E1E1E1\" width=\"175\">\n<div style=\"text-align: center;\" align=\"left\"><a href=\"http:\/\/www.congresocoahuila.gob.mx\/portal\/wp-content\/uploads\/2014\/11\/2009041504.pdf\"> 15 de Abril de 2009<\/a><\/div>\n<\/td>\n<\/tr>\n<tr>\n<td class=\"Estilo91\" valign=\"top\">\n<div align=\"left\">Diputado Rodrigo Rivas Urbina, conjuntamente con los Diputados Carlos Ulises Orta Canales y Mario Alberto D\u00e1vila Delgado, del Grupo Parlamentario \u201cLic. Felipe Calder\u00f3n Hinojosa\u201d, del Partido Acci\u00f3n Nacional<\/div>\n<\/td>\n<td class=\"Estilo9\" style=\"text-align: left;\">Reforma al C\u00f3digo Civil<\/td>\n<td align=\"center\" width=\"175\">\n<div style=\"text-align: center;\" align=\"left\"><a href=\"http:\/\/www.congresocoahuila.gob.mx\/portal\/wp-content\/uploads\/2014\/11\/2009041505.pdf\"> 15 de Abril de 2009<\/a><\/div>\n<\/td>\n<\/tr>\n<tr>\n<td class=\"Estilo91\" valign=\"top\" bgcolor=\"#E1E1E1\">\n<div align=\"left\">Ejecutivo del Estado, Profr. Humberto Moreira Vald\u00e9s<\/div>\n<\/td>\n<td class=\"Estilo9\" style=\"text-align: left;\" bgcolor=\"#E1E1E1\">Reforma a 29 Ordenamientos Estatales y Ley Org\u00e1nica de la Fiscalia General del Estado<\/td>\n<td align=\"center\" bgcolor=\"#E1E1E1\" width=\"175\">\n<div style=\"text-align: center;\" align=\"left\"><a href=\"http:\/\/www.congresocoahuila.gob.mx\/portal\/wp-content\/uploads\/2014\/11\/20090415_Ejec_07.pdf\"> 15 de Abril de 2009<\/a><\/div>\n<\/td>\n<\/tr>\n<tr>\n<td class=\"Estilo91\" valign=\"top\">\n<div align=\"left\">Diputada Cecilia Yanet Bab\u00fan Moreno del Partido de la Revoluci\u00f3n Democr\u00e1tica<\/div>\n<\/td>\n<td class=\"Estilo9\" style=\"text-align: left;\">Reforma a la Constituci\u00f3n Pol\u00edtica del Estado de Coahuila<\/td>\n<td align=\"center\" width=\"175\">\n<div style=\"text-align: center;\" align=\"left\"><a href=\"http:\/\/www.congresocoahuila.gob.mx\/portal\/wp-content\/uploads\/2014\/11\/2009042106.pdf\"> 21 de Abril de 2009<\/a><\/div>\n<\/td>\n<\/tr>\n<tr>\n<td class=\"Estilo91\" valign=\"top\" bgcolor=\"#E1E1E1\">\n<div align=\"left\">Diputada Esther Quintana Salinas conjuntamente con los dem\u00e1s Diputados integrantes del Grupo Parlamentario \u201cFelipe Calder\u00f3n Hinojosa\u201d, del Partido Acci\u00f3n Nacional.<\/div>\n<\/td>\n<td class=\"Estilo9\" style=\"text-align: left;\" bgcolor=\"#E1E1E1\">Reforma a la Constituci\u00f3n Pol\u00edtica del Estado de Coahuila<\/td>\n<td align=\"center\" bgcolor=\"#E1E1E1\" width=\"175\">\n<div style=\"text-align: center;\" align=\"left\"><a href=\"http:\/\/www.congresocoahuila.gob.mx\/portal\/wp-content\/uploads\/2014\/11\/2009042107.pdf\"> 21 de Abril de 2009<\/a><\/div>\n<\/td>\n<\/tr>\n<tr>\n<td class=\"Estilo91\" valign=\"top\">\n<div align=\"left\">Diputado Jes\u00fas Contreras Pacheco y Javier Fern\u00e1ndez Ort\u00edz del Grupo Parlamentario \u201cEvaristo P\u00e9rez Arreola\u201d, del Partido Unidad Democr\u00e1tica de Coahuila<\/div>\n<\/td>\n<td class=\"Estilo9\" style=\"text-align: left;\">Reforma al C\u00f3digo Civil y al C\u00f3digo de Procedimientos Civiles<\/td>\n<td align=\"center\" width=\"175\">\n<div style=\"text-align: center;\" align=\"left\"><a href=\"http:\/\/www.congresocoahuila.gob.mx\/portal\/wp-content\/uploads\/2014\/11\/2009042108.pdf\"> 21 de Abril de 2009<\/a><\/div>\n<\/td>\n<\/tr>\n<tr>\n<td class=\"Estilo91\" valign=\"top\" bgcolor=\"#E1E1E1\">\n<div align=\"left\">Ejecutivo del Estado, Profr. Humberto Moreira Vald\u00e9s<\/div>\n<\/td>\n<td class=\"Estilo9\" style=\"text-align: left;\" bgcolor=\"#E1E1E1\">Reforma a la Constituci\u00f3n Pol\u00edtica del Estado de Coahuila y a la Ley de Responsabilidades de los Servidores P\u00fablicos Estatales y Municipales<\/td>\n<td align=\"center\" bgcolor=\"#E1E1E1\" width=\"175\">\n<div style=\"text-align: center;\" align=\"left\"><a href=\"http:\/\/www.congresocoahuila.gob.mx\/portal\/wp-content\/uploads\/2014\/11\/20090512_Ejec_08.pdf\"> 12 de Mayo de 2009<\/a><\/div>\n<\/td>\n<\/tr>\n<tr>\n<td class=\"Estilo91\" valign=\"top\">\n<div align=\"left\">Diputada Cecilia Yanet Bab\u00fan Moreno del Partido de la Revoluci\u00f3n Democr\u00e1tica<\/div>\n<\/td>\n<td class=\"Estilo9\" style=\"text-align: left;\">Reforma a la Constituci\u00f3n Pol\u00edtica del Estado de Coahuila<\/td>\n<td align=\"center\" width=\"175\">\n<div style=\"text-align: center;\" align=\"left\"><a href=\"http:\/\/www.congresocoahuila.gob.mx\/portal\/wp-content\/uploads\/2014\/11\/2009051209.pdf\"> 12 de Mayo de 2009<\/a><\/div>\n<\/td>\n<\/tr>\n<tr>\n<td class=\"Estilo91\" valign=\"top\" bgcolor=\"#E1E1E1\">\n<div align=\"left\">Diputada Esther Quintana Salinas, conjuntamente con los Dip. Mario Alberto D\u00e1vila Delgado, Dip. Loth Tipa Mota Natarem, Dip. Rodrigo Rivas Urbina, Dip. Carlos Ulises Orta Canales, Dip. Jos\u00e9 Miguel Batarse Silva, Dip. Jos\u00e9 Manuel Villegas Gonz\u00e1lez, integrantes del Grupo Parlamentario \u201cFelipe Calder\u00f3n Hinojosa\u201d, del Partido Acci\u00f3n Nacional<\/div>\n<\/td>\n<td class=\"Estilo9\" style=\"text-align: left;\" bgcolor=\"#E1E1E1\">Reforma al C\u00f3digo Penal del Estado de Coahuila<\/td>\n<td align=\"center\" bgcolor=\"#E1E1E1\" width=\"175\">\n<div style=\"text-align: center;\" align=\"left\"><a href=\"http:\/\/www.congresocoahuila.gob.mx\/portal\/wp-content\/uploads\/2014\/11\/2009051210.pdf\"> 12 de Mayo de 2009<\/a><\/div>\n<\/td>\n<\/tr>\n<tr>\n<td class=\"Estilo91\" valign=\"top\">\n<div align=\"left\">Diputada Cecilia Yanet Bab\u00fan Moreno del Partido de la Revoluci\u00f3n Democr\u00e1tica<\/div>\n<\/td>\n<td class=\"Estilo9\" style=\"text-align: left;\">Reforma a la Constituci\u00f3n Pol\u00edtica del Estado de Coahuila<\/td>\n<td align=\"center\" width=\"175\">\n<div style=\"text-align: center;\" align=\"left\"><a href=\"http:\/\/www.congresocoahuila.gob.mx\/portal\/wp-content\/uploads\/2014\/11\/2009051911.pdf\"> 19 de Mayo de 2009<\/a><\/div>\n<\/td>\n<\/tr>\n<tr>\n<td class=\"Estilo91\" valign=\"top\" bgcolor=\"#E1E1E1\">\n<div align=\"left\">Diputada Ver\u00f3nica Boreque Mart\u00ednez Gonz\u00e1lez, del Grupo Parlamentario \u201cJos\u00e9 Mar\u00eda Morelos y Pav\u00f3n\u201d, del Partido Revolucionario Institucional<\/div>\n<\/td>\n<td class=\"Estilo9\" style=\"text-align: left;\" bgcolor=\"#E1E1E1\">Reforma al C\u00f3digo Penal del Estado<\/td>\n<td align=\"center\" bgcolor=\"#E1E1E1\" width=\"175\">\n<div style=\"text-align: center;\" align=\"left\"><a href=\"http:\/\/www.congresocoahuila.gob.mx\/portal\/wp-content\/uploads\/2014\/11\/2009051912.pdf\"> 19 de Mayo de 2009<\/a><\/div>\n<\/td>\n<\/tr>\n<tr>\n<td class=\"Estilo91\" valign=\"top\">\n<div align=\"left\">Diputado Jes\u00fas Contreras Pacheco y el Diputado Javier Fern\u00e1ndez Ort\u00edz del Grupo Parlamentario \u201cEvaristo P\u00e9rez Arreola\u201d, del Partido Unidad Democr\u00e1tica de Coahuila<\/div>\n<\/td>\n<td class=\"Estilo9\" style=\"text-align: left;\">Ley que crea la Comisi\u00f3n de Arbitraje Jur\u00eddico para el Estado de Coahuila<\/td>\n<td align=\"center\" width=\"175\">\n<div style=\"text-align: center;\" align=\"left\"><a href=\"http:\/\/www.congresocoahuila.gob.mx\/portal\/wp-content\/uploads\/2014\/11\/2009051913.pdf\"> 19 de Mayo de 2009<\/a><\/div>\n<\/td>\n<\/tr>\n<tr>\n<td class=\"Estilo91\" valign=\"top\" bgcolor=\"#E1E1E1\">\n<div align=\"left\">Diputado Ra\u00fal Onofre Contreras, conjuntamente con las dem\u00e1s Diputadas y Diputados integrantes del Grupo Parlamentario \u201cJos\u00e9 Mar\u00eda Morelos y Pav\u00f3n\u201d, del Partido Revolucionario Institucional; y el Diputado Francisco Tobias Hern\u00e1ndez, del Grupo Parlamentario \u201cEvaristo P\u00e9rez Arreola\u201d, del Partido Unidad Democr\u00e1tica de Coahuila<\/div>\n<\/td>\n<td class=\"Estilo9\" style=\"text-align: left;\" bgcolor=\"#E1E1E1\">Reforma a la Ley Ap\u00edcola del Estado<\/td>\n<td align=\"center\" bgcolor=\"#E1E1E1\" width=\"175\">\n<div style=\"text-align: center;\" align=\"left\"><a href=\"http:\/\/www.congresocoahuila.gob.mx\/portal\/wp-content\/uploads\/2014\/11\/2009051914.pdf\"> 19 de Mayo de 2009<\/a><\/div>\n<\/td>\n<\/tr>\n<tr>\n<td class=\"Estilo91\" valign=\"top\">\n<div align=\"left\">Diputado Pablo Gonz\u00e1lez Gonz\u00e1lez, conjuntamente con las dem\u00e1s Diputadas y Diputados integrantes del Grupo Parlamentario \u201cJos\u00e9 Mar\u00eda Morelos y Pav\u00f3n\u201d, del Partido Revolucionario Institucional; y el Diputado Francisco Tobias Hern\u00e1ndez, del Grupo Parlamentario \u201cEvaristo P\u00e9rez Arreola\u201d, del Partido Unidad Democr\u00e1tica de Coahuila<\/div>\n<\/td>\n<td class=\"Estilo9\" style=\"text-align: left;\">Reforma a la Ley de Acceso a la Informaci\u00f3n P\u00fablica y Protecci\u00f3n de Datos Personales<\/td>\n<td align=\"center\" width=\"175\">\n<div style=\"text-align: center;\" align=\"left\"><a href=\"http:\/\/www.congresocoahuila.gob.mx\/portal\/wp-content\/uploads\/2014\/11\/2009051915.pdf\"> 19 de Mayo de 2009<\/a><\/div>\n<\/td>\n<\/tr>\n<tr>\n<td class=\"Estilo91\" valign=\"top\" bgcolor=\"#E1E1E1\">\n<div align=\"left\">Diputado Enrique Mart\u00ednez y Morales, conjuntamente con las dem\u00e1s Diputadas y Diputados integrantes del Grupo Parlamentario \u201cJos\u00e9 Mar\u00eda Morelos y Pav\u00f3n\u201d, del Partido Revolucionario Institucional; y el Diputado Francisco Tobias Hern\u00e1ndez, del Grupo Parlamentario \u201cEvaristo P\u00e9rez Arreola\u201d, del Partido Unidad Democr\u00e1tica de Coahuila<\/div>\n<\/td>\n<td class=\"Estilo9\" style=\"text-align: left;\" bgcolor=\"#E1E1E1\">Reforma al C\u00f3digo Municipal del Estado<\/td>\n<td align=\"center\" bgcolor=\"#E1E1E1\" width=\"175\">\n<div style=\"text-align: center;\" align=\"left\"><a href=\"http:\/\/www.congresocoahuila.gob.mx\/portal\/wp-content\/uploads\/2014\/11\/2009051916.pdf\"> 19 de Mayo de 2009<\/a><\/div>\n<\/td>\n<\/tr>\n<tr>\n<td class=\"Estilo91\" valign=\"top\">\n<div align=\"left\">Diputado Fernando Donato de las Fuentes Hern\u00e1ndez, Coordinador del Grupo Parlamentario \u201cJos\u00e9 Mar\u00eda Morelos y Pav\u00f3n\u201d, del Partido Revolucionario Institucional, conjuntamente con las Diputadas y Diputados que la suscriben<\/div>\n<\/td>\n<td class=\"Estilo9\" style=\"text-align: left;\">Reforma a la Constituci\u00f3n Pol\u00edtica del Estado y otros Ordenamientos Legales<\/td>\n<td align=\"center\" width=\"175\">\n<div style=\"text-align: center;\" align=\"left\"><a href=\"http:\/\/www.congresocoahuila.gob.mx\/portal\/wp-content\/uploads\/2014\/11\/2009052618.pdf\"> 26 de Mayo de 2009<\/a><\/div>\n<\/td>\n<\/tr>\n<tr>\n<td class=\"Estilo91\" valign=\"top\" bgcolor=\"#E1E1E1\">\n<div align=\"left\">Diputada Esther Quintana Salinas, conjuntamente con los Diputados Carlos Ulises Orta Canales y el Rodrigo Rivas Urbina, del Grupo Parlamentario \u201cFelipe Calder\u00f3n Hinojosa\u201d, del Partido Acci\u00f3n Nacional<\/div>\n<\/td>\n<td class=\"Estilo9\" style=\"text-align: left;\" bgcolor=\"#E1E1E1\">Reforma a la Ley de Responsabilidades de los Servidores P\u00fablicos<\/td>\n<td align=\"center\" bgcolor=\"#E1E1E1\" width=\"175\">\n<div style=\"text-align: center;\" align=\"left\"><a href=\"http:\/\/www.congresocoahuila.gob.mx\/portal\/wp-content\/uploads\/2014\/11\/2009052619.pdf\"> 26 de Mayo de 2009<\/a><\/div>\n<\/td>\n<\/tr>\n<tr>\n<td class=\"Estilo91\" valign=\"top\">\n<div align=\"left\">Diputada Cecilia Yanet Bab\u00fan Moreno del Partido de la Revoluci\u00f3n Democr\u00e1tica<\/div>\n<\/td>\n<td class=\"Estilo9\" style=\"text-align: left;\">Reforma a la Constituci\u00f3n Pol\u00edtica del Estado<\/td>\n<td align=\"center\" width=\"175\">\n<div style=\"text-align: center;\" align=\"left\"><a href=\"http:\/\/www.congresocoahuila.gob.mx\/portal\/wp-content\/uploads\/2014\/11\/2009052617.pdf\"> 26 de Mayo de 2009<\/a><\/div>\n<\/td>\n<\/tr>\n<tr>\n<td class=\"Estilo91\" valign=\"top\" bgcolor=\"#E1E1E1\">\n<div align=\"left\">Diputado Jes\u00fas Salvador Hern\u00e1ndez V\u00e9lez, del Grupo Parlamentario \u201cJos\u00e9 Mar\u00eda Morelos y Pav\u00f3n\u201d, del Partido Revolucionario Institucional, conjuntamente con las Diputadas y Diputados que la suscriben<\/div>\n<\/td>\n<td class=\"Estilo9\" style=\"text-align: left;\" bgcolor=\"#E1E1E1\">Reforma a la Constituci\u00f3n Pol\u00edtica del Estado<\/td>\n<td align=\"center\" bgcolor=\"#E1E1E1\" width=\"175\">\n<div style=\"text-align: center;\" align=\"left\"><a href=\"http:\/\/www.congresocoahuila.gob.mx\/portal\/wp-content\/uploads\/2014\/11\/2009060220.pdf\"> 2 de Junio de 2009<\/a><\/div>\n<\/td>\n<\/tr>\n<tr>\n<td class=\"Estilo91\" valign=\"top\">\n<div align=\"left\">Diputada Cecilia Yanet Bab\u00fan Moreno, del Partido de la Revoluci\u00f3n Democr\u00e1tica<\/div>\n<\/td>\n<td class=\"Estilo9\" style=\"text-align: left;\">Reforma a la Constituci\u00f3n Pol\u00edtica del Estado<\/td>\n<td align=\"center\" width=\"175\">\n<div style=\"text-align: center;\" align=\"left\"><a href=\"http:\/\/www.congresocoahuila.gob.mx\/portal\/wp-content\/uploads\/2014\/11\/2009060221.pdf\"> 2 de Junio de 2009<\/a><\/div>\n<\/td>\n<\/tr>\n<tr>\n<td class=\"Estilo91\" valign=\"top\" bgcolor=\"#E1E1E1\">\n<div align=\"left\">Diputada Esther Quintana Salinas y el Diputado Carlos Ulises Orta Canales, del Grupo Parlamentario \u201cFelipe Calder\u00f3n Hinojosa\u201d, del Partido Acci\u00f3n Nacional<\/div>\n<\/td>\n<td class=\"Estilo9\" style=\"text-align: left;\" bgcolor=\"#E1E1E1\">Reforma a la Constituci\u00f3n Pol\u00edtica del Estado, Ley del Instituto Coahuilense de Acceso a la Informaci\u00f3n, C\u00f3digo Electoral y Ley Org\u00e1nica del Congreso<\/td>\n<td align=\"center\" bgcolor=\"#E1E1E1\" width=\"175\">\n<div style=\"text-align: center;\" align=\"left\"><a href=\"http:\/\/www.congresocoahuila.gob.mx\/portal\/wp-content\/uploads\/2014\/11\/2009060222.pdf\"> 2 de Junio de 2009<\/a><\/div>\n<\/td>\n<\/tr>\n<tr>\n<td class=\"Estilo91\" valign=\"top\">\n<div align=\"left\">Diputada Ver\u00f3nica Boreque Mart\u00ednez Gonz\u00e1lez, conjuntamente con las Diputadas y Diputados integrantes del Grupo Parlamentario \u201cJos\u00e9 Mar\u00eda Morelos y Pav\u00f3n\u201d, del Partido Revolucionario Institucional, y el Diputado Francisco Tobias Hern\u00e1ndez, del Partido Unidad Democr\u00e1tica de Coahuila<\/div>\n<\/td>\n<td class=\"Estilo9\" style=\"text-align: left;\">Reforma a la Ley de Acceso de las Mujeres a una Vida Libre de Violencia, para el Estado de Coahuila<\/td>\n<td align=\"center\" width=\"175\">\n<div style=\"text-align: center;\" align=\"left\"><a href=\"http:\/\/www.congresocoahuila.gob.mx\/portal\/wp-content\/uploads\/2014\/11\/2009060223.pdf\"> 2 de Junio de 2009<\/a><\/div>\n<\/td>\n<\/tr>\n<tr>\n<td class=\"Estilo91\" valign=\"top\" bgcolor=\"#E1E1E1\">\n<div align=\"left\">Diputada Cecilia Yanet Bab\u00fan Moreno, del Partido de la Revoluci\u00f3n Democr\u00e1tica<\/div>\n<\/td>\n<td class=\"Estilo9\" style=\"text-align: left;\" bgcolor=\"#E1E1E1\">Reforma al Estatuto Jur\u00eddico para los Trabajadores al Servicio del Estado<\/td>\n<td align=\"center\" bgcolor=\"#E1E1E1\" width=\"175\">\n<div style=\"text-align: center;\" align=\"left\"><a href=\"http:\/\/www.congresocoahuila.gob.mx\/portal\/wp-content\/uploads\/2014\/11\/2009060224.pdf\"> 2 de Junio de 2009<\/a><\/div>\n<\/td>\n<\/tr>\n<tr>\n<td class=\"Estilo91\" valign=\"top\">\n<div align=\"left\">Diputada Ver\u00f3nica Boreque Mart\u00ednez Gonz\u00e1lez, conjuntamente con las Diputadas y Diputados integrantes del Grupo Parlamentario \u201cJos\u00e9 Mar\u00eda Morelos y Pav\u00f3n\u201d, del Partido Revolucionario Institucional, y el Diputado Francisco Tobias Hern\u00e1ndez, del Partido Unidad Democr\u00e1tica de Coahuila<\/div>\n<\/td>\n<td class=\"Estilo9\" style=\"text-align: left;\">Reforma al C\u00f3digo Penal<\/td>\n<td align=\"center\" width=\"175\">\n<div style=\"text-align: center;\" align=\"left\"><a href=\"http:\/\/www.congresocoahuila.gob.mx\/portal\/wp-content\/uploads\/2014\/11\/2009060225.pdf\"> 2 de Junio de 2009<\/a><\/div>\n<\/td>\n<\/tr>\n<tr>\n<td class=\"Estilo91\" valign=\"top\" bgcolor=\"#E1E1E1\">\n<div align=\"left\">Diputado Enrique Mart\u00ednez y Morales, conjuntamente con las Diputadas y Diputados del Grupo Parlamentario \u201cJos\u00e9 Mar\u00eda Morelos y Pav\u00f3n\u201d, del Partido Revolucionario Institucional, as\u00ed como el Diputado Francisco Tobias Hern\u00e1ndez, del Grupo Parlamentario \u201cEvaristo P\u00e9rez Arreola\u201d, del Partido Unidad Democr\u00e1tica de Coahuila<\/div>\n<\/td>\n<td class=\"Estilo9\" style=\"text-align: left;\" bgcolor=\"#E1E1E1\">Reforma al C\u00f3digo Civil<\/td>\n<td align=\"center\" bgcolor=\"#E1E1E1\" width=\"175\">\n<div style=\"text-align: center;\" align=\"left\"><a href=\"http:\/\/www.congresocoahuila.gob.mx\/portal\/wp-content\/uploads\/2014\/11\/2009060226.pdf\"> 2 de Junio de 2009<\/a><\/div>\n<\/td>\n<\/tr>\n<tr>\n<td class=\"Estilo91\" valign=\"top\">\n<div align=\"left\">Diputado Jes\u00fas Mario Flores Garza, conjuntamente con las Diputadas y Diputados integrantes del Grupo Parlamentario \u201cJos\u00e9 Mar\u00eda Morelos y Pav\u00f3n\u201d, del Partido Revolucionario Institucional, as\u00ed como el Diputado Francisco Tobias Hern\u00e1ndez, del Grupo Parlamentario \u201cEvaristo P\u00e9rez Arreola\u201d, del Partido Unidad Democr\u00e1tica de Coahuila<\/div>\n<\/td>\n<td class=\"Estilo9\" style=\"text-align: left;\">Reforma a la Ley de Tr\u00e1nsito y Transporte del Estado<\/td>\n<td align=\"center\" width=\"175\">\n<div style=\"text-align: center;\" align=\"left\"><a href=\"http:\/\/www.congresocoahuila.gob.mx\/portal\/wp-content\/uploads\/2014\/11\/2009060227.pdf\"> 2 de Junio de 2009<\/a><\/div>\n<\/td>\n<\/tr>\n<tr>\n<td class=\"Estilo91\" valign=\"top\" bgcolor=\"#E1E1E1\">\n<div align=\"left\">Diputado Jaime Russek Fern\u00e1ndez, conjuntamente con las Diputadas y Diputados integrantes del Grupo Parlamentario \u201cJos\u00e9 Mar\u00eda Morelos y Pav\u00f3n\u201d, del Partido Revolucionario Institucional, as\u00ed como el Diputado Francisco Tobias Hern\u00e1ndez, del Grupo Parlamentario \u201cEvaristo P\u00e9rez Arreola\u201d, del Partido Unidad Democr\u00e1tica de Coahuila<\/div>\n<\/td>\n<td class=\"Estilo9\" style=\"text-align: left;\" bgcolor=\"#E1E1E1\">Reforma a la Ley del Equilibrio Ecol\u00f3gico y la Protecci\u00f3n al Ambiente del Estado de Coahuila<\/td>\n<td align=\"center\" bgcolor=\"#E1E1E1\" width=\"175\">\n<div style=\"text-align: center;\" align=\"left\"><a href=\"http:\/\/www.congresocoahuila.gob.mx\/portal\/wp-content\/uploads\/2014\/11\/2009060228.pdf\"> 2 de Junio de 2009<\/a><\/div>\n<\/td>\n<\/tr>\n<tr>\n<td class=\"Estilo91\" valign=\"top\">\n<div align=\"left\">Diputado Jos\u00e9 Antonio Campos Ontiveros, conjuntamente con las Diputadas y Diputados integrantes del Grupo Parlamentario \u201cJos\u00e9 Mar\u00eda Morelos y Pav\u00f3n\u201d, del Partido Revolucionario Institucional; as\u00ed como el Diputado Francisco Tobias Hern\u00e1ndez, del Grupo Parlamentario \u201cEvaristo P\u00e9rez Arreola\u201d, del Partido Unidad Democr\u00e1tica de Coahuila<\/div>\n<\/td>\n<td class=\"Estilo9\" style=\"text-align: left;\">Reforma al C\u00f3digo Fiscal del Estado<\/td>\n<td align=\"center\" width=\"175\">\n<div style=\"text-align: center;\" align=\"left\"><a href=\"http:\/\/www.congresocoahuila.gob.mx\/portal\/wp-content\/uploads\/2014\/11\/2009060229.pdf\"> 2 de Junio de 2009<\/a><\/div>\n<\/td>\n<\/tr>\n<tr>\n<td class=\"Estilo91\" valign=\"top\" bgcolor=\"#E1E1E1\">\n<div align=\"left\">Diputado Salom\u00f3n Juan Marcos Issa, del Grupo Parlamentario \u201cJos\u00e9 Mar\u00eda Morelos y Pav\u00f3n\u201d, del Partido Revolucionario Institucional, conjuntamente con las Diputadas y Diputados que la suscriben<\/div>\n<\/td>\n<td class=\"Estilo9\" style=\"text-align: left;\" bgcolor=\"#E1E1E1\" height=\"17\">Reforma al C\u00f3digo Municipal y al C\u00f3digo Financiero del Estado<\/td>\n<td align=\"center\" bgcolor=\"#E1E1E1\" width=\"175\">\n<div style=\"text-align: center;\" align=\"left\"><a href=\"http:\/\/www.congresocoahuila.gob.mx\/portal\/wp-content\/uploads\/2014\/11\/2009060230.pdf\"> 2 de Junio de 2009<\/a><\/div>\n<\/td>\n<\/tr>\n<tr>\n<td class=\"Estilo91\" valign=\"top\">\n<div align=\"left\">Diputado Mario Alberto D\u00e1vila Delgado, conjuntamente con la Diputada Esther Quintana Salinas y los Diputados Carlos Ulises Orta Canales, Loth Tipa Mota y Rodrigo Rivas Urbina, del Grupo Parlamentario \u201cFelipe Calder\u00f3n Hinojosa\u201d, del Partido Acci\u00f3n Nacional<\/div>\n<\/td>\n<td class=\"Estilo9\" style=\"text-align: left;\">Reforma a la Ley Estatal de Salud y Ley de Protecci\u00f3n a la Maternidad<\/td>\n<td align=\"center\" width=\"175\">\n<div style=\"text-align: center;\" align=\"left\"><a href=\"http:\/\/www.congresocoahuila.gob.mx\/portal\/wp-content\/uploads\/2014\/11\/2009060931.pdf\"> 9 de Junio de 2009<\/a><\/div>\n<\/td>\n<\/tr>\n<tr>\n<td class=\"Estilo91\" valign=\"top\" bgcolor=\"#E1E1E1\">\n<div align=\"left\">Ejecutivo del Estado, Profr. Humberto Moreira Vald\u00e9s<\/div>\n<\/td>\n<td class=\"Estilo9\" style=\"text-align: left;\" bgcolor=\"#E1E1E1\">Ley del Sistema de Seguridad P\u00fablica del Estado de Coahuila<\/td>\n<td align=\"center\" bgcolor=\"#E1E1E1\" width=\"175\">\n<div style=\"text-align: center;\" align=\"left\"><a href=\"http:\/\/www.congresocoahuila.gob.mx\/portal\/wp-content\/uploads\/2014\/11\/20090609_Ejec_09.pdf\"> 9 de Junio de 2009<\/a><\/div>\n<\/td>\n<\/tr>\n<tr>\n<td class=\"Estilo91\" valign=\"top\">\n<div align=\"left\">Ejecutivo del Estado, Profr. Humberto Moreira Vald\u00e9s<\/div>\n<\/td>\n<td class=\"Estilo9\" style=\"text-align: left;\">Reforma a la Ley Org\u00e1nica de la Administraci\u00f3n y Ley de Ejecuci\u00f3n de Sanciones Privativas y Restrictivas de la Libertad<\/td>\n<td align=\"center\" width=\"175\">\n<div style=\"text-align: center;\" align=\"left\"><a href=\"http:\/\/www.congresocoahuila.gob.mx\/portal\/wp-content\/uploads\/2014\/11\/20090609_Ejec_10.pdf\"> 9 de Junio de 2009<\/a><\/div>\n<\/td>\n<\/tr>\n<tr>\n<td class=\"Estilo91\" valign=\"top\" bgcolor=\"#E1E1E1\">\n<div align=\"left\">Diputada Ver\u00f3nica Mart\u00ednez Garc\u00eda, del Grupo Parlamentario \u201cJos\u00e9 Mar\u00eda Morelos y Pav\u00f3n\u201d, del Partido Revolucionario Institucional, conjuntamente con las Diputadas y Diputados que la suscriben<\/div>\n<\/td>\n<td class=\"Estilo9\" style=\"text-align: left;\" bgcolor=\"#E1E1E1\">Reforma a la Constituci\u00f3n Pol\u00edtica del Estado<\/td>\n<td align=\"center\" bgcolor=\"#E1E1E1\" width=\"175\">\n<div style=\"text-align: center;\" align=\"left\"><a href=\"http:\/\/www.congresocoahuila.gob.mx\/portal\/wp-content\/uploads\/2014\/11\/2009061632.pdf\"> 16 de Junio de 2009<\/a><\/div>\n<\/td>\n<\/tr>\n<tr>\n<td class=\"Estilo91\" valign=\"top\">\n<div align=\"left\">Diputado Carlos Ulises Orta Canales, conjuntamente con la Diputada Esther Quintana Salinas y el Diputado Mario Alberto D\u00e1vila Delgado, del Grupo Parlamentario \u201cFelipe Calder\u00f3n Hinojosa\u201d, del Partido Acci\u00f3n Nacional<\/div>\n<\/td>\n<td class=\"Estilo9\" style=\"text-align: left;\">Reforma a la Constituci\u00f3n Pol\u00edtica del Estado<\/td>\n<td align=\"center\" width=\"175\">\n<div style=\"text-align: center;\" align=\"left\"><a href=\"http:\/\/www.congresocoahuila.gob.mx\/portal\/wp-content\/uploads\/2014\/11\/2009061633.pdf\"> 16 de Junio de 2009<\/a><\/div>\n<\/td>\n<\/tr>\n<tr>\n<td class=\"Estilo91\" valign=\"top\" bgcolor=\"#E1E1E1\">\n<div align=\"left\">Diputada Cecilia Yanet Bab\u00fan Moreno, del Partido de la Revoluci\u00f3n Democr\u00e1tica<\/div>\n<\/td>\n<td class=\"Estilo9\" style=\"text-align: left;\" bgcolor=\"#E1E1E1\">Reforma a la Constituci\u00f3n Pol\u00edtica del Estado<\/td>\n<td align=\"center\" bgcolor=\"#E1E1E1\" width=\"175\">\n<div style=\"text-align: center;\" align=\"left\"><a href=\"http:\/\/www.congresocoahuila.gob.mx\/portal\/wp-content\/uploads\/2014\/11\/2009061634.pdf\"> 16 de Junio de 2009<\/a><\/div>\n<\/td>\n<\/tr>\n<tr>\n<td class=\"Estilo91\" valign=\"top\">\n<div align=\"left\">Diputado Carlos Ulises Orta Canales, conjuntamente con la Diputada Esther Quintana Salinas y el Diputado Mario Alberto D\u00e1vila Delgado, del Grupo Parlamentario \u201cFelipe Calder\u00f3n Hinojosa\u201d, del Partido Acci\u00f3n Nacional<\/div>\n<\/td>\n<td class=\"Estilo9\" style=\"text-align: left;\">Reforma a la Constituci\u00f3n Pol\u00edtica del Estado<\/td>\n<td align=\"center\" width=\"175\">\n<div style=\"text-align: center;\" align=\"left\"><a href=\"http:\/\/www.congresocoahuila.gob.mx\/portal\/wp-content\/uploads\/2014\/11\/2009061635.pdf\"> 16 de Junio de 2009<\/a><\/div>\n<\/td>\n<\/tr>\n<tr>\n<td class=\"Estilo91\" valign=\"top\" bgcolor=\"#E1E1E1\">\n<div align=\"left\">Diputada Ver\u00f3nica Boreque Mart\u00ednez Gonz\u00e1lez, del Grupo Parlamentario \u201cJos\u00e9 Mar\u00eda Morelos y Pav\u00f3n\u201d, del Partido Revolucionario Institucional, conjuntamente con las Diputadas y Diputados que la suscriben<\/div>\n<\/td>\n<td class=\"Estilo9\" style=\"text-align: left;\" bgcolor=\"#E1E1E1\">Reforma al C\u00f3digo Municipal del Estado<\/td>\n<td align=\"center\" bgcolor=\"#E1E1E1\" width=\"175\">\n<div style=\"text-align: center;\" align=\"left\"><a href=\"http:\/\/www.congresocoahuila.gob.mx\/portal\/wp-content\/uploads\/2014\/11\/2009061636.pdf\"> 16 de Junio de 2009<\/a><\/div>\n<\/td>\n<\/tr>\n<tr>\n<td class=\"Estilo91\" valign=\"top\">\n<div align=\"left\">Diputado Carlos Ulises Orta Canales, conjuntamente con la Diputada Esther Quintana Salinas y el Diputado Mario Alberto D\u00e1vila Delgado, del Grupo Parlamentario \u201cFelipe Calder\u00f3n Hinojosa\u201d, del Partido Acci\u00f3n Nacional<\/div>\n<\/td>\n<td class=\"Estilo9\" style=\"text-align: left;\">Reforma a la Ley Org\u00e1nica de la Comisi\u00f3n de Derechos Humanos de Coahuila<\/td>\n<td align=\"center\" width=\"175\">\n<div style=\"text-align: center;\" align=\"left\"><a href=\"http:\/\/www.congresocoahuila.gob.mx\/portal\/wp-content\/uploads\/2014\/11\/2009061637.pdf\"> 16 de Junio de 2009<\/a><\/div>\n<\/td>\n<\/tr>\n<tr>\n<td class=\"Estilo91\" valign=\"top\" bgcolor=\"#E1E1E1\">\n<div align=\"left\">Diputado Jes\u00fas Contreras Pacheco, conjuntamente con el Diputado Javier Fern\u00e1ndez Ort\u00edz, del Grupo Parlamentario \u201cEvaristo P\u00e9rez Arreola\u201d, del Partido Unidad Democr\u00e1tica de Coahuila<\/div>\n<\/td>\n<td class=\"Estilo9\" style=\"text-align: left;\" bgcolor=\"#E1E1E1\">Reforma al C\u00f3digo civil para el Estado de Coahuila<\/td>\n<td align=\"center\" bgcolor=\"#E1E1E1\" width=\"175\">\n<div style=\"text-align: center;\" align=\"left\"><a href=\"http:\/\/www.congresocoahuila.gob.mx\/portal\/wp-content\/uploads\/2014\/11\/2009061638.pdf\"> 16 de Junio de 2009<\/a><\/div>\n<\/td>\n<\/tr>\n<tr>\n<td class=\"Estilo91\" valign=\"top\">\n<div align=\"left\">Diputado Jes\u00fas Armando Castro Castro, del Grupo Parlamentario \u201cJos\u00e9 Mar\u00eda Morelos y Pav\u00f3n\u201d, del Partido Revolucionario Institucional, conjuntamente con las Diputadas y Diputados que la suscriben<\/div>\n<\/td>\n<td class=\"Estilo9\" style=\"text-align: left;\">Reforma al C\u00f3digo Penal de Coahuila<\/td>\n<td align=\"center\" width=\"175\">\n<div style=\"text-align: center;\" align=\"left\"><a href=\"http:\/\/www.congresocoahuila.gob.mx\/portal\/wp-content\/uploads\/2014\/11\/2009061639.pdf\"> 16 de Junio de 2009<\/a><\/div>\n<\/td>\n<\/tr>\n<tr>\n<td class=\"Estilo91\" valign=\"top\" bgcolor=\"#E1E1E1\">\n<div align=\"left\">Diputado Carlos Ulises Orta Canales, conjuntamente con la Diputada Esther Quintana Salinas y el Diputado Mario Alberto D\u00e1vila Delgado, del Grupo Parlamentario \u201cFelipe Calder\u00f3n Hinojosa\u201d, del Partido Acci\u00f3n Nacional.<\/div>\n<\/td>\n<td class=\"Estilo9\" style=\"text-align: left;\" bgcolor=\"#E1E1E1\">Reforma al C\u00f3digo Electoral del Estado de Coahuila<\/td>\n<td align=\"center\" bgcolor=\"#E1E1E1\" width=\"175\">\n<div style=\"text-align: center;\" align=\"left\"><a href=\"http:\/\/www.congresocoahuila.gob.mx\/portal\/wp-content\/uploads\/2014\/11\/2009061640.pdf\"> 16 de Junio de 2009<\/a><\/div>\n<\/td>\n<\/tr>\n<tr>\n<td class=\"Estilo91\" valign=\"top\">\n<div align=\"left\">Diputado Luis Gerardo Garc\u00eda Mart\u00ednez, del Grupo Parlamentario \u201cJos\u00e9 Mar\u00eda Morelos y Pav\u00f3n\u201d, del Partido Revolucionario Institucional, conjuntamente con las Diputadas y Diputados que la suscriben<\/div>\n<\/td>\n<td class=\"Estilo9\" style=\"text-align: left;\">Reforma al C\u00f3digo Penal de Caohuila<\/td>\n<td align=\"center\" width=\"175\">\n<div style=\"text-align: center;\" align=\"left\"><a href=\"http:\/\/www.congresocoahuila.gob.mx\/portal\/wp-content\/uploads\/2014\/11\/2009061641.pdf\"> 16 de Junio de 2009<\/a><\/div>\n<\/td>\n<\/tr>\n<tr>\n<td class=\"Estilo91\" valign=\"top\" bgcolor=\"#E1E1E1\">\n<div align=\"left\">Diputada Osvelia Urueta Hern\u00e1ndez, del Grupo Parlamentario \u201cJos\u00e9 Mar\u00eda Morelos y Pav\u00f3n\u201d, del Partido Revolucionario Institucional, conjuntamente con las Diputadas y Diputados que la suscriben<\/div>\n<\/td>\n<td class=\"Estilo9\" style=\"text-align: left;\" bgcolor=\"#E1E1E1\">Reforma al Estatuto Jur\u00eddico para los Trabajadores al Servicio del Estado<\/td>\n<td align=\"center\" bgcolor=\"#E1E1E1\" width=\"175\">\n<div style=\"text-align: center;\" align=\"left\"><a href=\"http:\/\/www.congresocoahuila.gob.mx\/portal\/wp-content\/uploads\/2014\/11\/2009061642.pdf\"> 16 de Junio de 2009<\/a><\/div>\n<\/td>\n<\/tr>\n<tr>\n<td class=\"Estilo91\" valign=\"top\">\n<div align=\"left\">Ejecutivo del Estado, Profr. Humberto Moreira Vald\u00e9s<\/div>\n<\/td>\n<td class=\"Estilo9\" style=\"text-align: left;\">Reforma a la Ley de Ingresos del Estado para el Ejercicio Fiscal 2009<\/td>\n<td align=\"center\" width=\"175\">\n<div style=\"text-align: center;\" align=\"left\"><a href=\"http:\/\/www.congresocoahuila.gob.mx\/portal\/wp-content\/uploads\/2014\/11\/20090616_Ejec_11.pdf\"> 16 de Junio de 2009<\/a><\/div>\n<\/td>\n<\/tr>\n<tr>\n<td class=\"Estilo91\" valign=\"top\" bgcolor=\"#E1E1E1\">\n<div align=\"left\">Ejecutivo del Estado, Profr. Humberto Moreira Vald\u00e9s<\/div>\n<\/td>\n<td class=\"Estilo9\" style=\"text-align: left;\" bgcolor=\"#E1E1E1\">Reforma a la Ley de Hacienda para el Estado de Coahuila<\/td>\n<td align=\"center\" bgcolor=\"#E1E1E1\" width=\"175\">\n<div style=\"text-align: center;\" align=\"left\"><a href=\"http:\/\/www.congresocoahuila.gob.mx\/portal\/wp-content\/uploads\/2014\/11\/20090922_Ejec_12.pdf\"> 22 de Septiembre de 2009<\/a><\/div>\n<\/td>\n<\/tr>\n<tr>\n<td class=\"Estilo91\" valign=\"top\">\n<div align=\"left\">Diputado Jes\u00fas Salvador Hern\u00e1ndez V\u00e9lez, conjuntamente con las dem\u00e1s Diputadas y Diputados del Grupo Parlamentario \u201cJos\u00e9 Mar\u00eda Morelos y Pav\u00f3n\u201d, del Partido Revolucionario Institucional y el Diputado Francisco Tobias Hern\u00e1ndez, del Partido Unidad Democr\u00e1tica de Coahuila<\/div>\n<\/td>\n<td class=\"Estilo9\" style=\"text-align: left;\">Reforma a la Ley de Fiscalizaci\u00f3n Superior, para el Estado de Coahuila<\/td>\n<td align=\"center\" width=\"175\">\n<div style=\"text-align: center;\" align=\"left\"><a href=\"http:\/\/www.congresocoahuila.gob.mx\/portal\/wp-content\/uploads\/2014\/11\/2009100143.pdf\"> 1 de Octubre de 2009<\/a><\/div>\n<\/td>\n<\/tr>\n<tr>\n<td class=\"Estilo91\" valign=\"top\" bgcolor=\"#E1E1E1\">\n<div align=\"left\">Diputado Ra\u00fal Onofre Contreras, conjuntamente con las dem\u00e1s Diputadas y Diputados del Grupo Parlamentario \u201cJos\u00e9 Mar\u00eda Morelos y Pav\u00f3n\u201d, del Partido Revolucionario Institucional y el Diputado Francisco Tobias Hern\u00e1ndez, del Partido Unidad Democr\u00e1tica de Coahuila<\/div>\n<\/td>\n<td class=\"Estilo9\" style=\"text-align: left;\" bgcolor=\"#E1E1E1\">Reforma al C\u00f3digo de Procedimientos Penales, Ley de Procuraci\u00f3n de Justicia y al C\u00f3digo Penal<\/td>\n<td align=\"center\" bgcolor=\"#E1E1E1\" width=\"175\">\n<div style=\"text-align: center;\" align=\"left\"><a href=\"http:\/\/www.congresocoahuila.gob.mx\/portal\/wp-content\/uploads\/2014\/11\/2009100144.pdf\"> 1 de Octubre de 2009<\/a><\/div>\n<\/td>\n<\/tr>\n<tr>\n<td class=\"Estilo91\" valign=\"top\">\n<div align=\"left\">Diputado Jes\u00fas Salvador Hern\u00e1ndez V\u00e9lez, conjuntamente con las dem\u00e1s Diputadas y Diputados del Grupo Parlamentario \u201cJos\u00e9 Mar\u00eda Morelos y Pav\u00f3n\u201d, del Partido Revolucionario Institucional y el Diputado Francisco Tobias Hern\u00e1ndez, del Partido Unidad Democr\u00e1tica de Coahuila<\/div>\n<\/td>\n<td class=\"Estilo9\" style=\"text-align: left;\">Reforma a la Ley de Tr\u00e1nsito y Transporte<\/td>\n<td align=\"center\" width=\"175\">\n<div style=\"text-align: center;\" align=\"left\"><a href=\"http:\/\/www.congresocoahuila.gob.mx\/portal\/wp-content\/uploads\/2014\/11\/2009100145.pdf\"> 1 de Octubre de 2009<\/a><\/div>\n<\/td>\n<\/tr>\n<tr>\n<td class=\"Estilo91\" valign=\"top\" bgcolor=\"#E1E1E1\">\n<div align=\"left\">Diputado Jaime Russek Fern\u00e1ndez, conjuntamente con las dem\u00e1s Diputadas y Diputados integrantes del Grupo Parlamentario \u201cJos\u00e9 Mar\u00eda Morelos y Pav\u00f3n\u201d, del Partido Revolucionario Institucional y el Diputado Francisco Tobias Hern\u00e1ndez, del Partido Unidad Democr\u00e1tica de Coahuila<\/div>\n<\/td>\n<td class=\"Estilo9\" style=\"text-align: left;\" bgcolor=\"#E1E1E1\">Reforma a la Ley de Aguas para los Municipios del Estado de Coahuila<\/td>\n<td align=\"center\" bgcolor=\"#E1E1E1\" width=\"175\">\n<div style=\"text-align: center;\" align=\"left\"><a href=\"http:\/\/www.congresocoahuila.gob.mx\/portal\/wp-content\/uploads\/2014\/11\/2009100146.pdf\"> 1 de Octubre de 2009<\/a><\/div>\n<\/td>\n<\/tr>\n<tr>\n<td class=\"Estilo91\" valign=\"top\">\n<div align=\"left\">Diputado Carlos Ulises Orta Canales, conjuntamente con los dem\u00e1s diputados integrantes del Grupo Parlamentario \u201cFelipe Calder\u00f3n Hinojosa\u201d, del Partido Acci\u00f3n Nacional<\/div>\n<\/td>\n<td class=\"Estilo9\" style=\"text-align: left;\">Reforma a la Constituci\u00f3n Pol\u00edtica del Estado, C\u00f3digo Electoral y a la Ley de Desarrollo Social<\/td>\n<td align=\"center\" width=\"175\">\n<div style=\"text-align: center;\" align=\"left\"><a href=\"http:\/\/www.congresocoahuila.gob.mx\/portal\/wp-content\/uploads\/2014\/11\/2009100647.pdf\"> 6 de Octubre de 2009<\/a><\/div>\n<\/td>\n<\/tr>\n<tr>\n<td class=\"Estilo91\" valign=\"top\" bgcolor=\"#E1E1E1\">\n<div align=\"left\">Diputado Mario Alberto D\u00e1vila Delgado, conjuntamente con el Diputado Carlos Ulises Orta Canales, del Grupo Parlamentario \u201cFelipe Calder\u00f3n Hinojosa\u201d, del Partido Acci\u00f3n Nacional<\/div>\n<\/td>\n<td class=\"Estilo9\" style=\"text-align: left;\" bgcolor=\"#E1E1E1\">Reforma a la Ley de Ejecuci\u00f3n de Sanciones Privativas y Restrictivas de la Libertad para el Estado<\/td>\n<td align=\"center\" bgcolor=\"#E1E1E1\" width=\"175\">\n<div style=\"text-align: center;\" align=\"left\"><a href=\"http:\/\/www.congresocoahuila.gob.mx\/portal\/wp-content\/uploads\/2014\/11\/2009100648.pdf\"> 6 de Octubre de 2009<\/a><\/div>\n<\/td>\n<\/tr>\n<tr>\n<td class=\"Estilo91\" valign=\"top\">\n<div align=\"left\">Diputados Jes\u00fas Contreras Pacheco y Javier Fern\u00e1ndez Ort\u00edz, del Grupo Parlamentario \u201cEvaristo P\u00e9rez Arreola\u201d, del Partido Unidad Democr\u00e1tica de Coahuila<\/div>\n<\/td>\n<td class=\"Estilo9\" style=\"text-align: left;\">Ley para Garantizar la Paternidad Responsable en el Estado de Coahuila<\/td>\n<td align=\"center\" width=\"175\">\n<div style=\"text-align: center;\" align=\"left\"><a href=\"http:\/\/www.congresocoahuila.gob.mx\/portal\/wp-content\/uploads\/2014\/11\/2009100649.pdf\"> 6 de Octubre de 2009<\/a><\/div>\n<\/td>\n<\/tr>\n<tr>\n<td class=\"Estilo91\" valign=\"top\" bgcolor=\"#E1E1E1\">\n<div align=\"left\">Diputada Esther Quintana Salinas, conjuntamente con los dem\u00e1s Diputados integrantes del Grupo Parlamentario \u201cFelipe Calder\u00f3n Hinojosa\u201d, del Partido Acci\u00f3n Nacional<\/div>\n<\/td>\n<td class=\"Estilo9\" style=\"text-align: left;\" bgcolor=\"#E1E1E1\">Reforma a la Ley de Ejecuci\u00f3n de Sanciones Privativas y Restrictivas de la Libertad para el Estado<\/td>\n<td align=\"center\" bgcolor=\"#E1E1E1\" width=\"175\">\n<div style=\"text-align: center;\" align=\"left\"><a href=\"http:\/\/www.congresocoahuila.gob.mx\/portal\/wp-content\/uploads\/2014\/11\/2009100650.pdf\"> 6 de Octubre de 2009<\/a><\/div>\n<\/td>\n<\/tr>\n<tr>\n<td class=\"Estilo91\" valign=\"top\">\n<div align=\"left\">Diputado Enrique Mart\u00ednez y Morales, conjuntamente con las dem\u00e1s Diputadas y Diputados integrantes del Grupo Parlamentario \u201cJos\u00e9 Mar\u00eda Morelos y Pav\u00f3n\u201d, de Partido Revolucionario Institucional y el Diputado Francisco Tobias Hern\u00e1ndez, del Partido Unidad Democr\u00e1tica de Coahuila<\/div>\n<\/td>\n<td class=\"Estilo9\" style=\"text-align: left;\">Reforma al C\u00f3digo Penal del Estado de Coahuila<\/td>\n<td align=\"center\" width=\"175\">\n<div style=\"text-align: center;\" align=\"left\"><a href=\"http:\/\/www.congresocoahuila.gob.mx\/portal\/wp-content\/uploads\/2014\/11\/2009102051.pdf\"> 20 de Octubre de 2009<\/a><\/div>\n<\/td>\n<\/tr>\n<tr>\n<td class=\"Estilo91\" valign=\"top\" bgcolor=\"#E1E1E1\">\n<div align=\"left\">Diputado Carlos Ulises Orta Canales, conjuntamente con los Diputados Mario Alberto D\u00e1vila Delgado, Rodrigo Rivas Urbina, Jos\u00e9 Miguel Batarse Silva, Jos\u00e9 Manuel Villegas Gonz\u00e1lez y Loth Tipa Mota, del Grupo Parlamentario \u201cFelipe Calder\u00f3n Hinojosa\u201d, del Partido Acci\u00f3n Nacional<\/div>\n<\/td>\n<td class=\"Estilo9\" style=\"text-align: left;\" bgcolor=\"#E1E1E1\">Ley de Vida Silvestre para el Estado de Coahuila de Zaragoza<\/td>\n<td align=\"center\" bgcolor=\"#E1E1E1\" width=\"175\">\n<div style=\"text-align: center;\" align=\"left\"><a href=\"http:\/\/www.congresocoahuila.gob.mx\/portal\/wp-content\/uploads\/2014\/11\/2009102052.pdf\"> 20 de Octubre de 2009<\/a><\/div>\n<\/td>\n<\/tr>\n<tr>\n<td class=\"Estilo91\" valign=\"top\">\n<div align=\"left\">Diputada Karina Yanet R\u00edos Ornelas, del Grupo Parlamentario \u201cJos\u00e9 Mar\u00eda Morelos y Pav\u00f3n\u201d, del Partido Revolucionario Institucional, conjuntamente con las Diputadas y Diputados que la suscriben<\/div>\n<\/td>\n<td class=\"Estilo9\" style=\"text-align: left;\">Reforma al C\u00f3digo Procesal Civil para el Estado de Coahuila<\/td>\n<td align=\"center\" width=\"175\">\n<div style=\"text-align: center;\" align=\"left\"><a href=\"http:\/\/www.congresocoahuila.gob.mx\/portal\/wp-content\/uploads\/2014\/11\/2009102053.pdf\"> 20 de Octubre de 2009<\/a><\/div>\n<\/td>\n<\/tr>\n<tr>\n<td class=\"Estilo91\" valign=\"top\" bgcolor=\"#E1E1E1\">\n<div align=\"left\">Ejecutivo del Estado, Profr. Humberto Moreira Vald\u00e9s<\/div>\n<\/td>\n<td class=\"Estilo9\" style=\"text-align: left;\" bgcolor=\"#E1E1E1\">Ley del Sistema de Informaci\u00f3n Estad\u00edstica y Geogr\u00e1fica del Estado de Coahuila de Zaragoza<\/td>\n<td align=\"center\" bgcolor=\"#E1E1E1\" width=\"175\">\n<div style=\"text-align: center;\" align=\"left\"><a href=\"http:\/\/www.congresocoahuila.gob.mx\/portal\/wp-content\/uploads\/2014\/11\/20091020_Ejec_13.pdf\"> 20 de Octubre de 2009<\/a><\/div>\n<\/td>\n<\/tr>\n<tr>\n<td class=\"Estilo91\" valign=\"top\">\n<div align=\"left\">Diputada Diana Patricia Gonz\u00e1lez Soto, conjuntamente con las dem\u00e1s Diputadas y Diputados integrantes del Grupo Parlamentario \u201cJos\u00e9 Mar\u00eda Morelos y Pav\u00f3n\u201d, del Partido Revolucionario Institucional, y el Diputado Francisco Tobias Hern\u00e1ndez, del Grupo Parlamentario \u201cEvaristo P\u00e9rez Arreola\u201d, del Partido Unidad Democr\u00e1tica de Coahuila<\/div>\n<\/td>\n<td class=\"Estilo9\" style=\"text-align: left;\">Reforma al C\u00f3digo Civil para el Estado de Coahuila<\/td>\n<td align=\"center\" width=\"175\">\n<div style=\"text-align: center;\" align=\"left\"><a href=\"http:\/\/www.congresocoahuila.gob.mx\/portal\/wp-content\/uploads\/2014\/11\/2009102754.pdf\"> 27 de Octubre de 2009<\/a><\/div>\n<\/td>\n<\/tr>\n<tr>\n<td class=\"Estilo91\" valign=\"top\" bgcolor=\"#E1E1E1\">\n<div align=\"left\">Diputado Jes\u00fas Contreras Pacheco, conjuntamente con el Diputado Javier Fern\u00e1ndez Ort\u00edz, del Grupo Parlamentario \u201cEvaristo P\u00e9rez Arreola\u201d, del Partido Unidad Democr\u00e1tica de Coahuila<\/div>\n<\/td>\n<td class=\"Estilo9\" style=\"text-align: left;\" bgcolor=\"#E1E1E1\">Reforma al Estatuto Jur\u00eddico para los Trabajadores al Servicio del Estado<\/td>\n<td align=\"center\" bgcolor=\"#E1E1E1\" width=\"175\">\n<div style=\"text-align: center;\" align=\"left\"><a href=\"http:\/\/www.congresocoahuila.gob.mx\/portal\/wp-content\/uploads\/2014\/11\/2009102755.pdf\"> 27 de Octubre de 2009<\/a><\/div>\n<\/td>\n<\/tr>\n<tr>\n<td class=\"Estilo91\" valign=\"top\">\n<div align=\"left\">Diputado Enrique Mart\u00ednez y Morales, conjuntamente con las diputadas y diputados integrantes del Grupo Parlamentario \u201cJos\u00e9 Mar\u00eda Morelos y Pav\u00f3n\u201d del Partido Revolucionario Institucional y el Diputado Francisco Tob\u00edas Hern\u00e1ndez del Grupo Parlamentario \u201cEvaristo P\u00e9rez Arreola\u201d del Partido Unidad Democr\u00e1tica de Coahuila<\/div>\n<\/td>\n<td class=\"Estilo9\" style=\"text-align: left;\">Reforma a la Constituci\u00f3n Pol\u00edtica del Estado de Coahuila<\/td>\n<td align=\"center\" width=\"175\">\n<div style=\"text-align: center;\" align=\"left\"><a href=\"http:\/\/www.congresocoahuila.gob.mx\/portal\/wp-content\/uploads\/2014\/11\/2009110456.pdf\"> 4 de Noviembre de 2009<\/a><\/div>\n<\/td>\n<\/tr>\n<tr>\n<td class=\"Estilo91\" valign=\"top\" bgcolor=\"#E1E1E1\">\n<div align=\"left\">Diputada Esther Quintana Salinas en conjunto con los diputados del Grupo Parlamentario \u201cLic. Felipe Calder\u00f3n Hinojosa\u201d del Partido Acci\u00f3n Nacional<\/div>\n<\/td>\n<td class=\"Estilo9\" style=\"text-align: left;\" bgcolor=\"#E1E1E1\">Reforma al C\u00f3digo Civil para el Estado de Coahuila<\/td>\n<td align=\"center\" bgcolor=\"#E1E1E1\" width=\"175\">\n<div style=\"text-align: center;\" align=\"left\"><a href=\"http:\/\/www.congresocoahuila.gob.mx\/portal\/wp-content\/uploads\/2014\/11\/2009110457.pdf\"> 4 de Noviembre de 2009<\/a><\/div>\n<\/td>\n<\/tr>\n<tr>\n<td class=\"Estilo91\" valign=\"top\">\n<div align=\"left\">Diputado Jes\u00fas Contreras Pacheco, conjuntamente con el Diputado Javier Fern\u00e1ndez Ort\u00edz, del Grupo Parlamentario \u201cEvaristo P\u00e9rez Arreola\u201d, del Partido Unidad Democr\u00e1tica de Coahuila<\/div>\n<\/td>\n<td class=\"Estilo9\" style=\"text-align: left;\">Reforma a la Constituci\u00f3n Pol\u00edtica del Estado de Coahuila<\/td>\n<td align=\"center\" width=\"175\">\n<div style=\"text-align: center;\" align=\"left\"><a href=\"http:\/\/www.congresocoahuila.gob.mx\/portal\/wp-content\/uploads\/2014\/11\/2009111058.pdf\"> 10 de Noviembre de 2009<\/a><\/div>\n<\/td>\n<\/tr>\n<tr>\n<td class=\"Estilo91\" valign=\"top\" bgcolor=\"#E1E1E1\">\n<div align=\"left\">Diputada Esther Quintana Salinas, conjuntamente con los Diputados Jos\u00e9 Miguel Batarse Silva, Mario Alberto D\u00e1vila Delgado, Rodrigo Rivas Urbina, Carlos Ulises Orta Canales y Loth Tipa Mota, del Grupo Parlamentario \u201cFelipe Calder\u00f3n Hinojosa\u201d, del Partido Acci\u00f3n Nacional<\/div>\n<\/td>\n<td class=\"Estilo9\" style=\"text-align: left;\" bgcolor=\"#E1E1E1\">Reforma al C\u00f3digo Electoral del Estado de Coahuila<\/td>\n<td align=\"center\" bgcolor=\"#E1E1E1\" width=\"175\">\n<div style=\"text-align: center;\" align=\"left\"><a href=\"http:\/\/www.congresocoahuila.gob.mx\/portal\/wp-content\/uploads\/2014\/11\/2009111059.pdf\"> 10 de Noviembre de 2009<\/a><\/div>\n<\/td>\n<\/tr>\n<tr>\n<td class=\"Estilo91\" valign=\"top\">\n<div align=\"left\">Ejecutivo del Estado, Profr. Humberto Moreira Vald\u00e9s<\/div>\n<\/td>\n<td class=\"Estilo9\" style=\"text-align: left;\">Reforma al Estatuto Jur\u00eddico de los Trabajadores al Servicio del Estado de Coahuila<\/td>\n<td align=\"center\" width=\"175\">\n<div style=\"text-align: center;\" align=\"left\"><a href=\"http:\/\/www.congresocoahuila.gob.mx\/portal\/wp-content\/uploads\/2014\/11\/20091124_Ejec_14.pdf\"> 24 de Noviembre de 2009<\/a><\/div>\n<\/td>\n<\/tr>\n<tr>\n<td class=\"Estilo91\" valign=\"top\" bgcolor=\"#E1E1E1\">\n<div align=\"left\">Ejecutivo del Estado, Profr. Humberto Moreira Vald\u00e9s<\/div>\n<\/td>\n<td class=\"Estilo9\" style=\"text-align: left;\" bgcolor=\"#E1E1E1\">Ley de Ingresos para el Ejercicio Fiscal 2010<\/td>\n<td align=\"center\" bgcolor=\"#E1E1E1\" width=\"175\">\n<div style=\"text-align: center;\" align=\"left\"><a href=\"http:\/\/www.congresocoahuila.gob.mx\/portal\/wp-content\/uploads\/2014\/11\/20091130_Ejec_15.pdf\"> 30 de Noviembre de 2009<\/a><\/div>\n<\/td>\n<\/tr>\n<tr>\n<td class=\"Estilo91\" valign=\"top\">\n<div align=\"left\">Ejecutivo del Estado, Profr. Humberto Moreira Vald\u00e9s<\/div>\n<\/td>\n<td class=\"Estilo9\" style=\"text-align: left;\">Ley del Servicio de Administraci\u00f3n Tributaria del Estado de Coahuila SATEC<\/td>\n<td align=\"center\" width=\"175\">\n<div style=\"text-align: center;\" align=\"left\"><a href=\"http:\/\/www.congresocoahuila.gob.mx\/portal\/wp-content\/uploads\/2014\/11\/20091130_Ejec_16.pdf\"> 30 de Noviembre de 2009<\/a><\/div>\n<\/td>\n<\/tr>\n<tr>\n<td class=\"Estilo91\" valign=\"top\" bgcolor=\"#E1E1E1\">\n<div align=\"left\">Ejecutivo del Estado, Profr. Humberto Moreira Vald\u00e9s<\/div>\n<\/td>\n<td class=\"Estilo9\" style=\"text-align: left;\" bgcolor=\"#E1E1E1\">Ley para la Distribuci\u00f3n de Participaciones y Aportaciones Federales a los Municipios del Estado<\/td>\n<td align=\"center\" bgcolor=\"#E1E1E1\" width=\"175\">\n<div style=\"text-align: center;\" align=\"left\"><a href=\"http:\/\/www.congresocoahuila.gob.mx\/portal\/wp-content\/uploads\/2014\/11\/20091130_Ejec_17.pdf\"> 30 de Noviembre de 2009<\/a><\/div>\n<\/td>\n<\/tr>\n<tr>\n<td class=\"Estilo91\" valign=\"top\">\n<div align=\"left\">Ejecutivo del Estado, Profr. Humberto Moreira Vald\u00e9s<\/div>\n<\/td>\n<td class=\"Estilo9\" style=\"text-align: left;\">Presupuesto de Egresos del Estado para el Ejercicio Fiscal 2010<\/td>\n<td align=\"center\" width=\"175\">\n<div style=\"text-align: center;\" align=\"left\"><a href=\"http:\/\/www.congresocoahuila.gob.mx\/portal\/wp-content\/uploads\/2014\/11\/20091130_Eje_Pres.pdf\"> 30 de Noviembre de 2009<\/a><\/div>\n<\/td>\n<\/tr>\n<tr>\n<td class=\"Estilo91\" valign=\"top\" bgcolor=\"#E1E1E1\">\n<div align=\"left\">Ejecutivo del Estado, Profr. Humberto Moreira Vald\u00e9s<\/div>\n<\/td>\n<td class=\"Estilo9\" style=\"text-align: left;\" bgcolor=\"#E1E1E1\">Reforma a la Ley de Coordinaci\u00f3n Fiscal<\/td>\n<td align=\"center\" bgcolor=\"#E1E1E1\" width=\"175\">\n<div style=\"text-align: center;\" align=\"left\"><a href=\"http:\/\/www.congresocoahuila.gob.mx\/portal\/wp-content\/uploads\/2014\/11\/20091130_Ejec_18.pdf\"> 30 de Noviembre de 2009<\/a><\/div>\n<\/td>\n<\/tr>\n<tr>\n<td class=\"Estilo91\" valign=\"top\">\n<div align=\"left\">Ejecutivo del Estado, Profr. Humberto Moreira Vald\u00e9s<\/div>\n<\/td>\n<td class=\"Estilo9\" style=\"text-align: left;\">Reforma a la Ley de Hacienda<\/td>\n<td align=\"center\" width=\"175\">\n<div style=\"text-align: center;\" align=\"left\"><a href=\"http:\/\/www.congresocoahuila.gob.mx\/portal\/wp-content\/uploads\/2014\/11\/20091130_Ejec_19.pdf\"> 30 de Noviembre de 2009<\/a><\/div>\n<\/td>\n<\/tr>\n<tr>\n<td class=\"Estilo91\" valign=\"top\" bgcolor=\"#E1E1E1\">\n<div align=\"left\">Ejecutivo del Estado, Profr. Humberto Moreira Vald\u00e9s<\/div>\n<\/td>\n<td class=\"Estilo9\" style=\"text-align: left;\" bgcolor=\"#E1E1E1\">Reforma a la Ley Org\u00e1nica de la Administraci\u00f3n P\u00fablica<\/td>\n<td align=\"center\" bgcolor=\"#E1E1E1\" width=\"175\">\n<div style=\"text-align: center;\" align=\"left\"><a href=\"http:\/\/www.congresocoahuila.gob.mx\/portal\/wp-content\/uploads\/2014\/11\/20091130_Ejec_20.pdf\"> 30 de Noviembre de 2009<\/a><\/div>\n<\/td>\n<\/tr>\n<tr>\n<td class=\"Estilo91\" valign=\"top\">\n<div align=\"left\">Ejecutivo del Estado, Profr. Humberto Moreira Vald\u00e9s<\/div>\n<\/td>\n<td class=\"Estilo9\" style=\"text-align: left;\">Reforma al C\u00f3digo Fiscal del Estado<\/td>\n<td align=\"center\" width=\"175\">\n<div style=\"text-align: center;\" align=\"left\"><a href=\"http:\/\/www.congresocoahuila.gob.mx\/portal\/wp-content\/uploads\/2014\/11\/20091130_Ejec_21.pdf\"> 30 de Noviembre de 2009<\/a><\/div>\n<\/td>\n<\/tr>\n<tr>\n<td class=\"Estilo91\" valign=\"top\" bgcolor=\"#E1E1E1\">\n<div align=\"left\">Ejecutivo del Estado, Profr. Humberto Moreira Vald\u00e9s<\/div>\n<\/td>\n<td class=\"Estilo9\" style=\"text-align: left;\" bgcolor=\"#E1E1E1\">Reforma a la Constituci\u00f3n Pol\u00edtica del Estado<\/td>\n<td align=\"center\" bgcolor=\"#E1E1E1\" width=\"175\">\n<div style=\"text-align: center;\" align=\"left\"><a href=\"http:\/\/www.congresocoahuila.gob.mx\/portal\/wp-content\/uploads\/2014\/11\/20091130_Ejec_22.pdf\"> 1 de Diciembre de 2009<\/a><\/div>\n<\/td>\n<\/tr>\n<tr>\n<td class=\"Estilo91\" valign=\"top\">\n<div align=\"left\">Diputada Esther Quintana Salinas en conjunto con los diputados del Grupo Parlamentario \u201cLic. Felipe Calder\u00f3n Hinojosa\u201d del Partido Acci\u00f3n Nacional<\/div>\n<\/td>\n<td class=\"Estilo9\" style=\"text-align: left;\">Reforma a la Ley Org\u00e1nica del Congreso del Estado de Coahuila<\/td>\n<td align=\"center\" width=\"175\">\n<div style=\"text-align: center;\" align=\"left\"><a href=\"http:\/\/www.congresocoahuila.gob.mx\/portal\/wp-content\/uploads\/2014\/11\/2009121560.pdf\"> 15 de Diciembre de 2009<\/a><\/div>\n<\/td>\n<\/tr>\n<tr>\n<td class=\"Estilo91\" valign=\"top\" bgcolor=\"#E1E1E1\">\n<div align=\"left\">Diputado Carlos Ulises Orta Canales, del Grupo Parlamentario \u201cFelipe Calder\u00f3n Hinojosa\u201d, del Partido Acci\u00f3n Nacional.<\/div>\n<\/td>\n<td class=\"Estilo9\" style=\"text-align: left;\" bgcolor=\"#E1E1E1\">Reforma a la Ley de la Defensoria Jur\u00eddica Integral para el Estado de Coahuila<\/td>\n<td align=\"center\" bgcolor=\"#E1E1E1\" width=\"175\">\n<div style=\"text-align: center;\" align=\"left\"><a href=\"http:\/\/www.congresocoahuila.gob.mx\/portal\/wp-content\/uploads\/2014\/11\/2009121561.pdf\"> 15 de Diciembre de 2009<\/a><\/div>\n<\/td>\n<\/tr>\n<tr>\n<td class=\"Estilo91\" valign=\"top\">\n<div align=\"left\">Diputado Carlos Ulises Orta Canales, del Grupo Parlamentario \u201cFelipe Calder\u00f3n Hinojosa\u201d, del Partido Acci\u00f3n Nacional<\/div>\n<\/td>\n<td class=\"Estilo9\" style=\"text-align: left;\">Reforma a la Ley de Participaci\u00f3n Ciudadana para el Estado de Coahuila<\/td>\n<td align=\"center\" width=\"175\">\n<div style=\"text-align: center;\" align=\"left\"><a href=\"http:\/\/www.congresocoahuila.gob.mx\/portal\/wp-content\/uploads\/2014\/11\/2009121562.pdf\"> 15 de Diciembre de 2009<\/a><\/div>\n<\/td>\n<\/tr>\n<tr>\n<td class=\"Estilo91\" valign=\"top\" bgcolor=\"#E1E1E1\">\n<div align=\"left\">Ejecutivo del Estado, Profr. Humberto Moreira Vald\u00e9s<\/div>\n<\/td>\n<td class=\"Estilo9\" style=\"text-align: left;\" bgcolor=\"#E1E1E1\">Reforma al C\u00f3digo Financiero para el Estado de Coahuila<\/td>\n<td align=\"center\" bgcolor=\"#E1E1E1\" width=\"175\">\n<div style=\"text-align: center;\" align=\"left\"><a href=\"http:\/\/www.congresocoahuila.gob.mx\/portal\/wp-content\/uploads\/2014\/11\/20091215_Ejec_23.pdf\"> 15 de Diciembre de 2009<\/a><\/div>\n<\/td>\n<\/tr>\n<tr>\n<td class=\"Estilo91\" valign=\"top\">\n<div align=\"left\">Ejecutivo del Estado, Profr. Humberto Moreira Vald\u00e9s<\/div>\n<\/td>\n<td class=\"Estilo9\" style=\"text-align: left;\">Reforma al C\u00f3digo Civil del Estado de Coahuila<\/td>\n<td align=\"center\" width=\"175\">\n<div style=\"text-align: center;\" align=\"left\"><a href=\"http:\/\/www.congresocoahuila.gob.mx\/portal\/wp-content\/uploads\/2014\/11\/20100301_Ejec_24.pdf\"> 1 de Marzo de 2010<\/a><\/div>\n<\/td>\n<\/tr>\n<tr>\n<td class=\"Estilo91\" valign=\"top\" bgcolor=\"#E1E1E1\">\n<div align=\"left\">Diputado Francisco Tob\u00edas Hern\u00e1ndez, conjuntamente con los dem\u00e1s diputados del Grupo Parlamentario \u201cJos\u00e9 Mar\u00eda Morelos y Pav\u00f3n\u201d, del Partido Revolucionario Institucional<\/div>\n<\/td>\n<td class=\"Estilo9\" style=\"text-align: left;\" bgcolor=\"#E1E1E1\">Reforma a la Constituci\u00f3n Pol\u00edtica del Estado de Coahuila<\/td>\n<td align=\"center\" bgcolor=\"#E1E1E1\" width=\"175\">\n<div style=\"text-align: center;\" align=\"left\"><a href=\"http:\/\/www.congresocoahuila.gob.mx\/portal\/wp-content\/uploads\/2014\/11\/2010030163.pdf\"> 1 de Marzo de 2010<\/a><\/div>\n<\/td>\n<\/tr>\n<tr>\n<td class=\"Estilo91\" valign=\"top\">\n<div align=\"left\">Diputado Carlos Ulises Orta Canales, conjuntamente con los Diputados Mario Alberto D\u00e1vila Delgado, Loth Tipa Mota, Esther Quintana Salinas, Rodrigo Rivas Urbina, Jos\u00e9 Miguel Batarse Silva, y Jos\u00e9 Manuel Villegas Gonz\u00e1lez, del Grupo Parlamentario \u201cFelipe Calder\u00f3n Hinojosa\u201d, del Partido Acci\u00f3n Nacional<\/div>\n<\/td>\n<td class=\"Estilo9\" style=\"text-align: left;\">Reforma a la Ley de Tr\u00e1nsito y Transporte del Estado de Coahuila<\/td>\n<td align=\"center\" width=\"175\">\n<div style=\"text-align: center;\" align=\"left\"><a href=\"http:\/\/www.congresocoahuila.gob.mx\/portal\/wp-content\/uploads\/2014\/11\/2010030164.pdf\"> 1 de Marzo de 2010<\/a><\/div>\n<\/td>\n<\/tr>\n<tr>\n<td class=\"Estilo91\" valign=\"top\" bgcolor=\"#E1E1E1\">\n<div align=\"left\">Diputado Mario Alberto D\u00e1vila Delgado, conjuntamente con los Diputados Carlos Ulises Orta Canales, Loth Tipa Mota, Esther Quintana Salinas, Rodrigo Rivas Urbina, Jos\u00e9 Miguel Batarse Silva, y Jos\u00e9 Manuel Villegas Gonz\u00e1lez, del Grupo Parlamentario \u201cFelipe Calder\u00f3n Hinojosa\u201d, del Partido Acci\u00f3n Nacional<\/div>\n<\/td>\n<td class=\"Estilo9\" style=\"text-align: left;\" bgcolor=\"#E1E1E1\">Reforma a la Ley de Hacienda para el Estado de Coahuila<\/td>\n<td align=\"center\" bgcolor=\"#E1E1E1\" width=\"175\">\n<div style=\"text-align: center;\" align=\"left\"><a href=\"http:\/\/www.congresocoahuila.gob.mx\/portal\/wp-content\/uploads\/2014\/11\/2010030165.pdf\"> 1 de Marzo de 2010<\/a><\/div>\n<\/td>\n<\/tr>\n<tr>\n<td class=\"Estilo91\" valign=\"top\">\n<div align=\"left\">Diputado Rodrigo Rivas Urbina, conjuntamente con los Diputados Carlos Ulises Orta Canales, Loth Tipa Mota, Esther Quintana Salinas, Mario Alberto D\u00e1vila Delgado, Jos\u00e9 Miguel Batarse Silva, y Jos\u00e9 Manuel Villegas Gonz\u00e1lez, del Grupo Parlamentario \u201cFelipe Calder\u00f3n Hinojosa\u201d, del Partido Acci\u00f3n Nacional<\/div>\n<\/td>\n<td class=\"Estilo9\" style=\"text-align: left;\">Reforma a la Ley de Desarrollo Social y a la Ley de Acceso a la Informaci\u00f3n y Protecci\u00f3n de Datos Personales<\/td>\n<td align=\"center\" width=\"175\">\n<div style=\"text-align: center;\" align=\"left\"><a href=\"http:\/\/www.congresocoahuila.gob.mx\/portal\/wp-content\/uploads\/2014\/11\/2010030166.pdf\"> 1 de Marzo de 2010<\/a><\/div>\n<\/td>\n<\/tr>\n<tr>\n<td class=\"Estilo91\" valign=\"top\" bgcolor=\"#E1E1E1\">\n<div align=\"left\">Diputado Carlos Ulises Orta Canales, conjuntamente con los Diputados Mario Alberto D\u00e1vila Delgado, Dip. Rodrigo Rivas Urbina, Loth Tipa Mota, Esther Quintana Salinas y Jos\u00e9 Miguel Batarse Silva, del Grupo Parlamentario \u201cFelipe Calder\u00f3n Hinojosa\u201d, del Partido Acci\u00f3n Nacional<\/div>\n<\/td>\n<td class=\"Estilo9\" style=\"text-align: left;\" bgcolor=\"#E1E1E1\">Reforma al C\u00f3digo Penal del Estado de Coahuila de Zaragoza<\/td>\n<td align=\"center\" bgcolor=\"#E1E1E1\" width=\"175\">\n<div style=\"text-align: center;\" align=\"left\"><a href=\"http:\/\/www.congresocoahuila.gob.mx\/portal\/wp-content\/uploads\/2014\/11\/2010030167.pdf\"> 1 de Marzo de 2010<\/a><\/div>\n<\/td>\n<\/tr>\n<tr>\n<td class=\"Estilo91\" valign=\"top\">\n<div align=\"left\">Diputado Enrique Mart\u00ednez y Morales, conjuntamente con las diputadas y diputados integrantes del Grupo Parlamentario \u201cJos\u00e9 Mar\u00eda Morelos y Pav\u00f3n\u201d del Partido Revolucionario Institucional<\/div>\n<\/td>\n<td class=\"Estilo9\" style=\"text-align: left;\">Ley de Valuaci\u00f3n del Estado de Coahuila de Zaragoza<\/td>\n<td align=\"center\" width=\"175\">\n<div style=\"text-align: center;\" align=\"left\"><a href=\"http:\/\/www.congresocoahuila.gob.mx\/portal\/wp-content\/uploads\/2014\/11\/2010031068.pdf\"> 10 de Marzo de 2010<\/a><\/div>\n<\/td>\n<\/tr>\n<tr>\n<td class=\"Estilo91\" valign=\"top\" bgcolor=\"#E1E1E1\">\n<div align=\"left\">Diputado Enrique Mart\u00ednez y Morales, conjuntamente con las diputadas y diputados integrantes del Grupo Parlamentario \u201cJos\u00e9 Mar\u00eda Morelos y Pav\u00f3n\u201d del Partido Revolucionario Institucional<\/div>\n<\/td>\n<td class=\"Estilo9\" style=\"text-align: left;\" bgcolor=\"#E1E1E1\">Reforma al C\u00f3digo Municipal para el Estado de Coahuila de Zaragoza<\/td>\n<td align=\"center\" bgcolor=\"#E1E1E1\" width=\"175\">\n<div style=\"text-align: center;\" align=\"left\"><a href=\"http:\/\/www.congresocoahuila.gob.mx\/portal\/wp-content\/uploads\/2014\/11\/2010031069.pdf\"> 10 de Marzo de 2010<\/a><\/div>\n<\/td>\n<\/tr>\n<tr>\n<td class=\"Estilo91\" style=\"background-color: #fafafa;\" valign=\"top\" bgcolor=\"#E1E1E1\">\n<div align=\"left\">Iniciativa Popular C. Rub\u00e9n Canseco L\u00f3pez y otros ciudadanos.<\/div>\n<\/td>\n<td class=\"Estilo9\" style=\"text-align: left; background-color: #fafafa;\" bgcolor=\"#E1E1E1\">Reforma a la Constituci\u00f3n Pol\u00edtica del Estado, la Ley de Participaci\u00f3n Ciudadana, el C\u00f3digo Electoral del Estado y la Ley de Medios de Impugnaci\u00f3n en Materia Pol\u00edtico-Electoral y de Participaci\u00f3n Ciudadana del Estado de Coahuila.<\/td>\n<td style=\"background-color: #fafafa;\" align=\"center\" bgcolor=\"#E1E1E1\" width=\"175\">\n<div style=\"text-align: center;\" align=\"left\"><a href=\"http:\/\/congresocoahuila.gob.mx\/portal\/wp-content\/uploads\/2014\/11\/20100310pop.pdf\">10 de Marzo de 2010<\/a><\/div>\n<\/td>\n<\/tr>\n<tr>\n<td class=\"Estilo91\" style=\"background-color: #e1e1e1;\" valign=\"top\">\n<div align=\"left\">Diputado Carlos Ulises Orta Canales, conjuntamente con los Diputados integrantes del Grupo Parlamentario \u201cFelipe Calder\u00f3n Hinojosa\u201d, del Partido Acci\u00f3n Nacional<\/div>\n<\/td>\n<td class=\"Estilo91\" style=\"background-color: #e1e1e1;\">Reforma a la Ley que Regula las Casas de Empe\u00f1o y a la Ley de Acceso a la Informaci\u00f3n y Protecci\u00f3n de Datos Personales<\/td>\n<td class=\"Estilo91\" style=\"background-color: #e1e1e1;\" align=\"center\" width=\"175\">\n<div style=\"text-align: center;\" align=\"left\"><a href=\"http:\/\/www.congresocoahuila.gob.mx\/portal\/wp-content\/uploads\/2014\/11\/2010031770.pdf\"> 17 de Marzo de 2010<\/a><\/div>\n<\/td>\n<\/tr>\n<tr>\n<td class=\"Estilo91\" style=\"background-color: #fafafa;\" valign=\"top\" bgcolor=\"#E1E1E1\">\n<div align=\"left\">Diputado Rodrigo Rivas Urbina, conjuntamente con los Diputados integrantes del Grupo Parlamentario \u201cFelipe Calder\u00f3n Hinojosa\u201d, del Partido Acci\u00f3n Nacional<\/div>\n<\/td>\n<td class=\"Estilo91\" style=\"background-color: #fafafa;\" bgcolor=\"#E1E1E1\">Reforma al C\u00f3digo Municipal para el Estado de Coahuila<\/td>\n<td class=\"Estilo91\" style=\"background-color: #fafafa;\" align=\"center\" bgcolor=\"#E1E1E1\" width=\"175\">\n<div style=\"text-align: center;\" align=\"left\"><a href=\"http:\/\/www.congresocoahuila.gob.mx\/portal\/wp-content\/uploads\/2014\/11\/2010031771.pdf\"> 17 de Marzo de 2010<\/a><\/div>\n<\/td>\n<\/tr>\n<tr>\n<td class=\"Estilo91\" style=\"background-color: #e1e1e1;\" valign=\"top\">\n<div align=\"left\">Diputado Carlos Ulises Orta Canales, conjuntamente con los Diputados Mario Alberto D\u00e1vila Delgado, Esther Quintana Salinas, Rodrigo Rivas Urbina, Jos\u00e9 Miguel Batarse Silva y Loth Tipa Mota, integrantes del Grupo Parlamentario \u201cFelipe Calder\u00f3n Hinojosa\u201d, del Partido Acci\u00f3n Nacional<\/div>\n<\/td>\n<td class=\"Estilo91\" style=\"background-color: #e1e1e1;\">Ley de Extinci\u00f3n de Dominio del Estado de Coahuila<\/td>\n<td class=\"Estilo91\" style=\"background-color: #e1e1e1;\" align=\"center\" width=\"175\">\n<div style=\"text-align: center;\" align=\"left\"><a href=\"http:\/\/www.congresocoahuila.gob.mx\/portal\/wp-content\/uploads\/2014\/11\/2010031772.pdf\"> 17 de Marzo de 2010<\/a><\/div>\n<\/td>\n<\/tr>\n<tr>\n<td class=\"Estilo91\" style=\"background-color: #fafafa;\" valign=\"top\" bgcolor=\"#E1E1E1\">\n<div align=\"left\">Diputado Carlos Ulises Orta Canales, del Grupo Parlamentario \u201cFelipe Calder\u00f3n Hinojosa\u201d, del Partido Acci\u00f3n Nacional<\/div>\n<\/td>\n<td class=\"Estilo91\" style=\"background-color: #fafafa;\" bgcolor=\"#E1E1E1\">Reforma a la Ley de Hacienda, Ley de Fomento Econ\u00f3mico, Ley de Cooperaci\u00f3n para Obras P\u00fablicas, Ley de Asentamientos Humanos y Ley de Obras P\u00fablicas<\/td>\n<td class=\"Estilo91\" style=\"background-color: #fafafa;\" align=\"center\" bgcolor=\"#E1E1E1\" width=\"175\">\n<div style=\"text-align: center;\" align=\"left\"><a href=\"http:\/\/www.congresocoahuila.gob.mx\/portal\/wp-content\/uploads\/2014\/11\/2010032373.pdf\"> 23 de Marzo de 2010<\/a><\/div>\n<\/td>\n<\/tr>\n<tr>\n<td class=\"Estilo91\" style=\"background-color: #e1e1e1;\" valign=\"top\">\n<div align=\"left\">Diputada Esther Quintana Salinas, conjuntamente con los Diputados Mario Alberto D\u00e1vila Delgado, Rodrigo Rivas Urbina, Loth Tipa Mota, Carlos Ulises Orta Canales y Jos\u00e9 Miguel Batarse Silva, del Grupo Parlamentario \u201cFelipe Calder\u00f3n Hinojosa\u201d, del Partido Acci\u00f3n Nacional<\/div>\n<\/td>\n<td class=\"Estilo91\" style=\"background-color: #e1e1e1;\">Reforma a la Ley de Pensiones y Otros Beneficios Sociales para los Trabajadores de la Educaci\u00f3n P\u00fablica del Estado de Coahuila<\/td>\n<td class=\"Estilo91\" style=\"background-color: #e1e1e1;\" align=\"center\" width=\"175\">\n<div style=\"text-align: center;\" align=\"left\"><a href=\"http:\/\/www.congresocoahuila.gob.mx\/portal\/wp-content\/uploads\/2014\/11\/2010032374.pdf\"> 23 de Marzo de 2010<\/a><\/div>\n<\/td>\n<\/tr>\n<tr>\n<td class=\"Estilo91\" style=\"background-color: #fafafa;\" valign=\"top\" bgcolor=\"#E1E1E1\">\n<div align=\"left\">Diputada Esther Quintana Salinas, conjuntamente con los Diputados Mario Alberto D\u00e1vila Delgado, Rodrigo Rivas Urbina, Loth Tipa Mota, del Grupo Parlamentario \u201cFelipe Calder\u00f3n Hinojosa\u201d, del Partido Acci\u00f3n Nacional<\/div>\n<\/td>\n<td class=\"Estilo91\" style=\"background-color: #fafafa;\" bgcolor=\"#E1E1E1\">Reforma al C\u00f3digo Civil para el Estado de Coahuila<\/td>\n<td class=\"Estilo91\" style=\"background-color: #fafafa;\" align=\"center\" bgcolor=\"#E1E1E1\" width=\"175\">\n<div style=\"text-align: center;\" align=\"left\"><a href=\"http:\/\/www.congresocoahuila.gob.mx\/portal\/wp-content\/uploads\/2014\/11\/2010032375.pdf\"> 23 de Marzo de 2010<\/a><\/div>\n<\/td>\n<\/tr>\n<tr>\n<td class=\"Estilo91\" style=\"background-color: #e1e1e1;\" valign=\"top\">\n<div align=\"left\">Diputado Mario Alberto D\u00e1vila Delgado, conjuntamente con la Diputada Esther Quintana Salinas y los Diputados Carlos Ulises Orta Canales, Rodrigo Rivas Urbina, Loth Tipa Mota y Jos\u00e9 Miguel Batarse Silva, del Grupo Parlamentario \u201cFelipe Calder\u00f3n Hinojosa\u201d, del Partido Acci\u00f3n Nacional<\/div>\n<\/td>\n<td class=\"Estilo91\" style=\"background-color: #e1e1e1;\">Reforma al C\u00f3digo Penal del Estado de Coahuila<\/td>\n<td class=\"Estilo91\" style=\"background-color: #e1e1e1;\" align=\"center\" width=\"175\">\n<div style=\"text-align: center;\" align=\"left\"><a href=\"http:\/\/www.congresocoahuila.gob.mx\/portal\/wp-content\/uploads\/2014\/11\/2010032376.pdf\"> 23 de Marzo de 2010<\/a><\/div>\n<\/td>\n<\/tr>\n<tr>\n<td class=\"Estilo91\" style=\"background-color: #fafafa;\" valign=\"top\" bgcolor=\"#E1E1E1\">\n<div align=\"left\">Ejecutivo del Estado, Profr. Humberto Moreira Vald\u00e9s<\/div>\n<\/td>\n<td class=\"Estilo91\" style=\"background-color: #fafafa;\" bgcolor=\"#E1E1E1\">Ley de Protecci\u00f3n Civil para el Estado de Coahuila de Zaragoza<\/td>\n<td class=\"Estilo91\" style=\"background-color: #fafafa;\" align=\"center\" bgcolor=\"#E1E1E1\" width=\"175\">\n<div style=\"text-align: center;\" align=\"left\"><a href=\"http:\/\/www.congresocoahuila.gob.mx\/portal\/wp-content\/uploads\/2014\/11\/20100323_Ejec_25.pdf\"> 23 de Marzo de 2010<\/a><\/div>\n<\/td>\n<\/tr>\n<tr>\n<td class=\"Estilo91\" style=\"background-color: #e1e1e1;\" valign=\"top\">\n<div align=\"left\">Diputada Esther Quintana Salinas, conjuntamente con los Diputados Mario Alberto D\u00e1vila Delgado, Carlos Ulises Orta Canales, Rodrigo Rivas Urbina, Jos\u00e9 Miguel Batarse Silva y Loth Tipa Mota, integrantes del Grupo Parlamentario \u201cFelipe Calder\u00f3n Hinojosa\u201d, del Partido Acci\u00f3n Nacional<\/div>\n<\/td>\n<td class=\"Estilo91\" style=\"background-color: #e1e1e1;\">Ley de Fomento a la Lectura y el Libro para el Estado de Coahuila de Zaragoza<\/td>\n<td class=\"Estilo91\" style=\"background-color: #e1e1e1;\" align=\"center\" width=\"175\">\n<div style=\"text-align: center;\" align=\"left\"><a href=\"http:\/\/www.congresocoahuila.gob.mx\/portal\/wp-content\/uploads\/2014\/11\/2010040777.pdf\"> 7 de Abril de 2010<\/a><\/div>\n<\/td>\n<\/tr>\n<tr>\n<td class=\"Estilo91\" style=\"background-color: #fafafa;\" valign=\"top\" bgcolor=\"#E1E1E1\">\n<div align=\"left\">Diputados Carlos Ulises Orta Canales y Jos\u00e9 Miguel Batarse Silva, integrantes del Grupo Parlamentario \u201cLic. Felipe Calder\u00f3n Hinojosa\u201d del Partido Acci\u00f3n Nacional y el Diputado Francisco Tob\u00edas Hern\u00e1ndez, integrante del Grupo Parlamentario \u201cJos\u00e9 Mar\u00eda Morelos y Pav\u00f3n\u201d del Partido Revolucionario Institucional<\/div>\n<\/td>\n<td class=\"Estilo91\" style=\"background-color: #fafafa;\" bgcolor=\"#E1E1E1\">Reforma a la Ley de Fomento al Uso Racional de la Energ\u00eda para el Estado<\/td>\n<td class=\"Estilo91\" style=\"background-color: #fafafa;\" align=\"center\" bgcolor=\"#E1E1E1\" width=\"175\">\n<div style=\"text-align: center;\" align=\"left\"><a href=\"http:\/\/www.congresocoahuila.gob.mx\/portal\/wp-content\/uploads\/2014\/11\/2010041378.pdf\"> 13 de Abril de 2010<\/a><\/div>\n<\/td>\n<\/tr>\n<tr>\n<td class=\"Estilo91\" style=\"background-color: #e1e1e1;\" valign=\"top\">\n<div align=\"left\">Diputados Carlos Ulises Orta Canales y Jos\u00e9 Miguel Batarse Silva, integrantes del Grupo Parlamentario \u201cLic. Felipe Calder\u00f3n Hinojosa\u201d del Partido Acci\u00f3n Nacional y el Diputado Francisco Tob\u00edas Hern\u00e1ndez, integrante del Grupo Parlamentario<br \/>\n\u201cJos\u00e9 Mar\u00eda Morelos y Pav\u00f3n\u201d del Partido Revolucionario Institucional<\/div>\n<\/td>\n<td class=\"Estilo91\" style=\"background-color: #e1e1e1;\">Reforma a la Ley para la Prevenci\u00f3n y Gesti\u00f3n Integral de Residuos para el Estado<\/td>\n<td class=\"Estilo91\" style=\"background-color: #e1e1e1;\" align=\"center\" width=\"175\">\n<div style=\"text-align: center;\" align=\"left\"><a href=\"http:\/\/www.congresocoahuila.gob.mx\/portal\/wp-content\/uploads\/2014\/11\/2010041379.pdf\"> 13 de Abril de 2010<\/a><\/div>\n<\/td>\n<\/tr>\n<tr>\n<td class=\"Estilo91\" style=\"background-color: #fafafa;\" valign=\"top\" bgcolor=\"#E1E1E1\">\n<div align=\"left\">Diputados Carlos Ulises Orta Canales y Jos\u00e9 Miguel Batarse Silva, integrantes del Grupo Parlamentario \u201cLic. Felipe Calder\u00f3n Hinojosa\u201d del Partido Acci\u00f3n Nacional y el Diputado Francisco Tob\u00edas Hern\u00e1ndez, integrante del Grupo Parlamentario \u201cJos\u00e9 Mar\u00eda Morelos y Pav\u00f3n\u201d del Partido Revolucionario Institucional<\/div>\n<\/td>\n<td class=\"Estilo91\" style=\"background-color: #fafafa;\" bgcolor=\"#E1E1E1\">Reforma a la Ley de Protecci\u00f3n a los Animales del Estado de Coahuila<\/td>\n<td class=\"Estilo91\" style=\"background-color: #fafafa;\" align=\"center\" bgcolor=\"#E1E1E1\" width=\"175\">\n<div style=\"text-align: center;\" align=\"left\"><a href=\"http:\/\/www.congresocoahuila.gob.mx\/portal\/wp-content\/uploads\/2014\/11\/2010041380.pdf\"> 13 de Abril de 2010<\/a><\/div>\n<\/td>\n<\/tr>\n<tr>\n<td class=\"Estilo91\" style=\"background-color: #e1e1e1;\" valign=\"top\">\n<div align=\"left\">Diputados Carlos Ulises Orta Canales y Jos\u00e9 Miguel Batarse Silva, integrantes del Grupo Parlamentario \u201cLic. Felipe Calder\u00f3n Hinojosa\u201d del Partido Acci\u00f3n Nacional y el Diputado Francisco Tob\u00edas Hern\u00e1ndez, integrante del Grupo Parlamentario \u201cJos\u00e9 Mar\u00eda Morelos y Pav\u00f3n\u201d del Partido Revolucionario Institucional<\/div>\n<\/td>\n<td class=\"Estilo91\" style=\"background-color: #e1e1e1;\">Reforma a la Ley Org\u00e1nica de la Administraci\u00f3n P\u00fablica del Estado<\/td>\n<td class=\"Estilo91\" style=\"background-color: #e1e1e1;\" align=\"center\" width=\"175\">\n<div style=\"text-align: center;\" align=\"left\"><a href=\"http:\/\/www.congresocoahuila.gob.mx\/portal\/wp-content\/uploads\/2014\/11\/2010041381.pdf\"> 13 de Abril de 2010<\/a><\/div>\n<\/td>\n<\/tr>\n<tr>\n<td class=\"Estilo91\" style=\"background-color: #fafafa;\" valign=\"top\" bgcolor=\"#E1E1E1\">\n<div align=\"left\">Diputados Carlos Ulises Orta Canales y Jos\u00e9 Miguel Batarse Silva, integrantes del Grupo Parlamentario \u201cLic. Felipe Calder\u00f3n Hinojosa\u201d del Partido Acci\u00f3n Nacional y el Diputado Francisco Tob\u00edas Hern\u00e1ndez, integrante del Grupo Parlamentario \u201cJos\u00e9 Mar\u00eda Morelos y Pav\u00f3n\u201d del Partido Revolucionario Institucional<\/div>\n<\/td>\n<td class=\"Estilo91\" style=\"background-color: #fafafa;\" bgcolor=\"#E1E1E1\">Reforma a la Ley del Equilibrio Ecol\u00f3gico y la Protecci\u00f3n al Ambiente<\/td>\n<td class=\"Estilo91\" style=\"background-color: #fafafa;\" align=\"center\" bgcolor=\"#E1E1E1\" width=\"175\">\n<div style=\"text-align: center;\" align=\"left\"><a href=\"http:\/\/www.congresocoahuila.gob.mx\/portal\/wp-content\/uploads\/2014\/11\/2010041382.pdf\"> 13 de Abril de 2010<\/a><\/div>\n<\/td>\n<\/tr>\n<tr>\n<td class=\"Estilo91\" style=\"background-color: #e1e1e1;\" valign=\"top\">\n<div align=\"left\">Diputados Carlos Ulises Orta Canales y Jos\u00e9 Miguel Batarse Silva, integrantes del Grupo Parlamentario \u201cLic. Felipe Calder\u00f3n Hinojosa\u201d del Partido Acci\u00f3n Nacional y el Diputado Francisco Tob\u00edas Hern\u00e1ndez, integrante del Grupo Parlamentario \u201cJos\u00e9 Mar\u00eda Morelos y Pav\u00f3n\u201d del Partido Revolucionario Institucional<\/div>\n<\/td>\n<td class=\"Estilo91\" style=\"background-color: #e1e1e1;\">Reforma al C\u00f3digo Penal del Estado<\/td>\n<td class=\"Estilo91\" style=\"background-color: #e1e1e1;\" align=\"center\" width=\"175\">\n<div style=\"text-align: center;\" align=\"left\"><a href=\"http:\/\/www.congresocoahuila.gob.mx\/portal\/wp-content\/uploads\/2014\/11\/2010041383.pdf\"> 13 de Abril de 2010<\/a><\/div>\n<\/td>\n<\/tr>\n<tr>\n<td class=\"Estilo91\" style=\"background-color: #fafafa;\" valign=\"top\" bgcolor=\"#E1E1E1\">\n<div align=\"left\">Diputados Carlos Ulises Orta Canales y Jos\u00e9 Miguel Batarse Silva, integrantes del Grupo Parlamentario \u201cLic. Felipe Calder\u00f3n Hinojosa\u201d del Partido Acci\u00f3n Nacional y el Diputado Francisco Tob\u00edas Hern\u00e1ndez, integrante del Grupo Parlamentario \u201cJos\u00e9 Mar\u00eda Morelos y Pav\u00f3n\u201d del Partido Revolucionario Institucional<\/div>\n<\/td>\n<td class=\"Estilo91\" style=\"background-color: #fafafa;\" bgcolor=\"#E1E1E1\">Reforma a la Ley de Asentamientos Humanos y Desarrollo Urbano<\/td>\n<td class=\"Estilo91\" style=\"background-color: #fafafa;\" align=\"center\" bgcolor=\"#E1E1E1\" width=\"175\">\n<div style=\"text-align: center;\" align=\"left\"><a href=\"http:\/\/www.congresocoahuila.gob.mx\/portal\/wp-content\/uploads\/2014\/11\/2010041384.pdf\"> 13 de Abril de 2010<\/a><\/div>\n<\/td>\n<\/tr>\n<tr>\n<td class=\"Estilo91\" style=\"background-color: #e1e1e1;\" valign=\"top\">\n<div align=\"left\">Diputada Esther Quintana Salinas, del Grupo Parlamentario \u201cLic. Felipe Calder\u00f3n Hinojosa\u201d del Partido Acci\u00f3n Nacional<\/div>\n<\/td>\n<td class=\"Estilo91\" style=\"background-color: #e1e1e1;\">Reforma al C\u00f3digo Municipal del Estado de Coahuila<\/td>\n<td class=\"Estilo91\" style=\"background-color: #e1e1e1;\" align=\"center\" width=\"175\">\n<div style=\"text-align: center;\" align=\"left\"><a href=\"http:\/\/www.congresocoahuila.gob.mx\/portal\/wp-content\/uploads\/2014\/11\/2010041385.pdf\"> 13 de Abril de 2010<\/a><\/div>\n<\/td>\n<\/tr>\n<tr>\n<td class=\"Estilo91\" style=\"background-color: #fafafa;\" valign=\"top\" bgcolor=\"#E1E1E1\">\n<div align=\"left\">Diputado Fernando Donato de las Fuentes Hern\u00e1ndez, del Grupo Parlamentario \u201cJos\u00e9 Mar\u00eda Morelos y Pav\u00f3n\u201d del Partido Revolucionario Institucional y dem\u00e1s diputadas y diputados que la suscriben<\/div>\n<\/td>\n<td class=\"Estilo91\" style=\"background-color: #fafafa;\" bgcolor=\"#E1E1E1\">Reforma al C\u00f3digo Penal del Estado de Coahuila<\/td>\n<td class=\"Estilo91\" style=\"background-color: #fafafa;\" align=\"center\" bgcolor=\"#E1E1E1\" width=\"175\">\n<div style=\"text-align: center;\" align=\"left\"><a href=\"http:\/\/www.congresocoahuila.gob.mx\/portal\/wp-content\/uploads\/2014\/11\/2010042086.pdf\"> 20 de Abril de 2010<\/a><\/div>\n<\/td>\n<\/tr>\n<tr>\n<td class=\"Estilo91\" style=\"background-color: #e1e1e1;\" valign=\"top\">\n<div align=\"left\">Diputado Mario Alberto D\u00e1vila Delgado, en conjunto con los Diputados integrantes del Grupo Parlamentario \u201cLic. Felipe Calder\u00f3n Hinojosa\u201d, del Partido Acci\u00f3n Nacional<\/div>\n<\/td>\n<td class=\"Estilo91\" style=\"background-color: #e1e1e1;\">Ley para Prevenir y Atender el Sobrepeso y la Obesidad en el Estado de Coahuila de Zaragoza<\/td>\n<td class=\"Estilo91\" style=\"background-color: #e1e1e1;\" align=\"center\" width=\"175\">\n<div style=\"text-align: center;\" align=\"left\"><a href=\"http:\/\/www.congresocoahuila.gob.mx\/portal\/wp-content\/uploads\/2014\/11\/2010042087.pdf\"> 20 de Abril de 2010<\/a><\/div>\n<\/td>\n<\/tr>\n<tr>\n<td class=\"Estilo91\" style=\"background-color: #fafafa;\" valign=\"top\" bgcolor=\"#E1E1E1\">\n<div align=\"left\">Diputada Ver\u00f3nica Mart\u00ednez Garc\u00eda del Grupo Parlamentario \u201cJos\u00e9 Mar\u00eda Morelos y Pav\u00f3n\u201d, del Partido Revolucionario Institucional, conjuntamente con las Diputadas y Diputados que la suscriben<\/div>\n<\/td>\n<td class=\"Estilo91\" style=\"background-color: #fafafa;\" bgcolor=\"#E1E1E1\">Reforma a la Ley de Protecci\u00f3n a la Maternidad del Estado de Coahuila de Zaragoza<\/td>\n<td class=\"Estilo91\" style=\"background-color: #fafafa;\" align=\"center\" bgcolor=\"#E1E1E1\" width=\"175\">\n<div style=\"text-align: center;\" align=\"left\"><a href=\"http:\/\/www.congresocoahuila.gob.mx\/portal\/wp-content\/uploads\/2014\/11\/2010042088.pdf\"> 20 de Abril de 2010<\/a><\/div>\n<\/td>\n<\/tr>\n<tr>\n<td class=\"Estilo91\" style=\"background-color: #e1e1e1;\" valign=\"top\">\n<div align=\"left\">Diputada Esther Quintana Salinas en conjunto con los Diputados del Grupo Parlamentario \u201cFelipe Calder\u00f3n Hinojosa\u201d del Partido Acci\u00f3n Nacional<\/div>\n<\/td>\n<td class=\"Estilo91\" style=\"background-color: #e1e1e1;\">Reforma a la Ley Org\u00e1nica del Congreso del Estado de Coahuila<\/td>\n<td class=\"Estilo91\" style=\"background-color: #e1e1e1;\" align=\"center\" width=\"175\">\n<div style=\"text-align: center;\" align=\"left\"><a href=\"http:\/\/www.congresocoahuila.gob.mx\/portal\/wp-content\/uploads\/2014\/11\/2010042089.pdf\"> 20 de Abril de 2010<\/a><\/div>\n<\/td>\n<\/tr>\n<tr>\n<td class=\"Estilo91\" style=\"background-color: #fafafa;\" valign=\"top\" bgcolor=\"#E1E1E1\">\n<div align=\"left\">Diputado Enrique Mart\u00ednez y Morales, conjuntamente con las diputadas y diputados integrantes del Grupo Parlamentario \u201cJos\u00e9 Mar\u00eda Morelos y Pav\u00f3n\u201d del Partido Revolucionario Institucional<\/div>\n<\/td>\n<td class=\"Estilo91\" style=\"background-color: #fafafa;\" bgcolor=\"#E1E1E1\">Ley de Fomento Cooperativo del Estado de Coahuila de Zaragoza<\/td>\n<td class=\"Estilo91\" style=\"background-color: #fafafa;\" align=\"center\" bgcolor=\"#E1E1E1\" width=\"175\">\n<div style=\"text-align: center;\" align=\"left\"><a href=\"http:\/\/www.congresocoahuila.gob.mx\/portal\/wp-content\/uploads\/2014\/11\/2010042090.pdf\"> 20 de Abril de 2010<\/a><\/div>\n<\/td>\n<\/tr>\n<tr>\n<td class=\"Estilo91\" style=\"background-color: #e1e1e1;\" valign=\"top\">\n<div align=\"left\">Diputado Enrique Mart\u00ednez y Morales, conjuntamente con las diputadas y diputados integrantes del Grupo Parlamentario \u201cJos\u00e9 Mar\u00eda Morelos y Pav\u00f3n\u201d del Partido Revolucionario Institucional<\/div>\n<\/td>\n<td class=\"Estilo91\" style=\"background-color: #e1e1e1;\">Abrogar la Ley del Impuesto sobre Envase, Distribuci\u00f3n, Venta y Transporte de Alcohol y de Bebidas Alcoh\u00f3licas en el Estado<\/td>\n<td class=\"Estilo91\" style=\"background-color: #e1e1e1;\" align=\"center\" width=\"175\">\n<div style=\"text-align: center;\" align=\"left\"><a href=\"http:\/\/www.congresocoahuila.gob.mx\/portal\/wp-content\/uploads\/2014\/11\/2010042791.pdf\"> 27 de Abril de 2010<\/a><\/div>\n<\/td>\n<\/tr>\n<tr>\n<td class=\"Estilo91\" style=\"background-color: #fafafa;\" valign=\"top\" bgcolor=\"#E1E1E1\">\n<div align=\"left\">Diputado Enrique Mart\u00ednez y Morales, conjuntamente con las diputadas y diputados integrantes del Grupo Parlamentario \u201cJos\u00e9 Mar\u00eda Morelos y Pav\u00f3n\u201d del Partido Revolucionario Institucional<\/div>\n<\/td>\n<td class=\"Estilo91\" style=\"background-color: #fafafa;\" bgcolor=\"#E1E1E1\">Abrogar Reglamento de Expendios de Carnes y Reglamento de Peluquerias en el Estado<\/td>\n<td class=\"Estilo91\" style=\"background-color: #fafafa;\" align=\"center\" bgcolor=\"#E1E1E1\" width=\"175\">\n<div style=\"text-align: center;\" align=\"left\"><a href=\"http:\/\/www.congresocoahuila.gob.mx\/portal\/wp-content\/uploads\/2014\/11\/2010050492.pdf\"> 4 de Mayo de 2010<\/a><\/div>\n<\/td>\n<\/tr>\n<tr>\n<td class=\"Estilo91\" style=\"background-color: #e1e1e1;\" valign=\"top\">\n<div align=\"left\">Diputada Esther Quintana Salinas, del Grupo Parlamentario \u201cFelipe Calder\u00f3n Hinojosa\u201d del Partido Acci\u00f3n Nacional<\/div>\n<\/td>\n<td class=\"Estilo91\" style=\"background-color: #e1e1e1;\">Reforma Estatuto Jur\u00eddico para los Trabajadores al Servicio del Estado y Estatuto Jur\u00eddico para los Trabajadores de la Educaci\u00f3n<\/td>\n<td class=\"Estilo91\" style=\"background-color: #e1e1e1;\" align=\"center\" width=\"175\">\n<div style=\"text-align: center;\" align=\"left\"><a href=\"http:\/\/www.congresocoahuila.gob.mx\/portal\/wp-content\/uploads\/2014\/11\/2010050493.pdf\"> 4 de Mayo de 2010<\/a><\/div>\n<\/td>\n<\/tr>\n<tr>\n<td class=\"Estilo91\" style=\"background-color: #fafafa;\" valign=\"top\" bgcolor=\"#E1E1E1\">\n<div align=\"left\">Ejecutivo del Estado, Profr. Humberto Moreira Vald\u00e9s<\/div>\n<\/td>\n<td class=\"Estilo91\" style=\"background-color: #fafafa;\" bgcolor=\"#E1E1E1\">Reforma a la Ley Org\u00e1nica de la Administraci\u00f3n P\u00fablica<\/td>\n<td class=\"Estilo91\" style=\"background-color: #fafafa;\" align=\"center\" bgcolor=\"#E1E1E1\" width=\"175\">\n<div style=\"text-align: center;\" align=\"left\"><a href=\"http:\/\/www.congresocoahuila.gob.mx\/portal\/wp-content\/uploads\/2014\/11\/20100504_Ejec_26.pdf\"> 4 de Mayo de 2010<\/a><\/div>\n<\/td>\n<\/tr>\n<tr>\n<td class=\"Estilo91\" style=\"background-color: #e1e1e1;\" valign=\"top\">\n<div align=\"left\">Diputado Fernando Donato de las Fuentes Hern\u00e1ndez, del Grupo Parlamentario \u201cJos\u00e9 Mar\u00eda Morelos y Pav\u00f3n\u201d del Partido Revolucionario Institucional y dem\u00e1s diputadas y diputados que la suscriben<\/div>\n<\/td>\n<td class=\"Estilo91\" style=\"background-color: #e1e1e1;\">Reforma a la Constituci\u00f3n Pol\u00edtica del Estado de Coahuila<\/td>\n<td class=\"Estilo91\" style=\"background-color: #e1e1e1;\" align=\"center\" width=\"175\">\n<div style=\"text-align: center;\" align=\"left\"><a href=\"http:\/\/www.congresocoahuila.gob.mx\/portal\/wp-content\/uploads\/2014\/11\/2010051194.pdf\"> 11 de Mayo de 2010<\/a><\/div>\n<\/td>\n<\/tr>\n<tr>\n<td class=\"Estilo91\" style=\"background-color: #fafafa;\" valign=\"top\" bgcolor=\"#E1E1E1\">\n<div align=\"left\">Diputada Ver\u00f3nica Boreque Mart\u00ednez Gonz\u00e1lez, del Grupo Parlamentario \u201cJos\u00e9 Mar\u00eda Morelos y Pav\u00f3n\u201d del Partido Revolucionario Institucional y dem\u00e1s diputadas y diputados que la suscriben<\/div>\n<\/td>\n<td class=\"Estilo91\" style=\"background-color: #fafafa;\" bgcolor=\"#E1E1E1\">Reforma a la Ley de las Personas Adultas Mayores para el Estado de Coahuila<\/td>\n<td class=\"Estilo91\" style=\"background-color: #fafafa;\" align=\"center\" bgcolor=\"#E1E1E1\" width=\"175\">\n<div style=\"text-align: center;\" align=\"left\"><a href=\"http:\/\/www.congresocoahuila.gob.mx\/portal\/wp-content\/uploads\/2014\/11\/2010051195.pdf\"> 11 de Mayo de 2010<\/a><\/div>\n<\/td>\n<\/tr>\n<tr>\n<td class=\"Estilo91\" style=\"background-color: #e1e1e1;\" valign=\"top\">\n<div align=\"left\">Diputada Esther Quintana Salinas, del Grupo Parlamentario \u201cLic. Felipe Calder\u00f3n Hinojosa\u201d del Partido Acci\u00f3n Nacional<\/div>\n<\/td>\n<td class=\"Estilo91\" style=\"background-color: #e1e1e1;\">Reforma a la Ley Estatal de Educaci\u00f3n<\/td>\n<td class=\"Estilo91\" style=\"background-color: #e1e1e1;\" align=\"center\" width=\"175\">\n<div style=\"text-align: center;\" align=\"left\"><a href=\"http:\/\/www.congresocoahuila.gob.mx\/portal\/wp-content\/uploads\/2014\/11\/2010051196.pdf\"> 11 de Mayo de 2010<\/a><\/div>\n<\/td>\n<\/tr>\n<tr>\n<td class=\"Estilo91\" style=\"background-color: #fafafa;\" valign=\"top\" bgcolor=\"#E1E1E1\">\n<div align=\"left\">Diputado Enrique Mart\u00ednez y Morales, conjuntamente con las diputadas y diputados integrantes del Grupo Parlamentario \u201cJos\u00e9 Mar\u00eda Morelos y Pav\u00f3n\u201d del Partido Revolucionario Institucional<\/div>\n<\/td>\n<td class=\"Estilo91\" style=\"background-color: #fafafa;\" bgcolor=\"#E1E1E1\">Reforma al C\u00f3digo Financiero, C\u00f3digo Municipal y a la Ley Org\u00e1nica del Congreso del Estado<\/td>\n<td class=\"Estilo91\" style=\"background-color: #fafafa;\" align=\"center\" bgcolor=\"#E1E1E1\" width=\"175\">\n<div style=\"text-align: center;\" align=\"left\"><a href=\"http:\/\/www.congresocoahuila.gob.mx\/portal\/wp-content\/uploads\/2014\/11\/2010051197.pdf\"> 11 de Mayo de 2010<\/a><\/div>\n<\/td>\n<\/tr>\n<tr>\n<td class=\"Estilo91\" style=\"background-color: #e1e1e1;\" valign=\"top\" bgcolor=\"#E1E1E1\">\n<div align=\"left\">Iniciativa Popular C. Rub\u00e9n Canseco L\u00f3pez, Isa\u00edas Garc\u00eda Calvillo, Pedro Carlos Aguirre Castro, Ra\u00fal Mario Yeverino Garc\u00eda, Manuela Herrera Rodr\u00edguez, Salvador Ponce Ortiz, Norma Leticia Bab\u00fan Melchor y Magdalena Izquierdo Mendoza<\/div>\n<\/td>\n<td class=\"Estilo91\" style=\"background-color: #e1e1e1;\" bgcolor=\"#E1E1E1\">Reforma al C\u00f3digo Electoral del Estado de Coahuila<\/td>\n<td class=\"Estilo91\" style=\"background-color: #e1e1e1;\" align=\"center\" bgcolor=\"#E1E1E1\" width=\"175\">\n<div style=\"text-align: center;\" align=\"left\"><a href=\"http:\/\/congresocoahuila.gob.mx\/portal\/wp-content\/uploads\/2014\/11\/20100511pop.pdf\">11 de Mayo de 2010<\/a><\/div>\n<\/td>\n<\/tr>\n<tr>\n<td class=\"Estilo91\" valign=\"top\">\n<div align=\"left\">Diputado Carlos Ulises Orta Canales conjuntamente con los Diputados Jos\u00e9 Miguel Batarse Silva, Mario Alberto D\u00e1vila Delgado, Esther Quintana Salinas y Rodrigo Rivas Urbina, integrantes del Grupo Parlamentario \u201cFelipe Calder\u00f3n Hinojosa\u201d, del Partido Acci\u00f3n Nacional<\/div>\n<\/td>\n<td class=\"Estilo9\" style=\"text-align: left;\">Reforma a la Constituci\u00f3n Pol\u00edtica del Estado de Coahuila de Zaragoza<\/td>\n<td align=\"center\" width=\"175\">\n<div style=\"text-align: center;\" align=\"left\"><a href=\"http:\/\/www.congresocoahuila.gob.mx\/portal\/wp-content\/uploads\/2014\/11\/2010051898.pdf\"> 18 de Mayo de 2010<\/a><\/div>\n<\/td>\n<\/tr>\n<tr>\n<td class=\"Estilo91\" valign=\"top\" bgcolor=\"#E1E1E1\">\n<div align=\"left\">Diputado Mario Alberto D\u00e1vila Delgado conjuntamente con los Diputados Jos\u00e9 Miguel Batarse Silva, Esther Quintana Salinas, Loth Tipa Mota, Carlos Ulises Orta Canales, Rodrigo Rivas Urbina y Jos\u00e9 Manuel Villegas Gonz\u00e1lez, integrantes del Grupo Parlamentario \u201cFelipe Calder\u00f3n Hinojosa\u201d, del Partido Acci\u00f3n Nacional<\/div>\n<\/td>\n<td class=\"Estilo9\" style=\"text-align: left;\" bgcolor=\"#E1E1E1\">Reforma a la Constituci\u00f3n Pol\u00edtica del Estado de Coahuila de Zaragoza<\/td>\n<td align=\"center\" bgcolor=\"#E1E1E1\" width=\"175\">\n<div style=\"text-align: center;\" align=\"left\"><a href=\"http:\/\/www.congresocoahuila.gob.mx\/portal\/wp-content\/uploads\/2014\/11\/2010051899.pdf\"> 18 de Mayo de 2010<\/a><\/div>\n<\/td>\n<\/tr>\n<tr>\n<td class=\"Estilo91\" valign=\"top\">\n<div align=\"left\">Diputado Rodrigo Rivas Urbina, conjuntamente con Diputados Mario Alberto D\u00e1vila Delgado, Loth Tipa Mota, Esther Quintana Salinas, Carlos Ulises Orta Canales y Jos\u00e9 Miguel Batarse Silva, del Grupo Parlamentario \u201cFelipe Calder\u00f3n Hinojosa\u201d, del Partido Acci\u00f3n Nacional<\/div>\n<\/td>\n<td class=\"Estilo9\" style=\"text-align: left;\">Reforma a la Ley Org\u00e1nica del Congreso del Estado de Coahuila de Zaragoza<\/td>\n<td align=\"center\" width=\"175\">\n<div style=\"text-align: center;\" align=\"left\"><a href=\"http:\/\/www.congresocoahuila.gob.mx\/portal\/wp-content\/uploads\/2014\/11\/20100518100.pdf\"> 18 de Mayo de 2010<\/a><\/div>\n<\/td>\n<\/tr>\n<tr>\n<td class=\"Estilo91\" valign=\"top\" bgcolor=\"#E1E1E1\">\n<div align=\"left\">Diputado Mario Alberto D\u00e1vila Delgado, conjuntamente con Diputados, Jos\u00e9 Miguel Batarse Silva, Esther Quintana Salinas, Loth Tipa Mota, Carlos Ulises Orta Canales, Rodrigo Rivas Urbina y Jos\u00e9 Manuel Villegas Gonz\u00e1lez, del Grupo Parlamentario \u201cFelipe Calder\u00f3n Hinojosa\u201d, del Partido Acci\u00f3n Nacional<\/div>\n<\/td>\n<td class=\"Estilo9\" style=\"text-align: left;\" bgcolor=\"#E1E1E1\">Reforma a la Constituci\u00f3n Pol\u00edtica de los Estados Unidos Mexicanos<\/td>\n<td align=\"center\" bgcolor=\"#E1E1E1\" width=\"175\">\n<div style=\"text-align: center;\" align=\"left\"><a href=\"http:\/\/www.congresocoahuila.gob.mx\/portal\/wp-content\/uploads\/2014\/11\/20100518101.pdf\"> 18 de Mayo de 2010<\/a><\/div>\n<\/td>\n<\/tr>\n<tr>\n<td class=\"Estilo91\" valign=\"top\">\n<div align=\"left\">Diputado Enrique Mart\u00ednez y Morales, conjuntamente con las diputadas y diputados integrantes del Grupo Parlamentario \u201cJos\u00e9 Mar\u00eda Morelos y Pav\u00f3n\u201d del Partido Revolucionario Institucional<\/div>\n<\/td>\n<td class=\"Estilo9\" style=\"text-align: left;\">Reforma a la Constituci\u00f3n Pol\u00edtica del Estado de Coahuila de Zaragoza<\/td>\n<td align=\"center\" width=\"175\">\n<div style=\"text-align: center;\" align=\"left\"><a href=\"http:\/\/www.congresocoahuila.gob.mx\/portal\/wp-content\/uploads\/2014\/11\/20100525102.pdf\"> 25 de Mayo de 2010<\/a><\/div>\n<\/td>\n<\/tr>\n<tr>\n<td class=\"Estilo91\" valign=\"top\" bgcolor=\"#E1E1E1\">\n<div align=\"left\">Diputada Hilda Flores Escalera, conjuntamente con las diputadas y diputados integrantes del Grupo Parlamentario \u201cJos\u00e9 Mar\u00eda Morelos y Pav\u00f3n\u201d del Partido Revolucionario Institucional<\/div>\n<\/td>\n<td class=\"Estilo9\" style=\"text-align: left;\" bgcolor=\"#E1E1E1\">Reforma a la Ley Estatal de Salud<\/td>\n<td align=\"center\" bgcolor=\"#E1E1E1\" width=\"175\">\n<div style=\"text-align: center;\" align=\"left\"><a href=\"http:\/\/www.congresocoahuila.gob.mx\/portal\/wp-content\/uploads\/2014\/11\/20100601103.pdf\"> 1 de Junio de 2010<\/a><\/div>\n<\/td>\n<\/tr>\n<tr>\n<td class=\"Estilo91\" valign=\"top\">\n<div align=\"left\">Diputado Luis Gerardo Garc\u00eda Mart\u00ednez, conjuntamente con las diputadas y diputados integrantes del Grupo Parlamentario \u201cJos\u00e9 Mar\u00eda Morelos y Pav\u00f3n\u201d del Partido Revolucionario Institucional<\/div>\n<\/td>\n<td class=\"Estilo9\" style=\"text-align: left;\">Reforma a la Ley de Tr\u00e1nsito y Transporte del Estado de Coahuila<\/td>\n<td align=\"center\" width=\"175\">\n<div style=\"text-align: center;\" align=\"left\"><a href=\"http:\/\/www.congresocoahuila.gob.mx\/portal\/wp-content\/uploads\/2014\/11\/20100601104.pdf\"> 1 de Junio de 2010<\/a><\/div>\n<\/td>\n<\/tr>\n<tr>\n<td class=\"Estilo91\" valign=\"top\" bgcolor=\"#E1E1E1\">\n<div align=\"left\">Diputado Carlos Ulises Orta Canales en conjunto con la diputada Esther Quintana Salinas y los diputados Mario Alberto D\u00e1vila Delgado, Rodrigo Rivas Urbina y Jos\u00e9 Miguel Batarse Silva, del Grupo Parlamentario \u201cFelipe Calder\u00f3n Hinojosa\u201d del Partido Acci\u00f3n Nacional<\/div>\n<\/td>\n<td class=\"Estilo9\" style=\"text-align: left;\" bgcolor=\"#E1E1E1\">Reforma a la Ley Org\u00e1nica de la Comisi\u00f3n de Derechos Humanos<\/td>\n<td align=\"center\" bgcolor=\"#E1E1E1\" width=\"175\">\n<div style=\"text-align: center;\" align=\"left\"><a href=\"http:\/\/www.congresocoahuila.gob.mx\/portal\/wp-content\/uploads\/2014\/11\/20100601105.pdf\"> 1 de Junio de 2010<\/a><\/div>\n<\/td>\n<\/tr>\n<tr>\n<td class=\"Estilo91\" valign=\"top\">\n<div align=\"left\">Diputados Carlos Ulises Orta Canales y Jos\u00e9 Miguel Batarse Silva del Grupo Parlamentario Lic. Felipe Calder\u00f3n Hinojosa del Partido Acci\u00f3n Nacional y el Dip. Francisco Tob\u00edas Hern\u00e1ndez, integrante del Grupo Parlamentario \u201cJos\u00e9 Mar\u00eda Morelos y Pav\u00f3n\u201d del Partido Revolucionario Institucional<\/div>\n<\/td>\n<td class=\"Estilo9\" style=\"text-align: left;\">Reforma a la Ley de Aguas para los Municipios del Estado de Coahuila<\/td>\n<td align=\"center\" width=\"175\">\n<div style=\"text-align: center;\" align=\"left\"><a href=\"http:\/\/www.congresocoahuila.gob.mx\/portal\/wp-content\/uploads\/2014\/11\/20100601106.pdf\"> 1 de Junio de 2010<\/a><\/div>\n<\/td>\n<\/tr>\n<tr>\n<td class=\"Estilo91\" valign=\"top\" bgcolor=\"#E1E1E1\">\n<div align=\"left\">Diputadas y Diputados integrantes del Grupo Parlamentario \u201cJos\u00e9 Mar\u00eda Morelos y Pav\u00f3n\u201d del Partido Revolucionario Institucional<\/div>\n<\/td>\n<td class=\"Estilo9\" style=\"text-align: left;\" bgcolor=\"#E1E1E1\">C\u00f3digo Electoral del Estado de Coahuila, Reformas al C\u00f3digo Municipal y a la Ley de Medios de Impugnaci\u00f3n en Materia Pol\u00edtico Electoral<\/td>\n<td align=\"center\" bgcolor=\"#E1E1E1\" width=\"175\">\n<div style=\"text-align: center;\" align=\"left\"><a href=\"http:\/\/www.congresocoahuila.gob.mx\/portal\/wp-content\/uploads\/2014\/11\/20100601107.pdf\"> 1 de Junio de 2010<\/a><\/div>\n<\/td>\n<\/tr>\n<tr>\n<td class=\"Estilo91\" valign=\"top\">\n<div align=\"left\">Diputado Mario Alberto D\u00e1vila Delgado, conjuntamente con los Dip. Miguel Batarse Silva, Dip.<br \/>\nEsther Quintana Salinas, Dip. Loth Tipa Mota, Dip. Carlos Ulises Orta Canales, Dip. Rodrigo Rivas Urbina y el Dip. Jos\u00e9 Manuel Villegas Gonz\u00e1lez, del Grupo Parlamentario \u201cLic. Felipe Calder\u00f3n Hinojosa\u201d del Partido Acci\u00f3n Nacional<\/div>\n<\/td>\n<td class=\"Estilo9\" style=\"text-align: left;\">Reforma al C\u00f3digo Electoral, C\u00f3digo Municipal y la Ley Org\u00e1nica del Congreso del Estado<\/td>\n<td align=\"center\" width=\"175\">\n<div style=\"text-align: center;\" align=\"left\"><a href=\"http:\/\/www.congresocoahuila.gob.mx\/portal\/wp-content\/uploads\/2014\/11\/20100601108.pdf\"> 1 de Junio de 2010<\/a><\/div>\n<\/td>\n<\/tr>\n<tr>\n<td class=\"Estilo91\" valign=\"top\" bgcolor=\"#E1E1E1\">\n<div align=\"left\">Diputado Rodrigo Rivas Urbina, conjuntamente con los Diputados Mario Alberto D\u00e1vila Delgado, Esther Quintana Salinas, Carlos Ulises Orta Canales y Loth Tipa Mota, del Grupo Parlamentario \u201cFelipe Calder\u00f3n Hinojosa\u201d, del Partido Acci\u00f3n Nacional<\/div>\n<\/td>\n<td class=\"Estilo9\" style=\"text-align: left;\" bgcolor=\"#E1E1E1\">Reforma al C\u00f3digo Procesal Civil<\/td>\n<td align=\"center\" bgcolor=\"#E1E1E1\" width=\"175\">\n<div style=\"text-align: center;\" align=\"left\"><a href=\"http:\/\/www.congresocoahuila.gob.mx\/portal\/wp-content\/uploads\/2014\/11\/20100608109.pdf\"> 8 de Junio de 2010<\/a><\/div>\n<\/td>\n<\/tr>\n<tr>\n<td class=\"Estilo91\" valign=\"top\">\n<div align=\"left\">Ejecutivo del Estado, Profr. Humberto Moreira Vald\u00e9s<\/div>\n<\/td>\n<td class=\"Estilo9\" style=\"text-align: left;\">Ley que Establece las Bases para la Transferencia de las Funciones de Seguridad P\u00fablica y Tr\u00e1nsito de los Municipios, al Estado de Coahuila<\/td>\n<td align=\"center\" width=\"175\">\n<div style=\"text-align: center;\" align=\"left\"><a href=\"http:\/\/www.congresocoahuila.gob.mx\/portal\/wp-content\/uploads\/2014\/11\/20100608_Ejec_27.pdf\"> 8 de Junio de 2010<\/a><\/div>\n<\/td>\n<\/tr>\n<tr>\n<td class=\"Estilo91\" valign=\"top\" bgcolor=\"#E1E1E1\">\n<div align=\"left\">Ejecutivo del Estado, Profr. Humberto Moreira Vald\u00e9s<\/div>\n<\/td>\n<td class=\"Estilo9\" style=\"text-align: left;\" bgcolor=\"#E1E1E1\">Reforma a Diversos Ordenamientos en relaci\u00f3n al SATEC<\/td>\n<td align=\"center\" bgcolor=\"#E1E1E1\" width=\"175\">\n<div style=\"text-align: center;\" align=\"left\"><a href=\"http:\/\/www.congresocoahuila.gob.mx\/portal\/wp-content\/uploads\/2014\/11\/20100608_Ejec_28.pdf\"> 8 de Junio de 2010<\/a><\/div>\n<\/td>\n<\/tr>\n<tr>\n<td class=\"Estilo91\" valign=\"top\">\n<div align=\"left\">Diputado Carlos Ulises Orta Canales, del Grupo Parlamentario \u201cLic. Felipe Calder\u00f3n Hinojosa\u201d del Partido Acci\u00f3n Nacional<\/div>\n<\/td>\n<td class=\"Estilo9\" style=\"text-align: left;\">Reforma a la Constituci\u00f3n Pol\u00edtica del Estado de Coahuila<\/td>\n<td align=\"center\" width=\"175\">\n<div style=\"text-align: center;\" align=\"left\"><a href=\"http:\/\/www.congresocoahuila.gob.mx\/portal\/wp-content\/uploads\/2014\/11\/20100621110.pdf\"> 21 de Junio de 2010<\/a><\/div>\n<\/td>\n<\/tr>\n<tr>\n<td class=\"Estilo91\" valign=\"top\" bgcolor=\"#E1E1E1\">\n<div align=\"left\">Diputado Rodrigo Rivas Urbina, integrante del Grupo Parlamentario \u201cFelipe Calder\u00f3n Hinojosa\u201d, del Partido Acci\u00f3n Nacional<\/div>\n<\/td>\n<td class=\"Estilo9\" style=\"text-align: left;\" bgcolor=\"#E1E1E1\">Reforma al C\u00f3digo Penal del Estado de Coahuila<\/td>\n<td align=\"center\" bgcolor=\"#E1E1E1\" width=\"175\">\n<div style=\"text-align: center;\" align=\"left\"><a href=\"http:\/\/www.congresocoahuila.gob.mx\/portal\/wp-content\/uploads\/2014\/11\/20100621111.pdf\"> 21 de Junio de 2010<\/a><\/div>\n<\/td>\n<\/tr>\n<tr>\n<td class=\"Estilo91\" valign=\"top\">\n<div align=\"left\">Diputado Carlos Ulises Orta Canales, integrante del Grupo Parlamentario \u201cFelipe Calder\u00f3n Hinojosa\u201d, del Partido Acci\u00f3n Nacional<\/div>\n<\/td>\n<td class=\"Estilo9\" style=\"text-align: left;\">Reforma a la Ley de Adquisiciones, Arrendamientos y Contrataci\u00f3n de Servicios para el Estado de Coahuila<\/td>\n<td align=\"center\" width=\"175\">\n<div style=\"text-align: center;\" align=\"left\"><a href=\"http:\/\/www.congresocoahuila.gob.mx\/portal\/wp-content\/uploads\/2014\/11\/20100621112.pdf\"> 21 de Junio de 2010<\/a><\/div>\n<\/td>\n<\/tr>\n<tr>\n<td class=\"Estilo91\" valign=\"top\" bgcolor=\"#E1E1E1\">\n<div align=\"left\">Diputado Rodrigo Rivas Urbina, integrante del Grupo Parlamentario \u201cFelipe Calder\u00f3n Hinojosa\u201d, del Partido Acci\u00f3n Nacional<\/div>\n<\/td>\n<td class=\"Estilo9\" style=\"text-align: left;\" bgcolor=\"#E1E1E1\">Reforma al C\u00f3digo Municipal para el Estado de Coahuila<\/td>\n<td align=\"center\" bgcolor=\"#E1E1E1\" width=\"175\">\n<div style=\"text-align: center;\" align=\"left\"><a href=\"http:\/\/www.congresocoahuila.gob.mx\/portal\/wp-content\/uploads\/2014\/11\/20100621113.pdf\"> 21 de Junio de 2010<\/a><\/div>\n<\/td>\n<\/tr>\n<tr>\n<td class=\"Estilo91\" valign=\"top\">\n<div align=\"left\">Diputado Carlos Ulises Orta Canales, integrante del Grupo Parlamentario \u201cFelipe Calder\u00f3n Hinojosa\u201d, del Partido Acci\u00f3n Nacional<\/div>\n<\/td>\n<td class=\"Estilo9\" style=\"text-align: left;\">Reforma a la Ley de Asistencia Social para el Estado de Coahuila<\/td>\n<td align=\"center\" width=\"175\">\n<div style=\"text-align: center;\" align=\"left\"><a href=\"http:\/\/www.congresocoahuila.gob.mx\/portal\/wp-content\/uploads\/2014\/11\/20100621114.pdf\"> 21 de Junio de 2010<\/a><\/div>\n<\/td>\n<\/tr>\n<tr>\n<td class=\"Estilo91\" valign=\"top\" bgcolor=\"#E1E1E1\">\n<div align=\"left\">Ejecutivo del Estado, Profr. Humberto Moreira Vald\u00e9s<\/div>\n<\/td>\n<td class=\"Estilo9\" style=\"text-align: left;\" bgcolor=\"#E1E1E1\">Reforma a la Constituci\u00f3n Pol\u00edtica del Estado, Ley Org\u00e1nica de la Administraci\u00f3n y a la Ley de Planeaci\u00f3n<\/td>\n<td align=\"center\" bgcolor=\"#E1E1E1\" width=\"175\">\n<div style=\"text-align: center;\" align=\"left\"><a href=\"http:\/\/www.congresocoahuila.gob.mx\/portal\/wp-content\/uploads\/2014\/11\/20100629_Ejec_29.pdf\"> 29 de Junio de 2010<\/a><\/div>\n<\/td>\n<\/tr>\n<tr>\n<td class=\"Estilo91\" valign=\"top\">\n<div align=\"left\">Ejecutivo del Estado, Profr. Humberto Moreira Vald\u00e9s<\/div>\n<\/td>\n<td class=\"Estilo9\" style=\"text-align: left;\">Reforma al Estatuto Jur\u00eddico de los Trabajadores al Servicio del Estado<\/td>\n<td align=\"center\" width=\"175\">\n<div style=\"text-align: center;\" align=\"left\"><a href=\"http:\/\/www.congresocoahuila.gob.mx\/portal\/wp-content\/uploads\/2014\/11\/20100714_Ejec_30.pdf\"> 14 de Julio de 2010<\/a><\/div>\n<\/td>\n<\/tr>\n<tr>\n<td class=\"Estilo91\" valign=\"top\" bgcolor=\"#E1E1E1\">\n<div align=\"left\">Ejecutivo del Estado, Profr. Humberto Moreira Vald\u00e9s<\/div>\n<\/td>\n<td class=\"Estilo9\" style=\"text-align: left;\" bgcolor=\"#E1E1E1\">Reforma a la Ley Estatal de Salud, Ley de Procuraci\u00f3n de Justicia, Ley Org\u00e1nica de la Fiscalia General, Ley Org\u00e1nica del Poder Judicial, Ley de Ejecuci\u00f3n de Sanciones Privativas y Restrictivas de la Libertad<\/td>\n<td align=\"center\" bgcolor=\"#E1E1E1\" width=\"175\">\n<div style=\"text-align: center;\" align=\"left\"><a href=\"http:\/\/www.congresocoahuila.gob.mx\/portal\/wp-content\/uploads\/2014\/11\/20100907_Ejec_31.pdf\"> 7 de Septiembre de 2010<\/a><\/div>\n<\/td>\n<\/tr>\n<tr>\n<td class=\"Estilo91\" valign=\"top\">\n<div align=\"left\">Ejecutivo del Estado, Profr. Humberto Moreira Vald\u00e9s<\/div>\n<\/td>\n<td class=\"Estilo9\" style=\"text-align: left;\">Reforma al C\u00f3digo Civil para el Estado de Coahuila de Zaragoza<\/td>\n<td align=\"center\" width=\"175\">\n<div style=\"text-align: center;\" align=\"left\"><a href=\"http:\/\/www.congresocoahuila.gob.mx\/portal\/wp-content\/uploads\/2014\/11\/20100914_Ejec_32.pdf\"> 14 de Septiembre de 2010<\/a><\/div>\n<\/td>\n<\/tr>\n<tr>\n<td class=\"Estilo91\" valign=\"top\" bgcolor=\"#E1E1E1\">\n<div align=\"left\">Diputado Mario Alberto D\u00e1vila Delgado, Dip. Loth Tipa Mota, Dip. Carlos Ulises Orta Canales, Dip. Rodrigo Rivas Urbina, Dip. Jos\u00e9 Miguel Batarse Silva, Dip. Esther Quintana Salinas, integrantes del Grupo Parlamentario \u201cLic. Felipe Calder\u00f3n Hinojosa\u201d del Partido Acci\u00f3n Nacional<\/div>\n<\/td>\n<td class=\"Estilo9\" style=\"text-align: left;\" bgcolor=\"#E1E1E1\">Reforma a la Ley Org\u00e1nica de la Fiscalia General del Estado, Ley de Procuraci\u00f3n de Justicia y Ley Estatal de Salud<\/td>\n<td align=\"center\" bgcolor=\"#E1E1E1\" width=\"175\">\n<div style=\"text-align: center;\" align=\"left\"><a href=\"http:\/\/www.congresocoahuila.gob.mx\/portal\/wp-content\/uploads\/2014\/11\/20100921115.pdf\"> 21 de Septiembre de 2010<\/a><\/div>\n<\/td>\n<\/tr>\n<tr>\n<td class=\"Estilo91\" valign=\"top\">\n<div align=\"left\">Diputado Mario Alberto D\u00e1vila Delgado, Dip. Loth Tipa Mota, Dip. Carlos Ulises Orta Canales, Dip. Rodrigo Rivas Urbina, Dip. Jos\u00e9 Miguel Batarse Silva, Dip. Esther Quintana Salinas, integrantes del Grupo Parlamentario \u201cLic. Felipe Calder\u00f3n Hinojosa\u201d del Partido Acci\u00f3n Nacional<\/div>\n<\/td>\n<td class=\"Estilo9\" style=\"text-align: left;\">Reforma a la Ley General de Salud<\/td>\n<td align=\"center\" width=\"175\">\n<div style=\"text-align: center;\" align=\"left\"><a href=\"http:\/\/www.congresocoahuila.gob.mx\/portal\/wp-content\/uploads\/2014\/11\/20100921116.pdf\"> 21 de Septiembre de 2010<\/a><\/div>\n<\/td>\n<\/tr>\n<tr>\n<td class=\"Estilo91\" valign=\"top\" bgcolor=\"#E1E1E1\">\n<div align=\"left\">Diputado Mario Alberto D\u00e1vila Delgado, conjuntamente con las diputadas y diputados integrantes del Grupo Parlamentario \u201cLic. Felipe Calder\u00f3n Hinojosa\u201d del Partido Acci\u00f3n Nacional<\/div>\n<\/td>\n<td class=\"Estilo9\" style=\"text-align: left;\" bgcolor=\"#E1E1E1\">Reforma a la Constituci\u00f3n Pol\u00edtica del Estado de Coahuila<\/td>\n<td align=\"center\" bgcolor=\"#E1E1E1\" width=\"175\">\n<div style=\"text-align: center;\" align=\"left\"><a href=\"http:\/\/www.congresocoahuila.gob.mx\/portal\/wp-content\/uploads\/2014\/11\/20101001117.pdf\"> 1 de Octubre de 2010<\/a><\/div>\n<\/td>\n<\/tr>\n<tr>\n<td class=\"Estilo91\" valign=\"top\">\n<div align=\"left\">Diputada Esther Quintana Salinas, conjuntamente con los Diputados Mario Alberto D\u00e1vila Delgado, Carlos Ulises Orta Canales, Rodrigo Rivas Urbina, Loth Tipa Mota y Jos\u00e9 Manuel Villegas Gonz\u00e1lez, del Grupo Parlamentario \u201cFelipe Calder\u00f3n Hinojosa\u201d, del Partido Acci\u00f3n Nacional<\/div>\n<\/td>\n<td class=\"Estilo9\" style=\"text-align: left;\">Reforma a la Constituci\u00f3n Pol\u00edtica del Estado de Coahuila, Ley Org\u00e1nica del Congreso del Estado y a la Ley Reglamentaria del Presupuesto de Egresos del Estado<\/td>\n<td align=\"center\" width=\"175\">\n<div style=\"text-align: center;\" align=\"left\"><a href=\"http:\/\/www.congresocoahuila.gob.mx\/portal\/wp-content\/uploads\/2014\/11\/20101001118.pdf\"> 1 de Octubre de 2010<\/a><\/div>\n<\/td>\n<\/tr>\n<tr>\n<td class=\"Estilo91\" valign=\"top\" bgcolor=\"#E1E1E1\">\n<div align=\"left\">Diputado Shamir Fern\u00e1ndez Hern\u00e1ndez, conjuntamente con las diputadas y los diputados integrantes del Grupo Parlamentario \u201cJos\u00e9 Mar\u00eda Morelos y Pav\u00f3n\u201d del Partido Revolucionario Institucional<\/div>\n<\/td>\n<td class=\"Estilo9\" style=\"text-align: left;\" bgcolor=\"#E1E1E1\">Reforma al C\u00f3digo Penal del Estado de Coahuila<\/td>\n<td align=\"center\" bgcolor=\"#E1E1E1\" width=\"175\">\n<div style=\"text-align: center;\" align=\"left\"><a href=\"http:\/\/www.congresocoahuila.gob.mx\/portal\/wp-content\/uploads\/2014\/11\/20101001119.pdf\"> 1 de Octubre de 2010<\/a><\/div>\n<\/td>\n<\/tr>\n<tr>\n<td class=\"Estilo91\" valign=\"top\">\n<div align=\"left\">Diputado Carlos Ulises Orta Canales, conjuntamente con los Diputados Mario Alberto D\u00e1vila Delgado, Esther Quintana Salinas, Jos\u00e9 Miguel Batarse Silva, Rodrigo Rivas Urbina y Loth Tipa Mota, del Grupo Parlamentario \u201cFelipe Calder\u00f3n Hinojosa\u201d, del Partido Acci\u00f3n Nacional<\/div>\n<\/td>\n<td class=\"Estilo9\" style=\"text-align: left;\">Reforma a la Ley de Acceso a la Informaci\u00f3n P\u00fablica y Protecci\u00f3n de Datos Personales para el Estado de Coahuila<\/td>\n<td align=\"center\" width=\"175\">\n<div style=\"text-align: center;\" align=\"left\"><a href=\"http:\/\/www.congresocoahuila.gob.mx\/portal\/wp-content\/uploads\/2014\/11\/20101001120.pdf\"> 1 de Octubre de 2010<\/a><\/div>\n<\/td>\n<\/tr>\n<tr>\n<td class=\"Estilo91\" valign=\"top\" bgcolor=\"#E1E1E1\">\n<div align=\"left\">Diputado Rogelio Ramos S\u00e1nchez, conjuntamente con las diputadas y los diputados integrantes del Grupo Parlamentario \u201cJos\u00e9 Mar\u00eda Morelos y Pav\u00f3n\u201d, del Partido Revolucionario Institucional<\/div>\n<\/td>\n<td class=\"Estilo9\" style=\"text-align: left;\" bgcolor=\"#E1E1E1\">Reforma a la Ley para el Desarrollo Integral de las Personas con Discapacidad en el Estado de Coahuila<\/td>\n<td align=\"center\" bgcolor=\"#E1E1E1\" width=\"175\">\n<div style=\"text-align: center;\" align=\"left\"><a href=\"http:\/\/www.congresocoahuila.gob.mx\/portal\/wp-content\/uploads\/2014\/11\/20101001121.pdf\"> 1 de Octubre de 2010<\/a><\/div>\n<\/td>\n<\/tr>\n<tr>\n<td class=\"Estilo91\" valign=\"top\">\n<div align=\"left\">Diputada Esther Quintana Salinas, conjuntamente con los diputados integrantes del Grupo Parlamentario \u201cLic. Felipe Calder\u00f3n Hinojosa\u201d, del Partido Acci\u00f3n Nacional<\/div>\n<\/td>\n<td class=\"Estilo9\" style=\"text-align: left;\">Ley para Prevenir y Combatir la Trata de Personas en el Estado y Reforma al C\u00f3digo Penal y al C\u00f3digo de Procedimientos Penales para el Estado de Coahuila<\/td>\n<td align=\"center\" width=\"175\">\n<div style=\"text-align: center;\" align=\"left\"><a href=\"http:\/\/www.congresocoahuila.gob.mx\/portal\/wp-content\/uploads\/2014\/11\/20101001122.pdf\"> 1 de Octubre de 2010<\/a><\/div>\n<\/td>\n<\/tr>\n<tr>\n<td class=\"Estilo91\" valign=\"top\" bgcolor=\"#E1E1E1\">\n<div align=\"left\">Diputado Mario Alberto D\u00e1vila Delgado, conjuntamente con la diputada y los diputados integrantes del Grupo Parlamentario \u201cLic. Felipe Calder\u00f3n Hinojosa\u201d, del Partido Acci\u00f3n Nacional<\/div>\n<\/td>\n<td class=\"Estilo9\" style=\"text-align: left;\" bgcolor=\"#E1E1E1\">Ley de Remuneraciones de los Servidores P\u00fablicos del Estado y Municipios de Coahuila y Reforma al C\u00f3digo Penal, Ley Reglamentaria del Presupuesto de Egresos, C\u00f3digo Municipal, C\u00f3digo Financiero y Ley de Acceso a la Informaci\u00f3n P\u00fablica y Protecci\u00f3n de Datos Personales para el Estado de Coahuila<\/td>\n<td align=\"center\" bgcolor=\"#E1E1E1\" width=\"175\">\n<div style=\"text-align: center;\" align=\"left\"><a href=\"http:\/\/www.congresocoahuila.gob.mx\/portal\/wp-content\/uploads\/2014\/11\/20101001123.pdf\"> 1 de Octubre de 2010<\/a><\/div>\n<\/td>\n<\/tr>\n<tr>\n<td class=\"Estilo91\" valign=\"top\">\n<div align=\"left\">Diputada Esther Quintana Salinas, conjuntamente con los dem\u00e1s diputados integrantes del Grupo Parlamentario \u201cLic. Felipe Calder\u00f3n Hinojosa\u201d del Partido Acci\u00f3n Nacional<\/div>\n<\/td>\n<td class=\"Estilo9\" style=\"text-align: left;\">Reforma a la Constituci\u00f3n Pol\u00edtica del Estado de Coahuila<\/td>\n<td align=\"center\" width=\"175\">\n<div style=\"text-align: center;\" align=\"left\"><a href=\"http:\/\/www.congresocoahuila.gob.mx\/portal\/wp-content\/uploads\/2014\/11\/20101012124.pdf\"> 12 de Octubre de 2010<\/a><\/div>\n<\/td>\n<\/tr>\n<tr>\n<td class=\"Estilo91\" valign=\"top\" bgcolor=\"#E1E1E1\">\n<div align=\"left\">Diputado Jos\u00e9 Miguel Batarse Silva, conjuntamente con los Diputados Mario Alberto D\u00e1vila Delgado, Carlos Ulises Orta Canales, Rodrigo Rivas Urbina y Loth Tipa Mota, del Grupo Parlamentario \u201cFelipe Calder\u00f3n Hinojosa\u201d, del Partido Acci\u00f3n Nacional<\/div>\n<\/td>\n<td class=\"Estilo9\" style=\"text-align: left;\" bgcolor=\"#E1E1E1\">Reforma a la Constituci\u00f3n Pol\u00edtica del Estado de Coahuila<\/td>\n<td align=\"center\" bgcolor=\"#E1E1E1\" width=\"175\">\n<div style=\"text-align: center;\" align=\"left\"><a href=\"http:\/\/www.congresocoahuila.gob.mx\/portal\/wp-content\/uploads\/2014\/11\/20101012125.pdf\"> 12 de Octubre de 2010<\/a><\/div>\n<\/td>\n<\/tr>\n<tr>\n<td class=\"Estilo91\" valign=\"top\">\n<div align=\"left\">Diputado Fernando D. de las Fuentes Hern\u00e1ndez, conjuntamente con las Diputadas y Diputados integrantes del Grupo Parlamentario \u201cJos\u00e9 Mar\u00eda Morelos y Pav\u00f3n\u201d, del Partido Revolucionario Institucional<\/div>\n<\/td>\n<td class=\"Estilo9\" style=\"text-align: left;\">Reforma a la Ley de Aguas para los Municipios del Estado de Coahuila<\/td>\n<td align=\"center\" width=\"175\">\n<div style=\"text-align: center;\" align=\"left\"><a href=\"http:\/\/www.congresocoahuila.gob.mx\/portal\/wp-content\/uploads\/2014\/11\/20101012126.pdf\"> 12 de Octubre de 2010<\/a><\/div>\n<\/td>\n<\/tr>\n<tr>\n<td class=\"Estilo91\" valign=\"top\" bgcolor=\"#E1E1E1\">\n<div align=\"left\">Diputado Loth Tipa Mota, conjuntamente con la Diputada y los Diputados integrantes del Grupo Parlamentario \u201cFelipe Calder\u00f3n Hinojosa\u201d, del Partido Acci\u00f3n Nacional<\/div>\n<\/td>\n<td class=\"Estilo9\" style=\"text-align: left;\" bgcolor=\"#E1E1E1\">Reforma al C\u00f3digo Penal de Coahuila<\/td>\n<td align=\"center\" bgcolor=\"#E1E1E1\" width=\"175\">\n<div style=\"text-align: center;\" align=\"left\"><a href=\"http:\/\/www.congresocoahuila.gob.mx\/portal\/wp-content\/uploads\/2014\/11\/20101012127.pdf\"> 12 de Octubre de 2010<\/a><\/div>\n<\/td>\n<\/tr>\n<tr>\n<td class=\"Estilo91\" valign=\"top\">\n<div align=\"left\">Diputado Fernando D. De las Fuentes Hern\u00e1ndez, conjuntamente con las Diputadas y Diputados integrantes del Grupo Parlamentario \u201cJos\u00e9 Mar\u00eda Morelos y Pav\u00f3n\u201d, del Partido Revolucionario Institucional<\/div>\n<\/td>\n<td class=\"Estilo9\" style=\"text-align: left;\">Reforma al C\u00f3digo Penal de Coahuila<\/td>\n<td align=\"center\" width=\"175\">\n<div style=\"text-align: center;\" align=\"left\"><a href=\"http:\/\/www.congresocoahuila.gob.mx\/portal\/wp-content\/uploads\/2014\/11\/20101012128.pdf\"> 12 de Octubre de 2010<\/a><\/div>\n<\/td>\n<\/tr>\n<tr>\n<td class=\"Estilo91\" valign=\"top\" bgcolor=\"#E1E1E1\">\n<div align=\"left\">Diputado Rodrigo Rivas Urbina, conjuntamente con la Diputada y los Diputados integrantes del Grupo Parlamentario \u201cFelipe Calder\u00f3n Hinojosa\u201d, del Partido Acci\u00f3n Nacional<\/div>\n<\/td>\n<td class=\"Estilo9\" style=\"text-align: left;\" bgcolor=\"#E1E1E1\">Reforma a la Ley de Tr\u00e1nsito y Transporte del Estado de Coahuila<\/td>\n<td align=\"center\" bgcolor=\"#E1E1E1\" width=\"175\">\n<div style=\"text-align: center;\" align=\"left\"><a href=\"http:\/\/www.congresocoahuila.gob.mx\/portal\/wp-content\/uploads\/2014\/11\/20101012129.pdf\"> 12 de Octubre de 2010<\/a><\/div>\n<\/td>\n<\/tr>\n<tr>\n<td class=\"Estilo91\" valign=\"top\">\n<div align=\"left\">Diputado Fernando D. De las Fuentes Hern\u00e1ndez, conjuntamente con las Diputadas y Diputados integrantes del Grupo Parlamentario \u201cJos\u00e9 Mar\u00eda Morelos y Pav\u00f3n\u201d, del Partido Revolucionario Institucional<\/div>\n<\/td>\n<td class=\"Estilo9\" style=\"text-align: left;\">Reforma a la Ley de Fiscalizaci\u00f3n Superior para el Estado de Coahuila<\/td>\n<td align=\"center\" width=\"175\">\n<div style=\"text-align: center;\" align=\"left\"><a href=\"http:\/\/www.congresocoahuila.gob.mx\/portal\/wp-content\/uploads\/2014\/11\/20101012130.pdf\"> 12 de Octubre de 2010<\/a><\/div>\n<\/td>\n<\/tr>\n<tr>\n<td class=\"Estilo91\" valign=\"top\" bgcolor=\"#E1E1E1\">\n<div align=\"left\">Diputado Enrique Mart\u00ednez y Morales, conjuntamente con las Diputadas y Diputados integrantes del Grupo Parlamentario \u201cJos\u00e9 Mar\u00eda Morelos y Pav\u00f3n\u201d, del Partido Revolucionario Institucional<\/div>\n<\/td>\n<td class=\"Estilo9\" style=\"text-align: left;\" bgcolor=\"#E1E1E1\">Reforma al C\u00f3digo Municipal del Estado de Coahuila<\/td>\n<td align=\"center\" bgcolor=\"#E1E1E1\" width=\"175\">\n<div style=\"text-align: center;\" align=\"left\"><a href=\"http:\/\/www.congresocoahuila.gob.mx\/portal\/wp-content\/uploads\/2014\/11\/20101019131.pdf\"> 19 de Octubre de 2010<\/a><\/div>\n<\/td>\n<\/tr>\n<tr>\n<td class=\"Estilo91\" valign=\"top\">\n<div align=\"left\">Diputada Esther Quintana Salinas, conjuntamente con los Diputados integrantes del Grupo Parlamentario \u201cFelipe Calder\u00f3n Hinojosa\u201d, del Partido Acci\u00f3n Nacional<\/div>\n<\/td>\n<td class=\"Estilo9\" style=\"text-align: left;\">Reforma al C\u00f3digo Penal para el Estado de Coahuila<\/td>\n<td align=\"center\" width=\"175\">\n<div style=\"text-align: center;\" align=\"left\"><a href=\"http:\/\/www.congresocoahuila.gob.mx\/portal\/wp-content\/uploads\/2014\/11\/20101019132.pdf\"> 19 de Octubre de 2010<\/a><\/div>\n<\/td>\n<\/tr>\n<tr>\n<td class=\"Estilo91\" valign=\"top\" bgcolor=\"#E1E1E1\">\n<div align=\"left\">Diputado Carlos Ulises Orta Canales, conjuntamente con los Diputados Jos\u00e9 Miguel Batarse Silva, Mario Alberto D\u00e1vila Delgado, Esther Quintana Salinas, Loth Tipa Mota y Rodrigo Rivas Urbina, del Grupo Parlamentario \u201cFelipe Calder\u00f3n Hinojosa\u201d, del Partido Acci\u00f3n Nacional<\/div>\n<\/td>\n<td class=\"Estilo9\" style=\"text-align: left;\" bgcolor=\"#E1E1E1\">Ley del Secreto Profesional del Periodista en el Estado, Reforma a el C\u00f3digo Penal, C\u00f3digo Procesal Civil, C\u00f3digo de Procedimientos Penales y a la Ley de Procuraci\u00f3n de Justicia del Estado<\/td>\n<td align=\"center\" bgcolor=\"#E1E1E1\" width=\"175\">\n<div style=\"text-align: center;\" align=\"left\"><a href=\"http:\/\/www.congresocoahuila.gob.mx\/portal\/wp-content\/uploads\/2014\/11\/20101019133.pdf\"> 19 de Octubre de 2010<\/a><\/div>\n<\/td>\n<\/tr>\n<tr>\n<td class=\"Estilo91\" valign=\"top\">\n<div align=\"left\">Diputado Mario Alberto D\u00e1vila Delgado, conjuntamente con la Diputada y los Diputados integrantes del Grupo Parlamentario \u201cFelipe Calder\u00f3n Hinojosa\u201d, del Partido Acci\u00f3n Nacional<\/div>\n<\/td>\n<td class=\"Estilo9\" style=\"text-align: left;\">Reforma a la Ley de Hacienda para el Estado de Coahuila<\/td>\n<td align=\"center\" width=\"175\">\n<div style=\"text-align: center;\" align=\"left\"><a href=\"http:\/\/www.congresocoahuila.gob.mx\/portal\/wp-content\/uploads\/2014\/11\/20101019134.pdf\"> 19 de Octubre de 2010<\/a><\/div>\n<\/td>\n<\/tr>\n<tr>\n<td class=\"Estilo91\" valign=\"top\" bgcolor=\"#E1E1E1\">\n<div align=\"left\">Ejecutivo del Estado, Profr. Humberto Moreira Vald\u00e9s<\/div>\n<\/td>\n<td class=\"Estilo9\" style=\"text-align: left;\" bgcolor=\"#E1E1E1\">Reforma a la Ley de Ejecuci\u00f3n de Sanciones Privativas y Restrictivas de la Libertad para el Estado de Coahuila de Zaragoza<\/td>\n<td align=\"center\" bgcolor=\"#E1E1E1\" width=\"175\">\n<div style=\"text-align: center;\" align=\"left\"><a href=\"http:\/\/www.congresocoahuila.gob.mx\/portal\/wp-content\/uploads\/2014\/11\/20101026_Ejec_33.pdf\"> 26 de Octubre de 2010<\/a><\/div>\n<\/td>\n<\/tr>\n<tr>\n<td class=\"Estilo91\" valign=\"top\">\n<div align=\"left\">Diputado Francisco Tobias Hern\u00e1ndez, conjuntamente con las Diputadas y los Diputados integrantes del Grupo Parlamentario \u201cJos\u00e9 Mar\u00eda Morelos y Pav\u00f3n\u201d, del Partido Revolucionario Institucional<\/div>\n<\/td>\n<td class=\"Estilo9\" style=\"text-align: left;\">Reforma a la Ley del Equilibrio Ecol\u00f3gico y la Protecci\u00f3n al Medio Ambiente del Estado de Coahuila de Zaragoza<\/td>\n<td align=\"center\" width=\"175\">\n<div style=\"text-align: center;\" align=\"left\"><a href=\"http:\/\/www.congresocoahuila.gob.mx\/portal\/wp-content\/uploads\/2014\/11\/20101026135.pdf\"> 26 de Octubre de 2010<\/a><\/div>\n<\/td>\n<\/tr>\n<tr>\n<td class=\"Estilo91\" valign=\"top\" bgcolor=\"#E1E1E1\">\n<div align=\"left\">Diputado Carlos Ulises Orta Canales, conjuntamente con los Diputados Mario Alberto D\u00e1vila Delgado, Loth Tipa Mota y Jos\u00e9 Miguel Batarse Silva, integrantes del Grupo Parlamentario \u201cLic. Felipe Calder\u00f3n Hinojosa\u201d del Partido Acci\u00f3n Nacional<\/div>\n<\/td>\n<td class=\"Estilo9\" style=\"text-align: left;\" bgcolor=\"#E1E1E1\">Reforma a la Ley de Fomento Ganadero para el Estado de Coahuila de Zaragoza<\/td>\n<td align=\"center\" bgcolor=\"#E1E1E1\" width=\"175\">\n<div style=\"text-align: center;\" align=\"left\"><a href=\"http:\/\/www.congresocoahuila.gob.mx\/portal\/wp-content\/uploads\/2014\/11\/20101026136.pdf\"> 26 de Octubre de 2010<\/a><\/div>\n<\/td>\n<\/tr>\n<tr>\n<td class=\"Estilo91\" valign=\"top\">\n<div align=\"left\">Diputada Esther Quintana Salinas, conjuntamente con los Diputados integrantes del Grupo Parlamentario \u201cLic. Felipe Calder\u00f3n Hinojosa\u201d del Partido Acci\u00f3n Nacional<\/div>\n<\/td>\n<td class=\"Estilo9\" style=\"text-align: left;\">Reforma a la Ley de la Defensor\u00eda Jur\u00eddica Integral para el Estado de Coahuila de Zaragoza<\/td>\n<td align=\"center\" width=\"175\">\n<div style=\"text-align: center;\" align=\"left\"><a href=\"http:\/\/www.congresocoahuila.gob.mx\/portal\/wp-content\/uploads\/2014\/11\/20101026137.pdf\"> 26 de Octubre de 2010<\/a><\/div>\n<\/td>\n<\/tr>\n<tr>\n<td class=\"Estilo91\" valign=\"top\" bgcolor=\"#E1E1E1\">\n<div align=\"left\">Ejecutivo del Estado, Profr. Humberto Moreira Vald\u00e9s<\/div>\n<\/td>\n<td class=\"Estilo9\" style=\"text-align: left;\" bgcolor=\"#E1E1E1\">Ley para Prevenir, Combatir y Sancionar la Trata de Personas en el Estado de Coahuila de Zaragoza y Reforma al C\u00f3digo Penal<\/td>\n<td align=\"center\" bgcolor=\"#E1E1E1\" width=\"175\">\n<div style=\"text-align: center;\" align=\"left\"><a href=\"http:\/\/www.congresocoahuila.gob.mx\/portal\/wp-content\/uploads\/2014\/11\/20101109_Ejec_34.pdf\"> 9 de Noviembre de 2010<\/a><\/div>\n<\/td>\n<\/tr>\n<tr>\n<td class=\"Estilo91\" valign=\"top\">\n<div align=\"left\">Ejecutivo del Estado, Profr. Humberto Moreira Vald\u00e9s<\/div>\n<\/td>\n<td class=\"Estilo9\" style=\"text-align: left;\">Reforma a la Ley de Desarrollo Cultural para el Estado de Coahuila de Zaragoza<\/td>\n<td align=\"center\" width=\"175\">\n<div style=\"text-align: center;\" align=\"left\"><a href=\"http:\/\/www.congresocoahuila.gob.mx\/portal\/wp-content\/uploads\/2014\/11\/20101109_Ejec_35.pdf\"> 9 de Noviembre de 2010<\/a><\/div>\n<\/td>\n<\/tr>\n<tr>\n<td class=\"Estilo91\" valign=\"top\" bgcolor=\"#E1E1E1\">\n<div align=\"left\">Diputado Fernando Donato de las Fuentes Hern\u00e1ndez, conjuntamente con las Diputadas y Diputados integrantes del Grupo Parlamentario \u201cJos\u00e9 Mar\u00eda Morelos y Pav\u00f3n\u201d, del Partido Revolucionario Institucional<\/div>\n<\/td>\n<td class=\"Estilo9\" style=\"text-align: left;\" bgcolor=\"#E1E1E1\">Reforma al C\u00f3digo Electoral del Estado de Coahuila de Zaragoza<\/td>\n<td align=\"center\" bgcolor=\"#E1E1E1\" width=\"175\">\n<div style=\"text-align: center;\" align=\"left\"><a href=\"http:\/\/www.congresocoahuila.gob.mx\/portal\/wp-content\/uploads\/2014\/11\/20101109138.pdf\"> 9 de Noviembre de 2010<\/a><\/div>\n<\/td>\n<\/tr>\n<tr>\n<td class=\"Estilo91\" valign=\"top\">\n<div align=\"left\">Diputada Esther Quintana Salinas, conjuntamente con los Diputados Mario Alberto D\u00e1vila Delgado, Carlos Ulises Orta Canales, Rodrigo Rivas Urbina, Loth Tipa Mota y Jos\u00e9 Miguel Batarse Silva, integrantes del Grupo Parlamentario \u201cFelipe Calder\u00f3n Hinojosa\u201d, del Partido Acci\u00f3n Nacional<\/div>\n<\/td>\n<td class=\"Estilo9\" style=\"text-align: left;\">Reforma al C\u00f3digo Civil para el Estado de Coahuila de Zaragoza<\/td>\n<td align=\"center\" width=\"175\">\n<div style=\"text-align: center;\" align=\"left\"><a href=\"http:\/\/www.congresocoahuila.gob.mx\/portal\/wp-content\/uploads\/2014\/11\/20101109139.pdf\"> 9 de Noviembre de 2010<\/a><\/div>\n<\/td>\n<\/tr>\n<tr>\n<td class=\"Estilo91\" valign=\"top\" bgcolor=\"#E1E1E1\">\n<div align=\"left\">Diputado Jos\u00e9 Miguel Batarse Silva, conjuntamente con los Diputados Mario Alberto D\u00e1vila Delgado, Esther Quintana Salinas, Carlos Ulises Orta Canales, Rodrigo Rivas Urbina y Loth Tipa Mota, del Grupo Parlamentario \u201cFelipe Calder\u00f3n Hinojosa\u201d, del Partido Acci\u00f3n Nacional<\/div>\n<\/td>\n<td class=\"Estilo9\" style=\"text-align: left;\" bgcolor=\"#E1E1E1\">Reforma a la Ley Federal del Trabajo y Ley Federal para Trabajadores al Servicio del Estado<\/td>\n<td align=\"center\" bgcolor=\"#E1E1E1\" width=\"175\">\n<div style=\"text-align: center;\" align=\"left\"><a href=\"http:\/\/www.congresocoahuila.gob.mx\/portal\/wp-content\/uploads\/2014\/11\/20101117140.pdf\"> 17 de Noviembre de 2010<\/a><\/div>\n<\/td>\n<\/tr>\n<tr>\n<td class=\"Estilo91\" valign=\"top\">\n<div align=\"left\">Diputado Carlos Ulises Orta Canales, conjuntamente con los Diputados Mario Alberto D\u00e1vila Delgado, Esther Quintana Salinas, Rodrigo Rivas Urbina, Loth Tipa Mota y Jos\u00e9 Miguel Batarse Silva, del Grupo Parlamentario \u201cFelipe Calder\u00f3n Hinojosa\u201d, del Partido Acci\u00f3n Nacional<\/div>\n<\/td>\n<td class=\"Estilo9\" style=\"text-align: left;\">Reforma al C\u00f3digo Electoral del Estado de Coahuila de Zaragoza<\/td>\n<td align=\"center\" width=\"175\">\n<div style=\"text-align: center;\" align=\"left\"><a href=\"http:\/\/www.congresocoahuila.gob.mx\/portal\/wp-content\/uploads\/2014\/11\/20101117141.pdf\"> 17 de Noviembre de 2010<\/a><\/div>\n<\/td>\n<\/tr>\n<tr>\n<td class=\"Estilo91\" valign=\"top\" bgcolor=\"#E1E1E1\">\n<div align=\"left\">Ejecutivo del Estado, Profr. Humberto Moreira Vald\u00e9s<\/div>\n<\/td>\n<td class=\"Estilo9\" style=\"text-align: left;\" bgcolor=\"#E1E1E1\">Ley de Vivienda para el Estado de Coahuila de Zaragoza<\/td>\n<td align=\"center\" bgcolor=\"#E1E1E1\" width=\"175\">\n<div style=\"text-align: center;\" align=\"left\"><a href=\"http:\/\/www.congresocoahuila.gob.mx\/portal\/wp-content\/uploads\/2014\/11\/20101117_Ejec_36.pdf\"> 17 de Noviembre de 2010<\/a><\/div>\n<\/td>\n<\/tr>\n<tr>\n<td class=\"Estilo91\" valign=\"top\">\n<div align=\"left\">Diputado Jos\u00e9 Manuel Villegas Gonz\u00e1lez, integrante de la LVIII Legislatura del Congreso del Estado de Coahuila de Zaragoza<\/div>\n<\/td>\n<td class=\"Estilo9\" style=\"text-align: left;\">Reforma a la Ley de Protecci\u00f3n a los Animales para el Estado de Coahuila de Zaragoza<\/td>\n<td align=\"center\" width=\"175\">\n<div style=\"text-align: center;\" align=\"left\"><a href=\"http:\/\/www.congresocoahuila.gob.mx\/portal\/wp-content\/uploads\/2014\/11\/20101123142.pdf\"> 23 de Noviembre de 2010<\/a><\/div>\n<\/td>\n<\/tr>\n<tr>\n<td class=\"Estilo91\" valign=\"top\" bgcolor=\"#E1E1E1\">\n<div align=\"left\">Diputado Jos\u00e9 Miguel Batarse Silva, conjuntamente con los Diputados Mario Alberto D\u00e1vila Delgado, Carlos Ulises Orta Canales, Rodrigo Rivas Urbina y Loth Tipa Mota, del Grupo Parlamentario \u201cFelipe Calder\u00f3n Hinojosa\u201d, del Partido Acci\u00f3n Nacional<\/div>\n<\/td>\n<td class=\"Estilo9\" style=\"text-align: left;\" bgcolor=\"#E1E1E1\">Reforma al C\u00f3digo Municipal para el Estado de Coahuila de Zaragoza<\/td>\n<td align=\"center\" bgcolor=\"#E1E1E1\" width=\"175\">\n<div style=\"text-align: center;\" align=\"left\"><a href=\"http:\/\/www.congresocoahuila.gob.mx\/portal\/wp-content\/uploads\/2014\/11\/20101123143.pdf\"> 23 de Noviembre de 2010<\/a><\/div>\n<\/td>\n<\/tr>\n<tr>\n<td class=\"Estilo91\" valign=\"top\">\n<div align=\"left\">Diputado Mario Alberto D\u00e1vila Delgado, conjuntamente con la Diputada, Esther Quintana Salinas y los Diputados Rodrigo Rivas Urbina, Loth Tipa Mota y Jos\u00e9 Miguel Batarse Silva, Carlos Ulises Orta Canales y el Diputado Jos\u00e9 Manuel Villegas Gonz\u00e1lez, del Grupo Parlamentario \u201cFelipe Calder\u00f3n Hinojosa\u201d, del Partido Acci\u00f3n Nacional<\/div>\n<\/td>\n<td class=\"Estilo9\" style=\"text-align: left;\">Reforma a la Ley de Procuraci\u00f3n de Justicia del Estado de Coahuila de Zaragoza, C\u00f3digo de Procedimientos Penales y a la Ley de Defensor\u00eda Jur\u00eddica Integral para el Estado de Coahuila de Zaragoza<\/td>\n<td align=\"center\" width=\"175\">\n<div style=\"text-align: center;\" align=\"left\"><a href=\"http:\/\/www.congresocoahuila.gob.mx\/portal\/wp-content\/uploads\/2014\/11\/20101123144.pdf\"> 23 de Noviembre de 2010<\/a><\/div>\n<\/td>\n<\/tr>\n<tr>\n<td class=\"Estilo91\" valign=\"top\" bgcolor=\"#E1E1E1\">\n<div align=\"left\">Iniciativa Popular C. Gabriel Flores Ochoa<\/div>\n<\/td>\n<td class=\"Estilo9\" style=\"text-align: left;\" bgcolor=\"#E1E1E1\">Ley para la que se proh\u00edbe la miner\u00eda de carb\u00f3n a cielo abierto en el Estado de Coahuila de Zaragoza<\/td>\n<td align=\"center\" bgcolor=\"#E1E1E1\" width=\"175\">\n<div style=\"text-align: center;\" align=\"left\"><a href=\"http:\/\/congresocoahuila.gob.mx\/portal\/wp-content\/uploads\/2014\/11\/20101123pop.pdf\">23 de Noviembre de 2010<\/a><\/div>\n<\/td>\n<\/tr>\n<tr>\n<td class=\"Estilo91\" style=\"background-color: #fafafa;\" valign=\"top\" bgcolor=\"#E1E1E1\">\n<div align=\"left\">Ejecutivo del Estado, Profr. Humberto Moreira Vald\u00e9s<\/div>\n<\/td>\n<td class=\"Estilo91\" style=\"background-color: #fafafa;\" bgcolor=\"#E1E1E1\">Paquete Fiscal para el Ejercicio Fiscal 2011 &#8211; Exposici\u00f3n de Motivos<\/td>\n<td class=\"Estilo91\" style=\"background-color: #fafafa;\" align=\"center\" bgcolor=\"#E1E1E1\" width=\"175\">\n<div style=\"text-align: center;\" align=\"left\"><a href=\"http:\/\/www.congresocoahuila.gob.mx\/portal\/wp-content\/uploads\/2014\/11\/20101126_Ejec_40.pdf\"> 26 de Noviembre de 2010<\/a><\/div>\n<\/td>\n<\/tr>\n<tr>\n<td class=\"Estilo91\" style=\"background-color: #e1e1e1;\" valign=\"top\">\n<div align=\"left\">Ejecutivo del Estado, Profr. Humberto Moreira Vald\u00e9s<\/div>\n<\/td>\n<td class=\"Estilo91\" style=\"background-color: #e1e1e1;\">Paquete Fiscal para el Ejercicio Fiscal 2011 &#8211; Ley de Ingresos del Estado<\/td>\n<td class=\"Estilo91\" style=\"background-color: #e1e1e1;\" align=\"center\" width=\"175\">\n<div style=\"text-align: center;\" align=\"left\"><a href=\"http:\/\/www.congresocoahuila.gob.mx\/portal\/wp-content\/uploads\/2014\/11\/20101126_Ejec_37.pdf\"> 26 de Noviembre de 2010<\/a><\/div>\n<\/td>\n<\/tr>\n<tr>\n<td class=\"Estilo91\" style=\"background-color: #fafafa;\" valign=\"top\" bgcolor=\"#E1E1E1\">\n<div align=\"left\">Ejecutivo del Estado, Profr. Humberto Moreira Vald\u00e9s<\/div>\n<\/td>\n<td class=\"Estilo91\" style=\"background-color: #fafafa;\" bgcolor=\"#E1E1E1\">Paquete Fiscal para el Ejercicio Fiscal 2011 &#8211; Presupuesto de Egresos del Estado<\/td>\n<td class=\"Estilo91\" style=\"background-color: #fafafa;\" align=\"center\" bgcolor=\"#E1E1E1\" width=\"175\">\n<div style=\"text-align: center;\" align=\"left\"><a href=\"http:\/\/www.congresocoahuila.gob.mx\/portal\/wp-content\/uploads\/2014\/11\/20101126_Ejec_Pres.pdf\"> 26 de Noviembre de 2010<\/a><\/div>\n<\/td>\n<\/tr>\n<tr>\n<td class=\"Estilo91\" style=\"background-color: #e1e1e1;\" valign=\"top\">\n<div align=\"left\">Ejecutivo del Estado, Profr. Humberto Moreira Vald\u00e9s<\/div>\n<\/td>\n<td class=\"Estilo91\" style=\"background-color: #e1e1e1;\">Paquete Fiscal para el Ejercicio Fiscal 2011 &#8211; Reforma a la Ley de Hacienda del Estado<\/td>\n<td class=\"Estilo91\" style=\"background-color: #e1e1e1;\" align=\"center\" width=\"175\">\n<div style=\"text-align: center;\" align=\"left\"><a href=\"http:\/\/www.congresocoahuila.gob.mx\/portal\/wp-content\/uploads\/2014\/11\/20101126_Ejec_39.pdf\"> 26 de Noviembre de 2010<\/a><\/div>\n<\/td>\n<\/tr>\n<tr>\n<td class=\"Estilo91\" style=\"background-color: #fafafa;\" valign=\"top\" bgcolor=\"#E1E1E1\">\n<div align=\"left\">Ejecutivo del Estado, Profr. Humberto Moreira Vald\u00e9s<\/div>\n<\/td>\n<td class=\"Estilo91\" style=\"background-color: #fafafa;\" bgcolor=\"#E1E1E1\">Paquete Fiscal para el Ejercicio Fiscal 2011 &#8211; Ley para la Distribuci\u00f3n de Participaciones y Aportaciones Federales a los Municipios del Estado de Coahuila 2011<\/td>\n<td class=\"Estilo91\" style=\"background-color: #fafafa;\" align=\"center\" bgcolor=\"#E1E1E1\" width=\"175\">\n<div style=\"text-align: center;\" align=\"left\"><a href=\"http:\/\/www.congresocoahuila.gob.mx\/portal\/wp-content\/uploads\/2014\/11\/20101126_Ejec_38.pdf\"> 26 de Noviembre de 2010<\/a><\/div>\n<\/td>\n<\/tr>\n<tr>\n<td class=\"Estilo91\" style=\"background-color: #e1e1e1;\" valign=\"top\">\n<div align=\"left\">Diputado Fernando Donato De las Fuentes Hern\u00e1ndez, conjuntamente con las Diputadas y Diputados del Grupo Parlamentario \u201cJos\u00e9 Mar\u00eda Morelos y Pav\u00f3n\u201d del Partido Revolucionario Institucional, y la Diputada Cecilia Yanet Bab\u00fan Moreno y el Diputado Jes\u00fas Contreras Pacheco<\/div>\n<\/td>\n<td class=\"Estilo91\" style=\"background-color: #e1e1e1;\">Reforma a la Constituci\u00f3n Pol\u00edtica del Estado de Coahuila de Zaragoza<\/td>\n<td class=\"Estilo91\" style=\"background-color: #e1e1e1;\" align=\"center\" width=\"175\">\n<div style=\"text-align: center;\" align=\"left\"><a href=\"http:\/\/www.congresocoahuila.gob.mx\/portal\/wp-content\/uploads\/2014\/11\/20101203145.pdf\"> 3 de Diciembre de 2010<\/a><\/div>\n<\/td>\n<\/tr>\n<tr>\n<td class=\"Estilo91\" style=\"background-color: #fafafa;\" valign=\"top\" bgcolor=\"#E1E1E1\">\n<div align=\"left\">Diputado Ramiro Flores Morales, conjuntamente con las Diputadas y los Diputados del Grupo Parlamentario \u201cJos\u00e9 Mar\u00eda Morelos y Pav\u00f3n\u201d del Partido Revolucionario Institucional<\/div>\n<\/td>\n<td class=\"Estilo91\" style=\"background-color: #fafafa;\" bgcolor=\"#E1E1E1\">Reforma a la Ley de Desarrollo Cultural para el Estado de Coahuila de Zaragoza<\/td>\n<td class=\"Estilo91\" style=\"background-color: #fafafa;\" align=\"center\" bgcolor=\"#E1E1E1\" width=\"175\">\n<div style=\"text-align: center;\" align=\"left\"><a href=\"http:\/\/www.congresocoahuila.gob.mx\/portal\/wp-content\/uploads\/2014\/11\/20101203146.pdf\"> 3 de Diciembre de 2010<\/a><\/div>\n<\/td>\n<\/tr>\n<tr>\n<td class=\"Estilo91\" style=\"background-color: #e1e1e1;\" valign=\"top\">\n<div align=\"left\">Diputada Ver\u00f3nica Mart\u00ednez Garc\u00eda, conjuntamente con las Diputadas y los Diputados del Grupo Parlamentario \u201cJos\u00e9 Mar\u00eda Morelos y Pav\u00f3n\u201d del Partido Revolucionario Institucional<\/div>\n<\/td>\n<td class=\"Estilo91\" style=\"background-color: #e1e1e1;\">Abrogar la Ley Reglamentaria del Art\u00edculo 175 de la Constituci\u00f3n Pol\u00edtica del Estado de Coahuila de Zaragoza<\/td>\n<td class=\"Estilo91\" style=\"background-color: #e1e1e1;\" align=\"center\" width=\"175\">\n<div style=\"text-align: center;\" align=\"left\"><a href=\"http:\/\/www.congresocoahuila.gob.mx\/portal\/wp-content\/uploads\/2014\/11\/20101203147.pdf\"> 3 de Diciembre de 2010<\/a><\/div>\n<\/td>\n<\/tr>\n<tr>\n<td class=\"Estilo91\" style=\"background-color: #fafafa;\" valign=\"top\" bgcolor=\"#E1E1E1\">\n<div align=\"left\">Diputados Integrantes de la Comisi\u00f3n del Medio Ambiente y Recursos Naturales. Dip. Carlos U. Orta Canales (Coordinador), Dip. Francisco Tob\u00edas Hern\u00e1ndez y el Dip. Jaime Russek Fernandez<\/div>\n<\/td>\n<td class=\"Estilo91\" style=\"background-color: #fafafa;\" bgcolor=\"#E1E1E1\">Ley para Combatir el Ruido en el Estado de Coahuila de Zaragoza<\/td>\n<td class=\"Estilo91\" style=\"background-color: #fafafa;\" align=\"center\" bgcolor=\"#E1E1E1\" width=\"175\">\n<div style=\"text-align: center;\" align=\"left\"><a href=\"http:\/\/www.congresocoahuila.gob.mx\/portal\/wp-content\/uploads\/2014\/11\/20101214148.pdf\"> 14 de Diciembre de 2010<\/a><\/div>\n<\/td>\n<\/tr>\n<tr>\n<td class=\"Estilo91\" style=\"background-color: #e1e1e1;\" valign=\"top\">\n<div align=\"left\">Diputada Esther Quintana Salinas, conjuntamente con<br \/>\nlos Diputados Mario Alberto D\u00e1vila Delgado, Carlos Ulises Orta Canales, Rodrigo Rivas Urbina, Jos\u00e9 Miguel Batarse Silva y Loth Tipa Mota, del Grupo Parlamentario \u201cFelipe Calder\u00f3n Hinojosa\u201d, del Partido Acci\u00f3n Nacional<\/div>\n<\/td>\n<td class=\"Estilo91\" style=\"background-color: #e1e1e1;\">Reforma al C\u00f3digo Penal del Estado de Coahuila de Zaragoza<\/td>\n<td class=\"Estilo91\" style=\"background-color: #e1e1e1;\" align=\"center\" width=\"175\">\n<div style=\"text-align: center;\" align=\"left\"><a href=\"http:\/\/www.congresocoahuila.gob.mx\/portal\/wp-content\/uploads\/2014\/11\/20101214149.pdf\"> 14 de Diciembre de 2010<\/a><\/div>\n<\/td>\n<\/tr>\n<tr>\n<td class=\"Estilo91\" style=\"background-color: #fafafa;\" valign=\"top\" bgcolor=\"#E1E1E1\">\n<div align=\"left\">Diputadas y Diputados del Grupo Parlamentario \u201cJos\u00e9 Mar\u00eda Morelos y Pav\u00f3n\u201d del Partido Revolucionario Institucional, conjuntamente con la Diputada Cecilia Yanet Bab\u00fan Moreno y el Diputado Jes\u00fas Contreras Pacheco<\/div>\n<\/td>\n<td class=\"Estilo91\" style=\"background-color: #fafafa;\" bgcolor=\"#E1E1E1\">Reforma a la Ley Org\u00e1nica del Congreso del Estado de Coahuila de Zaragoza<\/td>\n<td class=\"Estilo91\" style=\"background-color: #fafafa;\" align=\"center\" bgcolor=\"#E1E1E1\" width=\"175\">\n<div style=\"text-align: center;\" align=\"left\"><a href=\"http:\/\/www.congresocoahuila.gob.mx\/portal\/wp-content\/uploads\/2014\/11\/20101215150.pdf\"> 15 de Diciembre de 2010<\/a><\/div>\n<\/td>\n<\/tr>\n<tr>\n<td class=\"Estilo91\" style=\"background-color: #e1e1e1;\" valign=\"top\">\n<div align=\"left\">Ejecutivo del Estado, Profr. Humberto Moreira Vald\u00e9s<\/div>\n<\/td>\n<td class=\"Estilo91\" style=\"background-color: #e1e1e1;\">Reforma a la Ley que crea el Organismo P\u00fablico Descentralizado Denominado \u00abComisi\u00f3n Estatal de Aguas y Saneamiento de Coahuila<\/td>\n<td class=\"Estilo91\" style=\"background-color: #e1e1e1;\" align=\"center\" width=\"175\">\n<div style=\"text-align: center;\" align=\"left\"><a href=\"http:\/\/www.congresocoahuila.gob.mx\/portal\/wp-content\/uploads\/2014\/11\/20101222_Ejec_41.pdf\"> 22 de Diciembre de 2010<\/a><\/div>\n<\/td>\n<\/tr>\n<tr>\n<td class=\"Estilo91\" style=\"background-color: #fafafa;\" valign=\"top\" bgcolor=\"#E1E1E1\">\n<div align=\"left\">Ejecutivo del Estado, Profr. Humberto Moreira Vald\u00e9s<\/div>\n<\/td>\n<td class=\"Estilo91\" style=\"background-color: #fafafa;\" bgcolor=\"#E1E1E1\">Reforma a la Ley de Ingresos del Estado para el Ejercicio Fiscal 2010<\/td>\n<td class=\"Estilo91\" style=\"background-color: #fafafa;\" align=\"center\" bgcolor=\"#E1E1E1\" width=\"175\">\n<div style=\"text-align: center;\" align=\"left\"><a href=\"http:\/\/www.congresocoahuila.gob.mx\/portal\/wp-content\/uploads\/2014\/11\/20101222_Ejec_42.pdf\"> 22 de Diciembre de 2010<\/a><\/div>\n<\/td>\n<\/tr>\n<tr>\n<td class=\"Estilo91\" style=\"background-color: #e1e1e1;\" valign=\"top\">\n<div align=\"left\">Ejecutivo del Estado, Profr. Humberto Moreira Vald\u00e9s<\/div>\n<\/td>\n<td class=\"Estilo91\" style=\"background-color: #e1e1e1;\">Reforma a la Ley de Deuda P\u00fablica para el Estado de Coahuila de Zaragoza<\/td>\n<td class=\"Estilo91\" style=\"background-color: #e1e1e1;\" align=\"center\" width=\"175\">\n<div style=\"text-align: center;\" align=\"left\"><a href=\"http:\/\/www.congresocoahuila.gob.mx\/portal\/wp-content\/uploads\/2014\/11\/20101222_Ejec_43.pdf\"> 22 de Diciembre de 2010<\/a><\/div>\n<\/td>\n<\/tr>\n<tr>\n<td class=\"Estilo91\" style=\"background-color: #fafafa;\" valign=\"top\" bgcolor=\"#E1E1E1\">\n<div align=\"left\">Ejecutivo del Estado, Profr. Humberto Moreira Vald\u00e9s<\/div>\n<\/td>\n<td class=\"Estilo91\" style=\"background-color: #fafafa;\" bgcolor=\"#E1E1E1\">Reforma a la Ley de Coordinaci\u00f3n Fiscal para el Estado de Coahuila de Zaragoza<\/td>\n<td class=\"Estilo91\" style=\"background-color: #fafafa;\" align=\"center\" bgcolor=\"#E1E1E1\" width=\"175\">\n<div style=\"text-align: center;\" align=\"left\"><a href=\"http:\/\/www.congresocoahuila.gob.mx\/portal\/wp-content\/uploads\/2014\/11\/20101222_Ejec_44.pdf\"> 22 de Diciembre de 2010<\/a><\/div>\n<\/td>\n<\/tr>\n<tr>\n<td class=\"Estilo91\" style=\"background-color: #e1e1e1;\" valign=\"top\">\n<div align=\"left\">Presidente del Tribunal Superior de Justicia del Estado, Lic. Gregorio Alberto P\u00e9rez Mata<\/div>\n<\/td>\n<td class=\"Estilo91\" style=\"background-color: #e1e1e1;\">Reforma a la Ley Org\u00e1nica del Poder Judicial y al C\u00f3digo Procesal Civil<\/td>\n<td class=\"Estilo91\" style=\"background-color: #e1e1e1;\" align=\"center\" width=\"175\">\n<div style=\"text-align: center;\" align=\"left\"><a href=\"http:\/\/www.congresocoahuila.gob.mx\/portal\/wp-content\/uploads\/2014\/11\/20101222_TSJE.pdf\"> 22 de Diciembre de 2010<\/a><\/div>\n<\/td>\n<\/tr>\n<tr>\n<td class=\"Estilo91\" style=\"background-color: #fafafa;\" valign=\"top\" bgcolor=\"#E1E1E1\">\n<div align=\"left\">Diputado Fernando Donato de las Fuentes Hern\u00e1ndez, del Grupo Parlamentario \u201cJos\u00e9 Mar\u00eda Morelos y Pav\u00f3n\u201d del Partido Revolucionario Institucional y dem\u00e1s diputadas y diputados que la suscriben<\/div>\n<\/td>\n<td class=\"Estilo91\" style=\"background-color: #fafafa;\" bgcolor=\"#E1E1E1\">Reforma a la Ley Org\u00e1nica del Congreso del Estado de Coahuila de Zaragoza<\/td>\n<td class=\"Estilo91\" style=\"background-color: #fafafa;\" align=\"center\" bgcolor=\"#E1E1E1\" width=\"175\">\n<div style=\"text-align: center;\" align=\"left\"><a href=\"http:\/\/www.congresocoahuila.gob.mx\/portal\/wp-content\/uploads\/2014\/11\/20110104151.pdf\"> 4 de Enero de 2011<\/a><\/div>\n<\/td>\n<\/tr>\n<tr>\n<td class=\"Estilo91\" style=\"background-color: #e1e1e1;\" valign=\"top\">\n<div align=\"left\">Diputado Fernando Donato de las Fuentes Hern\u00e1ndez, del Grupo Parlamentario \u201cJos\u00e9 Mar\u00eda Morelos y Pav\u00f3n\u201d del Partido Revolucionario Institucional y dem\u00e1s diputadas y diputados que la suscriben<\/div>\n<\/td>\n<td class=\"Estilo91\" style=\"background-color: #e1e1e1;\">Reforma a la Ley Org\u00e1nica del Congreso del Estado de Coahuila de Zaragoza<\/td>\n<td style=\"background-color: #e1e1e1;\" align=\"center\" width=\"175\">\n<div style=\"text-align: center;\" align=\"left\"><a href=\"http:\/\/www.congresocoahuila.gob.mx\/portal\/wp-content\/uploads\/2014\/11\/20110104152.pdf\"> 4 de Enero de 2011<\/a><\/div>\n<\/td>\n<\/tr>\n<tr>\n<td class=\"Estilo91\" style=\"background-color: #fafafa;\" valign=\"top\" bgcolor=\"#E1E1E1\">\n<div align=\"left\">Diputado Fernando D. de las Fuentes Hern\u00e1ndez, conjuntamente con los Diputados integrantes del Grupo Parlamentario \u201cJos\u00e9 Mar\u00eda Morelos y Pav\u00f3n\u201d, del Partido Revolucionario Institucional<\/div>\n<\/td>\n<td class=\"Estilo91\" style=\"background-color: #fafafa;\" bgcolor=\"#E1E1E1\">Reforma a la Constituci\u00f3n Pol\u00edtica de los Estados Unidos Mexicanos<\/td>\n<td class=\"Estilo91\" style=\"background-color: #fafafa;\" align=\"center\" bgcolor=\"#E1E1E1\" width=\"175\">\n<div style=\"text-align: center;\" align=\"left\"><a href=\"http:\/\/www.congresocoahuila.gob.mx\/portal\/wp-content\/uploads\/2014\/11\/20110111153.pdf\"> 11 de Enero de 2011<\/a><\/div>\n<\/td>\n<\/tr>\n<tr>\n<td class=\"Estilo91\" style=\"background-color: #e1e1e1;\" valign=\"top\">\n<div align=\"left\">Diputada Esther Quintana Salinas, conjuntamente con los Diputados Mario Alberto D\u00e1vila Delgado, Carlos Ulises Orta Canales, Jos\u00e9 Miguel Batarse Silva, Loth Tipa Mota y Rodrigo Rivas Urbina, del Grupo Parlamentario \u201cFelipe Calder\u00f3n Hinojosa\u201d, del Partido Acci\u00f3n Nacional<\/div>\n<\/td>\n<td class=\"Estilo91\" style=\"background-color: #e1e1e1;\">Reforma al C\u00f3digo Penal de Coahuila<\/td>\n<td class=\"Estilo91\" style=\"background-color: #e1e1e1;\" align=\"center\" width=\"175\">\n<div style=\"text-align: center;\" align=\"left\"><a href=\"http:\/\/www.congresocoahuila.gob.mx\/portal\/wp-content\/uploads\/2014\/11\/20110111154.pdf\"> 11 de Enero de 2011<\/a><\/div>\n<\/td>\n<\/tr>\n<tr>\n<td class=\"Estilo91\" style=\"background-color: #fafafa;\" valign=\"top\" bgcolor=\"#E1E1E1\">\n<div align=\"left\">Diputado Fernando D. de las Fuentes Hern\u00e1ndez, conjuntamente con los Diputados integrantes del Grupo Parlamentario \u201cJos\u00e9 Mar\u00eda Morelos y Pav\u00f3n\u201d, del Partido Revolucionario Institucional<\/div>\n<\/td>\n<td class=\"Estilo91\" style=\"background-color: #fafafa;\" bgcolor=\"#E1E1E1\">Reforma a la Ley Federal de Radio y Televisi\u00f3n y al C\u00f3digo Federal de Instituciones y Procedimientos Electorales<\/td>\n<td class=\"Estilo91\" style=\"background-color: #fafafa;\" align=\"center\" bgcolor=\"#E1E1E1\" width=\"175\">\n<div style=\"text-align: center;\" align=\"left\"><a href=\"http:\/\/www.congresocoahuila.gob.mx\/portal\/wp-content\/uploads\/2014\/11\/20110111155.pdf\"> 11 de Enero de 2011<\/a><\/div>\n<\/td>\n<\/tr>\n<tr>\n<td class=\"Estilo91\" style=\"background-color: #e1e1e1;\" valign=\"top\">\n<div align=\"left\">Diputado Rodrigo Rivas Urbina, conjuntamente con los Diputados Mario Alberto D\u00e1vila Delgado, Esther Quintana Salinas, Carlos Ulises Orta Canales, Jos\u00e9 Miguel Batarse Silva y Loth Tipa Mota, del Grupo Parlamentario \u201cFelipe Calder\u00f3n Hinojosa\u201d, del Partido Acci\u00f3n Nacional<\/div>\n<\/td>\n<td class=\"Estilo91\" style=\"background-color: #e1e1e1;\">Reforma al C\u00f3digo Penal del Estado de Coahuila<\/td>\n<td class=\"Estilo91\" style=\"background-color: #e1e1e1;\" align=\"center\" width=\"175\">\n<div style=\"text-align: center;\" align=\"left\"><a href=\"http:\/\/www.congresocoahuila.gob.mx\/portal\/wp-content\/uploads\/2014\/11\/20110118156.pdf\"> 18 de Enero de 2011<\/a><\/div>\n<\/td>\n<\/tr>\n<tr>\n<td class=\"Estilo91\" style=\"background-color: #fafafa;\" valign=\"top\" bgcolor=\"#E1E1E1\">\n<div align=\"left\">Diputada Esther Quintana Salinas, conjuntamente con los Diputados Mario Alberto D\u00e1vila Delgado, Carlos Ulises Orta Canales, Jos\u00e9 Miguel Batarse Silva, Loth Tipa Mota y Rodrigo Rivas Urbina, del Grupo Parlamentario \u201cFelipe Calder\u00f3n Hinojosa\u201d, del Partido Acci\u00f3n Nacional<\/div>\n<\/td>\n<td class=\"Estilo91\" style=\"background-color: #fafafa;\" bgcolor=\"#E1E1E1\">Reforma a la Ley Org\u00e1nica del Congreso del Estado Independiente, Libre y Soberano de Coahuila de Zaragoza<\/td>\n<td class=\"Estilo91\" style=\"background-color: #fafafa;\" align=\"center\" bgcolor=\"#E1E1E1\" width=\"175\">\n<div style=\"text-align: center;\" align=\"left\"><a href=\"http:\/\/www.congresocoahuila.gob.mx\/portal\/wp-content\/uploads\/2014\/11\/20110118157.pdf\"> 18 de Enero de 2011<\/a><\/div>\n<\/td>\n<\/tr>\n<tr>\n<td class=\"Estilo91\" style=\"background-color: #e1e1e1;\" valign=\"top\">\n<div align=\"left\">Diputada Esther Quintana Salinas, conjuntamente con los Diputados Mario Alberto D\u00e1vila Delgado, Rodrigo Rivas Urbina, Carlos Ulises Orta Canales, Jos\u00e9 Miguel Batarse Silva y Loth Tipa Mota, del Grupo Parlamentario \u201cFelipe Calder\u00f3n Hinojosa\u201d, del Partido Acci\u00f3n Nacional<\/div>\n<\/td>\n<td class=\"Estilo91\" style=\"background-color: #e1e1e1;\">Reforma a la Constituci\u00f3n Pol\u00edtica de los Estados Unidos Mexicanos<\/td>\n<td class=\"Estilo91\" style=\"background-color: #e1e1e1;\" align=\"center\" width=\"175\">\n<div style=\"text-align: center;\" align=\"left\"><a href=\"http:\/\/www.congresocoahuila.gob.mx\/portal\/wp-content\/uploads\/2014\/11\/20110201158.pdf\"> 1 de Febrero de 2011<\/a><\/div>\n<\/td>\n<\/tr>\n<tr>\n<td class=\"Estilo91\" style=\"background-color: #fafafa;\" valign=\"top\" bgcolor=\"#E1E1E1\">\n<div align=\"left\">Diputado Rodrigo Rivas Urbina, conjuntamente con los Diputados Mario Alberto D\u00e1vila Delgado, Esther Quintana Salinas, Carlos Ulises Orta Canales, Jos\u00e9 Miguel Batarse Silva y Loth Tipa Mota, del Grupo Parlamentario \u201cFelipe Calder\u00f3n Hinojosa\u201d, del Partido Acci\u00f3n Nacional<\/div>\n<\/td>\n<td class=\"Estilo91\" style=\"background-color: #fafafa;\" bgcolor=\"#E1E1E1\">Reforma a la Ley de Responsabilidades de los Servidores P\u00fablicos Estatales y Municipales<\/td>\n<td class=\"Estilo91\" style=\"background-color: #fafafa;\" align=\"center\" bgcolor=\"#E1E1E1\" width=\"175\">\n<div style=\"text-align: center;\" align=\"left\"><a href=\"http:\/\/www.congresocoahuila.gob.mx\/portal\/wp-content\/uploads\/2014\/11\/20110201159.pdf\"> 1 de Febrero de 2011<\/a><\/div>\n<\/td>\n<\/tr>\n<tr>\n<td class=\"Estilo91\" style=\"background-color: #e1e1e1;\" valign=\"top\">\n<div align=\"left\">Lic. Jorge Juan Torres L\u00f3pez, Gobernador Interino del Estado de Coahuila de Zaragoza<\/div>\n<\/td>\n<td class=\"Estilo91\" style=\"background-color: #e1e1e1;\">Ley del Instituto Estatal de los Trabajadores de la Educaci\u00f3n para su Seguridad Social<\/td>\n<td class=\"Estilo91\" style=\"background-color: #e1e1e1;\" align=\"center\" width=\"175\">\n<div style=\"text-align: center;\" align=\"left\"><a href=\"http:\/\/www.congresocoahuila.gob.mx\/portal\/wp-content\/uploads\/2014\/11\/20110201_Ejec_45.pdf\"> 1 de Febrero de 2011<\/a><\/div>\n<\/td>\n<\/tr>\n<tr>\n<td class=\"Estilo91\" style=\"background-color: #fafafa;\" valign=\"top\" bgcolor=\"#E1E1E1\">\n<div align=\"left\">Diputado Carlos Ulises Orta Canales, conjuntamente con los Diputados Mario Alberto D\u00e1vila Delgado, Esther Quintana Salinas, Rodrigo Rivas Urbina, Jos\u00e9 Miguel Batarse Silva y Loth Tipa Mota, del Grupo Parlamentario \u201cLic. Felipe Calder\u00f3n Hinojosa\u201d, del Partido Acci\u00f3n Nacional<\/div>\n<\/td>\n<td class=\"Estilo91\" style=\"background-color: #fafafa;\" bgcolor=\"#E1E1E1\">Reforma a la Constituci\u00f3n Pol\u00edtica del Estado de Coahuila de Zaragoza<\/td>\n<td class=\"Estilo91\" style=\"background-color: #fafafa;\" align=\"center\" bgcolor=\"#E1E1E1\" width=\"175\">\n<div style=\"text-align: center;\" align=\"left\"><a href=\"http:\/\/www.congresocoahuila.gob.mx\/portal\/wp-content\/uploads\/2014\/11\/20110209160.pdf\"> 9 de Febrero de 2011<\/a><\/div>\n<\/td>\n<\/tr>\n<tr>\n<td class=\"Estilo91\" style=\"background-color: #e1e1e1;\" valign=\"top\">\n<div align=\"left\">Diputada Esther Quintana Salinas, conjuntamente con los Diputados Mario Alberto D\u00e1vila Delgado, Carlos Ulises Orta Canales, Rodrigo Rivas Urbina, Jos\u00e9 Miguel Batarse Silva y Loth Tipa Mota, del Grupo Parlamentario \u201cLic. Felipe Calder\u00f3n Hinojosa\u201d, del Partido Acci\u00f3n Nacional<\/div>\n<\/td>\n<td class=\"Estilo91\" style=\"background-color: #e1e1e1;\">Reforma a la Constituci\u00f3n Pol\u00edtica del Estado de Coahuila de Zaragoza<\/td>\n<td class=\"Estilo91\" style=\"background-color: #e1e1e1;\" align=\"center\" width=\"175\">\n<div style=\"text-align: center;\" align=\"left\"><a href=\"http:\/\/www.congresocoahuila.gob.mx\/portal\/wp-content\/uploads\/2014\/11\/20110209161.pdf\"> 9 de Febrero de 2011<\/a><\/div>\n<\/td>\n<\/tr>\n<tr>\n<td class=\"Estilo91\" style=\"background-color: #fafafa;\" valign=\"top\" bgcolor=\"#E1E1E1\">\n<div align=\"left\">Diputado Rogelio Ramos S\u00e1nchez, conjuntamente con las Diputadas y Diputados integrantes del Grupo Parlamentario \u201cJos\u00e9 Mar\u00eda Morelos y Pav\u00f3n\u201d, del Partido Revolucionario Institucional<\/div>\n<\/td>\n<td class=\"Estilo91\" style=\"background-color: #fafafa;\" bgcolor=\"#E1E1E1\" height=\"17\">Reforma al C\u00f3digo de Procedimientos Penales del Estado de Coahuila<\/td>\n<td class=\"Estilo91\" style=\"background-color: #fafafa;\" align=\"center\" bgcolor=\"#E1E1E1\" width=\"175\">\n<div style=\"text-align: center;\" align=\"left\"><a href=\"http:\/\/www.congresocoahuila.gob.mx\/portal\/wp-content\/uploads\/2014\/11\/20110209162.pdf\"> 9 de Febrero de 2011<\/a><\/div>\n<\/td>\n<\/tr>\n<tr>\n<td class=\"Estilo91\" style=\"background-color: #e1e1e1;\" valign=\"top\">\n<div align=\"left\">Diputado Carlos Ulises Orta Canales, conjuntamente con los Diputados Mario Alberto D\u00e1vila Delgado, Esther Quintana Salinas, Rodrigo Rivas Urbina, Jos\u00e9 Miguel Batarse Silva y Loth Tipa Mota, del Grupo Parlamentario \u201cLic. Felipe Calder\u00f3n Hinojosa\u201d, del Partido Acci\u00f3n Nacional<\/div>\n<\/td>\n<td class=\"Estilo91\" style=\"background-color: #e1e1e1;\">Reforma al C\u00f3digo Penal para el Estado de Coahuila<\/td>\n<td class=\"Estilo91\" style=\"background-color: #e1e1e1;\" align=\"center\" width=\"175\">\n<div style=\"text-align: center;\" align=\"left\"><a href=\"http:\/\/www.congresocoahuila.gob.mx\/portal\/wp-content\/uploads\/2014\/11\/20110209163.pdf\"> 9 de Febrero de 2011<\/a><\/div>\n<\/td>\n<\/tr>\n<tr>\n<td class=\"Estilo91\" style=\"background-color: #fafafa;\" valign=\"top\" bgcolor=\"#E1E1E1\">\n<div align=\"left\">Iniciativa Popular Lic. Santiago Ignacio Quiroz Villarreal<\/div>\n<\/td>\n<td class=\"Estilo91\" style=\"background-color: #fafafa;\" bgcolor=\"#E1E1E1\">Reforma a la Ley de Asistencia Social para el Estado de Coahuila de Zaragoza<\/td>\n<td class=\"Estilo91\" style=\"background-color: #fafafa;\" align=\"center\" bgcolor=\"#E1E1E1\" width=\"175\">\n<div style=\"text-align: center;\" align=\"left\"><a href=\"http:\/\/congresocoahuila.gob.mx\/portal\/wp-content\/uploads\/2014\/11\/20110209pop.pdf\">9 de Febrero de 2011<\/a><\/div>\n<\/td>\n<\/tr>\n<tr>\n<td class=\"Estilo91\" valign=\"top\" bgcolor=\"#E1E1E1\">\n<div align=\"left\">Diputado Carlos Ulises Orta Canales, conjuntamente con los Diputados Mario Alberto D\u00e1vila Delgado, Esther Quintana Salinas, Rodrigo Rivas Urbina, Loth Tipa Mota y Jos\u00e9 Miguel Batarse Silva, del Grupo Parlamentario \u201cLic. Felipe Calder\u00f3n Hinojosa\u201d, del Partido Acci\u00f3n Nacional<\/div>\n<\/td>\n<td class=\"Estilo9\" style=\"text-align: left;\" bgcolor=\"#E1E1E1\">Reforma a la Constituci\u00f3n Pol\u00edtica del Estado de Coahuila de Zaragoza<\/td>\n<td align=\"center\" bgcolor=\"#E1E1E1\" width=\"175\">\n<div style=\"text-align: center;\" align=\"left\"><a href=\"http:\/\/www.congresocoahuila.gob.mx\/portal\/wp-content\/uploads\/2014\/11\/20110301164.pdf\"> 1 de Marzo de 2011<\/a><\/div>\n<\/td>\n<\/tr>\n<tr>\n<td class=\"Estilo91\" valign=\"top\">\n<div align=\"left\">Diputado Rodrigo Rivas Urbina, conjuntamente con los Diputados Carlos Ulises Orta Canales, Mario Alberto D\u00e1vila Delgado, Esther Quintana Salinas, Loth Tipa Mota y Jos\u00e9 Miguel Batarse Silva, del Grupo Parlamentario \u201cLic. Felipe Calder\u00f3n Hinojosa\u201d, del Partido Acci\u00f3n Nacional<\/div>\n<\/td>\n<td class=\"Estilo9\" style=\"text-align: left;\">Reforma a la Constituci\u00f3n Pol\u00edtica del Estado de Coahuila de Zaragoza<\/td>\n<td align=\"center\" width=\"175\">\n<div style=\"text-align: center;\" align=\"left\"><a href=\"http:\/\/www.congresocoahuila.gob.mx\/portal\/wp-content\/uploads\/2014\/11\/20110301165.pdf\"> 1 de Marzo de 2011<\/a><\/div>\n<\/td>\n<\/tr>\n<tr>\n<td class=\"Estilo91\" valign=\"top\" bgcolor=\"#E1E1E1\">\n<div align=\"left\">Diputada Esther Quintana Salinas, conjuntamente con los Diputados Mario Alberto D\u00e1vila Delgado, Carlos Ulises Orta Canales, Rodrigo Rivas Urbina, Jos\u00e9 Miguel Batarse Silva y Loth Tipa Mota, del Grupo Parlamentario \u201cLic. Felipe Calder\u00f3n Hinojosa\u201d, del Partido Acci\u00f3n Nacional<\/div>\n<\/td>\n<td class=\"Estilo9\" style=\"text-align: left;\" bgcolor=\"#E1E1E1\">Reforma a la Ley de Acceso a la Informaci\u00f3n P\u00fablica y Protecci\u00f3n de Datos Personales para el Estado de Coahuila<\/td>\n<td align=\"center\" bgcolor=\"#E1E1E1\" width=\"175\">\n<div style=\"text-align: center;\" align=\"left\"><a href=\"http:\/\/www.congresocoahuila.gob.mx\/portal\/wp-content\/uploads\/2014\/11\/20110301166.pdf\"> 1 de Marzo de 2011<\/a><\/div>\n<\/td>\n<\/tr>\n<tr>\n<td class=\"Estilo91\" valign=\"top\">\n<div align=\"left\">Diputada Ver\u00f3nica Boreque Mart\u00ednez Gonz\u00e1lez, conjuntamente con las diputadas y diputados integrantes del Grupo Parlamentario \u201cJos\u00e9 Mar\u00eda Morelos y Pav\u00f3n\u201d del Partido Revolucionario Institucional<\/div>\n<\/td>\n<td class=\"Estilo9\" style=\"text-align: left;\">Reforma a la Ley de Protecci\u00f3n Civil para el Estado de Coahuila, Ley Estatal de Educaci\u00f3n y Ley Estatal de Salud<\/td>\n<td align=\"center\" width=\"175\">\n<div style=\"text-align: center;\" align=\"left\"><a href=\"http:\/\/www.congresocoahuila.gob.mx\/portal\/wp-content\/uploads\/2014\/11\/20110315167.pdf\"> 15 de Marzo de 2011<\/a><\/div>\n<\/td>\n<\/tr>\n<tr>\n<td class=\"Estilo91\" valign=\"top\" bgcolor=\"#E1E1E1\">\n<div align=\"left\">Diputado Fernando Donato de las Fuentes Hern\u00e1ndez, del Grupo Parlamentario \u201cJos\u00e9 Mar\u00eda Morelos y Pav\u00f3n\u201d del Partido Revolucionario Institucional y dem\u00e1s diputadas y diputados que la suscriben<\/div>\n<\/td>\n<td class=\"Estilo9\" style=\"text-align: left;\" bgcolor=\"#E1E1E1\">Reforma a la Constituci\u00f3n Pol\u00edtica de los Estados Unidos Mexicanos y a la Ley Org\u00e1nica de la Administraci\u00f3n P\u00fablica Federal<\/td>\n<td align=\"center\" bgcolor=\"#E1E1E1\" width=\"175\">\n<div style=\"text-align: center;\" align=\"left\"><a href=\"http:\/\/www.congresocoahuila.gob.mx\/portal\/wp-content\/uploads\/2014\/11\/20110325168.pdf\"> 25 de Marzo de 2011<\/a><\/div>\n<\/td>\n<\/tr>\n<tr>\n<td class=\"Estilo91\" valign=\"top\">\n<div align=\"left\">Diputada Cristina Amezcua Gonz\u00e1lez, conjuntamente con las Diputadas y Diputados integrantes del Grupo Parlamentario \u201cJos\u00e9 Mar\u00eda Morelos y Pav\u00f3n\u201d, del Partido Revolucionario Institucional<\/div>\n<\/td>\n<td class=\"Estilo9\" style=\"text-align: left;\">Reforma a la Ley Org\u00e1nica del Congreso del Estado Independiente, Libre y Soberano de Coahuila de Zaragoza<\/td>\n<td align=\"center\" width=\"175\">\n<div style=\"text-align: center;\" align=\"left\"><a href=\"http:\/\/www.congresocoahuila.gob.mx\/portal\/wp-content\/uploads\/2014\/11\/20110325169.pdf\"> 25 de Marzo de 2011<\/a><\/div>\n<\/td>\n<\/tr>\n<tr>\n<td class=\"Estilo91\" valign=\"top\" bgcolor=\"#E1E1E1\">\n<div align=\"left\">Diputado Mario Alberto D\u00e1vila Delgado, conjuntamente con los dem\u00e1s Diputados integrantes del Grupo Parlamentario \u201cFelipe Calder\u00f3n Hinojosa\u201d, del Partido Acci\u00f3n Nacional<\/div>\n<\/td>\n<td class=\"Estilo9\" style=\"text-align: left;\" bgcolor=\"#E1E1E1\">Ley de Seguridad Escolar para el Estado de Coahuila de Zaragoza<\/td>\n<td align=\"center\" bgcolor=\"#E1E1E1\" width=\"175\">\n<div style=\"text-align: center;\" align=\"left\"><a href=\"http:\/\/www.congresocoahuila.gob.mx\/portal\/wp-content\/uploads\/2014\/11\/20110325170.pdf\"> 25 de Marzo de 2011<\/a><\/div>\n<\/td>\n<\/tr>\n<tr>\n<td class=\"Estilo91\" valign=\"top\">\n<div align=\"left\">Diputado Enrique Mart\u00ednez y Morales, conjuntamente con las Diputadas y Diputados integrantes del Grupo Parlamentario \u201cJos\u00e9 Mar\u00eda Morelos y Pav\u00f3n\u201d, del Partido Revolucionario Institucional<\/div>\n<\/td>\n<td class=\"Estilo9\" style=\"text-align: left;\">Reforma al C\u00f3digo Civil y al C\u00f3digo Procesal Civil para el Estado de Coahuila de Zaragoza<\/td>\n<td align=\"center\" width=\"175\">\n<div style=\"text-align: center;\" align=\"left\"><a href=\"http:\/\/www.congresocoahuila.gob.mx\/portal\/wp-content\/uploads\/2014\/11\/20110325171.pdf\"> 25 de Marzo de 2011<\/a><\/div>\n<\/td>\n<\/tr>\n<tr>\n<td class=\"Estilo91\" valign=\"top\" bgcolor=\"#E1E1E1\">\n<div align=\"left\">Diputado Mario Alberto D\u00e1vila Delgado, conjuntamente con los dem\u00e1s Diputados integrantes del Grupo Parlamentario \u201cFelipe Calder\u00f3n Hinojosa\u201d, del Partido Acci\u00f3n Nacional<\/div>\n<\/td>\n<td class=\"Estilo9\" style=\"text-align: left;\" bgcolor=\"#E1E1E1\">Reforma a la Ley para la Protecci\u00f3n de los No Fumadores en el Estado de Coahuila<\/td>\n<td align=\"center\" bgcolor=\"#E1E1E1\" width=\"175\">\n<div style=\"text-align: center;\" align=\"left\"><a href=\"http:\/\/www.congresocoahuila.gob.mx\/portal\/wp-content\/uploads\/2014\/11\/20110325172.pdf\"> 25 de Marzo de 2011<\/a><\/div>\n<\/td>\n<\/tr>\n<tr>\n<td class=\"Estilo91\" valign=\"top\">\n<div align=\"left\">Diputado Carlos Ulises Orta Canales, conjuntamente con los Diputados Rodrigo Rivas Urbina, Mario Alberto D\u00e1vila Delgado, Esther Quintana Salinas, Loth Tipa Mota y Jos\u00e9 Miguel Batarse Silva, del Grupo Parlamentario \u201cLic. Felipe Calder\u00f3n Hinojosa\u201d, del Partido Acci\u00f3n Nacional<\/div>\n<\/td>\n<td class=\"Estilo9\" style=\"text-align: left;\">Reforma a la Constituci\u00f3n Pol\u00edtica del Estado de Coahuila de Zaragoza<\/td>\n<td align=\"center\" width=\"175\">\n<div style=\"text-align: center;\" align=\"left\"><a href=\"http:\/\/www.congresocoahuila.gob.mx\/portal\/wp-content\/uploads\/2014\/11\/20110401173.pdf\"> 1 de Abril de 2011<\/a><\/div>\n<\/td>\n<\/tr>\n<tr>\n<td class=\"Estilo91\" valign=\"top\" bgcolor=\"#E1E1E1\">\n<div align=\"left\">Diputado Carlos Ulises Orta Canales, conjuntamente con los Diputados Rodrigo Rivas Urbina, Mario Alberto D\u00e1vila Delgado, Esther Quintana Salinas, Loth Tipa Mota y Jos\u00e9 Miguel Batarse Silva, del Grupo Parlamentario \u201cLic. Felipe Calder\u00f3n Hinojosa\u201d, del Partido Acci\u00f3n Nacional<\/div>\n<\/td>\n<td class=\"Estilo9\" style=\"text-align: left;\" bgcolor=\"#E1E1E1\">Reforma a la Ley del Equilibrio Ecol\u00f3gico y la Protecci\u00f3n al Ambiente del Estado de Coahuila<\/td>\n<td align=\"center\" bgcolor=\"#E1E1E1\" width=\"175\">\n<div style=\"text-align: center;\" align=\"left\"><a href=\"http:\/\/www.congresocoahuila.gob.mx\/portal\/wp-content\/uploads\/2014\/11\/20110401174.pdf\"> 1 de Abril de 2011<\/a><\/div>\n<\/td>\n<\/tr>\n<tr>\n<td class=\"Estilo91\" style=\"background-color: #fafafa;\" valign=\"top\">\n<div align=\"left\">Diputada Esther Quintana Salinas, conjuntamente con los Diputados Rodrigo Rivas Urbina, Mario Alberto D\u00e1vila Delgado, Carlos Ulises Orta Canales, Loth Tipa Mota y Jos\u00e9 Miguel Batarse Silva, del Grupo Parlamentario \u201cLic. Felipe Calder\u00f3n Hinojosa\u201d, del Partido Acci\u00f3n Nacional<\/div>\n<\/td>\n<td class=\"Estilo91\" style=\"background-color: #fafafa;\">Reforma a la Ley para la Protecci\u00f3n de los Derechos y Deberes de las Ni\u00f1as, Ni\u00f1os y Adolescentes del Estado de Coahuila<\/td>\n<td class=\"Estilo91\" style=\"background-color: #fafafa;\" align=\"center\" width=\"175\">\n<div style=\"text-align: center;\" align=\"left\"><a href=\"http:\/\/www.congresocoahuila.gob.mx\/portal\/wp-content\/uploads\/2014\/11\/20110401175.pdf\"> 1 de Abril de 2011<\/a><\/div>\n<\/td>\n<\/tr>\n<tr>\n<td class=\"Estilo91\" style=\"background-color: #e1e1e1;\" valign=\"top\">\n<div align=\"left\">Iniciativa Popular C. Jos\u00e9 Guadalupe Palacios Ort\u00edz y otros ciudadanos, en representaci\u00f3n de la Asociaci\u00f3n de Artistas Coahuilenses<\/div>\n<\/td>\n<td class=\"Estilo91\" style=\"background-color: #e1e1e1;\">Reforma a la Ley de Desarrollo Cultural para el Estado de Coahuila de Zaragoza<\/td>\n<td class=\"Estilo91\" style=\"background-color: #e1e1e1;\" align=\"center\" width=\"175\">\n<div style=\"text-align: center;\" align=\"left\"><a href=\"http:\/\/congresocoahuila.gob.mx\/portal\/wp-content\/uploads\/2014\/11\/20110401pop.pdf\">1 de Abril de 2011<\/a><\/div>\n<\/td>\n<\/tr>\n<tr>\n<td class=\"Estilo91\" style=\"background-color: #fafafa;\" valign=\"top\" bgcolor=\"#E1E1E1\">\n<div align=\"left\">Diputado Fernando D. de las Fuentes Hern\u00e1ndez, conjuntamente con las Diputadas y Diputados integrantes del Grupo Parlamentario \u201cJos\u00e9 Mar\u00eda Morelos y Pav\u00f3n\u201d, del Partido Revolucionario Institucional<\/div>\n<\/td>\n<td class=\"Estilo91\" style=\"background-color: #fafafa;\" bgcolor=\"#E1E1E1\">Reforma a la Ley Org\u00e1nica del Congreso del Estado Independiente, Libre y Soberano de Coahuila de Zaragoza<\/td>\n<td class=\"Estilo91\" style=\"background-color: #fafafa;\" align=\"center\" bgcolor=\"#E1E1E1\" width=\"175\">\n<div style=\"text-align: center;\" align=\"left\"><a href=\"http:\/\/www.congresocoahuila.gob.mx\/portal\/wp-content\/uploads\/2014\/11\/20110405176.pdf\"> 5 de Abril de 2011<\/a><\/div>\n<\/td>\n<\/tr>\n<tr>\n<td class=\"Estilo91\" style=\"background-color: #e1e1e1;\" valign=\"top\">\n<div align=\"left\">Diputada Esther Quintana Salinas, conjuntamente con los Diputados Rodrigo Rivas Urbina, Mario Alberto D\u00e1vila Delgado, Carlos Ulises Orta Canales, Loth Tipa Mota y Jos\u00e9 Miguel Batarse Silva, del Grupo Parlamentario \u201cLic. Felipe Calder\u00f3n Hinojosa\u201d, del Partido Acci\u00f3n Nacional<\/div>\n<\/td>\n<td class=\"Estilo91\" style=\"background-color: #e1e1e1;\">Reforma a la Ley de Hacienda para el Estado de Coahuila de Zaragoza<\/td>\n<td class=\"Estilo91\" style=\"background-color: #e1e1e1;\" align=\"center\" width=\"175\">\n<div style=\"text-align: center;\" align=\"left\"><a href=\"http:\/\/www.congresocoahuila.gob.mx\/portal\/wp-content\/uploads\/2014\/11\/20110405177.pdf\"> 5 de Abril de 2011<\/a><\/div>\n<\/td>\n<\/tr>\n<tr>\n<td class=\"Estilo91\" style=\"background-color: #fafafa;\" valign=\"top\" bgcolor=\"#E1E1E1\">\n<div align=\"left\">Diputado Mario Alberto D\u00e1vila Delgado, conjuntamente con la Diputada Esther Quintana Salinas y los Diputados Rodrigo Rivas Urbina, Carlos Ulises Orta Canales, Loth Tipa Mota y Jos\u00e9 Miguel Batarse Silva, del Grupo Parlamentario \u201cLic. Felipe Calder\u00f3n Hinojosa\u201d, del Partido Acci\u00f3n Nacional<\/div>\n<\/td>\n<td class=\"Estilo91\" style=\"background-color: #fafafa;\" bgcolor=\"#E1E1E1\">Reforma a la Ley Estatal de Educaci\u00f3n<\/td>\n<td class=\"Estilo91\" style=\"background-color: #fafafa;\" align=\"center\" bgcolor=\"#E1E1E1\" width=\"175\">\n<div style=\"text-align: center;\" align=\"left\"><a href=\"http:\/\/www.congresocoahuila.gob.mx\/portal\/wp-content\/uploads\/2014\/11\/20110405178.pdf\"> 5 de Abril de 2011<\/a><\/div>\n<\/td>\n<\/tr>\n<tr>\n<td class=\"Estilo91\" style=\"background-color: #e1e1e1;\" valign=\"top\">\n<div align=\"left\">Lic. Jorge Juan Torres L\u00f3pez, Gobernador Interino del Estado de Coahuila de Zaragoza<\/div>\n<\/td>\n<td class=\"Estilo91\" style=\"background-color: #e1e1e1;\">Reforma a la Ley del Instituto Estatal de los Trabajadores de la Educaci\u00f3n para su Seguridad Social<\/td>\n<td class=\"Estilo91\" style=\"background-color: #e1e1e1;\" align=\"center\" width=\"175\">\n<div style=\"text-align: center;\" align=\"left\"><a href=\"http:\/\/www.congresocoahuila.gob.mx\/portal\/wp-content\/uploads\/2014\/11\/20110412_Ejec_46.pdf\"> 12 de Abril de 2011<\/a><\/div>\n<\/td>\n<\/tr>\n<tr>\n<td class=\"Estilo91\" style=\"background-color: #fafafa;\" valign=\"top\" bgcolor=\"#E1E1E1\">\n<div align=\"left\">Diputado Mario Alberto D\u00e1vila Delgado, conjuntamente con la Diputada Esther Quintana Salinas y con los Diputados Rodrigo Rivas Urbina, Carlos Ulises Orta Canales, Loth Tipa Mota y Jos\u00e9 Miguel Batarse Silva, del Grupo Parlamentario \u201cLic. Felipe Calder\u00f3n Hinojosa\u201d, del Partido Acci\u00f3n Nacional<\/div>\n<\/td>\n<td class=\"Estilo91\" style=\"background-color: #fafafa;\" bgcolor=\"#E1E1E1\">Reforma a la Ley de Profesiones para el Estado de Coahuila<\/td>\n<td class=\"Estilo91\" style=\"background-color: #fafafa;\" align=\"center\" bgcolor=\"#E1E1E1\" width=\"175\">\n<div style=\"text-align: center;\" align=\"left\"><a href=\"http:\/\/www.congresocoahuila.gob.mx\/portal\/wp-content\/uploads\/2014\/11\/20110412179.pdf\"> 12 de Abril de 2011<\/a><\/div>\n<\/td>\n<\/tr>\n<tr>\n<td class=\"Estilo91\" style=\"background-color: #e1e1e1;\" valign=\"top\">\n<div align=\"left\">Diputado Carlos Ulises Orta Canales, conjuntamente con la Diputada Esther Quintana Salinas y con los Diputados Rodrigo Rivas Urbina, Mario Alberto D\u00e1vila Delgado, Loth Tipa Mota y Jos\u00e9 Miguel Batarse Silva, del Grupo Parlamentario \u201cLic. Felipe Calder\u00f3n Hinojosa\u201d, del Partido Acci\u00f3n Nacional<\/div>\n<\/td>\n<td class=\"Estilo91\" style=\"background-color: #e1e1e1;\">Reforma a la Ley de Desarrollo cultural para el Estado de Coahuila<\/td>\n<td class=\"Estilo91\" style=\"background-color: #e1e1e1;\" align=\"center\" width=\"175\">\n<div style=\"text-align: center;\" align=\"left\"><a href=\"http:\/\/www.congresocoahuila.gob.mx\/portal\/wp-content\/uploads\/2014\/11\/20110412180.pdf\"> 12 de Abril de 2011<\/a><\/div>\n<\/td>\n<\/tr>\n<tr>\n<td class=\"Estilo91\" style=\"background-color: #fafafa;\" valign=\"top\" bgcolor=\"#E1E1E1\">\n<div align=\"left\">Diputada Esther Quintana Salinas, conjuntamente con los Diputados Rodrigo Rivas Urbina, Mario Alberto D\u00e1vila Delgado, Carlos Ulises Orta Canales, Loth Tipa Mota y Jos\u00e9 Miguel Batarse Silva, del Grupo Parlamentario \u201cLic. Felipe Calder\u00f3n Hinojosa\u201d, del Partido Acci\u00f3n Nacional<\/div>\n<\/td>\n<td class=\"Estilo91\" style=\"background-color: #fafafa;\" bgcolor=\"#E1E1E1\">Reforma a la Ley de Org\u00e1nica del Congreso del Estado Independiente, Libre y Soberano de Coahuila de Zaragoza<\/td>\n<td class=\"Estilo91\" style=\"background-color: #fafafa;\" align=\"center\" bgcolor=\"#E1E1E1\" width=\"175\">\n<div style=\"text-align: center;\" align=\"left\"><a href=\"http:\/\/www.congresocoahuila.gob.mx\/portal\/wp-content\/uploads\/2014\/11\/20110412181.pdf\"> 12 de Abril de 2011<\/a><\/div>\n<\/td>\n<\/tr>\n<tr>\n<td class=\"Estilo91\" style=\"background-color: #e1e1e1;\" valign=\"top\">\n<div align=\"left\">Diputado Mario Alberto D\u00e1vila Delgado, conjuntamente con la Diputada Esther Quintana Salinas y con los Diputados Rodrigo Rivas Urbina, Carlos Ulises Orta Canales, Loth Tipa Mota y Jos\u00e9 Miguel Batarse Silva, del Grupo Parlamentario \u201cLic. Felipe Calder\u00f3n Hinojosa\u201d, del Partido Acci\u00f3n Nacional<\/div>\n<\/td>\n<td class=\"Estilo91\" style=\"background-color: #e1e1e1;\">Reforma al C\u00f3digo Penal para el Estado de Coahuila, C\u00f3digo de Procedimientos Penales para el Estado de Coahuila<\/td>\n<td class=\"Estilo91\" style=\"background-color: #e1e1e1;\" align=\"center\" width=\"175\">\n<div style=\"text-align: center;\" align=\"left\"><a href=\"http:\/\/www.congresocoahuila.gob.mx\/portal\/wp-content\/uploads\/2014\/11\/20110412182.pdf\"> 12 de Abril de 2011<\/a><\/div>\n<\/td>\n<\/tr>\n<tr>\n<td class=\"Estilo91\" style=\"background-color: #fafafa;\" valign=\"top\" bgcolor=\"#E1E1E1\">\n<div align=\"left\">Diputado Carlos Ulises Orta Canales, conjuntamente con la Diputada Esther Quintana Salinas y con los Diputados Rodrigo Rivas Urbina, Mario Alberto D\u00e1vila Delgado, Loth Tipa Mota y Jos\u00e9 Miguel Batarse Silva, del Grupo Parlamentario \u201cLic. Felipe Calder\u00f3n Hinojosa\u201d, del Partido Acci\u00f3n Nacional<\/div>\n<\/td>\n<td class=\"Estilo91\" style=\"background-color: #fafafa;\" bgcolor=\"#E1E1E1\">Reforma a la Ley de Procuraci\u00f3n de Justicia para el Estado de Coahuila, C\u00f3digo Penal para el Estado de Coahuila, C\u00f3digo de Procedimientos Penales para el Estado de Coahuila<\/td>\n<td class=\"Estilo91\" style=\"background-color: #fafafa;\" align=\"center\" bgcolor=\"#E1E1E1\" width=\"175\">\n<div style=\"text-align: center;\" align=\"left\"><a href=\"http:\/\/www.congresocoahuila.gob.mx\/portal\/wp-content\/uploads\/2014\/11\/20110412183.pdf\"> 12 de Abril de 2011<\/a><\/div>\n<\/td>\n<\/tr>\n<tr>\n<td class=\"Estilo91\" style=\"background-color: #e1e1e1;\" valign=\"top\">\n<div align=\"left\">Diputado Carlos Ulises Orta Canales, conjuntamente con la Diputada Esther Quintana Salinas y con los Diputados Rodrigo Rivas Urbina, Mario Alberto D\u00e1vila Delgado, Loth Tipa Mota y Jos\u00e9 Miguel Batarse Silva, del Grupo Parlamentario \u201cLic. Felipe Calder\u00f3n Hinojosa\u201d, del Partido Acci\u00f3n Nacional<\/div>\n<\/td>\n<td class=\"Estilo91\" style=\"background-color: #e1e1e1;\">Ley para el Control de video C\u00e1maras Urbanas para el Estado de Coahuila de Zaragoza<\/td>\n<td class=\"Estilo91\" style=\"background-color: #e1e1e1;\" align=\"center\" width=\"175\">\n<div style=\"text-align: center;\" align=\"left\"><a href=\"http:\/\/www.congresocoahuila.gob.mx\/portal\/wp-content\/uploads\/2014\/11\/20110412184.pdf\"> 12 de Abril de 2011<\/a><\/div>\n<\/td>\n<\/tr>\n<tr>\n<td class=\"Estilo91\" style=\"background-color: #fafafa;\" valign=\"top\" bgcolor=\"#E1E1E1\">\n<div align=\"left\">Diputado Carlos Ulises Orta Canales, conjuntamente con la Diputada Esther Quintana Salinas y con los Diputados Rodrigo Rivas Urbina, Mario Alberto D\u00e1vila Delgado, Loth Tipa Mota y Jos\u00e9 Miguel Batarse Silva, del Grupo Parlamentario \u201cLic. Felipe Calder\u00f3n Hinojosa\u201d, del Partido Acci\u00f3n Nacional<\/div>\n<\/td>\n<td class=\"Estilo91\" style=\"background-color: #fafafa;\" bgcolor=\"#E1E1E1\">Ley de Responsabilidad Patrimonial del Estado de Coahuila de Zaragoza<\/td>\n<td class=\"Estilo91\" style=\"background-color: #fafafa;\" align=\"center\" bgcolor=\"#E1E1E1\" width=\"175\">\n<div style=\"text-align: center;\" align=\"left\"><a href=\"http:\/\/www.congresocoahuila.gob.mx\/portal\/wp-content\/uploads\/2014\/11\/20110412185.pdf\"> 12 de Abril de 2011<\/a><\/div>\n<\/td>\n<\/tr>\n<tr>\n<td class=\"Estilo91\" style=\"background-color: #e1e1e1;\" valign=\"top\">\n<div align=\"left\">Lic. Jorge Juan Torres L\u00f3pez, Gobernador Interino del Estado de Coahuila de Zaragoza<\/div>\n<\/td>\n<td class=\"Estilo91\" style=\"background-color: #e1e1e1;\">Se abroga la Ley Ley del Instituto Estatal de los Trabajadores de la Educaci\u00f3n, Se expide la Ley de Pensiones y Otros Beneficios Sociales para los Trabajadores de la Educaci\u00f3n P\u00fablica del Estado, la Ley del Fondo de la Vivienda para los Trabajadores de la Educaci\u00f3n al Servicio del Estado de Coahuila de Zaragoza y sus Municipios, la Ley del Seguro de los Trabajadores de la Educaci\u00f3n y la Ley del Servicio M\u00e9dico para los Trabajadores de la Educaci\u00f3n del Estado de Coahuila<\/td>\n<td class=\"Estilo91\" style=\"background-color: #e1e1e1;\" align=\"center\" width=\"175\">\n<div style=\"text-align: center;\" align=\"left\"><a href=\"http:\/\/www.congresocoahuila.gob.mx\/portal\/wp-content\/uploads\/2014\/11\/20110503_Ejec_47.pdf\"> 3 de Mayo de 2011<\/a><\/div>\n<\/td>\n<\/tr>\n<tr>\n<td class=\"Estilo91\" style=\"background-color: #fafafa;\" valign=\"top\" bgcolor=\"#E1E1E1\">\n<div align=\"left\">Lic. Jorge Juan Torres L\u00f3pez, Gobernador Interino del Estado de Coahuila de Zaragoza<\/div>\n<\/td>\n<td class=\"Estilo91\" style=\"background-color: #fafafa;\" bgcolor=\"#E1E1E1\">Reforma a la Constituci\u00f3n Pol\u00edtica del Estado de Coahuila, de la Ley Org\u00e1nica de la Administraci\u00f3n P\u00fablica del Estado de Coahuila de Zaragoza, de la Ley Org\u00e1nica del Poder Judicial del Estado de Coahuila de Zaragoza, de la Ley Org\u00e1nica de la Fiscalia General del Estado de Coahuila de Zaragoza, de la Ley de Ejecuci\u00f3n de Sanciones Privativas y Restrictivas de la Libertad del Estado de Coahuila y del C\u00f3digo de Procedimientos Penales del Estado de Coahuila de Zaragoza, planteada por el Ejecutivo del Estado<\/td>\n<td class=\"Estilo91\" style=\"background-color: #fafafa;\" align=\"center\" bgcolor=\"#E1E1E1\" width=\"175\">\n<div style=\"text-align: center;\" align=\"left\"><a href=\"http:\/\/www.congresocoahuila.gob.mx\/portal\/wp-content\/uploads\/2014\/11\/20110621_Ejec_48.pdf\"> 21 de Junio de 2011<\/a><\/div>\n<\/td>\n<\/tr>\n<tr>\n<td class=\"Estilo91\" style=\"background-color: #e1e1e1;\" valign=\"top\">\n<div align=\"left\">Lic. Jorge Juan Torres L\u00f3pez, Gobernador Interino del Estado de Coahuila de Zaragoza<\/div>\n<\/td>\n<td class=\"Estilo91\" style=\"background-color: #e1e1e1;\">Ley de Deuda P\u00fablica para el Estado de Coahuila de Zaragoza<\/td>\n<td class=\"Estilo91\" style=\"background-color: #e1e1e1;\" align=\"center\" width=\"175\">\n<div style=\"text-align: center;\" align=\"left\"><a href=\"http:\/\/www.congresocoahuila.gob.mx\/portal\/wp-content\/uploads\/2014\/11\/20110804_Ejec_49.pdf\"> 4 de Agosto de 2011<\/a><\/div>\n<\/td>\n<\/tr>\n<tr>\n<td class=\"Estilo91\" style=\"background-color: #fafafa;\" valign=\"top\" bgcolor=\"#E1E1E1\">\n<div align=\"left\">Lic. Jorge Juan Torres L\u00f3pez, Gobernador Interino del Estado de Coahuila de Zaragoza<\/div>\n<\/td>\n<td class=\"Estilo91\" style=\"background-color: #fafafa;\" bgcolor=\"#E1E1E1\">Reforma a la Ley de Ingresos del Estado y al Presupuesto de Egresos del Estado para el Ejercicio Fiscal 2011<\/td>\n<td class=\"Estilo91\" style=\"background-color: #fafafa;\" align=\"center\" bgcolor=\"#E1E1E1\" width=\"175\">\n<div style=\"text-align: center;\" align=\"left\"><a href=\"http:\/\/www.congresocoahuila.gob.mx\/portal\/wp-content\/uploads\/2014\/11\/20110816_Ejec_50.pdf\"> 16 de Agosto de 2011<\/a><\/div>\n<\/td>\n<\/tr>\n<tr>\n<td class=\"Estilo91\" style=\"background-color: #e1e1e1;\" valign=\"top\">\n<div align=\"left\">Lic. Jorge Juan Torres L\u00f3pez, Gobernador Interino del Estado de Coahuila de Zaragoza<\/div>\n<\/td>\n<td class=\"Estilo91\" style=\"background-color: #e1e1e1;\">Iniciativa de Decreto por el que se autoriza al estado de Coahuila de Zaragoza a contratar empr\u00e9stitos para ser destinados al refinanciamiento de la Deuda P\u00fablica Estatal<\/td>\n<td class=\"Estilo91\" style=\"background-color: #e1e1e1;\" align=\"center\" width=\"175\">\n<div style=\"text-align: center;\" align=\"left\"><a href=\"http:\/\/www.congresocoahuila.gob.mx\/portal\/wp-content\/uploads\/2014\/11\/20110816_Ejec_50A.pdf\"> 16 de Agosto de 2011<\/a><\/div>\n<\/td>\n<\/tr>\n<tr>\n<td class=\"Estilo91\" style=\"background-color: #fafafa;\" valign=\"top\" bgcolor=\"#E1E1E1\">\n<div align=\"left\">Diputado Fernando Donato de las Fuentes Hern\u00e1ndez y los dem\u00e1s integrantes del Grupo Parlamentario \u201cJos\u00e9 Mar\u00eda Morelos y Pav\u00f3n\u201d del Partido Revolucionario Institucional<\/div>\n<\/td>\n<td class=\"Estilo91\" style=\"background-color: #fafafa;\" bgcolor=\"#E1E1E1\">Reforma a la Ley de Protecci\u00f3n Civil para el Estado de Coahuila de Zaragoza<\/td>\n<td class=\"Estilo91\" style=\"background-color: #fafafa;\" align=\"center\" bgcolor=\"#E1E1E1\" width=\"175\">\n<div style=\"text-align: center;\" align=\"left\"><a href=\"http:\/\/www.congresocoahuila.gob.mx\/portal\/wp-content\/uploads\/2014\/11\/20110901186.pdf\"> 1 de Septiembre de 2011<\/a><\/div>\n<\/td>\n<\/tr>\n<tr>\n<td class=\"Estilo91\" style=\"background-color: #e1e1e1;\" valign=\"top\">\n<div align=\"left\">Diputada Esther Quintana Salinas, conjuntamente con los Diputados Mario Alberto D\u00e1vila Delgado, Rodrigo Rivas Urbina, Carlos Ulises Orta Canales y Jos\u00e9 Miguel Batarse Silva, del Grupo Parlamentario \u201cFelipe Calder\u00f3n Hinojosa\u201d, del Partido Acci\u00f3n Nacional<\/div>\n<\/td>\n<td class=\"Estilo91\" style=\"background-color: #e1e1e1;\">Ley de Fomento a las Actividades de las Organizaciones de la Sociedad Civil del Estado de Coahuila de Zaragoza<\/td>\n<td class=\"Estilo91\" style=\"background-color: #e1e1e1;\" align=\"center\" width=\"175\">\n<div style=\"text-align: center;\" align=\"left\"><a href=\"http:\/\/www.congresocoahuila.gob.mx\/portal\/wp-content\/uploads\/2014\/11\/20110901187.pdf\"> 1 de Septiembre de 2011<\/a><\/div>\n<\/td>\n<\/tr>\n<tr>\n<td class=\"Estilo91\" style=\"background-color: #fafafa;\" valign=\"top\" bgcolor=\"#E1E1E1\">\n<div align=\"left\">Diputado Fernando Donato de las Fuentes Hern\u00e1ndez y los dem\u00e1s integrantes del Grupo Parlamentario \u201cJos\u00e9 Mar\u00eda Morelos y Pav\u00f3n\u201d del Partido Revolucionario Institucional<\/div>\n<\/td>\n<td class=\"Estilo91\" style=\"background-color: #fafafa;\" bgcolor=\"#E1E1E1\">Reforma a la Ley para el Desarrollo Integral de las Personas con Discapacidad en el Estado de Coahuila<\/td>\n<td class=\"Estilo91\" style=\"background-color: #fafafa;\" align=\"center\" bgcolor=\"#E1E1E1\" width=\"175\">\n<div style=\"text-align: center;\" align=\"left\"><a href=\"http:\/\/www.congresocoahuila.gob.mx\/portal\/wp-content\/uploads\/2014\/11\/20110901188.pdf\"> 1 de Septiembre de 2011<\/a><\/div>\n<\/td>\n<\/tr>\n<tr>\n<td class=\"Estilo91\" style=\"background-color: #e1e1e1;\" valign=\"top\">\n<div align=\"left\">Diputada Esther Quintana Salinas en conjunto con los Diputados del Grupo Parlamentario \u201cFelipe Calder\u00f3n Hinojosa\u201d del Partido Acci\u00f3n Nacional<\/div>\n<\/td>\n<td class=\"Estilo91\" style=\"background-color: #e1e1e1;\">Reforma a la Ley Org\u00e1nica del Congreso del Estado Independiente, Libre y Soberano de Coahuila de Zaragoza<\/td>\n<td class=\"Estilo91\" style=\"background-color: #e1e1e1;\" align=\"center\" width=\"175\">\n<div style=\"text-align: center;\" align=\"left\"><a href=\"http:\/\/www.congresocoahuila.gob.mx\/portal\/wp-content\/uploads\/2014\/11\/20110901189.pdf\"> 1 de Septiembre de 2011<\/a><\/div>\n<\/td>\n<\/tr>\n<tr>\n<td class=\"Estilo91\" style=\"background-color: #fafafa;\" valign=\"top\" bgcolor=\"#E1E1E1\">\n<div align=\"left\">Diputado Fernando D. de las Fuentes Hern\u00e1ndez, conjuntamente con las Diputadas y Diputados integrantes del Grupo Parlamentario \u201cJos\u00e9 Mar\u00eda Morelos y Pav\u00f3n\u201d, del Partido Revolucionario Institucional<\/div>\n<\/td>\n<td class=\"Estilo91\" style=\"background-color: #fafafa;\" bgcolor=\"#E1E1E1\">Reforma al C\u00f3digo Penal de Coahuila<\/td>\n<td class=\"Estilo91\" style=\"background-color: #fafafa;\" align=\"center\" bgcolor=\"#E1E1E1\" width=\"175\">\n<div style=\"text-align: center;\" align=\"left\"><a href=\"http:\/\/www.congresocoahuila.gob.mx\/portal\/wp-content\/uploads\/2014\/11\/20110906190.pdf\"> 6 de Septiembre de 2011<\/a><\/div>\n<\/td>\n<\/tr>\n<tr>\n<td class=\"Estilo91\" style=\"background-color: #e1e1e1;\" valign=\"top\">\n<div align=\"left\">Diputado Carlos Ulises Orta Canales, conjuntamente con los Diputados Mario Alberto D\u00e1vila Delgado, Rodrigo Rivas Urbina y Jos\u00e9 Miguel Batarse Silva, del Grupo Parlamentario \u201cFelipe Calder\u00f3n Hinojosa\u201d, del Partido Acci\u00f3n Nacional<\/div>\n<\/td>\n<td class=\"Estilo91\" style=\"background-color: #e1e1e1;\">Reforma a la Ley de Acceso a la Informaci\u00f3n P\u00fablica y Protecci\u00f3n de Datos Personales para el Estado de Coahuila<\/td>\n<td class=\"Estilo91\" style=\"background-color: #e1e1e1;\" align=\"center\" width=\"175\">\n<div style=\"text-align: center;\" align=\"left\"><a href=\"http:\/\/www.congresocoahuila.gob.mx\/portal\/wp-content\/uploads\/2014\/11\/20110906191.pdf\"> 6 de Septiembre de 2011<\/a><\/div>\n<\/td>\n<\/tr>\n<tr>\n<td class=\"Estilo91\" style=\"background-color: #fafafa;\" valign=\"top\" bgcolor=\"#E1E1E1\">\n<div align=\"left\">Diputado Fernando D. de las Fuentes Hern\u00e1ndez, conjuntamente con las Diputadas y Diputados integrantes del Grupo Parlamentario \u201cJos\u00e9 Mar\u00eda Morelos y Pav\u00f3n\u201d, del Partido Revolucionario Institucional<\/div>\n<\/td>\n<td class=\"Estilo91\" style=\"background-color: #fafafa;\" bgcolor=\"#E1E1E1\">Reforma a la Ley de Ejecuci\u00f3n de Sanciones Privativas y Restrictivas de la Libertad para el Estado de Coahuila<\/td>\n<td class=\"Estilo91\" style=\"background-color: #fafafa;\" align=\"center\" bgcolor=\"#E1E1E1\" width=\"175\">\n<div style=\"text-align: center;\" align=\"left\"><a href=\"http:\/\/www.congresocoahuila.gob.mx\/portal\/wp-content\/uploads\/2014\/11\/20110913192.pdf\"> 13 de Septiembre de 2011<\/a><\/div>\n<\/td>\n<\/tr>\n<tr>\n<td class=\"Estilo91\" style=\"background-color: #e1e1e1;\" valign=\"top\">\n<div align=\"left\">Diputado Mario Alberto D\u00e1vila Delgado, conjuntamente con los Diputados Esther Quintana Salinas, Carlos Ulises Orta Canales y Rodrigo Rivas Urbina, del Grupo Parlamentario \u201cFelipe Calder\u00f3n Hinojosa\u201d, del Partido Acci\u00f3n Nacional<\/div>\n<\/td>\n<td class=\"Estilo91\" style=\"background-color: #e1e1e1;\">Reforma a la Ley de Desarrollo Social para el Estado de Coahuila<\/td>\n<td class=\"Estilo91\" style=\"background-color: #e1e1e1;\" align=\"center\" width=\"175\">\n<div style=\"text-align: center;\" align=\"left\"><a href=\"http:\/\/www.congresocoahuila.gob.mx\/portal\/wp-content\/uploads\/2014\/11\/20110913193.pdf\"> 13 de Septiembre de 2011<\/a><\/div>\n<\/td>\n<\/tr>\n<tr>\n<td class=\"Estilo91\" style=\"background-color: #fafafa;\" valign=\"top\" bgcolor=\"#E1E1E1\">\n<div align=\"left\">Diputado Fernando D. de las Fuentes Hern\u00e1ndez, conjuntamente con las Diputadas y Diputados integrantes del Grupo Parlamentario \u201cJos\u00e9 Mar\u00eda Morelos y Pav\u00f3n\u201d, del Partido Revolucionario Institucional<\/div>\n<\/td>\n<td class=\"Estilo91\" style=\"background-color: #fafafa;\" bgcolor=\"#E1E1E1\">Abrogar la Ley de la Industria de la Leche y sus Derivados en el Estado de Coahuila<\/td>\n<td class=\"Estilo91\" style=\"background-color: #fafafa;\" align=\"center\" bgcolor=\"#E1E1E1\" width=\"175\">\n<div style=\"text-align: center;\" align=\"left\"><a href=\"http:\/\/www.congresocoahuila.gob.mx\/portal\/wp-content\/uploads\/2014\/11\/20110920194.pdf\"> 20 de Septiembre de 2011<\/a><\/div>\n<\/td>\n<\/tr>\n<tr>\n<td class=\"Estilo91\" style=\"background-color: #e1e1e1;\" valign=\"top\">\n<div align=\"left\">Lic. Jorge Juan Torres L\u00f3pez, Gobernador Interino del Estado de Coahuila de Zaragoza<\/div>\n<\/td>\n<td class=\"Estilo91\" style=\"background-color: #e1e1e1;\">Iniciativa de Decreto por el que se reforman, adicionan y derogan diversas disposiciones del Decreto n\u00famero 534, \u201cDECRETO POR EL QUE SE AUTORIZA AL ESTADO DE COAHUILA DE ZARAGOZA A CONTRATAR EMPR\u00c9STITOS PARA SER DESTINADOS AL REFINANCIAMIENTO DE LA DEUDA P\u00daBLICA ESTATAL A SU CARGO QUE SE INDICA, Y A CELEBRAR LAS DEM\u00c1S OPERACIONES FINANCIERAS Y ACTOS JUR\u00cdDICOS QUE SE SE\u00d1ALAN\u201d, publicado en el Peri\u00f3dico Oficial del Gobierno del Estado el d\u00eda 19 de Agosto de 2011.<\/td>\n<td class=\"Estilo91\" style=\"background-color: #e1e1e1;\" align=\"center\" width=\"175\">\n<div style=\"text-align: center;\" align=\"left\"><a href=\"http:\/\/www.congresocoahuila.gob.mx\/portal\/wp-content\/uploads\/2014\/11\/20110926_Ejec_50B.pdf\"> 26 de Septiembre de 2011<\/a><\/div>\n<\/td>\n<\/tr>\n<tr>\n<td class=\"Estilo91\" style=\"background-color: #fafafa;\" valign=\"top\" bgcolor=\"#E1E1E1\">\n<div align=\"left\">Diputado Fernando D. de las Fuentes Hern\u00e1ndez, conjuntamente con las Diputadas y Diputados integrantes del Grupo Parlamentario \u201cJos\u00e9 Mar\u00eda Morelos y Pav\u00f3n\u201d, del Partido Revolucionario Institucional<\/div>\n<\/td>\n<td class=\"Estilo91\" style=\"background-color: #fafafa;\" bgcolor=\"#E1E1E1\">Reforma al C\u00f3digo Penal de Coahuila, C\u00f3digo de Procedimientos Penales y a la Ley de Ejecuci\u00f3n de Sanciones Privativas y Restrictivas de la Libertad para el Estado de Coahuila<\/td>\n<td class=\"Estilo91\" style=\"background-color: #fafafa;\" align=\"center\" bgcolor=\"#E1E1E1\" width=\"175\">\n<div style=\"text-align: center;\" align=\"left\"><a href=\"http:\/\/www.congresocoahuila.gob.mx\/portal\/wp-content\/uploads\/2014\/11\/20111005195.pdf\"> 5 de Octubre de 2011<\/a><\/div>\n<\/td>\n<\/tr>\n<tr>\n<td class=\"Estilo91\" style=\"background-color: #e1e1e1;\" valign=\"top\">\n<div align=\"left\">Diputada Esther Quintana Salinas, conjuntamente con los Diputados Mario Alberto D\u00e1vila Delgado, Rodrigo Rivas Urbina, Carlos Ulises Orta Canales y Jos\u00e9 Miguel Batarse Silva, del Grupo Parlamentario \u201cFelipe Calder\u00f3n Hinojosa\u201d, del Partido Acci\u00f3n Nacional<\/div>\n<\/td>\n<td class=\"Estilo91\" style=\"background-color: #e1e1e1;\">Reforma a la Ley Org\u00e1nica de la Universidad Aut\u00f3noma de Coahuila<\/td>\n<td class=\"Estilo91\" style=\"background-color: #e1e1e1;\" align=\"center\" width=\"175\">\n<div style=\"text-align: center;\" align=\"left\"><a href=\"http:\/\/www.congresocoahuila.gob.mx\/portal\/wp-content\/uploads\/2014\/11\/20111005196.pdf\"> 5 de Octubre de 2011<\/a><\/div>\n<\/td>\n<\/tr>\n<tr>\n<td class=\"Estilo91\" style=\"background-color: #fafafa;\" valign=\"top\" bgcolor=\"#E1E1E1\">\n<div align=\"left\">Diputados Mario Alberto D\u00e1vila Delgado, Esther Quintana Salinas, Rodrigo Rivas Urbina, Carlos Ulises Orta Canales y Jos\u00e9 Miguel Batarse Silva, del Grupo Parlamentario \u201cFelipe Calder\u00f3n Hinojosa\u201d, del Partido Acci\u00f3n Nacional<\/div>\n<\/td>\n<td class=\"Estilo91\" style=\"background-color: #fafafa;\" bgcolor=\"#E1E1E1\">Ley de Deuda P\u00fablica para el Estado de Coahuila de Zaragoza<\/td>\n<td class=\"Estilo91\" style=\"background-color: #fafafa;\" align=\"center\" bgcolor=\"#E1E1E1\" width=\"175\">\n<div style=\"text-align: center;\" align=\"left\"><a href=\"http:\/\/www.congresocoahuila.gob.mx\/portal\/wp-content\/uploads\/2014\/11\/20111005197.pdf\"> 5 de Octubre de 2011<\/a><\/div>\n<\/td>\n<\/tr>\n<tr>\n<td class=\"Estilo91\" style=\"background-color: #e1e1e1;\" valign=\"top\">\n<div align=\"left\">Lic. Jorge Juan Torres L\u00f3pez, Gobernador Interino del Estado de Coahuila de Zaragoza<\/div>\n<\/td>\n<td class=\"Estilo91\" style=\"background-color: #e1e1e1;\">Reforma a la Constituci\u00f3n Pol\u00edtica del Estado de Coahuila de Zaragoza<\/td>\n<td class=\"Estilo91\" style=\"background-color: #e1e1e1;\" align=\"center\" width=\"175\">\n<div style=\"text-align: center;\" align=\"left\"><a href=\"http:\/\/www.congresocoahuila.gob.mx\/portal\/wp-content\/uploads\/2014\/11\/20111011_Ejec_51.pdf\"> 11 de Octubre de 2011<\/a><\/div>\n<\/td>\n<\/tr>\n<tr>\n<td class=\"Estilo91\" style=\"background-color: #fafafa;\" valign=\"top\" bgcolor=\"#E1E1E1\">\n<div align=\"left\">Diputado Fernando D. de las Fuentes Hern\u00e1ndez, conjuntamente con las Diputadas y Diputados integrantes del Grupo Parlamentario \u201cJos\u00e9 Mar\u00eda Morelos y Pav\u00f3n\u201d, del Partido Revolucionario Institucional<\/div>\n<\/td>\n<td class=\"Estilo91\" style=\"background-color: #fafafa;\" bgcolor=\"#E1E1E1\">Reforma a la Ley Estatal de Educaci\u00f3n<\/td>\n<td class=\"Estilo91\" style=\"background-color: #fafafa;\" align=\"center\" bgcolor=\"#E1E1E1\" width=\"175\">\n<div style=\"text-align: center;\" align=\"left\"><a href=\"http:\/\/www.congresocoahuila.gob.mx\/portal\/wp-content\/uploads\/2014\/11\/20111011198.pdf\"> 11 de Octubre de 2011<\/a><\/div>\n<\/td>\n<\/tr>\n<tr>\n<td class=\"Estilo91\" style=\"background-color: #e1e1e1;\" valign=\"top\">\n<div align=\"left\">Diputada Esther Quintana Salinas, conjuntamente con los Diputados Mario Alberto D\u00e1vila Delgado, Rodrigo Rivas Urbina, Carlos Ulises Orta Canales y Jos\u00e9 Miguel Batarse Silva, del Grupo Parlamentario \u201cFelipe Calder\u00f3n Hinojosa\u201d, del Partido Acci\u00f3n Nacional<\/div>\n<\/td>\n<td class=\"Estilo91\" style=\"background-color: #e1e1e1;\">Reforma al C\u00f3digo Civil para el Estado de Coahuila, C\u00f3digo Penal de Coahuila, Ley Reglamentaria del Registro P\u00fablico del Estado de Coahuila<\/td>\n<td class=\"Estilo91\" style=\"background-color: #e1e1e1;\" align=\"center\" width=\"175\">\n<div style=\"text-align: center;\" align=\"left\"><a href=\"http:\/\/www.congresocoahuila.gob.mx\/portal\/wp-content\/uploads\/2014\/11\/20111011199.pdf\"> 11 de Octubre de 2011<\/a><\/div>\n<\/td>\n<\/tr>\n<tr>\n<td class=\"Estilo91\" style=\"background-color: #fafafa;\" valign=\"top\" bgcolor=\"#E1E1E1\">\n<div align=\"left\">Diputada Ver\u00f3nica Mart\u00ednez Garc\u00eda, conjuntamente con las Diputadas y Diputados integrantes del Grupo Parlamentario \u201cJos\u00e9 Mar\u00eda Morelos y Pav\u00f3n\u201d, del Partido Revolucionario Institucional<\/div>\n<\/td>\n<td class=\"Estilo91\" style=\"background-color: #fafafa;\" bgcolor=\"#E1E1E1\">Ley para el Desarrollo de la Juventud del Estado de Coahuila<\/td>\n<td class=\"Estilo91\" style=\"background-color: #fafafa;\" align=\"center\" bgcolor=\"#E1E1E1\" width=\"175\">\n<div style=\"text-align: center;\" align=\"left\"><a href=\"http:\/\/www.congresocoahuila.gob.mx\/portal\/wp-content\/uploads\/2014\/11\/20111011200.pdf\"> 11 de Octubre de 2011<\/a><\/div>\n<\/td>\n<\/tr>\n<tr>\n<td class=\"Estilo91\" style=\"background-color: #e1e1e1;\" valign=\"top\">\n<div align=\"left\">Diputado Fernando D. de las Fuentes Hern\u00e1ndez, conjuntamente con las Diputadas y Diputados integrantes del Grupo Parlamentario \u201cJos\u00e9 Mar\u00eda Morelos y Pav\u00f3n\u201d, del Partido Revolucionario Institucional<\/div>\n<\/td>\n<td class=\"Estilo91\" style=\"background-color: #e1e1e1;\">Reforma a la Ley de Cultura F\u00edsica y Deporte del Estado de Coahuila de Zaragoza<\/td>\n<td class=\"Estilo91\" style=\"background-color: #e1e1e1;\" align=\"center\" width=\"175\">\n<div style=\"text-align: center;\" align=\"left\"><a href=\"http:\/\/www.congresocoahuila.gob.mx\/portal\/wp-content\/uploads\/2014\/11\/20111018201.pdf\"> 18 de Octubre de 2011<\/a><\/div>\n<\/td>\n<\/tr>\n<tr>\n<td class=\"Estilo91\" style=\"background-color: #fafafa;\" valign=\"top\" bgcolor=\"#E1E1E1\">\n<div align=\"left\">Diputada Ver\u00f3nica Boreque Mart\u00ednez Gonz\u00e1lez, conjuntamente con las Diputadas y Diputados integrantes del Grupo Parlamentario \u201cJos\u00e9 Mar\u00eda Morelos y Pav\u00f3n\u201d, del Partido Revolucionario Institucional<\/div>\n<\/td>\n<td class=\"Estilo91\" style=\"background-color: #fafafa;\" bgcolor=\"#E1E1E1\">Reforma a la Ley para la Protecci\u00f3n de los Derechos y Deberes de las Ni\u00f1as, Ni\u00f1os y Adolescentes del Estado de Coahuila<\/td>\n<td class=\"Estilo91\" style=\"background-color: #fafafa;\" align=\"center\" bgcolor=\"#E1E1E1\" width=\"175\">\n<div style=\"text-align: center;\" align=\"left\"><a href=\"http:\/\/www.congresocoahuila.gob.mx\/portal\/wp-content\/uploads\/2014\/11\/20111018202.pdf\"> 18 de Octubre de 2011<\/a><\/div>\n<\/td>\n<\/tr>\n<tr>\n<td class=\"Estilo91\" style=\"background-color: #e1e1e1;\" valign=\"top\">\n<div align=\"left\">Diputado Fernando de las Fuentes Hern\u00e1ndez, conjuntamente con las Diputadas y Diputados integrantes del Grupo Parlamentario \u201cJos\u00e9 Mar\u00eda Morelos y Pav\u00f3n\u201d, del Partido Revolucionario Institucional<\/div>\n<\/td>\n<td class=\"Estilo91\" style=\"background-color: #e1e1e1;\">Reforma a la Ley que regula las Casas de Empe\u00f1o en el Estado de Coahuila de Zaragoza<\/td>\n<td class=\"Estilo91\" style=\"background-color: #e1e1e1;\" align=\"center\" width=\"175\">\n<div style=\"text-align: center;\" align=\"left\"><a href=\"http:\/\/www.congresocoahuila.gob.mx\/portal\/wp-content\/uploads\/2014\/11\/20111025203.pdf\"> 25 de Octubre de 2011<\/a><\/div>\n<\/td>\n<\/tr>\n<tr>\n<td class=\"Estilo91\" style=\"background-color: #fafafa;\" valign=\"top\" bgcolor=\"#E1E1E1\">\n<div align=\"left\">Diputado Enrique Mart\u00ednez y Morales, conjuntamente con las Diputadas y Diputados integrantes del Grupo Parlamentario \u201cJos\u00e9 Mar\u00eda Morelos y Pav\u00f3n\u201d, del Partido Revolucionario Institucional<\/div>\n<\/td>\n<td class=\"Estilo91\" style=\"background-color: #fafafa;\" bgcolor=\"#E1E1E1\">Reforma a la Ley para promover la Igualdad y Prevenir la Discriminaci\u00f3n en el Estado de Coahuila de Zaragoza<\/td>\n<td class=\"Estilo91\" style=\"background-color: #fafafa;\" align=\"center\" bgcolor=\"#E1E1E1\" width=\"175\">\n<div style=\"text-align: center;\" align=\"left\"><a href=\"http:\/\/www.congresocoahuila.gob.mx\/portal\/wp-content\/uploads\/2014\/11\/20111025204.pdf\"> 25 de Octubre de 2011<\/a><\/div>\n<\/td>\n<\/tr>\n<tr>\n<td class=\"Estilo91\" style=\"background-color: #e1e1e1;\" valign=\"top\">\n<div align=\"left\">Diputado Fernando D. de las Fuentes Hern\u00e1ndez, del Partido Revolucionario Institucional; el Diputado Jes\u00fas Contreras Pacheco, del Partido Primero Coahuila y la Diputada Cecilia Yanet Babun Moreno, del Partido de la Revoluci\u00f3n Democr\u00e1tica<\/div>\n<\/td>\n<td class=\"Estilo91\" style=\"background-color: #e1e1e1;\">Ley Org\u00e1nica del Congreso del Estado Independiente, Libre y Soberano de Coahuila de Zaragoza<\/td>\n<td class=\"Estilo91\" style=\"background-color: #e1e1e1;\" align=\"center\" width=\"175\">\n<div style=\"text-align: center;\" align=\"left\"><a href=\"http:\/\/www.congresocoahuila.gob.mx\/portal\/wp-content\/uploads\/2014\/11\/20111101205.pdf\"> 1 de Noviembre de 2011<\/a><\/div>\n<\/td>\n<\/tr>\n<tr>\n<td class=\"Estilo91\" style=\"background-color: #fafafa;\" valign=\"top\" bgcolor=\"#E1E1E1\">\n<div align=\"left\">Diputada J\u00e9ssica Luz Ag\u00fcero Mart\u00ednez, conjuntamente con las Diputadas y Diputados integrantes del Grupo Parlamentario \u201cJos\u00e9 Mar\u00eda Morelos y Pav\u00f3n\u201d, del Partido Revolucionario Institucional<\/div>\n<\/td>\n<td class=\"Estilo91\" style=\"background-color: #fafafa;\" bgcolor=\"#E1E1E1\">Reforma al C\u00f3digo Penal de Coahuila<\/td>\n<td class=\"Estilo91\" style=\"background-color: #fafafa;\" align=\"center\" bgcolor=\"#E1E1E1\" width=\"175\">\n<div style=\"text-align: center;\" align=\"left\"><a href=\"http:\/\/www.congresocoahuila.gob.mx\/portal\/wp-content\/uploads\/2014\/11\/20111101206.pdf\"> 1 de Noviembre de 2011<\/a><\/div>\n<\/td>\n<\/tr>\n<tr>\n<td class=\"Estilo91\" style=\"background-color: #e1e1e1;\" valign=\"top\" bgcolor=\"#E1E1E1\">\n<div align=\"left\">Diputado Fernando D. de las Fuentes Hern\u00e1ndez, conjuntamente con las Diputadas y Diputados integrantes del Grupo Parlamentario \u201cJos\u00e9 Mar\u00eda Morelos y Pav\u00f3n\u201d, del Partido Revolucionario Institucional<\/div>\n<\/td>\n<td class=\"Estilo91\" style=\"background-color: #e1e1e1;\" bgcolor=\"#E1E1E1\">Reforma a la Ley de Instituciones y Asociaciones de Beneficencia Privada para el Estado de Coahuila de Zaragoza<\/td>\n<td class=\"Estilo91\" style=\"background-color: #e1e1e1;\" align=\"center\" bgcolor=\"#E1E1E1\" width=\"175\">\n<div style=\"text-align: center;\" align=\"left\"><a href=\"http:\/\/www.congresocoahuila.gob.mx\/portal\/wp-content\/uploads\/2014\/11\/20111108208.pdf\"> 8 de Noviembre de 2011<\/a><\/div>\n<\/td>\n<\/tr>\n<tr>\n<td class=\"Estilo91\" style=\"background-color: #fafafa;\" valign=\"top\">\n<div align=\"left\">Diputada Esther Quintana Salinas, conjuntamente con los Diputados Mario Alberto D\u00e1vila Delgado, Rodrigo Rivas Urbina, Carlos Ulises Orta Canales y Jos\u00e9 Miguel Batarse Silva, del Grupo Parlamentario \u201cFelipe Calder\u00f3n Hinojosa\u201d, del Partido Acci\u00f3n Nacional<\/div>\n<\/td>\n<td class=\"Estilo91\" style=\"background-color: #fafafa;\">Reforma a la Ley Estatal de Educaci\u00f3n<\/td>\n<td class=\"Estilo91\" style=\"background-color: #fafafa;\" align=\"center\" width=\"175\">\n<div style=\"text-align: center;\" align=\"left\"><a href=\"http:\/\/www.congresocoahuila.gob.mx\/portal\/wp-content\/uploads\/2014\/11\/20111108209.pdf\"> 8 de Noviembre de 2011<\/a><\/div>\n<\/td>\n<\/tr>\n<tr>\n<td class=\"Estilo91\" style=\"background-color: #e1e1e1;\" valign=\"top\" bgcolor=\"#E1E1E1\">\n<div align=\"left\">Diputado Carlos Ulises Orta Canales, conjuntamente con los Diputados Mario Alberto D\u00e1vila Delgado, Rodrigo Rivas Urbina, Esther Quintana Salinas y Jos\u00e9 Miguel Batarse Silva, del Grupo Parlamentario \u201cFelipe Calder\u00f3n Hinojosa\u201d, del Partido Acci\u00f3n Nacional<\/div>\n<\/td>\n<td class=\"Estilo91\" style=\"background-color: #e1e1e1;\" bgcolor=\"#E1E1E1\">Ley sobre Bebidas Alcoh\u00f3licas para el Estado de Coahuila de Zaragoza<\/td>\n<td class=\"Estilo91\" style=\"background-color: #e1e1e1;\" align=\"center\" bgcolor=\"#E1E1E1\" width=\"175\">\n<div style=\"text-align: center;\" align=\"left\"><a href=\"http:\/\/www.congresocoahuila.gob.mx\/portal\/wp-content\/uploads\/2014\/11\/20111108210.pdf\"> 8 de Noviembre de 2011<\/a><\/div>\n<\/td>\n<\/tr>\n<tr>\n<td class=\"Estilo91\" style=\"background-color: #fafafa;\" valign=\"top\">\n<div align=\"left\">Lic. Jorge Juan Torres L\u00f3pez, Gobernador Interino del Estado de Coahuila de Zaragoza<\/div>\n<\/td>\n<td class=\"Estilo91\" style=\"background-color: #fafafa;\">Exposici\u00f3n de Motivos Paquete Fiscal para 2012<\/td>\n<td class=\"Estilo91\" style=\"background-color: #fafafa;\" align=\"center\" width=\"175\">\n<div style=\"text-align: center;\" align=\"left\"><a href=\"https:\/\/congresocoahuila.gob.mx\/transparencia\/03\/Iniciativas-2009-2011\/20111108_Ejec_52_Exp.pdf\"> 8 de Noviembre de 2011<\/a><\/div>\n<\/td>\n<\/tr>\n<tr>\n<td class=\"Estilo91\" style=\"background-color: #e1e1e1;\" valign=\"top\" bgcolor=\"#E1E1E1\">\n<div align=\"left\">Lic. Jorge Juan Torres L\u00f3pez, Gobernador Interino del Estado de Coahuila de Zaragoza<\/div>\n<\/td>\n<td class=\"Estilo91\" style=\"background-color: #e1e1e1;\" bgcolor=\"#E1E1E1\">Ley de Hacienda del Estado de Coahuila de Zaragoza<\/td>\n<td class=\"Estilo91\" style=\"background-color: #e1e1e1;\" align=\"center\" bgcolor=\"#E1E1E1\" width=\"175\">\n<div style=\"text-align: center;\" align=\"left\"><a href=\"http:\/\/www.congresocoahuila.gob.mx\/portal\/wp-content\/uploads\/2014\/11\/20111108_Ejec_52.pdf\"> 8 de Noviembre de 2011<\/a><\/div>\n<\/td>\n<\/tr>\n<tr>\n<td class=\"Estilo91\" style=\"background-color: #fafafa;\" valign=\"top\">\n<div align=\"left\">Lic. Jorge Juan Torres L\u00f3pez, Gobernador Interino del Estado de Coahuila de Zaragoza<\/div>\n<\/td>\n<td class=\"Estilo91\" style=\"background-color: #fafafa;\">Ley de Ingresos para el Estado de Coahuila de Zaragoza para el Ejercicio Fiscal 2012<\/td>\n<td class=\"Estilo91\" style=\"background-color: #fafafa;\" align=\"center\" width=\"175\">\n<div style=\"text-align: center;\" align=\"left\"><a href=\"http:\/\/www.congresocoahuila.gob.mx\/portal\/wp-content\/uploads\/2014\/11\/20111108_Ejec_53.pdf\"> 8 de Noviembre de 2011<\/a><\/div>\n<\/td>\n<\/tr>\n<tr>\n<td class=\"Estilo91\" style=\"background-color: #e1e1e1;\" valign=\"top\" bgcolor=\"#E1E1E1\">\n<div align=\"left\">Lic. Jorge Juan Torres L\u00f3pez, Gobernador Interino del Estado de Coahuila de Zaragoza<\/div>\n<\/td>\n<td class=\"Estilo91\" style=\"background-color: #e1e1e1;\" bgcolor=\"#E1E1E1\">Ley para la Distribuci\u00f3n de Participaciones y Aportaciones Federales a los Municipios del Estado de Coahuila de Zaragoza 2012<\/td>\n<td class=\"Estilo91\" style=\"background-color: #e1e1e1;\" align=\"center\" bgcolor=\"#E1E1E1\" width=\"175\">\n<div style=\"text-align: center;\" align=\"left\"><a href=\"http:\/\/www.congresocoahuila.gob.mx\/portal\/wp-content\/uploads\/2014\/11\/20111108_Ejec_54.pdf\"> 8 de Noviembre de 2011<\/a><\/div>\n<\/td>\n<\/tr>\n<tr>\n<td class=\"Estilo91\" style=\"background-color: #fafafa;\" valign=\"top\">\n<div align=\"left\">Lic. Jorge Juan Torres L\u00f3pez, Gobernador Interino del Estado de Coahuila de Zaragoza<\/div>\n<\/td>\n<td class=\"Estilo91\" style=\"background-color: #fafafa;\">Presupuesto de Egresos del Estado de Coahuila de Zaragoza para el Ejercicio Fiscal 2012<\/td>\n<td class=\"Estilo91\" style=\"background-color: #fafafa;\" align=\"center\" width=\"175\">\n<div style=\"text-align: center;\" align=\"left\"><a href=\"http:\/\/www.congresocoahuila.gob.mx\/portal\/wp-content\/uploads\/2014\/11\/20111108_Ejec_55.pdf\"> 8 de Noviembre de 2011<\/a><\/div>\n<\/td>\n<\/tr>\n<tr>\n<td class=\"Estilo91\" style=\"background-color: #e1e1e1;\" valign=\"top\">\n<div align=\"left\">Iniciativa Popular Lic. Rafael L\u00f3pez Montalvo<\/div>\n<\/td>\n<td class=\"Estilo91\" style=\"background-color: #e1e1e1;\">Reforma a la Constituci\u00f3n Pol\u00edtica del Estado de Coahuila de Zaragoza; del C\u00f3digo Civil del Distrito Federal y del C\u00f3digo Civil del Estado de Coahuila de Zaragoza<\/td>\n<td class=\"Estilo91\" style=\"background-color: #e1e1e1;\" align=\"center\" width=\"175\">\n<div style=\"text-align: center;\" align=\"left\"><a href=\"http:\/\/congresocoahuila.gob.mx\/portal\/wp-content\/uploads\/2014\/11\/20111108pop.pdf\">8 de Noviembre de 2011<\/a><\/div>\n<\/td>\n<\/tr>\n<tr>\n<td class=\"Estilo91\" style=\"background-color: #fafafa;\" valign=\"top\" bgcolor=\"#E1E1E1\">\n<div align=\"left\">Diputado Carlos Ulises Orta Canales, conjuntamente con los Diputados Esther Quintana Salinas, Mario Alberto D\u00e1vila Delgado, Rodrigo Rivas Urbina y Jos\u00e9 Miguel Batarse Silva, del Grupo Parlamentario \u201cFelipe Calder\u00f3n Hinojosa\u201d, del Partido Acci\u00f3n Nacional<\/div>\n<\/td>\n<td class=\"Estilo91\" style=\"background-color: #fafafa;\" bgcolor=\"#E1E1E1\">Reforma a la Constituci\u00f3n Pol\u00edtica del Estado de Coahuila de Zaragoza<\/td>\n<td class=\"Estilo91\" style=\"background-color: #fafafa;\" align=\"center\" bgcolor=\"#E1E1E1\" width=\"175\">\n<div style=\"text-align: center;\" align=\"left\"><a href=\"http:\/\/www.congresocoahuila.gob.mx\/portal\/wp-content\/uploads\/2014\/11\/20111115211.pdf\"> 15 de Noviembre de 2011<\/a><\/div>\n<\/td>\n<\/tr>\n<tr>\n<td class=\"Estilo91\" style=\"background-color: #e1e1e1;\" valign=\"top\">\n<div align=\"left\">Diputado Mario Alberto D\u00e1vila Delgado, conjuntamente con los Diputados Esther Quintana Salinas, Rodrigo Rivas Urbina, Carlos Ulises Orta Canales y Jos\u00e9 Miguel Batarse Silva, del Grupo Parlamentario \u201cFelipe Calder\u00f3n Hinojosa\u201d, del Partido Acci\u00f3n Nacional<\/div>\n<\/td>\n<td class=\"Estilo91\" style=\"background-color: #e1e1e1;\">Ley del Servicio P\u00fablico de Carrera de la Administraci\u00f3n Centralizada del Estado de Coahuila de Zaragoza<\/td>\n<td class=\"Estilo91\" style=\"background-color: #e1e1e1;\" align=\"center\" width=\"175\">\n<div style=\"text-align: center;\" align=\"left\"><a href=\"http:\/\/www.congresocoahuila.gob.mx\/portal\/wp-content\/uploads\/2014\/11\/20111115212.pdf\"> 15 de Noviembre de 2011<\/a><\/div>\n<\/td>\n<\/tr>\n<tr>\n<td class=\"Estilo91\" style=\"background-color: #fafafa;\" valign=\"top\" bgcolor=\"#E1E1E1\">\n<div align=\"left\">Diputado Jes\u00fas Salvador Hern\u00e1ndez V\u00e9lez, conjuntamente con las Diputadas y Diputados integrantes del Grupo Parlamentario \u201cJos\u00e9 Mar\u00eda Morelos y Pav\u00f3n\u201d, del Partido Revolucionario Institucional<\/div>\n<\/td>\n<td class=\"Estilo91\" style=\"background-color: #fafafa;\" bgcolor=\"#E1E1E1\">Ley Forestal del Estado de Coahuila de Zaragoza<\/td>\n<td class=\"Estilo91\" style=\"background-color: #fafafa;\" align=\"center\" bgcolor=\"#E1E1E1\" width=\"175\">\n<div style=\"text-align: center;\" align=\"left\"><a href=\"http:\/\/www.congresocoahuila.gob.mx\/portal\/wp-content\/uploads\/2014\/11\/20111122213.pdf\"> 22 de Noviembre de 2011<\/a><\/div>\n<\/td>\n<\/tr>\n<tr>\n<td class=\"Estilo91\" style=\"background-color: #e1e1e1;\" valign=\"top\">\n<div align=\"left\">Diputado Mario Alberto D\u00e1vila Delgado, conjuntamente con los Diputados Esther Quintana Salinas, Carlos Ulises Orta Canales, Rodrigo Rivas Urbina y Jos\u00e9 Miguel Batarse Silva, del Grupo Parlamentario \u201cFelipe Calder\u00f3n Hinojosa\u201d, del Partido Acci\u00f3n Nacional<\/div>\n<\/td>\n<td class=\"Estilo91\" style=\"background-color: #e1e1e1;\">Reforma a la Constituci\u00f3n Pol\u00edtica del Estado de Coahuila de Zaragoza<\/td>\n<td class=\"Estilo91\" style=\"background-color: #e1e1e1;\" align=\"center\" width=\"175\">\n<div style=\"text-align: center;\" align=\"left\"><a href=\"http:\/\/www.congresocoahuila.gob.mx\/portal\/wp-content\/uploads\/2014\/11\/20111129214.pdf\"> 29 de Noviembre de 2011<\/a><\/div>\n<\/td>\n<\/tr>\n<tr>\n<td class=\"Estilo91\" style=\"background-color: #fafafa;\" valign=\"top\" bgcolor=\"#E1E1E1\">\n<div align=\"left\">Diputada Hilda Flores Escalera, conjuntamente con las Diputadas y Diputados integrantes del Grupo Parlamentario \u201cJos\u00e9 Mar\u00eda Morelos y Pav\u00f3n\u201d, del Partido Revolucionario Institucional<\/div>\n<\/td>\n<td class=\"Estilo91\" style=\"background-color: #fafafa;\" bgcolor=\"#E1E1E1\">Reforma al C\u00f3digo Municipal para el Estado de Coahuila de Zaragoza<\/td>\n<td class=\"Estilo91\" style=\"background-color: #fafafa;\" align=\"center\" bgcolor=\"#E1E1E1\" width=\"175\">\n<div style=\"text-align: center;\" align=\"left\"><a href=\"http:\/\/www.congresocoahuila.gob.mx\/portal\/wp-content\/uploads\/2014\/11\/20111129215.pdf\"> 29 de Noviembre de 2011<\/a><\/div>\n<\/td>\n<\/tr>\n<tr>\n<td class=\"Estilo91\" style=\"background-color: #e1e1e1;\" valign=\"top\">\n<div align=\"left\">Lic. Jorge Juan Torres L\u00f3pez, Gobernador Interino del Estado de Coahuila de Zaragoza<\/div>\n<\/td>\n<td class=\"Estilo91\" style=\"background-color: #e1e1e1;\">Ley Org\u00e1nica de la Administraci\u00f3n P\u00fablica del Estado de Coahuila de Zaragoza<\/td>\n<td class=\"Estilo91\" style=\"background-color: #e1e1e1;\" align=\"center\" width=\"175\">\n<div style=\"text-align: center;\" align=\"left\"><a href=\"http:\/\/www.congresocoahuila.gob.mx\/portal\/wp-content\/uploads\/2014\/11\/20111129_Ejec_56.pdf\"> 29 de Noviembre de 2011<\/a><\/div>\n<\/td>\n<\/tr>\n<tr>\n<td class=\"Estilo91\" style=\"background-color: #fafafa;\" valign=\"top\" bgcolor=\"#E1E1E1\">\n<div align=\"left\">Diputado Carlos Ulises Orta Canales, conjuntamente con los Diputados Esther Quintana Salinas, Rodrigo Rivas Urbina, Mario Alberto D\u00e1vila Delgado y Jos\u00e9 Miguel Batarse Silva, del Grupo Parlamentario \u201cFelipe Calder\u00f3n Hinojosa\u201d, del Partido Acci\u00f3n Nacional<\/div>\n<\/td>\n<td class=\"Estilo91\" style=\"background-color: #fafafa;\" bgcolor=\"#E1E1E1\">Reforma a la Ley de Fomento al Uso Racional de la Energ\u00eda para el Estado de Coahuila de Zaragoza<\/td>\n<td class=\"Estilo91\" style=\"background-color: #fafafa;\" align=\"center\" bgcolor=\"#E1E1E1\" width=\"175\">\n<div style=\"text-align: center;\" align=\"left\"><a href=\"http:\/\/www.congresocoahuila.gob.mx\/portal\/wp-content\/uploads\/2014\/11\/20111206216.pdf\"> 6 de Diciembre de 2011<\/a><\/div>\n<\/td>\n<\/tr>\n<tr>\n<td class=\"Estilo91\" style=\"background-color: #e1e1e1;\" valign=\"top\">\n<div align=\"left\">Diputada J\u00e9ssica Luz Ag\u00fcero Mart\u00ednez, conjuntamente con las Diputadas y Diputados integrantes del Grupo Parlamentario \u201cJos\u00e9 Mar\u00eda Morelos y Pav\u00f3n\u201d, del Partido Revolucionario Institucional<\/div>\n<\/td>\n<td class=\"Estilo91\" style=\"background-color: #e1e1e1;\">Reforma a la Ley Estatal de Salud<\/td>\n<td class=\"Estilo91\" style=\"background-color: #e1e1e1;\" align=\"center\" width=\"175\">\n<div style=\"text-align: center;\" align=\"left\"><a href=\"http:\/\/www.congresocoahuila.gob.mx\/portal\/wp-content\/uploads\/2014\/11\/20111206217.pdf\"> 6 de Diciembre de 2011<\/a><\/div>\n<\/td>\n<\/tr>\n<tr>\n<td class=\"Estilo91\" style=\"background-color: #fafafa;\" valign=\"top\" bgcolor=\"#E1E1E1\">\n<div align=\"left\">Diputada Esther Quintana Salinas, conjuntamente con los Diputados Carlos Ulises Orta Canales, Rodrigo Rivas Urbina, Mario Alberto D\u00e1vila Delgado y Jos\u00e9 Miguel Batarse Silva, del Grupo Parlamentario \u201cFelipe Calder\u00f3n Hinojosa\u201d, del Partido Acci\u00f3n Nacional<\/div>\n<\/td>\n<td class=\"Estilo91\" style=\"background-color: #fafafa;\" bgcolor=\"#E1E1E1\">Reforma a la Ley Org\u00e1nica del Congreso del Estado Independiente, Libre y Soberano de Coahuila de Zaragoza<\/td>\n<td class=\"Estilo91\" style=\"background-color: #fafafa;\" align=\"center\" bgcolor=\"#E1E1E1\" width=\"175\">\n<div style=\"text-align: center;\" align=\"left\"><a href=\"http:\/\/www.congresocoahuila.gob.mx\/portal\/wp-content\/uploads\/2014\/11\/20111206218.pdf\"> 6 de Diciembre de 2011<\/a><\/div>\n<\/td>\n<\/tr>\n<tr>\n<td class=\"Estilo91\" style=\"background-color: #e1e1e1;\" valign=\"top\">\n<div align=\"left\">Diputada J\u00e9ssica Luz Ag\u00fcero Mart\u00ednez, conjuntamente con las Diputadas y Diputados integrantes del Grupo Parlamentario \u201cJos\u00e9 Mar\u00eda Morelos y Pav\u00f3n\u201d, del Partido Revolucionario Institucional<\/div>\n<\/td>\n<td class=\"Estilo91\" style=\"background-color: #e1e1e1;\">Reforma a la Ley para Promover la Igualdad y Prevenir la Discriminaci\u00f3n en el Estado de Coahuila de Zaragoza<\/td>\n<td class=\"Estilo91\" style=\"background-color: #e1e1e1;\" align=\"center\" width=\"175\">\n<div style=\"text-align: center;\" align=\"left\"><a href=\"http:\/\/www.congresocoahuila.gob.mx\/portal\/wp-content\/uploads\/2014\/11\/20111206219.pdf\"> 6 de Diciembre de 2011<\/a><\/div>\n<\/td>\n<\/tr>\n<tr>\n<td class=\"Estilo91\" style=\"background-color: #fafafa;\" valign=\"top\" bgcolor=\"#E1E1E1\">\n<div align=\"left\">Diputado Fernando D. de las Fuentes Hern\u00e1ndez, conjuntamente con las Diputadas y Diputados integrantes del Grupo Parlamentario \u201cJos\u00e9 Mar\u00eda Morelos y Pav\u00f3n\u201d, del Partido Revolucionario Institucional<\/div>\n<\/td>\n<td class=\"Estilo91\" style=\"background-color: #fafafa;\" bgcolor=\"#E1E1E1\">Reforma a la Ley Org\u00e1nica el Congreso del Estado Independiente, Libre y Soberano de Coahuila de Zaragoza<\/td>\n<td class=\"Estilo91\" style=\"background-color: #fafafa;\" align=\"center\" bgcolor=\"#E1E1E1\" width=\"175\">\n<div style=\"text-align: center;\" align=\"left\"><a href=\"http:\/\/www.congresocoahuila.gob.mx\/portal\/wp-content\/uploads\/2014\/11\/20111213220.pdf\"> 13 de Diciembre de 2011<\/a><\/div>\n<\/td>\n<\/tr>\n<tr>\n<td class=\"Estilo91\" style=\"background-color: #e1e1e1;\" valign=\"top\">\n<div align=\"left\">Diputada Esther Quintana Salinas, conjuntamente con los Diputados Mario Alberto D\u00e1vila Delgado y Rodrigo Rivas Urbina, del Grupo Parlamentario \u201cFelipe Calder\u00f3n Hinojosa\u201d, del Partido Acci\u00f3n Nacional<\/div>\n<\/td>\n<td class=\"Estilo91\" style=\"background-color: #e1e1e1;\">Reforma a la Ley del Notariado del Estado de Coahuila<\/td>\n<td class=\"Estilo91\" style=\"background-color: #e1e1e1;\" align=\"center\" width=\"175\">\n<div style=\"text-align: center;\" align=\"left\"><a href=\"http:\/\/www.congresocoahuila.gob.mx\/portal\/wp-content\/uploads\/2014\/11\/20111213221.pdf\"> 13 de Diciembre de 2011<\/a><\/div>\n<\/td>\n<\/tr>\n<tr>\n<td class=\"Estilo91\" style=\"background-color: #fafafa;\" valign=\"top\" bgcolor=\"#E1E1E1\">\n<div align=\"left\">Diputada Esther Quintana Salinas, conjuntamente con los Diputados Mario Alberto D\u00e1vila Delgado, Rodrigo Rivas Urbina, Jos\u00e9 Miguel Batarse Silva y Carlos Ulises Orta Canales del Grupo Parlamentario \u201cFelipe Calder\u00f3n Hinojosa\u201d, del Partido Acci\u00f3n Nacional<\/div>\n<\/td>\n<td class=\"Estilo91\" style=\"background-color: #fafafa;\" bgcolor=\"#E1E1E1\">Reforma al C\u00f3digo Penal de Coahuila<\/td>\n<td class=\"Estilo91\" style=\"background-color: #fafafa;\" align=\"center\" bgcolor=\"#E1E1E1\" width=\"175\">\n<div style=\"text-align: center;\" align=\"left\"><a href=\"http:\/\/www.congresocoahuila.gob.mx\/portal\/wp-content\/uploads\/2014\/11\/20111220222.pdf\"> 20 de Diciembre de 2011<\/a><\/div>\n<\/td>\n<\/tr>\n<\/tbody>\n<\/table>\n<p>&nbsp;<\/p>\n","protected":false},"excerpt":{"rendered":"<p>INICIATIVAS DE LEY O DECRETO 2009-2011 Presentada por: Iniciativa de Ley o Decreto Fecha Ejecutivo del Estado, Profr. Humberto Moreira Vald\u00e9s Reforma a la Constituci\u00f3n Pol\u00edtica del Estado \u00abCreaci\u00f3n de la Fiscal\u00eda General del Estado\u00bb 13 de Enero de 2009 Ejecutivo del Estado, Profr. Humberto Moreira Vald\u00e9s Ley Org\u00e1nica de la Administraci\u00f3n P\u00fablica del Estado [&hellip;]<\/p>\n","protected":false},"author":3,"featured_media":0,"parent":0,"menu_order":0,"comment_status":"closed","ping_status":"closed","template":"","meta":{"footnotes":""},"categories":[],"tags":[],"class_list":["post-5806","page","type-page","status-publish","hentry"],"_links":{"self":[{"href":"https:\/\/www.congresocoahuila.gob.mx\/portal\/wp-json\/wp\/v2\/pages\/5806","targetHints":{"allow":["GET"]}}],"collection":[{"href":"https:\/\/www.congresocoahuila.gob.mx\/portal\/wp-json\/wp\/v2\/pages"}],"about":[{"href":"https:\/\/www.congresocoahuila.gob.mx\/portal\/wp-json\/wp\/v2\/types\/page"}],"author":[{"embeddable":true,"href":"https:\/\/www.congresocoahuila.gob.mx\/portal\/wp-json\/wp\/v2\/users\/3"}],"replies":[{"embeddable":true,"href":"https:\/\/www.congresocoahuila.gob.mx\/portal\/wp-json\/wp\/v2\/comments?post=5806"}],"version-history":[{"count":17,"href":"https:\/\/www.congresocoahuila.gob.mx\/portal\/wp-json\/wp\/v2\/pages\/5806\/revisions"}],"predecessor-version":[{"id":42329,"href":"https:\/\/www.congresocoahuila.gob.mx\/portal\/wp-json\/wp\/v2\/pages\/5806\/revisions\/42329"}],"wp:attachment":[{"href":"https:\/\/www.congresocoahuila.gob.mx\/portal\/wp-json\/wp\/v2\/media?parent=5806"}],"wp:term":[{"taxonomy":"category","embeddable":true,"href":"https:\/\/www.congresocoahuila.gob.mx\/portal\/wp-json\/wp\/v2\/categories?post=5806"},{"taxonomy":"post_tag","embeddable":true,"href":"https:\/\/www.congresocoahuila.gob.mx\/portal\/wp-json\/wp\/v2\/tags?post=5806"}],"curies":[{"name":"wp","href":"https:\/\/api.w.org\/{rel}","templated":true}]}}