{"id":6733,"date":"2014-11-29T12:26:46","date_gmt":"2014-11-29T18:26:46","guid":{"rendered":"http:\/\/www.congresocoahuila.gob.mx\/portal\/?page_id=6733"},"modified":"2014-11-29T12:26:46","modified_gmt":"2014-11-29T18:26:46","slug":"articulo-21-xxiii-2008-4","status":"publish","type":"page","link":"https:\/\/www.congresocoahuila.gob.mx\/portal\/articulo-21-xxiii-2008-4\/","title":{"rendered":"SEGUNDO PER\u00cdODO ORDINARIO-2008"},"content":{"rendered":"<p><strong>TERCER A\u00d1O DE EJERCICIO CONSTITUCIONAL 2008<br \/>\nSEGUNDO PER\u00cdODO\u00a0ORDINARIO<\/strong><\/p>\n<p><a href=\"http:\/\/www.congresocoahuila.gob.mx\/portal\/wp-content\/uploads\/2014\/11\/20082po3s1.pdf\">Sesi\u00f3n del D\u00eda 1 de Octubre del 2008<\/a><br \/>\n<a href=\"http:\/\/www.congresocoahuila.gob.mx\/portal\/wp-content\/uploads\/2014\/11\/20082po3s2.pdf\">Sesi\u00f3n del D\u00eda 7 de Octubre del 2008<\/a><br \/>\n<a href=\"http:\/\/www.congresocoahuila.gob.mx\/portal\/wp-content\/uploads\/2014\/11\/20082po3s3.pdf\">Sesi\u00f3n del D\u00eda 14 de Octubre del 2008<\/a><br \/>\n<a href=\"http:\/\/www.congresocoahuila.gob.mx\/portal\/wp-content\/uploads\/2014\/11\/20082po3s4.pdf\">Sesi\u00f3n del D\u00eda 21 de Octubre del 2008<\/a><\/p>\n<p><a href=\"http:\/\/www.congresocoahuila.gob.mx\/portal\/wp-content\/uploads\/2014\/11\/20082po3sol1.pdf\">Sesi\u00f3n Solemne. 30 de Octubre del 2008. Conmemoraci\u00f3n del CXXXV Aniversario del Natalicio de Don Francisco I. Madero y del Centenario de la publicaci\u00f3n del Libro \u201cLa Sucesi\u00f3n Presidencial en 1910\u201d<\/a><\/p>\n<p><a href=\"http:\/\/www.congresocoahuila.gob.mx\/portal\/wp-content\/uploads\/2014\/11\/20082po3s6.pdf\">Sesi\u00f3n del D\u00eda 30 de Octubre del 2008<\/a><br \/>\n<a href=\"http:\/\/www.congresocoahuila.gob.mx\/portal\/wp-content\/uploads\/2014\/11\/20082po3s7.pdf\">Sesi\u00f3n del D\u00eda 4 de Noviembre del 2008<\/a><br \/>\n<a href=\"http:\/\/www.congresocoahuila.gob.mx\/portal\/wp-content\/uploads\/2014\/11\/20082po3s8.pdf\">Sesi\u00f3n del D\u00eda 11 de Noviembre del 2008<\/a><\/p>\n<p><a href=\"http:\/\/www.congresocoahuila.gob.mx\/portal\/wp-content\/uploads\/2014\/11\/20082po3sol2.pdf\">Sesi\u00f3n Solemne. 18 de Noviembre. Inscribir con letras doradas la frase del Benem\u00e9rito de las Am\u00e9ricas Lic. Benito Pablo Ju\u00e1rez Garc\u00eda. \u201cEntre los individuos como entre las naciones, el respeto al derecho ajeno es la paz\u201d<\/a><\/p>\n<p><a href=\"http:\/\/www.congresocoahuila.gob.mx\/portal\/wp-content\/uploads\/2014\/11\/20082po3s10.pdf\">Sesi\u00f3n del D\u00eda 25 de Noviembre del 2008<\/a><br \/>\n<a href=\"http:\/\/www.congresocoahuila.gob.mx\/portal\/wp-content\/uploads\/2014\/11\/20082po3s11.pdf\">Sesi\u00f3n del D\u00eda 2 de Diciembre del 2008<\/a><br \/>\n<a href=\"http:\/\/www.congresocoahuila.gob.mx\/portal\/wp-content\/uploads\/2014\/11\/20082po3s12.pdf\">Sesi\u00f3n del D\u00eda 9 de Diciembre del 2008<\/a><br \/>\n<a href=\"http:\/\/www.congresocoahuila.gob.mx\/portal\/wp-content\/uploads\/2014\/11\/20082po3s13.pdf\">Sesi\u00f3n del D\u00eda 16 de Diciembre del 2008<\/a><br \/>\n<a href=\"http:\/\/www.congresocoahuila.gob.mx\/portal\/wp-content\/uploads\/2014\/11\/20082po3s14.pdf\">Sesi\u00f3n del D\u00eda 29 de Diciembre del 2008<\/a><\/p>\n","protected":false},"excerpt":{"rendered":"<p>TERCER A\u00d1O DE EJERCICIO CONSTITUCIONAL 2008 SEGUNDO PER\u00cdODO\u00a0ORDINARIO Sesi\u00f3n del D\u00eda 1 de Octubre del 2008 Sesi\u00f3n del D\u00eda 7 de Octubre del 2008 Sesi\u00f3n del D\u00eda 14 de Octubre del 2008 Sesi\u00f3n del D\u00eda 21 de Octubre del 2008 Sesi\u00f3n Solemne. 30 de Octubre del 2008. Conmemoraci\u00f3n del CXXXV Aniversario del Natalicio de Don [&hellip;]<\/p>\n","protected":false},"author":3,"featured_media":0,"parent":0,"menu_order":0,"comment_status":"closed","ping_status":"closed","template":"","meta":{"footnotes":""},"categories":[],"tags":[],"class_list":["post-6733","page","type-page","status-publish","hentry"],"_links":{"self":[{"href":"https:\/\/www.congresocoahuila.gob.mx\/portal\/wp-json\/wp\/v2\/pages\/6733","targetHints":{"allow":["GET"]}}],"collection":[{"href":"https:\/\/www.congresocoahuila.gob.mx\/portal\/wp-json\/wp\/v2\/pages"}],"about":[{"href":"https:\/\/www.congresocoahuila.gob.mx\/portal\/wp-json\/wp\/v2\/types\/page"}],"author":[{"embeddable":true,"href":"https:\/\/www.congresocoahuila.gob.mx\/portal\/wp-json\/wp\/v2\/users\/3"}],"replies":[{"embeddable":true,"href":"https:\/\/www.congresocoahuila.gob.mx\/portal\/wp-json\/wp\/v2\/comments?post=6733"}],"version-history":[{"count":0,"href":"https:\/\/www.congresocoahuila.gob.mx\/portal\/wp-json\/wp\/v2\/pages\/6733\/revisions"}],"wp:attachment":[{"href":"https:\/\/www.congresocoahuila.gob.mx\/portal\/wp-json\/wp\/v2\/media?parent=6733"}],"wp:term":[{"taxonomy":"category","embeddable":true,"href":"https:\/\/www.congresocoahuila.gob.mx\/portal\/wp-json\/wp\/v2\/categories?post=6733"},{"taxonomy":"post_tag","embeddable":true,"href":"https:\/\/www.congresocoahuila.gob.mx\/portal\/wp-json\/wp\/v2\/tags?post=6733"}],"curies":[{"name":"wp","href":"https:\/\/api.w.org\/{rel}","templated":true}]}}